{"version":"1.0","provider_name":"Muzeum c\u00edsa\u0159e Franz Josefa I.","provider_url":"https:\/\/www.franz-josef.cz\/de","title":"Des Fours- Walderode\/ dekret, podpis- c\u00edsa\u0159 Karel","type":"rich","width":600,"height":338,"html":"<blockquote class=\"wp-embedded-content\" data-secret=\"wz06z3DlvP\"><a href=\"https:\/\/www.franz-josef.cz\/de\/2023\/12\/des-fours-walderode-dekret-podpis-cisar-karel\/\">Des Fours- Walderode\/ Dekret, Unterschrift- Kaiser Karl<\/a><\/blockquote><iframe sandbox=\"allow-scripts\" security=\"restricted\" src=\"https:\/\/www.franz-josef.cz\/de\/2023\/12\/des-fours-walderode-dekret-podpis-cisar-karel\/embed\/#?secret=wz06z3DlvP\" width=\"600\" height=\"338\" title=\"&#8222;Des Fours- Walderode\/ dekret, podpis- c\u00edsa\u0159 Karel&#8220; &#8211; Muzeum c\u00edsa\u0159e Franz Josefa I.\" data-secret=\"wz06z3DlvP\" frameborder=\"0\" marginwidth=\"0\" marginheight=\"0\" scrolling=\"no\" class=\"wp-embedded-content\"><\/iframe><script type=\"text\/javascript\">\n\/* <![CDATA[ *\/\n\/*! This file is auto-generated *\/\n!function(d,l){\"use strict\";l.querySelector&&d.addEventListener&&\"undefined\"!=typeof URL&&(d.wp=d.wp||{},d.wp.receiveEmbedMessage||(d.wp.receiveEmbedMessage=function(e){var t=e.data;if((t||t.secret||t.message||t.value)&&!\/[^a-zA-Z0-9]\/.test(t.secret)){for(var s,r,n,a=l.querySelectorAll('iframe[data-secret=\"'+t.secret+'\"]'),o=l.querySelectorAll('blockquote[data-secret=\"'+t.secret+'\"]'),c=new RegExp(\"^https?:$\",\"i\"),i=0;i<o.length;i++)o[i].style.display=\"none\";for(i=0;i<a.length;i++)s=a[i],e.source===s.contentWindow&&(s.removeAttribute(\"style\"),\"height\"===t.message?(1e3<(r=parseInt(t.value,10))?r=1e3:~~r<200&&(r=200),s.height=r):\"link\"===t.message&&(r=new URL(s.getAttribute(\"src\")),n=new URL(t.value),c.test(n.protocol))&&n.host===r.host&&l.activeElement===s&&(d.top.location.href=t.value))}},d.addEventListener(\"message\",d.wp.receiveEmbedMessage,!1),l.addEventListener(\"DOMContentLoaded\",function(){for(var e,t,s=l.querySelectorAll(\"iframe.wp-embedded-content\"),r=0;r<s.length;r++)(t=(e=s[r]).getAttribute(\"data-secret\"))||(t=Math.random().toString(36).substring(2,12),e.src+=\"#?secret=\"+t,e.setAttribute(\"data-secret\",t)),e.contentWindow.postMessage({message:\"ready\",secret:t},\"*\")},!1)))}(window,document);\n\/\/# sourceURL=https:\/\/www.franz-josef.cz\/wp-includes\/js\/wp-embed.min.js\n\/* ]]> *\/\n<\/script>","thumbnail_url":"https:\/\/www.franz-josef.cz\/wp-content\/uploads\/2023\/12\/923-scaled.jpg","thumbnail_width":2560,"thumbnail_height":1922,"description":"\u00a0Des Fours- Walderode\/ Svobodn\u00fd p\u00e1n z Walderode- c\u00edsa\u0159sk\u00fd\u00a0 dekret . Jmenov\u00e1n\u00ed c\u00edsa\u0159em Karlem I.\u00a0 Svobodn\u00e9ho p\u00e1na z Walderode jeho poradcem a \u010dlenem rakousk\u00e9ho sn\u011bmu. Sou\u010d\u00e1st\u00ed dekretu je podpis- c\u00edsa\u0159e Karla I. , c\u00edsa\u0159sk\u00e1 pe\u010de\u0165 , legitimace a kazeta s kl\u00ed\u010dem od jeho schr\u00e1nky ve sn\u011bmu. Bylo ve\u0159ejn\u00fdm tajemstv\u00edm, \u017ee Svobodn\u00fd p\u00e1n z Walderode m\u011bl mnoho [&hellip;]"}