{"id":51959,"date":"2023-08-25T18:12:23","date_gmt":"2023-08-25T16:12:23","guid":{"rendered":"https:\/\/www.franz-josef.cz\/?post_type=exponaty&#038;p=51959"},"modified":"2023-08-31T22:57:52","modified_gmt":"2023-08-31T20:57:52","slug":"bohumin-pomnik-cisare-fji","status":"publish","type":"exponaty","link":"https:\/\/www.franz-josef.cz\/de\/exponaty\/bohumin-pomnik-cisare-fji\/","title":{"rendered":"BOHUM\u00cdN-DENKMAL DES KAISER FJI"},"content":{"rendered":"<h1 align=\"JUSTIFY\"><span style=\"color: #05232d\"><span style=\"font-family: Trebuchet MS, sans-serif\"><span style=\"font-size: large\"><b>\u00a0 \u00a0 \u00a0 \u00a0 \u00a0 \u00a0 \u00a0 \u00a0 \u00a0Das Denkmal f\u00fcr Kaiser FJI wurde am 2. Dezember 1908 in Bohum\u00edn enth\u00fcllt<\/b><\/span><\/span><\/span><\/h1>\n<p>&nbsp;<\/p>\n<p align=\"JUSTIFY\"><span style=\"color: #333333\"><span style=\"font-family: Trebuchet MS, sans-serif\"><span style=\"font-size: medium\">W\u00e4hrend seiner langen Regentschaft passierte Kaiser Franz Joseph I. mehrmals den Bahnhof von Bohum\u00edn und machte hier dreimal Halt. Das erste Mal 1860 auf dem Weg von Wien nach Warschau und das zweite Mal 1868 auf dem Weg nach Krakau mit der Kaiserin. Seinen ersten offiziellen Halt machte er am 11. Februar 1874 auf dem Weg nach St. Petersburg im Bahnhof Bohum\u00edn. Sein zweiter Halt auf dem Bahnhof Bohum\u00edn war am 1. September 1880 auf dem Weg nach Halych. Im Jahr 1900 kam er auf dem Weg zu einem Milit\u00e4rman\u00f6ver in Halych hier vorbei. Das dritte Mal hielt er am 30. August 1906 in Bohum\u00edn, als er auf dem Weg zu einem Milit\u00e4rman\u00f6ver nach T\u011b\u0161\u00edn war. Der letzte Aufenthalt des Kaisers im Bahnhof von Bohum\u00edn ist ein Beweis f\u00fcr die herzliche Beziehung der Mehrheit der Dorfbewohner zum geliebten Kaiser. Das ganze Dorf begr\u00fc\u00dfte ihn ohne \u00dcbertreibung auf dem Bahnhof. Zwei Jahre sp\u00e4ter, als die Monarchie den sechzigsten Jahrestag seiner Thronbesteigung feierte, zeigten die Einwohner des Dorfes ihre Sympathie f\u00fcr den Kaiser. Der gesamte Gemeinderat beschloss, zu diesem Anlass ein Denkmal f\u00fcr den Kaiser im Dorf zu enth\u00fcllen.<\/span><\/span><\/span><\/p>\n<p align=\"JUSTIFY\"><span style=\"color: #333333\"><span style=\"font-family: Trebuchet MS, sans-serif\"><span style=\"font-size: medium\">Graf Larisch-M\u00f6nnich, der Gouverneur von Schlesien, der diese Idee unterst\u00fctzte, bot an, der Gemeinde einen Teil seiner Fasanerie zu schenken, um einen Park anzulegen, in dem das Kaiserdenkmal w\u00fcrdig zur Geltung kommen sollte. Sein Angebot wurde dankend angenommen, und 1907 wurde der Grundstein f\u00fcr den k\u00fcnftigen Park gelegt. Der Stein liegt noch heute an seinem Platz und ist zu sehen, wenn man den Park von der Ecke der Stra\u00dfen \u0160tef\u00e1nikova und Jana Palacha aus betritt. Im Laufe von zwei Jahren wurde die Fasanerie in einen englischen Park umgewandelt, in dem entlang der heutigen \u0160unychelsk\u00e1-Stra\u00dfe ein sch\u00f6nes h\u00f6lzernes Gartenrestaurant mit reichem Blumenschmuck und gegen\u00fcber ein h\u00f6lzerner Musikpavillon errichtet wurden. Beide Geb\u00e4ude stehen heute noch an ihrem urspr\u00fcnglichen Standort in ver\u00e4nderter Form. Am 2. Dezember 1908 wurde an der Stelle, an der heute das Petr-Bezru\u010d-Denkmal steht, das Denkmal des Kaisers enth\u00fcllt. An der Zeremonie nahmen Mitglieder des schlesischen Provinzialausschusses in Opava unter dem Vorsitz des Grafen Jind\u0159ich teil.<\/span><\/span><\/span><\/p>\n<p align=\"JUSTIFY\"><span style=\"color: #333333\"><span style=\"font-family: Trebuchet MS, sans-serif\"><span style=\"font-size: medium\">Ein in einer Wiener Kunstgie\u00dferei gegossenes Bronzerelief des Kaisers wurde auf einen Steinsockel gestellt. Die nationale Euphorie nach der Gr\u00fcndung der Tschechoslowakei hat das Kaiserdenkmal als Erinnerung an die alten Zeiten hinweggefegt.\n\nQuelle.\n\nDas Denkmal wurde jedoch nicht vollst\u00e4ndig zerst\u00f6rt. Nach 1918 wurde der steinerne Teil des FJI-Kaiserdenkmals auf den Friedhof von Nov\u00fd Bohum\u00edn versetzt und als Gedenkst\u00e4tte f\u00fcr die dort begrabenen gefallenen Soldaten des Ersten Weltkriegs hergerichtet.\n\nQuelle. Jan Franti\u0161ek Tiester, Vorsitzender des B\u00fcrgervereins der Freunde der Bohum\u00edner Geschichte.<\/span><\/span><\/span><\/p>\n<p align=\"JUSTIFY\"><span style=\"color: #333333\"><span style=\"font-family: Trebuchet MS, sans-serif\"><span style=\"font-size: medium\">Zdroj: Bohum\u00edn 150 let historie<\/span><\/span><\/span><\/p>\n<p align=\"JUSTIFY\"><span style=\"color: #333333\"><span style=\"font-family: Trebuchet MS, sans-serif\"><span style=\"font-size: medium\">Das Denkmal wurde jedoch nicht vollst\u00e4ndig zerst\u00f6rt. Nach 1918 wurde der steinerne Teil des Denkmals f\u00fcr Kaiser FJI auf den Friedhof von Nov\u00fd Bohum\u00edn verlegt und als Gedenkst\u00e4tte f\u00fcr die gefallenen Soldaten des Ersten Weltkriegs, die dort begraben sind, wiederaufgebaut.<\/span><\/span><\/span><\/p>\n<p align=\"JUSTIFY\"><span style=\"color: #333333\"><span style=\"font-family: Trebuchet MS, sans-serif\"><span style=\"font-size: medium\">Quelle. Mgr. Jan Franti\u0161ek Tiester, Vorsitzender des B\u00fcrgervereins der Freunde der Geschichte von Bohum\u00edn.<\/span><\/span><\/span><\/p>\n<p align=\"JUSTIFY\"><span style=\"color: #05232d\"><span style=\"font-family: Trebuchet MS, sans-serif\"><span style=\"font-size: large\"><b><img fetchpriority=\"high\" decoding=\"async\" class=\"alignnone size-full wp-image-51963\" src=\"https:\/\/www.franz-josef.cz\/wp-content\/uploads\/2023\/08\/Bohumin-pamatnik-padlym-na-hrbitove-z-pam.-FJI.jpg\" alt=\"\" width=\"780\" height=\"471\" srcset=\"https:\/\/www.franz-josef.cz\/wp-content\/uploads\/2023\/08\/Bohumin-pamatnik-padlym-na-hrbitove-z-pam.-FJI.jpg 780w, https:\/\/www.franz-josef.cz\/wp-content\/uploads\/2023\/08\/Bohumin-pamatnik-padlym-na-hrbitove-z-pam.-FJI-300x181.jpg 300w, https:\/\/www.franz-josef.cz\/wp-content\/uploads\/2023\/08\/Bohumin-pamatnik-padlym-na-hrbitove-z-pam.-FJI-768x464.jpg 768w\" sizes=\"(max-width: 780px) 100vw, 780px\" \/><\/b><\/span><\/span><\/span><img decoding=\"async\" class=\"alignnone size-full wp-image-51961 lazyload\" data-src=\"https:\/\/www.franz-josef.cz\/wp-content\/uploads\/2023\/08\/ODERBERG-DENKMAL.jpg\" alt=\"\" width=\"750\" height=\"480\" data-srcset=\"https:\/\/www.franz-josef.cz\/wp-content\/uploads\/2023\/08\/ODERBERG-DENKMAL.jpg 750w, https:\/\/www.franz-josef.cz\/wp-content\/uploads\/2023\/08\/ODERBERG-DENKMAL-300x192.jpg 300w\" data-sizes=\"(max-width: 750px) 100vw, 750px\" src=\"data:image\/gif;base64,R0lGODlhAQABAAAAACH5BAEKAAEALAAAAAABAAEAAAICTAEAOw==\" style=\"--smush-placeholder-width: 750px; --smush-placeholder-aspect-ratio: 750\/480;\" \/><noscript><img decoding=\"async\" class=\"alignnone size-full wp-image-51961\" src=\"https:\/\/www.franz-josef.cz\/wp-content\/uploads\/2023\/08\/ODERBERG-DENKMAL.jpg\" alt=\"\" width=\"750\" height=\"480\" srcset=\"https:\/\/www.franz-josef.cz\/wp-content\/uploads\/2023\/08\/ODERBERG-DENKMAL.jpg 750w, https:\/\/www.franz-josef.cz\/wp-content\/uploads\/2023\/08\/ODERBERG-DENKMAL-300x192.jpg 300w\" sizes=\"(max-width: 750px) 100vw, 750px\" \/><\/noscript><\/p>","protected":false},"author":5,"featured_media":51961,"template":"","zarazeno-v-expozici":[252],"class_list":["post-51959","exponaty","type-exponaty","status-publish","has-post-thumbnail","hentry","zarazeno-v-expozici-sochy-a-pomniky-badatelska-cinnost-jiriho-danka"],"yoast_head":"<!-- This site is optimized with the Yoast SEO Premium plugin v20.12 (Yoast SEO v27.2) - https:\/\/yoast.com\/product\/yoast-seo-premium-wordpress\/ -->\n<title>BOHUM\u00cdN POMN\u00cdK C\u00cdSA\u0158E FJI &#8212; Muzeum c\u00edsa\u0159e Franz Josefa I.<\/title>\n<meta name=\"robots\" content=\"index, follow, max-snippet:-1, max-image-preview:large, max-video-preview:-1\" \/>\n<link rel=\"canonical\" href=\"https:\/\/www.franz-josef.cz\/de\/exponaty\/bohumin-pomnik-cisare-fji\/\" \/>\n<meta property=\"og:locale\" content=\"de_DE\" \/>\n<meta property=\"og:type\" content=\"article\" \/>\n<meta property=\"og:title\" content=\"BOHUM\u00cdN POMN\u00cdK C\u00cdSA\u0158E FJI\" \/>\n<meta property=\"og:description\" content=\"\u00a0 \u00a0 \u00a0 \u00a0 \u00a0 \u00a0 \u00a0 \u00a0 \u00a0Pomn\u00edk c\u00edsa\u0159e FJI byl v Bohum\u00edn\u011b odhalen 2. prosince 1908 &nbsp; C\u00edsa\u0159 Franti\u0161ek Josef I. b\u011bhem sv\u00e9 dlouh\u00e9 vl\u00e1dy n\u011bkolikr\u00e1t projel bohum\u00ednsk\u00fdm n\u00e1dra\u017e\u00edm a t\u0159ikr\u00e1t se zde i zastavil. Poprv\u00e9 tudy projel v roce 1860 na sv\u00e9 cest\u011b z V\u00eddn\u011b do Var\u0161avy, podruh\u00e9 tudy projel i s [&hellip;]\" \/>\n<meta property=\"og:url\" content=\"https:\/\/www.franz-josef.cz\/de\/exponaty\/bohumin-pomnik-cisare-fji\/\" \/>\n<meta property=\"og:site_name\" content=\"Muzeum c\u00edsa\u0159e Franz Josefa I.\" \/>\n<meta property=\"article:modified_time\" content=\"2023-08-31T20:57:52+00:00\" \/>\n<meta property=\"og:image\" content=\"https:\/\/www.franz-josef.cz\/wp-content\/uploads\/2023\/08\/ODERBERG-DENKMAL.jpg\" \/>\n\t<meta property=\"og:image:width\" content=\"750\" \/>\n\t<meta property=\"og:image:height\" content=\"480\" \/>\n\t<meta property=\"og:image:type\" content=\"image\/jpeg\" \/>\n<meta name=\"twitter:card\" content=\"summary_large_image\" \/>\n<meta name=\"twitter:label1\" content=\"Gesch\u00e4tzte Lesezeit\" \/>\n\t<meta name=\"twitter:data1\" content=\"3\u00a0Minuten\" \/>\n<script type=\"application\/ld+json\" class=\"yoast-schema-graph\">{\"@context\":\"https:\/\/schema.org\",\"@graph\":[{\"@type\":\"WebPage\",\"@id\":\"https:\/\/www.franz-josef.cz\/exponaty\/bohumin-pomnik-cisare-fji\/\",\"url\":\"https:\/\/www.franz-josef.cz\/exponaty\/bohumin-pomnik-cisare-fji\/\",\"name\":\"BOHUM\u00cdN POMN\u00cdK C\u00cdSA\u0158E FJI &#8212; Muzeum c\u00edsa\u0159e Franz Josefa I.\",\"isPartOf\":{\"@id\":\"https:\/\/www.franz-josef.cz\/#website\"},\"primaryImageOfPage\":{\"@id\":\"https:\/\/www.franz-josef.cz\/exponaty\/bohumin-pomnik-cisare-fji\/#primaryimage\"},\"image\":{\"@id\":\"https:\/\/www.franz-josef.cz\/exponaty\/bohumin-pomnik-cisare-fji\/#primaryimage\"},\"thumbnailUrl\":\"https:\/\/www.franz-josef.cz\/wp-content\/uploads\/2023\/08\/ODERBERG-DENKMAL.jpg\",\"datePublished\":\"2023-08-25T16:12:23+00:00\",\"dateModified\":\"2023-08-31T20:57:52+00:00\",\"breadcrumb\":{\"@id\":\"https:\/\/www.franz-josef.cz\/exponaty\/bohumin-pomnik-cisare-fji\/#breadcrumb\"},\"inLanguage\":\"de\",\"potentialAction\":[{\"@type\":\"ReadAction\",\"target\":[\"https:\/\/www.franz-josef.cz\/exponaty\/bohumin-pomnik-cisare-fji\/\"]}]},{\"@type\":\"ImageObject\",\"inLanguage\":\"de\",\"@id\":\"https:\/\/www.franz-josef.cz\/exponaty\/bohumin-pomnik-cisare-fji\/#primaryimage\",\"url\":\"https:\/\/www.franz-josef.cz\/wp-content\/uploads\/2023\/08\/ODERBERG-DENKMAL.jpg\",\"contentUrl\":\"https:\/\/www.franz-josef.cz\/wp-content\/uploads\/2023\/08\/ODERBERG-DENKMAL.jpg\",\"width\":750,\"height\":480},{\"@type\":\"BreadcrumbList\",\"@id\":\"https:\/\/www.franz-josef.cz\/exponaty\/bohumin-pomnik-cisare-fji\/#breadcrumb\",\"itemListElement\":[{\"@type\":\"ListItem\",\"position\":1,\"name\":\"Home\",\"item\":\"https:\/\/www.franz-josef.cz\/\"},{\"@type\":\"ListItem\",\"position\":2,\"name\":\"Expon\u00e1ty\",\"item\":\"https:\/\/www.franz-josef.cz\/exponaty\/\"},{\"@type\":\"ListItem\",\"position\":3,\"name\":\"BOHUM\u00cdN POMN\u00cdK C\u00cdSA\u0158E FJI\"}]},{\"@type\":\"WebSite\",\"@id\":\"https:\/\/www.franz-josef.cz\/#website\",\"url\":\"https:\/\/www.franz-josef.cz\/\",\"name\":\"Muzeum c\u00edsa\u0159e Franz Josefa I.\",\"description\":\"\",\"publisher\":{\"@id\":\"https:\/\/www.franz-josef.cz\/#organization\"},\"alternateName\":\"Franz Joseph\",\"potentialAction\":[{\"@type\":\"SearchAction\",\"target\":{\"@type\":\"EntryPoint\",\"urlTemplate\":\"https:\/\/www.franz-josef.cz\/?s={search_term_string}\"},\"query-input\":{\"@type\":\"PropertyValueSpecification\",\"valueRequired\":true,\"valueName\":\"search_term_string\"}}],\"inLanguage\":\"de\"},{\"@type\":\"Organization\",\"@id\":\"https:\/\/www.franz-josef.cz\/#organization\",\"name\":\"Muzeum Franz Josefa I.\",\"alternateName\":\"Franz Jozef\",\"url\":\"https:\/\/www.franz-josef.cz\/\",\"logo\":{\"@type\":\"ImageObject\",\"inLanguage\":\"de\",\"@id\":\"https:\/\/www.franz-josef.cz\/#\/schema\/logo\/image\/\",\"url\":\"https:\/\/www.franz-josef.cz\/wp-content\/uploads\/2023\/08\/Muzeum-Franz-Jozef-logo-696x696-1.png\",\"contentUrl\":\"https:\/\/www.franz-josef.cz\/wp-content\/uploads\/2023\/08\/Muzeum-Franz-Jozef-logo-696x696-1.png\",\"width\":696,\"height\":696,\"caption\":\"Muzeum Franz Josefa I.\"},\"image\":{\"@id\":\"https:\/\/www.franz-josef.cz\/#\/schema\/logo\/image\/\"}}]}<\/script>\n<!-- \/ Yoast SEO Premium plugin. -->","yoast_head_json":{"title":"BOHUM\u00cdN POMN\u00cdK C\u00cdSA\u0158E FJI &#8212; Muzeum c\u00edsa\u0159e Franz Josefa I.","robots":{"index":"index","follow":"follow","max-snippet":"max-snippet:-1","max-image-preview":"max-image-preview:large","max-video-preview":"max-video-preview:-1"},"canonical":"https:\/\/www.franz-josef.cz\/de\/exponaty\/bohumin-pomnik-cisare-fji\/","og_locale":"de_DE","og_type":"article","og_title":"BOHUM\u00cdN POMN\u00cdK C\u00cdSA\u0158E FJI","og_description":"\u00a0 \u00a0 \u00a0 \u00a0 \u00a0 \u00a0 \u00a0 \u00a0 \u00a0Pomn\u00edk c\u00edsa\u0159e FJI byl v Bohum\u00edn\u011b odhalen 2. prosince 1908 &nbsp; C\u00edsa\u0159 Franti\u0161ek Josef I. b\u011bhem sv\u00e9 dlouh\u00e9 vl\u00e1dy n\u011bkolikr\u00e1t projel bohum\u00ednsk\u00fdm n\u00e1dra\u017e\u00edm a t\u0159ikr\u00e1t se zde i zastavil. Poprv\u00e9 tudy projel v roce 1860 na sv\u00e9 cest\u011b z V\u00eddn\u011b do Var\u0161avy, podruh\u00e9 tudy projel i s [&hellip;]","og_url":"https:\/\/www.franz-josef.cz\/de\/exponaty\/bohumin-pomnik-cisare-fji\/","og_site_name":"Muzeum c\u00edsa\u0159e Franz Josefa I.","article_modified_time":"2023-08-31T20:57:52+00:00","og_image":[{"width":750,"height":480,"url":"https:\/\/www.franz-josef.cz\/wp-content\/uploads\/2023\/08\/ODERBERG-DENKMAL.jpg","type":"image\/jpeg"}],"twitter_card":"summary_large_image","twitter_misc":{"Gesch\u00e4tzte Lesezeit":"3\u00a0Minuten"},"schema":{"@context":"https:\/\/schema.org","@graph":[{"@type":"WebPage","@id":"https:\/\/www.franz-josef.cz\/exponaty\/bohumin-pomnik-cisare-fji\/","url":"https:\/\/www.franz-josef.cz\/exponaty\/bohumin-pomnik-cisare-fji\/","name":"BOHUM\u00cdN POMN\u00cdK C\u00cdSA\u0158E FJI &#8212; Muzeum c\u00edsa\u0159e Franz Josefa I.","isPartOf":{"@id":"https:\/\/www.franz-josef.cz\/#website"},"primaryImageOfPage":{"@id":"https:\/\/www.franz-josef.cz\/exponaty\/bohumin-pomnik-cisare-fji\/#primaryimage"},"image":{"@id":"https:\/\/www.franz-josef.cz\/exponaty\/bohumin-pomnik-cisare-fji\/#primaryimage"},"thumbnailUrl":"https:\/\/www.franz-josef.cz\/wp-content\/uploads\/2023\/08\/ODERBERG-DENKMAL.jpg","datePublished":"2023-08-25T16:12:23+00:00","dateModified":"2023-08-31T20:57:52+00:00","breadcrumb":{"@id":"https:\/\/www.franz-josef.cz\/exponaty\/bohumin-pomnik-cisare-fji\/#breadcrumb"},"inLanguage":"de","potentialAction":[{"@type":"ReadAction","target":["https:\/\/www.franz-josef.cz\/exponaty\/bohumin-pomnik-cisare-fji\/"]}]},{"@type":"ImageObject","inLanguage":"de","@id":"https:\/\/www.franz-josef.cz\/exponaty\/bohumin-pomnik-cisare-fji\/#primaryimage","url":"https:\/\/www.franz-josef.cz\/wp-content\/uploads\/2023\/08\/ODERBERG-DENKMAL.jpg","contentUrl":"https:\/\/www.franz-josef.cz\/wp-content\/uploads\/2023\/08\/ODERBERG-DENKMAL.jpg","width":750,"height":480},{"@type":"BreadcrumbList","@id":"https:\/\/www.franz-josef.cz\/exponaty\/bohumin-pomnik-cisare-fji\/#breadcrumb","itemListElement":[{"@type":"ListItem","position":1,"name":"Home","item":"https:\/\/www.franz-josef.cz\/"},{"@type":"ListItem","position":2,"name":"Expon\u00e1ty","item":"https:\/\/www.franz-josef.cz\/exponaty\/"},{"@type":"ListItem","position":3,"name":"BOHUM\u00cdN POMN\u00cdK C\u00cdSA\u0158E FJI"}]},{"@type":"WebSite","@id":"https:\/\/www.franz-josef.cz\/#website","url":"https:\/\/www.franz-josef.cz\/","name":"Muzeum c\u00edsa\u0159e Franz Josefa I.","description":"","publisher":{"@id":"https:\/\/www.franz-josef.cz\/#organization"},"alternateName":"Franz Joseph","potentialAction":[{"@type":"SearchAction","target":{"@type":"EntryPoint","urlTemplate":"https:\/\/www.franz-josef.cz\/?s={search_term_string}"},"query-input":{"@type":"PropertyValueSpecification","valueRequired":true,"valueName":"search_term_string"}}],"inLanguage":"de"},{"@type":"Organization","@id":"https:\/\/www.franz-josef.cz\/#organization","name":"Muzeum Franz Josefa I.","alternateName":"Franz Jozef","url":"https:\/\/www.franz-josef.cz\/","logo":{"@type":"ImageObject","inLanguage":"de","@id":"https:\/\/www.franz-josef.cz\/#\/schema\/logo\/image\/","url":"https:\/\/www.franz-josef.cz\/wp-content\/uploads\/2023\/08\/Muzeum-Franz-Jozef-logo-696x696-1.png","contentUrl":"https:\/\/www.franz-josef.cz\/wp-content\/uploads\/2023\/08\/Muzeum-Franz-Jozef-logo-696x696-1.png","width":696,"height":696,"caption":"Muzeum Franz Josefa I."},"image":{"@id":"https:\/\/www.franz-josef.cz\/#\/schema\/logo\/image\/"}}]}},"_links":{"self":[{"href":"https:\/\/www.franz-josef.cz\/de\/wp-json\/wp\/v2\/exponaty\/51959","targetHints":{"allow":["GET"]}}],"collection":[{"href":"https:\/\/www.franz-josef.cz\/de\/wp-json\/wp\/v2\/exponaty"}],"about":[{"href":"https:\/\/www.franz-josef.cz\/de\/wp-json\/wp\/v2\/types\/exponaty"}],"author":[{"embeddable":true,"href":"https:\/\/www.franz-josef.cz\/de\/wp-json\/wp\/v2\/users\/5"}],"version-history":[{"count":6,"href":"https:\/\/www.franz-josef.cz\/de\/wp-json\/wp\/v2\/exponaty\/51959\/revisions"}],"predecessor-version":[{"id":52508,"href":"https:\/\/www.franz-josef.cz\/de\/wp-json\/wp\/v2\/exponaty\/51959\/revisions\/52508"}],"wp:featuredmedia":[{"embeddable":true,"href":"https:\/\/www.franz-josef.cz\/de\/wp-json\/wp\/v2\/media\/51961"}],"wp:attachment":[{"href":"https:\/\/www.franz-josef.cz\/de\/wp-json\/wp\/v2\/media?parent=51959"}],"wp:term":[{"taxonomy":"zarazeno-v-expozici","embeddable":true,"href":"https:\/\/www.franz-josef.cz\/de\/wp-json\/wp\/v2\/zarazeno-v-expozici?post=51959"}],"curies":[{"name":"wp","href":"https:\/\/api.w.org\/{rel}","templated":true}]}}