{"id":51988,"date":"2023-08-25T18:38:50","date_gmt":"2023-08-25T16:38:50","guid":{"rendered":"https:\/\/www.franz-josef.cz\/?post_type=exponaty&#038;p=51988"},"modified":"2023-08-31T23:11:04","modified_gmt":"2023-08-31T21:11:04","slug":"brno-veveri","status":"publish","type":"exponaty","link":"https:\/\/www.franz-josef.cz\/de\/exponaty\/brno-veveri\/","title":{"rendered":"BRNO VEVE\u0158\u00cd"},"content":{"rendered":"<div class=\"abstract\">\n<h1>Statue des Kaisers FJI vor dem Eingang der Tschechischen Technischen Universit\u00e4t<\/h1>\n<\/div>\n<p>&nbsp;<\/p>\n<div class=\"content\">\n<p>Der Autor des Denkmals ist der Bildhauer Metod\u011bj Kocourek (5. Juli 1885 \u017dele\u010d \u2013 7. April 1975 Babice nad Svitavou), der die Statue w\u00e4hrend seines Milit\u00e4rdienstes (Februar bis Dezember 1915) schuf. Das Denkmal wurde vermutlich im August 1915 zum 85. Geburtstag des Kaisers enth\u00fcllt. Auf einem gemauerten Sockel stand eine \u00fcberlebensgro\u00dfe Figur des Kaisers, das Denkmal wurde vor dem Eingang des Schulgeb\u00e4udes aufgestellt und von einem Park umgeben. Das Denkmal wurde nach 1918 definitiv entfernt.<\/p>\n<p>Die Informationen wurden am 2. Dezember 2008 von einem Leser unserer Enzyklop\u00e4die, dem Urenkel des Autors der Statue, Dr., gekl\u00e4rt und Fotos des Denkmals zur Verf\u00fcgung gestellt. Ond\u0159ej Hor\u00e1k.<\/p>\n<p>Quelle: http:\/\/encyklopedie.brna.cz\/home-mmb\/?acc=profil_objektu&amp;load=814<\/p>\n<p><img fetchpriority=\"high\" decoding=\"async\" class=\"alignnone size-full wp-image-51990\" src=\"https:\/\/www.franz-josef.cz\/wp-content\/uploads\/2023\/08\/BRNO-VEVERI.jpg\" alt=\"\" width=\"510\" height=\"400\" srcset=\"https:\/\/www.franz-josef.cz\/wp-content\/uploads\/2023\/08\/BRNO-VEVERI.jpg 510w, https:\/\/www.franz-josef.cz\/wp-content\/uploads\/2023\/08\/BRNO-VEVERI-300x235.jpg 300w\" sizes=\"(max-width: 510px) 100vw, 510px\" \/><\/p>\n<\/div>","protected":false},"author":5,"featured_media":51990,"template":"","zarazeno-v-expozici":[252],"class_list":["post-51988","exponaty","type-exponaty","status-publish","has-post-thumbnail","hentry","zarazeno-v-expozici-sochy-a-pomniky-badatelska-cinnost-jiriho-danka"],"yoast_head":"<!-- This site is optimized with the Yoast SEO Premium plugin v20.12 (Yoast SEO v27.2) - https:\/\/yoast.com\/product\/yoast-seo-premium-wordpress\/ -->\n<title>BRNO VEVE\u0158\u00cd &#8212; Muzeum c\u00edsa\u0159e Franz Josefa I.<\/title>\n<meta name=\"robots\" content=\"index, follow, max-snippet:-1, max-image-preview:large, max-video-preview:-1\" \/>\n<link rel=\"canonical\" href=\"https:\/\/www.franz-josef.cz\/de\/exponaty\/brno-veveri\/\" \/>\n<meta property=\"og:locale\" content=\"de_DE\" \/>\n<meta property=\"og:type\" content=\"article\" \/>\n<meta property=\"og:title\" content=\"BRNO VEVE\u0158\u00cd\" \/>\n<meta property=\"og:description\" content=\"Socha c\u00edsa\u0159e FJI p\u0159ed vchodem do \u010cesk\u00e9 vysok\u00e9 \u0161koly technick\u00e9 &nbsp; Autorem pomn\u00edku socha\u0159 Metod\u011bj Kocourek (5.7.1885 \u017dele\u010d &#8211; 7.4.1975 Babice nad Svitavou), kter\u00fd sochu vytvo\u0159il b\u011bhem sv\u00e9 vojensk\u00e9 slu\u017eby (\u00fanor a\u017e prosinec 1915). Pomn\u00edk byl pravd\u011bpodobn\u011b odhalen v srpnu 1915 k 85. narozenin\u00e1m c\u00edsa\u0159e. Postava c\u00edsa\u0159e v nad\u017eivotn\u00ed velikosti st\u00e1la na soklu z cihel, [&hellip;]\" \/>\n<meta property=\"og:url\" content=\"https:\/\/www.franz-josef.cz\/de\/exponaty\/brno-veveri\/\" \/>\n<meta property=\"og:site_name\" content=\"Muzeum c\u00edsa\u0159e Franz Josefa I.\" \/>\n<meta property=\"article:modified_time\" content=\"2023-08-31T21:11:04+00:00\" \/>\n<meta property=\"og:image\" content=\"https:\/\/www.franz-josef.cz\/wp-content\/uploads\/2023\/08\/BRNO-VEVERI.jpg\" \/>\n\t<meta property=\"og:image:width\" content=\"510\" \/>\n\t<meta property=\"og:image:height\" content=\"400\" \/>\n\t<meta property=\"og:image:type\" content=\"image\/jpeg\" \/>\n<meta name=\"twitter:card\" content=\"summary_large_image\" \/>\n<meta name=\"twitter:label1\" content=\"Gesch\u00e4tzte Lesezeit\" \/>\n\t<meta name=\"twitter:data1\" content=\"1\u00a0Minute\" \/>\n<script type=\"application\/ld+json\" class=\"yoast-schema-graph\">{\"@context\":\"https:\/\/schema.org\",\"@graph\":[{\"@type\":\"WebPage\",\"@id\":\"https:\/\/www.franz-josef.cz\/exponaty\/brno-veveri\/\",\"url\":\"https:\/\/www.franz-josef.cz\/exponaty\/brno-veveri\/\",\"name\":\"BRNO VEVE\u0158\u00cd &#8212; Muzeum c\u00edsa\u0159e Franz Josefa I.\",\"isPartOf\":{\"@id\":\"https:\/\/www.franz-josef.cz\/#website\"},\"primaryImageOfPage\":{\"@id\":\"https:\/\/www.franz-josef.cz\/exponaty\/brno-veveri\/#primaryimage\"},\"image\":{\"@id\":\"https:\/\/www.franz-josef.cz\/exponaty\/brno-veveri\/#primaryimage\"},\"thumbnailUrl\":\"https:\/\/www.franz-josef.cz\/wp-content\/uploads\/2023\/08\/BRNO-VEVERI.jpg\",\"datePublished\":\"2023-08-25T16:38:50+00:00\",\"dateModified\":\"2023-08-31T21:11:04+00:00\",\"breadcrumb\":{\"@id\":\"https:\/\/www.franz-josef.cz\/exponaty\/brno-veveri\/#breadcrumb\"},\"inLanguage\":\"de\",\"potentialAction\":[{\"@type\":\"ReadAction\",\"target\":[\"https:\/\/www.franz-josef.cz\/exponaty\/brno-veveri\/\"]}]},{\"@type\":\"ImageObject\",\"inLanguage\":\"de\",\"@id\":\"https:\/\/www.franz-josef.cz\/exponaty\/brno-veveri\/#primaryimage\",\"url\":\"https:\/\/www.franz-josef.cz\/wp-content\/uploads\/2023\/08\/BRNO-VEVERI.jpg\",\"contentUrl\":\"https:\/\/www.franz-josef.cz\/wp-content\/uploads\/2023\/08\/BRNO-VEVERI.jpg\",\"width\":510,\"height\":400},{\"@type\":\"BreadcrumbList\",\"@id\":\"https:\/\/www.franz-josef.cz\/exponaty\/brno-veveri\/#breadcrumb\",\"itemListElement\":[{\"@type\":\"ListItem\",\"position\":1,\"name\":\"Home\",\"item\":\"https:\/\/www.franz-josef.cz\/\"},{\"@type\":\"ListItem\",\"position\":2,\"name\":\"Expon\u00e1ty\",\"item\":\"https:\/\/www.franz-josef.cz\/exponaty\/\"},{\"@type\":\"ListItem\",\"position\":3,\"name\":\"BRNO VEVE\u0158\u00cd\"}]},{\"@type\":\"WebSite\",\"@id\":\"https:\/\/www.franz-josef.cz\/#website\",\"url\":\"https:\/\/www.franz-josef.cz\/\",\"name\":\"Muzeum c\u00edsa\u0159e Franz Josefa I.\",\"description\":\"\",\"publisher\":{\"@id\":\"https:\/\/www.franz-josef.cz\/#organization\"},\"alternateName\":\"Franz Joseph\",\"potentialAction\":[{\"@type\":\"SearchAction\",\"target\":{\"@type\":\"EntryPoint\",\"urlTemplate\":\"https:\/\/www.franz-josef.cz\/?s={search_term_string}\"},\"query-input\":{\"@type\":\"PropertyValueSpecification\",\"valueRequired\":true,\"valueName\":\"search_term_string\"}}],\"inLanguage\":\"de\"},{\"@type\":\"Organization\",\"@id\":\"https:\/\/www.franz-josef.cz\/#organization\",\"name\":\"Muzeum Franz Josefa I.\",\"alternateName\":\"Franz Jozef\",\"url\":\"https:\/\/www.franz-josef.cz\/\",\"logo\":{\"@type\":\"ImageObject\",\"inLanguage\":\"de\",\"@id\":\"https:\/\/www.franz-josef.cz\/#\/schema\/logo\/image\/\",\"url\":\"https:\/\/www.franz-josef.cz\/wp-content\/uploads\/2023\/08\/Muzeum-Franz-Jozef-logo-696x696-1.png\",\"contentUrl\":\"https:\/\/www.franz-josef.cz\/wp-content\/uploads\/2023\/08\/Muzeum-Franz-Jozef-logo-696x696-1.png\",\"width\":696,\"height\":696,\"caption\":\"Muzeum Franz Josefa I.\"},\"image\":{\"@id\":\"https:\/\/www.franz-josef.cz\/#\/schema\/logo\/image\/\"}}]}<\/script>\n<!-- \/ Yoast SEO Premium plugin. -->","yoast_head_json":{"title":"BRNO VEVE\u0158\u00cd &#8212; Muzeum c\u00edsa\u0159e Franz Josefa I.","robots":{"index":"index","follow":"follow","max-snippet":"max-snippet:-1","max-image-preview":"max-image-preview:large","max-video-preview":"max-video-preview:-1"},"canonical":"https:\/\/www.franz-josef.cz\/de\/exponaty\/brno-veveri\/","og_locale":"de_DE","og_type":"article","og_title":"BRNO VEVE\u0158\u00cd","og_description":"Socha c\u00edsa\u0159e FJI p\u0159ed vchodem do \u010cesk\u00e9 vysok\u00e9 \u0161koly technick\u00e9 &nbsp; Autorem pomn\u00edku socha\u0159 Metod\u011bj Kocourek (5.7.1885 \u017dele\u010d &#8211; 7.4.1975 Babice nad Svitavou), kter\u00fd sochu vytvo\u0159il b\u011bhem sv\u00e9 vojensk\u00e9 slu\u017eby (\u00fanor a\u017e prosinec 1915). Pomn\u00edk byl pravd\u011bpodobn\u011b odhalen v srpnu 1915 k 85. narozenin\u00e1m c\u00edsa\u0159e. Postava c\u00edsa\u0159e v nad\u017eivotn\u00ed velikosti st\u00e1la na soklu z cihel, [&hellip;]","og_url":"https:\/\/www.franz-josef.cz\/de\/exponaty\/brno-veveri\/","og_site_name":"Muzeum c\u00edsa\u0159e Franz Josefa I.","article_modified_time":"2023-08-31T21:11:04+00:00","og_image":[{"width":510,"height":400,"url":"https:\/\/www.franz-josef.cz\/wp-content\/uploads\/2023\/08\/BRNO-VEVERI.jpg","type":"image\/jpeg"}],"twitter_card":"summary_large_image","twitter_misc":{"Gesch\u00e4tzte Lesezeit":"1\u00a0Minute"},"schema":{"@context":"https:\/\/schema.org","@graph":[{"@type":"WebPage","@id":"https:\/\/www.franz-josef.cz\/exponaty\/brno-veveri\/","url":"https:\/\/www.franz-josef.cz\/exponaty\/brno-veveri\/","name":"BRNO VEVE\u0158\u00cd &#8212; Muzeum c\u00edsa\u0159e Franz Josefa I.","isPartOf":{"@id":"https:\/\/www.franz-josef.cz\/#website"},"primaryImageOfPage":{"@id":"https:\/\/www.franz-josef.cz\/exponaty\/brno-veveri\/#primaryimage"},"image":{"@id":"https:\/\/www.franz-josef.cz\/exponaty\/brno-veveri\/#primaryimage"},"thumbnailUrl":"https:\/\/www.franz-josef.cz\/wp-content\/uploads\/2023\/08\/BRNO-VEVERI.jpg","datePublished":"2023-08-25T16:38:50+00:00","dateModified":"2023-08-31T21:11:04+00:00","breadcrumb":{"@id":"https:\/\/www.franz-josef.cz\/exponaty\/brno-veveri\/#breadcrumb"},"inLanguage":"de","potentialAction":[{"@type":"ReadAction","target":["https:\/\/www.franz-josef.cz\/exponaty\/brno-veveri\/"]}]},{"@type":"ImageObject","inLanguage":"de","@id":"https:\/\/www.franz-josef.cz\/exponaty\/brno-veveri\/#primaryimage","url":"https:\/\/www.franz-josef.cz\/wp-content\/uploads\/2023\/08\/BRNO-VEVERI.jpg","contentUrl":"https:\/\/www.franz-josef.cz\/wp-content\/uploads\/2023\/08\/BRNO-VEVERI.jpg","width":510,"height":400},{"@type":"BreadcrumbList","@id":"https:\/\/www.franz-josef.cz\/exponaty\/brno-veveri\/#breadcrumb","itemListElement":[{"@type":"ListItem","position":1,"name":"Home","item":"https:\/\/www.franz-josef.cz\/"},{"@type":"ListItem","position":2,"name":"Expon\u00e1ty","item":"https:\/\/www.franz-josef.cz\/exponaty\/"},{"@type":"ListItem","position":3,"name":"BRNO VEVE\u0158\u00cd"}]},{"@type":"WebSite","@id":"https:\/\/www.franz-josef.cz\/#website","url":"https:\/\/www.franz-josef.cz\/","name":"Muzeum c\u00edsa\u0159e Franz Josefa I.","description":"","publisher":{"@id":"https:\/\/www.franz-josef.cz\/#organization"},"alternateName":"Franz Joseph","potentialAction":[{"@type":"SearchAction","target":{"@type":"EntryPoint","urlTemplate":"https:\/\/www.franz-josef.cz\/?s={search_term_string}"},"query-input":{"@type":"PropertyValueSpecification","valueRequired":true,"valueName":"search_term_string"}}],"inLanguage":"de"},{"@type":"Organization","@id":"https:\/\/www.franz-josef.cz\/#organization","name":"Muzeum Franz Josefa I.","alternateName":"Franz Jozef","url":"https:\/\/www.franz-josef.cz\/","logo":{"@type":"ImageObject","inLanguage":"de","@id":"https:\/\/www.franz-josef.cz\/#\/schema\/logo\/image\/","url":"https:\/\/www.franz-josef.cz\/wp-content\/uploads\/2023\/08\/Muzeum-Franz-Jozef-logo-696x696-1.png","contentUrl":"https:\/\/www.franz-josef.cz\/wp-content\/uploads\/2023\/08\/Muzeum-Franz-Jozef-logo-696x696-1.png","width":696,"height":696,"caption":"Muzeum Franz Josefa I."},"image":{"@id":"https:\/\/www.franz-josef.cz\/#\/schema\/logo\/image\/"}}]}},"_links":{"self":[{"href":"https:\/\/www.franz-josef.cz\/de\/wp-json\/wp\/v2\/exponaty\/51988","targetHints":{"allow":["GET"]}}],"collection":[{"href":"https:\/\/www.franz-josef.cz\/de\/wp-json\/wp\/v2\/exponaty"}],"about":[{"href":"https:\/\/www.franz-josef.cz\/de\/wp-json\/wp\/v2\/types\/exponaty"}],"author":[{"embeddable":true,"href":"https:\/\/www.franz-josef.cz\/de\/wp-json\/wp\/v2\/users\/5"}],"version-history":[{"count":3,"href":"https:\/\/www.franz-josef.cz\/de\/wp-json\/wp\/v2\/exponaty\/51988\/revisions"}],"predecessor-version":[{"id":52519,"href":"https:\/\/www.franz-josef.cz\/de\/wp-json\/wp\/v2\/exponaty\/51988\/revisions\/52519"}],"wp:featuredmedia":[{"embeddable":true,"href":"https:\/\/www.franz-josef.cz\/de\/wp-json\/wp\/v2\/media\/51990"}],"wp:attachment":[{"href":"https:\/\/www.franz-josef.cz\/de\/wp-json\/wp\/v2\/media?parent=51988"}],"wp:term":[{"taxonomy":"zarazeno-v-expozici","embeddable":true,"href":"https:\/\/www.franz-josef.cz\/de\/wp-json\/wp\/v2\/zarazeno-v-expozici?post=51988"}],"curies":[{"name":"wp","href":"https:\/\/api.w.org\/{rel}","templated":true}]}}