{"id":52038,"date":"2023-08-26T17:09:10","date_gmt":"2023-08-26T15:09:10","guid":{"rendered":"https:\/\/www.franz-josef.cz\/?post_type=exponaty&#038;p=52038"},"modified":"2023-08-31T22:52:51","modified_gmt":"2023-08-31T20:52:51","slug":"blansko-katalog-listy-fji-busty","status":"publish","type":"exponaty","link":"https:\/\/www.franz-josef.cz\/de\/exponaty\/blansko-katalog-listy-fji-busty\/","title":{"rendered":"BLANSKO"},"content":{"rendered":"<h1>Katalogbl\u00e4tter der B\u00fcsten von Kaiser FJI. und Kaiserin Sisi<\/h1>\n<p>&nbsp;<\/p>\n<p>&nbsp;<\/p>\n<p align=\"JUSTIFY\"><span style=\"color: #000000\"><span style=\"font-family: sans-serif, Arial CE, Tahoma CE, Tahoma\"><span style=\"font-size: small\">Im Jahr 1908 feierte Kaiser Franz Joseph I. den 60. Jahrestag seiner Thronbesteigung in \u00d6sterreich. Blanensk\u00e9 \u017eelez\u00e1rny nutzte die Gelegenheit und ver\u00f6ffentlichte einen Katalog, der B\u00fcsten und Medaillons des ehemaligen Kaiserpaares aus Gusseisen, Zink und Bronze zum Verkauf anbot. Als Autor der Modelle wurde der ber\u00fchmte \u00f6sterreichische Bildhauer der zweiten H\u00e4lfte des 19. Jahrhunderts ausgew\u00e4hlt\u00a0<\/span><\/span><\/span><strong><span style=\"color: #000000\"><span style=\"font-family: sans-serif, Arial CE, Tahoma CE, Tahoma\"><span style=\"font-size: small\"><b>Viktor Tilgner<\/b><\/span><\/span><\/span><\/strong><span style=\"color: #000000\"><span style=\"font-family: sans-serif, Arial CE, Tahoma CE, Tahoma\"><span style=\"font-size: small\">.<\/span><\/span><\/span><\/p>\n<p align=\"JUSTIFY\"><span style=\"color: #000000\"><span style=\"font-family: sans-serif, Arial CE, Tahoma CE, Tahoma\"><span style=\"font-size: small\">Der oben genannte Katalog enth\u00e4lt insgesamt zwei B\u00fcsten von Kaiser Franz Joseph I. Bei der ersten B\u00fcste wird der Kaiser im Alter von etwa 18 Jahren gefangen genommen, als er den Thron besteigt. Die zweite B\u00fcste wurde von Tilgner irgendwann an der Wende der 80er und 90er Jahre des 18. Jahrhunderts geschaffen und die Form des Kaisers entspricht der Entstehungszeit des Werkes. Ebenso befinden sich darauf die Medaillons des Kaisers, auf dem einen Franz Joseph I. im jungen Alter und auf dem anderen im fortgeschrittenen Alter darstellte. Da Kaiserin Elisabeth vorzeitig ermordet wurde, finden wir im Katalog nur eine B\u00fcste und ein Medaillon mit ihrem Konterfei in jungen Jahren. Allein die B\u00fcste des Kaisers war 84 cm hoch, aber selbst mit Sockel ma\u00df das gesamte Werk 140 cm und wog 350 kg.<\/span><\/span><\/span><\/p>\n<p align=\"JUSTIFY\"><span style=\"color: #000000\"><span style=\"font-family: sans-serif, Arial CE, Tahoma CE, Tahoma\"><span style=\"font-size: small\">Quelle:<\/span><\/span><\/span><\/p>\n<h1 class=\"western\"><span style=\"color: #ff6600\"><span style=\"font-family: sans-serif, Arial CE, Tahoma CE, Tahoma\">Jind\u0159ich \u010celad\u00edn: Kunstguss aus Blanen<\/span><\/span><\/h1>\n<p align=\"JUSTIFY\"><span style=\"color: #000000\"><span style=\"font-family: sans-serif, Arial CE, Tahoma CE, Tahoma\"><span style=\"font-size: small\">\u00a0<\/span><\/span><\/span><\/p>\n<p>&nbsp;<\/p>\n<p><img fetchpriority=\"high\" decoding=\"async\" class=\"alignnone size-full wp-image-52040\" src=\"https:\/\/www.franz-josef.cz\/wp-content\/uploads\/2023\/08\/BLANSKO-KATALOG-BUST-1-scaled.jpg\" alt=\"\" width=\"2560\" height=\"1687\" srcset=\"https:\/\/www.franz-josef.cz\/wp-content\/uploads\/2023\/08\/BLANSKO-KATALOG-BUST-1-scaled.jpg 2560w, https:\/\/www.franz-josef.cz\/wp-content\/uploads\/2023\/08\/BLANSKO-KATALOG-BUST-1-300x198.jpg 300w, https:\/\/www.franz-josef.cz\/wp-content\/uploads\/2023\/08\/BLANSKO-KATALOG-BUST-1-1024x675.jpg 1024w, https:\/\/www.franz-josef.cz\/wp-content\/uploads\/2023\/08\/BLANSKO-KATALOG-BUST-1-768x506.jpg 768w, https:\/\/www.franz-josef.cz\/wp-content\/uploads\/2023\/08\/BLANSKO-KATALOG-BUST-1-1536x1012.jpg 1536w, https:\/\/www.franz-josef.cz\/wp-content\/uploads\/2023\/08\/BLANSKO-KATALOG-BUST-1-2048x1349.jpg 2048w\" sizes=\"(max-width: 2560px) 100vw, 2560px\" \/> <img decoding=\"async\" class=\"alignnone size-full wp-image-52041 lazyload\" data-src=\"https:\/\/www.franz-josef.cz\/wp-content\/uploads\/2023\/08\/BLANSKO-KATALOG-CISA.jpg\" alt=\"\" width=\"640\" height=\"754\" data-srcset=\"https:\/\/www.franz-josef.cz\/wp-content\/uploads\/2023\/08\/BLANSKO-KATALOG-CISA.jpg 640w, https:\/\/www.franz-josef.cz\/wp-content\/uploads\/2023\/08\/BLANSKO-KATALOG-CISA-255x300.jpg 255w\" data-sizes=\"(max-width: 640px) 100vw, 640px\" src=\"data:image\/gif;base64,R0lGODlhAQABAAAAACH5BAEKAAEALAAAAAABAAEAAAICTAEAOw==\" style=\"--smush-placeholder-width: 640px; --smush-placeholder-aspect-ratio: 640\/754;\" \/><noscript><img decoding=\"async\" class=\"alignnone size-full wp-image-52041\" src=\"https:\/\/www.franz-josef.cz\/wp-content\/uploads\/2023\/08\/BLANSKO-KATALOG-CISA.jpg\" alt=\"\" width=\"640\" height=\"754\" srcset=\"https:\/\/www.franz-josef.cz\/wp-content\/uploads\/2023\/08\/BLANSKO-KATALOG-CISA.jpg 640w, https:\/\/www.franz-josef.cz\/wp-content\/uploads\/2023\/08\/BLANSKO-KATALOG-CISA-255x300.jpg 255w\" sizes=\"(max-width: 640px) 100vw, 640px\" \/><\/noscript><\/p>\n<p>&nbsp;<\/p>\n<p>&nbsp;<\/p>","protected":false},"author":5,"featured_media":52041,"template":"","zarazeno-v-expozici":[252],"class_list":["post-52038","exponaty","type-exponaty","status-publish","has-post-thumbnail","hentry","zarazeno-v-expozici-sochy-a-pomniky-badatelska-cinnost-jiriho-danka"],"yoast_head":"<!-- This site is optimized with the Yoast SEO Premium plugin v20.12 (Yoast SEO v27.2) - https:\/\/yoast.com\/product\/yoast-seo-premium-wordpress\/ -->\n<title>BLANSKO &#8212; Muzeum c\u00edsa\u0159e Franz Josefa I.<\/title>\n<meta name=\"robots\" content=\"index, follow, max-snippet:-1, max-image-preview:large, max-video-preview:-1\" \/>\n<link rel=\"canonical\" href=\"https:\/\/www.franz-josef.cz\/de\/exponaty\/blansko-katalog-listy-fji-busty\/\" \/>\n<meta property=\"og:locale\" content=\"de_DE\" \/>\n<meta property=\"og:type\" content=\"article\" \/>\n<meta property=\"og:title\" content=\"BLANSKO\" \/>\n<meta property=\"og:description\" content=\"Katalogov\u00e9 listy bust c\u00edsa\u0159e FJI. a c\u00edsa\u0159ovny Sisi &nbsp; &nbsp; V\u00a0roce 1908 slavil c\u00edsa\u0159 Franti\u0161ek Josef I. v\u00fdro\u010d\u00ed 60 let po n\u00e1stupu na rakousk\u00fd tr\u016fn. Blanensk\u00e9 \u017eelez\u00e1rny se chopily p\u0159\u00edle\u017eitosti a vydaly katalog, kter\u00fd nab\u00edzel k\u00a0prodeji litinov\u00e9, zinkov\u00e9 a bronzov\u00e9 odlitky bust a medailon\u016f b\u00fdval\u00e9ho c\u00edsa\u0159sk\u00e9ho p\u00e1ru. Autorem model\u016f byl vybr\u00e1n slavn\u00fd rakousk\u00fd socha\u0159 druh\u00e9 [&hellip;]\" \/>\n<meta property=\"og:url\" content=\"https:\/\/www.franz-josef.cz\/de\/exponaty\/blansko-katalog-listy-fji-busty\/\" \/>\n<meta property=\"og:site_name\" content=\"Muzeum c\u00edsa\u0159e Franz Josefa I.\" \/>\n<meta property=\"article:modified_time\" content=\"2023-08-31T20:52:51+00:00\" \/>\n<meta property=\"og:image\" content=\"https:\/\/www.franz-josef.cz\/wp-content\/uploads\/2023\/08\/BLANSKO-KATALOG-CISA.jpg\" \/>\n\t<meta property=\"og:image:width\" content=\"640\" \/>\n\t<meta property=\"og:image:height\" content=\"754\" \/>\n\t<meta property=\"og:image:type\" content=\"image\/jpeg\" \/>\n<meta name=\"twitter:card\" content=\"summary_large_image\" \/>\n<meta name=\"twitter:label1\" content=\"Gesch\u00e4tzte Lesezeit\" \/>\n\t<meta name=\"twitter:data1\" content=\"2\u00a0Minuten\" \/>\n<script type=\"application\/ld+json\" class=\"yoast-schema-graph\">{\"@context\":\"https:\/\/schema.org\",\"@graph\":[{\"@type\":\"WebPage\",\"@id\":\"https:\/\/www.franz-josef.cz\/exponaty\/blansko-katalog-listy-fji-busty\/\",\"url\":\"https:\/\/www.franz-josef.cz\/exponaty\/blansko-katalog-listy-fji-busty\/\",\"name\":\"BLANSKO &#8212; Muzeum c\u00edsa\u0159e Franz Josefa I.\",\"isPartOf\":{\"@id\":\"https:\/\/www.franz-josef.cz\/#website\"},\"primaryImageOfPage\":{\"@id\":\"https:\/\/www.franz-josef.cz\/exponaty\/blansko-katalog-listy-fji-busty\/#primaryimage\"},\"image\":{\"@id\":\"https:\/\/www.franz-josef.cz\/exponaty\/blansko-katalog-listy-fji-busty\/#primaryimage\"},\"thumbnailUrl\":\"https:\/\/www.franz-josef.cz\/wp-content\/uploads\/2023\/08\/BLANSKO-KATALOG-CISA.jpg\",\"datePublished\":\"2023-08-26T15:09:10+00:00\",\"dateModified\":\"2023-08-31T20:52:51+00:00\",\"breadcrumb\":{\"@id\":\"https:\/\/www.franz-josef.cz\/exponaty\/blansko-katalog-listy-fji-busty\/#breadcrumb\"},\"inLanguage\":\"de\",\"potentialAction\":[{\"@type\":\"ReadAction\",\"target\":[\"https:\/\/www.franz-josef.cz\/exponaty\/blansko-katalog-listy-fji-busty\/\"]}]},{\"@type\":\"ImageObject\",\"inLanguage\":\"de\",\"@id\":\"https:\/\/www.franz-josef.cz\/exponaty\/blansko-katalog-listy-fji-busty\/#primaryimage\",\"url\":\"https:\/\/www.franz-josef.cz\/wp-content\/uploads\/2023\/08\/BLANSKO-KATALOG-CISA.jpg\",\"contentUrl\":\"https:\/\/www.franz-josef.cz\/wp-content\/uploads\/2023\/08\/BLANSKO-KATALOG-CISA.jpg\",\"width\":640,\"height\":754},{\"@type\":\"BreadcrumbList\",\"@id\":\"https:\/\/www.franz-josef.cz\/exponaty\/blansko-katalog-listy-fji-busty\/#breadcrumb\",\"itemListElement\":[{\"@type\":\"ListItem\",\"position\":1,\"name\":\"Home\",\"item\":\"https:\/\/www.franz-josef.cz\/\"},{\"@type\":\"ListItem\",\"position\":2,\"name\":\"Expon\u00e1ty\",\"item\":\"https:\/\/www.franz-josef.cz\/exponaty\/\"},{\"@type\":\"ListItem\",\"position\":3,\"name\":\"BLANSKO\"}]},{\"@type\":\"WebSite\",\"@id\":\"https:\/\/www.franz-josef.cz\/#website\",\"url\":\"https:\/\/www.franz-josef.cz\/\",\"name\":\"Muzeum c\u00edsa\u0159e Franz Josefa I.\",\"description\":\"\",\"publisher\":{\"@id\":\"https:\/\/www.franz-josef.cz\/#organization\"},\"alternateName\":\"Franz Joseph\",\"potentialAction\":[{\"@type\":\"SearchAction\",\"target\":{\"@type\":\"EntryPoint\",\"urlTemplate\":\"https:\/\/www.franz-josef.cz\/?s={search_term_string}\"},\"query-input\":{\"@type\":\"PropertyValueSpecification\",\"valueRequired\":true,\"valueName\":\"search_term_string\"}}],\"inLanguage\":\"de\"},{\"@type\":\"Organization\",\"@id\":\"https:\/\/www.franz-josef.cz\/#organization\",\"name\":\"Muzeum Franz Josefa I.\",\"alternateName\":\"Franz Jozef\",\"url\":\"https:\/\/www.franz-josef.cz\/\",\"logo\":{\"@type\":\"ImageObject\",\"inLanguage\":\"de\",\"@id\":\"https:\/\/www.franz-josef.cz\/#\/schema\/logo\/image\/\",\"url\":\"https:\/\/www.franz-josef.cz\/wp-content\/uploads\/2023\/08\/Muzeum-Franz-Jozef-logo-696x696-1.png\",\"contentUrl\":\"https:\/\/www.franz-josef.cz\/wp-content\/uploads\/2023\/08\/Muzeum-Franz-Jozef-logo-696x696-1.png\",\"width\":696,\"height\":696,\"caption\":\"Muzeum Franz Josefa I.\"},\"image\":{\"@id\":\"https:\/\/www.franz-josef.cz\/#\/schema\/logo\/image\/\"}}]}<\/script>\n<!-- \/ Yoast SEO Premium plugin. -->","yoast_head_json":{"title":"BLANSKO &#8212; Muzeum c\u00edsa\u0159e Franz Josefa I.","robots":{"index":"index","follow":"follow","max-snippet":"max-snippet:-1","max-image-preview":"max-image-preview:large","max-video-preview":"max-video-preview:-1"},"canonical":"https:\/\/www.franz-josef.cz\/de\/exponaty\/blansko-katalog-listy-fji-busty\/","og_locale":"de_DE","og_type":"article","og_title":"BLANSKO","og_description":"Katalogov\u00e9 listy bust c\u00edsa\u0159e FJI. a c\u00edsa\u0159ovny Sisi &nbsp; &nbsp; V\u00a0roce 1908 slavil c\u00edsa\u0159 Franti\u0161ek Josef I. v\u00fdro\u010d\u00ed 60 let po n\u00e1stupu na rakousk\u00fd tr\u016fn. Blanensk\u00e9 \u017eelez\u00e1rny se chopily p\u0159\u00edle\u017eitosti a vydaly katalog, kter\u00fd nab\u00edzel k\u00a0prodeji litinov\u00e9, zinkov\u00e9 a bronzov\u00e9 odlitky bust a medailon\u016f b\u00fdval\u00e9ho c\u00edsa\u0159sk\u00e9ho p\u00e1ru. Autorem model\u016f byl vybr\u00e1n slavn\u00fd rakousk\u00fd socha\u0159 druh\u00e9 [&hellip;]","og_url":"https:\/\/www.franz-josef.cz\/de\/exponaty\/blansko-katalog-listy-fji-busty\/","og_site_name":"Muzeum c\u00edsa\u0159e Franz Josefa I.","article_modified_time":"2023-08-31T20:52:51+00:00","og_image":[{"width":640,"height":754,"url":"https:\/\/www.franz-josef.cz\/wp-content\/uploads\/2023\/08\/BLANSKO-KATALOG-CISA.jpg","type":"image\/jpeg"}],"twitter_card":"summary_large_image","twitter_misc":{"Gesch\u00e4tzte Lesezeit":"2\u00a0Minuten"},"schema":{"@context":"https:\/\/schema.org","@graph":[{"@type":"WebPage","@id":"https:\/\/www.franz-josef.cz\/exponaty\/blansko-katalog-listy-fji-busty\/","url":"https:\/\/www.franz-josef.cz\/exponaty\/blansko-katalog-listy-fji-busty\/","name":"BLANSKO &#8212; Muzeum c\u00edsa\u0159e Franz Josefa I.","isPartOf":{"@id":"https:\/\/www.franz-josef.cz\/#website"},"primaryImageOfPage":{"@id":"https:\/\/www.franz-josef.cz\/exponaty\/blansko-katalog-listy-fji-busty\/#primaryimage"},"image":{"@id":"https:\/\/www.franz-josef.cz\/exponaty\/blansko-katalog-listy-fji-busty\/#primaryimage"},"thumbnailUrl":"https:\/\/www.franz-josef.cz\/wp-content\/uploads\/2023\/08\/BLANSKO-KATALOG-CISA.jpg","datePublished":"2023-08-26T15:09:10+00:00","dateModified":"2023-08-31T20:52:51+00:00","breadcrumb":{"@id":"https:\/\/www.franz-josef.cz\/exponaty\/blansko-katalog-listy-fji-busty\/#breadcrumb"},"inLanguage":"de","potentialAction":[{"@type":"ReadAction","target":["https:\/\/www.franz-josef.cz\/exponaty\/blansko-katalog-listy-fji-busty\/"]}]},{"@type":"ImageObject","inLanguage":"de","@id":"https:\/\/www.franz-josef.cz\/exponaty\/blansko-katalog-listy-fji-busty\/#primaryimage","url":"https:\/\/www.franz-josef.cz\/wp-content\/uploads\/2023\/08\/BLANSKO-KATALOG-CISA.jpg","contentUrl":"https:\/\/www.franz-josef.cz\/wp-content\/uploads\/2023\/08\/BLANSKO-KATALOG-CISA.jpg","width":640,"height":754},{"@type":"BreadcrumbList","@id":"https:\/\/www.franz-josef.cz\/exponaty\/blansko-katalog-listy-fji-busty\/#breadcrumb","itemListElement":[{"@type":"ListItem","position":1,"name":"Home","item":"https:\/\/www.franz-josef.cz\/"},{"@type":"ListItem","position":2,"name":"Expon\u00e1ty","item":"https:\/\/www.franz-josef.cz\/exponaty\/"},{"@type":"ListItem","position":3,"name":"BLANSKO"}]},{"@type":"WebSite","@id":"https:\/\/www.franz-josef.cz\/#website","url":"https:\/\/www.franz-josef.cz\/","name":"Muzeum c\u00edsa\u0159e Franz Josefa I.","description":"","publisher":{"@id":"https:\/\/www.franz-josef.cz\/#organization"},"alternateName":"Franz Joseph","potentialAction":[{"@type":"SearchAction","target":{"@type":"EntryPoint","urlTemplate":"https:\/\/www.franz-josef.cz\/?s={search_term_string}"},"query-input":{"@type":"PropertyValueSpecification","valueRequired":true,"valueName":"search_term_string"}}],"inLanguage":"de"},{"@type":"Organization","@id":"https:\/\/www.franz-josef.cz\/#organization","name":"Muzeum Franz Josefa I.","alternateName":"Franz Jozef","url":"https:\/\/www.franz-josef.cz\/","logo":{"@type":"ImageObject","inLanguage":"de","@id":"https:\/\/www.franz-josef.cz\/#\/schema\/logo\/image\/","url":"https:\/\/www.franz-josef.cz\/wp-content\/uploads\/2023\/08\/Muzeum-Franz-Jozef-logo-696x696-1.png","contentUrl":"https:\/\/www.franz-josef.cz\/wp-content\/uploads\/2023\/08\/Muzeum-Franz-Jozef-logo-696x696-1.png","width":696,"height":696,"caption":"Muzeum Franz Josefa I."},"image":{"@id":"https:\/\/www.franz-josef.cz\/#\/schema\/logo\/image\/"}}]}},"_links":{"self":[{"href":"https:\/\/www.franz-josef.cz\/de\/wp-json\/wp\/v2\/exponaty\/52038","targetHints":{"allow":["GET"]}}],"collection":[{"href":"https:\/\/www.franz-josef.cz\/de\/wp-json\/wp\/v2\/exponaty"}],"about":[{"href":"https:\/\/www.franz-josef.cz\/de\/wp-json\/wp\/v2\/types\/exponaty"}],"author":[{"embeddable":true,"href":"https:\/\/www.franz-josef.cz\/de\/wp-json\/wp\/v2\/users\/5"}],"version-history":[{"count":7,"href":"https:\/\/www.franz-josef.cz\/de\/wp-json\/wp\/v2\/exponaty\/52038\/revisions"}],"predecessor-version":[{"id":52505,"href":"https:\/\/www.franz-josef.cz\/de\/wp-json\/wp\/v2\/exponaty\/52038\/revisions\/52505"}],"wp:featuredmedia":[{"embeddable":true,"href":"https:\/\/www.franz-josef.cz\/de\/wp-json\/wp\/v2\/media\/52041"}],"wp:attachment":[{"href":"https:\/\/www.franz-josef.cz\/de\/wp-json\/wp\/v2\/media?parent=52038"}],"wp:term":[{"taxonomy":"zarazeno-v-expozici","embeddable":true,"href":"https:\/\/www.franz-josef.cz\/de\/wp-json\/wp\/v2\/zarazeno-v-expozici?post=52038"}],"curies":[{"name":"wp","href":"https:\/\/api.w.org\/{rel}","templated":true}]}}