{"id":52079,"date":"2023-08-26T19:12:49","date_gmt":"2023-08-26T17:12:49","guid":{"rendered":"https:\/\/www.franz-josef.cz\/?post_type=exponaty&#038;p=52079"},"modified":"2023-08-31T23:19:26","modified_gmt":"2023-08-31T21:19:26","slug":"cesky-krumlov","status":"publish","type":"exponaty","link":"https:\/\/www.franz-josef.cz\/de\/exponaty\/cesky-krumlov\/","title":{"rendered":"\u010cESK\u00dd KRUMLOV"},"content":{"rendered":"<h1>\u00a0 \u00a0 \u00a0 \u00a0 \u00a0 \u00a0Kaiserb\u00fcsten bei Festlichkeiten<\/h1>\n<p>&nbsp;<\/p>\n<p>Unter http:\/\/www.kohoutikriz.org\/priloha\/kheme.php gibt es zwei Fotos von Veranstaltungen, die B\u00fcsten des Kaisers bei zeremoniellen Anl\u00e4ssen zeigen.<\/p>\n<p>Auf dem ersten Bild spricht Herr B\u00fcrgermeister Franz Khemeter vor einer Versammlung zum Geburtstag von Kaiser FJI am 18. August 1915, und auf dem zweiten Bild er\u00f6ffnet Herr B\u00fcrgermeister (links) am 17. November 1911 das Stadtkrankenhaus.<\/p>\n<p>&nbsp;<\/p>\n<h1><img fetchpriority=\"high\" decoding=\"async\" class=\"alignnone size-full wp-image-52081\" src=\"https:\/\/www.franz-josef.cz\/wp-content\/uploads\/2023\/08\/CK-1.jpg\" alt=\"\" width=\"750\" height=\"510\" srcset=\"https:\/\/www.franz-josef.cz\/wp-content\/uploads\/2023\/08\/CK-1.jpg 750w, https:\/\/www.franz-josef.cz\/wp-content\/uploads\/2023\/08\/CK-1-300x204.jpg 300w\" sizes=\"(max-width: 750px) 100vw, 750px\" \/> <img decoding=\"async\" class=\"alignnone size-full wp-image-52082 lazyload\" data-src=\"https:\/\/www.franz-josef.cz\/wp-content\/uploads\/2023\/08\/CK-2.jpg\" alt=\"\" width=\"750\" height=\"488\" data-srcset=\"https:\/\/www.franz-josef.cz\/wp-content\/uploads\/2023\/08\/CK-2.jpg 750w, https:\/\/www.franz-josef.cz\/wp-content\/uploads\/2023\/08\/CK-2-300x195.jpg 300w\" data-sizes=\"(max-width: 750px) 100vw, 750px\" src=\"data:image\/gif;base64,R0lGODlhAQABAAAAACH5BAEKAAEALAAAAAABAAEAAAICTAEAOw==\" style=\"--smush-placeholder-width: 750px; --smush-placeholder-aspect-ratio: 750\/488;\" \/><noscript><img decoding=\"async\" class=\"alignnone size-full wp-image-52082\" src=\"https:\/\/www.franz-josef.cz\/wp-content\/uploads\/2023\/08\/CK-2.jpg\" alt=\"\" width=\"750\" height=\"488\" srcset=\"https:\/\/www.franz-josef.cz\/wp-content\/uploads\/2023\/08\/CK-2.jpg 750w, https:\/\/www.franz-josef.cz\/wp-content\/uploads\/2023\/08\/CK-2-300x195.jpg 300w\" sizes=\"(max-width: 750px) 100vw, 750px\" \/><\/noscript><\/h1>\n<div class=\"content\">\n<p>&nbsp;<\/p>\n<\/div>","protected":false},"author":5,"featured_media":52081,"template":"","zarazeno-v-expozici":[252],"class_list":["post-52079","exponaty","type-exponaty","status-publish","has-post-thumbnail","hentry","zarazeno-v-expozici-sochy-a-pomniky-badatelska-cinnost-jiriho-danka"],"yoast_head":"<!-- This site is optimized with the Yoast SEO Premium plugin v20.12 (Yoast SEO v27.2) - https:\/\/yoast.com\/product\/yoast-seo-premium-wordpress\/ -->\n<title>\u010cESK\u00dd KRUMLOV &#8212; Muzeum c\u00edsa\u0159e Franz Josefa I.<\/title>\n<meta name=\"robots\" content=\"index, follow, max-snippet:-1, max-image-preview:large, max-video-preview:-1\" \/>\n<link rel=\"canonical\" href=\"https:\/\/www.franz-josef.cz\/de\/exponaty\/cesky-krumlov\/\" \/>\n<meta property=\"og:locale\" content=\"de_DE\" \/>\n<meta property=\"og:type\" content=\"article\" \/>\n<meta property=\"og:title\" content=\"\u010cESK\u00dd KRUMLOV\" \/>\n<meta property=\"og:description\" content=\"\u00a0 \u00a0 \u00a0 \u00a0 \u00a0 \u00a0C\u00edsa\u0159sk\u00e9 busty p\u0159i slavnostech &nbsp; Na str\u00e1nk\u00e1ch\u00a0http:\/\/www.kohoutikriz.org\/priloha\/kheme.php jsou dv\u011b fotografie z akc\u00ed, kde jsou vid\u011bt busty c\u00edsa\u0159e p\u0159i slavnostn\u00edch p\u0159\u00edle\u017eitostech. Na prvn\u00edm sn\u00edmku pan starosta Franz Khemeter hovo\u0159\u00ed ke shrom\u00e1\u017ed\u011bn\u00ed k narozenin\u00e1m c\u00edsa\u0159e FJI 18. srpna 1915 a na druh\u00e9m otev\u00edr\u00e1 pan starosta (vlevo) 17. listopadu 1911 m\u011bstskou nemocnici. &nbsp; [&hellip;]\" \/>\n<meta property=\"og:url\" content=\"https:\/\/www.franz-josef.cz\/de\/exponaty\/cesky-krumlov\/\" \/>\n<meta property=\"og:site_name\" content=\"Muzeum c\u00edsa\u0159e Franz Josefa I.\" \/>\n<meta property=\"article:modified_time\" content=\"2023-08-31T21:19:26+00:00\" \/>\n<meta property=\"og:image\" content=\"https:\/\/www.franz-josef.cz\/wp-content\/uploads\/2023\/08\/CK-1.jpg\" \/>\n\t<meta property=\"og:image:width\" content=\"750\" \/>\n\t<meta property=\"og:image:height\" content=\"510\" \/>\n\t<meta property=\"og:image:type\" content=\"image\/jpeg\" \/>\n<meta name=\"twitter:card\" content=\"summary_large_image\" \/>\n<meta name=\"twitter:label1\" content=\"Gesch\u00e4tzte Lesezeit\" \/>\n\t<meta name=\"twitter:data1\" content=\"1\u00a0Minute\" \/>\n<script type=\"application\/ld+json\" class=\"yoast-schema-graph\">{\"@context\":\"https:\/\/schema.org\",\"@graph\":[{\"@type\":\"WebPage\",\"@id\":\"https:\/\/www.franz-josef.cz\/exponaty\/cesky-krumlov\/\",\"url\":\"https:\/\/www.franz-josef.cz\/exponaty\/cesky-krumlov\/\",\"name\":\"\u010cESK\u00dd KRUMLOV &#8212; Muzeum c\u00edsa\u0159e Franz Josefa I.\",\"isPartOf\":{\"@id\":\"https:\/\/www.franz-josef.cz\/#website\"},\"primaryImageOfPage\":{\"@id\":\"https:\/\/www.franz-josef.cz\/exponaty\/cesky-krumlov\/#primaryimage\"},\"image\":{\"@id\":\"https:\/\/www.franz-josef.cz\/exponaty\/cesky-krumlov\/#primaryimage\"},\"thumbnailUrl\":\"https:\/\/www.franz-josef.cz\/wp-content\/uploads\/2023\/08\/CK-1.jpg\",\"datePublished\":\"2023-08-26T17:12:49+00:00\",\"dateModified\":\"2023-08-31T21:19:26+00:00\",\"breadcrumb\":{\"@id\":\"https:\/\/www.franz-josef.cz\/exponaty\/cesky-krumlov\/#breadcrumb\"},\"inLanguage\":\"de\",\"potentialAction\":[{\"@type\":\"ReadAction\",\"target\":[\"https:\/\/www.franz-josef.cz\/exponaty\/cesky-krumlov\/\"]}]},{\"@type\":\"ImageObject\",\"inLanguage\":\"de\",\"@id\":\"https:\/\/www.franz-josef.cz\/exponaty\/cesky-krumlov\/#primaryimage\",\"url\":\"https:\/\/www.franz-josef.cz\/wp-content\/uploads\/2023\/08\/CK-1.jpg\",\"contentUrl\":\"https:\/\/www.franz-josef.cz\/wp-content\/uploads\/2023\/08\/CK-1.jpg\",\"width\":750,\"height\":510},{\"@type\":\"BreadcrumbList\",\"@id\":\"https:\/\/www.franz-josef.cz\/exponaty\/cesky-krumlov\/#breadcrumb\",\"itemListElement\":[{\"@type\":\"ListItem\",\"position\":1,\"name\":\"Home\",\"item\":\"https:\/\/www.franz-josef.cz\/\"},{\"@type\":\"ListItem\",\"position\":2,\"name\":\"Expon\u00e1ty\",\"item\":\"https:\/\/www.franz-josef.cz\/exponaty\/\"},{\"@type\":\"ListItem\",\"position\":3,\"name\":\"\u010cESK\u00dd KRUMLOV\"}]},{\"@type\":\"WebSite\",\"@id\":\"https:\/\/www.franz-josef.cz\/#website\",\"url\":\"https:\/\/www.franz-josef.cz\/\",\"name\":\"Muzeum c\u00edsa\u0159e Franz Josefa I.\",\"description\":\"\",\"publisher\":{\"@id\":\"https:\/\/www.franz-josef.cz\/#organization\"},\"alternateName\":\"Franz Joseph\",\"potentialAction\":[{\"@type\":\"SearchAction\",\"target\":{\"@type\":\"EntryPoint\",\"urlTemplate\":\"https:\/\/www.franz-josef.cz\/?s={search_term_string}\"},\"query-input\":{\"@type\":\"PropertyValueSpecification\",\"valueRequired\":true,\"valueName\":\"search_term_string\"}}],\"inLanguage\":\"de\"},{\"@type\":\"Organization\",\"@id\":\"https:\/\/www.franz-josef.cz\/#organization\",\"name\":\"Muzeum Franz Josefa I.\",\"alternateName\":\"Franz Jozef\",\"url\":\"https:\/\/www.franz-josef.cz\/\",\"logo\":{\"@type\":\"ImageObject\",\"inLanguage\":\"de\",\"@id\":\"https:\/\/www.franz-josef.cz\/#\/schema\/logo\/image\/\",\"url\":\"https:\/\/www.franz-josef.cz\/wp-content\/uploads\/2023\/08\/Muzeum-Franz-Jozef-logo-696x696-1.png\",\"contentUrl\":\"https:\/\/www.franz-josef.cz\/wp-content\/uploads\/2023\/08\/Muzeum-Franz-Jozef-logo-696x696-1.png\",\"width\":696,\"height\":696,\"caption\":\"Muzeum Franz Josefa I.\"},\"image\":{\"@id\":\"https:\/\/www.franz-josef.cz\/#\/schema\/logo\/image\/\"}}]}<\/script>\n<!-- \/ Yoast SEO Premium plugin. -->","yoast_head_json":{"title":"\u010cESK\u00dd KRUMLOV &#8212; Muzeum c\u00edsa\u0159e Franz Josefa I.","robots":{"index":"index","follow":"follow","max-snippet":"max-snippet:-1","max-image-preview":"max-image-preview:large","max-video-preview":"max-video-preview:-1"},"canonical":"https:\/\/www.franz-josef.cz\/de\/exponaty\/cesky-krumlov\/","og_locale":"de_DE","og_type":"article","og_title":"\u010cESK\u00dd KRUMLOV","og_description":"\u00a0 \u00a0 \u00a0 \u00a0 \u00a0 \u00a0C\u00edsa\u0159sk\u00e9 busty p\u0159i slavnostech &nbsp; Na str\u00e1nk\u00e1ch\u00a0http:\/\/www.kohoutikriz.org\/priloha\/kheme.php jsou dv\u011b fotografie z akc\u00ed, kde jsou vid\u011bt busty c\u00edsa\u0159e p\u0159i slavnostn\u00edch p\u0159\u00edle\u017eitostech. Na prvn\u00edm sn\u00edmku pan starosta Franz Khemeter hovo\u0159\u00ed ke shrom\u00e1\u017ed\u011bn\u00ed k narozenin\u00e1m c\u00edsa\u0159e FJI 18. srpna 1915 a na druh\u00e9m otev\u00edr\u00e1 pan starosta (vlevo) 17. listopadu 1911 m\u011bstskou nemocnici. &nbsp; [&hellip;]","og_url":"https:\/\/www.franz-josef.cz\/de\/exponaty\/cesky-krumlov\/","og_site_name":"Muzeum c\u00edsa\u0159e Franz Josefa I.","article_modified_time":"2023-08-31T21:19:26+00:00","og_image":[{"width":750,"height":510,"url":"https:\/\/www.franz-josef.cz\/wp-content\/uploads\/2023\/08\/CK-1.jpg","type":"image\/jpeg"}],"twitter_card":"summary_large_image","twitter_misc":{"Gesch\u00e4tzte Lesezeit":"1\u00a0Minute"},"schema":{"@context":"https:\/\/schema.org","@graph":[{"@type":"WebPage","@id":"https:\/\/www.franz-josef.cz\/exponaty\/cesky-krumlov\/","url":"https:\/\/www.franz-josef.cz\/exponaty\/cesky-krumlov\/","name":"\u010cESK\u00dd KRUMLOV &#8212; Muzeum c\u00edsa\u0159e Franz Josefa I.","isPartOf":{"@id":"https:\/\/www.franz-josef.cz\/#website"},"primaryImageOfPage":{"@id":"https:\/\/www.franz-josef.cz\/exponaty\/cesky-krumlov\/#primaryimage"},"image":{"@id":"https:\/\/www.franz-josef.cz\/exponaty\/cesky-krumlov\/#primaryimage"},"thumbnailUrl":"https:\/\/www.franz-josef.cz\/wp-content\/uploads\/2023\/08\/CK-1.jpg","datePublished":"2023-08-26T17:12:49+00:00","dateModified":"2023-08-31T21:19:26+00:00","breadcrumb":{"@id":"https:\/\/www.franz-josef.cz\/exponaty\/cesky-krumlov\/#breadcrumb"},"inLanguage":"de","potentialAction":[{"@type":"ReadAction","target":["https:\/\/www.franz-josef.cz\/exponaty\/cesky-krumlov\/"]}]},{"@type":"ImageObject","inLanguage":"de","@id":"https:\/\/www.franz-josef.cz\/exponaty\/cesky-krumlov\/#primaryimage","url":"https:\/\/www.franz-josef.cz\/wp-content\/uploads\/2023\/08\/CK-1.jpg","contentUrl":"https:\/\/www.franz-josef.cz\/wp-content\/uploads\/2023\/08\/CK-1.jpg","width":750,"height":510},{"@type":"BreadcrumbList","@id":"https:\/\/www.franz-josef.cz\/exponaty\/cesky-krumlov\/#breadcrumb","itemListElement":[{"@type":"ListItem","position":1,"name":"Home","item":"https:\/\/www.franz-josef.cz\/"},{"@type":"ListItem","position":2,"name":"Expon\u00e1ty","item":"https:\/\/www.franz-josef.cz\/exponaty\/"},{"@type":"ListItem","position":3,"name":"\u010cESK\u00dd KRUMLOV"}]},{"@type":"WebSite","@id":"https:\/\/www.franz-josef.cz\/#website","url":"https:\/\/www.franz-josef.cz\/","name":"Muzeum c\u00edsa\u0159e Franz Josefa I.","description":"","publisher":{"@id":"https:\/\/www.franz-josef.cz\/#organization"},"alternateName":"Franz Joseph","potentialAction":[{"@type":"SearchAction","target":{"@type":"EntryPoint","urlTemplate":"https:\/\/www.franz-josef.cz\/?s={search_term_string}"},"query-input":{"@type":"PropertyValueSpecification","valueRequired":true,"valueName":"search_term_string"}}],"inLanguage":"de"},{"@type":"Organization","@id":"https:\/\/www.franz-josef.cz\/#organization","name":"Muzeum Franz Josefa I.","alternateName":"Franz Jozef","url":"https:\/\/www.franz-josef.cz\/","logo":{"@type":"ImageObject","inLanguage":"de","@id":"https:\/\/www.franz-josef.cz\/#\/schema\/logo\/image\/","url":"https:\/\/www.franz-josef.cz\/wp-content\/uploads\/2023\/08\/Muzeum-Franz-Jozef-logo-696x696-1.png","contentUrl":"https:\/\/www.franz-josef.cz\/wp-content\/uploads\/2023\/08\/Muzeum-Franz-Jozef-logo-696x696-1.png","width":696,"height":696,"caption":"Muzeum Franz Josefa I."},"image":{"@id":"https:\/\/www.franz-josef.cz\/#\/schema\/logo\/image\/"}}]}},"_links":{"self":[{"href":"https:\/\/www.franz-josef.cz\/de\/wp-json\/wp\/v2\/exponaty\/52079","targetHints":{"allow":["GET"]}}],"collection":[{"href":"https:\/\/www.franz-josef.cz\/de\/wp-json\/wp\/v2\/exponaty"}],"about":[{"href":"https:\/\/www.franz-josef.cz\/de\/wp-json\/wp\/v2\/types\/exponaty"}],"author":[{"embeddable":true,"href":"https:\/\/www.franz-josef.cz\/de\/wp-json\/wp\/v2\/users\/5"}],"version-history":[{"count":5,"href":"https:\/\/www.franz-josef.cz\/de\/wp-json\/wp\/v2\/exponaty\/52079\/revisions"}],"predecessor-version":[{"id":52525,"href":"https:\/\/www.franz-josef.cz\/de\/wp-json\/wp\/v2\/exponaty\/52079\/revisions\/52525"}],"wp:featuredmedia":[{"embeddable":true,"href":"https:\/\/www.franz-josef.cz\/de\/wp-json\/wp\/v2\/media\/52081"}],"wp:attachment":[{"href":"https:\/\/www.franz-josef.cz\/de\/wp-json\/wp\/v2\/media?parent=52079"}],"wp:term":[{"taxonomy":"zarazeno-v-expozici","embeddable":true,"href":"https:\/\/www.franz-josef.cz\/de\/wp-json\/wp\/v2\/zarazeno-v-expozici?post=52079"}],"curies":[{"name":"wp","href":"https:\/\/api.w.org\/{rel}","templated":true}]}}