{"id":52127,"date":"2023-08-27T10:24:31","date_gmt":"2023-08-27T08:24:31","guid":{"rendered":"https:\/\/www.franz-josef.cz\/?post_type=exponaty&#038;p=52127"},"modified":"2023-09-02T18:35:52","modified_gmt":"2023-09-02T16:35:52","slug":"dub-nad-moravou","status":"publish","type":"exponaty","link":"https:\/\/www.franz-josef.cz\/de\/exponaty\/dub-nad-moravou\/","title":{"rendered":"DUB NAD MORAVOU"},"content":{"rendered":"<h1>Das Geb\u00e4ude der Propstei \u2013 die Gedenktafel des Kaisers FJI.<\/h1>\n<p>&nbsp;<\/p>\n<p>In Dub nad Moravou, nur 10 km s\u00fcdlich von Olomouc, entstand Mitte des 18. Jahrhunderts ein Areal, dessen Wahrzeichen die Wallfahrtskirche der Reinigung der Jungfrau Maria ist. Es ist ein wundersch\u00f6ner, hochbarocker Tempel mit zwei 59 Meter hohen T\u00fcrmen.<\/p>\n<div class=\"content\">\n<p>Am 15. Juli 1866 kam es zur Schlacht bei Tova\u010dov zwischen preu\u00dfischen und \u00f6sterreichischen Truppen, die auch Dub nad Moravou betraf. Am 21. Oktober 1866 besuchte Kaiser FJI Dub nad Moravou w\u00e4hrend seiner Besichtigung der Schlachtfelder. . Dieser Besuch wird in der Olm\u00fctzer Zeitung vom Mittwoch, dem 31. Oktober 1866, beschrieben. Alle B\u00fcrgermeister der betroffenen Gemeinden wurden in das Haus des Propstes eingeladen, wo Kaiser FJI mit ihnen sprach. :<\/p>\n<p>\u201c Sly\u0161el jsem, \u017ee jste letos trp\u011bli mnoho. Bolelo \u00a0mne to tak\u00e9. Chci b\u00fdti dle mo\u017enost\u00ed n\u00e1pomocen, abych ulevil b\u00edd\u011b va\u0161\u00ed.\u201c<\/p>\n<p>Anschlie\u00dfend sprach der Propst im Namen aller von der Schlacht betroffenen Bewohner. J.V. Der Kaiser ordnete an, dass dem Propst 3.000 Zloty gezahlt werden sollten, die unter der Bev\u00f6lkerung verteilt wurden.<\/p>\n<p>Zu Ehren dieses Ereignisses wurde am 3. M\u00e4rz 1867 am Propsteigeb\u00e4ude zwischen den beiden linken Fenstern eine Gedenktafel mit dem Text angebracht:<\/p>\n<p>\u201eSeine Majest\u00e4t Kaiser und K\u00f6nig Franz Joseph I.,<\/p>\n<p>Inspektion des Schlachtfeldes hier am 15. Juli,<\/p>\n<p>das Haus ehrte diesen H\u00f6chsten mit einem Besuch am 21. Oktober 1866.\u201c<\/p>\n<p>Diese Plakette wurde noch nicht gefunden.<\/p>\n<p>Erhalten ist jedoch eine Kanonenkugel aus der Schlacht von 1866, die an der Stelle, an der sich fr\u00fcher die Gedenktafel befand, in den Putz des Pfarrhauses eingelassen ist.<\/p>\n<p>&nbsp;<\/p>\n<p><img fetchpriority=\"high\" decoding=\"async\" class=\"alignnone size-full wp-image-52129\" src=\"https:\/\/www.franz-josef.cz\/wp-content\/uploads\/2023\/08\/DUB-N-MOR-2.jpg\" alt=\"\" width=\"750\" height=\"542\" srcset=\"https:\/\/www.franz-josef.cz\/wp-content\/uploads\/2023\/08\/DUB-N-MOR-2.jpg 750w, https:\/\/www.franz-josef.cz\/wp-content\/uploads\/2023\/08\/DUB-N-MOR-2-300x217.jpg 300w\" sizes=\"(max-width: 750px) 100vw, 750px\" \/> <img decoding=\"async\" class=\"alignnone size-full wp-image-52130 lazyload\" data-src=\"https:\/\/www.franz-josef.cz\/wp-content\/uploads\/2023\/08\/DUB-N-MOR.-3.jpg\" alt=\"\" width=\"750\" height=\"501\" data-srcset=\"https:\/\/www.franz-josef.cz\/wp-content\/uploads\/2023\/08\/DUB-N-MOR.-3.jpg 750w, https:\/\/www.franz-josef.cz\/wp-content\/uploads\/2023\/08\/DUB-N-MOR.-3-300x200.jpg 300w\" data-sizes=\"(max-width: 750px) 100vw, 750px\" src=\"data:image\/gif;base64,R0lGODlhAQABAAAAACH5BAEKAAEALAAAAAABAAEAAAICTAEAOw==\" style=\"--smush-placeholder-width: 750px; --smush-placeholder-aspect-ratio: 750\/501;\" \/><noscript><img decoding=\"async\" class=\"alignnone size-full wp-image-52130\" src=\"https:\/\/www.franz-josef.cz\/wp-content\/uploads\/2023\/08\/DUB-N-MOR.-3.jpg\" alt=\"\" width=\"750\" height=\"501\" srcset=\"https:\/\/www.franz-josef.cz\/wp-content\/uploads\/2023\/08\/DUB-N-MOR.-3.jpg 750w, https:\/\/www.franz-josef.cz\/wp-content\/uploads\/2023\/08\/DUB-N-MOR.-3-300x200.jpg 300w\" sizes=\"(max-width: 750px) 100vw, 750px\" \/><\/noscript> <img decoding=\"async\" class=\"alignnone size-full wp-image-52131 lazyload\" data-src=\"https:\/\/www.franz-josef.cz\/wp-content\/uploads\/2023\/08\/DUB-N-MOR.1.jpg\" alt=\"\" width=\"750\" height=\"501\" data-srcset=\"https:\/\/www.franz-josef.cz\/wp-content\/uploads\/2023\/08\/DUB-N-MOR.1.jpg 750w, https:\/\/www.franz-josef.cz\/wp-content\/uploads\/2023\/08\/DUB-N-MOR.1-300x200.jpg 300w\" data-sizes=\"(max-width: 750px) 100vw, 750px\" src=\"data:image\/gif;base64,R0lGODlhAQABAAAAACH5BAEKAAEALAAAAAABAAEAAAICTAEAOw==\" style=\"--smush-placeholder-width: 750px; --smush-placeholder-aspect-ratio: 750\/501;\" \/><noscript><img decoding=\"async\" class=\"alignnone size-full wp-image-52131\" src=\"https:\/\/www.franz-josef.cz\/wp-content\/uploads\/2023\/08\/DUB-N-MOR.1.jpg\" alt=\"\" width=\"750\" height=\"501\" srcset=\"https:\/\/www.franz-josef.cz\/wp-content\/uploads\/2023\/08\/DUB-N-MOR.1.jpg 750w, https:\/\/www.franz-josef.cz\/wp-content\/uploads\/2023\/08\/DUB-N-MOR.1-300x200.jpg 300w\" sizes=\"(max-width: 750px) 100vw, 750px\" \/><\/noscript><\/p>\n<\/div>","protected":false},"author":5,"featured_media":52130,"template":"","zarazeno-v-expozici":[252],"class_list":["post-52127","exponaty","type-exponaty","status-publish","has-post-thumbnail","hentry","zarazeno-v-expozici-sochy-a-pomniky-badatelska-cinnost-jiriho-danka"],"yoast_head":"<!-- This site is optimized with the Yoast SEO Premium plugin v20.12 (Yoast SEO v27.2) - https:\/\/yoast.com\/product\/yoast-seo-premium-wordpress\/ -->\n<title>DUB NAD MORAVOU &#8212; Muzeum c\u00edsa\u0159e Franz Josefa I.<\/title>\n<meta name=\"robots\" content=\"index, follow, max-snippet:-1, max-image-preview:large, max-video-preview:-1\" \/>\n<link rel=\"canonical\" href=\"https:\/\/www.franz-josef.cz\/de\/exponaty\/dub-nad-moravou\/\" \/>\n<meta property=\"og:locale\" content=\"de_DE\" \/>\n<meta property=\"og:type\" content=\"article\" \/>\n<meta property=\"og:title\" content=\"DUB NAD MORAVOU\" \/>\n<meta property=\"og:description\" content=\"Budova probo\u0161stv\u00ed &#8211; pam\u011btn\u00ed deska c\u00edsa\u0159e FJI. &nbsp; V Dubu nad Moravou, jen 10 km ji\u017en\u011b od Olomouce, byl v polovin\u011b 18. stolet\u00ed vybudov\u00e1n are\u00e1l, jeho\u017e dominantou je poutn\u00ed kostel O\u010di\u0161\u0165ov\u00e1n\u00ed Panny Marie. Jde o n\u00e1dhern\u00fd vrcholn\u011b barokn\u00ed chr\u00e1m se dv\u011bma 59 metr\u016f vysok\u00fdmi v\u011b\u017eemi. 15. \u010dervence 1866 prob\u011bhla bitva u Tova\u010dova mezi prusk\u00fdmi a [&hellip;]\" \/>\n<meta property=\"og:url\" content=\"https:\/\/www.franz-josef.cz\/de\/exponaty\/dub-nad-moravou\/\" \/>\n<meta property=\"og:site_name\" content=\"Muzeum c\u00edsa\u0159e Franz Josefa I.\" \/>\n<meta property=\"article:modified_time\" content=\"2023-09-02T16:35:52+00:00\" \/>\n<meta property=\"og:image\" content=\"https:\/\/www.franz-josef.cz\/wp-content\/uploads\/2023\/08\/DUB-N-MOR.-3.jpg\" \/>\n\t<meta property=\"og:image:width\" content=\"750\" \/>\n\t<meta property=\"og:image:height\" content=\"501\" \/>\n\t<meta property=\"og:image:type\" content=\"image\/jpeg\" \/>\n<meta name=\"twitter:card\" content=\"summary_large_image\" \/>\n<meta name=\"twitter:label1\" content=\"Gesch\u00e4tzte Lesezeit\" \/>\n\t<meta name=\"twitter:data1\" content=\"2\u00a0Minuten\" \/>\n<script type=\"application\/ld+json\" class=\"yoast-schema-graph\">{\"@context\":\"https:\/\/schema.org\",\"@graph\":[{\"@type\":\"WebPage\",\"@id\":\"https:\/\/www.franz-josef.cz\/exponaty\/dub-nad-moravou\/\",\"url\":\"https:\/\/www.franz-josef.cz\/exponaty\/dub-nad-moravou\/\",\"name\":\"DUB NAD MORAVOU &#8212; Muzeum c\u00edsa\u0159e Franz Josefa I.\",\"isPartOf\":{\"@id\":\"https:\/\/www.franz-josef.cz\/#website\"},\"primaryImageOfPage\":{\"@id\":\"https:\/\/www.franz-josef.cz\/exponaty\/dub-nad-moravou\/#primaryimage\"},\"image\":{\"@id\":\"https:\/\/www.franz-josef.cz\/exponaty\/dub-nad-moravou\/#primaryimage\"},\"thumbnailUrl\":\"https:\/\/www.franz-josef.cz\/wp-content\/uploads\/2023\/08\/DUB-N-MOR.-3.jpg\",\"datePublished\":\"2023-08-27T08:24:31+00:00\",\"dateModified\":\"2023-09-02T16:35:52+00:00\",\"breadcrumb\":{\"@id\":\"https:\/\/www.franz-josef.cz\/exponaty\/dub-nad-moravou\/#breadcrumb\"},\"inLanguage\":\"de\",\"potentialAction\":[{\"@type\":\"ReadAction\",\"target\":[\"https:\/\/www.franz-josef.cz\/exponaty\/dub-nad-moravou\/\"]}]},{\"@type\":\"ImageObject\",\"inLanguage\":\"de\",\"@id\":\"https:\/\/www.franz-josef.cz\/exponaty\/dub-nad-moravou\/#primaryimage\",\"url\":\"https:\/\/www.franz-josef.cz\/wp-content\/uploads\/2023\/08\/DUB-N-MOR.-3.jpg\",\"contentUrl\":\"https:\/\/www.franz-josef.cz\/wp-content\/uploads\/2023\/08\/DUB-N-MOR.-3.jpg\",\"width\":750,\"height\":501},{\"@type\":\"BreadcrumbList\",\"@id\":\"https:\/\/www.franz-josef.cz\/exponaty\/dub-nad-moravou\/#breadcrumb\",\"itemListElement\":[{\"@type\":\"ListItem\",\"position\":1,\"name\":\"Home\",\"item\":\"https:\/\/www.franz-josef.cz\/\"},{\"@type\":\"ListItem\",\"position\":2,\"name\":\"Expon\u00e1ty\",\"item\":\"https:\/\/www.franz-josef.cz\/exponaty\/\"},{\"@type\":\"ListItem\",\"position\":3,\"name\":\"DUB NAD MORAVOU\"}]},{\"@type\":\"WebSite\",\"@id\":\"https:\/\/www.franz-josef.cz\/#website\",\"url\":\"https:\/\/www.franz-josef.cz\/\",\"name\":\"Muzeum c\u00edsa\u0159e Franz Josefa I.\",\"description\":\"\",\"publisher\":{\"@id\":\"https:\/\/www.franz-josef.cz\/#organization\"},\"alternateName\":\"Franz Joseph\",\"potentialAction\":[{\"@type\":\"SearchAction\",\"target\":{\"@type\":\"EntryPoint\",\"urlTemplate\":\"https:\/\/www.franz-josef.cz\/?s={search_term_string}\"},\"query-input\":{\"@type\":\"PropertyValueSpecification\",\"valueRequired\":true,\"valueName\":\"search_term_string\"}}],\"inLanguage\":\"de\"},{\"@type\":\"Organization\",\"@id\":\"https:\/\/www.franz-josef.cz\/#organization\",\"name\":\"Muzeum Franz Josefa I.\",\"alternateName\":\"Franz Jozef\",\"url\":\"https:\/\/www.franz-josef.cz\/\",\"logo\":{\"@type\":\"ImageObject\",\"inLanguage\":\"de\",\"@id\":\"https:\/\/www.franz-josef.cz\/#\/schema\/logo\/image\/\",\"url\":\"https:\/\/www.franz-josef.cz\/wp-content\/uploads\/2023\/08\/Muzeum-Franz-Jozef-logo-696x696-1.png\",\"contentUrl\":\"https:\/\/www.franz-josef.cz\/wp-content\/uploads\/2023\/08\/Muzeum-Franz-Jozef-logo-696x696-1.png\",\"width\":696,\"height\":696,\"caption\":\"Muzeum Franz Josefa I.\"},\"image\":{\"@id\":\"https:\/\/www.franz-josef.cz\/#\/schema\/logo\/image\/\"}}]}<\/script>\n<!-- \/ Yoast SEO Premium plugin. -->","yoast_head_json":{"title":"DUB NAD MORAVOU &#8212; Muzeum c\u00edsa\u0159e Franz Josefa I.","robots":{"index":"index","follow":"follow","max-snippet":"max-snippet:-1","max-image-preview":"max-image-preview:large","max-video-preview":"max-video-preview:-1"},"canonical":"https:\/\/www.franz-josef.cz\/de\/exponaty\/dub-nad-moravou\/","og_locale":"de_DE","og_type":"article","og_title":"DUB NAD MORAVOU","og_description":"Budova probo\u0161stv\u00ed &#8211; pam\u011btn\u00ed deska c\u00edsa\u0159e FJI. &nbsp; V Dubu nad Moravou, jen 10 km ji\u017en\u011b od Olomouce, byl v polovin\u011b 18. stolet\u00ed vybudov\u00e1n are\u00e1l, jeho\u017e dominantou je poutn\u00ed kostel O\u010di\u0161\u0165ov\u00e1n\u00ed Panny Marie. Jde o n\u00e1dhern\u00fd vrcholn\u011b barokn\u00ed chr\u00e1m se dv\u011bma 59 metr\u016f vysok\u00fdmi v\u011b\u017eemi. 15. \u010dervence 1866 prob\u011bhla bitva u Tova\u010dova mezi prusk\u00fdmi a [&hellip;]","og_url":"https:\/\/www.franz-josef.cz\/de\/exponaty\/dub-nad-moravou\/","og_site_name":"Muzeum c\u00edsa\u0159e Franz Josefa I.","article_modified_time":"2023-09-02T16:35:52+00:00","og_image":[{"width":750,"height":501,"url":"https:\/\/www.franz-josef.cz\/wp-content\/uploads\/2023\/08\/DUB-N-MOR.-3.jpg","type":"image\/jpeg"}],"twitter_card":"summary_large_image","twitter_misc":{"Gesch\u00e4tzte Lesezeit":"2\u00a0Minuten"},"schema":{"@context":"https:\/\/schema.org","@graph":[{"@type":"WebPage","@id":"https:\/\/www.franz-josef.cz\/exponaty\/dub-nad-moravou\/","url":"https:\/\/www.franz-josef.cz\/exponaty\/dub-nad-moravou\/","name":"DUB NAD MORAVOU &#8212; Muzeum c\u00edsa\u0159e Franz Josefa I.","isPartOf":{"@id":"https:\/\/www.franz-josef.cz\/#website"},"primaryImageOfPage":{"@id":"https:\/\/www.franz-josef.cz\/exponaty\/dub-nad-moravou\/#primaryimage"},"image":{"@id":"https:\/\/www.franz-josef.cz\/exponaty\/dub-nad-moravou\/#primaryimage"},"thumbnailUrl":"https:\/\/www.franz-josef.cz\/wp-content\/uploads\/2023\/08\/DUB-N-MOR.-3.jpg","datePublished":"2023-08-27T08:24:31+00:00","dateModified":"2023-09-02T16:35:52+00:00","breadcrumb":{"@id":"https:\/\/www.franz-josef.cz\/exponaty\/dub-nad-moravou\/#breadcrumb"},"inLanguage":"de","potentialAction":[{"@type":"ReadAction","target":["https:\/\/www.franz-josef.cz\/exponaty\/dub-nad-moravou\/"]}]},{"@type":"ImageObject","inLanguage":"de","@id":"https:\/\/www.franz-josef.cz\/exponaty\/dub-nad-moravou\/#primaryimage","url":"https:\/\/www.franz-josef.cz\/wp-content\/uploads\/2023\/08\/DUB-N-MOR.-3.jpg","contentUrl":"https:\/\/www.franz-josef.cz\/wp-content\/uploads\/2023\/08\/DUB-N-MOR.-3.jpg","width":750,"height":501},{"@type":"BreadcrumbList","@id":"https:\/\/www.franz-josef.cz\/exponaty\/dub-nad-moravou\/#breadcrumb","itemListElement":[{"@type":"ListItem","position":1,"name":"Home","item":"https:\/\/www.franz-josef.cz\/"},{"@type":"ListItem","position":2,"name":"Expon\u00e1ty","item":"https:\/\/www.franz-josef.cz\/exponaty\/"},{"@type":"ListItem","position":3,"name":"DUB NAD MORAVOU"}]},{"@type":"WebSite","@id":"https:\/\/www.franz-josef.cz\/#website","url":"https:\/\/www.franz-josef.cz\/","name":"Muzeum c\u00edsa\u0159e Franz Josefa I.","description":"","publisher":{"@id":"https:\/\/www.franz-josef.cz\/#organization"},"alternateName":"Franz Joseph","potentialAction":[{"@type":"SearchAction","target":{"@type":"EntryPoint","urlTemplate":"https:\/\/www.franz-josef.cz\/?s={search_term_string}"},"query-input":{"@type":"PropertyValueSpecification","valueRequired":true,"valueName":"search_term_string"}}],"inLanguage":"de"},{"@type":"Organization","@id":"https:\/\/www.franz-josef.cz\/#organization","name":"Muzeum Franz Josefa I.","alternateName":"Franz Jozef","url":"https:\/\/www.franz-josef.cz\/","logo":{"@type":"ImageObject","inLanguage":"de","@id":"https:\/\/www.franz-josef.cz\/#\/schema\/logo\/image\/","url":"https:\/\/www.franz-josef.cz\/wp-content\/uploads\/2023\/08\/Muzeum-Franz-Jozef-logo-696x696-1.png","contentUrl":"https:\/\/www.franz-josef.cz\/wp-content\/uploads\/2023\/08\/Muzeum-Franz-Jozef-logo-696x696-1.png","width":696,"height":696,"caption":"Muzeum Franz Josefa I."},"image":{"@id":"https:\/\/www.franz-josef.cz\/#\/schema\/logo\/image\/"}}]}},"_links":{"self":[{"href":"https:\/\/www.franz-josef.cz\/de\/wp-json\/wp\/v2\/exponaty\/52127","targetHints":{"allow":["GET"]}}],"collection":[{"href":"https:\/\/www.franz-josef.cz\/de\/wp-json\/wp\/v2\/exponaty"}],"about":[{"href":"https:\/\/www.franz-josef.cz\/de\/wp-json\/wp\/v2\/types\/exponaty"}],"author":[{"embeddable":true,"href":"https:\/\/www.franz-josef.cz\/de\/wp-json\/wp\/v2\/users\/5"}],"version-history":[{"count":7,"href":"https:\/\/www.franz-josef.cz\/de\/wp-json\/wp\/v2\/exponaty\/52127\/revisions"}],"predecessor-version":[{"id":52718,"href":"https:\/\/www.franz-josef.cz\/de\/wp-json\/wp\/v2\/exponaty\/52127\/revisions\/52718"}],"wp:featuredmedia":[{"embeddable":true,"href":"https:\/\/www.franz-josef.cz\/de\/wp-json\/wp\/v2\/media\/52130"}],"wp:attachment":[{"href":"https:\/\/www.franz-josef.cz\/de\/wp-json\/wp\/v2\/media?parent=52127"}],"wp:term":[{"taxonomy":"zarazeno-v-expozici","embeddable":true,"href":"https:\/\/www.franz-josef.cz\/de\/wp-json\/wp\/v2\/zarazeno-v-expozici?post=52127"}],"curies":[{"name":"wp","href":"https:\/\/api.w.org\/{rel}","templated":true}]}}