{"id":52407,"date":"2023-08-30T12:21:22","date_gmt":"2023-08-30T10:21:22","guid":{"rendered":"https:\/\/www.franz-josef.cz\/?post_type=exponaty&#038;p=52407"},"modified":"2024-02-12T09:37:15","modified_gmt":"2024-02-12T08:37:15","slug":"knezdub","status":"publish","type":"exponaty","link":"https:\/\/www.franz-josef.cz\/de\/exponaty\/knezdub\/","title":{"rendered":"KN\u011a\u017dDUB"},"content":{"rendered":"<h1><\/h1>\n<h1>Feier des k\u00f6niglichen Jubil\u00e4ums in Kn\u011b\u017edub.<\/h1>\n<p>&nbsp;<\/p>\n<p>&nbsp;<\/p>\n<p>Das Dorf Kn\u011b\u017edub (185 m \u00fc.d.M.) hat derzeit 1.100 Einwohner und liegt in einem Mosaik aus Obstg\u00e4rten, Feldern und Weinbergen am Fu\u00dfe des H\u00fcgels \u0160um\u00e1rn\u00edk (398 m \u00fc.d.M.). Es liegt ca. 5 km von der Stadt Str\u00e1\u017enice und 10 km von der Stadt Vesel\u00ed nad Moravou entfernt. Die Dominante des Dorfes ist die Kirche St. Johannes der T\u00e4ufer von 1898, erbaut im pseudogotischen Stil. Das Innere der Kirche ist in einem ungew\u00f6hnlich modernen Stil bemalt. vom Maler Vojm\u00edr Vokolek. Am Ende des 19. und 20. Jahrhunderts lie\u00dfen sich bekannte regionale K\u00fcnstler von der Sch\u00f6nheit und dem Reichtum der lokalen Traditionen und Trachten inspirieren \u2013 die Maler Jo\u017ea \u00daprko und Anto\u0161 Frolko sowie \u00daprkos Bruder Franta \u2013 ein Bildhauer, die hier ihre Geburtsh\u00e4user haben . Alle sind auch auf dem \u00f6rtlichen Friedhof namens \u201eSlovak Slav\u00edn\u201c begraben.<\/p>\n<p>Feier des k\u00f6niglichen Jubil\u00e4ums in Kn\u011b\u017edub.<br \/>\nGleich im Fr\u00fchjahr wurde mit dem Bau der Jubil\u00e4umsstra\u00dfe in V\u00fdhon begonnen; Wenn die B\u00fcrger von Kne\u017edub aus Amerika zur\u00fcckkommen, werden sie V\u00fdhona nicht einmal wiedererkennen; Anstelle der bodenlosen Stra\u00dfe, auf der das Fahren w\u00e4hrend der gro\u00dfen D\u00fcrre gef\u00e4hrlich war, gibt es jetzt eine sch\u00f6ne, gerade Stra\u00dfe. Das zweite Denkmal dieses Jubil\u00e4ums ist eine neue Betonbr\u00fccke, die wie Salz gebraucht wurde. Das dritte Denkmal des Kaiserjubil\u00e4ums wurde fertiggestellt, als am Freitag, dem 24. \u010cevence t.r. Die neue Uhr begann, die Zeit anzuzeigen und anzuk\u00fcndigen. Die Widmungstabelle lautet:<\/p>\n<p><strong> \u201eZur Feier des 60-j\u00e4hrigen Jubil\u00e4ums (1848 \u2013 1908) von J.V. Kaiser und K\u00f6nig Franz Joseph I. auf Kosten des B\u00fcrgermeisters, diese Uhren wurden unter dem Pfarrer dp. gebaut. Jind\u0159ich \u017divn\u00fd, B\u00fcrgermeister Herr Mart. Miro\u0161, Schulleiter Herr Jos. Br\u00fcnn im Juli 1908\u201c.<\/strong><\/p>\n<p>Der Verdienst f\u00fcr diese Jubil\u00e4umsdenkm\u00e4ler sollte allein Herrn B\u00fcrgermeister Mart zugeschrieben werden. Mirosh. Alles klar, Herr B\u00fcrgermeister und B\u00fcrger von Kn\u011b\u017edub\u0161t\u011b. Mit diesen Denkm\u00e4lern ehren Sie Ihren Herrscher, geben Ihren Nachkommen ein sch\u00f6nes Beispiel des Respekts vor dem Herrscher und schm\u00fccken und werten gleichzeitig Ihr Dorf auf. Die Uhr stammt von der bekannten Firma Moravus aus Br\u00fcnn.<\/p>\n<p>So erschien dieser Artikel am Mittwoch, dem 5. August 1908, in Slov\u00e1ck\u00e9 Noviny.<\/p>\n<p>&nbsp;<\/p>\n<p><img fetchpriority=\"high\" decoding=\"async\" class=\"alignnone size-full wp-image-53877\" src=\"https:\/\/www.franz-josef.cz\/wp-content\/uploads\/2023\/08\/Moravus-Brno.jpg\" alt=\"\" width=\"592\" height=\"313\" srcset=\"https:\/\/www.franz-josef.cz\/wp-content\/uploads\/2023\/08\/Moravus-Brno.jpg 592w, https:\/\/www.franz-josef.cz\/wp-content\/uploads\/2023\/08\/Moravus-Brno-300x159.jpg 300w, https:\/\/www.franz-josef.cz\/wp-content\/uploads\/2023\/08\/Moravus-Brno-18x10.jpg 18w\" sizes=\"(max-width: 592px) 100vw, 592px\" \/><\/p>","protected":false},"author":5,"featured_media":53877,"template":"","zarazeno-v-expozici":[252],"class_list":["post-52407","exponaty","type-exponaty","status-publish","has-post-thumbnail","hentry","zarazeno-v-expozici-sochy-a-pomniky-badatelska-cinnost-jiriho-danka"],"yoast_head":"<!-- This site is optimized with the Yoast SEO Premium plugin v20.12 (Yoast SEO v27.2) - https:\/\/yoast.com\/product\/yoast-seo-premium-wordpress\/ -->\n<title>KN\u011a\u017dDUB &#8212; Muzeum c\u00edsa\u0159e Franz Josefa I.<\/title>\n<meta name=\"robots\" content=\"index, follow, max-snippet:-1, max-image-preview:large, max-video-preview:-1\" \/>\n<link rel=\"canonical\" href=\"https:\/\/www.franz-josef.cz\/de\/exponaty\/knezdub\/\" \/>\n<meta property=\"og:locale\" content=\"de_DE\" \/>\n<meta property=\"og:type\" content=\"article\" \/>\n<meta property=\"og:title\" content=\"KN\u011a\u017dDUB\" \/>\n<meta property=\"og:description\" content=\"Oslava panovnick\u00e9ho jubilea v Kn\u011b\u017edub\u011b. &nbsp; &nbsp; Obec Kn\u011b\u017edub (185 m.n.m.) m\u00e1 v sou\u010dasnosti 1100 obyvatel \u2013 le\u017e\u00ed v mozaice sad\u016f, pol\u00ed a vinic na \u00fapat\u00ed vrchu \u0160um\u00e1rn\u00edka (398 m.n.m.). Nach\u00e1z\u00ed se cca 5 km od m\u011bsta Str\u00e1\u017enice a 10 km od m\u011bsta Vesel\u00ed nad Moravou.\u00a0Dominantou obce je kostel sv. Jana K\u0159titele z r. 1898, [&hellip;]\" \/>\n<meta property=\"og:url\" content=\"https:\/\/www.franz-josef.cz\/de\/exponaty\/knezdub\/\" \/>\n<meta property=\"og:site_name\" content=\"Muzeum c\u00edsa\u0159e Franz Josefa I.\" \/>\n<meta property=\"article:modified_time\" content=\"2024-02-12T08:37:15+00:00\" \/>\n<meta property=\"og:image\" content=\"https:\/\/www.franz-josef.cz\/wp-content\/uploads\/2023\/08\/Moravus-Brno.jpg\" \/>\n\t<meta property=\"og:image:width\" content=\"592\" \/>\n\t<meta property=\"og:image:height\" content=\"313\" \/>\n\t<meta property=\"og:image:type\" content=\"image\/jpeg\" \/>\n<meta name=\"twitter:card\" content=\"summary_large_image\" \/>\n<meta name=\"twitter:label1\" content=\"Gesch\u00e4tzte Lesezeit\" \/>\n\t<meta name=\"twitter:data1\" content=\"2\u00a0Minuten\" \/>\n<script type=\"application\/ld+json\" class=\"yoast-schema-graph\">{\"@context\":\"https:\/\/schema.org\",\"@graph\":[{\"@type\":\"WebPage\",\"@id\":\"https:\/\/www.franz-josef.cz\/exponaty\/knezdub\/\",\"url\":\"https:\/\/www.franz-josef.cz\/exponaty\/knezdub\/\",\"name\":\"KN\u011a\u017dDUB &#8212; Muzeum c\u00edsa\u0159e Franz Josefa I.\",\"isPartOf\":{\"@id\":\"https:\/\/www.franz-josef.cz\/#website\"},\"primaryImageOfPage\":{\"@id\":\"https:\/\/www.franz-josef.cz\/exponaty\/knezdub\/#primaryimage\"},\"image\":{\"@id\":\"https:\/\/www.franz-josef.cz\/exponaty\/knezdub\/#primaryimage\"},\"thumbnailUrl\":\"https:\/\/www.franz-josef.cz\/wp-content\/uploads\/2023\/08\/Moravus-Brno.jpg\",\"datePublished\":\"2023-08-30T10:21:22+00:00\",\"dateModified\":\"2024-02-12T08:37:15+00:00\",\"breadcrumb\":{\"@id\":\"https:\/\/www.franz-josef.cz\/exponaty\/knezdub\/#breadcrumb\"},\"inLanguage\":\"de\",\"potentialAction\":[{\"@type\":\"ReadAction\",\"target\":[\"https:\/\/www.franz-josef.cz\/exponaty\/knezdub\/\"]}]},{\"@type\":\"ImageObject\",\"inLanguage\":\"de\",\"@id\":\"https:\/\/www.franz-josef.cz\/exponaty\/knezdub\/#primaryimage\",\"url\":\"https:\/\/www.franz-josef.cz\/wp-content\/uploads\/2023\/08\/Moravus-Brno.jpg\",\"contentUrl\":\"https:\/\/www.franz-josef.cz\/wp-content\/uploads\/2023\/08\/Moravus-Brno.jpg\",\"width\":592,\"height\":313},{\"@type\":\"BreadcrumbList\",\"@id\":\"https:\/\/www.franz-josef.cz\/exponaty\/knezdub\/#breadcrumb\",\"itemListElement\":[{\"@type\":\"ListItem\",\"position\":1,\"name\":\"Home\",\"item\":\"https:\/\/www.franz-josef.cz\/\"},{\"@type\":\"ListItem\",\"position\":2,\"name\":\"Expon\u00e1ty\",\"item\":\"https:\/\/www.franz-josef.cz\/exponaty\/\"},{\"@type\":\"ListItem\",\"position\":3,\"name\":\"KN\u011a\u017dDUB\"}]},{\"@type\":\"WebSite\",\"@id\":\"https:\/\/www.franz-josef.cz\/#website\",\"url\":\"https:\/\/www.franz-josef.cz\/\",\"name\":\"Muzeum c\u00edsa\u0159e Franz Josefa I.\",\"description\":\"\",\"publisher\":{\"@id\":\"https:\/\/www.franz-josef.cz\/#organization\"},\"alternateName\":\"Franz Joseph\",\"potentialAction\":[{\"@type\":\"SearchAction\",\"target\":{\"@type\":\"EntryPoint\",\"urlTemplate\":\"https:\/\/www.franz-josef.cz\/?s={search_term_string}\"},\"query-input\":{\"@type\":\"PropertyValueSpecification\",\"valueRequired\":true,\"valueName\":\"search_term_string\"}}],\"inLanguage\":\"de\"},{\"@type\":\"Organization\",\"@id\":\"https:\/\/www.franz-josef.cz\/#organization\",\"name\":\"Muzeum Franz Josefa I.\",\"alternateName\":\"Franz Jozef\",\"url\":\"https:\/\/www.franz-josef.cz\/\",\"logo\":{\"@type\":\"ImageObject\",\"inLanguage\":\"de\",\"@id\":\"https:\/\/www.franz-josef.cz\/#\/schema\/logo\/image\/\",\"url\":\"https:\/\/www.franz-josef.cz\/wp-content\/uploads\/2023\/08\/Muzeum-Franz-Jozef-logo-696x696-1.png\",\"contentUrl\":\"https:\/\/www.franz-josef.cz\/wp-content\/uploads\/2023\/08\/Muzeum-Franz-Jozef-logo-696x696-1.png\",\"width\":696,\"height\":696,\"caption\":\"Muzeum Franz Josefa I.\"},\"image\":{\"@id\":\"https:\/\/www.franz-josef.cz\/#\/schema\/logo\/image\/\"}}]}<\/script>\n<!-- \/ Yoast SEO Premium plugin. -->","yoast_head_json":{"title":"KN\u011a\u017dDUB &#8212; Muzeum c\u00edsa\u0159e Franz Josefa I.","robots":{"index":"index","follow":"follow","max-snippet":"max-snippet:-1","max-image-preview":"max-image-preview:large","max-video-preview":"max-video-preview:-1"},"canonical":"https:\/\/www.franz-josef.cz\/de\/exponaty\/knezdub\/","og_locale":"de_DE","og_type":"article","og_title":"KN\u011a\u017dDUB","og_description":"Oslava panovnick\u00e9ho jubilea v Kn\u011b\u017edub\u011b. &nbsp; &nbsp; Obec Kn\u011b\u017edub (185 m.n.m.) m\u00e1 v sou\u010dasnosti 1100 obyvatel \u2013 le\u017e\u00ed v mozaice sad\u016f, pol\u00ed a vinic na \u00fapat\u00ed vrchu \u0160um\u00e1rn\u00edka (398 m.n.m.). Nach\u00e1z\u00ed se cca 5 km od m\u011bsta Str\u00e1\u017enice a 10 km od m\u011bsta Vesel\u00ed nad Moravou.\u00a0Dominantou obce je kostel sv. Jana K\u0159titele z r. 1898, [&hellip;]","og_url":"https:\/\/www.franz-josef.cz\/de\/exponaty\/knezdub\/","og_site_name":"Muzeum c\u00edsa\u0159e Franz Josefa I.","article_modified_time":"2024-02-12T08:37:15+00:00","og_image":[{"width":592,"height":313,"url":"https:\/\/www.franz-josef.cz\/wp-content\/uploads\/2023\/08\/Moravus-Brno.jpg","type":"image\/jpeg"}],"twitter_card":"summary_large_image","twitter_misc":{"Gesch\u00e4tzte Lesezeit":"2\u00a0Minuten"},"schema":{"@context":"https:\/\/schema.org","@graph":[{"@type":"WebPage","@id":"https:\/\/www.franz-josef.cz\/exponaty\/knezdub\/","url":"https:\/\/www.franz-josef.cz\/exponaty\/knezdub\/","name":"KN\u011a\u017dDUB &#8212; Muzeum c\u00edsa\u0159e Franz Josefa I.","isPartOf":{"@id":"https:\/\/www.franz-josef.cz\/#website"},"primaryImageOfPage":{"@id":"https:\/\/www.franz-josef.cz\/exponaty\/knezdub\/#primaryimage"},"image":{"@id":"https:\/\/www.franz-josef.cz\/exponaty\/knezdub\/#primaryimage"},"thumbnailUrl":"https:\/\/www.franz-josef.cz\/wp-content\/uploads\/2023\/08\/Moravus-Brno.jpg","datePublished":"2023-08-30T10:21:22+00:00","dateModified":"2024-02-12T08:37:15+00:00","breadcrumb":{"@id":"https:\/\/www.franz-josef.cz\/exponaty\/knezdub\/#breadcrumb"},"inLanguage":"de","potentialAction":[{"@type":"ReadAction","target":["https:\/\/www.franz-josef.cz\/exponaty\/knezdub\/"]}]},{"@type":"ImageObject","inLanguage":"de","@id":"https:\/\/www.franz-josef.cz\/exponaty\/knezdub\/#primaryimage","url":"https:\/\/www.franz-josef.cz\/wp-content\/uploads\/2023\/08\/Moravus-Brno.jpg","contentUrl":"https:\/\/www.franz-josef.cz\/wp-content\/uploads\/2023\/08\/Moravus-Brno.jpg","width":592,"height":313},{"@type":"BreadcrumbList","@id":"https:\/\/www.franz-josef.cz\/exponaty\/knezdub\/#breadcrumb","itemListElement":[{"@type":"ListItem","position":1,"name":"Home","item":"https:\/\/www.franz-josef.cz\/"},{"@type":"ListItem","position":2,"name":"Expon\u00e1ty","item":"https:\/\/www.franz-josef.cz\/exponaty\/"},{"@type":"ListItem","position":3,"name":"KN\u011a\u017dDUB"}]},{"@type":"WebSite","@id":"https:\/\/www.franz-josef.cz\/#website","url":"https:\/\/www.franz-josef.cz\/","name":"Muzeum c\u00edsa\u0159e Franz Josefa I.","description":"","publisher":{"@id":"https:\/\/www.franz-josef.cz\/#organization"},"alternateName":"Franz Joseph","potentialAction":[{"@type":"SearchAction","target":{"@type":"EntryPoint","urlTemplate":"https:\/\/www.franz-josef.cz\/?s={search_term_string}"},"query-input":{"@type":"PropertyValueSpecification","valueRequired":true,"valueName":"search_term_string"}}],"inLanguage":"de"},{"@type":"Organization","@id":"https:\/\/www.franz-josef.cz\/#organization","name":"Muzeum Franz Josefa I.","alternateName":"Franz Jozef","url":"https:\/\/www.franz-josef.cz\/","logo":{"@type":"ImageObject","inLanguage":"de","@id":"https:\/\/www.franz-josef.cz\/#\/schema\/logo\/image\/","url":"https:\/\/www.franz-josef.cz\/wp-content\/uploads\/2023\/08\/Muzeum-Franz-Jozef-logo-696x696-1.png","contentUrl":"https:\/\/www.franz-josef.cz\/wp-content\/uploads\/2023\/08\/Muzeum-Franz-Jozef-logo-696x696-1.png","width":696,"height":696,"caption":"Muzeum Franz Josefa I."},"image":{"@id":"https:\/\/www.franz-josef.cz\/#\/schema\/logo\/image\/"}}]}},"_links":{"self":[{"href":"https:\/\/www.franz-josef.cz\/de\/wp-json\/wp\/v2\/exponaty\/52407","targetHints":{"allow":["GET"]}}],"collection":[{"href":"https:\/\/www.franz-josef.cz\/de\/wp-json\/wp\/v2\/exponaty"}],"about":[{"href":"https:\/\/www.franz-josef.cz\/de\/wp-json\/wp\/v2\/types\/exponaty"}],"author":[{"embeddable":true,"href":"https:\/\/www.franz-josef.cz\/de\/wp-json\/wp\/v2\/users\/5"}],"version-history":[{"count":4,"href":"https:\/\/www.franz-josef.cz\/de\/wp-json\/wp\/v2\/exponaty\/52407\/revisions"}],"predecessor-version":[{"id":53885,"href":"https:\/\/www.franz-josef.cz\/de\/wp-json\/wp\/v2\/exponaty\/52407\/revisions\/53885"}],"wp:featuredmedia":[{"embeddable":true,"href":"https:\/\/www.franz-josef.cz\/de\/wp-json\/wp\/v2\/media\/53877"}],"wp:attachment":[{"href":"https:\/\/www.franz-josef.cz\/de\/wp-json\/wp\/v2\/media?parent=52407"}],"wp:term":[{"taxonomy":"zarazeno-v-expozici","embeddable":true,"href":"https:\/\/www.franz-josef.cz\/de\/wp-json\/wp\/v2\/zarazeno-v-expozici?post=52407"}],"curies":[{"name":"wp","href":"https:\/\/api.w.org\/{rel}","templated":true}]}}