{"id":52609,"date":"2023-09-01T14:27:12","date_gmt":"2023-09-01T12:27:12","guid":{"rendered":"https:\/\/www.franz-josef.cz\/?post_type=exponaty&#038;p=52609"},"modified":"2024-02-08T16:04:50","modified_gmt":"2024-02-08T15:04:50","slug":"kutnohorsky-dvouzlatnik","status":"publish","type":"exponaty","link":"https:\/\/www.franz-josef.cz\/de\/exponaty\/kutnohorsky-dvouzlatnik\/","title":{"rendered":"KUTNOHORSKY ZWEI GOLDSCHMIEDE"},"content":{"rendered":"<div class=\"abstract\">\n<h1>Portr\u00e4t von Kaiser FJI und der St.-Barbara-Kirche aus dem Jahr 1887<\/h1>\n<\/div>\n<div class=\"content\">\n<p>n den 1880er Jahren stie\u00df der Bergbau im Rejsk\u00fd-G\u00fcrtel auf Silbererz. Ein Teil davon (16 Waggons) wurde zur Bearbeitung nach P\u0159\u00edbrami geschickt. Danke an MUDr. Im Jahr 1887 pr\u00e4gte die Wiener M\u00fcnze die Goldm\u00fcnze von Franti\u0161ek St\u00e1n\u011b mit einem Portr\u00e4t des Monarchen und der Kirche St. Barbara. 300 + 200 Exemplare wurden gepr\u00e4gt, was diese doppelte Goldm\u00fcnze heute zu einer Sammlerrarit\u00e4t macht<\/p>\n<p>Den gr\u00f6\u00dften Ruhm erlangte Kutn\u00e1 Hora jedoch erst zu Beginn des 20. Jahrhunderts. Am 21. Juni 1906 machte Kaiser und K\u00f6nig Franz Joseph I. auf dem Weg nach Liberec einen kurzen Halt in Kutn\u00e1 Hora. Er verbrachte hier nur 103 (oder 106) Minuten, in denen er eine feierliche Begr\u00fc\u00dfung, einen Rundgang durch die ehemalige k\u00f6nigliche M\u00fcnze in Vla\u0161sk\u00e9 dvor und die Kirche St. Barbara. Der Minister f\u00fcr tschechische Angelegenheiten JUDr. hatte gro\u00dfes Verdienst f\u00fcr diesen seltenen Besuch. Bed\u0159ich Pac\u00e1k, der viele Jahre lang seine Anwaltskanzlei in Kutn\u00e1 Hora leitete.\n\u200b<\/p>\n<p>http:\/\/www.cms-kh.cz\/spolkovy-zivot-5-frantisek-josef<\/p>\n<p>www.sberatel.com<\/p>\n<\/div>\n<p><img fetchpriority=\"high\" decoding=\"async\" class=\"alignnone size-full wp-image-52611\" src=\"https:\/\/www.franz-josef.cz\/wp-content\/uploads\/2023\/09\/KUTN.-DVOUZL.jpg\" alt=\"\" width=\"510\" height=\"400\" srcset=\"https:\/\/www.franz-josef.cz\/wp-content\/uploads\/2023\/09\/KUTN.-DVOUZL.jpg 510w, https:\/\/www.franz-josef.cz\/wp-content\/uploads\/2023\/09\/KUTN.-DVOUZL-300x235.jpg 300w\" sizes=\"(max-width: 510px) 100vw, 510px\" \/><\/p>","protected":false},"author":5,"featured_media":52611,"template":"","zarazeno-v-expozici":[252],"class_list":["post-52609","exponaty","type-exponaty","status-publish","has-post-thumbnail","hentry","zarazeno-v-expozici-sochy-a-pomniky-badatelska-cinnost-jiriho-danka"],"yoast_head":"<!-- This site is optimized with the Yoast SEO Premium plugin v20.12 (Yoast SEO v27.2) - https:\/\/yoast.com\/product\/yoast-seo-premium-wordpress\/ -->\n<title>KUTNOHORSK\u00dd DVOUZLATN\u00cdK &#8212; Muzeum c\u00edsa\u0159e Franz Josefa I.<\/title>\n<meta name=\"robots\" content=\"index, follow, max-snippet:-1, max-image-preview:large, max-video-preview:-1\" \/>\n<link rel=\"canonical\" href=\"https:\/\/www.franz-josef.cz\/de\/exponaty\/kutnohorsky-dvouzlatnik\/\" \/>\n<meta property=\"og:locale\" content=\"de_DE\" \/>\n<meta property=\"og:type\" content=\"article\" \/>\n<meta property=\"og:title\" content=\"KUTNOHORSK\u00dd DVOUZLATN\u00cdK\" \/>\n<meta property=\"og:description\" content=\"Rok 1887 portr\u00e9t c\u00edsa\u0159e FJI a chr\u00e1m sv Barbory V 80. letech 19. stolet\u00ed narazilo t\u011b\u017ea\u0159stvo na Rejsk\u00e9m p\u00e1smu na st\u0159\u00edbrnou rudu. Jej\u00ed \u010d\u00e1st (16 vagon\u016f) byla odesl\u00e1na ke zpracov\u00e1n\u00ed do P\u0159\u00edbrami. Z\u00e1sluhou MUDr. Franti\u0161ka St\u00e1n\u011bho vyrazila z takto z\u00edskan\u00e9ho st\u0159\u00edbra v\u00edde\u0148sk\u00e1 mincovna v roce 1887 v\u00fdt\u011b\u017ekov\u00fd kutnohorsk\u00fd zlatn\u00edk s portr\u00e9tem panovn\u00edka a chr\u00e1mem sv. [&hellip;]\" \/>\n<meta property=\"og:url\" content=\"https:\/\/www.franz-josef.cz\/de\/exponaty\/kutnohorsky-dvouzlatnik\/\" \/>\n<meta property=\"og:site_name\" content=\"Muzeum c\u00edsa\u0159e Franz Josefa I.\" \/>\n<meta property=\"article:modified_time\" content=\"2024-02-08T15:04:50+00:00\" \/>\n<meta property=\"og:image\" content=\"https:\/\/www.franz-josef.cz\/wp-content\/uploads\/2023\/09\/KUTN.-DVOUZL.jpg\" \/>\n\t<meta property=\"og:image:width\" content=\"510\" \/>\n\t<meta property=\"og:image:height\" content=\"400\" \/>\n\t<meta property=\"og:image:type\" content=\"image\/jpeg\" \/>\n<meta name=\"twitter:card\" content=\"summary_large_image\" \/>\n<meta name=\"twitter:label1\" content=\"Gesch\u00e4tzte Lesezeit\" \/>\n\t<meta name=\"twitter:data1\" content=\"2\u00a0Minuten\" \/>\n<script type=\"application\/ld+json\" class=\"yoast-schema-graph\">{\"@context\":\"https:\/\/schema.org\",\"@graph\":[{\"@type\":\"WebPage\",\"@id\":\"https:\/\/www.franz-josef.cz\/exponaty\/kutnohorsky-dvouzlatnik\/\",\"url\":\"https:\/\/www.franz-josef.cz\/exponaty\/kutnohorsky-dvouzlatnik\/\",\"name\":\"KUTNOHORSK\u00dd DVOUZLATN\u00cdK &#8212; Muzeum c\u00edsa\u0159e Franz Josefa I.\",\"isPartOf\":{\"@id\":\"https:\/\/www.franz-josef.cz\/#website\"},\"primaryImageOfPage\":{\"@id\":\"https:\/\/www.franz-josef.cz\/exponaty\/kutnohorsky-dvouzlatnik\/#primaryimage\"},\"image\":{\"@id\":\"https:\/\/www.franz-josef.cz\/exponaty\/kutnohorsky-dvouzlatnik\/#primaryimage\"},\"thumbnailUrl\":\"https:\/\/www.franz-josef.cz\/wp-content\/uploads\/2023\/09\/KUTN.-DVOUZL.jpg\",\"datePublished\":\"2023-09-01T12:27:12+00:00\",\"dateModified\":\"2024-02-08T15:04:50+00:00\",\"breadcrumb\":{\"@id\":\"https:\/\/www.franz-josef.cz\/exponaty\/kutnohorsky-dvouzlatnik\/#breadcrumb\"},\"inLanguage\":\"de\",\"potentialAction\":[{\"@type\":\"ReadAction\",\"target\":[\"https:\/\/www.franz-josef.cz\/exponaty\/kutnohorsky-dvouzlatnik\/\"]}]},{\"@type\":\"ImageObject\",\"inLanguage\":\"de\",\"@id\":\"https:\/\/www.franz-josef.cz\/exponaty\/kutnohorsky-dvouzlatnik\/#primaryimage\",\"url\":\"https:\/\/www.franz-josef.cz\/wp-content\/uploads\/2023\/09\/KUTN.-DVOUZL.jpg\",\"contentUrl\":\"https:\/\/www.franz-josef.cz\/wp-content\/uploads\/2023\/09\/KUTN.-DVOUZL.jpg\",\"width\":510,\"height\":400},{\"@type\":\"BreadcrumbList\",\"@id\":\"https:\/\/www.franz-josef.cz\/exponaty\/kutnohorsky-dvouzlatnik\/#breadcrumb\",\"itemListElement\":[{\"@type\":\"ListItem\",\"position\":1,\"name\":\"Home\",\"item\":\"https:\/\/www.franz-josef.cz\/\"},{\"@type\":\"ListItem\",\"position\":2,\"name\":\"Expon\u00e1ty\",\"item\":\"https:\/\/www.franz-josef.cz\/exponaty\/\"},{\"@type\":\"ListItem\",\"position\":3,\"name\":\"KUTNOHORSK\u00dd DVOUZLATN\u00cdK\"}]},{\"@type\":\"WebSite\",\"@id\":\"https:\/\/www.franz-josef.cz\/#website\",\"url\":\"https:\/\/www.franz-josef.cz\/\",\"name\":\"Muzeum c\u00edsa\u0159e Franz Josefa I.\",\"description\":\"\",\"publisher\":{\"@id\":\"https:\/\/www.franz-josef.cz\/#organization\"},\"alternateName\":\"Franz Joseph\",\"potentialAction\":[{\"@type\":\"SearchAction\",\"target\":{\"@type\":\"EntryPoint\",\"urlTemplate\":\"https:\/\/www.franz-josef.cz\/?s={search_term_string}\"},\"query-input\":{\"@type\":\"PropertyValueSpecification\",\"valueRequired\":true,\"valueName\":\"search_term_string\"}}],\"inLanguage\":\"de\"},{\"@type\":\"Organization\",\"@id\":\"https:\/\/www.franz-josef.cz\/#organization\",\"name\":\"Muzeum Franz Josefa I.\",\"alternateName\":\"Franz Jozef\",\"url\":\"https:\/\/www.franz-josef.cz\/\",\"logo\":{\"@type\":\"ImageObject\",\"inLanguage\":\"de\",\"@id\":\"https:\/\/www.franz-josef.cz\/#\/schema\/logo\/image\/\",\"url\":\"https:\/\/www.franz-josef.cz\/wp-content\/uploads\/2023\/08\/Muzeum-Franz-Jozef-logo-696x696-1.png\",\"contentUrl\":\"https:\/\/www.franz-josef.cz\/wp-content\/uploads\/2023\/08\/Muzeum-Franz-Jozef-logo-696x696-1.png\",\"width\":696,\"height\":696,\"caption\":\"Muzeum Franz Josefa I.\"},\"image\":{\"@id\":\"https:\/\/www.franz-josef.cz\/#\/schema\/logo\/image\/\"}}]}<\/script>\n<!-- \/ Yoast SEO Premium plugin. -->","yoast_head_json":{"title":"KUTNOHORSK\u00dd DVOUZLATN\u00cdK &#8212; Muzeum c\u00edsa\u0159e Franz Josefa I.","robots":{"index":"index","follow":"follow","max-snippet":"max-snippet:-1","max-image-preview":"max-image-preview:large","max-video-preview":"max-video-preview:-1"},"canonical":"https:\/\/www.franz-josef.cz\/de\/exponaty\/kutnohorsky-dvouzlatnik\/","og_locale":"de_DE","og_type":"article","og_title":"KUTNOHORSK\u00dd DVOUZLATN\u00cdK","og_description":"Rok 1887 portr\u00e9t c\u00edsa\u0159e FJI a chr\u00e1m sv Barbory V 80. letech 19. stolet\u00ed narazilo t\u011b\u017ea\u0159stvo na Rejsk\u00e9m p\u00e1smu na st\u0159\u00edbrnou rudu. Jej\u00ed \u010d\u00e1st (16 vagon\u016f) byla odesl\u00e1na ke zpracov\u00e1n\u00ed do P\u0159\u00edbrami. Z\u00e1sluhou MUDr. Franti\u0161ka St\u00e1n\u011bho vyrazila z takto z\u00edskan\u00e9ho st\u0159\u00edbra v\u00edde\u0148sk\u00e1 mincovna v roce 1887 v\u00fdt\u011b\u017ekov\u00fd kutnohorsk\u00fd zlatn\u00edk s portr\u00e9tem panovn\u00edka a chr\u00e1mem sv. [&hellip;]","og_url":"https:\/\/www.franz-josef.cz\/de\/exponaty\/kutnohorsky-dvouzlatnik\/","og_site_name":"Muzeum c\u00edsa\u0159e Franz Josefa I.","article_modified_time":"2024-02-08T15:04:50+00:00","og_image":[{"width":510,"height":400,"url":"https:\/\/www.franz-josef.cz\/wp-content\/uploads\/2023\/09\/KUTN.-DVOUZL.jpg","type":"image\/jpeg"}],"twitter_card":"summary_large_image","twitter_misc":{"Gesch\u00e4tzte Lesezeit":"2\u00a0Minuten"},"schema":{"@context":"https:\/\/schema.org","@graph":[{"@type":"WebPage","@id":"https:\/\/www.franz-josef.cz\/exponaty\/kutnohorsky-dvouzlatnik\/","url":"https:\/\/www.franz-josef.cz\/exponaty\/kutnohorsky-dvouzlatnik\/","name":"KUTNOHORSK\u00dd DVOUZLATN\u00cdK &#8212; Muzeum c\u00edsa\u0159e Franz Josefa I.","isPartOf":{"@id":"https:\/\/www.franz-josef.cz\/#website"},"primaryImageOfPage":{"@id":"https:\/\/www.franz-josef.cz\/exponaty\/kutnohorsky-dvouzlatnik\/#primaryimage"},"image":{"@id":"https:\/\/www.franz-josef.cz\/exponaty\/kutnohorsky-dvouzlatnik\/#primaryimage"},"thumbnailUrl":"https:\/\/www.franz-josef.cz\/wp-content\/uploads\/2023\/09\/KUTN.-DVOUZL.jpg","datePublished":"2023-09-01T12:27:12+00:00","dateModified":"2024-02-08T15:04:50+00:00","breadcrumb":{"@id":"https:\/\/www.franz-josef.cz\/exponaty\/kutnohorsky-dvouzlatnik\/#breadcrumb"},"inLanguage":"de","potentialAction":[{"@type":"ReadAction","target":["https:\/\/www.franz-josef.cz\/exponaty\/kutnohorsky-dvouzlatnik\/"]}]},{"@type":"ImageObject","inLanguage":"de","@id":"https:\/\/www.franz-josef.cz\/exponaty\/kutnohorsky-dvouzlatnik\/#primaryimage","url":"https:\/\/www.franz-josef.cz\/wp-content\/uploads\/2023\/09\/KUTN.-DVOUZL.jpg","contentUrl":"https:\/\/www.franz-josef.cz\/wp-content\/uploads\/2023\/09\/KUTN.-DVOUZL.jpg","width":510,"height":400},{"@type":"BreadcrumbList","@id":"https:\/\/www.franz-josef.cz\/exponaty\/kutnohorsky-dvouzlatnik\/#breadcrumb","itemListElement":[{"@type":"ListItem","position":1,"name":"Home","item":"https:\/\/www.franz-josef.cz\/"},{"@type":"ListItem","position":2,"name":"Expon\u00e1ty","item":"https:\/\/www.franz-josef.cz\/exponaty\/"},{"@type":"ListItem","position":3,"name":"KUTNOHORSK\u00dd DVOUZLATN\u00cdK"}]},{"@type":"WebSite","@id":"https:\/\/www.franz-josef.cz\/#website","url":"https:\/\/www.franz-josef.cz\/","name":"Muzeum c\u00edsa\u0159e Franz Josefa I.","description":"","publisher":{"@id":"https:\/\/www.franz-josef.cz\/#organization"},"alternateName":"Franz Joseph","potentialAction":[{"@type":"SearchAction","target":{"@type":"EntryPoint","urlTemplate":"https:\/\/www.franz-josef.cz\/?s={search_term_string}"},"query-input":{"@type":"PropertyValueSpecification","valueRequired":true,"valueName":"search_term_string"}}],"inLanguage":"de"},{"@type":"Organization","@id":"https:\/\/www.franz-josef.cz\/#organization","name":"Muzeum Franz Josefa I.","alternateName":"Franz Jozef","url":"https:\/\/www.franz-josef.cz\/","logo":{"@type":"ImageObject","inLanguage":"de","@id":"https:\/\/www.franz-josef.cz\/#\/schema\/logo\/image\/","url":"https:\/\/www.franz-josef.cz\/wp-content\/uploads\/2023\/08\/Muzeum-Franz-Jozef-logo-696x696-1.png","contentUrl":"https:\/\/www.franz-josef.cz\/wp-content\/uploads\/2023\/08\/Muzeum-Franz-Jozef-logo-696x696-1.png","width":696,"height":696,"caption":"Muzeum Franz Josefa I."},"image":{"@id":"https:\/\/www.franz-josef.cz\/#\/schema\/logo\/image\/"}}]}},"_links":{"self":[{"href":"https:\/\/www.franz-josef.cz\/de\/wp-json\/wp\/v2\/exponaty\/52609","targetHints":{"allow":["GET"]}}],"collection":[{"href":"https:\/\/www.franz-josef.cz\/de\/wp-json\/wp\/v2\/exponaty"}],"about":[{"href":"https:\/\/www.franz-josef.cz\/de\/wp-json\/wp\/v2\/types\/exponaty"}],"author":[{"embeddable":true,"href":"https:\/\/www.franz-josef.cz\/de\/wp-json\/wp\/v2\/users\/5"}],"version-history":[{"count":1,"href":"https:\/\/www.franz-josef.cz\/de\/wp-json\/wp\/v2\/exponaty\/52609\/revisions"}],"predecessor-version":[{"id":52612,"href":"https:\/\/www.franz-josef.cz\/de\/wp-json\/wp\/v2\/exponaty\/52609\/revisions\/52612"}],"wp:featuredmedia":[{"embeddable":true,"href":"https:\/\/www.franz-josef.cz\/de\/wp-json\/wp\/v2\/media\/52611"}],"wp:attachment":[{"href":"https:\/\/www.franz-josef.cz\/de\/wp-json\/wp\/v2\/media?parent=52609"}],"wp:term":[{"taxonomy":"zarazeno-v-expozici","embeddable":true,"href":"https:\/\/www.franz-josef.cz\/de\/wp-json\/wp\/v2\/zarazeno-v-expozici?post=52609"}],"curies":[{"name":"wp","href":"https:\/\/api.w.org\/{rel}","templated":true}]}}