{"id":52622,"date":"2023-09-01T14:55:03","date_gmt":"2023-09-01T12:55:03","guid":{"rendered":"https:\/\/www.franz-josef.cz\/?post_type=exponaty&#038;p=52622"},"modified":"2024-02-08T16:04:49","modified_gmt":"2024-02-08T15:04:49","slug":"libverda","status":"publish","type":"exponaty","link":"https:\/\/www.franz-josef.cz\/de\/exponaty\/libverda\/","title":{"rendered":"LIBVERDA"},"content":{"rendered":"<div class=\"abstract\">\n<h1>Der stillgelegte Brunnen von Kaiser FJI.<\/h1>\n<\/div>\n<div class=\"content\">\n<p>Die Gemeinde L\u00e1zn\u011b Libverda (deutsch: Bad Liebwerda) ist eine Kurgemeinde im Norden der Tschechischen Republik, im Bezirk Liberec. Es liegt im Isergebirge, etwa 1 km n\u00f6rdlich von Hejnice, 13 km \u00f6stlich von Fr\u00fddlant und wird vom Bach Libverdsk\u00fd potok durchflossen.\n\u200b<\/p>\n<p>Auf der rechten Seite der Stra\u00dfe von Libverda nach Lu\u017eka wurde am 9. August 1908 der Brunnen von Kaiser Franz Josef I. enth\u00fcllt und geweiht.<\/p>\n<p>Laut Ant. Ressel, frei \u00fcbersetzt aus FHB 22.11.06 von G. Krause<\/p>\n<\/div>\n<p>&nbsp;<\/p>\n<div class=\"content\">\n<p><img fetchpriority=\"high\" decoding=\"async\" class=\"alignnone size-full wp-image-52624\" src=\"https:\/\/www.franz-josef.cz\/wp-content\/uploads\/2023\/09\/LIBVERDA-1.jpg\" alt=\"\" width=\"750\" height=\"485\" srcset=\"https:\/\/www.franz-josef.cz\/wp-content\/uploads\/2023\/09\/LIBVERDA-1.jpg 750w, https:\/\/www.franz-josef.cz\/wp-content\/uploads\/2023\/09\/LIBVERDA-1-300x194.jpg 300w\" sizes=\"(max-width: 750px) 100vw, 750px\" \/> <img decoding=\"async\" class=\"alignnone size-full wp-image-52625 lazyload\" data-src=\"https:\/\/www.franz-josef.cz\/wp-content\/uploads\/2023\/09\/LIBVERDA-2.jpg\" alt=\"\" width=\"750\" height=\"490\" data-srcset=\"https:\/\/www.franz-josef.cz\/wp-content\/uploads\/2023\/09\/LIBVERDA-2.jpg 750w, https:\/\/www.franz-josef.cz\/wp-content\/uploads\/2023\/09\/LIBVERDA-2-300x196.jpg 300w\" data-sizes=\"(max-width: 750px) 100vw, 750px\" src=\"data:image\/gif;base64,R0lGODlhAQABAAAAACH5BAEKAAEALAAAAAABAAEAAAICTAEAOw==\" style=\"--smush-placeholder-width: 750px; --smush-placeholder-aspect-ratio: 750\/490;\" \/><noscript><img decoding=\"async\" class=\"alignnone size-full wp-image-52625\" src=\"https:\/\/www.franz-josef.cz\/wp-content\/uploads\/2023\/09\/LIBVERDA-2.jpg\" alt=\"\" width=\"750\" height=\"490\" srcset=\"https:\/\/www.franz-josef.cz\/wp-content\/uploads\/2023\/09\/LIBVERDA-2.jpg 750w, https:\/\/www.franz-josef.cz\/wp-content\/uploads\/2023\/09\/LIBVERDA-2-300x196.jpg 300w\" sizes=\"(max-width: 750px) 100vw, 750px\" \/><\/noscript> <img decoding=\"async\" class=\"alignnone size-full wp-image-52626 lazyload\" data-src=\"https:\/\/www.franz-josef.cz\/wp-content\/uploads\/2023\/09\/LIBVERDA-3.jpg\" alt=\"\" width=\"750\" height=\"319\" data-srcset=\"https:\/\/www.franz-josef.cz\/wp-content\/uploads\/2023\/09\/LIBVERDA-3.jpg 750w, https:\/\/www.franz-josef.cz\/wp-content\/uploads\/2023\/09\/LIBVERDA-3-300x128.jpg 300w\" data-sizes=\"(max-width: 750px) 100vw, 750px\" src=\"data:image\/gif;base64,R0lGODlhAQABAAAAACH5BAEKAAEALAAAAAABAAEAAAICTAEAOw==\" style=\"--smush-placeholder-width: 750px; --smush-placeholder-aspect-ratio: 750\/319;\" \/><noscript><img decoding=\"async\" class=\"alignnone size-full wp-image-52626\" src=\"https:\/\/www.franz-josef.cz\/wp-content\/uploads\/2023\/09\/LIBVERDA-3.jpg\" alt=\"\" width=\"750\" height=\"319\" srcset=\"https:\/\/www.franz-josef.cz\/wp-content\/uploads\/2023\/09\/LIBVERDA-3.jpg 750w, https:\/\/www.franz-josef.cz\/wp-content\/uploads\/2023\/09\/LIBVERDA-3-300x128.jpg 300w\" sizes=\"(max-width: 750px) 100vw, 750px\" \/><\/noscript><\/p>\n<\/div>","protected":false},"author":5,"featured_media":52624,"template":"","zarazeno-v-expozici":[252],"class_list":["post-52622","exponaty","type-exponaty","status-publish","has-post-thumbnail","hentry","zarazeno-v-expozici-sochy-a-pomniky-badatelska-cinnost-jiriho-danka"],"yoast_head":"<!-- This site is optimized with the Yoast SEO Premium plugin v20.12 (Yoast SEO v27.2) - https:\/\/yoast.com\/product\/yoast-seo-premium-wordpress\/ -->\n<title>LIBVERDA &#8212; Muzeum c\u00edsa\u0159e Franz Josefa I.<\/title>\n<meta name=\"robots\" content=\"index, follow, max-snippet:-1, max-image-preview:large, max-video-preview:-1\" \/>\n<link rel=\"canonical\" href=\"https:\/\/www.franz-josef.cz\/de\/exponaty\/libverda\/\" \/>\n<meta property=\"og:locale\" content=\"de_DE\" \/>\n<meta property=\"og:type\" content=\"article\" \/>\n<meta property=\"og:title\" content=\"LIBVERDA\" \/>\n<meta property=\"og:description\" content=\"Zanikl\u00e1 font\u00e1na c\u00edsa\u0159e FJI. Obec L\u00e1zn\u011b Libverda (n\u011bmecky Bad Liebwerda) je l\u00e1ze\u0148sk\u00e1 obec na severu \u010cesk\u00e9 republiky, v okrese Liberec. Le\u017e\u00ed v Jizersk\u00fdch hor\u00e1ch, asi 1 km severn\u011b od Hejnic, 13 km v\u00fdchodn\u011b od Fr\u00fddlantu a prot\u00e9k\u00e1 j\u00ed Libverdsk\u00fd potok. P\u0159i prav\u00e9 stran\u011b silnice z\u00a0Libverdy do Lu\u017ece byla 9.8.1908 odhalena a posv\u011bcena font\u00e1na c\u00edsa\u0159e Franti\u0161ka [&hellip;]\" \/>\n<meta property=\"og:url\" content=\"https:\/\/www.franz-josef.cz\/de\/exponaty\/libverda\/\" \/>\n<meta property=\"og:site_name\" content=\"Muzeum c\u00edsa\u0159e Franz Josefa I.\" \/>\n<meta property=\"article:modified_time\" content=\"2024-02-08T15:04:49+00:00\" \/>\n<meta property=\"og:image\" content=\"https:\/\/www.franz-josef.cz\/wp-content\/uploads\/2023\/09\/LIBVERDA-1.jpg\" \/>\n\t<meta property=\"og:image:width\" content=\"750\" \/>\n\t<meta property=\"og:image:height\" content=\"485\" \/>\n\t<meta property=\"og:image:type\" content=\"image\/jpeg\" \/>\n<meta name=\"twitter:card\" content=\"summary_large_image\" \/>\n<meta name=\"twitter:label1\" content=\"Gesch\u00e4tzte Lesezeit\" \/>\n\t<meta name=\"twitter:data1\" content=\"1\u00a0Minute\" \/>\n<script type=\"application\/ld+json\" class=\"yoast-schema-graph\">{\"@context\":\"https:\/\/schema.org\",\"@graph\":[{\"@type\":\"WebPage\",\"@id\":\"https:\/\/www.franz-josef.cz\/exponaty\/libverda\/\",\"url\":\"https:\/\/www.franz-josef.cz\/exponaty\/libverda\/\",\"name\":\"LIBVERDA &#8212; Muzeum c\u00edsa\u0159e Franz Josefa I.\",\"isPartOf\":{\"@id\":\"https:\/\/www.franz-josef.cz\/#website\"},\"primaryImageOfPage\":{\"@id\":\"https:\/\/www.franz-josef.cz\/exponaty\/libverda\/#primaryimage\"},\"image\":{\"@id\":\"https:\/\/www.franz-josef.cz\/exponaty\/libverda\/#primaryimage\"},\"thumbnailUrl\":\"https:\/\/www.franz-josef.cz\/wp-content\/uploads\/2023\/09\/LIBVERDA-1.jpg\",\"datePublished\":\"2023-09-01T12:55:03+00:00\",\"dateModified\":\"2024-02-08T15:04:49+00:00\",\"breadcrumb\":{\"@id\":\"https:\/\/www.franz-josef.cz\/exponaty\/libverda\/#breadcrumb\"},\"inLanguage\":\"de\",\"potentialAction\":[{\"@type\":\"ReadAction\",\"target\":[\"https:\/\/www.franz-josef.cz\/exponaty\/libverda\/\"]}]},{\"@type\":\"ImageObject\",\"inLanguage\":\"de\",\"@id\":\"https:\/\/www.franz-josef.cz\/exponaty\/libverda\/#primaryimage\",\"url\":\"https:\/\/www.franz-josef.cz\/wp-content\/uploads\/2023\/09\/LIBVERDA-1.jpg\",\"contentUrl\":\"https:\/\/www.franz-josef.cz\/wp-content\/uploads\/2023\/09\/LIBVERDA-1.jpg\",\"width\":750,\"height\":485},{\"@type\":\"BreadcrumbList\",\"@id\":\"https:\/\/www.franz-josef.cz\/exponaty\/libverda\/#breadcrumb\",\"itemListElement\":[{\"@type\":\"ListItem\",\"position\":1,\"name\":\"Home\",\"item\":\"https:\/\/www.franz-josef.cz\/\"},{\"@type\":\"ListItem\",\"position\":2,\"name\":\"Expon\u00e1ty\",\"item\":\"https:\/\/www.franz-josef.cz\/exponaty\/\"},{\"@type\":\"ListItem\",\"position\":3,\"name\":\"LIBVERDA\"}]},{\"@type\":\"WebSite\",\"@id\":\"https:\/\/www.franz-josef.cz\/#website\",\"url\":\"https:\/\/www.franz-josef.cz\/\",\"name\":\"Muzeum c\u00edsa\u0159e Franz Josefa I.\",\"description\":\"\",\"publisher\":{\"@id\":\"https:\/\/www.franz-josef.cz\/#organization\"},\"alternateName\":\"Franz Joseph\",\"potentialAction\":[{\"@type\":\"SearchAction\",\"target\":{\"@type\":\"EntryPoint\",\"urlTemplate\":\"https:\/\/www.franz-josef.cz\/?s={search_term_string}\"},\"query-input\":{\"@type\":\"PropertyValueSpecification\",\"valueRequired\":true,\"valueName\":\"search_term_string\"}}],\"inLanguage\":\"de\"},{\"@type\":\"Organization\",\"@id\":\"https:\/\/www.franz-josef.cz\/#organization\",\"name\":\"Muzeum Franz Josefa I.\",\"alternateName\":\"Franz Jozef\",\"url\":\"https:\/\/www.franz-josef.cz\/\",\"logo\":{\"@type\":\"ImageObject\",\"inLanguage\":\"de\",\"@id\":\"https:\/\/www.franz-josef.cz\/#\/schema\/logo\/image\/\",\"url\":\"https:\/\/www.franz-josef.cz\/wp-content\/uploads\/2023\/08\/Muzeum-Franz-Jozef-logo-696x696-1.png\",\"contentUrl\":\"https:\/\/www.franz-josef.cz\/wp-content\/uploads\/2023\/08\/Muzeum-Franz-Jozef-logo-696x696-1.png\",\"width\":696,\"height\":696,\"caption\":\"Muzeum Franz Josefa I.\"},\"image\":{\"@id\":\"https:\/\/www.franz-josef.cz\/#\/schema\/logo\/image\/\"}}]}<\/script>\n<!-- \/ Yoast SEO Premium plugin. -->","yoast_head_json":{"title":"LIBVERDA &#8212; Muzeum c\u00edsa\u0159e Franz Josefa I.","robots":{"index":"index","follow":"follow","max-snippet":"max-snippet:-1","max-image-preview":"max-image-preview:large","max-video-preview":"max-video-preview:-1"},"canonical":"https:\/\/www.franz-josef.cz\/de\/exponaty\/libverda\/","og_locale":"de_DE","og_type":"article","og_title":"LIBVERDA","og_description":"Zanikl\u00e1 font\u00e1na c\u00edsa\u0159e FJI. Obec L\u00e1zn\u011b Libverda (n\u011bmecky Bad Liebwerda) je l\u00e1ze\u0148sk\u00e1 obec na severu \u010cesk\u00e9 republiky, v okrese Liberec. Le\u017e\u00ed v Jizersk\u00fdch hor\u00e1ch, asi 1 km severn\u011b od Hejnic, 13 km v\u00fdchodn\u011b od Fr\u00fddlantu a prot\u00e9k\u00e1 j\u00ed Libverdsk\u00fd potok. P\u0159i prav\u00e9 stran\u011b silnice z\u00a0Libverdy do Lu\u017ece byla 9.8.1908 odhalena a posv\u011bcena font\u00e1na c\u00edsa\u0159e Franti\u0161ka [&hellip;]","og_url":"https:\/\/www.franz-josef.cz\/de\/exponaty\/libverda\/","og_site_name":"Muzeum c\u00edsa\u0159e Franz Josefa I.","article_modified_time":"2024-02-08T15:04:49+00:00","og_image":[{"width":750,"height":485,"url":"https:\/\/www.franz-josef.cz\/wp-content\/uploads\/2023\/09\/LIBVERDA-1.jpg","type":"image\/jpeg"}],"twitter_card":"summary_large_image","twitter_misc":{"Gesch\u00e4tzte Lesezeit":"1\u00a0Minute"},"schema":{"@context":"https:\/\/schema.org","@graph":[{"@type":"WebPage","@id":"https:\/\/www.franz-josef.cz\/exponaty\/libverda\/","url":"https:\/\/www.franz-josef.cz\/exponaty\/libverda\/","name":"LIBVERDA &#8212; Muzeum c\u00edsa\u0159e Franz Josefa I.","isPartOf":{"@id":"https:\/\/www.franz-josef.cz\/#website"},"primaryImageOfPage":{"@id":"https:\/\/www.franz-josef.cz\/exponaty\/libverda\/#primaryimage"},"image":{"@id":"https:\/\/www.franz-josef.cz\/exponaty\/libverda\/#primaryimage"},"thumbnailUrl":"https:\/\/www.franz-josef.cz\/wp-content\/uploads\/2023\/09\/LIBVERDA-1.jpg","datePublished":"2023-09-01T12:55:03+00:00","dateModified":"2024-02-08T15:04:49+00:00","breadcrumb":{"@id":"https:\/\/www.franz-josef.cz\/exponaty\/libverda\/#breadcrumb"},"inLanguage":"de","potentialAction":[{"@type":"ReadAction","target":["https:\/\/www.franz-josef.cz\/exponaty\/libverda\/"]}]},{"@type":"ImageObject","inLanguage":"de","@id":"https:\/\/www.franz-josef.cz\/exponaty\/libverda\/#primaryimage","url":"https:\/\/www.franz-josef.cz\/wp-content\/uploads\/2023\/09\/LIBVERDA-1.jpg","contentUrl":"https:\/\/www.franz-josef.cz\/wp-content\/uploads\/2023\/09\/LIBVERDA-1.jpg","width":750,"height":485},{"@type":"BreadcrumbList","@id":"https:\/\/www.franz-josef.cz\/exponaty\/libverda\/#breadcrumb","itemListElement":[{"@type":"ListItem","position":1,"name":"Home","item":"https:\/\/www.franz-josef.cz\/"},{"@type":"ListItem","position":2,"name":"Expon\u00e1ty","item":"https:\/\/www.franz-josef.cz\/exponaty\/"},{"@type":"ListItem","position":3,"name":"LIBVERDA"}]},{"@type":"WebSite","@id":"https:\/\/www.franz-josef.cz\/#website","url":"https:\/\/www.franz-josef.cz\/","name":"Muzeum c\u00edsa\u0159e Franz Josefa I.","description":"","publisher":{"@id":"https:\/\/www.franz-josef.cz\/#organization"},"alternateName":"Franz Joseph","potentialAction":[{"@type":"SearchAction","target":{"@type":"EntryPoint","urlTemplate":"https:\/\/www.franz-josef.cz\/?s={search_term_string}"},"query-input":{"@type":"PropertyValueSpecification","valueRequired":true,"valueName":"search_term_string"}}],"inLanguage":"de"},{"@type":"Organization","@id":"https:\/\/www.franz-josef.cz\/#organization","name":"Muzeum Franz Josefa I.","alternateName":"Franz Jozef","url":"https:\/\/www.franz-josef.cz\/","logo":{"@type":"ImageObject","inLanguage":"de","@id":"https:\/\/www.franz-josef.cz\/#\/schema\/logo\/image\/","url":"https:\/\/www.franz-josef.cz\/wp-content\/uploads\/2023\/08\/Muzeum-Franz-Jozef-logo-696x696-1.png","contentUrl":"https:\/\/www.franz-josef.cz\/wp-content\/uploads\/2023\/08\/Muzeum-Franz-Jozef-logo-696x696-1.png","width":696,"height":696,"caption":"Muzeum Franz Josefa I."},"image":{"@id":"https:\/\/www.franz-josef.cz\/#\/schema\/logo\/image\/"}}]}},"_links":{"self":[{"href":"https:\/\/www.franz-josef.cz\/de\/wp-json\/wp\/v2\/exponaty\/52622","targetHints":{"allow":["GET"]}}],"collection":[{"href":"https:\/\/www.franz-josef.cz\/de\/wp-json\/wp\/v2\/exponaty"}],"about":[{"href":"https:\/\/www.franz-josef.cz\/de\/wp-json\/wp\/v2\/types\/exponaty"}],"author":[{"embeddable":true,"href":"https:\/\/www.franz-josef.cz\/de\/wp-json\/wp\/v2\/users\/5"}],"version-history":[{"count":1,"href":"https:\/\/www.franz-josef.cz\/de\/wp-json\/wp\/v2\/exponaty\/52622\/revisions"}],"predecessor-version":[{"id":52627,"href":"https:\/\/www.franz-josef.cz\/de\/wp-json\/wp\/v2\/exponaty\/52622\/revisions\/52627"}],"wp:featuredmedia":[{"embeddable":true,"href":"https:\/\/www.franz-josef.cz\/de\/wp-json\/wp\/v2\/media\/52624"}],"wp:attachment":[{"href":"https:\/\/www.franz-josef.cz\/de\/wp-json\/wp\/v2\/media?parent=52622"}],"wp:term":[{"taxonomy":"zarazeno-v-expozici","embeddable":true,"href":"https:\/\/www.franz-josef.cz\/de\/wp-json\/wp\/v2\/zarazeno-v-expozici?post=52622"}],"curies":[{"name":"wp","href":"https:\/\/api.w.org\/{rel}","templated":true}]}}