{"id":52635,"date":"2023-09-01T16:58:38","date_gmt":"2023-09-01T14:58:38","guid":{"rendered":"https:\/\/www.franz-josef.cz\/?post_type=exponaty&#038;p=52635"},"modified":"2024-02-08T16:04:47","modified_gmt":"2024-02-08T15:04:47","slug":"litomerice","status":"publish","type":"exponaty","link":"https:\/\/www.franz-josef.cz\/de\/exponaty\/litomerice\/","title":{"rendered":"LITOM\u011a\u0158ICE"},"content":{"rendered":"<div class=\"abstract\">\n<h1>Enth\u00fcllung des Denkmals f\u00fcr Kaiser Franz Joseph I.<\/h1>\n<p>&nbsp;<\/p>\n<\/div>\n<div class=\"content\">\n<p>Litom\u011b\u0159ice ist eine Stadt am Zusammenfluss von Elbe und Ohra in Nordb\u00f6hmen.<\/p>\n<p>Anl\u00e4sslich des 60. Regierungsjahres von Kaiser FJI. Sein Denkmal wurde am 14. Juni 1908 am Rande des heutigen Jir\u00e1sk\u00e9-Gartens (damals Parkstra\u00dfe) enth\u00fcllt. Der Autor war der aus Znojmo stammende Wiener Bildhauer T.H. Charlemont. Der Bau war das Werk des Steinmetzes Josef Fiala aus Litom\u011b\u0159ice. Nach 1918 wurde die Bronzeplatte mit dem Relief von Franz Joseph I. vom Denkmal entfernt.\n\u200b<br \/>\nIm Jahr 1927 wurde das Denkmal mit einer neuen Reliefplatte versehen und erinnerte an den 700. Jahrestag der Stadt Leitmeritz. Diese Tafel gab es bis in die 1940er Jahre. Derzeit ist es in der Nordb\u00f6hmischen Galerie der Sch\u00f6nen K\u00fcnste in der Michalsk\u00e1-Stra\u00dfe ausgestellt.\n\u200b<\/p>\n<p>Von 1954 bis zum 5. Februar 1953 gab es ein Denkmal f\u00fcr J.V. Stalin. Seit 1975 steht hier eine Soldatenstatue, das Denkmal tr\u00e4gt den Namen \u201eEhre und Ruhm\u201c.<\/p>\n<p>Quelle:<\/p>\n<p>Quelle: Vitalij Marek, Josef Rotter: Litom\u011b\u0159ice im Wandel der Zeit, Teil III.<\/p>\n<\/div>\n<p>&nbsp;<\/p>\n<p><img fetchpriority=\"high\" decoding=\"async\" class=\"alignnone size-full wp-image-52641\" src=\"https:\/\/www.franz-josef.cz\/wp-content\/uploads\/2023\/09\/LITOM-FJI-pamatnik-2.jpg\" alt=\"\" width=\"1066\" height=\"600\" srcset=\"https:\/\/www.franz-josef.cz\/wp-content\/uploads\/2023\/09\/LITOM-FJI-pamatnik-2.jpg 1066w, https:\/\/www.franz-josef.cz\/wp-content\/uploads\/2023\/09\/LITOM-FJI-pamatnik-2-300x169.jpg 300w, https:\/\/www.franz-josef.cz\/wp-content\/uploads\/2023\/09\/LITOM-FJI-pamatnik-2-1024x576.jpg 1024w, https:\/\/www.franz-josef.cz\/wp-content\/uploads\/2023\/09\/LITOM-FJI-pamatnik-2-768x432.jpg 768w\" sizes=\"(max-width: 1066px) 100vw, 1066px\" \/><\/p>\n<div class=\"content\">\n<p>&nbsp;<\/p>\n<\/div>","protected":false},"author":5,"featured_media":52641,"template":"","zarazeno-v-expozici":[252],"class_list":["post-52635","exponaty","type-exponaty","status-publish","has-post-thumbnail","hentry","zarazeno-v-expozici-sochy-a-pomniky-badatelska-cinnost-jiriho-danka"],"yoast_head":"<!-- This site is optimized with the Yoast SEO Premium plugin v20.12 (Yoast SEO v27.2) - https:\/\/yoast.com\/product\/yoast-seo-premium-wordpress\/ -->\n<title>LITOM\u011a\u0158ICE &#8212; Muzeum c\u00edsa\u0159e Franz Josefa I.<\/title>\n<meta name=\"robots\" content=\"index, follow, max-snippet:-1, max-image-preview:large, max-video-preview:-1\" \/>\n<link rel=\"canonical\" href=\"https:\/\/www.franz-josef.cz\/de\/exponaty\/litomerice\/\" \/>\n<meta property=\"og:locale\" content=\"de_DE\" \/>\n<meta property=\"og:type\" content=\"article\" \/>\n<meta property=\"og:title\" content=\"LITOM\u011a\u0158ICE\" \/>\n<meta property=\"og:description\" content=\"Odhalen\u00ed pomn\u00edku c\u00edsa\u0159e Franti\u0161ka Josefa I. &nbsp; Litom\u011b\u0159ice jsou m\u011bsto na soutoku Labe a Oh\u0159e v severn\u00edch \u010cech\u00e1ch. U p\u0159\u00edle\u017eitosti 60. let\u00a0 vl\u00e1dy c\u00edsa\u0159e FJI. byl 14. \u010dervna 1908 na okraji dne\u0161n\u00edch Jir\u00e1skov\u00fdch sad\u016f (tehdy Parkstrasse) odhalen jeho pomn\u00edk. Autorem byl v\u00edde\u0148sk\u00fd socha\u0159, p\u016fvodem ze Znojma, T. H. Charlemont. Zhotoven\u00ed bylo prac\u00ed litom\u011b\u0159ick\u00e9ho kamen\u00edka Josefa [&hellip;]\" \/>\n<meta property=\"og:url\" content=\"https:\/\/www.franz-josef.cz\/de\/exponaty\/litomerice\/\" \/>\n<meta property=\"og:site_name\" content=\"Muzeum c\u00edsa\u0159e Franz Josefa I.\" \/>\n<meta property=\"article:modified_time\" content=\"2024-02-08T15:04:47+00:00\" \/>\n<meta property=\"og:image\" content=\"https:\/\/www.franz-josef.cz\/wp-content\/uploads\/2023\/09\/LITOM-FJI-pamatnik-2.jpg\" \/>\n\t<meta property=\"og:image:width\" content=\"1066\" \/>\n\t<meta property=\"og:image:height\" content=\"600\" \/>\n\t<meta property=\"og:image:type\" content=\"image\/jpeg\" \/>\n<meta name=\"twitter:card\" content=\"summary_large_image\" \/>\n<meta name=\"twitter:label1\" content=\"Gesch\u00e4tzte Lesezeit\" \/>\n\t<meta name=\"twitter:data1\" content=\"2\u00a0Minuten\" \/>\n<script type=\"application\/ld+json\" class=\"yoast-schema-graph\">{\"@context\":\"https:\/\/schema.org\",\"@graph\":[{\"@type\":\"WebPage\",\"@id\":\"https:\/\/www.franz-josef.cz\/exponaty\/litomerice\/\",\"url\":\"https:\/\/www.franz-josef.cz\/exponaty\/litomerice\/\",\"name\":\"LITOM\u011a\u0158ICE &#8212; Muzeum c\u00edsa\u0159e Franz Josefa I.\",\"isPartOf\":{\"@id\":\"https:\/\/www.franz-josef.cz\/#website\"},\"primaryImageOfPage\":{\"@id\":\"https:\/\/www.franz-josef.cz\/exponaty\/litomerice\/#primaryimage\"},\"image\":{\"@id\":\"https:\/\/www.franz-josef.cz\/exponaty\/litomerice\/#primaryimage\"},\"thumbnailUrl\":\"https:\/\/www.franz-josef.cz\/wp-content\/uploads\/2023\/09\/LITOM-FJI-pamatnik-2.jpg\",\"datePublished\":\"2023-09-01T14:58:38+00:00\",\"dateModified\":\"2024-02-08T15:04:47+00:00\",\"breadcrumb\":{\"@id\":\"https:\/\/www.franz-josef.cz\/exponaty\/litomerice\/#breadcrumb\"},\"inLanguage\":\"de\",\"potentialAction\":[{\"@type\":\"ReadAction\",\"target\":[\"https:\/\/www.franz-josef.cz\/exponaty\/litomerice\/\"]}]},{\"@type\":\"ImageObject\",\"inLanguage\":\"de\",\"@id\":\"https:\/\/www.franz-josef.cz\/exponaty\/litomerice\/#primaryimage\",\"url\":\"https:\/\/www.franz-josef.cz\/wp-content\/uploads\/2023\/09\/LITOM-FJI-pamatnik-2.jpg\",\"contentUrl\":\"https:\/\/www.franz-josef.cz\/wp-content\/uploads\/2023\/09\/LITOM-FJI-pamatnik-2.jpg\",\"width\":1066,\"height\":600},{\"@type\":\"BreadcrumbList\",\"@id\":\"https:\/\/www.franz-josef.cz\/exponaty\/litomerice\/#breadcrumb\",\"itemListElement\":[{\"@type\":\"ListItem\",\"position\":1,\"name\":\"Home\",\"item\":\"https:\/\/www.franz-josef.cz\/\"},{\"@type\":\"ListItem\",\"position\":2,\"name\":\"Expon\u00e1ty\",\"item\":\"https:\/\/www.franz-josef.cz\/exponaty\/\"},{\"@type\":\"ListItem\",\"position\":3,\"name\":\"LITOM\u011a\u0158ICE\"}]},{\"@type\":\"WebSite\",\"@id\":\"https:\/\/www.franz-josef.cz\/#website\",\"url\":\"https:\/\/www.franz-josef.cz\/\",\"name\":\"Muzeum c\u00edsa\u0159e Franz Josefa I.\",\"description\":\"\",\"publisher\":{\"@id\":\"https:\/\/www.franz-josef.cz\/#organization\"},\"alternateName\":\"Franz Joseph\",\"potentialAction\":[{\"@type\":\"SearchAction\",\"target\":{\"@type\":\"EntryPoint\",\"urlTemplate\":\"https:\/\/www.franz-josef.cz\/?s={search_term_string}\"},\"query-input\":{\"@type\":\"PropertyValueSpecification\",\"valueRequired\":true,\"valueName\":\"search_term_string\"}}],\"inLanguage\":\"de\"},{\"@type\":\"Organization\",\"@id\":\"https:\/\/www.franz-josef.cz\/#organization\",\"name\":\"Muzeum Franz Josefa I.\",\"alternateName\":\"Franz Jozef\",\"url\":\"https:\/\/www.franz-josef.cz\/\",\"logo\":{\"@type\":\"ImageObject\",\"inLanguage\":\"de\",\"@id\":\"https:\/\/www.franz-josef.cz\/#\/schema\/logo\/image\/\",\"url\":\"https:\/\/www.franz-josef.cz\/wp-content\/uploads\/2023\/08\/Muzeum-Franz-Jozef-logo-696x696-1.png\",\"contentUrl\":\"https:\/\/www.franz-josef.cz\/wp-content\/uploads\/2023\/08\/Muzeum-Franz-Jozef-logo-696x696-1.png\",\"width\":696,\"height\":696,\"caption\":\"Muzeum Franz Josefa I.\"},\"image\":{\"@id\":\"https:\/\/www.franz-josef.cz\/#\/schema\/logo\/image\/\"}}]}<\/script>\n<!-- \/ Yoast SEO Premium plugin. -->","yoast_head_json":{"title":"LITOM\u011a\u0158ICE &#8212; Muzeum c\u00edsa\u0159e Franz Josefa I.","robots":{"index":"index","follow":"follow","max-snippet":"max-snippet:-1","max-image-preview":"max-image-preview:large","max-video-preview":"max-video-preview:-1"},"canonical":"https:\/\/www.franz-josef.cz\/de\/exponaty\/litomerice\/","og_locale":"de_DE","og_type":"article","og_title":"LITOM\u011a\u0158ICE","og_description":"Odhalen\u00ed pomn\u00edku c\u00edsa\u0159e Franti\u0161ka Josefa I. &nbsp; Litom\u011b\u0159ice jsou m\u011bsto na soutoku Labe a Oh\u0159e v severn\u00edch \u010cech\u00e1ch. U p\u0159\u00edle\u017eitosti 60. let\u00a0 vl\u00e1dy c\u00edsa\u0159e FJI. byl 14. \u010dervna 1908 na okraji dne\u0161n\u00edch Jir\u00e1skov\u00fdch sad\u016f (tehdy Parkstrasse) odhalen jeho pomn\u00edk. Autorem byl v\u00edde\u0148sk\u00fd socha\u0159, p\u016fvodem ze Znojma, T. H. Charlemont. Zhotoven\u00ed bylo prac\u00ed litom\u011b\u0159ick\u00e9ho kamen\u00edka Josefa [&hellip;]","og_url":"https:\/\/www.franz-josef.cz\/de\/exponaty\/litomerice\/","og_site_name":"Muzeum c\u00edsa\u0159e Franz Josefa I.","article_modified_time":"2024-02-08T15:04:47+00:00","og_image":[{"width":1066,"height":600,"url":"https:\/\/www.franz-josef.cz\/wp-content\/uploads\/2023\/09\/LITOM-FJI-pamatnik-2.jpg","type":"image\/jpeg"}],"twitter_card":"summary_large_image","twitter_misc":{"Gesch\u00e4tzte Lesezeit":"2\u00a0Minuten"},"schema":{"@context":"https:\/\/schema.org","@graph":[{"@type":"WebPage","@id":"https:\/\/www.franz-josef.cz\/exponaty\/litomerice\/","url":"https:\/\/www.franz-josef.cz\/exponaty\/litomerice\/","name":"LITOM\u011a\u0158ICE &#8212; Muzeum c\u00edsa\u0159e Franz Josefa I.","isPartOf":{"@id":"https:\/\/www.franz-josef.cz\/#website"},"primaryImageOfPage":{"@id":"https:\/\/www.franz-josef.cz\/exponaty\/litomerice\/#primaryimage"},"image":{"@id":"https:\/\/www.franz-josef.cz\/exponaty\/litomerice\/#primaryimage"},"thumbnailUrl":"https:\/\/www.franz-josef.cz\/wp-content\/uploads\/2023\/09\/LITOM-FJI-pamatnik-2.jpg","datePublished":"2023-09-01T14:58:38+00:00","dateModified":"2024-02-08T15:04:47+00:00","breadcrumb":{"@id":"https:\/\/www.franz-josef.cz\/exponaty\/litomerice\/#breadcrumb"},"inLanguage":"de","potentialAction":[{"@type":"ReadAction","target":["https:\/\/www.franz-josef.cz\/exponaty\/litomerice\/"]}]},{"@type":"ImageObject","inLanguage":"de","@id":"https:\/\/www.franz-josef.cz\/exponaty\/litomerice\/#primaryimage","url":"https:\/\/www.franz-josef.cz\/wp-content\/uploads\/2023\/09\/LITOM-FJI-pamatnik-2.jpg","contentUrl":"https:\/\/www.franz-josef.cz\/wp-content\/uploads\/2023\/09\/LITOM-FJI-pamatnik-2.jpg","width":1066,"height":600},{"@type":"BreadcrumbList","@id":"https:\/\/www.franz-josef.cz\/exponaty\/litomerice\/#breadcrumb","itemListElement":[{"@type":"ListItem","position":1,"name":"Home","item":"https:\/\/www.franz-josef.cz\/"},{"@type":"ListItem","position":2,"name":"Expon\u00e1ty","item":"https:\/\/www.franz-josef.cz\/exponaty\/"},{"@type":"ListItem","position":3,"name":"LITOM\u011a\u0158ICE"}]},{"@type":"WebSite","@id":"https:\/\/www.franz-josef.cz\/#website","url":"https:\/\/www.franz-josef.cz\/","name":"Muzeum c\u00edsa\u0159e Franz Josefa I.","description":"","publisher":{"@id":"https:\/\/www.franz-josef.cz\/#organization"},"alternateName":"Franz Joseph","potentialAction":[{"@type":"SearchAction","target":{"@type":"EntryPoint","urlTemplate":"https:\/\/www.franz-josef.cz\/?s={search_term_string}"},"query-input":{"@type":"PropertyValueSpecification","valueRequired":true,"valueName":"search_term_string"}}],"inLanguage":"de"},{"@type":"Organization","@id":"https:\/\/www.franz-josef.cz\/#organization","name":"Muzeum Franz Josefa I.","alternateName":"Franz Jozef","url":"https:\/\/www.franz-josef.cz\/","logo":{"@type":"ImageObject","inLanguage":"de","@id":"https:\/\/www.franz-josef.cz\/#\/schema\/logo\/image\/","url":"https:\/\/www.franz-josef.cz\/wp-content\/uploads\/2023\/08\/Muzeum-Franz-Jozef-logo-696x696-1.png","contentUrl":"https:\/\/www.franz-josef.cz\/wp-content\/uploads\/2023\/08\/Muzeum-Franz-Jozef-logo-696x696-1.png","width":696,"height":696,"caption":"Muzeum Franz Josefa I."},"image":{"@id":"https:\/\/www.franz-josef.cz\/#\/schema\/logo\/image\/"}}]}},"_links":{"self":[{"href":"https:\/\/www.franz-josef.cz\/de\/wp-json\/wp\/v2\/exponaty\/52635","targetHints":{"allow":["GET"]}}],"collection":[{"href":"https:\/\/www.franz-josef.cz\/de\/wp-json\/wp\/v2\/exponaty"}],"about":[{"href":"https:\/\/www.franz-josef.cz\/de\/wp-json\/wp\/v2\/types\/exponaty"}],"author":[{"embeddable":true,"href":"https:\/\/www.franz-josef.cz\/de\/wp-json\/wp\/v2\/users\/5"}],"version-history":[{"count":1,"href":"https:\/\/www.franz-josef.cz\/de\/wp-json\/wp\/v2\/exponaty\/52635\/revisions"}],"predecessor-version":[{"id":52644,"href":"https:\/\/www.franz-josef.cz\/de\/wp-json\/wp\/v2\/exponaty\/52635\/revisions\/52644"}],"wp:featuredmedia":[{"embeddable":true,"href":"https:\/\/www.franz-josef.cz\/de\/wp-json\/wp\/v2\/media\/52641"}],"wp:attachment":[{"href":"https:\/\/www.franz-josef.cz\/de\/wp-json\/wp\/v2\/media?parent=52635"}],"wp:term":[{"taxonomy":"zarazeno-v-expozici","embeddable":true,"href":"https:\/\/www.franz-josef.cz\/de\/wp-json\/wp\/v2\/zarazeno-v-expozici?post=52635"}],"curies":[{"name":"wp","href":"https:\/\/api.w.org\/{rel}","templated":true}]}}