{"id":52751,"date":"2023-09-03T11:11:41","date_gmt":"2023-09-03T09:11:41","guid":{"rendered":"https:\/\/www.franz-josef.cz\/?post_type=exponaty&#038;p=52751"},"modified":"2024-02-11T14:57:44","modified_gmt":"2024-02-11T13:57:44","slug":"rousinov","status":"publish","type":"exponaty","link":"https:\/\/www.franz-josef.cz\/de\/exponaty\/rousinov\/","title":{"rendered":"ROUS\u00cdNOV"},"content":{"rendered":"<h1><img fetchpriority=\"high\" decoding=\"async\" class=\"alignnone size-full wp-image-53858\" src=\"https:\/\/www.franz-josef.cz\/wp-content\/uploads\/2023\/09\/IMG_5278.jpg\" alt=\"\" width=\"640\" height=\"424\" \/>Denkmal f\u00fcr den Monarchen Franz Joseph I., Freiheitsstatue - Nachbildung<\/h1>\n<p>&nbsp;<\/p>\n<div class=\"abstract\">\n<p>Im Park am Kreisverkehr gibt es ein Denkmal aus dem Ersten Weltkrieg, es handelt sich jedoch um ein umgebautes Denkmal f\u00fcr Kaiser FJI.<\/p>\n<\/div>\n<div class=\"content\">\n<p>Rous\u00ednov (urspr\u00fcnglich Nov\u00fd Rous\u00ednov, deutsch: Neuraussnitz) ist eine Stadt im Bezirk Vy\u0161kov in der Region S\u00fcdm\u00e4hren, 12 km s\u00fcdwestlich von Vy\u0161kov am rechten Ufer des Baches Rakovce an der Staatsstra\u00dfe von Br\u00fcnn nach Olomouc.<\/p>\n<p>Hinter der \u201eStadt\u201c auf dem Weg nach Kr\u00e1lovopolsk\u00e9 V\u00e1zan wurde 1706 ein Friedhof angelegt, der 1880 erweitert wurde. Neben dem Friedhof wurde 1888 ein Park angelegt, der sogenannte \u201eLibosady von Franz Josef I.\u201c. Am 20. August 1899 wurde ihm ein von Jan Tomola entworfenes Denkmal enth\u00fcllt, das 1920 in ein Denkmal f\u00fcr die Opfer des Ersten Weltkriegs umgewandelt wurde. Bei dieser \u00c4nderung wurde das Relief des Kaisers vom Denkmal entfernt, das auf der Stra\u00dfenseite durch eine Tafel mit der Aufschrift \u201eOpfer des Weltkrieges 1914 \u2013 1918\u201c und auf den anderen drei Seiten durch Tafeln mit der Aufschrift \u201eOpfer des Weltkrieges 1914 \u2013 1918\u201c ersetzt wurde Namen der Gefallenen. Das Denkmal wurde vom aus Rous\u00edn stammenden Steinbildhauer Emil Skaln\u00edk gestaltet.<\/p>\n<p>Wenn man von der Autobahn nach Rous\u00ednov kommt, steht in der Mitte des Kreisverkehrs vor dem Industriegebiet eine Miniatur-Freiheitsstatue als Firmenanh\u00e4nger. Interessant.\n\u200b<\/p>\n<p>Quelle:<\/p>\n<p>Informationsnewsletter der Stadt Rous\u00ednov, Juni 2006, S. 6<\/p>\n<p>Rous\u00ednov im Wandel der Zeit, S. 40<\/p>\n<\/div>\n<p>&nbsp;<\/p>\n<p><img decoding=\"async\" class=\"alignnone size-full wp-image-52753 lazyload\" data-src=\"https:\/\/www.franz-josef.cz\/wp-content\/uploads\/2023\/09\/ROUSIN.-1.jpg\" alt=\"\" width=\"750\" height=\"501\" data-srcset=\"https:\/\/www.franz-josef.cz\/wp-content\/uploads\/2023\/09\/ROUSIN.-1.jpg 750w, https:\/\/www.franz-josef.cz\/wp-content\/uploads\/2023\/09\/ROUSIN.-1-300x200.jpg 300w\" data-sizes=\"(max-width: 750px) 100vw, 750px\" src=\"data:image\/gif;base64,R0lGODlhAQABAAAAACH5BAEKAAEALAAAAAABAAEAAAICTAEAOw==\" style=\"--smush-placeholder-width: 750px; --smush-placeholder-aspect-ratio: 750\/501;\" \/><noscript><img decoding=\"async\" class=\"alignnone size-full wp-image-52753\" src=\"https:\/\/www.franz-josef.cz\/wp-content\/uploads\/2023\/09\/ROUSIN.-1.jpg\" alt=\"\" width=\"750\" height=\"501\" srcset=\"https:\/\/www.franz-josef.cz\/wp-content\/uploads\/2023\/09\/ROUSIN.-1.jpg 750w, https:\/\/www.franz-josef.cz\/wp-content\/uploads\/2023\/09\/ROUSIN.-1-300x200.jpg 300w\" sizes=\"(max-width: 750px) 100vw, 750px\" \/><\/noscript> <img decoding=\"async\" class=\"alignnone size-full wp-image-52754 lazyload\" data-src=\"https:\/\/www.franz-josef.cz\/wp-content\/uploads\/2023\/09\/ROUSIN.-2.jpg\" alt=\"\" width=\"400\" height=\"600\" data-srcset=\"https:\/\/www.franz-josef.cz\/wp-content\/uploads\/2023\/09\/ROUSIN.-2.jpg 400w, https:\/\/www.franz-josef.cz\/wp-content\/uploads\/2023\/09\/ROUSIN.-2-200x300.jpg 200w\" data-sizes=\"(max-width: 400px) 100vw, 400px\" src=\"data:image\/gif;base64,R0lGODlhAQABAAAAACH5BAEKAAEALAAAAAABAAEAAAICTAEAOw==\" style=\"--smush-placeholder-width: 400px; --smush-placeholder-aspect-ratio: 400\/600;\" \/><noscript><img decoding=\"async\" class=\"alignnone size-full wp-image-52754\" src=\"https:\/\/www.franz-josef.cz\/wp-content\/uploads\/2023\/09\/ROUSIN.-2.jpg\" alt=\"\" width=\"400\" height=\"600\" srcset=\"https:\/\/www.franz-josef.cz\/wp-content\/uploads\/2023\/09\/ROUSIN.-2.jpg 400w, https:\/\/www.franz-josef.cz\/wp-content\/uploads\/2023\/09\/ROUSIN.-2-200x300.jpg 200w\" sizes=\"(max-width: 400px) 100vw, 400px\" \/><\/noscript> <img decoding=\"async\" class=\"alignnone size-full wp-image-52755 lazyload\" data-src=\"https:\/\/www.franz-josef.cz\/wp-content\/uploads\/2023\/09\/ROUSIN.-3.jpg\" alt=\"\" width=\"391\" height=\"600\" data-srcset=\"https:\/\/www.franz-josef.cz\/wp-content\/uploads\/2023\/09\/ROUSIN.-3.jpg 391w, https:\/\/www.franz-josef.cz\/wp-content\/uploads\/2023\/09\/ROUSIN.-3-196x300.jpg 196w\" data-sizes=\"(max-width: 391px) 100vw, 391px\" src=\"data:image\/gif;base64,R0lGODlhAQABAAAAACH5BAEKAAEALAAAAAABAAEAAAICTAEAOw==\" style=\"--smush-placeholder-width: 391px; --smush-placeholder-aspect-ratio: 391\/600;\" \/><noscript><img loading=\"lazy\" decoding=\"async\" class=\"alignnone size-full wp-image-52755\" src=\"https:\/\/www.franz-josef.cz\/wp-content\/uploads\/2023\/09\/ROUSIN.-3.jpg\" alt=\"\" width=\"391\" height=\"600\" srcset=\"https:\/\/www.franz-josef.cz\/wp-content\/uploads\/2023\/09\/ROUSIN.-3.jpg 391w, https:\/\/www.franz-josef.cz\/wp-content\/uploads\/2023\/09\/ROUSIN.-3-196x300.jpg 196w\" sizes=\"(max-width: 391px) 100vw, 391px\" \/><\/noscript><\/p>","protected":false},"author":5,"featured_media":53855,"template":"","zarazeno-v-expozici":[252],"class_list":["post-52751","exponaty","type-exponaty","status-publish","has-post-thumbnail","hentry","zarazeno-v-expozici-sochy-a-pomniky-badatelska-cinnost-jiriho-danka"],"yoast_head":"<!-- This site is optimized with the Yoast SEO Premium plugin v20.12 (Yoast SEO v27.2) - https:\/\/yoast.com\/product\/yoast-seo-premium-wordpress\/ -->\n<title>ROUS\u00cdNOV &#8212; Muzeum c\u00edsa\u0159e Franz Josefa I.<\/title>\n<meta name=\"robots\" content=\"index, follow, max-snippet:-1, max-image-preview:large, max-video-preview:-1\" \/>\n<link rel=\"canonical\" href=\"https:\/\/www.franz-josef.cz\/de\/exponaty\/rousinov\/\" \/>\n<meta property=\"og:locale\" content=\"de_DE\" \/>\n<meta property=\"og:type\" content=\"article\" \/>\n<meta property=\"og:title\" content=\"ROUS\u00cdNOV\" \/>\n<meta property=\"og:description\" content=\"Pomn\u00edk monarchy Franti\u0161ka Josefa I., socha Svobody-replika &nbsp; V parku u kruhov\u00e9ho objezdu je pam\u00e1tn\u00edk padl\u00fdch v 1. sv\u011btov\u00e9 v\u00e1lce, ale je to p\u0159ed\u011blan\u00fd pomn\u00edk c\u00edsa\u0159e FJI. Rous\u00ednov\u00a0(p\u016fvodn\u011b\u00a0Nov\u00fd Rous\u00ednov,\u00a0n\u011bmecky\u00a0Neuraussnitz) je m\u011bsto v\u00a0okrese Vy\u0161kov\u00a0v\u00a0Jihomoravsk\u00e9m kraji, 12\u00a0km jihoz\u00e1padn\u011b od\u00a0Vy\u0161kova\u00a0na prav\u00e9m b\u0159ehu potoka\u00a0Rakovce\u00a0p\u0159i\u00a0st\u00e1tn\u00ed silnici z\u00a0Brna\u00a0do\u00a0Olomouce. Za &#8222;m\u011bste\u010dkem&#8220; p\u0159i cest\u011b do Kr\u00e1lovopolsk\u00fdch V\u00e1\u017ean byl v roce 1706 zalo\u017een h\u0159bitov, [&hellip;]\" \/>\n<meta property=\"og:url\" content=\"https:\/\/www.franz-josef.cz\/de\/exponaty\/rousinov\/\" \/>\n<meta property=\"og:site_name\" content=\"Muzeum c\u00edsa\u0159e Franz Josefa I.\" \/>\n<meta property=\"article:modified_time\" content=\"2024-02-11T13:57:44+00:00\" \/>\n<meta property=\"og:image\" content=\"https:\/\/www.franz-josef.cz\/wp-content\/uploads\/2023\/09\/FJI-ROUSINOV-POMNIK-PUVODNI.jpg\" \/>\n\t<meta property=\"og:image:width\" content=\"383\" \/>\n\t<meta property=\"og:image:height\" content=\"644\" \/>\n\t<meta property=\"og:image:type\" content=\"image\/jpeg\" \/>\n<meta name=\"twitter:card\" content=\"summary_large_image\" \/>\n<meta name=\"twitter:label1\" content=\"Gesch\u00e4tzte Lesezeit\" \/>\n\t<meta name=\"twitter:data1\" content=\"2\u00a0Minuten\" \/>\n<script type=\"application\/ld+json\" class=\"yoast-schema-graph\">{\"@context\":\"https:\/\/schema.org\",\"@graph\":[{\"@type\":\"WebPage\",\"@id\":\"https:\/\/www.franz-josef.cz\/exponaty\/rousinov\/\",\"url\":\"https:\/\/www.franz-josef.cz\/exponaty\/rousinov\/\",\"name\":\"ROUS\u00cdNOV &#8212; Muzeum c\u00edsa\u0159e Franz Josefa I.\",\"isPartOf\":{\"@id\":\"https:\/\/www.franz-josef.cz\/#website\"},\"primaryImageOfPage\":{\"@id\":\"https:\/\/www.franz-josef.cz\/exponaty\/rousinov\/#primaryimage\"},\"image\":{\"@id\":\"https:\/\/www.franz-josef.cz\/exponaty\/rousinov\/#primaryimage\"},\"thumbnailUrl\":\"https:\/\/www.franz-josef.cz\/wp-content\/uploads\/2023\/09\/FJI-ROUSINOV-POMNIK-PUVODNI.jpg\",\"datePublished\":\"2023-09-03T09:11:41+00:00\",\"dateModified\":\"2024-02-11T13:57:44+00:00\",\"breadcrumb\":{\"@id\":\"https:\/\/www.franz-josef.cz\/exponaty\/rousinov\/#breadcrumb\"},\"inLanguage\":\"de\",\"potentialAction\":[{\"@type\":\"ReadAction\",\"target\":[\"https:\/\/www.franz-josef.cz\/exponaty\/rousinov\/\"]}]},{\"@type\":\"ImageObject\",\"inLanguage\":\"de\",\"@id\":\"https:\/\/www.franz-josef.cz\/exponaty\/rousinov\/#primaryimage\",\"url\":\"https:\/\/www.franz-josef.cz\/wp-content\/uploads\/2023\/09\/FJI-ROUSINOV-POMNIK-PUVODNI.jpg\",\"contentUrl\":\"https:\/\/www.franz-josef.cz\/wp-content\/uploads\/2023\/09\/FJI-ROUSINOV-POMNIK-PUVODNI.jpg\",\"width\":383,\"height\":644},{\"@type\":\"BreadcrumbList\",\"@id\":\"https:\/\/www.franz-josef.cz\/exponaty\/rousinov\/#breadcrumb\",\"itemListElement\":[{\"@type\":\"ListItem\",\"position\":1,\"name\":\"Home\",\"item\":\"https:\/\/www.franz-josef.cz\/\"},{\"@type\":\"ListItem\",\"position\":2,\"name\":\"Expon\u00e1ty\",\"item\":\"https:\/\/www.franz-josef.cz\/exponaty\/\"},{\"@type\":\"ListItem\",\"position\":3,\"name\":\"ROUS\u00cdNOV\"}]},{\"@type\":\"WebSite\",\"@id\":\"https:\/\/www.franz-josef.cz\/#website\",\"url\":\"https:\/\/www.franz-josef.cz\/\",\"name\":\"Muzeum c\u00edsa\u0159e Franz Josefa I.\",\"description\":\"\",\"publisher\":{\"@id\":\"https:\/\/www.franz-josef.cz\/#organization\"},\"alternateName\":\"Franz Joseph\",\"potentialAction\":[{\"@type\":\"SearchAction\",\"target\":{\"@type\":\"EntryPoint\",\"urlTemplate\":\"https:\/\/www.franz-josef.cz\/?s={search_term_string}\"},\"query-input\":{\"@type\":\"PropertyValueSpecification\",\"valueRequired\":true,\"valueName\":\"search_term_string\"}}],\"inLanguage\":\"de\"},{\"@type\":\"Organization\",\"@id\":\"https:\/\/www.franz-josef.cz\/#organization\",\"name\":\"Muzeum Franz Josefa I.\",\"alternateName\":\"Franz Jozef\",\"url\":\"https:\/\/www.franz-josef.cz\/\",\"logo\":{\"@type\":\"ImageObject\",\"inLanguage\":\"de\",\"@id\":\"https:\/\/www.franz-josef.cz\/#\/schema\/logo\/image\/\",\"url\":\"https:\/\/www.franz-josef.cz\/wp-content\/uploads\/2023\/08\/Muzeum-Franz-Jozef-logo-696x696-1.png\",\"contentUrl\":\"https:\/\/www.franz-josef.cz\/wp-content\/uploads\/2023\/08\/Muzeum-Franz-Jozef-logo-696x696-1.png\",\"width\":696,\"height\":696,\"caption\":\"Muzeum Franz Josefa I.\"},\"image\":{\"@id\":\"https:\/\/www.franz-josef.cz\/#\/schema\/logo\/image\/\"}}]}<\/script>\n<!-- \/ Yoast SEO Premium plugin. -->","yoast_head_json":{"title":"ROUS\u00cdNOV &#8212; Muzeum c\u00edsa\u0159e Franz Josefa I.","robots":{"index":"index","follow":"follow","max-snippet":"max-snippet:-1","max-image-preview":"max-image-preview:large","max-video-preview":"max-video-preview:-1"},"canonical":"https:\/\/www.franz-josef.cz\/de\/exponaty\/rousinov\/","og_locale":"de_DE","og_type":"article","og_title":"ROUS\u00cdNOV","og_description":"Pomn\u00edk monarchy Franti\u0161ka Josefa I., socha Svobody-replika &nbsp; V parku u kruhov\u00e9ho objezdu je pam\u00e1tn\u00edk padl\u00fdch v 1. sv\u011btov\u00e9 v\u00e1lce, ale je to p\u0159ed\u011blan\u00fd pomn\u00edk c\u00edsa\u0159e FJI. Rous\u00ednov\u00a0(p\u016fvodn\u011b\u00a0Nov\u00fd Rous\u00ednov,\u00a0n\u011bmecky\u00a0Neuraussnitz) je m\u011bsto v\u00a0okrese Vy\u0161kov\u00a0v\u00a0Jihomoravsk\u00e9m kraji, 12\u00a0km jihoz\u00e1padn\u011b od\u00a0Vy\u0161kova\u00a0na prav\u00e9m b\u0159ehu potoka\u00a0Rakovce\u00a0p\u0159i\u00a0st\u00e1tn\u00ed silnici z\u00a0Brna\u00a0do\u00a0Olomouce. Za &#8222;m\u011bste\u010dkem&#8220; p\u0159i cest\u011b do Kr\u00e1lovopolsk\u00fdch V\u00e1\u017ean byl v roce 1706 zalo\u017een h\u0159bitov, [&hellip;]","og_url":"https:\/\/www.franz-josef.cz\/de\/exponaty\/rousinov\/","og_site_name":"Muzeum c\u00edsa\u0159e Franz Josefa I.","article_modified_time":"2024-02-11T13:57:44+00:00","og_image":[{"width":383,"height":644,"url":"https:\/\/www.franz-josef.cz\/wp-content\/uploads\/2023\/09\/FJI-ROUSINOV-POMNIK-PUVODNI.jpg","type":"image\/jpeg"}],"twitter_card":"summary_large_image","twitter_misc":{"Gesch\u00e4tzte Lesezeit":"2\u00a0Minuten"},"schema":{"@context":"https:\/\/schema.org","@graph":[{"@type":"WebPage","@id":"https:\/\/www.franz-josef.cz\/exponaty\/rousinov\/","url":"https:\/\/www.franz-josef.cz\/exponaty\/rousinov\/","name":"ROUS\u00cdNOV &#8212; Muzeum c\u00edsa\u0159e Franz Josefa I.","isPartOf":{"@id":"https:\/\/www.franz-josef.cz\/#website"},"primaryImageOfPage":{"@id":"https:\/\/www.franz-josef.cz\/exponaty\/rousinov\/#primaryimage"},"image":{"@id":"https:\/\/www.franz-josef.cz\/exponaty\/rousinov\/#primaryimage"},"thumbnailUrl":"https:\/\/www.franz-josef.cz\/wp-content\/uploads\/2023\/09\/FJI-ROUSINOV-POMNIK-PUVODNI.jpg","datePublished":"2023-09-03T09:11:41+00:00","dateModified":"2024-02-11T13:57:44+00:00","breadcrumb":{"@id":"https:\/\/www.franz-josef.cz\/exponaty\/rousinov\/#breadcrumb"},"inLanguage":"de","potentialAction":[{"@type":"ReadAction","target":["https:\/\/www.franz-josef.cz\/exponaty\/rousinov\/"]}]},{"@type":"ImageObject","inLanguage":"de","@id":"https:\/\/www.franz-josef.cz\/exponaty\/rousinov\/#primaryimage","url":"https:\/\/www.franz-josef.cz\/wp-content\/uploads\/2023\/09\/FJI-ROUSINOV-POMNIK-PUVODNI.jpg","contentUrl":"https:\/\/www.franz-josef.cz\/wp-content\/uploads\/2023\/09\/FJI-ROUSINOV-POMNIK-PUVODNI.jpg","width":383,"height":644},{"@type":"BreadcrumbList","@id":"https:\/\/www.franz-josef.cz\/exponaty\/rousinov\/#breadcrumb","itemListElement":[{"@type":"ListItem","position":1,"name":"Home","item":"https:\/\/www.franz-josef.cz\/"},{"@type":"ListItem","position":2,"name":"Expon\u00e1ty","item":"https:\/\/www.franz-josef.cz\/exponaty\/"},{"@type":"ListItem","position":3,"name":"ROUS\u00cdNOV"}]},{"@type":"WebSite","@id":"https:\/\/www.franz-josef.cz\/#website","url":"https:\/\/www.franz-josef.cz\/","name":"Muzeum c\u00edsa\u0159e Franz Josefa I.","description":"","publisher":{"@id":"https:\/\/www.franz-josef.cz\/#organization"},"alternateName":"Franz Joseph","potentialAction":[{"@type":"SearchAction","target":{"@type":"EntryPoint","urlTemplate":"https:\/\/www.franz-josef.cz\/?s={search_term_string}"},"query-input":{"@type":"PropertyValueSpecification","valueRequired":true,"valueName":"search_term_string"}}],"inLanguage":"de"},{"@type":"Organization","@id":"https:\/\/www.franz-josef.cz\/#organization","name":"Muzeum Franz Josefa I.","alternateName":"Franz Jozef","url":"https:\/\/www.franz-josef.cz\/","logo":{"@type":"ImageObject","inLanguage":"de","@id":"https:\/\/www.franz-josef.cz\/#\/schema\/logo\/image\/","url":"https:\/\/www.franz-josef.cz\/wp-content\/uploads\/2023\/08\/Muzeum-Franz-Jozef-logo-696x696-1.png","contentUrl":"https:\/\/www.franz-josef.cz\/wp-content\/uploads\/2023\/08\/Muzeum-Franz-Jozef-logo-696x696-1.png","width":696,"height":696,"caption":"Muzeum Franz Josefa I."},"image":{"@id":"https:\/\/www.franz-josef.cz\/#\/schema\/logo\/image\/"}}]}},"_links":{"self":[{"href":"https:\/\/www.franz-josef.cz\/de\/wp-json\/wp\/v2\/exponaty\/52751","targetHints":{"allow":["GET"]}}],"collection":[{"href":"https:\/\/www.franz-josef.cz\/de\/wp-json\/wp\/v2\/exponaty"}],"about":[{"href":"https:\/\/www.franz-josef.cz\/de\/wp-json\/wp\/v2\/types\/exponaty"}],"author":[{"embeddable":true,"href":"https:\/\/www.franz-josef.cz\/de\/wp-json\/wp\/v2\/users\/5"}],"version-history":[{"count":3,"href":"https:\/\/www.franz-josef.cz\/de\/wp-json\/wp\/v2\/exponaty\/52751\/revisions"}],"predecessor-version":[{"id":53859,"href":"https:\/\/www.franz-josef.cz\/de\/wp-json\/wp\/v2\/exponaty\/52751\/revisions\/53859"}],"wp:featuredmedia":[{"embeddable":true,"href":"https:\/\/www.franz-josef.cz\/de\/wp-json\/wp\/v2\/media\/53855"}],"wp:attachment":[{"href":"https:\/\/www.franz-josef.cz\/de\/wp-json\/wp\/v2\/media?parent=52751"}],"wp:term":[{"taxonomy":"zarazeno-v-expozici","embeddable":true,"href":"https:\/\/www.franz-josef.cz\/de\/wp-json\/wp\/v2\/zarazeno-v-expozici?post=52751"}],"curies":[{"name":"wp","href":"https:\/\/api.w.org\/{rel}","templated":true}]}}