{"id":45405,"date":"2023-07-05T19:26:37","date_gmt":"2023-07-05T17:26:37","guid":{"rendered":"https:\/\/www.franz-josef.cz\/?post_type=expozice&#038;p=45405"},"modified":"2024-01-07T19:40:41","modified_gmt":"2024-01-07T18:40:41","slug":"vaclav-brozik","status":"publish","type":"expozice","link":"https:\/\/www.franz-josef.cz\/de\/expozice\/vaclav-brozik\/","title":{"rendered":"Eine au\u00dfergew\u00f6hnliche Reihe von Dokumenten und Dokumenten \u00fcber V\u00e1clav Bro\u017e\u00edk \u2013 von der Gestapo verhaftet und bald hingerichtet"},"content":{"rendered":"<div data-elementor-type=\"wp-post\" data-elementor-id=\"45405\" class=\"elementor elementor-45405\" data-elementor-post-type=\"expozice\">\n\t\t\t\t\t\t<section data-particle_enable=\"false\" data-particle-mobile-disabled=\"false\" class=\"elementor-section elementor-top-section elementor-element elementor-element-312bb78 elementor-section-boxed elementor-section-height-default elementor-section-height-default\" data-id=\"312bb78\" data-element_type=\"section\" data-e-type=\"section\">\n\t\t\t\t\t\t<div class=\"elementor-container elementor-column-gap-default\">\n\t\t\t\t\t<div class=\"elementor-column elementor-col-100 elementor-top-column elementor-element elementor-element-f9c3bad\" data-id=\"f9c3bad\" data-element_type=\"column\" data-e-type=\"column\">\n\t\t\t<div class=\"elementor-widget-wrap elementor-element-populated\">\n\t\t\t\t\t\t<div class=\"elementor-element elementor-element-6a73af4 elementor-grid-eael-col-4 elementor-grid-tablet-eael-col-2 elementor-grid-mobile-eael-col-1 elementor-widget elementor-widget-eael-post-grid\" data-id=\"6a73af4\" data-element_type=\"widget\" data-e-type=\"widget\" data-settings=\"{&quot;eael_post_grid_columns&quot;:&quot;eael-col-4&quot;,&quot;eael_post_grid_columns_tablet&quot;:&quot;eael-col-2&quot;,&quot;eael_post_grid_columns_mobile&quot;:&quot;eael-col-1&quot;}\" data-widget_type=\"eael-post-grid.default\">\n\t\t\t\t<div class=\"elementor-widget-container\">\n\t\t\t\t\t<div id=\"eael-post-grid-6a73af4\" class=\"eael-post-grid-container\">\n            <div class=\"eael-post-grid eael-post-appender eael-post-appender-6a73af4 eael-post-grid-style-one\" data-layout-mode=\"grid\"><article class=\"eael-grid-post  eael-post-grid-column eael-pg-post-44916\" data-id=\"44916\">\n        <div class=\"eael-grid-post-holder\">\n            <div class=\"eael-grid-post-holder-inner\"><div class=\"eael-entry-media\"><div class=\"eael-entry-overlay fade-in\"><i class=\"fas fa-plus\" aria-hidden=\"true\"><\/i><a href=\"https:\/\/www.franz-josef.cz\/de\/exponaty\/vaclav-brozik-a\/\"><\/a><\/div><div class=\"eael-entry-thumbnail\">\n                <img fetchpriority=\"high\" decoding=\"async\" width=\"300\" height=\"250\" src=\"https:\/\/www.franz-josef.cz\/wp-content\/uploads\/2023\/07\/3-12-300x250.jpg\" class=\"attachment-medium size-medium wp-image-44919\" alt=\"\" srcset=\"https:\/\/www.franz-josef.cz\/wp-content\/uploads\/2023\/07\/3-12-300x250.jpg 300w, https:\/\/www.franz-josef.cz\/wp-content\/uploads\/2023\/07\/3-12-1024x853.jpg 1024w, https:\/\/www.franz-josef.cz\/wp-content\/uploads\/2023\/07\/3-12-768x640.jpg 768w, https:\/\/www.franz-josef.cz\/wp-content\/uploads\/2023\/07\/3-12-360x300.jpg 360w, https:\/\/www.franz-josef.cz\/wp-content\/uploads\/2023\/07\/3-12-310x258.jpg 310w, https:\/\/www.franz-josef.cz\/wp-content\/uploads\/2023\/07\/3-12-126x105.jpg 126w\" sizes=\"(max-width: 300px) 100vw, 300px\" \/>\n            <\/div>\n        <\/div><div class=\"eael-entry-wrapper\"><header class=\"eael-entry-header\"><h2 class=\"eael-entry-title\"><a class=\"eael-grid-post-link\" href=\"https:\/\/www.franz-josef.cz\/de\/exponaty\/vaclav-brozik-a\/\" title=\"1. V\u00e1clav Bro\u017e\u00edk\">1. V\u00e1clav Bro\u017e\u00edk<\/a><\/h2><\/header><\/div><\/div>\n        <\/div>\n    <\/article><article class=\"eael-grid-post  eael-post-grid-column eael-pg-post-45033\" data-id=\"45033\">\n        <div class=\"eael-grid-post-holder\">\n            <div class=\"eael-grid-post-holder-inner\"><div class=\"eael-entry-media\"><div class=\"eael-entry-overlay fade-in\"><i class=\"fas fa-plus\" aria-hidden=\"true\"><\/i><a href=\"https:\/\/www.franz-josef.cz\/de\/exponaty\/vaclav-brozik-b\/\"><\/a><\/div><div class=\"eael-entry-thumbnail\">\n                <img decoding=\"async\" width=\"210\" height=\"300\" data-src=\"https:\/\/www.franz-josef.cz\/wp-content\/uploads\/2023\/07\/102-6-210x300.jpg\" class=\"attachment-medium size-medium wp-image-45034 lazyload\" alt=\"\" data-srcset=\"https:\/\/www.franz-josef.cz\/wp-content\/uploads\/2023\/07\/102-6-210x300.jpg 210w, https:\/\/www.franz-josef.cz\/wp-content\/uploads\/2023\/07\/102-6-718x1024.jpg 718w, https:\/\/www.franz-josef.cz\/wp-content\/uploads\/2023\/07\/102-6-768x1095.jpg 768w, https:\/\/www.franz-josef.cz\/wp-content\/uploads\/2023\/07\/102-6-1077x1536.jpg 1077w, https:\/\/www.franz-josef.cz\/wp-content\/uploads\/2023\/07\/102-6-1436x2048.jpg 1436w, https:\/\/www.franz-josef.cz\/wp-content\/uploads\/2023\/07\/102-6-217x310.jpg 217w, https:\/\/www.franz-josef.cz\/wp-content\/uploads\/2023\/07\/102-6-74x105.jpg 74w\" data-sizes=\"(max-width: 210px) 100vw, 210px\" src=\"data:image\/gif;base64,R0lGODlhAQABAAAAACH5BAEKAAEALAAAAAABAAEAAAICTAEAOw==\" style=\"--smush-placeholder-width: 210px; --smush-placeholder-aspect-ratio: 210\/300;\" \/><noscript><img decoding=\"async\" width=\"210\" height=\"300\" src=\"https:\/\/www.franz-josef.cz\/wp-content\/uploads\/2023\/07\/102-6-210x300.jpg\" class=\"attachment-medium size-medium wp-image-45034\" alt=\"\" srcset=\"https:\/\/www.franz-josef.cz\/wp-content\/uploads\/2023\/07\/102-6-210x300.jpg 210w, https:\/\/www.franz-josef.cz\/wp-content\/uploads\/2023\/07\/102-6-718x1024.jpg 718w, https:\/\/www.franz-josef.cz\/wp-content\/uploads\/2023\/07\/102-6-768x1095.jpg 768w, https:\/\/www.franz-josef.cz\/wp-content\/uploads\/2023\/07\/102-6-1077x1536.jpg 1077w, https:\/\/www.franz-josef.cz\/wp-content\/uploads\/2023\/07\/102-6-1436x2048.jpg 1436w, https:\/\/www.franz-josef.cz\/wp-content\/uploads\/2023\/07\/102-6-217x310.jpg 217w, https:\/\/www.franz-josef.cz\/wp-content\/uploads\/2023\/07\/102-6-74x105.jpg 74w\" sizes=\"(max-width: 210px) 100vw, 210px\" \/><\/noscript>\n            <\/div>\n        <\/div><div class=\"eael-entry-wrapper\"><header class=\"eael-entry-header\"><h2 class=\"eael-entry-title\"><a class=\"eael-grid-post-link\" href=\"https:\/\/www.franz-josef.cz\/de\/exponaty\/vaclav-brozik-b\/\" title=\"2. V\u00e1clav Bro\u017e\u00edk\">2. V\u00e1clav Bro\u017e\u00edk<\/a><\/h2><\/header><\/div><\/div>\n        <\/div>\n    <\/article><article class=\"eael-grid-post  eael-post-grid-column eael-pg-post-45269\" data-id=\"45269\">\n        <div class=\"eael-grid-post-holder\">\n            <div class=\"eael-grid-post-holder-inner\"><div class=\"eael-entry-media\"><div class=\"eael-entry-overlay fade-in\"><i class=\"fas fa-plus\" aria-hidden=\"true\"><\/i><a href=\"https:\/\/www.franz-josef.cz\/de\/exponaty\/vaclav-brozik-c\/\"><\/a><\/div><div class=\"eael-entry-thumbnail\">\n                <img decoding=\"async\" width=\"300\" height=\"218\" data-src=\"https:\/\/www.franz-josef.cz\/wp-content\/uploads\/2023\/07\/228-4-300x218.jpg\" class=\"attachment-medium size-medium wp-image-45285 lazyload\" alt=\"\" data-srcset=\"https:\/\/www.franz-josef.cz\/wp-content\/uploads\/2023\/07\/228-4-300x218.jpg 300w, https:\/\/www.franz-josef.cz\/wp-content\/uploads\/2023\/07\/228-4-1024x744.jpg 1024w, https:\/\/www.franz-josef.cz\/wp-content\/uploads\/2023\/07\/228-4-768x558.jpg 768w, https:\/\/www.franz-josef.cz\/wp-content\/uploads\/2023\/07\/228-4-1536x1116.jpg 1536w, https:\/\/www.franz-josef.cz\/wp-content\/uploads\/2023\/07\/228-4-413x300.jpg 413w, https:\/\/www.franz-josef.cz\/wp-content\/uploads\/2023\/07\/228-4-310x225.jpg 310w, https:\/\/www.franz-josef.cz\/wp-content\/uploads\/2023\/07\/228-4-145x105.jpg 145w\" data-sizes=\"(max-width: 300px) 100vw, 300px\" src=\"data:image\/gif;base64,R0lGODlhAQABAAAAACH5BAEKAAEALAAAAAABAAEAAAICTAEAOw==\" style=\"--smush-placeholder-width: 300px; --smush-placeholder-aspect-ratio: 300\/218;\" \/><noscript><img decoding=\"async\" width=\"300\" height=\"218\" src=\"https:\/\/www.franz-josef.cz\/wp-content\/uploads\/2023\/07\/228-4-300x218.jpg\" class=\"attachment-medium size-medium wp-image-45285\" alt=\"\" srcset=\"https:\/\/www.franz-josef.cz\/wp-content\/uploads\/2023\/07\/228-4-300x218.jpg 300w, https:\/\/www.franz-josef.cz\/wp-content\/uploads\/2023\/07\/228-4-1024x744.jpg 1024w, https:\/\/www.franz-josef.cz\/wp-content\/uploads\/2023\/07\/228-4-768x558.jpg 768w, https:\/\/www.franz-josef.cz\/wp-content\/uploads\/2023\/07\/228-4-1536x1116.jpg 1536w, https:\/\/www.franz-josef.cz\/wp-content\/uploads\/2023\/07\/228-4-413x300.jpg 413w, https:\/\/www.franz-josef.cz\/wp-content\/uploads\/2023\/07\/228-4-310x225.jpg 310w, https:\/\/www.franz-josef.cz\/wp-content\/uploads\/2023\/07\/228-4-145x105.jpg 145w\" sizes=\"(max-width: 300px) 100vw, 300px\" \/><\/noscript>\n            <\/div>\n        <\/div><div class=\"eael-entry-wrapper\"><header class=\"eael-entry-header\"><h2 class=\"eael-entry-title\"><a class=\"eael-grid-post-link\" href=\"https:\/\/www.franz-josef.cz\/de\/exponaty\/vaclav-brozik-c\/\" title=\"3. V\u00e1clav Bro\u017e\u00edk\">3. V\u00e1clav Bro\u017e\u00edk<\/a><\/h2><\/header><\/div><\/div>\n        <\/div>\n    <\/article><article class=\"eael-grid-post  eael-post-grid-column eael-pg-post-45335\" data-id=\"45335\">\n        <div class=\"eael-grid-post-holder\">\n            <div class=\"eael-grid-post-holder-inner\"><div class=\"eael-entry-media\"><div class=\"eael-entry-overlay fade-in\"><i class=\"fas fa-plus\" aria-hidden=\"true\"><\/i><a href=\"https:\/\/www.franz-josef.cz\/de\/exponaty\/vaclav-brozik-d\/\"><\/a><\/div><div class=\"eael-entry-thumbnail\">\n                <img decoding=\"async\" width=\"229\" height=\"300\" data-src=\"https:\/\/www.franz-josef.cz\/wp-content\/uploads\/2023\/07\/325-4-229x300.jpg\" class=\"attachment-medium size-medium wp-image-45396 lazyload\" alt=\"\" data-srcset=\"https:\/\/www.franz-josef.cz\/wp-content\/uploads\/2023\/07\/325-4-229x300.jpg 229w, https:\/\/www.franz-josef.cz\/wp-content\/uploads\/2023\/07\/325-4-781x1024.jpg 781w, https:\/\/www.franz-josef.cz\/wp-content\/uploads\/2023\/07\/325-4-768x1007.jpg 768w, https:\/\/www.franz-josef.cz\/wp-content\/uploads\/2023\/07\/325-4-237x310.jpg 237w, https:\/\/www.franz-josef.cz\/wp-content\/uploads\/2023\/07\/325-4-80x105.jpg 80w, https:\/\/www.franz-josef.cz\/wp-content\/uploads\/2023\/07\/325-4.jpg 1017w\" data-sizes=\"(max-width: 229px) 100vw, 229px\" src=\"data:image\/gif;base64,R0lGODlhAQABAAAAACH5BAEKAAEALAAAAAABAAEAAAICTAEAOw==\" style=\"--smush-placeholder-width: 229px; --smush-placeholder-aspect-ratio: 229\/300;\" \/><noscript><img loading=\"lazy\" decoding=\"async\" width=\"229\" height=\"300\" src=\"https:\/\/www.franz-josef.cz\/wp-content\/uploads\/2023\/07\/325-4-229x300.jpg\" class=\"attachment-medium size-medium wp-image-45396\" alt=\"\" srcset=\"https:\/\/www.franz-josef.cz\/wp-content\/uploads\/2023\/07\/325-4-229x300.jpg 229w, https:\/\/www.franz-josef.cz\/wp-content\/uploads\/2023\/07\/325-4-781x1024.jpg 781w, https:\/\/www.franz-josef.cz\/wp-content\/uploads\/2023\/07\/325-4-768x1007.jpg 768w, https:\/\/www.franz-josef.cz\/wp-content\/uploads\/2023\/07\/325-4-237x310.jpg 237w, https:\/\/www.franz-josef.cz\/wp-content\/uploads\/2023\/07\/325-4-80x105.jpg 80w, https:\/\/www.franz-josef.cz\/wp-content\/uploads\/2023\/07\/325-4.jpg 1017w\" sizes=\"(max-width: 229px) 100vw, 229px\" \/><\/noscript>\n            <\/div>\n        <\/div><div class=\"eael-entry-wrapper\"><header class=\"eael-entry-header\"><h2 class=\"eael-entry-title\"><a class=\"eael-grid-post-link\" href=\"https:\/\/www.franz-josef.cz\/de\/exponaty\/vaclav-brozik-d\/\" title=\"4. V\u00e1clav Bro\u017e\u00edk\">4. V\u00e1clav Bro\u017e\u00edk<\/a><\/h2><\/header><\/div><\/div>\n        <\/div>\n    <\/article><\/div>\n            <div class=\"clearfix\"><\/div>\n        <\/div>\t\t\t\t<\/div>\n\t\t\t\t<\/div>\n\t\t\t\t\t<\/div>\n\t\t<\/div>\n\t\t\t\t\t<\/div>\n\t\t<\/section>\n\t\t\t\t<\/div>","protected":false},"author":3,"featured_media":44919,"parent":0,"template":"","podexpozice":[239],"class_list":["post-45405","expozice","type-expozice","status-publish","has-post-thumbnail","hentry","podexpozice-seznam-hl-expozici"],"yoast_head":"<!-- This site is optimized with the Yoast SEO Premium plugin v20.12 (Yoast SEO v27.2) - https:\/\/yoast.com\/product\/yoast-seo-premium-wordpress\/ -->\n<title>Expozice Mimo\u0159\u00e1dn\u00fd soubor celistvost\u00ed a doklad\u016f t\u00fdkaj\u00edc\u00ed se V\u00e1clava Bro\u017e\u00edka - zat\u010den\u00e9ho gestapem a z\u00e1hy popraven &#8212; Muzeum c\u00edsa\u0159e Franz Josefa I.<\/title>\n<meta name=\"description\" content=\"Mimo\u0159\u00e1dn\u00fd soubor celistvost\u00ed a doklad\u016f t\u00fdkaj\u00edc\u00ed se V\u00e1clava Bro\u017e\u00edka - zat\u010den\u00e9ho gestapem, snahou maminky o jeho z\u00e1chranu a nakonec tragick\u00fd konec . Poch\u00e1zel z rodiny Bro\u017e\u00edk\u016f- podnikaj\u00edc\u00edch ve v\u00fdrob\u011b ko\u010d\u00e1r\u016f- Plze\u0148.\" \/>\n<meta name=\"robots\" content=\"index, follow, max-snippet:-1, max-image-preview:large, max-video-preview:-1\" \/>\n<link rel=\"canonical\" href=\"https:\/\/www.franz-josef.cz\/de\/expozice\/vaclav-brozik\/\" \/>\n<meta property=\"og:locale\" content=\"de_DE\" \/>\n<meta property=\"og:type\" content=\"article\" \/>\n<meta property=\"og:title\" content=\"Mimo\u0159\u00e1dn\u00fd soubor celistvost\u00ed a doklad\u016f t\u00fdkaj\u00edc\u00ed se V\u00e1clava Bro\u017e\u00edka - zat\u010den\u00e9ho gestapem a z\u00e1hy popraven\" \/>\n<meta property=\"og:description\" content=\"Mimo\u0159\u00e1dn\u00fd soubor celistvost\u00ed a doklad\u016f t\u00fdkaj\u00edc\u00ed se V\u00e1clava Bro\u017e\u00edka - zat\u010den\u00e9ho gestapem, snahou maminky o jeho z\u00e1chranu a nakonec tragick\u00fd konec . Poch\u00e1zel z rodiny Bro\u017e\u00edk\u016f- podnikaj\u00edc\u00edch ve v\u00fdrob\u011b ko\u010d\u00e1r\u016f- Plze\u0148.\" \/>\n<meta property=\"og:url\" content=\"https:\/\/www.franz-josef.cz\/de\/expozice\/vaclav-brozik\/\" \/>\n<meta property=\"og:site_name\" content=\"Muzeum c\u00edsa\u0159e Franz Josefa I.\" \/>\n<meta property=\"article:modified_time\" content=\"2024-01-07T18:40:41+00:00\" \/>\n<meta property=\"og:image\" content=\"https:\/\/www.franz-josef.cz\/wp-content\/uploads\/2023\/07\/3-12.jpg\" \/>\n\t<meta property=\"og:image:width\" content=\"1180\" \/>\n\t<meta property=\"og:image:height\" content=\"1416\" \/>\n\t<meta property=\"og:image:type\" content=\"image\/jpeg\" \/>\n<meta name=\"twitter:card\" content=\"summary_large_image\" \/>\n<meta name=\"twitter:label1\" content=\"Gesch\u00e4tzte Lesezeit\" \/>\n\t<meta name=\"twitter:data1\" content=\"2\u00a0Minuten\" \/>\n<script type=\"application\/ld+json\" class=\"yoast-schema-graph\">{\"@context\":\"https:\/\/schema.org\",\"@graph\":[{\"@type\":\"WebPage\",\"@id\":\"https:\/\/www.franz-josef.cz\/expozice\/vaclav-brozik\/\",\"url\":\"https:\/\/www.franz-josef.cz\/expozice\/vaclav-brozik\/\",\"name\":\"Expozice Mimo\u0159\u00e1dn\u00fd soubor celistvost\u00ed a doklad\u016f t\u00fdkaj\u00edc\u00ed se V\u00e1clava Bro\u017e\u00edka - zat\u010den\u00e9ho gestapem a z\u00e1hy popraven &#8212; Muzeum c\u00edsa\u0159e Franz Josefa I.\",\"isPartOf\":{\"@id\":\"https:\/\/www.franz-josef.cz\/#website\"},\"primaryImageOfPage\":{\"@id\":\"https:\/\/www.franz-josef.cz\/expozice\/vaclav-brozik\/#primaryimage\"},\"image\":{\"@id\":\"https:\/\/www.franz-josef.cz\/expozice\/vaclav-brozik\/#primaryimage\"},\"thumbnailUrl\":\"https:\/\/www.franz-josef.cz\/wp-content\/uploads\/2023\/07\/3-12.jpg\",\"datePublished\":\"2023-07-05T17:26:37+00:00\",\"dateModified\":\"2024-01-07T18:40:41+00:00\",\"description\":\"Mimo\u0159\u00e1dn\u00fd soubor celistvost\u00ed a doklad\u016f t\u00fdkaj\u00edc\u00ed se V\u00e1clava Bro\u017e\u00edka - zat\u010den\u00e9ho gestapem, snahou maminky o jeho z\u00e1chranu a nakonec tragick\u00fd konec . Poch\u00e1zel z rodiny Bro\u017e\u00edk\u016f- podnikaj\u00edc\u00edch ve v\u00fdrob\u011b ko\u010d\u00e1r\u016f- Plze\u0148.\",\"breadcrumb\":{\"@id\":\"https:\/\/www.franz-josef.cz\/expozice\/vaclav-brozik\/#breadcrumb\"},\"inLanguage\":\"de\",\"potentialAction\":[{\"@type\":\"ReadAction\",\"target\":[\"https:\/\/www.franz-josef.cz\/expozice\/vaclav-brozik\/\"]}]},{\"@type\":\"ImageObject\",\"inLanguage\":\"de\",\"@id\":\"https:\/\/www.franz-josef.cz\/expozice\/vaclav-brozik\/#primaryimage\",\"url\":\"https:\/\/www.franz-josef.cz\/wp-content\/uploads\/2023\/07\/3-12.jpg\",\"contentUrl\":\"https:\/\/www.franz-josef.cz\/wp-content\/uploads\/2023\/07\/3-12.jpg\",\"width\":1180,\"height\":1416},{\"@type\":\"BreadcrumbList\",\"@id\":\"https:\/\/www.franz-josef.cz\/expozice\/vaclav-brozik\/#breadcrumb\",\"itemListElement\":[{\"@type\":\"ListItem\",\"position\":1,\"name\":\"Home\",\"item\":\"https:\/\/www.franz-josef.cz\/\"},{\"@type\":\"ListItem\",\"position\":2,\"name\":\"Expozice\",\"item\":\"https:\/\/www.franz-josef.cz\/expozice\/\"},{\"@type\":\"ListItem\",\"position\":3,\"name\":\"Mimo\u0159\u00e1dn\u00fd soubor celistvost\u00ed a doklad\u016f t\u00fdkaj\u00edc\u00ed se V\u00e1clava Bro\u017e\u00edka &#8211; zat\u010den\u00e9ho gestapem a z\u00e1hy popraven\"}]},{\"@type\":\"WebSite\",\"@id\":\"https:\/\/www.franz-josef.cz\/#website\",\"url\":\"https:\/\/www.franz-josef.cz\/\",\"name\":\"Muzeum c\u00edsa\u0159e Franz Josefa I.\",\"description\":\"\",\"publisher\":{\"@id\":\"https:\/\/www.franz-josef.cz\/#organization\"},\"alternateName\":\"Franz Joseph\",\"potentialAction\":[{\"@type\":\"SearchAction\",\"target\":{\"@type\":\"EntryPoint\",\"urlTemplate\":\"https:\/\/www.franz-josef.cz\/?s={search_term_string}\"},\"query-input\":{\"@type\":\"PropertyValueSpecification\",\"valueRequired\":true,\"valueName\":\"search_term_string\"}}],\"inLanguage\":\"de\"},{\"@type\":\"Organization\",\"@id\":\"https:\/\/www.franz-josef.cz\/#organization\",\"name\":\"Muzeum Franz Josefa I.\",\"alternateName\":\"Franz Jozef\",\"url\":\"https:\/\/www.franz-josef.cz\/\",\"logo\":{\"@type\":\"ImageObject\",\"inLanguage\":\"de\",\"@id\":\"https:\/\/www.franz-josef.cz\/#\/schema\/logo\/image\/\",\"url\":\"https:\/\/www.franz-josef.cz\/wp-content\/uploads\/2023\/08\/Muzeum-Franz-Jozef-logo-696x696-1.png\",\"contentUrl\":\"https:\/\/www.franz-josef.cz\/wp-content\/uploads\/2023\/08\/Muzeum-Franz-Jozef-logo-696x696-1.png\",\"width\":696,\"height\":696,\"caption\":\"Muzeum Franz Josefa I.\"},\"image\":{\"@id\":\"https:\/\/www.franz-josef.cz\/#\/schema\/logo\/image\/\"}}]}<\/script>\n<!-- \/ Yoast SEO Premium plugin. -->","yoast_head_json":{"title":"Expozice Mimo\u0159\u00e1dn\u00fd soubor celistvost\u00ed a doklad\u016f t\u00fdkaj\u00edc\u00ed se V\u00e1clava Bro\u017e\u00edka - zat\u010den\u00e9ho gestapem a z\u00e1hy popraven &#8212; Muzeum c\u00edsa\u0159e Franz Josefa I.","description":"Mimo\u0159\u00e1dn\u00fd soubor celistvost\u00ed a doklad\u016f t\u00fdkaj\u00edc\u00ed se V\u00e1clava Bro\u017e\u00edka - zat\u010den\u00e9ho gestapem, snahou maminky o jeho z\u00e1chranu a nakonec tragick\u00fd konec . Poch\u00e1zel z rodiny Bro\u017e\u00edk\u016f- podnikaj\u00edc\u00edch ve v\u00fdrob\u011b ko\u010d\u00e1r\u016f- Plze\u0148.","robots":{"index":"index","follow":"follow","max-snippet":"max-snippet:-1","max-image-preview":"max-image-preview:large","max-video-preview":"max-video-preview:-1"},"canonical":"https:\/\/www.franz-josef.cz\/de\/expozice\/vaclav-brozik\/","og_locale":"de_DE","og_type":"article","og_title":"Mimo\u0159\u00e1dn\u00fd soubor celistvost\u00ed a doklad\u016f t\u00fdkaj\u00edc\u00ed se V\u00e1clava Bro\u017e\u00edka - zat\u010den\u00e9ho gestapem a z\u00e1hy popraven","og_description":"Mimo\u0159\u00e1dn\u00fd soubor celistvost\u00ed a doklad\u016f t\u00fdkaj\u00edc\u00ed se V\u00e1clava Bro\u017e\u00edka - zat\u010den\u00e9ho gestapem, snahou maminky o jeho z\u00e1chranu a nakonec tragick\u00fd konec . Poch\u00e1zel z rodiny Bro\u017e\u00edk\u016f- podnikaj\u00edc\u00edch ve v\u00fdrob\u011b ko\u010d\u00e1r\u016f- Plze\u0148.","og_url":"https:\/\/www.franz-josef.cz\/de\/expozice\/vaclav-brozik\/","og_site_name":"Muzeum c\u00edsa\u0159e Franz Josefa I.","article_modified_time":"2024-01-07T18:40:41+00:00","og_image":[{"width":1180,"height":1416,"url":"https:\/\/www.franz-josef.cz\/wp-content\/uploads\/2023\/07\/3-12.jpg","type":"image\/jpeg"}],"twitter_card":"summary_large_image","twitter_misc":{"Gesch\u00e4tzte Lesezeit":"2\u00a0Minuten"},"schema":{"@context":"https:\/\/schema.org","@graph":[{"@type":"WebPage","@id":"https:\/\/www.franz-josef.cz\/expozice\/vaclav-brozik\/","url":"https:\/\/www.franz-josef.cz\/expozice\/vaclav-brozik\/","name":"Expozice Mimo\u0159\u00e1dn\u00fd soubor celistvost\u00ed a doklad\u016f t\u00fdkaj\u00edc\u00ed se V\u00e1clava Bro\u017e\u00edka - zat\u010den\u00e9ho gestapem a z\u00e1hy popraven &#8212; Muzeum c\u00edsa\u0159e Franz Josefa I.","isPartOf":{"@id":"https:\/\/www.franz-josef.cz\/#website"},"primaryImageOfPage":{"@id":"https:\/\/www.franz-josef.cz\/expozice\/vaclav-brozik\/#primaryimage"},"image":{"@id":"https:\/\/www.franz-josef.cz\/expozice\/vaclav-brozik\/#primaryimage"},"thumbnailUrl":"https:\/\/www.franz-josef.cz\/wp-content\/uploads\/2023\/07\/3-12.jpg","datePublished":"2023-07-05T17:26:37+00:00","dateModified":"2024-01-07T18:40:41+00:00","description":"Mimo\u0159\u00e1dn\u00fd soubor celistvost\u00ed a doklad\u016f t\u00fdkaj\u00edc\u00ed se V\u00e1clava Bro\u017e\u00edka - zat\u010den\u00e9ho gestapem, snahou maminky o jeho z\u00e1chranu a nakonec tragick\u00fd konec . Poch\u00e1zel z rodiny Bro\u017e\u00edk\u016f- podnikaj\u00edc\u00edch ve v\u00fdrob\u011b ko\u010d\u00e1r\u016f- Plze\u0148.","breadcrumb":{"@id":"https:\/\/www.franz-josef.cz\/expozice\/vaclav-brozik\/#breadcrumb"},"inLanguage":"de","potentialAction":[{"@type":"ReadAction","target":["https:\/\/www.franz-josef.cz\/expozice\/vaclav-brozik\/"]}]},{"@type":"ImageObject","inLanguage":"de","@id":"https:\/\/www.franz-josef.cz\/expozice\/vaclav-brozik\/#primaryimage","url":"https:\/\/www.franz-josef.cz\/wp-content\/uploads\/2023\/07\/3-12.jpg","contentUrl":"https:\/\/www.franz-josef.cz\/wp-content\/uploads\/2023\/07\/3-12.jpg","width":1180,"height":1416},{"@type":"BreadcrumbList","@id":"https:\/\/www.franz-josef.cz\/expozice\/vaclav-brozik\/#breadcrumb","itemListElement":[{"@type":"ListItem","position":1,"name":"Home","item":"https:\/\/www.franz-josef.cz\/"},{"@type":"ListItem","position":2,"name":"Expozice","item":"https:\/\/www.franz-josef.cz\/expozice\/"},{"@type":"ListItem","position":3,"name":"Mimo\u0159\u00e1dn\u00fd soubor celistvost\u00ed a doklad\u016f t\u00fdkaj\u00edc\u00ed se V\u00e1clava Bro\u017e\u00edka &#8211; zat\u010den\u00e9ho gestapem a z\u00e1hy popraven"}]},{"@type":"WebSite","@id":"https:\/\/www.franz-josef.cz\/#website","url":"https:\/\/www.franz-josef.cz\/","name":"Muzeum c\u00edsa\u0159e Franz Josefa I.","description":"","publisher":{"@id":"https:\/\/www.franz-josef.cz\/#organization"},"alternateName":"Franz Joseph","potentialAction":[{"@type":"SearchAction","target":{"@type":"EntryPoint","urlTemplate":"https:\/\/www.franz-josef.cz\/?s={search_term_string}"},"query-input":{"@type":"PropertyValueSpecification","valueRequired":true,"valueName":"search_term_string"}}],"inLanguage":"de"},{"@type":"Organization","@id":"https:\/\/www.franz-josef.cz\/#organization","name":"Muzeum Franz Josefa I.","alternateName":"Franz Jozef","url":"https:\/\/www.franz-josef.cz\/","logo":{"@type":"ImageObject","inLanguage":"de","@id":"https:\/\/www.franz-josef.cz\/#\/schema\/logo\/image\/","url":"https:\/\/www.franz-josef.cz\/wp-content\/uploads\/2023\/08\/Muzeum-Franz-Jozef-logo-696x696-1.png","contentUrl":"https:\/\/www.franz-josef.cz\/wp-content\/uploads\/2023\/08\/Muzeum-Franz-Jozef-logo-696x696-1.png","width":696,"height":696,"caption":"Muzeum Franz Josefa I."},"image":{"@id":"https:\/\/www.franz-josef.cz\/#\/schema\/logo\/image\/"}}]}},"_links":{"self":[{"href":"https:\/\/www.franz-josef.cz\/de\/wp-json\/wp\/v2\/expozice\/45405","targetHints":{"allow":["GET"]}}],"collection":[{"href":"https:\/\/www.franz-josef.cz\/de\/wp-json\/wp\/v2\/expozice"}],"about":[{"href":"https:\/\/www.franz-josef.cz\/de\/wp-json\/wp\/v2\/types\/expozice"}],"author":[{"embeddable":true,"href":"https:\/\/www.franz-josef.cz\/de\/wp-json\/wp\/v2\/users\/3"}],"version-history":[{"count":9,"href":"https:\/\/www.franz-josef.cz\/de\/wp-json\/wp\/v2\/expozice\/45405\/revisions"}],"predecessor-version":[{"id":53791,"href":"https:\/\/www.franz-josef.cz\/de\/wp-json\/wp\/v2\/expozice\/45405\/revisions\/53791"}],"wp:featuredmedia":[{"embeddable":true,"href":"https:\/\/www.franz-josef.cz\/de\/wp-json\/wp\/v2\/media\/44919"}],"wp:attachment":[{"href":"https:\/\/www.franz-josef.cz\/de\/wp-json\/wp\/v2\/media?parent=45405"}],"wp:term":[{"taxonomy":"podexpozice","embeddable":true,"href":"https:\/\/www.franz-josef.cz\/de\/wp-json\/wp\/v2\/podexpozice?post=45405"}],"curies":[{"name":"wp","href":"https:\/\/api.w.org\/{rel}","templated":true}]}}