{"id":49534,"date":"2023-07-19T21:47:02","date_gmt":"2023-07-19T19:47:02","guid":{"rendered":"https:\/\/www.franz-josef.cz\/?post_type=expozice&#038;p=49534"},"modified":"2024-01-07T19:48:21","modified_gmt":"2024-01-07T18:48:21","slug":"tatra-603-generalni-oprava","status":"publish","type":"expozice","link":"https:\/\/www.franz-josef.cz\/de\/expozice\/tatra-603-generalni-oprava\/","title":{"rendered":"Tatra 603 \u2013 \u00dcberholung, Arbeitsfortschritt"},"content":{"rendered":"<div data-elementor-type=\"wp-post\" data-elementor-id=\"49534\" class=\"elementor elementor-49534\" data-elementor-post-type=\"expozice\">\n\t\t\t\t\t\t<section data-particle_enable=\"false\" data-particle-mobile-disabled=\"false\" class=\"elementor-section elementor-top-section elementor-element elementor-element-0e75ff4 elementor-section-boxed elementor-section-height-default elementor-section-height-default\" data-id=\"0e75ff4\" data-element_type=\"section\" data-e-type=\"section\">\n\t\t\t\t\t\t<div class=\"elementor-container elementor-column-gap-default\">\n\t\t\t\t\t<div class=\"elementor-column elementor-col-100 elementor-top-column elementor-element elementor-element-4d78b31\" data-id=\"4d78b31\" data-element_type=\"column\" data-e-type=\"column\">\n\t\t\t<div class=\"elementor-widget-wrap elementor-element-populated\">\n\t\t\t\t\t\t<div class=\"elementor-element elementor-element-cde3cb1 elementor-grid-eael-col-4 elementor-grid-tablet-eael-col-2 elementor-grid-mobile-eael-col-1 elementor-widget elementor-widget-eael-post-grid\" data-id=\"cde3cb1\" data-element_type=\"widget\" data-e-type=\"widget\" data-settings=\"{&quot;eael_post_grid_columns&quot;:&quot;eael-col-4&quot;,&quot;eael_post_grid_columns_tablet&quot;:&quot;eael-col-2&quot;,&quot;eael_post_grid_columns_mobile&quot;:&quot;eael-col-1&quot;}\" data-widget_type=\"eael-post-grid.default\">\n\t\t\t\t<div class=\"elementor-widget-container\">\n\t\t\t\t\t<div id=\"eael-post-grid-cde3cb1\" class=\"eael-post-grid-container\">\n            <div class=\"eael-post-grid eael-post-appender eael-post-appender-cde3cb1 eael-post-grid-style-one\" data-layout-mode=\"grid\"><article class=\"eael-grid-post  eael-post-grid-column eael-pg-post-49544\" data-id=\"49544\">\n        <div class=\"eael-grid-post-holder\">\n            <div class=\"eael-grid-post-holder-inner\"><div class=\"eael-entry-media\"><div class=\"eael-entry-overlay fade-in\"><i class=\"fas fa-plus\" aria-hidden=\"true\"><\/i><a href=\"https:\/\/www.franz-josef.cz\/de\/exponaty\/1-rekonstrukce-tatra-603\/\"><\/a><\/div><div class=\"eael-entry-thumbnail\">\n                <img fetchpriority=\"high\" decoding=\"async\" width=\"300\" height=\"225\" src=\"https:\/\/www.franz-josef.cz\/wp-content\/uploads\/2023\/07\/1-2-300x225.jpg\" class=\"attachment-medium size-medium wp-image-49545\" alt=\"\" srcset=\"https:\/\/www.franz-josef.cz\/wp-content\/uploads\/2023\/07\/1-2-300x225.jpg 300w, https:\/\/www.franz-josef.cz\/wp-content\/uploads\/2023\/07\/1-2-768x576.jpg 768w, https:\/\/www.franz-josef.cz\/wp-content\/uploads\/2023\/07\/1-2.jpg 1000w\" sizes=\"(max-width: 300px) 100vw, 300px\" \/>\n            <\/div>\n        <\/div><div class=\"eael-entry-wrapper\"><header class=\"eael-entry-header\"><h2 class=\"eael-entry-title\"><a class=\"eael-grid-post-link\" href=\"https:\/\/www.franz-josef.cz\/de\/exponaty\/1-rekonstrukce-tatra-603\/\" title=\"1. Rekonstruktion von TATRA 603\">1. Rekonstruktion von TATRA 603<\/a><\/h2><\/header><\/div><\/div>\n        <\/div>\n    <\/article><article class=\"eael-grid-post  eael-post-grid-column eael-pg-post-49751\" data-id=\"49751\">\n        <div class=\"eael-grid-post-holder\">\n            <div class=\"eael-grid-post-holder-inner\"><div class=\"eael-entry-media\"><div class=\"eael-entry-overlay fade-in\"><i class=\"fas fa-plus\" aria-hidden=\"true\"><\/i><a href=\"https:\/\/www.franz-josef.cz\/de\/exponaty\/2-rekonstrukce-tatra-603\/\"><\/a><\/div><div class=\"eael-entry-thumbnail\">\n                <img decoding=\"async\" width=\"300\" height=\"169\" data-src=\"https:\/\/www.franz-josef.cz\/wp-content\/uploads\/2023\/07\/127-10-300x169.jpg\" class=\"attachment-medium size-medium wp-image-49781 lazyload\" alt=\"\" data-srcset=\"https:\/\/www.franz-josef.cz\/wp-content\/uploads\/2023\/07\/127-10-300x169.jpg 300w, https:\/\/www.franz-josef.cz\/wp-content\/uploads\/2023\/07\/127-10-1024x577.jpg 1024w, https:\/\/www.franz-josef.cz\/wp-content\/uploads\/2023\/07\/127-10-768x433.jpg 768w, https:\/\/www.franz-josef.cz\/wp-content\/uploads\/2023\/07\/127-10-1536x865.jpg 1536w, https:\/\/www.franz-josef.cz\/wp-content\/uploads\/2023\/07\/127-10-2048x1154.jpg 2048w\" data-sizes=\"(max-width: 300px) 100vw, 300px\" src=\"data:image\/gif;base64,R0lGODlhAQABAAAAACH5BAEKAAEALAAAAAABAAEAAAICTAEAOw==\" style=\"--smush-placeholder-width: 300px; --smush-placeholder-aspect-ratio: 300\/169;\" \/><noscript><img decoding=\"async\" width=\"300\" height=\"169\" src=\"https:\/\/www.franz-josef.cz\/wp-content\/uploads\/2023\/07\/127-10-300x169.jpg\" class=\"attachment-medium size-medium wp-image-49781\" alt=\"\" srcset=\"https:\/\/www.franz-josef.cz\/wp-content\/uploads\/2023\/07\/127-10-300x169.jpg 300w, https:\/\/www.franz-josef.cz\/wp-content\/uploads\/2023\/07\/127-10-1024x577.jpg 1024w, https:\/\/www.franz-josef.cz\/wp-content\/uploads\/2023\/07\/127-10-768x433.jpg 768w, https:\/\/www.franz-josef.cz\/wp-content\/uploads\/2023\/07\/127-10-1536x865.jpg 1536w, https:\/\/www.franz-josef.cz\/wp-content\/uploads\/2023\/07\/127-10-2048x1154.jpg 2048w\" sizes=\"(max-width: 300px) 100vw, 300px\" \/><\/noscript>\n            <\/div>\n        <\/div><div class=\"eael-entry-wrapper\"><header class=\"eael-entry-header\"><h2 class=\"eael-entry-title\"><a class=\"eael-grid-post-link\" href=\"https:\/\/www.franz-josef.cz\/de\/exponaty\/2-rekonstrukce-tatra-603\/\" title=\"2. Rekonstruktion von TATRA 603\">2. Rekonstruktion von TATRA 603<\/a><\/h2><\/header><\/div><\/div>\n        <\/div>\n    <\/article><article class=\"eael-grid-post  eael-post-grid-column eael-pg-post-49857\" data-id=\"49857\">\n        <div class=\"eael-grid-post-holder\">\n            <div class=\"eael-grid-post-holder-inner\"><div class=\"eael-entry-media\"><div class=\"eael-entry-overlay fade-in\"><i class=\"fas fa-plus\" aria-hidden=\"true\"><\/i><a href=\"https:\/\/www.franz-josef.cz\/de\/exponaty\/3-rekonstrukce-tatra-603\/\"><\/a><\/div><div class=\"eael-entry-thumbnail\">\n                <img decoding=\"async\" width=\"300\" height=\"169\" data-src=\"https:\/\/www.franz-josef.cz\/wp-content\/uploads\/2023\/07\/224-8-300x169.jpg\" class=\"attachment-medium size-medium wp-image-49881 lazyload\" alt=\"\" data-srcset=\"https:\/\/www.franz-josef.cz\/wp-content\/uploads\/2023\/07\/224-8-300x169.jpg 300w, https:\/\/www.franz-josef.cz\/wp-content\/uploads\/2023\/07\/224-8-1024x577.jpg 1024w, https:\/\/www.franz-josef.cz\/wp-content\/uploads\/2023\/07\/224-8-768x433.jpg 768w, https:\/\/www.franz-josef.cz\/wp-content\/uploads\/2023\/07\/224-8-1536x865.jpg 1536w, https:\/\/www.franz-josef.cz\/wp-content\/uploads\/2023\/07\/224-8-2048x1154.jpg 2048w\" data-sizes=\"(max-width: 300px) 100vw, 300px\" src=\"data:image\/gif;base64,R0lGODlhAQABAAAAACH5BAEKAAEALAAAAAABAAEAAAICTAEAOw==\" style=\"--smush-placeholder-width: 300px; --smush-placeholder-aspect-ratio: 300\/169;\" \/><noscript><img decoding=\"async\" width=\"300\" height=\"169\" src=\"https:\/\/www.franz-josef.cz\/wp-content\/uploads\/2023\/07\/224-8-300x169.jpg\" class=\"attachment-medium size-medium wp-image-49881\" alt=\"\" srcset=\"https:\/\/www.franz-josef.cz\/wp-content\/uploads\/2023\/07\/224-8-300x169.jpg 300w, https:\/\/www.franz-josef.cz\/wp-content\/uploads\/2023\/07\/224-8-1024x577.jpg 1024w, https:\/\/www.franz-josef.cz\/wp-content\/uploads\/2023\/07\/224-8-768x433.jpg 768w, https:\/\/www.franz-josef.cz\/wp-content\/uploads\/2023\/07\/224-8-1536x865.jpg 1536w, https:\/\/www.franz-josef.cz\/wp-content\/uploads\/2023\/07\/224-8-2048x1154.jpg 2048w\" sizes=\"(max-width: 300px) 100vw, 300px\" \/><\/noscript>\n            <\/div>\n        <\/div><div class=\"eael-entry-wrapper\"><header class=\"eael-entry-header\"><h2 class=\"eael-entry-title\"><a class=\"eael-grid-post-link\" href=\"https:\/\/www.franz-josef.cz\/de\/exponaty\/3-rekonstrukce-tatra-603\/\" title=\"3. Reconstruction of TATRA 603\">3. Reconstruction of TATRA 603<\/a><\/h2><\/header><\/div><\/div>\n        <\/div>\n    <\/article><article class=\"eael-grid-post  eael-post-grid-column eael-pg-post-49964\" data-id=\"49964\">\n        <div class=\"eael-grid-post-holder\">\n            <div class=\"eael-grid-post-holder-inner\"><div class=\"eael-entry-media\"><div class=\"eael-entry-overlay fade-in\"><i class=\"fas fa-plus\" aria-hidden=\"true\"><\/i><a href=\"https:\/\/www.franz-josef.cz\/de\/exponaty\/4-rekonstrukce-tatra-603\/\"><\/a><\/div><div class=\"eael-entry-thumbnail\">\n                <img decoding=\"async\" width=\"300\" height=\"225\" data-src=\"https:\/\/www.franz-josef.cz\/wp-content\/uploads\/2023\/07\/339-5-300x225.jpg\" class=\"attachment-medium size-medium wp-image-49999 lazyload\" alt=\"\" data-srcset=\"https:\/\/www.franz-josef.cz\/wp-content\/uploads\/2023\/07\/339-5-300x225.jpg 300w, https:\/\/www.franz-josef.cz\/wp-content\/uploads\/2023\/07\/339-5-1024x768.jpg 1024w, https:\/\/www.franz-josef.cz\/wp-content\/uploads\/2023\/07\/339-5-768x576.jpg 768w, https:\/\/www.franz-josef.cz\/wp-content\/uploads\/2023\/07\/339-5-1536x1152.jpg 1536w, https:\/\/www.franz-josef.cz\/wp-content\/uploads\/2023\/07\/339-5-2048x1536.jpg 2048w\" data-sizes=\"(max-width: 300px) 100vw, 300px\" src=\"data:image\/gif;base64,R0lGODlhAQABAAAAACH5BAEKAAEALAAAAAABAAEAAAICTAEAOw==\" style=\"--smush-placeholder-width: 300px; --smush-placeholder-aspect-ratio: 300\/225;\" \/><noscript><img loading=\"lazy\" decoding=\"async\" width=\"300\" height=\"225\" src=\"https:\/\/www.franz-josef.cz\/wp-content\/uploads\/2023\/07\/339-5-300x225.jpg\" class=\"attachment-medium size-medium wp-image-49999\" alt=\"\" srcset=\"https:\/\/www.franz-josef.cz\/wp-content\/uploads\/2023\/07\/339-5-300x225.jpg 300w, https:\/\/www.franz-josef.cz\/wp-content\/uploads\/2023\/07\/339-5-1024x768.jpg 1024w, https:\/\/www.franz-josef.cz\/wp-content\/uploads\/2023\/07\/339-5-768x576.jpg 768w, https:\/\/www.franz-josef.cz\/wp-content\/uploads\/2023\/07\/339-5-1536x1152.jpg 1536w, https:\/\/www.franz-josef.cz\/wp-content\/uploads\/2023\/07\/339-5-2048x1536.jpg 2048w\" sizes=\"(max-width: 300px) 100vw, 300px\" \/><\/noscript>\n            <\/div>\n        <\/div><div class=\"eael-entry-wrapper\"><header class=\"eael-entry-header\"><h2 class=\"eael-entry-title\"><a class=\"eael-grid-post-link\" href=\"https:\/\/www.franz-josef.cz\/de\/exponaty\/4-rekonstrukce-tatra-603\/\" title=\"4. Rekonstruktion von TATRA 603\">4. Rekonstruktion von TATRA 603<\/a><\/h2><\/header><\/div><\/div>\n        <\/div>\n    <\/article><article class=\"eael-grid-post  eael-post-grid-column eael-pg-post-50074\" data-id=\"50074\">\n        <div class=\"eael-grid-post-holder\">\n            <div class=\"eael-grid-post-holder-inner\"><div class=\"eael-entry-media\"><div class=\"eael-entry-overlay fade-in\"><i class=\"fas fa-plus\" aria-hidden=\"true\"><\/i><a href=\"https:\/\/www.franz-josef.cz\/de\/exponaty\/5-rekonstrukce-tatra-603\/\"><\/a><\/div><div class=\"eael-entry-thumbnail\">\n                <img decoding=\"async\" width=\"300\" height=\"225\" data-src=\"https:\/\/www.franz-josef.cz\/wp-content\/uploads\/2023\/07\/458-4-300x225.jpg\" class=\"attachment-medium size-medium wp-image-50112 lazyload\" alt=\"\" data-srcset=\"https:\/\/www.franz-josef.cz\/wp-content\/uploads\/2023\/07\/458-4-300x225.jpg 300w, https:\/\/www.franz-josef.cz\/wp-content\/uploads\/2023\/07\/458-4-1024x768.jpg 1024w, https:\/\/www.franz-josef.cz\/wp-content\/uploads\/2023\/07\/458-4-768x576.jpg 768w, https:\/\/www.franz-josef.cz\/wp-content\/uploads\/2023\/07\/458-4-1536x1152.jpg 1536w, https:\/\/www.franz-josef.cz\/wp-content\/uploads\/2023\/07\/458-4-2048x1536.jpg 2048w\" data-sizes=\"(max-width: 300px) 100vw, 300px\" src=\"data:image\/gif;base64,R0lGODlhAQABAAAAACH5BAEKAAEALAAAAAABAAEAAAICTAEAOw==\" style=\"--smush-placeholder-width: 300px; --smush-placeholder-aspect-ratio: 300\/225;\" \/><noscript><img loading=\"lazy\" decoding=\"async\" width=\"300\" height=\"225\" src=\"https:\/\/www.franz-josef.cz\/wp-content\/uploads\/2023\/07\/458-4-300x225.jpg\" class=\"attachment-medium size-medium wp-image-50112\" alt=\"\" srcset=\"https:\/\/www.franz-josef.cz\/wp-content\/uploads\/2023\/07\/458-4-300x225.jpg 300w, https:\/\/www.franz-josef.cz\/wp-content\/uploads\/2023\/07\/458-4-1024x768.jpg 1024w, https:\/\/www.franz-josef.cz\/wp-content\/uploads\/2023\/07\/458-4-768x576.jpg 768w, https:\/\/www.franz-josef.cz\/wp-content\/uploads\/2023\/07\/458-4-1536x1152.jpg 1536w, https:\/\/www.franz-josef.cz\/wp-content\/uploads\/2023\/07\/458-4-2048x1536.jpg 2048w\" sizes=\"(max-width: 300px) 100vw, 300px\" \/><\/noscript>\n            <\/div>\n        <\/div><div class=\"eael-entry-wrapper\"><header class=\"eael-entry-header\"><h2 class=\"eael-entry-title\"><a class=\"eael-grid-post-link\" href=\"https:\/\/www.franz-josef.cz\/de\/exponaty\/5-rekonstrukce-tatra-603\/\" title=\"5. Rekonstruktion von TATRA 603\">5. Rekonstruktion von TATRA 603<\/a><\/h2><\/header><\/div><\/div>\n        <\/div>\n    <\/article><\/div>\n            <div class=\"clearfix\"><\/div>\n        <\/div>\t\t\t\t<\/div>\n\t\t\t\t<\/div>\n\t\t\t\t\t<\/div>\n\t\t<\/div>\n\t\t\t\t\t<\/div>\n\t\t<\/section>\n\t\t\t\t<\/div>","protected":false},"author":3,"featured_media":50712,"parent":0,"template":"","podexpozice":[239],"class_list":["post-49534","expozice","type-expozice","status-publish","has-post-thumbnail","hentry","podexpozice-seznam-hl-expozici"],"yoast_head":"<!-- This site is optimized with the Yoast SEO Premium plugin v20.12 (Yoast SEO v27.2) - https:\/\/yoast.com\/product\/yoast-seo-premium-wordpress\/ -->\n<title>Expozice Tatra 603 - gener\u00e1ln\u00ed oprava, postup prac\u00ed &#8212; Muzeum c\u00edsa\u0159e Franz Josefa I.<\/title>\n<meta name=\"description\" content=\"N\u00e1kup Tatry ,,k renovaci,, p\u0159ed 10ti lety 75000 K\u010d ( dnes se takov\u00fd vrak prod\u00e1v\u00e1 za 350000,- k\u010d ). Doba trv\u00e1n\u00ed opravy - ka\u017ed\u00fd den- 3 roky\" \/>\n<meta name=\"robots\" content=\"index, follow, max-snippet:-1, max-image-preview:large, max-video-preview:-1\" \/>\n<link rel=\"canonical\" href=\"https:\/\/www.franz-josef.cz\/de\/expozice\/tatra-603-generalni-oprava\/\" \/>\n<meta property=\"og:locale\" content=\"de_DE\" \/>\n<meta property=\"og:type\" content=\"article\" \/>\n<meta property=\"og:title\" content=\"Tatra 603 - gener\u00e1ln\u00ed oprava, postup prac\u00ed\" \/>\n<meta property=\"og:description\" content=\"N\u00e1kup Tatry ,,k renovaci,, p\u0159ed 10ti lety 75000 K\u010d ( dnes se takov\u00fd vrak prod\u00e1v\u00e1 za 350000,- k\u010d ). Doba trv\u00e1n\u00ed opravy - ka\u017ed\u00fd den- 3 roky\" \/>\n<meta property=\"og:url\" content=\"https:\/\/www.franz-josef.cz\/de\/expozice\/tatra-603-generalni-oprava\/\" \/>\n<meta property=\"og:site_name\" content=\"Muzeum c\u00edsa\u0159e Franz Josefa I.\" \/>\n<meta property=\"article:modified_time\" content=\"2024-01-07T18:48:21+00:00\" \/>\n<meta property=\"og:image\" content=\"https:\/\/www.franz-josef.cz\/wp-content\/uploads\/2023\/07\/482-5-scaled.jpg\" \/>\n\t<meta property=\"og:image:width\" content=\"2560\" \/>\n\t<meta property=\"og:image:height\" content=\"1920\" \/>\n\t<meta property=\"og:image:type\" content=\"image\/jpeg\" \/>\n<meta name=\"twitter:card\" content=\"summary_large_image\" \/>\n<meta name=\"twitter:label1\" content=\"Gesch\u00e4tzte Lesezeit\" \/>\n\t<meta name=\"twitter:data1\" content=\"2\u00a0Minuten\" \/>\n<script type=\"application\/ld+json\" class=\"yoast-schema-graph\">{\"@context\":\"https:\/\/schema.org\",\"@graph\":[{\"@type\":\"WebPage\",\"@id\":\"https:\/\/www.franz-josef.cz\/expozice\/tatra-603-generalni-oprava\/\",\"url\":\"https:\/\/www.franz-josef.cz\/expozice\/tatra-603-generalni-oprava\/\",\"name\":\"Expozice Tatra 603 - gener\u00e1ln\u00ed oprava, postup prac\u00ed &#8212; Muzeum c\u00edsa\u0159e Franz Josefa I.\",\"isPartOf\":{\"@id\":\"https:\/\/www.franz-josef.cz\/#website\"},\"primaryImageOfPage\":{\"@id\":\"https:\/\/www.franz-josef.cz\/expozice\/tatra-603-generalni-oprava\/#primaryimage\"},\"image\":{\"@id\":\"https:\/\/www.franz-josef.cz\/expozice\/tatra-603-generalni-oprava\/#primaryimage\"},\"thumbnailUrl\":\"https:\/\/www.franz-josef.cz\/wp-content\/uploads\/2023\/07\/482-5-scaled.jpg\",\"datePublished\":\"2023-07-19T19:47:02+00:00\",\"dateModified\":\"2024-01-07T18:48:21+00:00\",\"description\":\"N\u00e1kup Tatry ,,k renovaci,, p\u0159ed 10ti lety 75000 K\u010d ( dnes se takov\u00fd vrak prod\u00e1v\u00e1 za 350000,- k\u010d ). Doba trv\u00e1n\u00ed opravy - ka\u017ed\u00fd den- 3 roky\",\"breadcrumb\":{\"@id\":\"https:\/\/www.franz-josef.cz\/expozice\/tatra-603-generalni-oprava\/#breadcrumb\"},\"inLanguage\":\"de\",\"potentialAction\":[{\"@type\":\"ReadAction\",\"target\":[\"https:\/\/www.franz-josef.cz\/expozice\/tatra-603-generalni-oprava\/\"]}]},{\"@type\":\"ImageObject\",\"inLanguage\":\"de\",\"@id\":\"https:\/\/www.franz-josef.cz\/expozice\/tatra-603-generalni-oprava\/#primaryimage\",\"url\":\"https:\/\/www.franz-josef.cz\/wp-content\/uploads\/2023\/07\/482-5-scaled.jpg\",\"contentUrl\":\"https:\/\/www.franz-josef.cz\/wp-content\/uploads\/2023\/07\/482-5-scaled.jpg\",\"width\":2560,\"height\":1920},{\"@type\":\"BreadcrumbList\",\"@id\":\"https:\/\/www.franz-josef.cz\/expozice\/tatra-603-generalni-oprava\/#breadcrumb\",\"itemListElement\":[{\"@type\":\"ListItem\",\"position\":1,\"name\":\"Home\",\"item\":\"https:\/\/www.franz-josef.cz\/\"},{\"@type\":\"ListItem\",\"position\":2,\"name\":\"Expozice\",\"item\":\"https:\/\/www.franz-josef.cz\/expozice\/\"},{\"@type\":\"ListItem\",\"position\":3,\"name\":\"Tatra 603 &#8211; gener\u00e1ln\u00ed oprava, postup prac\u00ed\"}]},{\"@type\":\"WebSite\",\"@id\":\"https:\/\/www.franz-josef.cz\/#website\",\"url\":\"https:\/\/www.franz-josef.cz\/\",\"name\":\"Muzeum c\u00edsa\u0159e Franz Josefa I.\",\"description\":\"\",\"publisher\":{\"@id\":\"https:\/\/www.franz-josef.cz\/#organization\"},\"alternateName\":\"Franz Joseph\",\"potentialAction\":[{\"@type\":\"SearchAction\",\"target\":{\"@type\":\"EntryPoint\",\"urlTemplate\":\"https:\/\/www.franz-josef.cz\/?s={search_term_string}\"},\"query-input\":{\"@type\":\"PropertyValueSpecification\",\"valueRequired\":true,\"valueName\":\"search_term_string\"}}],\"inLanguage\":\"de\"},{\"@type\":\"Organization\",\"@id\":\"https:\/\/www.franz-josef.cz\/#organization\",\"name\":\"Muzeum Franz Josefa I.\",\"alternateName\":\"Franz Jozef\",\"url\":\"https:\/\/www.franz-josef.cz\/\",\"logo\":{\"@type\":\"ImageObject\",\"inLanguage\":\"de\",\"@id\":\"https:\/\/www.franz-josef.cz\/#\/schema\/logo\/image\/\",\"url\":\"https:\/\/www.franz-josef.cz\/wp-content\/uploads\/2023\/08\/Muzeum-Franz-Jozef-logo-696x696-1.png\",\"contentUrl\":\"https:\/\/www.franz-josef.cz\/wp-content\/uploads\/2023\/08\/Muzeum-Franz-Jozef-logo-696x696-1.png\",\"width\":696,\"height\":696,\"caption\":\"Muzeum Franz Josefa I.\"},\"image\":{\"@id\":\"https:\/\/www.franz-josef.cz\/#\/schema\/logo\/image\/\"}}]}<\/script>\n<!-- \/ Yoast SEO Premium plugin. -->","yoast_head_json":{"title":"Expozice Tatra 603 - gener\u00e1ln\u00ed oprava, postup prac\u00ed &#8212; Muzeum c\u00edsa\u0159e Franz Josefa I.","description":"N\u00e1kup Tatry ,,k renovaci,, p\u0159ed 10ti lety 75000 K\u010d ( dnes se takov\u00fd vrak prod\u00e1v\u00e1 za 350000,- k\u010d ). Doba trv\u00e1n\u00ed opravy - ka\u017ed\u00fd den- 3 roky","robots":{"index":"index","follow":"follow","max-snippet":"max-snippet:-1","max-image-preview":"max-image-preview:large","max-video-preview":"max-video-preview:-1"},"canonical":"https:\/\/www.franz-josef.cz\/de\/expozice\/tatra-603-generalni-oprava\/","og_locale":"de_DE","og_type":"article","og_title":"Tatra 603 - gener\u00e1ln\u00ed oprava, postup prac\u00ed","og_description":"N\u00e1kup Tatry ,,k renovaci,, p\u0159ed 10ti lety 75000 K\u010d ( dnes se takov\u00fd vrak prod\u00e1v\u00e1 za 350000,- k\u010d ). Doba trv\u00e1n\u00ed opravy - ka\u017ed\u00fd den- 3 roky","og_url":"https:\/\/www.franz-josef.cz\/de\/expozice\/tatra-603-generalni-oprava\/","og_site_name":"Muzeum c\u00edsa\u0159e Franz Josefa I.","article_modified_time":"2024-01-07T18:48:21+00:00","og_image":[{"width":2560,"height":1920,"url":"https:\/\/www.franz-josef.cz\/wp-content\/uploads\/2023\/07\/482-5-scaled.jpg","type":"image\/jpeg"}],"twitter_card":"summary_large_image","twitter_misc":{"Gesch\u00e4tzte Lesezeit":"2\u00a0Minuten"},"schema":{"@context":"https:\/\/schema.org","@graph":[{"@type":"WebPage","@id":"https:\/\/www.franz-josef.cz\/expozice\/tatra-603-generalni-oprava\/","url":"https:\/\/www.franz-josef.cz\/expozice\/tatra-603-generalni-oprava\/","name":"Expozice Tatra 603 - gener\u00e1ln\u00ed oprava, postup prac\u00ed &#8212; Muzeum c\u00edsa\u0159e Franz Josefa I.","isPartOf":{"@id":"https:\/\/www.franz-josef.cz\/#website"},"primaryImageOfPage":{"@id":"https:\/\/www.franz-josef.cz\/expozice\/tatra-603-generalni-oprava\/#primaryimage"},"image":{"@id":"https:\/\/www.franz-josef.cz\/expozice\/tatra-603-generalni-oprava\/#primaryimage"},"thumbnailUrl":"https:\/\/www.franz-josef.cz\/wp-content\/uploads\/2023\/07\/482-5-scaled.jpg","datePublished":"2023-07-19T19:47:02+00:00","dateModified":"2024-01-07T18:48:21+00:00","description":"N\u00e1kup Tatry ,,k renovaci,, p\u0159ed 10ti lety 75000 K\u010d ( dnes se takov\u00fd vrak prod\u00e1v\u00e1 za 350000,- k\u010d ). Doba trv\u00e1n\u00ed opravy - ka\u017ed\u00fd den- 3 roky","breadcrumb":{"@id":"https:\/\/www.franz-josef.cz\/expozice\/tatra-603-generalni-oprava\/#breadcrumb"},"inLanguage":"de","potentialAction":[{"@type":"ReadAction","target":["https:\/\/www.franz-josef.cz\/expozice\/tatra-603-generalni-oprava\/"]}]},{"@type":"ImageObject","inLanguage":"de","@id":"https:\/\/www.franz-josef.cz\/expozice\/tatra-603-generalni-oprava\/#primaryimage","url":"https:\/\/www.franz-josef.cz\/wp-content\/uploads\/2023\/07\/482-5-scaled.jpg","contentUrl":"https:\/\/www.franz-josef.cz\/wp-content\/uploads\/2023\/07\/482-5-scaled.jpg","width":2560,"height":1920},{"@type":"BreadcrumbList","@id":"https:\/\/www.franz-josef.cz\/expozice\/tatra-603-generalni-oprava\/#breadcrumb","itemListElement":[{"@type":"ListItem","position":1,"name":"Home","item":"https:\/\/www.franz-josef.cz\/"},{"@type":"ListItem","position":2,"name":"Expozice","item":"https:\/\/www.franz-josef.cz\/expozice\/"},{"@type":"ListItem","position":3,"name":"Tatra 603 &#8211; gener\u00e1ln\u00ed oprava, postup prac\u00ed"}]},{"@type":"WebSite","@id":"https:\/\/www.franz-josef.cz\/#website","url":"https:\/\/www.franz-josef.cz\/","name":"Muzeum c\u00edsa\u0159e Franz Josefa I.","description":"","publisher":{"@id":"https:\/\/www.franz-josef.cz\/#organization"},"alternateName":"Franz Joseph","potentialAction":[{"@type":"SearchAction","target":{"@type":"EntryPoint","urlTemplate":"https:\/\/www.franz-josef.cz\/?s={search_term_string}"},"query-input":{"@type":"PropertyValueSpecification","valueRequired":true,"valueName":"search_term_string"}}],"inLanguage":"de"},{"@type":"Organization","@id":"https:\/\/www.franz-josef.cz\/#organization","name":"Muzeum Franz Josefa I.","alternateName":"Franz Jozef","url":"https:\/\/www.franz-josef.cz\/","logo":{"@type":"ImageObject","inLanguage":"de","@id":"https:\/\/www.franz-josef.cz\/#\/schema\/logo\/image\/","url":"https:\/\/www.franz-josef.cz\/wp-content\/uploads\/2023\/08\/Muzeum-Franz-Jozef-logo-696x696-1.png","contentUrl":"https:\/\/www.franz-josef.cz\/wp-content\/uploads\/2023\/08\/Muzeum-Franz-Jozef-logo-696x696-1.png","width":696,"height":696,"caption":"Muzeum Franz Josefa I."},"image":{"@id":"https:\/\/www.franz-josef.cz\/#\/schema\/logo\/image\/"}}]}},"_links":{"self":[{"href":"https:\/\/www.franz-josef.cz\/de\/wp-json\/wp\/v2\/expozice\/49534","targetHints":{"allow":["GET"]}}],"collection":[{"href":"https:\/\/www.franz-josef.cz\/de\/wp-json\/wp\/v2\/expozice"}],"about":[{"href":"https:\/\/www.franz-josef.cz\/de\/wp-json\/wp\/v2\/types\/expozice"}],"author":[{"embeddable":true,"href":"https:\/\/www.franz-josef.cz\/de\/wp-json\/wp\/v2\/users\/3"}],"version-history":[{"count":10,"href":"https:\/\/www.franz-josef.cz\/de\/wp-json\/wp\/v2\/expozice\/49534\/revisions"}],"predecessor-version":[{"id":53793,"href":"https:\/\/www.franz-josef.cz\/de\/wp-json\/wp\/v2\/expozice\/49534\/revisions\/53793"}],"wp:featuredmedia":[{"embeddable":true,"href":"https:\/\/www.franz-josef.cz\/de\/wp-json\/wp\/v2\/media\/50712"}],"wp:attachment":[{"href":"https:\/\/www.franz-josef.cz\/de\/wp-json\/wp\/v2\/media?parent=49534"}],"wp:term":[{"taxonomy":"podexpozice","embeddable":true,"href":"https:\/\/www.franz-josef.cz\/de\/wp-json\/wp\/v2\/podexpozice?post=49534"}],"curies":[{"name":"wp","href":"https:\/\/api.w.org\/{rel}","templated":true}]}}