{"id":55866,"date":"2024-09-09T17:52:46","date_gmt":"2024-09-09T15:52:46","guid":{"rendered":"https:\/\/www.franz-josef.cz\/?post_type=expozice&#038;p=55866"},"modified":"2024-09-09T17:56:34","modified_gmt":"2024-09-09T15:56:34","slug":"rarita-mezi-knihami-prolisovany-mosazny-vyjev-s-cisarem-frantiskem-josefem-i","status":"publish","type":"expozice","link":"https:\/\/www.franz-josef.cz\/de\/expozice\/rarita-mezi-knihami-prolisovany-mosazny-vyjev-s-cisarem-frantiskem-josefem-i\/","title":{"rendered":"Eine Rarit\u00e4t unter den B\u00fcchern \u2013 eine Blechbl\u00e4serszene mit Kaiser Franz Joseph I."},"content":{"rendered":"<p><img fetchpriority=\"high\" decoding=\"async\" class=\"alignnone size-large wp-image-55867\" src=\"https:\/\/www.franz-josef.cz\/wp-content\/uploads\/2024\/09\/4695-1-819x1024.jpg\" alt=\"\" width=\"819\" height=\"1024\" srcset=\"https:\/\/www.franz-josef.cz\/wp-content\/uploads\/2024\/09\/4695-1-819x1024.jpg 819w, https:\/\/www.franz-josef.cz\/wp-content\/uploads\/2024\/09\/4695-1-240x300.jpg 240w, https:\/\/www.franz-josef.cz\/wp-content\/uploads\/2024\/09\/4695-1-768x960.jpg 768w, https:\/\/www.franz-josef.cz\/wp-content\/uploads\/2024\/09\/4695-1-1229x1536.jpg 1229w, https:\/\/www.franz-josef.cz\/wp-content\/uploads\/2024\/09\/4695-1-1639x2048.jpg 1639w, https:\/\/www.franz-josef.cz\/wp-content\/uploads\/2024\/09\/4695-1-10x12.jpg 10w, https:\/\/www.franz-josef.cz\/wp-content\/uploads\/2024\/09\/4695-1.jpg 1794w\" sizes=\"(max-width: 819px) 100vw, 819px\" \/> <img decoding=\"async\" class=\"alignnone size-large wp-image-55874 lazyload\" data-src=\"https:\/\/www.franz-josef.cz\/wp-content\/uploads\/2024\/09\/4695-8-951x1024.jpg\" alt=\"\" width=\"951\" height=\"1024\" data-srcset=\"https:\/\/www.franz-josef.cz\/wp-content\/uploads\/2024\/09\/4695-8-951x1024.jpg 951w, https:\/\/www.franz-josef.cz\/wp-content\/uploads\/2024\/09\/4695-8-279x300.jpg 279w, https:\/\/www.franz-josef.cz\/wp-content\/uploads\/2024\/09\/4695-8-768x827.jpg 768w, https:\/\/www.franz-josef.cz\/wp-content\/uploads\/2024\/09\/4695-8-1426x1536.jpg 1426w, https:\/\/www.franz-josef.cz\/wp-content\/uploads\/2024\/09\/4695-8-1901x2048.jpg 1901w, https:\/\/www.franz-josef.cz\/wp-content\/uploads\/2024\/09\/4695-8-11x12.jpg 11w\" data-sizes=\"(max-width: 951px) 100vw, 951px\" src=\"data:image\/gif;base64,R0lGODlhAQABAAAAACH5BAEKAAEALAAAAAABAAEAAAICTAEAOw==\" style=\"--smush-placeholder-width: 951px; --smush-placeholder-aspect-ratio: 951\/1024;\" \/><noscript><img decoding=\"async\" class=\"alignnone size-large wp-image-55874\" src=\"https:\/\/www.franz-josef.cz\/wp-content\/uploads\/2024\/09\/4695-8-951x1024.jpg\" alt=\"\" width=\"951\" height=\"1024\" srcset=\"https:\/\/www.franz-josef.cz\/wp-content\/uploads\/2024\/09\/4695-8-951x1024.jpg 951w, https:\/\/www.franz-josef.cz\/wp-content\/uploads\/2024\/09\/4695-8-279x300.jpg 279w, https:\/\/www.franz-josef.cz\/wp-content\/uploads\/2024\/09\/4695-8-768x827.jpg 768w, https:\/\/www.franz-josef.cz\/wp-content\/uploads\/2024\/09\/4695-8-1426x1536.jpg 1426w, https:\/\/www.franz-josef.cz\/wp-content\/uploads\/2024\/09\/4695-8-1901x2048.jpg 1901w, https:\/\/www.franz-josef.cz\/wp-content\/uploads\/2024\/09\/4695-8-11x12.jpg 11w\" sizes=\"(max-width: 951px) 100vw, 951px\" \/><\/noscript> <img decoding=\"async\" class=\"alignnone size-large wp-image-55873 lazyload\" data-src=\"https:\/\/www.franz-josef.cz\/wp-content\/uploads\/2024\/09\/4695-7-785x1024.jpg\" alt=\"\" width=\"785\" height=\"1024\" data-srcset=\"https:\/\/www.franz-josef.cz\/wp-content\/uploads\/2024\/09\/4695-7-785x1024.jpg 785w, https:\/\/www.franz-josef.cz\/wp-content\/uploads\/2024\/09\/4695-7-230x300.jpg 230w, https:\/\/www.franz-josef.cz\/wp-content\/uploads\/2024\/09\/4695-7-768x1002.jpg 768w, https:\/\/www.franz-josef.cz\/wp-content\/uploads\/2024\/09\/4695-7-1177x1536.jpg 1177w, https:\/\/www.franz-josef.cz\/wp-content\/uploads\/2024\/09\/4695-7-1569x2048.jpg 1569w, https:\/\/www.franz-josef.cz\/wp-content\/uploads\/2024\/09\/4695-7-9x12.jpg 9w, https:\/\/www.franz-josef.cz\/wp-content\/uploads\/2024\/09\/4695-7-scaled.jpg 1962w\" data-sizes=\"(max-width: 785px) 100vw, 785px\" src=\"data:image\/gif;base64,R0lGODlhAQABAAAAACH5BAEKAAEALAAAAAABAAEAAAICTAEAOw==\" style=\"--smush-placeholder-width: 785px; --smush-placeholder-aspect-ratio: 785\/1024;\" \/><noscript><img decoding=\"async\" class=\"alignnone size-large wp-image-55873\" src=\"https:\/\/www.franz-josef.cz\/wp-content\/uploads\/2024\/09\/4695-7-785x1024.jpg\" alt=\"\" width=\"785\" height=\"1024\" srcset=\"https:\/\/www.franz-josef.cz\/wp-content\/uploads\/2024\/09\/4695-7-785x1024.jpg 785w, https:\/\/www.franz-josef.cz\/wp-content\/uploads\/2024\/09\/4695-7-230x300.jpg 230w, https:\/\/www.franz-josef.cz\/wp-content\/uploads\/2024\/09\/4695-7-768x1002.jpg 768w, https:\/\/www.franz-josef.cz\/wp-content\/uploads\/2024\/09\/4695-7-1177x1536.jpg 1177w, https:\/\/www.franz-josef.cz\/wp-content\/uploads\/2024\/09\/4695-7-1569x2048.jpg 1569w, https:\/\/www.franz-josef.cz\/wp-content\/uploads\/2024\/09\/4695-7-9x12.jpg 9w, https:\/\/www.franz-josef.cz\/wp-content\/uploads\/2024\/09\/4695-7-scaled.jpg 1962w\" sizes=\"(max-width: 785px) 100vw, 785px\" \/><\/noscript> <img decoding=\"async\" class=\"alignnone size-large wp-image-55872 lazyload\" data-src=\"https:\/\/www.franz-josef.cz\/wp-content\/uploads\/2024\/09\/4695-6-1024x807.jpg\" alt=\"\" width=\"1024\" height=\"807\" data-srcset=\"https:\/\/www.franz-josef.cz\/wp-content\/uploads\/2024\/09\/4695-6-1024x807.jpg 1024w, https:\/\/www.franz-josef.cz\/wp-content\/uploads\/2024\/09\/4695-6-300x236.jpg 300w, https:\/\/www.franz-josef.cz\/wp-content\/uploads\/2024\/09\/4695-6-768x605.jpg 768w, https:\/\/www.franz-josef.cz\/wp-content\/uploads\/2024\/09\/4695-6-1536x1210.jpg 1536w, https:\/\/www.franz-josef.cz\/wp-content\/uploads\/2024\/09\/4695-6-2048x1613.jpg 2048w, https:\/\/www.franz-josef.cz\/wp-content\/uploads\/2024\/09\/4695-6-15x12.jpg 15w\" data-sizes=\"(max-width: 1024px) 100vw, 1024px\" src=\"data:image\/gif;base64,R0lGODlhAQABAAAAACH5BAEKAAEALAAAAAABAAEAAAICTAEAOw==\" style=\"--smush-placeholder-width: 1024px; --smush-placeholder-aspect-ratio: 1024\/807;\" \/><noscript><img loading=\"lazy\" decoding=\"async\" class=\"alignnone size-large wp-image-55872\" src=\"https:\/\/www.franz-josef.cz\/wp-content\/uploads\/2024\/09\/4695-6-1024x807.jpg\" alt=\"\" width=\"1024\" height=\"807\" srcset=\"https:\/\/www.franz-josef.cz\/wp-content\/uploads\/2024\/09\/4695-6-1024x807.jpg 1024w, https:\/\/www.franz-josef.cz\/wp-content\/uploads\/2024\/09\/4695-6-300x236.jpg 300w, https:\/\/www.franz-josef.cz\/wp-content\/uploads\/2024\/09\/4695-6-768x605.jpg 768w, https:\/\/www.franz-josef.cz\/wp-content\/uploads\/2024\/09\/4695-6-1536x1210.jpg 1536w, https:\/\/www.franz-josef.cz\/wp-content\/uploads\/2024\/09\/4695-6-2048x1613.jpg 2048w, https:\/\/www.franz-josef.cz\/wp-content\/uploads\/2024\/09\/4695-6-15x12.jpg 15w\" sizes=\"(max-width: 1024px) 100vw, 1024px\" \/><\/noscript> <img decoding=\"async\" class=\"alignnone size-large wp-image-55871 lazyload\" data-src=\"https:\/\/www.franz-josef.cz\/wp-content\/uploads\/2024\/09\/4695-5-1024x839.jpg\" alt=\"\" width=\"1024\" height=\"839\" data-srcset=\"https:\/\/www.franz-josef.cz\/wp-content\/uploads\/2024\/09\/4695-5-1024x839.jpg 1024w, https:\/\/www.franz-josef.cz\/wp-content\/uploads\/2024\/09\/4695-5-300x246.jpg 300w, https:\/\/www.franz-josef.cz\/wp-content\/uploads\/2024\/09\/4695-5-768x629.jpg 768w, https:\/\/www.franz-josef.cz\/wp-content\/uploads\/2024\/09\/4695-5-1536x1259.jpg 1536w, https:\/\/www.franz-josef.cz\/wp-content\/uploads\/2024\/09\/4695-5-2048x1678.jpg 2048w, https:\/\/www.franz-josef.cz\/wp-content\/uploads\/2024\/09\/4695-5-15x12.jpg 15w\" data-sizes=\"(max-width: 1024px) 100vw, 1024px\" src=\"data:image\/gif;base64,R0lGODlhAQABAAAAACH5BAEKAAEALAAAAAABAAEAAAICTAEAOw==\" style=\"--smush-placeholder-width: 1024px; --smush-placeholder-aspect-ratio: 1024\/839;\" \/><noscript><img loading=\"lazy\" decoding=\"async\" class=\"alignnone size-large wp-image-55871\" src=\"https:\/\/www.franz-josef.cz\/wp-content\/uploads\/2024\/09\/4695-5-1024x839.jpg\" alt=\"\" width=\"1024\" height=\"839\" srcset=\"https:\/\/www.franz-josef.cz\/wp-content\/uploads\/2024\/09\/4695-5-1024x839.jpg 1024w, https:\/\/www.franz-josef.cz\/wp-content\/uploads\/2024\/09\/4695-5-300x246.jpg 300w, https:\/\/www.franz-josef.cz\/wp-content\/uploads\/2024\/09\/4695-5-768x629.jpg 768w, https:\/\/www.franz-josef.cz\/wp-content\/uploads\/2024\/09\/4695-5-1536x1259.jpg 1536w, https:\/\/www.franz-josef.cz\/wp-content\/uploads\/2024\/09\/4695-5-2048x1678.jpg 2048w, https:\/\/www.franz-josef.cz\/wp-content\/uploads\/2024\/09\/4695-5-15x12.jpg 15w\" sizes=\"(max-width: 1024px) 100vw, 1024px\" \/><\/noscript> <img decoding=\"async\" class=\"alignnone size-large wp-image-55870 lazyload\" data-src=\"https:\/\/www.franz-josef.cz\/wp-content\/uploads\/2024\/09\/4695-4-1024x1024.jpg\" alt=\"\" width=\"1024\" height=\"1024\" data-srcset=\"https:\/\/www.franz-josef.cz\/wp-content\/uploads\/2024\/09\/4695-4-1024x1024.jpg 1024w, https:\/\/www.franz-josef.cz\/wp-content\/uploads\/2024\/09\/4695-4-300x300.jpg 300w, https:\/\/www.franz-josef.cz\/wp-content\/uploads\/2024\/09\/4695-4-150x150.jpg 150w, https:\/\/www.franz-josef.cz\/wp-content\/uploads\/2024\/09\/4695-4-768x768.jpg 768w, https:\/\/www.franz-josef.cz\/wp-content\/uploads\/2024\/09\/4695-4-1536x1536.jpg 1536w, https:\/\/www.franz-josef.cz\/wp-content\/uploads\/2024\/09\/4695-4-2048x2048.jpg 2048w, https:\/\/www.franz-josef.cz\/wp-content\/uploads\/2024\/09\/4695-4-12x12.jpg 12w\" data-sizes=\"(max-width: 1024px) 100vw, 1024px\" src=\"data:image\/gif;base64,R0lGODlhAQABAAAAACH5BAEKAAEALAAAAAABAAEAAAICTAEAOw==\" style=\"--smush-placeholder-width: 1024px; --smush-placeholder-aspect-ratio: 1024\/1024;\" \/><noscript><img loading=\"lazy\" decoding=\"async\" class=\"alignnone size-large wp-image-55870\" src=\"https:\/\/www.franz-josef.cz\/wp-content\/uploads\/2024\/09\/4695-4-1024x1024.jpg\" alt=\"\" width=\"1024\" height=\"1024\" srcset=\"https:\/\/www.franz-josef.cz\/wp-content\/uploads\/2024\/09\/4695-4-1024x1024.jpg 1024w, https:\/\/www.franz-josef.cz\/wp-content\/uploads\/2024\/09\/4695-4-300x300.jpg 300w, https:\/\/www.franz-josef.cz\/wp-content\/uploads\/2024\/09\/4695-4-150x150.jpg 150w, https:\/\/www.franz-josef.cz\/wp-content\/uploads\/2024\/09\/4695-4-768x768.jpg 768w, https:\/\/www.franz-josef.cz\/wp-content\/uploads\/2024\/09\/4695-4-1536x1536.jpg 1536w, https:\/\/www.franz-josef.cz\/wp-content\/uploads\/2024\/09\/4695-4-2048x2048.jpg 2048w, https:\/\/www.franz-josef.cz\/wp-content\/uploads\/2024\/09\/4695-4-12x12.jpg 12w\" sizes=\"(max-width: 1024px) 100vw, 1024px\" \/><\/noscript> <img decoding=\"async\" class=\"alignnone size-large wp-image-55869 lazyload\" data-src=\"https:\/\/www.franz-josef.cz\/wp-content\/uploads\/2024\/09\/4695-3-1024x630.jpg\" alt=\"\" width=\"1024\" height=\"630\" data-srcset=\"https:\/\/www.franz-josef.cz\/wp-content\/uploads\/2024\/09\/4695-3-1024x630.jpg 1024w, https:\/\/www.franz-josef.cz\/wp-content\/uploads\/2024\/09\/4695-3-300x185.jpg 300w, https:\/\/www.franz-josef.cz\/wp-content\/uploads\/2024\/09\/4695-3-768x473.jpg 768w, https:\/\/www.franz-josef.cz\/wp-content\/uploads\/2024\/09\/4695-3-1536x945.jpg 1536w, https:\/\/www.franz-josef.cz\/wp-content\/uploads\/2024\/09\/4695-3-2048x1260.jpg 2048w, https:\/\/www.franz-josef.cz\/wp-content\/uploads\/2024\/09\/4695-3-18x12.jpg 18w\" data-sizes=\"(max-width: 1024px) 100vw, 1024px\" src=\"data:image\/gif;base64,R0lGODlhAQABAAAAACH5BAEKAAEALAAAAAABAAEAAAICTAEAOw==\" style=\"--smush-placeholder-width: 1024px; --smush-placeholder-aspect-ratio: 1024\/630;\" \/><noscript><img loading=\"lazy\" decoding=\"async\" class=\"alignnone size-large wp-image-55869\" src=\"https:\/\/www.franz-josef.cz\/wp-content\/uploads\/2024\/09\/4695-3-1024x630.jpg\" alt=\"\" width=\"1024\" height=\"630\" srcset=\"https:\/\/www.franz-josef.cz\/wp-content\/uploads\/2024\/09\/4695-3-1024x630.jpg 1024w, https:\/\/www.franz-josef.cz\/wp-content\/uploads\/2024\/09\/4695-3-300x185.jpg 300w, https:\/\/www.franz-josef.cz\/wp-content\/uploads\/2024\/09\/4695-3-768x473.jpg 768w, https:\/\/www.franz-josef.cz\/wp-content\/uploads\/2024\/09\/4695-3-1536x945.jpg 1536w, https:\/\/www.franz-josef.cz\/wp-content\/uploads\/2024\/09\/4695-3-2048x1260.jpg 2048w, https:\/\/www.franz-josef.cz\/wp-content\/uploads\/2024\/09\/4695-3-18x12.jpg 18w\" sizes=\"(max-width: 1024px) 100vw, 1024px\" \/><\/noscript> <img decoding=\"async\" class=\"alignnone size-large wp-image-55868 lazyload\" data-src=\"https:\/\/www.franz-josef.cz\/wp-content\/uploads\/2024\/09\/4695-2-1024x1024.jpg\" alt=\"\" width=\"1024\" height=\"1024\" data-srcset=\"https:\/\/www.franz-josef.cz\/wp-content\/uploads\/2024\/09\/4695-2-1024x1024.jpg 1024w, https:\/\/www.franz-josef.cz\/wp-content\/uploads\/2024\/09\/4695-2-300x300.jpg 300w, https:\/\/www.franz-josef.cz\/wp-content\/uploads\/2024\/09\/4695-2-150x150.jpg 150w, https:\/\/www.franz-josef.cz\/wp-content\/uploads\/2024\/09\/4695-2-768x768.jpg 768w, https:\/\/www.franz-josef.cz\/wp-content\/uploads\/2024\/09\/4695-2-1536x1536.jpg 1536w, https:\/\/www.franz-josef.cz\/wp-content\/uploads\/2024\/09\/4695-2-2048x2048.jpg 2048w, https:\/\/www.franz-josef.cz\/wp-content\/uploads\/2024\/09\/4695-2-12x12.jpg 12w\" data-sizes=\"(max-width: 1024px) 100vw, 1024px\" src=\"data:image\/gif;base64,R0lGODlhAQABAAAAACH5BAEKAAEALAAAAAABAAEAAAICTAEAOw==\" style=\"--smush-placeholder-width: 1024px; --smush-placeholder-aspect-ratio: 1024\/1024;\" \/><noscript><img loading=\"lazy\" decoding=\"async\" class=\"alignnone size-large wp-image-55868\" src=\"https:\/\/www.franz-josef.cz\/wp-content\/uploads\/2024\/09\/4695-2-1024x1024.jpg\" alt=\"\" width=\"1024\" height=\"1024\" srcset=\"https:\/\/www.franz-josef.cz\/wp-content\/uploads\/2024\/09\/4695-2-1024x1024.jpg 1024w, https:\/\/www.franz-josef.cz\/wp-content\/uploads\/2024\/09\/4695-2-300x300.jpg 300w, https:\/\/www.franz-josef.cz\/wp-content\/uploads\/2024\/09\/4695-2-150x150.jpg 150w, https:\/\/www.franz-josef.cz\/wp-content\/uploads\/2024\/09\/4695-2-768x768.jpg 768w, https:\/\/www.franz-josef.cz\/wp-content\/uploads\/2024\/09\/4695-2-1536x1536.jpg 1536w, https:\/\/www.franz-josef.cz\/wp-content\/uploads\/2024\/09\/4695-2-2048x2048.jpg 2048w, https:\/\/www.franz-josef.cz\/wp-content\/uploads\/2024\/09\/4695-2-12x12.jpg 12w\" sizes=\"(max-width: 1024px) 100vw, 1024px\" \/><\/noscript><\/p>","protected":false},"author":3,"featured_media":55867,"parent":0,"template":"","podexpozice":[211,239],"class_list":["post-55866","expozice","type-expozice","status-publish","has-post-thumbnail","hentry","podexpozice-knihy","podexpozice-seznam-hl-expozici"],"yoast_head":"<!-- This site is optimized with the Yoast SEO Premium plugin v20.12 (Yoast SEO v27.2) - https:\/\/yoast.com\/product\/yoast-seo-premium-wordpress\/ -->\n<title>Expozice Rarita mezi knihami- prolisovan\u00fd mosazn\u00fd v\u00fdjev s c\u00edsa\u0159em Franti\u0161kem Josefem I. &#8212; Muzeum c\u00edsa\u0159e Franz Josefa I.<\/title>\n<meta name=\"robots\" content=\"index, follow, max-snippet:-1, max-image-preview:large, max-video-preview:-1\" \/>\n<link rel=\"canonical\" href=\"https:\/\/www.franz-josef.cz\/de\/expozice\/rarita-mezi-knihami-prolisovany-mosazny-vyjev-s-cisarem-frantiskem-josefem-i\/\" \/>\n<meta property=\"og:locale\" content=\"de_DE\" \/>\n<meta property=\"og:type\" content=\"article\" \/>\n<meta property=\"og:title\" content=\"Rarita mezi knihami- prolisovan\u00fd mosazn\u00fd v\u00fdjev s c\u00edsa\u0159em Franti\u0161kem Josefem I.\" \/>\n<meta property=\"og:url\" content=\"https:\/\/www.franz-josef.cz\/de\/expozice\/rarita-mezi-knihami-prolisovany-mosazny-vyjev-s-cisarem-frantiskem-josefem-i\/\" \/>\n<meta property=\"og:site_name\" content=\"Muzeum c\u00edsa\u0159e Franz Josefa I.\" \/>\n<meta property=\"article:modified_time\" content=\"2024-09-09T15:56:34+00:00\" \/>\n<meta property=\"og:image\" content=\"https:\/\/www.franz-josef.cz\/wp-content\/uploads\/2024\/09\/4695-1.jpg\" \/>\n\t<meta property=\"og:image:width\" content=\"1794\" \/>\n\t<meta property=\"og:image:height\" content=\"2242\" \/>\n\t<meta property=\"og:image:type\" content=\"image\/jpeg\" \/>\n<meta name=\"twitter:card\" content=\"summary_large_image\" \/>\n<meta name=\"twitter:label1\" content=\"Gesch\u00e4tzte Lesezeit\" \/>\n\t<meta name=\"twitter:data1\" content=\"2\u00a0Minuten\" \/>\n<script type=\"application\/ld+json\" class=\"yoast-schema-graph\">{\"@context\":\"https:\/\/schema.org\",\"@graph\":[{\"@type\":\"WebPage\",\"@id\":\"https:\/\/www.franz-josef.cz\/expozice\/rarita-mezi-knihami-prolisovany-mosazny-vyjev-s-cisarem-frantiskem-josefem-i\/\",\"url\":\"https:\/\/www.franz-josef.cz\/expozice\/rarita-mezi-knihami-prolisovany-mosazny-vyjev-s-cisarem-frantiskem-josefem-i\/\",\"name\":\"Expozice Rarita mezi knihami- prolisovan\u00fd mosazn\u00fd v\u00fdjev s c\u00edsa\u0159em Franti\u0161kem Josefem I. &#8212; Muzeum c\u00edsa\u0159e Franz Josefa I.\",\"isPartOf\":{\"@id\":\"https:\/\/www.franz-josef.cz\/#website\"},\"primaryImageOfPage\":{\"@id\":\"https:\/\/www.franz-josef.cz\/expozice\/rarita-mezi-knihami-prolisovany-mosazny-vyjev-s-cisarem-frantiskem-josefem-i\/#primaryimage\"},\"image\":{\"@id\":\"https:\/\/www.franz-josef.cz\/expozice\/rarita-mezi-knihami-prolisovany-mosazny-vyjev-s-cisarem-frantiskem-josefem-i\/#primaryimage\"},\"thumbnailUrl\":\"https:\/\/www.franz-josef.cz\/wp-content\/uploads\/2024\/09\/4695-1.jpg\",\"datePublished\":\"2024-09-09T15:52:46+00:00\",\"dateModified\":\"2024-09-09T15:56:34+00:00\",\"breadcrumb\":{\"@id\":\"https:\/\/www.franz-josef.cz\/expozice\/rarita-mezi-knihami-prolisovany-mosazny-vyjev-s-cisarem-frantiskem-josefem-i\/#breadcrumb\"},\"inLanguage\":\"de\",\"potentialAction\":[{\"@type\":\"ReadAction\",\"target\":[\"https:\/\/www.franz-josef.cz\/expozice\/rarita-mezi-knihami-prolisovany-mosazny-vyjev-s-cisarem-frantiskem-josefem-i\/\"]}]},{\"@type\":\"ImageObject\",\"inLanguage\":\"de\",\"@id\":\"https:\/\/www.franz-josef.cz\/expozice\/rarita-mezi-knihami-prolisovany-mosazny-vyjev-s-cisarem-frantiskem-josefem-i\/#primaryimage\",\"url\":\"https:\/\/www.franz-josef.cz\/wp-content\/uploads\/2024\/09\/4695-1.jpg\",\"contentUrl\":\"https:\/\/www.franz-josef.cz\/wp-content\/uploads\/2024\/09\/4695-1.jpg\",\"width\":1794,\"height\":2242},{\"@type\":\"BreadcrumbList\",\"@id\":\"https:\/\/www.franz-josef.cz\/expozice\/rarita-mezi-knihami-prolisovany-mosazny-vyjev-s-cisarem-frantiskem-josefem-i\/#breadcrumb\",\"itemListElement\":[{\"@type\":\"ListItem\",\"position\":1,\"name\":\"Home\",\"item\":\"https:\/\/www.franz-josef.cz\/\"},{\"@type\":\"ListItem\",\"position\":2,\"name\":\"Expozice\",\"item\":\"https:\/\/www.franz-josef.cz\/expozice\/\"},{\"@type\":\"ListItem\",\"position\":3,\"name\":\"Rarita mezi knihami- prolisovan\u00fd mosazn\u00fd v\u00fdjev s c\u00edsa\u0159em Franti\u0161kem Josefem I.\"}]},{\"@type\":\"WebSite\",\"@id\":\"https:\/\/www.franz-josef.cz\/#website\",\"url\":\"https:\/\/www.franz-josef.cz\/\",\"name\":\"Muzeum c\u00edsa\u0159e Franz Josefa I.\",\"description\":\"\",\"publisher\":{\"@id\":\"https:\/\/www.franz-josef.cz\/#organization\"},\"alternateName\":\"Franz Joseph\",\"potentialAction\":[{\"@type\":\"SearchAction\",\"target\":{\"@type\":\"EntryPoint\",\"urlTemplate\":\"https:\/\/www.franz-josef.cz\/?s={search_term_string}\"},\"query-input\":{\"@type\":\"PropertyValueSpecification\",\"valueRequired\":true,\"valueName\":\"search_term_string\"}}],\"inLanguage\":\"de\"},{\"@type\":\"Organization\",\"@id\":\"https:\/\/www.franz-josef.cz\/#organization\",\"name\":\"Muzeum Franz Josefa I.\",\"alternateName\":\"Franz Jozef\",\"url\":\"https:\/\/www.franz-josef.cz\/\",\"logo\":{\"@type\":\"ImageObject\",\"inLanguage\":\"de\",\"@id\":\"https:\/\/www.franz-josef.cz\/#\/schema\/logo\/image\/\",\"url\":\"https:\/\/www.franz-josef.cz\/wp-content\/uploads\/2023\/08\/Muzeum-Franz-Jozef-logo-696x696-1.png\",\"contentUrl\":\"https:\/\/www.franz-josef.cz\/wp-content\/uploads\/2023\/08\/Muzeum-Franz-Jozef-logo-696x696-1.png\",\"width\":696,\"height\":696,\"caption\":\"Muzeum Franz Josefa I.\"},\"image\":{\"@id\":\"https:\/\/www.franz-josef.cz\/#\/schema\/logo\/image\/\"}}]}<\/script>\n<!-- \/ Yoast SEO Premium plugin. -->","yoast_head_json":{"title":"Expozice Rarita mezi knihami- prolisovan\u00fd mosazn\u00fd v\u00fdjev s c\u00edsa\u0159em Franti\u0161kem Josefem I. &#8212; Muzeum c\u00edsa\u0159e Franz Josefa I.","robots":{"index":"index","follow":"follow","max-snippet":"max-snippet:-1","max-image-preview":"max-image-preview:large","max-video-preview":"max-video-preview:-1"},"canonical":"https:\/\/www.franz-josef.cz\/de\/expozice\/rarita-mezi-knihami-prolisovany-mosazny-vyjev-s-cisarem-frantiskem-josefem-i\/","og_locale":"de_DE","og_type":"article","og_title":"Rarita mezi knihami- prolisovan\u00fd mosazn\u00fd v\u00fdjev s c\u00edsa\u0159em Franti\u0161kem Josefem I.","og_url":"https:\/\/www.franz-josef.cz\/de\/expozice\/rarita-mezi-knihami-prolisovany-mosazny-vyjev-s-cisarem-frantiskem-josefem-i\/","og_site_name":"Muzeum c\u00edsa\u0159e Franz Josefa I.","article_modified_time":"2024-09-09T15:56:34+00:00","og_image":[{"width":1794,"height":2242,"url":"https:\/\/www.franz-josef.cz\/wp-content\/uploads\/2024\/09\/4695-1.jpg","type":"image\/jpeg"}],"twitter_card":"summary_large_image","twitter_misc":{"Gesch\u00e4tzte Lesezeit":"2\u00a0Minuten"},"schema":{"@context":"https:\/\/schema.org","@graph":[{"@type":"WebPage","@id":"https:\/\/www.franz-josef.cz\/expozice\/rarita-mezi-knihami-prolisovany-mosazny-vyjev-s-cisarem-frantiskem-josefem-i\/","url":"https:\/\/www.franz-josef.cz\/expozice\/rarita-mezi-knihami-prolisovany-mosazny-vyjev-s-cisarem-frantiskem-josefem-i\/","name":"Expozice Rarita mezi knihami- prolisovan\u00fd mosazn\u00fd v\u00fdjev s c\u00edsa\u0159em Franti\u0161kem Josefem I. &#8212; Muzeum c\u00edsa\u0159e Franz Josefa I.","isPartOf":{"@id":"https:\/\/www.franz-josef.cz\/#website"},"primaryImageOfPage":{"@id":"https:\/\/www.franz-josef.cz\/expozice\/rarita-mezi-knihami-prolisovany-mosazny-vyjev-s-cisarem-frantiskem-josefem-i\/#primaryimage"},"image":{"@id":"https:\/\/www.franz-josef.cz\/expozice\/rarita-mezi-knihami-prolisovany-mosazny-vyjev-s-cisarem-frantiskem-josefem-i\/#primaryimage"},"thumbnailUrl":"https:\/\/www.franz-josef.cz\/wp-content\/uploads\/2024\/09\/4695-1.jpg","datePublished":"2024-09-09T15:52:46+00:00","dateModified":"2024-09-09T15:56:34+00:00","breadcrumb":{"@id":"https:\/\/www.franz-josef.cz\/expozice\/rarita-mezi-knihami-prolisovany-mosazny-vyjev-s-cisarem-frantiskem-josefem-i\/#breadcrumb"},"inLanguage":"de","potentialAction":[{"@type":"ReadAction","target":["https:\/\/www.franz-josef.cz\/expozice\/rarita-mezi-knihami-prolisovany-mosazny-vyjev-s-cisarem-frantiskem-josefem-i\/"]}]},{"@type":"ImageObject","inLanguage":"de","@id":"https:\/\/www.franz-josef.cz\/expozice\/rarita-mezi-knihami-prolisovany-mosazny-vyjev-s-cisarem-frantiskem-josefem-i\/#primaryimage","url":"https:\/\/www.franz-josef.cz\/wp-content\/uploads\/2024\/09\/4695-1.jpg","contentUrl":"https:\/\/www.franz-josef.cz\/wp-content\/uploads\/2024\/09\/4695-1.jpg","width":1794,"height":2242},{"@type":"BreadcrumbList","@id":"https:\/\/www.franz-josef.cz\/expozice\/rarita-mezi-knihami-prolisovany-mosazny-vyjev-s-cisarem-frantiskem-josefem-i\/#breadcrumb","itemListElement":[{"@type":"ListItem","position":1,"name":"Home","item":"https:\/\/www.franz-josef.cz\/"},{"@type":"ListItem","position":2,"name":"Expozice","item":"https:\/\/www.franz-josef.cz\/expozice\/"},{"@type":"ListItem","position":3,"name":"Rarita mezi knihami- prolisovan\u00fd mosazn\u00fd v\u00fdjev s c\u00edsa\u0159em Franti\u0161kem Josefem I."}]},{"@type":"WebSite","@id":"https:\/\/www.franz-josef.cz\/#website","url":"https:\/\/www.franz-josef.cz\/","name":"Muzeum c\u00edsa\u0159e Franz Josefa I.","description":"","publisher":{"@id":"https:\/\/www.franz-josef.cz\/#organization"},"alternateName":"Franz Joseph","potentialAction":[{"@type":"SearchAction","target":{"@type":"EntryPoint","urlTemplate":"https:\/\/www.franz-josef.cz\/?s={search_term_string}"},"query-input":{"@type":"PropertyValueSpecification","valueRequired":true,"valueName":"search_term_string"}}],"inLanguage":"de"},{"@type":"Organization","@id":"https:\/\/www.franz-josef.cz\/#organization","name":"Muzeum Franz Josefa I.","alternateName":"Franz Jozef","url":"https:\/\/www.franz-josef.cz\/","logo":{"@type":"ImageObject","inLanguage":"de","@id":"https:\/\/www.franz-josef.cz\/#\/schema\/logo\/image\/","url":"https:\/\/www.franz-josef.cz\/wp-content\/uploads\/2023\/08\/Muzeum-Franz-Jozef-logo-696x696-1.png","contentUrl":"https:\/\/www.franz-josef.cz\/wp-content\/uploads\/2023\/08\/Muzeum-Franz-Jozef-logo-696x696-1.png","width":696,"height":696,"caption":"Muzeum Franz Josefa I."},"image":{"@id":"https:\/\/www.franz-josef.cz\/#\/schema\/logo\/image\/"}}]}},"_links":{"self":[{"href":"https:\/\/www.franz-josef.cz\/de\/wp-json\/wp\/v2\/expozice\/55866","targetHints":{"allow":["GET"]}}],"collection":[{"href":"https:\/\/www.franz-josef.cz\/de\/wp-json\/wp\/v2\/expozice"}],"about":[{"href":"https:\/\/www.franz-josef.cz\/de\/wp-json\/wp\/v2\/types\/expozice"}],"author":[{"embeddable":true,"href":"https:\/\/www.franz-josef.cz\/de\/wp-json\/wp\/v2\/users\/3"}],"version-history":[{"count":2,"href":"https:\/\/www.franz-josef.cz\/de\/wp-json\/wp\/v2\/expozice\/55866\/revisions"}],"predecessor-version":[{"id":55878,"href":"https:\/\/www.franz-josef.cz\/de\/wp-json\/wp\/v2\/expozice\/55866\/revisions\/55878"}],"wp:featuredmedia":[{"embeddable":true,"href":"https:\/\/www.franz-josef.cz\/de\/wp-json\/wp\/v2\/media\/55867"}],"wp:attachment":[{"href":"https:\/\/www.franz-josef.cz\/de\/wp-json\/wp\/v2\/media?parent=55866"}],"wp:term":[{"taxonomy":"podexpozice","embeddable":true,"href":"https:\/\/www.franz-josef.cz\/de\/wp-json\/wp\/v2\/podexpozice?post=55866"}],"curies":[{"name":"wp","href":"https:\/\/api.w.org\/{rel}","templated":true}]}}