{"id":8188,"date":"2023-04-01T15:50:21","date_gmt":"2023-04-01T13:50:21","guid":{"rendered":"https:\/\/www.franz-josef.cz\/?post_type=expozice&#038;p=8188"},"modified":"2023-07-29T19:55:03","modified_gmt":"2023-07-29T17:55:03","slug":"ruzna-tematika","status":"publish","type":"expozice","link":"https:\/\/www.franz-josef.cz\/de\/expozice\/osterreich-pohlednice\/ruzna-tematika\/","title":{"rendered":"Verschiedene Themen"},"content":{"rendered":"<div data-elementor-type=\"wp-post\" data-elementor-id=\"8188\" class=\"elementor elementor-8188\" data-elementor-post-type=\"expozice\">\n\t\t\t\t\t\t<section data-particle_enable=\"false\" data-particle-mobile-disabled=\"false\" class=\"elementor-section elementor-top-section elementor-element elementor-element-d1ecd01 elementor-section-boxed elementor-section-height-default elementor-section-height-default\" data-id=\"d1ecd01\" data-element_type=\"section\" data-e-type=\"section\">\n\t\t\t\t\t\t<div class=\"elementor-container elementor-column-gap-default\">\n\t\t\t\t\t<div class=\"elementor-column elementor-col-100 elementor-top-column elementor-element elementor-element-b4b2db1\" data-id=\"b4b2db1\" data-element_type=\"column\" data-e-type=\"column\">\n\t\t\t<div class=\"elementor-widget-wrap elementor-element-populated\">\n\t\t\t\t\t\t<div class=\"elementor-element elementor-element-18879ef elementor-grid-eael-col-4 elementor-grid-tablet-eael-col-2 elementor-grid-mobile-eael-col-1 elementor-widget elementor-widget-eael-post-grid\" data-id=\"18879ef\" data-element_type=\"widget\" data-e-type=\"widget\" data-settings=\"{&quot;eael_post_grid_columns&quot;:&quot;eael-col-4&quot;,&quot;eael_post_grid_columns_tablet&quot;:&quot;eael-col-2&quot;,&quot;eael_post_grid_columns_mobile&quot;:&quot;eael-col-1&quot;}\" data-widget_type=\"eael-post-grid.default\">\n\t\t\t\t<div class=\"elementor-widget-container\">\n\t\t\t\t\t<div id=\"eael-post-grid-18879ef\" class=\"eael-post-grid-container\">\n            <div class=\"eael-post-grid eael-post-appender eael-post-appender-18879ef eael-post-grid-style-one\" data-layout-mode=\"grid\"><article class=\"eael-grid-post  eael-post-grid-column eael-pg-post-19697\" data-id=\"19697\">\n        <div class=\"eael-grid-post-holder\">\n            <div class=\"eael-grid-post-holder-inner\"><div class=\"eael-entry-media\"><div class=\"eael-entry-overlay fade-in\"><i class=\"fas fa-plus\" aria-hidden=\"true\"><\/i><a href=\"https:\/\/www.franz-josef.cz\/de\/exponaty\/patriotika\/\"><\/a><\/div><div class=\"eael-entry-thumbnail\">\n                <img fetchpriority=\"high\" decoding=\"async\" width=\"202\" height=\"300\" src=\"https:\/\/www.franz-josef.cz\/wp-content\/uploads\/2023\/06\/184-20-202x300.jpg\" class=\"attachment-medium size-medium wp-image-19880\" alt=\"\" srcset=\"https:\/\/www.franz-josef.cz\/wp-content\/uploads\/2023\/06\/184-20-202x300.jpg 202w, https:\/\/www.franz-josef.cz\/wp-content\/uploads\/2023\/06\/184-20-690x1024.jpg 690w, https:\/\/www.franz-josef.cz\/wp-content\/uploads\/2023\/06\/184-20-209x310.jpg 209w, https:\/\/www.franz-josef.cz\/wp-content\/uploads\/2023\/06\/184-20-71x105.jpg 71w, https:\/\/www.franz-josef.cz\/wp-content\/uploads\/2023\/06\/184-20.jpg 734w\" sizes=\"(max-width: 202px) 100vw, 202px\" \/>\n            <\/div>\n        <\/div><div class=\"eael-entry-wrapper\"><header class=\"eael-entry-header\"><h2 class=\"eael-entry-title\"><a class=\"eael-grid-post-link\" href=\"https:\/\/www.franz-josef.cz\/de\/exponaty\/patriotika\/\" title=\"1. Patriotisches \u00d6sterreich\">1. Patriotisches \u00d6sterreich<\/a><\/h2><\/header><\/div><\/div>\n        <\/div>\n    <\/article><article class=\"eael-grid-post  eael-post-grid-column eael-pg-post-19948\" data-id=\"19948\">\n        <div class=\"eael-grid-post-holder\">\n            <div class=\"eael-grid-post-holder-inner\"><div class=\"eael-entry-media\"><div class=\"eael-entry-overlay fade-in\"><i class=\"fas fa-plus\" aria-hidden=\"true\"><\/i><a href=\"https:\/\/www.franz-josef.cz\/de\/exponaty\/ruzna-tematika-b\/\"><\/a><\/div><div class=\"eael-entry-thumbnail\">\n                <img decoding=\"async\" width=\"300\" height=\"195\" data-src=\"https:\/\/www.franz-josef.cz\/wp-content\/uploads\/2023\/06\/477-5-300x195.jpg\" class=\"attachment-medium size-medium wp-image-20166 lazyload\" alt=\"\" data-srcset=\"https:\/\/www.franz-josef.cz\/wp-content\/uploads\/2023\/06\/477-5-300x195.jpg 300w, https:\/\/www.franz-josef.cz\/wp-content\/uploads\/2023\/06\/477-5-1024x664.jpg 1024w, https:\/\/www.franz-josef.cz\/wp-content\/uploads\/2023\/06\/477-5-768x498.jpg 768w, https:\/\/www.franz-josef.cz\/wp-content\/uploads\/2023\/06\/477-5-463x300.jpg 463w, https:\/\/www.franz-josef.cz\/wp-content\/uploads\/2023\/06\/477-5-310x201.jpg 310w, https:\/\/www.franz-josef.cz\/wp-content\/uploads\/2023\/06\/477-5-150x97.jpg 150w, https:\/\/www.franz-josef.cz\/wp-content\/uploads\/2023\/06\/477-5.jpg 1138w\" data-sizes=\"(max-width: 300px) 100vw, 300px\" src=\"data:image\/gif;base64,R0lGODlhAQABAAAAACH5BAEKAAEALAAAAAABAAEAAAICTAEAOw==\" style=\"--smush-placeholder-width: 300px; --smush-placeholder-aspect-ratio: 300\/195;\" \/><noscript><img decoding=\"async\" width=\"300\" height=\"195\" src=\"https:\/\/www.franz-josef.cz\/wp-content\/uploads\/2023\/06\/477-5-300x195.jpg\" class=\"attachment-medium size-medium wp-image-20166\" alt=\"\" srcset=\"https:\/\/www.franz-josef.cz\/wp-content\/uploads\/2023\/06\/477-5-300x195.jpg 300w, https:\/\/www.franz-josef.cz\/wp-content\/uploads\/2023\/06\/477-5-1024x664.jpg 1024w, https:\/\/www.franz-josef.cz\/wp-content\/uploads\/2023\/06\/477-5-768x498.jpg 768w, https:\/\/www.franz-josef.cz\/wp-content\/uploads\/2023\/06\/477-5-463x300.jpg 463w, https:\/\/www.franz-josef.cz\/wp-content\/uploads\/2023\/06\/477-5-310x201.jpg 310w, https:\/\/www.franz-josef.cz\/wp-content\/uploads\/2023\/06\/477-5-150x97.jpg 150w, https:\/\/www.franz-josef.cz\/wp-content\/uploads\/2023\/06\/477-5.jpg 1138w\" sizes=\"(max-width: 300px) 100vw, 300px\" \/><\/noscript>\n            <\/div>\n        <\/div><div class=\"eael-entry-wrapper\"><header class=\"eael-entry-header\"><h2 class=\"eael-entry-title\"><a class=\"eael-grid-post-link\" href=\"https:\/\/www.franz-josef.cz\/de\/exponaty\/ruzna-tematika-b\/\" title=\"2. Patriotisches \u00d6sterreich\">2. Patriotisches \u00d6sterreich<\/a><\/h2><\/header><\/div><\/div>\n        <\/div>\n    <\/article><article class=\"eael-grid-post  eael-post-grid-column eael-pg-post-20191\" data-id=\"20191\">\n        <div class=\"eael-grid-post-holder\">\n            <div class=\"eael-grid-post-holder-inner\"><div class=\"eael-entry-media\"><div class=\"eael-entry-overlay fade-in\"><i class=\"fas fa-plus\" aria-hidden=\"true\"><\/i><a href=\"https:\/\/www.franz-josef.cz\/de\/exponaty\/patriotika-austria-c\/\"><\/a><\/div><div class=\"eael-entry-thumbnail\">\n                <img decoding=\"async\" width=\"200\" height=\"300\" data-src=\"https:\/\/www.franz-josef.cz\/wp-content\/uploads\/2023\/06\/677-5-200x300.jpg\" class=\"attachment-medium size-medium wp-image-20368 lazyload\" alt=\"\" data-srcset=\"https:\/\/www.franz-josef.cz\/wp-content\/uploads\/2023\/06\/677-5-200x300.jpg 200w, https:\/\/www.franz-josef.cz\/wp-content\/uploads\/2023\/06\/677-5-682x1024.jpg 682w, https:\/\/www.franz-josef.cz\/wp-content\/uploads\/2023\/06\/677-5-207x310.jpg 207w, https:\/\/www.franz-josef.cz\/wp-content\/uploads\/2023\/06\/677-5-70x105.jpg 70w, https:\/\/www.franz-josef.cz\/wp-content\/uploads\/2023\/06\/677-5.jpg 741w\" data-sizes=\"(max-width: 200px) 100vw, 200px\" src=\"data:image\/gif;base64,R0lGODlhAQABAAAAACH5BAEKAAEALAAAAAABAAEAAAICTAEAOw==\" style=\"--smush-placeholder-width: 200px; --smush-placeholder-aspect-ratio: 200\/300;\" \/><noscript><img decoding=\"async\" width=\"200\" height=\"300\" src=\"https:\/\/www.franz-josef.cz\/wp-content\/uploads\/2023\/06\/677-5-200x300.jpg\" class=\"attachment-medium size-medium wp-image-20368\" alt=\"\" srcset=\"https:\/\/www.franz-josef.cz\/wp-content\/uploads\/2023\/06\/677-5-200x300.jpg 200w, https:\/\/www.franz-josef.cz\/wp-content\/uploads\/2023\/06\/677-5-682x1024.jpg 682w, https:\/\/www.franz-josef.cz\/wp-content\/uploads\/2023\/06\/677-5-207x310.jpg 207w, https:\/\/www.franz-josef.cz\/wp-content\/uploads\/2023\/06\/677-5-70x105.jpg 70w, https:\/\/www.franz-josef.cz\/wp-content\/uploads\/2023\/06\/677-5.jpg 741w\" sizes=\"(max-width: 200px) 100vw, 200px\" \/><\/noscript>\n            <\/div>\n        <\/div><div class=\"eael-entry-wrapper\"><header class=\"eael-entry-header\"><h2 class=\"eael-entry-title\"><a class=\"eael-grid-post-link\" href=\"https:\/\/www.franz-josef.cz\/de\/exponaty\/patriotika-austria-c\/\" title=\"3. Patriotismus \u00d6sterreich\">3. Patriotismus \u00d6sterreich<\/a><\/h2><\/header><\/div><\/div>\n        <\/div>\n    <\/article><article class=\"eael-grid-post  eael-post-grid-column eael-pg-post-20443\" data-id=\"20443\">\n        <div class=\"eael-grid-post-holder\">\n            <div class=\"eael-grid-post-holder-inner\"><div class=\"eael-entry-media\"><div class=\"eael-entry-overlay fade-in\"><i class=\"fas fa-plus\" aria-hidden=\"true\"><\/i><a href=\"https:\/\/www.franz-josef.cz\/de\/exponaty\/patroptika-austria-d\/\"><\/a><\/div><div class=\"eael-entry-thumbnail\">\n                <img decoding=\"async\" width=\"198\" height=\"300\" data-src=\"https:\/\/www.franz-josef.cz\/wp-content\/uploads\/2023\/06\/958-2-198x300.jpg\" class=\"attachment-medium size-medium wp-image-20691 lazyload\" alt=\"\" data-srcset=\"https:\/\/www.franz-josef.cz\/wp-content\/uploads\/2023\/06\/958-2-198x300.jpg 198w, https:\/\/www.franz-josef.cz\/wp-content\/uploads\/2023\/06\/958-2-676x1024.jpg 676w, https:\/\/www.franz-josef.cz\/wp-content\/uploads\/2023\/06\/958-2-205x310.jpg 205w, https:\/\/www.franz-josef.cz\/wp-content\/uploads\/2023\/06\/958-2-69x105.jpg 69w, https:\/\/www.franz-josef.cz\/wp-content\/uploads\/2023\/06\/958-2.jpg 730w\" data-sizes=\"(max-width: 198px) 100vw, 198px\" src=\"data:image\/gif;base64,R0lGODlhAQABAAAAACH5BAEKAAEALAAAAAABAAEAAAICTAEAOw==\" style=\"--smush-placeholder-width: 198px; --smush-placeholder-aspect-ratio: 198\/300;\" \/><noscript><img loading=\"lazy\" decoding=\"async\" width=\"198\" height=\"300\" src=\"https:\/\/www.franz-josef.cz\/wp-content\/uploads\/2023\/06\/958-2-198x300.jpg\" class=\"attachment-medium size-medium wp-image-20691\" alt=\"\" srcset=\"https:\/\/www.franz-josef.cz\/wp-content\/uploads\/2023\/06\/958-2-198x300.jpg 198w, https:\/\/www.franz-josef.cz\/wp-content\/uploads\/2023\/06\/958-2-676x1024.jpg 676w, https:\/\/www.franz-josef.cz\/wp-content\/uploads\/2023\/06\/958-2-205x310.jpg 205w, https:\/\/www.franz-josef.cz\/wp-content\/uploads\/2023\/06\/958-2-69x105.jpg 69w, https:\/\/www.franz-josef.cz\/wp-content\/uploads\/2023\/06\/958-2.jpg 730w\" sizes=\"(max-width: 198px) 100vw, 198px\" \/><\/noscript>\n            <\/div>\n        <\/div><div class=\"eael-entry-wrapper\"><header class=\"eael-entry-header\"><h2 class=\"eael-entry-title\"><a class=\"eael-grid-post-link\" href=\"https:\/\/www.franz-josef.cz\/de\/exponaty\/patroptika-austria-d\/\" title=\"4. Patriotismus \u00d6sterreich\">4. Patriotismus \u00d6sterreich<\/a><\/h2><\/header><\/div><\/div>\n        <\/div>\n    <\/article><\/div>\n            <div class=\"clearfix\"><\/div>\n        <\/div>\t\t\t\t<\/div>\n\t\t\t\t<\/div>\n\t\t\t\t\t<\/div>\n\t\t<\/div>\n\t\t\t\t\t<\/div>\n\t\t<\/section>\n\t\t\t\t<\/div>","protected":false},"author":3,"featured_media":8590,"parent":7730,"template":"","podexpozice":[208],"class_list":["post-8188","expozice","type-expozice","status-publish","has-post-thumbnail","hentry","podexpozice-pohlednice"],"yoast_head":"<!-- This site is optimized with the Yoast SEO Premium plugin v20.12 (Yoast SEO v27.2) - https:\/\/yoast.com\/product\/yoast-seo-premium-wordpress\/ -->\n<title>Expozice R\u016fzn\u00e1 t\u00e9matika &#8212; Muzeum c\u00edsa\u0159e Franz Josefa I.<\/title>\n<meta name=\"robots\" content=\"index, follow, max-snippet:-1, max-image-preview:large, max-video-preview:-1\" \/>\n<link rel=\"canonical\" href=\"https:\/\/www.franz-josef.cz\/de\/expozice\/osterreich-pohlednice\/ruzna-tematika\/\" \/>\n<meta property=\"og:locale\" content=\"de_DE\" \/>\n<meta property=\"og:type\" content=\"article\" \/>\n<meta property=\"og:title\" content=\"R\u016fzn\u00e1 t\u00e9matika\" \/>\n<meta property=\"og:description\" content=\"Patriotika Austria \/ a Patriotika Austria \/ b Patriotika- Austria \/ c Patriotika- Austria \/ d\" \/>\n<meta property=\"og:url\" content=\"https:\/\/www.franz-josef.cz\/de\/expozice\/osterreich-pohlednice\/ruzna-tematika\/\" \/>\n<meta property=\"og:site_name\" content=\"Muzeum c\u00edsa\u0159e Franz Josefa I.\" \/>\n<meta property=\"article:modified_time\" content=\"2023-07-29T17:55:03+00:00\" \/>\n<meta property=\"og:image\" content=\"https:\/\/www.franz-josef.cz\/wp-content\/uploads\/2023\/04\/obrazok_2023-04-05_165817907-e1680706721930.png\" \/>\n\t<meta property=\"og:image:width\" content=\"485\" \/>\n\t<meta property=\"og:image:height\" content=\"313\" \/>\n\t<meta property=\"og:image:type\" content=\"image\/png\" \/>\n<meta name=\"twitter:card\" content=\"summary_large_image\" \/>\n<script type=\"application\/ld+json\" class=\"yoast-schema-graph\">{\"@context\":\"https:\/\/schema.org\",\"@graph\":[{\"@type\":\"WebPage\",\"@id\":\"https:\/\/www.franz-josef.cz\/expozice\/osterreich-pohlednice\/ruzna-tematika\/\",\"url\":\"https:\/\/www.franz-josef.cz\/expozice\/osterreich-pohlednice\/ruzna-tematika\/\",\"name\":\"Expozice R\u016fzn\u00e1 t\u00e9matika &#8212; Muzeum c\u00edsa\u0159e Franz Josefa I.\",\"isPartOf\":{\"@id\":\"https:\/\/www.franz-josef.cz\/#website\"},\"primaryImageOfPage\":{\"@id\":\"https:\/\/www.franz-josef.cz\/expozice\/osterreich-pohlednice\/ruzna-tematika\/#primaryimage\"},\"image\":{\"@id\":\"https:\/\/www.franz-josef.cz\/expozice\/osterreich-pohlednice\/ruzna-tematika\/#primaryimage\"},\"thumbnailUrl\":\"https:\/\/www.franz-josef.cz\/wp-content\/uploads\/2023\/04\/obrazok_2023-04-05_165817907-e1680706721930.png\",\"datePublished\":\"2023-04-01T13:50:21+00:00\",\"dateModified\":\"2023-07-29T17:55:03+00:00\",\"breadcrumb\":{\"@id\":\"https:\/\/www.franz-josef.cz\/expozice\/osterreich-pohlednice\/ruzna-tematika\/#breadcrumb\"},\"inLanguage\":\"de\",\"potentialAction\":[{\"@type\":\"ReadAction\",\"target\":[\"https:\/\/www.franz-josef.cz\/expozice\/osterreich-pohlednice\/ruzna-tematika\/\"]}]},{\"@type\":\"ImageObject\",\"inLanguage\":\"de\",\"@id\":\"https:\/\/www.franz-josef.cz\/expozice\/osterreich-pohlednice\/ruzna-tematika\/#primaryimage\",\"url\":\"https:\/\/www.franz-josef.cz\/wp-content\/uploads\/2023\/04\/obrazok_2023-04-05_165817907-e1680706721930.png\",\"contentUrl\":\"https:\/\/www.franz-josef.cz\/wp-content\/uploads\/2023\/04\/obrazok_2023-04-05_165817907-e1680706721930.png\",\"width\":485,\"height\":313},{\"@type\":\"BreadcrumbList\",\"@id\":\"https:\/\/www.franz-josef.cz\/expozice\/osterreich-pohlednice\/ruzna-tematika\/#breadcrumb\",\"itemListElement\":[{\"@type\":\"ListItem\",\"position\":1,\"name\":\"Home\",\"item\":\"https:\/\/www.franz-josef.cz\/\"},{\"@type\":\"ListItem\",\"position\":2,\"name\":\"Expozice\",\"item\":\"https:\/\/www.franz-josef.cz\/expozice\/\"},{\"@type\":\"ListItem\",\"position\":3,\"name\":\"Pohlednice c\u00edsa\u0159 Franz Josef I. a c\u00edsa\u0159ovna Elisabeth\",\"item\":\"https:\/\/www.franz-josef.cz\/expozice\/osterreich-pohlednice\/\"},{\"@type\":\"ListItem\",\"position\":4,\"name\":\"R\u016fzn\u00e1 t\u00e9matika\"}]},{\"@type\":\"WebSite\",\"@id\":\"https:\/\/www.franz-josef.cz\/#website\",\"url\":\"https:\/\/www.franz-josef.cz\/\",\"name\":\"Muzeum c\u00edsa\u0159e Franz Josefa I.\",\"description\":\"\",\"publisher\":{\"@id\":\"https:\/\/www.franz-josef.cz\/#organization\"},\"alternateName\":\"Franz Joseph\",\"potentialAction\":[{\"@type\":\"SearchAction\",\"target\":{\"@type\":\"EntryPoint\",\"urlTemplate\":\"https:\/\/www.franz-josef.cz\/?s={search_term_string}\"},\"query-input\":{\"@type\":\"PropertyValueSpecification\",\"valueRequired\":true,\"valueName\":\"search_term_string\"}}],\"inLanguage\":\"de\"},{\"@type\":\"Organization\",\"@id\":\"https:\/\/www.franz-josef.cz\/#organization\",\"name\":\"Muzeum Franz Josefa I.\",\"alternateName\":\"Franz Jozef\",\"url\":\"https:\/\/www.franz-josef.cz\/\",\"logo\":{\"@type\":\"ImageObject\",\"inLanguage\":\"de\",\"@id\":\"https:\/\/www.franz-josef.cz\/#\/schema\/logo\/image\/\",\"url\":\"https:\/\/www.franz-josef.cz\/wp-content\/uploads\/2023\/08\/Muzeum-Franz-Jozef-logo-696x696-1.png\",\"contentUrl\":\"https:\/\/www.franz-josef.cz\/wp-content\/uploads\/2023\/08\/Muzeum-Franz-Jozef-logo-696x696-1.png\",\"width\":696,\"height\":696,\"caption\":\"Muzeum Franz Josefa I.\"},\"image\":{\"@id\":\"https:\/\/www.franz-josef.cz\/#\/schema\/logo\/image\/\"}}]}<\/script>\n<!-- \/ Yoast SEO Premium plugin. -->","yoast_head_json":{"title":"Expozice R\u016fzn\u00e1 t\u00e9matika &#8212; Muzeum c\u00edsa\u0159e Franz Josefa I.","robots":{"index":"index","follow":"follow","max-snippet":"max-snippet:-1","max-image-preview":"max-image-preview:large","max-video-preview":"max-video-preview:-1"},"canonical":"https:\/\/www.franz-josef.cz\/de\/expozice\/osterreich-pohlednice\/ruzna-tematika\/","og_locale":"de_DE","og_type":"article","og_title":"R\u016fzn\u00e1 t\u00e9matika","og_description":"Patriotika Austria \/ a Patriotika Austria \/ b Patriotika- Austria \/ c Patriotika- Austria \/ d","og_url":"https:\/\/www.franz-josef.cz\/de\/expozice\/osterreich-pohlednice\/ruzna-tematika\/","og_site_name":"Muzeum c\u00edsa\u0159e Franz Josefa I.","article_modified_time":"2023-07-29T17:55:03+00:00","og_image":[{"width":485,"height":313,"url":"https:\/\/www.franz-josef.cz\/wp-content\/uploads\/2023\/04\/obrazok_2023-04-05_165817907-e1680706721930.png","type":"image\/png"}],"twitter_card":"summary_large_image","schema":{"@context":"https:\/\/schema.org","@graph":[{"@type":"WebPage","@id":"https:\/\/www.franz-josef.cz\/expozice\/osterreich-pohlednice\/ruzna-tematika\/","url":"https:\/\/www.franz-josef.cz\/expozice\/osterreich-pohlednice\/ruzna-tematika\/","name":"Expozice R\u016fzn\u00e1 t\u00e9matika &#8212; Muzeum c\u00edsa\u0159e Franz Josefa I.","isPartOf":{"@id":"https:\/\/www.franz-josef.cz\/#website"},"primaryImageOfPage":{"@id":"https:\/\/www.franz-josef.cz\/expozice\/osterreich-pohlednice\/ruzna-tematika\/#primaryimage"},"image":{"@id":"https:\/\/www.franz-josef.cz\/expozice\/osterreich-pohlednice\/ruzna-tematika\/#primaryimage"},"thumbnailUrl":"https:\/\/www.franz-josef.cz\/wp-content\/uploads\/2023\/04\/obrazok_2023-04-05_165817907-e1680706721930.png","datePublished":"2023-04-01T13:50:21+00:00","dateModified":"2023-07-29T17:55:03+00:00","breadcrumb":{"@id":"https:\/\/www.franz-josef.cz\/expozice\/osterreich-pohlednice\/ruzna-tematika\/#breadcrumb"},"inLanguage":"de","potentialAction":[{"@type":"ReadAction","target":["https:\/\/www.franz-josef.cz\/expozice\/osterreich-pohlednice\/ruzna-tematika\/"]}]},{"@type":"ImageObject","inLanguage":"de","@id":"https:\/\/www.franz-josef.cz\/expozice\/osterreich-pohlednice\/ruzna-tematika\/#primaryimage","url":"https:\/\/www.franz-josef.cz\/wp-content\/uploads\/2023\/04\/obrazok_2023-04-05_165817907-e1680706721930.png","contentUrl":"https:\/\/www.franz-josef.cz\/wp-content\/uploads\/2023\/04\/obrazok_2023-04-05_165817907-e1680706721930.png","width":485,"height":313},{"@type":"BreadcrumbList","@id":"https:\/\/www.franz-josef.cz\/expozice\/osterreich-pohlednice\/ruzna-tematika\/#breadcrumb","itemListElement":[{"@type":"ListItem","position":1,"name":"Home","item":"https:\/\/www.franz-josef.cz\/"},{"@type":"ListItem","position":2,"name":"Expozice","item":"https:\/\/www.franz-josef.cz\/expozice\/"},{"@type":"ListItem","position":3,"name":"Pohlednice c\u00edsa\u0159 Franz Josef I. a c\u00edsa\u0159ovna Elisabeth","item":"https:\/\/www.franz-josef.cz\/expozice\/osterreich-pohlednice\/"},{"@type":"ListItem","position":4,"name":"R\u016fzn\u00e1 t\u00e9matika"}]},{"@type":"WebSite","@id":"https:\/\/www.franz-josef.cz\/#website","url":"https:\/\/www.franz-josef.cz\/","name":"Muzeum c\u00edsa\u0159e Franz Josefa I.","description":"","publisher":{"@id":"https:\/\/www.franz-josef.cz\/#organization"},"alternateName":"Franz Joseph","potentialAction":[{"@type":"SearchAction","target":{"@type":"EntryPoint","urlTemplate":"https:\/\/www.franz-josef.cz\/?s={search_term_string}"},"query-input":{"@type":"PropertyValueSpecification","valueRequired":true,"valueName":"search_term_string"}}],"inLanguage":"de"},{"@type":"Organization","@id":"https:\/\/www.franz-josef.cz\/#organization","name":"Muzeum Franz Josefa I.","alternateName":"Franz Jozef","url":"https:\/\/www.franz-josef.cz\/","logo":{"@type":"ImageObject","inLanguage":"de","@id":"https:\/\/www.franz-josef.cz\/#\/schema\/logo\/image\/","url":"https:\/\/www.franz-josef.cz\/wp-content\/uploads\/2023\/08\/Muzeum-Franz-Jozef-logo-696x696-1.png","contentUrl":"https:\/\/www.franz-josef.cz\/wp-content\/uploads\/2023\/08\/Muzeum-Franz-Jozef-logo-696x696-1.png","width":696,"height":696,"caption":"Muzeum Franz Josefa I."},"image":{"@id":"https:\/\/www.franz-josef.cz\/#\/schema\/logo\/image\/"}}]}},"_links":{"self":[{"href":"https:\/\/www.franz-josef.cz\/de\/wp-json\/wp\/v2\/expozice\/8188","targetHints":{"allow":["GET"]}}],"collection":[{"href":"https:\/\/www.franz-josef.cz\/de\/wp-json\/wp\/v2\/expozice"}],"about":[{"href":"https:\/\/www.franz-josef.cz\/de\/wp-json\/wp\/v2\/types\/expozice"}],"author":[{"embeddable":true,"href":"https:\/\/www.franz-josef.cz\/de\/wp-json\/wp\/v2\/users\/3"}],"version-history":[{"count":9,"href":"https:\/\/www.franz-josef.cz\/de\/wp-json\/wp\/v2\/expozice\/8188\/revisions"}],"predecessor-version":[{"id":50965,"href":"https:\/\/www.franz-josef.cz\/de\/wp-json\/wp\/v2\/expozice\/8188\/revisions\/50965"}],"up":[{"embeddable":true,"href":"https:\/\/www.franz-josef.cz\/de\/wp-json\/wp\/v2\/expozice\/7730"}],"wp:featuredmedia":[{"embeddable":true,"href":"https:\/\/www.franz-josef.cz\/de\/wp-json\/wp\/v2\/media\/8590"}],"wp:attachment":[{"href":"https:\/\/www.franz-josef.cz\/de\/wp-json\/wp\/v2\/media?parent=8188"}],"wp:term":[{"taxonomy":"podexpozice","embeddable":true,"href":"https:\/\/www.franz-josef.cz\/de\/wp-json\/wp\/v2\/podexpozice?post=8188"}],"curies":[{"name":"wp","href":"https:\/\/api.w.org\/{rel}","templated":true}]}}