{"id":8614,"date":"2023-04-05T17:29:50","date_gmt":"2023-04-05T15:29:50","guid":{"rendered":"https:\/\/www.franz-josef.cz\/?post_type=expozice&#038;p=8614"},"modified":"2024-01-07T13:54:15","modified_gmt":"2024-01-07T12:54:15","slug":"hrnicky","status":"publish","type":"expozice","link":"https:\/\/www.franz-josef.cz\/de\/expozice\/predmety-z-doby-pred-i-svetovou-valkou-vyrobili-nasi-predkove\/hrnicky\/","title":{"rendered":"Tassen - Franz Joseph I., Karl I., Wilhelm II."},"content":{"rendered":"<div data-elementor-type=\"wp-post\" data-elementor-id=\"8614\" class=\"elementor elementor-8614\" data-elementor-post-type=\"expozice\">\n\t\t\t\t\t\t<section data-particle_enable=\"false\" data-particle-mobile-disabled=\"false\" class=\"elementor-section elementor-top-section elementor-element elementor-element-c919e1f elementor-section-boxed elementor-section-height-default elementor-section-height-default\" data-id=\"c919e1f\" data-element_type=\"section\" data-e-type=\"section\">\n\t\t\t\t\t\t<div class=\"elementor-container elementor-column-gap-default\">\n\t\t\t\t\t<div class=\"elementor-column elementor-col-100 elementor-top-column elementor-element elementor-element-418612f\" data-id=\"418612f\" data-element_type=\"column\" data-e-type=\"column\">\n\t\t\t<div class=\"elementor-widget-wrap elementor-element-populated\">\n\t\t\t\t\t\t<div class=\"elementor-element elementor-element-920c8a3 elementor-grid-eael-col-4 elementor-grid-tablet-eael-col-2 elementor-grid-mobile-eael-col-1 elementor-widget elementor-widget-eael-post-grid\" data-id=\"920c8a3\" data-element_type=\"widget\" data-e-type=\"widget\" data-settings=\"{&quot;eael_post_grid_columns&quot;:&quot;eael-col-4&quot;,&quot;eael_post_grid_columns_tablet&quot;:&quot;eael-col-2&quot;,&quot;eael_post_grid_columns_mobile&quot;:&quot;eael-col-1&quot;}\" data-widget_type=\"eael-post-grid.default\">\n\t\t\t\t<div class=\"elementor-widget-container\">\n\t\t\t\t\t<div id=\"eael-post-grid-920c8a3\" class=\"eael-post-grid-container\">\n            <div class=\"eael-post-grid eael-post-appender eael-post-appender-920c8a3 eael-post-grid-style-one\" data-layout-mode=\"grid\"><article class=\"eael-grid-post  eael-post-grid-column eael-pg-post-45646\" data-id=\"45646\">\n        <div class=\"eael-grid-post-holder\">\n            <div class=\"eael-grid-post-holder-inner\"><div class=\"eael-entry-media\"><div class=\"eael-entry-overlay fade-in\"><i class=\"fas fa-plus\" aria-hidden=\"true\"><\/i><a href=\"https:\/\/www.franz-josef.cz\/de\/exponaty\/1-hrnicek-franz-josef-i\/\"><\/a><\/div><div class=\"eael-entry-thumbnail\">\n                <img fetchpriority=\"high\" decoding=\"async\" width=\"234\" height=\"300\" src=\"https:\/\/www.franz-josef.cz\/wp-content\/uploads\/2023\/07\/39-234x300.jpg\" class=\"attachment-medium size-medium wp-image-45685\" alt=\"\" srcset=\"https:\/\/www.franz-josef.cz\/wp-content\/uploads\/2023\/07\/39-234x300.jpg 234w, https:\/\/www.franz-josef.cz\/wp-content\/uploads\/2023\/07\/39-797x1024.jpg 797w, https:\/\/www.franz-josef.cz\/wp-content\/uploads\/2023\/07\/39-768x986.jpg 768w, https:\/\/www.franz-josef.cz\/wp-content\/uploads\/2023\/07\/39-241x310.jpg 241w, https:\/\/www.franz-josef.cz\/wp-content\/uploads\/2023\/07\/39-82x105.jpg 82w, https:\/\/www.franz-josef.cz\/wp-content\/uploads\/2023\/07\/39.jpg 1069w\" sizes=\"(max-width: 234px) 100vw, 234px\" \/>\n            <\/div>\n        <\/div><div class=\"eael-entry-wrapper\"><header class=\"eael-entry-header\"><h2 class=\"eael-entry-title\"><a class=\"eael-grid-post-link\" href=\"https:\/\/www.franz-josef.cz\/de\/exponaty\/1-hrnicek-franz-josef-i\/\" title=\"1. Becher Franz Josef I.\">1. Becher Franz Josef I.<\/a><\/h2><\/header><\/div><\/div>\n        <\/div>\n    <\/article><article class=\"eael-grid-post  eael-post-grid-column eael-pg-post-45752\" data-id=\"45752\">\n        <div class=\"eael-grid-post-holder\">\n            <div class=\"eael-grid-post-holder-inner\"><div class=\"eael-entry-media\"><div class=\"eael-entry-overlay fade-in\"><i class=\"fas fa-plus\" aria-hidden=\"true\"><\/i><a href=\"https:\/\/www.franz-josef.cz\/de\/exponaty\/2-hrnicek-franz-josef-i\/\"><\/a><\/div><div class=\"eael-entry-thumbnail\">\n                <img decoding=\"async\" width=\"244\" height=\"300\" data-src=\"https:\/\/www.franz-josef.cz\/wp-content\/uploads\/2023\/07\/174-6-244x300.jpg\" class=\"attachment-medium size-medium wp-image-45824 lazyload\" alt=\"\" data-srcset=\"https:\/\/www.franz-josef.cz\/wp-content\/uploads\/2023\/07\/174-6-244x300.jpg 244w, https:\/\/www.franz-josef.cz\/wp-content\/uploads\/2023\/07\/174-6-834x1024.jpg 834w, https:\/\/www.franz-josef.cz\/wp-content\/uploads\/2023\/07\/174-6-768x943.jpg 768w, https:\/\/www.franz-josef.cz\/wp-content\/uploads\/2023\/07\/174-6-252x310.jpg 252w, https:\/\/www.franz-josef.cz\/wp-content\/uploads\/2023\/07\/174-6-86x105.jpg 86w, https:\/\/www.franz-josef.cz\/wp-content\/uploads\/2023\/07\/174-6.jpg 1238w\" data-sizes=\"(max-width: 244px) 100vw, 244px\" src=\"data:image\/gif;base64,R0lGODlhAQABAAAAACH5BAEKAAEALAAAAAABAAEAAAICTAEAOw==\" style=\"--smush-placeholder-width: 244px; --smush-placeholder-aspect-ratio: 244\/300;\" \/><noscript><img decoding=\"async\" width=\"244\" height=\"300\" src=\"https:\/\/www.franz-josef.cz\/wp-content\/uploads\/2023\/07\/174-6-244x300.jpg\" class=\"attachment-medium size-medium wp-image-45824\" alt=\"\" srcset=\"https:\/\/www.franz-josef.cz\/wp-content\/uploads\/2023\/07\/174-6-244x300.jpg 244w, https:\/\/www.franz-josef.cz\/wp-content\/uploads\/2023\/07\/174-6-834x1024.jpg 834w, https:\/\/www.franz-josef.cz\/wp-content\/uploads\/2023\/07\/174-6-768x943.jpg 768w, https:\/\/www.franz-josef.cz\/wp-content\/uploads\/2023\/07\/174-6-252x310.jpg 252w, https:\/\/www.franz-josef.cz\/wp-content\/uploads\/2023\/07\/174-6-86x105.jpg 86w, https:\/\/www.franz-josef.cz\/wp-content\/uploads\/2023\/07\/174-6.jpg 1238w\" sizes=\"(max-width: 244px) 100vw, 244px\" \/><\/noscript>\n            <\/div>\n        <\/div><div class=\"eael-entry-wrapper\"><header class=\"eael-entry-header\"><h2 class=\"eael-entry-title\"><a class=\"eael-grid-post-link\" href=\"https:\/\/www.franz-josef.cz\/de\/exponaty\/2-hrnicek-franz-josef-i\/\" title=\"2. Becher Franz Josef I.\">2. Becher Franz Josef I.<\/a><\/h2><\/header><\/div><\/div>\n        <\/div>\n    <\/article><article class=\"eael-grid-post  eael-post-grid-column eael-pg-post-45852\" data-id=\"45852\">\n        <div class=\"eael-grid-post-holder\">\n            <div class=\"eael-grid-post-holder-inner\"><div class=\"eael-entry-media\"><div class=\"eael-entry-overlay fade-in\"><i class=\"fas fa-plus\" aria-hidden=\"true\"><\/i><a href=\"https:\/\/www.franz-josef.cz\/de\/exponaty\/3-hrnicek-franz-josef-i\/\"><\/a><\/div><div class=\"eael-entry-thumbnail\">\n                <img decoding=\"async\" width=\"284\" height=\"300\" data-src=\"https:\/\/www.franz-josef.cz\/wp-content\/uploads\/2023\/07\/237-2-284x300.jpg\" class=\"attachment-medium size-medium wp-image-45889 lazyload\" alt=\"\" data-srcset=\"https:\/\/www.franz-josef.cz\/wp-content\/uploads\/2023\/07\/237-2-284x300.jpg 284w, https:\/\/www.franz-josef.cz\/wp-content\/uploads\/2023\/07\/237-2-970x1024.jpg 970w, https:\/\/www.franz-josef.cz\/wp-content\/uploads\/2023\/07\/237-2-768x810.jpg 768w, https:\/\/www.franz-josef.cz\/wp-content\/uploads\/2023\/07\/237-2-1455x1536.jpg 1455w, https:\/\/www.franz-josef.cz\/wp-content\/uploads\/2023\/07\/237-2-294x310.jpg 294w, https:\/\/www.franz-josef.cz\/wp-content\/uploads\/2023\/07\/237-2-99x105.jpg 99w, https:\/\/www.franz-josef.cz\/wp-content\/uploads\/2023\/07\/237-2.jpg 1518w\" data-sizes=\"(max-width: 284px) 100vw, 284px\" src=\"data:image\/gif;base64,R0lGODlhAQABAAAAACH5BAEKAAEALAAAAAABAAEAAAICTAEAOw==\" style=\"--smush-placeholder-width: 284px; --smush-placeholder-aspect-ratio: 284\/300;\" \/><noscript><img decoding=\"async\" width=\"284\" height=\"300\" src=\"https:\/\/www.franz-josef.cz\/wp-content\/uploads\/2023\/07\/237-2-284x300.jpg\" class=\"attachment-medium size-medium wp-image-45889\" alt=\"\" srcset=\"https:\/\/www.franz-josef.cz\/wp-content\/uploads\/2023\/07\/237-2-284x300.jpg 284w, https:\/\/www.franz-josef.cz\/wp-content\/uploads\/2023\/07\/237-2-970x1024.jpg 970w, https:\/\/www.franz-josef.cz\/wp-content\/uploads\/2023\/07\/237-2-768x810.jpg 768w, https:\/\/www.franz-josef.cz\/wp-content\/uploads\/2023\/07\/237-2-1455x1536.jpg 1455w, https:\/\/www.franz-josef.cz\/wp-content\/uploads\/2023\/07\/237-2-294x310.jpg 294w, https:\/\/www.franz-josef.cz\/wp-content\/uploads\/2023\/07\/237-2-99x105.jpg 99w, https:\/\/www.franz-josef.cz\/wp-content\/uploads\/2023\/07\/237-2.jpg 1518w\" sizes=\"(max-width: 284px) 100vw, 284px\" \/><\/noscript>\n            <\/div>\n        <\/div><div class=\"eael-entry-wrapper\"><header class=\"eael-entry-header\"><h2 class=\"eael-entry-title\"><a class=\"eael-grid-post-link\" href=\"https:\/\/www.franz-josef.cz\/de\/exponaty\/3-hrnicek-franz-josef-i\/\" title=\"3. Becher Franz Josef I.\">3. Becher Franz Josef I.<\/a><\/h2><\/header><\/div><\/div>\n        <\/div>\n    <\/article><article class=\"eael-grid-post  eael-post-grid-column eael-pg-post-45956\" data-id=\"45956\">\n        <div class=\"eael-grid-post-holder\">\n            <div class=\"eael-grid-post-holder-inner\"><div class=\"eael-entry-media\"><div class=\"eael-entry-overlay fade-in\"><i class=\"fas fa-plus\" aria-hidden=\"true\"><\/i><a href=\"https:\/\/www.franz-josef.cz\/de\/exponaty\/4-hrnicek-franz-josef-i\/\"><\/a><\/div><div class=\"eael-entry-thumbnail\">\n                <img decoding=\"async\" width=\"267\" height=\"300\" data-src=\"https:\/\/www.franz-josef.cz\/wp-content\/uploads\/2023\/07\/311-2-267x300.jpg\" class=\"attachment-medium size-medium wp-image-45968 lazyload\" alt=\"\" data-srcset=\"https:\/\/www.franz-josef.cz\/wp-content\/uploads\/2023\/07\/311-2-267x300.jpg 267w, https:\/\/www.franz-josef.cz\/wp-content\/uploads\/2023\/07\/311-2-912x1024.jpg 912w, https:\/\/www.franz-josef.cz\/wp-content\/uploads\/2023\/07\/311-2-768x863.jpg 768w, https:\/\/www.franz-josef.cz\/wp-content\/uploads\/2023\/07\/311-2-276x310.jpg 276w, https:\/\/www.franz-josef.cz\/wp-content\/uploads\/2023\/07\/311-2-93x105.jpg 93w, https:\/\/www.franz-josef.cz\/wp-content\/uploads\/2023\/07\/311-2.jpg 1299w\" data-sizes=\"(max-width: 267px) 100vw, 267px\" src=\"data:image\/gif;base64,R0lGODlhAQABAAAAACH5BAEKAAEALAAAAAABAAEAAAICTAEAOw==\" style=\"--smush-placeholder-width: 267px; --smush-placeholder-aspect-ratio: 267\/300;\" \/><noscript><img loading=\"lazy\" decoding=\"async\" width=\"267\" height=\"300\" src=\"https:\/\/www.franz-josef.cz\/wp-content\/uploads\/2023\/07\/311-2-267x300.jpg\" class=\"attachment-medium size-medium wp-image-45968\" alt=\"\" srcset=\"https:\/\/www.franz-josef.cz\/wp-content\/uploads\/2023\/07\/311-2-267x300.jpg 267w, https:\/\/www.franz-josef.cz\/wp-content\/uploads\/2023\/07\/311-2-912x1024.jpg 912w, https:\/\/www.franz-josef.cz\/wp-content\/uploads\/2023\/07\/311-2-768x863.jpg 768w, https:\/\/www.franz-josef.cz\/wp-content\/uploads\/2023\/07\/311-2-276x310.jpg 276w, https:\/\/www.franz-josef.cz\/wp-content\/uploads\/2023\/07\/311-2-93x105.jpg 93w, https:\/\/www.franz-josef.cz\/wp-content\/uploads\/2023\/07\/311-2.jpg 1299w\" sizes=\"(max-width: 267px) 100vw, 267px\" \/><\/noscript>\n            <\/div>\n        <\/div><div class=\"eael-entry-wrapper\"><header class=\"eael-entry-header\"><h2 class=\"eael-entry-title\"><a class=\"eael-grid-post-link\" href=\"https:\/\/www.franz-josef.cz\/de\/exponaty\/4-hrnicek-franz-josef-i\/\" title=\"4. Becher Franz Josef I.\">4. Becher Franz Josef I.<\/a><\/h2><\/header><\/div><\/div>\n        <\/div>\n    <\/article><article class=\"eael-grid-post  eael-post-grid-column eael-pg-post-46091\" data-id=\"46091\">\n        <div class=\"eael-grid-post-holder\">\n            <div class=\"eael-grid-post-holder-inner\"><div class=\"eael-entry-media\"><div class=\"eael-entry-overlay fade-in\"><i class=\"fas fa-plus\" aria-hidden=\"true\"><\/i><a href=\"https:\/\/www.franz-josef.cz\/de\/exponaty\/5-hrnicek-franz-josef-i\/\"><\/a><\/div><div class=\"eael-entry-thumbnail\">\n                <img decoding=\"async\" width=\"300\" height=\"250\" data-src=\"https:\/\/www.franz-josef.cz\/wp-content\/uploads\/2023\/07\/598-2-300x250.jpg\" class=\"attachment-medium size-medium wp-image-46139 lazyload\" alt=\"\" data-srcset=\"https:\/\/www.franz-josef.cz\/wp-content\/uploads\/2023\/07\/598-2-300x250.jpg 300w, https:\/\/www.franz-josef.cz\/wp-content\/uploads\/2023\/07\/598-2-1024x853.jpg 1024w, https:\/\/www.franz-josef.cz\/wp-content\/uploads\/2023\/07\/598-2-768x640.jpg 768w, https:\/\/www.franz-josef.cz\/wp-content\/uploads\/2023\/07\/598-2-1536x1280.jpg 1536w, https:\/\/www.franz-josef.cz\/wp-content\/uploads\/2023\/07\/598-2-360x300.jpg 360w, https:\/\/www.franz-josef.cz\/wp-content\/uploads\/2023\/07\/598-2-310x258.jpg 310w, https:\/\/www.franz-josef.cz\/wp-content\/uploads\/2023\/07\/598-2-126x105.jpg 126w, https:\/\/www.franz-josef.cz\/wp-content\/uploads\/2023\/07\/598-2.jpg 1583w\" data-sizes=\"(max-width: 300px) 100vw, 300px\" src=\"data:image\/gif;base64,R0lGODlhAQABAAAAACH5BAEKAAEALAAAAAABAAEAAAICTAEAOw==\" style=\"--smush-placeholder-width: 300px; --smush-placeholder-aspect-ratio: 300\/250;\" \/><noscript><img loading=\"lazy\" decoding=\"async\" width=\"300\" height=\"250\" src=\"https:\/\/www.franz-josef.cz\/wp-content\/uploads\/2023\/07\/598-2-300x250.jpg\" class=\"attachment-medium size-medium wp-image-46139\" alt=\"\" srcset=\"https:\/\/www.franz-josef.cz\/wp-content\/uploads\/2023\/07\/598-2-300x250.jpg 300w, https:\/\/www.franz-josef.cz\/wp-content\/uploads\/2023\/07\/598-2-1024x853.jpg 1024w, https:\/\/www.franz-josef.cz\/wp-content\/uploads\/2023\/07\/598-2-768x640.jpg 768w, https:\/\/www.franz-josef.cz\/wp-content\/uploads\/2023\/07\/598-2-1536x1280.jpg 1536w, https:\/\/www.franz-josef.cz\/wp-content\/uploads\/2023\/07\/598-2-360x300.jpg 360w, https:\/\/www.franz-josef.cz\/wp-content\/uploads\/2023\/07\/598-2-310x258.jpg 310w, https:\/\/www.franz-josef.cz\/wp-content\/uploads\/2023\/07\/598-2-126x105.jpg 126w, https:\/\/www.franz-josef.cz\/wp-content\/uploads\/2023\/07\/598-2.jpg 1583w\" sizes=\"(max-width: 300px) 100vw, 300px\" \/><\/noscript>\n            <\/div>\n        <\/div><div class=\"eael-entry-wrapper\"><header class=\"eael-entry-header\"><h2 class=\"eael-entry-title\"><a class=\"eael-grid-post-link\" href=\"https:\/\/www.franz-josef.cz\/de\/exponaty\/5-hrnicek-franz-josef-i\/\" title=\"5. Becher Franz Josef I.\">5. Becher Franz Josef I.<\/a><\/h2><\/header><\/div><\/div>\n        <\/div>\n    <\/article><article class=\"eael-grid-post  eael-post-grid-column eael-pg-post-46221\" data-id=\"46221\">\n        <div class=\"eael-grid-post-holder\">\n            <div class=\"eael-grid-post-holder-inner\"><div class=\"eael-entry-media\"><div class=\"eael-entry-overlay fade-in\"><i class=\"fas fa-plus\" aria-hidden=\"true\"><\/i><a href=\"https:\/\/www.franz-josef.cz\/de\/exponaty\/6-hrnicek-franz-josef-i\/\"><\/a><\/div><div class=\"eael-entry-thumbnail\">\n                <img decoding=\"async\" width=\"259\" height=\"300\" data-src=\"https:\/\/www.franz-josef.cz\/wp-content\/uploads\/2023\/07\/775-1-259x300.jpg\" class=\"attachment-medium size-medium wp-image-46316 lazyload\" alt=\"\" data-srcset=\"https:\/\/www.franz-josef.cz\/wp-content\/uploads\/2023\/07\/775-1-259x300.jpg 259w, https:\/\/www.franz-josef.cz\/wp-content\/uploads\/2023\/07\/775-1-768x888.jpg 768w, https:\/\/www.franz-josef.cz\/wp-content\/uploads\/2023\/07\/775-1-268x310.jpg 268w, https:\/\/www.franz-josef.cz\/wp-content\/uploads\/2023\/07\/775-1-91x105.jpg 91w, https:\/\/www.franz-josef.cz\/wp-content\/uploads\/2023\/07\/775-1.jpg 775w\" data-sizes=\"(max-width: 259px) 100vw, 259px\" src=\"data:image\/gif;base64,R0lGODlhAQABAAAAACH5BAEKAAEALAAAAAABAAEAAAICTAEAOw==\" style=\"--smush-placeholder-width: 259px; --smush-placeholder-aspect-ratio: 259\/300;\" \/><noscript><img loading=\"lazy\" decoding=\"async\" width=\"259\" height=\"300\" src=\"https:\/\/www.franz-josef.cz\/wp-content\/uploads\/2023\/07\/775-1-259x300.jpg\" class=\"attachment-medium size-medium wp-image-46316\" alt=\"\" srcset=\"https:\/\/www.franz-josef.cz\/wp-content\/uploads\/2023\/07\/775-1-259x300.jpg 259w, https:\/\/www.franz-josef.cz\/wp-content\/uploads\/2023\/07\/775-1-768x888.jpg 768w, https:\/\/www.franz-josef.cz\/wp-content\/uploads\/2023\/07\/775-1-268x310.jpg 268w, https:\/\/www.franz-josef.cz\/wp-content\/uploads\/2023\/07\/775-1-91x105.jpg 91w, https:\/\/www.franz-josef.cz\/wp-content\/uploads\/2023\/07\/775-1.jpg 775w\" sizes=\"(max-width: 259px) 100vw, 259px\" \/><\/noscript>\n            <\/div>\n        <\/div><div class=\"eael-entry-wrapper\"><header class=\"eael-entry-header\"><h2 class=\"eael-entry-title\"><a class=\"eael-grid-post-link\" href=\"https:\/\/www.franz-josef.cz\/de\/exponaty\/6-hrnicek-franz-josef-i\/\" title=\"6. Becher Franz Josef I.\">6. Becher Franz Josef I.<\/a><\/h2><\/header><\/div><\/div>\n        <\/div>\n    <\/article><article class=\"eael-grid-post  eael-post-grid-column eael-pg-post-46357\" data-id=\"46357\">\n        <div class=\"eael-grid-post-holder\">\n            <div class=\"eael-grid-post-holder-inner\"><div class=\"eael-entry-media\"><div class=\"eael-entry-overlay fade-in\"><i class=\"fas fa-plus\" aria-hidden=\"true\"><\/i><a href=\"https:\/\/www.franz-josef.cz\/de\/exponaty\/7-hrnicek-franz-josef-i\/\"><\/a><\/div><div class=\"eael-entry-thumbnail\">\n                <img decoding=\"async\" width=\"300\" height=\"223\" data-src=\"https:\/\/www.franz-josef.cz\/wp-content\/uploads\/2023\/07\/910-1-300x223.jpg\" class=\"attachment-medium size-medium wp-image-46448 lazyload\" alt=\"\" data-srcset=\"https:\/\/www.franz-josef.cz\/wp-content\/uploads\/2023\/07\/910-1-300x223.jpg 300w, https:\/\/www.franz-josef.cz\/wp-content\/uploads\/2023\/07\/910-1-1024x761.jpg 1024w, https:\/\/www.franz-josef.cz\/wp-content\/uploads\/2023\/07\/910-1-768x571.jpg 768w, https:\/\/www.franz-josef.cz\/wp-content\/uploads\/2023\/07\/910-1-1536x1142.jpg 1536w, https:\/\/www.franz-josef.cz\/wp-content\/uploads\/2023\/07\/910-1-2048x1522.jpg 2048w, https:\/\/www.franz-josef.cz\/wp-content\/uploads\/2023\/07\/910-1-404x300.jpg 404w, https:\/\/www.franz-josef.cz\/wp-content\/uploads\/2023\/07\/910-1-310x230.jpg 310w, https:\/\/www.franz-josef.cz\/wp-content\/uploads\/2023\/07\/910-1-141x105.jpg 141w\" data-sizes=\"(max-width: 300px) 100vw, 300px\" src=\"data:image\/gif;base64,R0lGODlhAQABAAAAACH5BAEKAAEALAAAAAABAAEAAAICTAEAOw==\" style=\"--smush-placeholder-width: 300px; --smush-placeholder-aspect-ratio: 300\/223;\" \/><noscript><img loading=\"lazy\" decoding=\"async\" width=\"300\" height=\"223\" src=\"https:\/\/www.franz-josef.cz\/wp-content\/uploads\/2023\/07\/910-1-300x223.jpg\" class=\"attachment-medium size-medium wp-image-46448\" alt=\"\" srcset=\"https:\/\/www.franz-josef.cz\/wp-content\/uploads\/2023\/07\/910-1-300x223.jpg 300w, https:\/\/www.franz-josef.cz\/wp-content\/uploads\/2023\/07\/910-1-1024x761.jpg 1024w, https:\/\/www.franz-josef.cz\/wp-content\/uploads\/2023\/07\/910-1-768x571.jpg 768w, https:\/\/www.franz-josef.cz\/wp-content\/uploads\/2023\/07\/910-1-1536x1142.jpg 1536w, https:\/\/www.franz-josef.cz\/wp-content\/uploads\/2023\/07\/910-1-2048x1522.jpg 2048w, https:\/\/www.franz-josef.cz\/wp-content\/uploads\/2023\/07\/910-1-404x300.jpg 404w, https:\/\/www.franz-josef.cz\/wp-content\/uploads\/2023\/07\/910-1-310x230.jpg 310w, https:\/\/www.franz-josef.cz\/wp-content\/uploads\/2023\/07\/910-1-141x105.jpg 141w\" sizes=\"(max-width: 300px) 100vw, 300px\" \/><\/noscript>\n            <\/div>\n        <\/div><div class=\"eael-entry-wrapper\"><header class=\"eael-entry-header\"><h2 class=\"eael-entry-title\"><a class=\"eael-grid-post-link\" href=\"https:\/\/www.franz-josef.cz\/de\/exponaty\/7-hrnicek-franz-josef-i\/\" title=\"7. Becher Franz Josef I.\">7. Becher Franz Josef I.<\/a><\/h2><\/header><\/div><\/div>\n        <\/div>\n    <\/article><article class=\"eael-grid-post  eael-post-grid-column eael-pg-post-46476\" data-id=\"46476\">\n        <div class=\"eael-grid-post-holder\">\n            <div class=\"eael-grid-post-holder-inner\"><div class=\"eael-entry-media\"><div class=\"eael-entry-overlay fade-in\"><i class=\"fas fa-plus\" aria-hidden=\"true\"><\/i><a href=\"https:\/\/www.franz-josef.cz\/de\/exponaty\/8-hrnicek-franz-josef-i\/\"><\/a><\/div><div class=\"eael-entry-thumbnail\">\n                <img decoding=\"async\" width=\"254\" height=\"300\" data-src=\"https:\/\/www.franz-josef.cz\/wp-content\/uploads\/2023\/07\/992-1-254x300.jpg\" class=\"attachment-medium size-medium wp-image-46498 lazyload\" alt=\"\" data-srcset=\"https:\/\/www.franz-josef.cz\/wp-content\/uploads\/2023\/07\/992-1-254x300.jpg 254w, https:\/\/www.franz-josef.cz\/wp-content\/uploads\/2023\/07\/992-1-868x1024.jpg 868w, https:\/\/www.franz-josef.cz\/wp-content\/uploads\/2023\/07\/992-1-768x906.jpg 768w, https:\/\/www.franz-josef.cz\/wp-content\/uploads\/2023\/07\/992-1-1303x1536.jpg 1303w, https:\/\/www.franz-josef.cz\/wp-content\/uploads\/2023\/07\/992-1-263x310.jpg 263w, https:\/\/www.franz-josef.cz\/wp-content\/uploads\/2023\/07\/992-1-89x105.jpg 89w, https:\/\/www.franz-josef.cz\/wp-content\/uploads\/2023\/07\/992-1.jpg 1557w\" data-sizes=\"(max-width: 254px) 100vw, 254px\" src=\"data:image\/gif;base64,R0lGODlhAQABAAAAACH5BAEKAAEALAAAAAABAAEAAAICTAEAOw==\" style=\"--smush-placeholder-width: 254px; --smush-placeholder-aspect-ratio: 254\/300;\" \/><noscript><img loading=\"lazy\" decoding=\"async\" width=\"254\" height=\"300\" src=\"https:\/\/www.franz-josef.cz\/wp-content\/uploads\/2023\/07\/992-1-254x300.jpg\" class=\"attachment-medium size-medium wp-image-46498\" alt=\"\" srcset=\"https:\/\/www.franz-josef.cz\/wp-content\/uploads\/2023\/07\/992-1-254x300.jpg 254w, https:\/\/www.franz-josef.cz\/wp-content\/uploads\/2023\/07\/992-1-868x1024.jpg 868w, https:\/\/www.franz-josef.cz\/wp-content\/uploads\/2023\/07\/992-1-768x906.jpg 768w, https:\/\/www.franz-josef.cz\/wp-content\/uploads\/2023\/07\/992-1-1303x1536.jpg 1303w, https:\/\/www.franz-josef.cz\/wp-content\/uploads\/2023\/07\/992-1-263x310.jpg 263w, https:\/\/www.franz-josef.cz\/wp-content\/uploads\/2023\/07\/992-1-89x105.jpg 89w, https:\/\/www.franz-josef.cz\/wp-content\/uploads\/2023\/07\/992-1.jpg 1557w\" sizes=\"(max-width: 254px) 100vw, 254px\" \/><\/noscript>\n            <\/div>\n        <\/div><div class=\"eael-entry-wrapper\"><header class=\"eael-entry-header\"><h2 class=\"eael-entry-title\"><a class=\"eael-grid-post-link\" href=\"https:\/\/www.franz-josef.cz\/de\/exponaty\/8-hrnicek-franz-josef-i\/\" title=\"8. Becher Franz Josef I.+Dr. L\u00dcGER\">8. Becher Franz Josef I.+Dr. L\u00dcGER<\/a><\/h2><\/header><\/div><\/div>\n        <\/div>\n    <\/article><article class=\"eael-grid-post  eael-post-grid-column eael-pg-post-46614\" data-id=\"46614\">\n        <div class=\"eael-grid-post-holder\">\n            <div class=\"eael-grid-post-holder-inner\"><div class=\"eael-entry-media\"><div class=\"eael-entry-overlay fade-in\"><i class=\"fas fa-plus\" aria-hidden=\"true\"><\/i><a href=\"https:\/\/www.franz-josef.cz\/de\/exponaty\/9-hrnicek-franz-josef-i\/\"><\/a><\/div><div class=\"eael-entry-thumbnail\">\n                <img decoding=\"async\" width=\"300\" height=\"228\" data-src=\"https:\/\/www.franz-josef.cz\/wp-content\/uploads\/2023\/07\/1108-1-300x228.jpg\" class=\"attachment-medium size-medium wp-image-46633 lazyload\" alt=\"\" data-srcset=\"https:\/\/www.franz-josef.cz\/wp-content\/uploads\/2023\/07\/1108-1-300x228.jpg 300w, https:\/\/www.franz-josef.cz\/wp-content\/uploads\/2023\/07\/1108-1-1024x778.jpg 1024w, https:\/\/www.franz-josef.cz\/wp-content\/uploads\/2023\/07\/1108-1-768x584.jpg 768w, https:\/\/www.franz-josef.cz\/wp-content\/uploads\/2023\/07\/1108-1-1536x1167.jpg 1536w, https:\/\/www.franz-josef.cz\/wp-content\/uploads\/2023\/07\/1108-1-2048x1557.jpg 2048w, https:\/\/www.franz-josef.cz\/wp-content\/uploads\/2023\/07\/1108-1-395x300.jpg 395w, https:\/\/www.franz-josef.cz\/wp-content\/uploads\/2023\/07\/1108-1-310x236.jpg 310w, https:\/\/www.franz-josef.cz\/wp-content\/uploads\/2023\/07\/1108-1-138x105.jpg 138w\" data-sizes=\"(max-width: 300px) 100vw, 300px\" src=\"data:image\/gif;base64,R0lGODlhAQABAAAAACH5BAEKAAEALAAAAAABAAEAAAICTAEAOw==\" style=\"--smush-placeholder-width: 300px; --smush-placeholder-aspect-ratio: 300\/228;\" \/><noscript><img loading=\"lazy\" decoding=\"async\" width=\"300\" height=\"228\" src=\"https:\/\/www.franz-josef.cz\/wp-content\/uploads\/2023\/07\/1108-1-300x228.jpg\" class=\"attachment-medium size-medium wp-image-46633\" alt=\"\" srcset=\"https:\/\/www.franz-josef.cz\/wp-content\/uploads\/2023\/07\/1108-1-300x228.jpg 300w, https:\/\/www.franz-josef.cz\/wp-content\/uploads\/2023\/07\/1108-1-1024x778.jpg 1024w, https:\/\/www.franz-josef.cz\/wp-content\/uploads\/2023\/07\/1108-1-768x584.jpg 768w, https:\/\/www.franz-josef.cz\/wp-content\/uploads\/2023\/07\/1108-1-1536x1167.jpg 1536w, https:\/\/www.franz-josef.cz\/wp-content\/uploads\/2023\/07\/1108-1-2048x1557.jpg 2048w, https:\/\/www.franz-josef.cz\/wp-content\/uploads\/2023\/07\/1108-1-395x300.jpg 395w, https:\/\/www.franz-josef.cz\/wp-content\/uploads\/2023\/07\/1108-1-310x236.jpg 310w, https:\/\/www.franz-josef.cz\/wp-content\/uploads\/2023\/07\/1108-1-138x105.jpg 138w\" sizes=\"(max-width: 300px) 100vw, 300px\" \/><\/noscript>\n            <\/div>\n        <\/div><div class=\"eael-entry-wrapper\"><header class=\"eael-entry-header\"><h2 class=\"eael-entry-title\"><a class=\"eael-grid-post-link\" href=\"https:\/\/www.franz-josef.cz\/de\/exponaty\/9-hrnicek-franz-josef-i\/\" title=\"9. Becher Franz Josef I.\">9. Becher Franz Josef I.<\/a><\/h2><\/header><\/div><\/div>\n        <\/div>\n    <\/article><\/div>\n            <div class=\"clearfix\"><\/div>\n        <\/div>\t\t\t\t<\/div>\n\t\t\t\t<\/div>\n\t\t\t\t\t<\/div>\n\t\t<\/div>\n\t\t\t\t\t<\/div>\n\t\t<\/section>\n\t\t\t\t<\/div>","protected":false},"author":3,"featured_media":8616,"parent":7779,"template":"","podexpozice":[209],"class_list":["post-8614","expozice","type-expozice","status-publish","has-post-thumbnail","hentry","podexpozice-predmety"],"yoast_head":"<!-- This site is optimized with the Yoast SEO Premium plugin v20.12 (Yoast SEO v27.2) - https:\/\/yoast.com\/product\/yoast-seo-premium-wordpress\/ -->\n<title>Expozice Hrn\u00ed\u010dky- Franz Josef I. , Karel I. , Vil\u00e9m II. &#8212; Muzeum c\u00edsa\u0159e Franz Josefa I.<\/title>\n<meta name=\"robots\" content=\"index, follow, max-snippet:-1, max-image-preview:large, max-video-preview:-1\" \/>\n<link rel=\"canonical\" href=\"https:\/\/www.franz-josef.cz\/de\/expozice\/predmety-z-doby-pred-i-svetovou-valkou-vyrobili-nasi-predkove\/hrnicky\/\" \/>\n<meta property=\"og:locale\" content=\"de_DE\" \/>\n<meta property=\"og:type\" content=\"article\" \/>\n<meta property=\"og:title\" content=\"Hrn\u00ed\u010dky- Franz Josef I. , Karel I. , Vil\u00e9m II.\" \/>\n<meta property=\"og:description\" content=\"No posts found!\" \/>\n<meta property=\"og:url\" content=\"https:\/\/www.franz-josef.cz\/de\/expozice\/predmety-z-doby-pred-i-svetovou-valkou-vyrobili-nasi-predkove\/hrnicky\/\" \/>\n<meta property=\"og:site_name\" content=\"Muzeum c\u00edsa\u0159e Franz Josefa I.\" \/>\n<meta property=\"article:modified_time\" content=\"2024-01-07T12:54:15+00:00\" \/>\n<meta property=\"og:image\" content=\"https:\/\/www.franz-josef.cz\/wp-content\/uploads\/2023\/04\/obrazok_2023-04-05_172924768-e1680708584821.png\" \/>\n\t<meta property=\"og:image:width\" content=\"335\" \/>\n\t<meta property=\"og:image:height\" content=\"369\" \/>\n\t<meta property=\"og:image:type\" content=\"image\/png\" \/>\n<meta name=\"twitter:card\" content=\"summary_large_image\" \/>\n<meta name=\"twitter:label1\" content=\"Gesch\u00e4tzte Lesezeit\" \/>\n\t<meta name=\"twitter:data1\" content=\"1\u00a0Minute\" \/>\n<script type=\"application\/ld+json\" class=\"yoast-schema-graph\">{\"@context\":\"https:\/\/schema.org\",\"@graph\":[{\"@type\":\"WebPage\",\"@id\":\"https:\/\/www.franz-josef.cz\/expozice\/predmety-z-doby-pred-i-svetovou-valkou-vyrobili-nasi-predkove\/hrnicky\/\",\"url\":\"https:\/\/www.franz-josef.cz\/expozice\/predmety-z-doby-pred-i-svetovou-valkou-vyrobili-nasi-predkove\/hrnicky\/\",\"name\":\"Expozice Hrn\u00ed\u010dky- Franz Josef I. , Karel I. , Vil\u00e9m II. &#8212; Muzeum c\u00edsa\u0159e Franz Josefa I.\",\"isPartOf\":{\"@id\":\"https:\/\/www.franz-josef.cz\/#website\"},\"primaryImageOfPage\":{\"@id\":\"https:\/\/www.franz-josef.cz\/expozice\/predmety-z-doby-pred-i-svetovou-valkou-vyrobili-nasi-predkove\/hrnicky\/#primaryimage\"},\"image\":{\"@id\":\"https:\/\/www.franz-josef.cz\/expozice\/predmety-z-doby-pred-i-svetovou-valkou-vyrobili-nasi-predkove\/hrnicky\/#primaryimage\"},\"thumbnailUrl\":\"https:\/\/www.franz-josef.cz\/wp-content\/uploads\/2023\/04\/obrazok_2023-04-05_172924768-e1680708584821.png\",\"datePublished\":\"2023-04-05T15:29:50+00:00\",\"dateModified\":\"2024-01-07T12:54:15+00:00\",\"breadcrumb\":{\"@id\":\"https:\/\/www.franz-josef.cz\/expozice\/predmety-z-doby-pred-i-svetovou-valkou-vyrobili-nasi-predkove\/hrnicky\/#breadcrumb\"},\"inLanguage\":\"de\",\"potentialAction\":[{\"@type\":\"ReadAction\",\"target\":[\"https:\/\/www.franz-josef.cz\/expozice\/predmety-z-doby-pred-i-svetovou-valkou-vyrobili-nasi-predkove\/hrnicky\/\"]}]},{\"@type\":\"ImageObject\",\"inLanguage\":\"de\",\"@id\":\"https:\/\/www.franz-josef.cz\/expozice\/predmety-z-doby-pred-i-svetovou-valkou-vyrobili-nasi-predkove\/hrnicky\/#primaryimage\",\"url\":\"https:\/\/www.franz-josef.cz\/wp-content\/uploads\/2023\/04\/obrazok_2023-04-05_172924768-e1680708584821.png\",\"contentUrl\":\"https:\/\/www.franz-josef.cz\/wp-content\/uploads\/2023\/04\/obrazok_2023-04-05_172924768-e1680708584821.png\",\"width\":335,\"height\":369},{\"@type\":\"BreadcrumbList\",\"@id\":\"https:\/\/www.franz-josef.cz\/expozice\/predmety-z-doby-pred-i-svetovou-valkou-vyrobili-nasi-predkove\/hrnicky\/#breadcrumb\",\"itemListElement\":[{\"@type\":\"ListItem\",\"position\":1,\"name\":\"Home\",\"item\":\"https:\/\/www.franz-josef.cz\/\"},{\"@type\":\"ListItem\",\"position\":2,\"name\":\"Expozice\",\"item\":\"https:\/\/www.franz-josef.cz\/expozice\/\"},{\"@type\":\"ListItem\",\"position\":3,\"name\":\"P\u0159edm\u011bty- Franti\u0161ek Josef I. , Elisabeth , Karel I. , Zita, Franz Ferdinand- Rakousko &#8211; Monarchie \/ Habsburg\",\"item\":\"https:\/\/www.franz-josef.cz\/expozice\/predmety-z-doby-pred-i-svetovou-valkou-vyrobili-nasi-predkove\/\"},{\"@type\":\"ListItem\",\"position\":4,\"name\":\"Hrn\u00ed\u010dky- Franz Josef I. , Karel I. , Vil\u00e9m II.\"}]},{\"@type\":\"WebSite\",\"@id\":\"https:\/\/www.franz-josef.cz\/#website\",\"url\":\"https:\/\/www.franz-josef.cz\/\",\"name\":\"Muzeum c\u00edsa\u0159e Franz Josefa I.\",\"description\":\"\",\"publisher\":{\"@id\":\"https:\/\/www.franz-josef.cz\/#organization\"},\"alternateName\":\"Franz Joseph\",\"potentialAction\":[{\"@type\":\"SearchAction\",\"target\":{\"@type\":\"EntryPoint\",\"urlTemplate\":\"https:\/\/www.franz-josef.cz\/?s={search_term_string}\"},\"query-input\":{\"@type\":\"PropertyValueSpecification\",\"valueRequired\":true,\"valueName\":\"search_term_string\"}}],\"inLanguage\":\"de\"},{\"@type\":\"Organization\",\"@id\":\"https:\/\/www.franz-josef.cz\/#organization\",\"name\":\"Muzeum Franz Josefa I.\",\"alternateName\":\"Franz Jozef\",\"url\":\"https:\/\/www.franz-josef.cz\/\",\"logo\":{\"@type\":\"ImageObject\",\"inLanguage\":\"de\",\"@id\":\"https:\/\/www.franz-josef.cz\/#\/schema\/logo\/image\/\",\"url\":\"https:\/\/www.franz-josef.cz\/wp-content\/uploads\/2023\/08\/Muzeum-Franz-Jozef-logo-696x696-1.png\",\"contentUrl\":\"https:\/\/www.franz-josef.cz\/wp-content\/uploads\/2023\/08\/Muzeum-Franz-Jozef-logo-696x696-1.png\",\"width\":696,\"height\":696,\"caption\":\"Muzeum Franz Josefa I.\"},\"image\":{\"@id\":\"https:\/\/www.franz-josef.cz\/#\/schema\/logo\/image\/\"}}]}<\/script>\n<!-- \/ Yoast SEO Premium plugin. -->","yoast_head_json":{"title":"Expozice Hrn\u00ed\u010dky- Franz Josef I. , Karel I. , Vil\u00e9m II. &#8212; Muzeum c\u00edsa\u0159e Franz Josefa I.","robots":{"index":"index","follow":"follow","max-snippet":"max-snippet:-1","max-image-preview":"max-image-preview:large","max-video-preview":"max-video-preview:-1"},"canonical":"https:\/\/www.franz-josef.cz\/de\/expozice\/predmety-z-doby-pred-i-svetovou-valkou-vyrobili-nasi-predkove\/hrnicky\/","og_locale":"de_DE","og_type":"article","og_title":"Hrn\u00ed\u010dky- Franz Josef I. , Karel I. , Vil\u00e9m II.","og_description":"No posts found!","og_url":"https:\/\/www.franz-josef.cz\/de\/expozice\/predmety-z-doby-pred-i-svetovou-valkou-vyrobili-nasi-predkove\/hrnicky\/","og_site_name":"Muzeum c\u00edsa\u0159e Franz Josefa I.","article_modified_time":"2024-01-07T12:54:15+00:00","og_image":[{"width":335,"height":369,"url":"https:\/\/www.franz-josef.cz\/wp-content\/uploads\/2023\/04\/obrazok_2023-04-05_172924768-e1680708584821.png","type":"image\/png"}],"twitter_card":"summary_large_image","twitter_misc":{"Gesch\u00e4tzte Lesezeit":"1\u00a0Minute"},"schema":{"@context":"https:\/\/schema.org","@graph":[{"@type":"WebPage","@id":"https:\/\/www.franz-josef.cz\/expozice\/predmety-z-doby-pred-i-svetovou-valkou-vyrobili-nasi-predkove\/hrnicky\/","url":"https:\/\/www.franz-josef.cz\/expozice\/predmety-z-doby-pred-i-svetovou-valkou-vyrobili-nasi-predkove\/hrnicky\/","name":"Expozice Hrn\u00ed\u010dky- Franz Josef I. , Karel I. , Vil\u00e9m II. &#8212; Muzeum c\u00edsa\u0159e Franz Josefa I.","isPartOf":{"@id":"https:\/\/www.franz-josef.cz\/#website"},"primaryImageOfPage":{"@id":"https:\/\/www.franz-josef.cz\/expozice\/predmety-z-doby-pred-i-svetovou-valkou-vyrobili-nasi-predkove\/hrnicky\/#primaryimage"},"image":{"@id":"https:\/\/www.franz-josef.cz\/expozice\/predmety-z-doby-pred-i-svetovou-valkou-vyrobili-nasi-predkove\/hrnicky\/#primaryimage"},"thumbnailUrl":"https:\/\/www.franz-josef.cz\/wp-content\/uploads\/2023\/04\/obrazok_2023-04-05_172924768-e1680708584821.png","datePublished":"2023-04-05T15:29:50+00:00","dateModified":"2024-01-07T12:54:15+00:00","breadcrumb":{"@id":"https:\/\/www.franz-josef.cz\/expozice\/predmety-z-doby-pred-i-svetovou-valkou-vyrobili-nasi-predkove\/hrnicky\/#breadcrumb"},"inLanguage":"de","potentialAction":[{"@type":"ReadAction","target":["https:\/\/www.franz-josef.cz\/expozice\/predmety-z-doby-pred-i-svetovou-valkou-vyrobili-nasi-predkove\/hrnicky\/"]}]},{"@type":"ImageObject","inLanguage":"de","@id":"https:\/\/www.franz-josef.cz\/expozice\/predmety-z-doby-pred-i-svetovou-valkou-vyrobili-nasi-predkove\/hrnicky\/#primaryimage","url":"https:\/\/www.franz-josef.cz\/wp-content\/uploads\/2023\/04\/obrazok_2023-04-05_172924768-e1680708584821.png","contentUrl":"https:\/\/www.franz-josef.cz\/wp-content\/uploads\/2023\/04\/obrazok_2023-04-05_172924768-e1680708584821.png","width":335,"height":369},{"@type":"BreadcrumbList","@id":"https:\/\/www.franz-josef.cz\/expozice\/predmety-z-doby-pred-i-svetovou-valkou-vyrobili-nasi-predkove\/hrnicky\/#breadcrumb","itemListElement":[{"@type":"ListItem","position":1,"name":"Home","item":"https:\/\/www.franz-josef.cz\/"},{"@type":"ListItem","position":2,"name":"Expozice","item":"https:\/\/www.franz-josef.cz\/expozice\/"},{"@type":"ListItem","position":3,"name":"P\u0159edm\u011bty- Franti\u0161ek Josef I. , Elisabeth , Karel I. , Zita, Franz Ferdinand- Rakousko &#8211; Monarchie \/ Habsburg","item":"https:\/\/www.franz-josef.cz\/expozice\/predmety-z-doby-pred-i-svetovou-valkou-vyrobili-nasi-predkove\/"},{"@type":"ListItem","position":4,"name":"Hrn\u00ed\u010dky- Franz Josef I. , Karel I. , Vil\u00e9m II."}]},{"@type":"WebSite","@id":"https:\/\/www.franz-josef.cz\/#website","url":"https:\/\/www.franz-josef.cz\/","name":"Muzeum c\u00edsa\u0159e Franz Josefa I.","description":"","publisher":{"@id":"https:\/\/www.franz-josef.cz\/#organization"},"alternateName":"Franz Joseph","potentialAction":[{"@type":"SearchAction","target":{"@type":"EntryPoint","urlTemplate":"https:\/\/www.franz-josef.cz\/?s={search_term_string}"},"query-input":{"@type":"PropertyValueSpecification","valueRequired":true,"valueName":"search_term_string"}}],"inLanguage":"de"},{"@type":"Organization","@id":"https:\/\/www.franz-josef.cz\/#organization","name":"Muzeum Franz Josefa I.","alternateName":"Franz Jozef","url":"https:\/\/www.franz-josef.cz\/","logo":{"@type":"ImageObject","inLanguage":"de","@id":"https:\/\/www.franz-josef.cz\/#\/schema\/logo\/image\/","url":"https:\/\/www.franz-josef.cz\/wp-content\/uploads\/2023\/08\/Muzeum-Franz-Jozef-logo-696x696-1.png","contentUrl":"https:\/\/www.franz-josef.cz\/wp-content\/uploads\/2023\/08\/Muzeum-Franz-Jozef-logo-696x696-1.png","width":696,"height":696,"caption":"Muzeum Franz Josefa I."},"image":{"@id":"https:\/\/www.franz-josef.cz\/#\/schema\/logo\/image\/"}}]}},"_links":{"self":[{"href":"https:\/\/www.franz-josef.cz\/de\/wp-json\/wp\/v2\/expozice\/8614","targetHints":{"allow":["GET"]}}],"collection":[{"href":"https:\/\/www.franz-josef.cz\/de\/wp-json\/wp\/v2\/expozice"}],"about":[{"href":"https:\/\/www.franz-josef.cz\/de\/wp-json\/wp\/v2\/types\/expozice"}],"author":[{"embeddable":true,"href":"https:\/\/www.franz-josef.cz\/de\/wp-json\/wp\/v2\/users\/3"}],"version-history":[{"count":9,"href":"https:\/\/www.franz-josef.cz\/de\/wp-json\/wp\/v2\/expozice\/8614\/revisions"}],"predecessor-version":[{"id":53737,"href":"https:\/\/www.franz-josef.cz\/de\/wp-json\/wp\/v2\/expozice\/8614\/revisions\/53737"}],"up":[{"embeddable":true,"href":"https:\/\/www.franz-josef.cz\/de\/wp-json\/wp\/v2\/expozice\/7779"}],"wp:featuredmedia":[{"embeddable":true,"href":"https:\/\/www.franz-josef.cz\/de\/wp-json\/wp\/v2\/media\/8616"}],"wp:attachment":[{"href":"https:\/\/www.franz-josef.cz\/de\/wp-json\/wp\/v2\/media?parent=8614"}],"wp:term":[{"taxonomy":"podexpozice","embeddable":true,"href":"https:\/\/www.franz-josef.cz\/de\/wp-json\/wp\/v2\/podexpozice?post=8614"}],"curies":[{"name":"wp","href":"https:\/\/api.w.org\/{rel}","templated":true}]}}