{"id":8634,"date":"2023-04-05T17:37:26","date_gmt":"2023-04-05T15:37:26","guid":{"rendered":"https:\/\/www.franz-josef.cz\/?post_type=expozice&#038;p=8634"},"modified":"2024-01-07T13:50:59","modified_gmt":"2024-01-07T12:50:59","slug":"pullitry-a-korbele","status":"publish","type":"expozice","link":"https:\/\/www.franz-josef.cz\/de\/expozice\/predmety-z-doby-pred-i-svetovou-valkou-vyrobili-nasi-predkove\/pullitry-a-korbele\/","title":{"rendered":"Pints \u200b\u200bund Humpen - Kaiser Franz Josef + Wilhelm II."},"content":{"rendered":"<div data-elementor-type=\"wp-post\" data-elementor-id=\"8634\" class=\"elementor elementor-8634\" data-elementor-post-type=\"expozice\">\n\t\t\t\t\t\t<section data-particle_enable=\"false\" data-particle-mobile-disabled=\"false\" class=\"elementor-section elementor-top-section elementor-element elementor-element-26536bf elementor-section-boxed elementor-section-height-default elementor-section-height-default\" data-id=\"26536bf\" data-element_type=\"section\" data-e-type=\"section\">\n\t\t\t\t\t\t<div class=\"elementor-container elementor-column-gap-default\">\n\t\t\t\t\t<div class=\"elementor-column elementor-col-100 elementor-top-column elementor-element elementor-element-576adad\" data-id=\"576adad\" data-element_type=\"column\" data-e-type=\"column\">\n\t\t\t<div class=\"elementor-widget-wrap elementor-element-populated\">\n\t\t\t\t\t\t<div class=\"elementor-element elementor-element-a98981b elementor-grid-eael-col-4 elementor-grid-tablet-eael-col-2 elementor-grid-mobile-eael-col-1 elementor-widget elementor-widget-eael-post-grid\" data-id=\"a98981b\" data-element_type=\"widget\" data-e-type=\"widget\" data-settings=\"{&quot;eael_post_grid_columns&quot;:&quot;eael-col-4&quot;,&quot;eael_post_grid_columns_tablet&quot;:&quot;eael-col-2&quot;,&quot;eael_post_grid_columns_mobile&quot;:&quot;eael-col-1&quot;}\" data-widget_type=\"eael-post-grid.default\">\n\t\t\t\t<div class=\"elementor-widget-container\">\n\t\t\t\t\t<div id=\"eael-post-grid-a98981b\" class=\"eael-post-grid-container\">\n            <div class=\"eael-post-grid eael-post-appender eael-post-appender-a98981b eael-post-grid-style-one\" data-layout-mode=\"grid\"><article class=\"eael-grid-post  eael-post-grid-column eael-pg-post-31677\" data-id=\"31677\">\n        <div class=\"eael-grid-post-holder\">\n            <div class=\"eael-grid-post-holder-inner\"><div class=\"eael-entry-media\"><div class=\"eael-entry-overlay fade-in\"><i class=\"fas fa-plus\" aria-hidden=\"true\"><\/i><a href=\"https:\/\/www.franz-josef.cz\/de\/exponaty\/pullitry-franz-josef-i-a\/\"><\/a><\/div><div class=\"eael-entry-thumbnail\">\n                <img decoding=\"async\" width=\"145\" height=\"300\" data-src=\"https:\/\/www.franz-josef.cz\/wp-content\/uploads\/2023\/06\/65-42-145x300.jpg\" class=\"attachment-medium size-medium wp-image-31740 lazyload\" alt=\"\" data-srcset=\"https:\/\/www.franz-josef.cz\/wp-content\/uploads\/2023\/06\/65-42-145x300.jpg 145w, https:\/\/www.franz-josef.cz\/wp-content\/uploads\/2023\/06\/65-42-493x1024.jpg 493w, https:\/\/www.franz-josef.cz\/wp-content\/uploads\/2023\/06\/65-42-768x1594.jpg 768w, https:\/\/www.franz-josef.cz\/wp-content\/uploads\/2023\/06\/65-42-740x1536.jpg 740w, https:\/\/www.franz-josef.cz\/wp-content\/uploads\/2023\/06\/65-42-987x2048.jpg 987w, https:\/\/www.franz-josef.cz\/wp-content\/uploads\/2023\/06\/65-42-51x105.jpg 51w, https:\/\/www.franz-josef.cz\/wp-content\/uploads\/2023\/06\/65-42-scaled.jpg 1233w\" data-sizes=\"(max-width: 145px) 100vw, 145px\" src=\"data:image\/gif;base64,R0lGODlhAQABAAAAACH5BAEKAAEALAAAAAABAAEAAAICTAEAOw==\" style=\"--smush-placeholder-width: 145px; --smush-placeholder-aspect-ratio: 145\/300;\" \/><noscript><img decoding=\"async\" width=\"145\" height=\"300\" src=\"https:\/\/www.franz-josef.cz\/wp-content\/uploads\/2023\/06\/65-42-145x300.jpg\" class=\"attachment-medium size-medium wp-image-31740\" alt=\"\" srcset=\"https:\/\/www.franz-josef.cz\/wp-content\/uploads\/2023\/06\/65-42-145x300.jpg 145w, https:\/\/www.franz-josef.cz\/wp-content\/uploads\/2023\/06\/65-42-493x1024.jpg 493w, https:\/\/www.franz-josef.cz\/wp-content\/uploads\/2023\/06\/65-42-768x1594.jpg 768w, https:\/\/www.franz-josef.cz\/wp-content\/uploads\/2023\/06\/65-42-740x1536.jpg 740w, https:\/\/www.franz-josef.cz\/wp-content\/uploads\/2023\/06\/65-42-987x2048.jpg 987w, https:\/\/www.franz-josef.cz\/wp-content\/uploads\/2023\/06\/65-42-51x105.jpg 51w, https:\/\/www.franz-josef.cz\/wp-content\/uploads\/2023\/06\/65-42-scaled.jpg 1233w\" sizes=\"(max-width: 145px) 100vw, 145px\" \/><\/noscript>\n            <\/div>\n        <\/div><div class=\"eael-entry-wrapper\"><header class=\"eael-entry-header\"><h2 class=\"eael-entry-title\"><a class=\"eael-grid-post-link\" href=\"https:\/\/www.franz-josef.cz\/de\/exponaty\/pullitry-franz-josef-i-a\/\" title=\"1. Halbliterkrug - Franz Josef I.\">1. Halbliterkrug - Franz Josef I.<\/a><\/h2><\/header><\/div><\/div>\n        <\/div>\n    <\/article><article class=\"eael-grid-post  eael-post-grid-column eael-pg-post-31779\" data-id=\"31779\">\n        <div class=\"eael-grid-post-holder\">\n            <div class=\"eael-grid-post-holder-inner\"><div class=\"eael-entry-media\"><div class=\"eael-entry-overlay fade-in\"><i class=\"fas fa-plus\" aria-hidden=\"true\"><\/i><a href=\"https:\/\/www.franz-josef.cz\/de\/exponaty\/pullitr-korbel-franz-josef-i-b\/\"><\/a><\/div><div class=\"eael-entry-thumbnail\">\n                <img fetchpriority=\"high\" decoding=\"async\" width=\"229\" height=\"300\" src=\"https:\/\/www.franz-josef.cz\/wp-content\/uploads\/2023\/06\/158-35-229x300.jpg\" class=\"attachment-medium size-medium wp-image-31833\" alt=\"\" srcset=\"https:\/\/www.franz-josef.cz\/wp-content\/uploads\/2023\/06\/158-35-229x300.jpg 229w, https:\/\/www.franz-josef.cz\/wp-content\/uploads\/2023\/06\/158-35-780x1024.jpg 780w, https:\/\/www.franz-josef.cz\/wp-content\/uploads\/2023\/06\/158-35-768x1008.jpg 768w, https:\/\/www.franz-josef.cz\/wp-content\/uploads\/2023\/06\/158-35-1170x1536.jpg 1170w, https:\/\/www.franz-josef.cz\/wp-content\/uploads\/2023\/06\/158-35-236x310.jpg 236w, https:\/\/www.franz-josef.cz\/wp-content\/uploads\/2023\/06\/158-35-80x105.jpg 80w, https:\/\/www.franz-josef.cz\/wp-content\/uploads\/2023\/06\/158-35.jpg 1400w\" sizes=\"(max-width: 229px) 100vw, 229px\" \/>\n            <\/div>\n        <\/div><div class=\"eael-entry-wrapper\"><header class=\"eael-entry-header\"><h2 class=\"eael-entry-title\"><a class=\"eael-grid-post-link\" href=\"https:\/\/www.franz-josef.cz\/de\/exponaty\/pullitr-korbel-franz-josef-i-b\/\" title=\"2. Halbliterkrug - Franz Josef I.\">2. Halbliterkrug - Franz Josef I.<\/a><\/h2><\/header><\/div><\/div>\n        <\/div>\n    <\/article><article class=\"eael-grid-post  eael-post-grid-column eael-pg-post-31872\" data-id=\"31872\">\n        <div class=\"eael-grid-post-holder\">\n            <div class=\"eael-grid-post-holder-inner\"><div class=\"eael-entry-media\"><div class=\"eael-entry-overlay fade-in\"><i class=\"fas fa-plus\" aria-hidden=\"true\"><\/i><a href=\"https:\/\/www.franz-josef.cz\/de\/exponaty\/pullitr-korbel-franz-josef-i-c\/\"><\/a><\/div><div class=\"eael-entry-thumbnail\">\n                <img decoding=\"async\" width=\"164\" height=\"300\" data-src=\"https:\/\/www.franz-josef.cz\/wp-content\/uploads\/2023\/06\/240-21-164x300.jpg\" class=\"attachment-medium size-medium wp-image-31918 lazyload\" alt=\"\" data-srcset=\"https:\/\/www.franz-josef.cz\/wp-content\/uploads\/2023\/06\/240-21-164x300.jpg 164w, https:\/\/www.franz-josef.cz\/wp-content\/uploads\/2023\/06\/240-21-170x310.jpg 170w, https:\/\/www.franz-josef.cz\/wp-content\/uploads\/2023\/06\/240-21-57x105.jpg 57w, https:\/\/www.franz-josef.cz\/wp-content\/uploads\/2023\/06\/240-21.jpg 555w\" data-sizes=\"(max-width: 164px) 100vw, 164px\" src=\"data:image\/gif;base64,R0lGODlhAQABAAAAACH5BAEKAAEALAAAAAABAAEAAAICTAEAOw==\" style=\"--smush-placeholder-width: 164px; --smush-placeholder-aspect-ratio: 164\/300;\" \/><noscript><img decoding=\"async\" width=\"164\" height=\"300\" src=\"https:\/\/www.franz-josef.cz\/wp-content\/uploads\/2023\/06\/240-21-164x300.jpg\" class=\"attachment-medium size-medium wp-image-31918\" alt=\"\" srcset=\"https:\/\/www.franz-josef.cz\/wp-content\/uploads\/2023\/06\/240-21-164x300.jpg 164w, https:\/\/www.franz-josef.cz\/wp-content\/uploads\/2023\/06\/240-21-170x310.jpg 170w, https:\/\/www.franz-josef.cz\/wp-content\/uploads\/2023\/06\/240-21-57x105.jpg 57w, https:\/\/www.franz-josef.cz\/wp-content\/uploads\/2023\/06\/240-21.jpg 555w\" sizes=\"(max-width: 164px) 100vw, 164px\" \/><\/noscript>\n            <\/div>\n        <\/div><div class=\"eael-entry-wrapper\"><header class=\"eael-entry-header\"><h2 class=\"eael-entry-title\"><a class=\"eael-grid-post-link\" href=\"https:\/\/www.franz-josef.cz\/de\/exponaty\/pullitr-korbel-franz-josef-i-c\/\" title=\"3. Halbliterkrug - Franz Josef I.\">3. Halbliterkrug - Franz Josef I.<\/a><\/h2><\/header><\/div><\/div>\n        <\/div>\n    <\/article><article class=\"eael-grid-post  eael-post-grid-column eael-pg-post-32077\" data-id=\"32077\">\n        <div class=\"eael-grid-post-holder\">\n            <div class=\"eael-grid-post-holder-inner\"><div class=\"eael-entry-media\"><div class=\"eael-entry-overlay fade-in\"><i class=\"fas fa-plus\" aria-hidden=\"true\"><\/i><a href=\"https:\/\/www.franz-josef.cz\/de\/exponaty\/pullitr-pohar-franz-josef-i-d\/\"><\/a><\/div><div class=\"eael-entry-thumbnail\">\n                <img decoding=\"async\" width=\"151\" height=\"300\" data-src=\"https:\/\/www.franz-josef.cz\/wp-content\/uploads\/2023\/06\/342-16-151x300.jpg\" class=\"attachment-medium size-medium wp-image-32122 lazyload\" alt=\"\" data-srcset=\"https:\/\/www.franz-josef.cz\/wp-content\/uploads\/2023\/06\/342-16-151x300.jpg 151w, https:\/\/www.franz-josef.cz\/wp-content\/uploads\/2023\/06\/342-16-516x1024.jpg 516w, https:\/\/www.franz-josef.cz\/wp-content\/uploads\/2023\/06\/342-16-156x310.jpg 156w, https:\/\/www.franz-josef.cz\/wp-content\/uploads\/2023\/06\/342-16-53x105.jpg 53w, https:\/\/www.franz-josef.cz\/wp-content\/uploads\/2023\/06\/342-16.jpg 706w\" data-sizes=\"(max-width: 151px) 100vw, 151px\" src=\"data:image\/gif;base64,R0lGODlhAQABAAAAACH5BAEKAAEALAAAAAABAAEAAAICTAEAOw==\" style=\"--smush-placeholder-width: 151px; --smush-placeholder-aspect-ratio: 151\/300;\" \/><noscript><img loading=\"lazy\" decoding=\"async\" width=\"151\" height=\"300\" src=\"https:\/\/www.franz-josef.cz\/wp-content\/uploads\/2023\/06\/342-16-151x300.jpg\" class=\"attachment-medium size-medium wp-image-32122\" alt=\"\" srcset=\"https:\/\/www.franz-josef.cz\/wp-content\/uploads\/2023\/06\/342-16-151x300.jpg 151w, https:\/\/www.franz-josef.cz\/wp-content\/uploads\/2023\/06\/342-16-516x1024.jpg 516w, https:\/\/www.franz-josef.cz\/wp-content\/uploads\/2023\/06\/342-16-156x310.jpg 156w, https:\/\/www.franz-josef.cz\/wp-content\/uploads\/2023\/06\/342-16-53x105.jpg 53w, https:\/\/www.franz-josef.cz\/wp-content\/uploads\/2023\/06\/342-16.jpg 706w\" sizes=\"(max-width: 151px) 100vw, 151px\" \/><\/noscript>\n            <\/div>\n        <\/div><div class=\"eael-entry-wrapper\"><header class=\"eael-entry-header\"><h2 class=\"eael-entry-title\"><a class=\"eael-grid-post-link\" href=\"https:\/\/www.franz-josef.cz\/de\/exponaty\/pullitr-pohar-franz-josef-i-d\/\" title=\"4. Halbliterkrug - Franz Josef I.\">4. Halbliterkrug - Franz Josef I.<\/a><\/h2><\/header><\/div><\/div>\n        <\/div>\n    <\/article><article class=\"eael-grid-post  eael-post-grid-column eael-pg-post-32169\" data-id=\"32169\">\n        <div class=\"eael-grid-post-holder\">\n            <div class=\"eael-grid-post-holder-inner\"><div class=\"eael-entry-media\"><div class=\"eael-entry-overlay fade-in\"><i class=\"fas fa-plus\" aria-hidden=\"true\"><\/i><a href=\"https:\/\/www.franz-josef.cz\/de\/exponaty\/pullitr-korbel-franz-josef-i-d\/\"><\/a><\/div><div class=\"eael-entry-thumbnail\">\n                <img decoding=\"async\" width=\"252\" height=\"300\" data-src=\"https:\/\/www.franz-josef.cz\/wp-content\/uploads\/2023\/06\/398-11-252x300.jpg\" class=\"attachment-medium size-medium wp-image-32180 lazyload\" alt=\"\" data-srcset=\"https:\/\/www.franz-josef.cz\/wp-content\/uploads\/2023\/06\/398-11-252x300.jpg 252w, https:\/\/www.franz-josef.cz\/wp-content\/uploads\/2023\/06\/398-11-859x1024.jpg 859w, https:\/\/www.franz-josef.cz\/wp-content\/uploads\/2023\/06\/398-11-768x915.jpg 768w, https:\/\/www.franz-josef.cz\/wp-content\/uploads\/2023\/06\/398-11-1289x1536.jpg 1289w, https:\/\/www.franz-josef.cz\/wp-content\/uploads\/2023\/06\/398-11-1719x2048.jpg 1719w, https:\/\/www.franz-josef.cz\/wp-content\/uploads\/2023\/06\/398-11-260x310.jpg 260w, https:\/\/www.franz-josef.cz\/wp-content\/uploads\/2023\/06\/398-11-88x105.jpg 88w, https:\/\/www.franz-josef.cz\/wp-content\/uploads\/2023\/06\/398-11.jpg 1933w\" data-sizes=\"(max-width: 252px) 100vw, 252px\" src=\"data:image\/gif;base64,R0lGODlhAQABAAAAACH5BAEKAAEALAAAAAABAAEAAAICTAEAOw==\" style=\"--smush-placeholder-width: 252px; --smush-placeholder-aspect-ratio: 252\/300;\" \/><noscript><img loading=\"lazy\" decoding=\"async\" width=\"252\" height=\"300\" src=\"https:\/\/www.franz-josef.cz\/wp-content\/uploads\/2023\/06\/398-11-252x300.jpg\" class=\"attachment-medium size-medium wp-image-32180\" alt=\"\" srcset=\"https:\/\/www.franz-josef.cz\/wp-content\/uploads\/2023\/06\/398-11-252x300.jpg 252w, https:\/\/www.franz-josef.cz\/wp-content\/uploads\/2023\/06\/398-11-859x1024.jpg 859w, https:\/\/www.franz-josef.cz\/wp-content\/uploads\/2023\/06\/398-11-768x915.jpg 768w, https:\/\/www.franz-josef.cz\/wp-content\/uploads\/2023\/06\/398-11-1289x1536.jpg 1289w, https:\/\/www.franz-josef.cz\/wp-content\/uploads\/2023\/06\/398-11-1719x2048.jpg 1719w, https:\/\/www.franz-josef.cz\/wp-content\/uploads\/2023\/06\/398-11-260x310.jpg 260w, https:\/\/www.franz-josef.cz\/wp-content\/uploads\/2023\/06\/398-11-88x105.jpg 88w, https:\/\/www.franz-josef.cz\/wp-content\/uploads\/2023\/06\/398-11.jpg 1933w\" sizes=\"(max-width: 252px) 100vw, 252px\" \/><\/noscript>\n            <\/div>\n        <\/div><div class=\"eael-entry-wrapper\"><header class=\"eael-entry-header\"><h2 class=\"eael-entry-title\"><a class=\"eael-grid-post-link\" href=\"https:\/\/www.franz-josef.cz\/de\/exponaty\/pullitr-korbel-franz-josef-i-d\/\" title=\"5. Halbliterkrug - Franz Josef I.\">5. Halbliterkrug - Franz Josef I.<\/a><\/h2><\/header><\/div><\/div>\n        <\/div>\n    <\/article><article class=\"eael-grid-post  eael-post-grid-column eael-pg-post-32236\" data-id=\"32236\">\n        <div class=\"eael-grid-post-holder\">\n            <div class=\"eael-grid-post-holder-inner\"><div class=\"eael-entry-media\"><div class=\"eael-entry-overlay fade-in\"><i class=\"fas fa-plus\" aria-hidden=\"true\"><\/i><a href=\"https:\/\/www.franz-josef.cz\/de\/exponaty\/pullitr-korbel-franz-josef-i-f\/\"><\/a><\/div><div class=\"eael-entry-thumbnail\">\n                <img decoding=\"async\" width=\"226\" height=\"300\" data-src=\"https:\/\/www.franz-josef.cz\/wp-content\/uploads\/2023\/06\/536-8-226x300.jpg\" class=\"attachment-medium size-medium wp-image-32295 lazyload\" alt=\"\" data-srcset=\"https:\/\/www.franz-josef.cz\/wp-content\/uploads\/2023\/06\/536-8-226x300.jpg 226w, https:\/\/www.franz-josef.cz\/wp-content\/uploads\/2023\/06\/536-8-770x1024.jpg 770w, https:\/\/www.franz-josef.cz\/wp-content\/uploads\/2023\/06\/536-8-768x1022.jpg 768w, https:\/\/www.franz-josef.cz\/wp-content\/uploads\/2023\/06\/536-8-1155x1536.jpg 1155w, https:\/\/www.franz-josef.cz\/wp-content\/uploads\/2023\/06\/536-8-1539x2048.jpg 1539w, https:\/\/www.franz-josef.cz\/wp-content\/uploads\/2023\/06\/536-8-233x310.jpg 233w, https:\/\/www.franz-josef.cz\/wp-content\/uploads\/2023\/06\/536-8-79x105.jpg 79w, https:\/\/www.franz-josef.cz\/wp-content\/uploads\/2023\/06\/536-8.jpg 1898w\" data-sizes=\"(max-width: 226px) 100vw, 226px\" src=\"data:image\/gif;base64,R0lGODlhAQABAAAAACH5BAEKAAEALAAAAAABAAEAAAICTAEAOw==\" style=\"--smush-placeholder-width: 226px; --smush-placeholder-aspect-ratio: 226\/300;\" \/><noscript><img loading=\"lazy\" decoding=\"async\" width=\"226\" height=\"300\" src=\"https:\/\/www.franz-josef.cz\/wp-content\/uploads\/2023\/06\/536-8-226x300.jpg\" class=\"attachment-medium size-medium wp-image-32295\" alt=\"\" srcset=\"https:\/\/www.franz-josef.cz\/wp-content\/uploads\/2023\/06\/536-8-226x300.jpg 226w, https:\/\/www.franz-josef.cz\/wp-content\/uploads\/2023\/06\/536-8-770x1024.jpg 770w, https:\/\/www.franz-josef.cz\/wp-content\/uploads\/2023\/06\/536-8-768x1022.jpg 768w, https:\/\/www.franz-josef.cz\/wp-content\/uploads\/2023\/06\/536-8-1155x1536.jpg 1155w, https:\/\/www.franz-josef.cz\/wp-content\/uploads\/2023\/06\/536-8-1539x2048.jpg 1539w, https:\/\/www.franz-josef.cz\/wp-content\/uploads\/2023\/06\/536-8-233x310.jpg 233w, https:\/\/www.franz-josef.cz\/wp-content\/uploads\/2023\/06\/536-8-79x105.jpg 79w, https:\/\/www.franz-josef.cz\/wp-content\/uploads\/2023\/06\/536-8.jpg 1898w\" sizes=\"(max-width: 226px) 100vw, 226px\" \/><\/noscript>\n            <\/div>\n        <\/div><div class=\"eael-entry-wrapper\"><header class=\"eael-entry-header\"><h2 class=\"eael-entry-title\"><a class=\"eael-grid-post-link\" href=\"https:\/\/www.franz-josef.cz\/de\/exponaty\/pullitr-korbel-franz-josef-i-f\/\" title=\"6. Halbliterkrug - Franz Josef I.\">6. Halbliterkrug - Franz Josef I.<\/a><\/h2><\/header><\/div><\/div>\n        <\/div>\n    <\/article><article class=\"eael-grid-post  eael-post-grid-column eael-pg-post-32314\" data-id=\"32314\">\n        <div class=\"eael-grid-post-holder\">\n            <div class=\"eael-grid-post-holder-inner\"><div class=\"eael-entry-media\"><div class=\"eael-entry-overlay fade-in\"><i class=\"fas fa-plus\" aria-hidden=\"true\"><\/i><a href=\"https:\/\/www.franz-josef.cz\/de\/exponaty\/pullitr-korbel-franz-josef-i-h\/\"><\/a><\/div><div class=\"eael-entry-thumbnail\">\n                <img decoding=\"async\" width=\"220\" height=\"300\" data-src=\"https:\/\/www.franz-josef.cz\/wp-content\/uploads\/2023\/06\/588-8-220x300.jpg\" class=\"attachment-medium size-medium wp-image-32349 lazyload\" alt=\"\" data-srcset=\"https:\/\/www.franz-josef.cz\/wp-content\/uploads\/2023\/06\/588-8-220x300.jpg 220w, https:\/\/www.franz-josef.cz\/wp-content\/uploads\/2023\/06\/588-8-751x1024.jpg 751w, https:\/\/www.franz-josef.cz\/wp-content\/uploads\/2023\/06\/588-8-768x1047.jpg 768w, https:\/\/www.franz-josef.cz\/wp-content\/uploads\/2023\/06\/588-8-1127x1536.jpg 1127w, https:\/\/www.franz-josef.cz\/wp-content\/uploads\/2023\/06\/588-8-1503x2048.jpg 1503w, https:\/\/www.franz-josef.cz\/wp-content\/uploads\/2023\/06\/588-8-227x310.jpg 227w, https:\/\/www.franz-josef.cz\/wp-content\/uploads\/2023\/06\/588-8-77x105.jpg 77w, https:\/\/www.franz-josef.cz\/wp-content\/uploads\/2023\/06\/588-8-scaled.jpg 1879w\" data-sizes=\"(max-width: 220px) 100vw, 220px\" src=\"data:image\/gif;base64,R0lGODlhAQABAAAAACH5BAEKAAEALAAAAAABAAEAAAICTAEAOw==\" style=\"--smush-placeholder-width: 220px; --smush-placeholder-aspect-ratio: 220\/300;\" \/><noscript><img loading=\"lazy\" decoding=\"async\" width=\"220\" height=\"300\" src=\"https:\/\/www.franz-josef.cz\/wp-content\/uploads\/2023\/06\/588-8-220x300.jpg\" class=\"attachment-medium size-medium wp-image-32349\" alt=\"\" srcset=\"https:\/\/www.franz-josef.cz\/wp-content\/uploads\/2023\/06\/588-8-220x300.jpg 220w, https:\/\/www.franz-josef.cz\/wp-content\/uploads\/2023\/06\/588-8-751x1024.jpg 751w, https:\/\/www.franz-josef.cz\/wp-content\/uploads\/2023\/06\/588-8-768x1047.jpg 768w, https:\/\/www.franz-josef.cz\/wp-content\/uploads\/2023\/06\/588-8-1127x1536.jpg 1127w, https:\/\/www.franz-josef.cz\/wp-content\/uploads\/2023\/06\/588-8-1503x2048.jpg 1503w, https:\/\/www.franz-josef.cz\/wp-content\/uploads\/2023\/06\/588-8-227x310.jpg 227w, https:\/\/www.franz-josef.cz\/wp-content\/uploads\/2023\/06\/588-8-77x105.jpg 77w, https:\/\/www.franz-josef.cz\/wp-content\/uploads\/2023\/06\/588-8-scaled.jpg 1879w\" sizes=\"(max-width: 220px) 100vw, 220px\" \/><\/noscript>\n            <\/div>\n        <\/div><div class=\"eael-entry-wrapper\"><header class=\"eael-entry-header\"><h2 class=\"eael-entry-title\"><a class=\"eael-grid-post-link\" href=\"https:\/\/www.franz-josef.cz\/de\/exponaty\/pullitr-korbel-franz-josef-i-h\/\" title=\"7. Halbliterkrug - Franz Josef I.\">7. Halbliterkrug - Franz Josef I.<\/a><\/h2><\/header><\/div><\/div>\n        <\/div>\n    <\/article><\/div>\n            <div class=\"clearfix\"><\/div>\n        <\/div>\t\t\t\t<\/div>\n\t\t\t\t<\/div>\n\t\t\t\t\t<\/div>\n\t\t<\/div>\n\t\t\t\t\t<\/div>\n\t\t<\/section>\n\t\t\t\t<\/div>","protected":false},"author":3,"featured_media":8636,"parent":7779,"template":"","podexpozice":[209],"class_list":["post-8634","expozice","type-expozice","status-publish","has-post-thumbnail","hentry","podexpozice-predmety"],"yoast_head":"<!-- This site is optimized with the Yoast SEO Premium plugin v20.12 (Yoast SEO v27.2) - https:\/\/yoast.com\/product\/yoast-seo-premium-wordpress\/ -->\n<title>Expozice P\u016fllitry a korbele- c\u00edsa\u0159 Franz Josef+ Wilhelm II. &#8212; Muzeum c\u00edsa\u0159e Franz Josefa I.<\/title>\n<meta name=\"robots\" content=\"index, follow, max-snippet:-1, max-image-preview:large, max-video-preview:-1\" \/>\n<link rel=\"canonical\" href=\"https:\/\/www.franz-josef.cz\/de\/expozice\/predmety-z-doby-pred-i-svetovou-valkou-vyrobili-nasi-predkove\/pullitry-a-korbele\/\" \/>\n<meta property=\"og:locale\" content=\"de_DE\" \/>\n<meta property=\"og:type\" content=\"article\" \/>\n<meta property=\"og:title\" content=\"P\u016fllitry a korbele- c\u00edsa\u0159 Franz Josef+ Wilhelm II.\" \/>\n<meta property=\"og:description\" content=\"No posts found!\" \/>\n<meta property=\"og:url\" content=\"https:\/\/www.franz-josef.cz\/de\/expozice\/predmety-z-doby-pred-i-svetovou-valkou-vyrobili-nasi-predkove\/pullitry-a-korbele\/\" \/>\n<meta property=\"og:site_name\" content=\"Muzeum c\u00edsa\u0159e Franz Josefa I.\" \/>\n<meta property=\"article:modified_time\" content=\"2024-01-07T12:50:59+00:00\" \/>\n<meta property=\"og:image\" content=\"https:\/\/www.franz-josef.cz\/wp-content\/uploads\/2023\/04\/obrazok_2023-04-05_173719501.png\" \/>\n\t<meta property=\"og:image:width\" content=\"510\" \/>\n\t<meta property=\"og:image:height\" content=\"400\" \/>\n\t<meta property=\"og:image:type\" content=\"image\/png\" \/>\n<meta name=\"twitter:card\" content=\"summary_large_image\" \/>\n<meta name=\"twitter:label1\" content=\"Gesch\u00e4tzte Lesezeit\" \/>\n\t<meta name=\"twitter:data1\" content=\"1\u00a0Minute\" \/>\n<script type=\"application\/ld+json\" class=\"yoast-schema-graph\">{\"@context\":\"https:\/\/schema.org\",\"@graph\":[{\"@type\":\"WebPage\",\"@id\":\"https:\/\/www.franz-josef.cz\/expozice\/predmety-z-doby-pred-i-svetovou-valkou-vyrobili-nasi-predkove\/pullitry-a-korbele\/\",\"url\":\"https:\/\/www.franz-josef.cz\/expozice\/predmety-z-doby-pred-i-svetovou-valkou-vyrobili-nasi-predkove\/pullitry-a-korbele\/\",\"name\":\"Expozice P\u016fllitry a korbele- c\u00edsa\u0159 Franz Josef+ Wilhelm II. &#8212; Muzeum c\u00edsa\u0159e Franz Josefa I.\",\"isPartOf\":{\"@id\":\"https:\/\/www.franz-josef.cz\/#website\"},\"primaryImageOfPage\":{\"@id\":\"https:\/\/www.franz-josef.cz\/expozice\/predmety-z-doby-pred-i-svetovou-valkou-vyrobili-nasi-predkove\/pullitry-a-korbele\/#primaryimage\"},\"image\":{\"@id\":\"https:\/\/www.franz-josef.cz\/expozice\/predmety-z-doby-pred-i-svetovou-valkou-vyrobili-nasi-predkove\/pullitry-a-korbele\/#primaryimage\"},\"thumbnailUrl\":\"https:\/\/www.franz-josef.cz\/wp-content\/uploads\/2023\/04\/obrazok_2023-04-05_173719501.png\",\"datePublished\":\"2023-04-05T15:37:26+00:00\",\"dateModified\":\"2024-01-07T12:50:59+00:00\",\"breadcrumb\":{\"@id\":\"https:\/\/www.franz-josef.cz\/expozice\/predmety-z-doby-pred-i-svetovou-valkou-vyrobili-nasi-predkove\/pullitry-a-korbele\/#breadcrumb\"},\"inLanguage\":\"de\",\"potentialAction\":[{\"@type\":\"ReadAction\",\"target\":[\"https:\/\/www.franz-josef.cz\/expozice\/predmety-z-doby-pred-i-svetovou-valkou-vyrobili-nasi-predkove\/pullitry-a-korbele\/\"]}]},{\"@type\":\"ImageObject\",\"inLanguage\":\"de\",\"@id\":\"https:\/\/www.franz-josef.cz\/expozice\/predmety-z-doby-pred-i-svetovou-valkou-vyrobili-nasi-predkove\/pullitry-a-korbele\/#primaryimage\",\"url\":\"https:\/\/www.franz-josef.cz\/wp-content\/uploads\/2023\/04\/obrazok_2023-04-05_173719501.png\",\"contentUrl\":\"https:\/\/www.franz-josef.cz\/wp-content\/uploads\/2023\/04\/obrazok_2023-04-05_173719501.png\",\"width\":510,\"height\":400},{\"@type\":\"BreadcrumbList\",\"@id\":\"https:\/\/www.franz-josef.cz\/expozice\/predmety-z-doby-pred-i-svetovou-valkou-vyrobili-nasi-predkove\/pullitry-a-korbele\/#breadcrumb\",\"itemListElement\":[{\"@type\":\"ListItem\",\"position\":1,\"name\":\"Home\",\"item\":\"https:\/\/www.franz-josef.cz\/\"},{\"@type\":\"ListItem\",\"position\":2,\"name\":\"Expozice\",\"item\":\"https:\/\/www.franz-josef.cz\/expozice\/\"},{\"@type\":\"ListItem\",\"position\":3,\"name\":\"P\u0159edm\u011bty- Franti\u0161ek Josef I. , Elisabeth , Karel I. , Zita, Franz Ferdinand- Rakousko &#8211; Monarchie \/ Habsburg\",\"item\":\"https:\/\/www.franz-josef.cz\/expozice\/predmety-z-doby-pred-i-svetovou-valkou-vyrobili-nasi-predkove\/\"},{\"@type\":\"ListItem\",\"position\":4,\"name\":\"P\u016fllitry a korbele- c\u00edsa\u0159 Franz Josef+ Wilhelm II.\"}]},{\"@type\":\"WebSite\",\"@id\":\"https:\/\/www.franz-josef.cz\/#website\",\"url\":\"https:\/\/www.franz-josef.cz\/\",\"name\":\"Muzeum c\u00edsa\u0159e Franz Josefa I.\",\"description\":\"\",\"publisher\":{\"@id\":\"https:\/\/www.franz-josef.cz\/#organization\"},\"alternateName\":\"Franz Joseph\",\"potentialAction\":[{\"@type\":\"SearchAction\",\"target\":{\"@type\":\"EntryPoint\",\"urlTemplate\":\"https:\/\/www.franz-josef.cz\/?s={search_term_string}\"},\"query-input\":{\"@type\":\"PropertyValueSpecification\",\"valueRequired\":true,\"valueName\":\"search_term_string\"}}],\"inLanguage\":\"de\"},{\"@type\":\"Organization\",\"@id\":\"https:\/\/www.franz-josef.cz\/#organization\",\"name\":\"Muzeum Franz Josefa I.\",\"alternateName\":\"Franz Jozef\",\"url\":\"https:\/\/www.franz-josef.cz\/\",\"logo\":{\"@type\":\"ImageObject\",\"inLanguage\":\"de\",\"@id\":\"https:\/\/www.franz-josef.cz\/#\/schema\/logo\/image\/\",\"url\":\"https:\/\/www.franz-josef.cz\/wp-content\/uploads\/2023\/08\/Muzeum-Franz-Jozef-logo-696x696-1.png\",\"contentUrl\":\"https:\/\/www.franz-josef.cz\/wp-content\/uploads\/2023\/08\/Muzeum-Franz-Jozef-logo-696x696-1.png\",\"width\":696,\"height\":696,\"caption\":\"Muzeum Franz Josefa I.\"},\"image\":{\"@id\":\"https:\/\/www.franz-josef.cz\/#\/schema\/logo\/image\/\"}}]}<\/script>\n<!-- \/ Yoast SEO Premium plugin. -->","yoast_head_json":{"title":"Expozice P\u016fllitry a korbele- c\u00edsa\u0159 Franz Josef+ Wilhelm II. &#8212; Muzeum c\u00edsa\u0159e Franz Josefa I.","robots":{"index":"index","follow":"follow","max-snippet":"max-snippet:-1","max-image-preview":"max-image-preview:large","max-video-preview":"max-video-preview:-1"},"canonical":"https:\/\/www.franz-josef.cz\/de\/expozice\/predmety-z-doby-pred-i-svetovou-valkou-vyrobili-nasi-predkove\/pullitry-a-korbele\/","og_locale":"de_DE","og_type":"article","og_title":"P\u016fllitry a korbele- c\u00edsa\u0159 Franz Josef+ Wilhelm II.","og_description":"No posts found!","og_url":"https:\/\/www.franz-josef.cz\/de\/expozice\/predmety-z-doby-pred-i-svetovou-valkou-vyrobili-nasi-predkove\/pullitry-a-korbele\/","og_site_name":"Muzeum c\u00edsa\u0159e Franz Josefa I.","article_modified_time":"2024-01-07T12:50:59+00:00","og_image":[{"width":510,"height":400,"url":"https:\/\/www.franz-josef.cz\/wp-content\/uploads\/2023\/04\/obrazok_2023-04-05_173719501.png","type":"image\/png"}],"twitter_card":"summary_large_image","twitter_misc":{"Gesch\u00e4tzte Lesezeit":"1\u00a0Minute"},"schema":{"@context":"https:\/\/schema.org","@graph":[{"@type":"WebPage","@id":"https:\/\/www.franz-josef.cz\/expozice\/predmety-z-doby-pred-i-svetovou-valkou-vyrobili-nasi-predkove\/pullitry-a-korbele\/","url":"https:\/\/www.franz-josef.cz\/expozice\/predmety-z-doby-pred-i-svetovou-valkou-vyrobili-nasi-predkove\/pullitry-a-korbele\/","name":"Expozice P\u016fllitry a korbele- c\u00edsa\u0159 Franz Josef+ Wilhelm II. &#8212; Muzeum c\u00edsa\u0159e Franz Josefa I.","isPartOf":{"@id":"https:\/\/www.franz-josef.cz\/#website"},"primaryImageOfPage":{"@id":"https:\/\/www.franz-josef.cz\/expozice\/predmety-z-doby-pred-i-svetovou-valkou-vyrobili-nasi-predkove\/pullitry-a-korbele\/#primaryimage"},"image":{"@id":"https:\/\/www.franz-josef.cz\/expozice\/predmety-z-doby-pred-i-svetovou-valkou-vyrobili-nasi-predkove\/pullitry-a-korbele\/#primaryimage"},"thumbnailUrl":"https:\/\/www.franz-josef.cz\/wp-content\/uploads\/2023\/04\/obrazok_2023-04-05_173719501.png","datePublished":"2023-04-05T15:37:26+00:00","dateModified":"2024-01-07T12:50:59+00:00","breadcrumb":{"@id":"https:\/\/www.franz-josef.cz\/expozice\/predmety-z-doby-pred-i-svetovou-valkou-vyrobili-nasi-predkove\/pullitry-a-korbele\/#breadcrumb"},"inLanguage":"de","potentialAction":[{"@type":"ReadAction","target":["https:\/\/www.franz-josef.cz\/expozice\/predmety-z-doby-pred-i-svetovou-valkou-vyrobili-nasi-predkove\/pullitry-a-korbele\/"]}]},{"@type":"ImageObject","inLanguage":"de","@id":"https:\/\/www.franz-josef.cz\/expozice\/predmety-z-doby-pred-i-svetovou-valkou-vyrobili-nasi-predkove\/pullitry-a-korbele\/#primaryimage","url":"https:\/\/www.franz-josef.cz\/wp-content\/uploads\/2023\/04\/obrazok_2023-04-05_173719501.png","contentUrl":"https:\/\/www.franz-josef.cz\/wp-content\/uploads\/2023\/04\/obrazok_2023-04-05_173719501.png","width":510,"height":400},{"@type":"BreadcrumbList","@id":"https:\/\/www.franz-josef.cz\/expozice\/predmety-z-doby-pred-i-svetovou-valkou-vyrobili-nasi-predkove\/pullitry-a-korbele\/#breadcrumb","itemListElement":[{"@type":"ListItem","position":1,"name":"Home","item":"https:\/\/www.franz-josef.cz\/"},{"@type":"ListItem","position":2,"name":"Expozice","item":"https:\/\/www.franz-josef.cz\/expozice\/"},{"@type":"ListItem","position":3,"name":"P\u0159edm\u011bty- Franti\u0161ek Josef I. , Elisabeth , Karel I. , Zita, Franz Ferdinand- Rakousko &#8211; Monarchie \/ Habsburg","item":"https:\/\/www.franz-josef.cz\/expozice\/predmety-z-doby-pred-i-svetovou-valkou-vyrobili-nasi-predkove\/"},{"@type":"ListItem","position":4,"name":"P\u016fllitry a korbele- c\u00edsa\u0159 Franz Josef+ Wilhelm II."}]},{"@type":"WebSite","@id":"https:\/\/www.franz-josef.cz\/#website","url":"https:\/\/www.franz-josef.cz\/","name":"Muzeum c\u00edsa\u0159e Franz Josefa I.","description":"","publisher":{"@id":"https:\/\/www.franz-josef.cz\/#organization"},"alternateName":"Franz Joseph","potentialAction":[{"@type":"SearchAction","target":{"@type":"EntryPoint","urlTemplate":"https:\/\/www.franz-josef.cz\/?s={search_term_string}"},"query-input":{"@type":"PropertyValueSpecification","valueRequired":true,"valueName":"search_term_string"}}],"inLanguage":"de"},{"@type":"Organization","@id":"https:\/\/www.franz-josef.cz\/#organization","name":"Muzeum Franz Josefa I.","alternateName":"Franz Jozef","url":"https:\/\/www.franz-josef.cz\/","logo":{"@type":"ImageObject","inLanguage":"de","@id":"https:\/\/www.franz-josef.cz\/#\/schema\/logo\/image\/","url":"https:\/\/www.franz-josef.cz\/wp-content\/uploads\/2023\/08\/Muzeum-Franz-Jozef-logo-696x696-1.png","contentUrl":"https:\/\/www.franz-josef.cz\/wp-content\/uploads\/2023\/08\/Muzeum-Franz-Jozef-logo-696x696-1.png","width":696,"height":696,"caption":"Muzeum Franz Josefa I."},"image":{"@id":"https:\/\/www.franz-josef.cz\/#\/schema\/logo\/image\/"}}]}},"_links":{"self":[{"href":"https:\/\/www.franz-josef.cz\/de\/wp-json\/wp\/v2\/expozice\/8634","targetHints":{"allow":["GET"]}}],"collection":[{"href":"https:\/\/www.franz-josef.cz\/de\/wp-json\/wp\/v2\/expozice"}],"about":[{"href":"https:\/\/www.franz-josef.cz\/de\/wp-json\/wp\/v2\/types\/expozice"}],"author":[{"embeddable":true,"href":"https:\/\/www.franz-josef.cz\/de\/wp-json\/wp\/v2\/users\/3"}],"version-history":[{"count":9,"href":"https:\/\/www.franz-josef.cz\/de\/wp-json\/wp\/v2\/expozice\/8634\/revisions"}],"predecessor-version":[{"id":53734,"href":"https:\/\/www.franz-josef.cz\/de\/wp-json\/wp\/v2\/expozice\/8634\/revisions\/53734"}],"up":[{"embeddable":true,"href":"https:\/\/www.franz-josef.cz\/de\/wp-json\/wp\/v2\/expozice\/7779"}],"wp:featuredmedia":[{"embeddable":true,"href":"https:\/\/www.franz-josef.cz\/de\/wp-json\/wp\/v2\/media\/8636"}],"wp:attachment":[{"href":"https:\/\/www.franz-josef.cz\/de\/wp-json\/wp\/v2\/media?parent=8634"}],"wp:term":[{"taxonomy":"podexpozice","embeddable":true,"href":"https:\/\/www.franz-josef.cz\/de\/wp-json\/wp\/v2\/podexpozice?post=8634"}],"curies":[{"name":"wp","href":"https:\/\/api.w.org\/{rel}","templated":true}]}}