{"id":8808,"date":"2023-04-05T19:10:47","date_gmt":"2023-04-05T17:10:47","guid":{"rendered":"https:\/\/www.franz-josef.cz\/?post_type=expozice&#038;p=8808"},"modified":"2023-07-24T19:15:12","modified_gmt":"2023-07-24T17:15:12","slug":"rod-habsburku","status":"publish","type":"expozice","link":"https:\/\/www.franz-josef.cz\/de\/expozice\/rod-habsburku\/","title":{"rendered":"Haus Habsburg"},"content":{"rendered":"<div data-elementor-type=\"wp-post\" data-elementor-id=\"8808\" class=\"elementor elementor-8808\" data-elementor-post-type=\"expozice\">\n\t\t\t\t\t\t<section data-particle_enable=\"false\" data-particle-mobile-disabled=\"false\" class=\"elementor-section elementor-top-section elementor-element elementor-element-1a0e603 elementor-section-boxed elementor-section-height-default elementor-section-height-default\" data-id=\"1a0e603\" data-element_type=\"section\" data-e-type=\"section\">\n\t\t\t\t\t\t<div class=\"elementor-container elementor-column-gap-default\">\n\t\t\t\t\t<div class=\"elementor-column elementor-col-100 elementor-top-column elementor-element elementor-element-984f633\" data-id=\"984f633\" data-element_type=\"column\" data-e-type=\"column\">\n\t\t\t<div class=\"elementor-widget-wrap elementor-element-populated\">\n\t\t\t\t\t\t<div class=\"elementor-element elementor-element-cfa5ab7 elementor-widget elementor-widget-image\" data-id=\"cfa5ab7\" data-element_type=\"widget\" data-e-type=\"widget\" data-widget_type=\"image.default\">\n\t\t\t\t<div class=\"elementor-widget-container\">\n\t\t\t\t\t\t\t\t\t\t\t\t\t\t\t\t<a href=\"https:\/\/www.franz-josef.cz\/wp-content\/uploads\/2023\/04\/obrazok_2023-04-05_191023176-e1680714639405.png\" data-elementor-open-lightbox=\"yes\" data-elementor-lightbox-description=\"obr\u00e1zok_2023-04-05_191023176\" data-e-action-hash=\"#elementor-action%3Aaction%3Dlightbox%26settings%3DeyJpZCI6ODgxOSwidXJsIjoiaHR0cHM6XC9cL3d3dy5mcmFuei1qb3NlZi5jelwvd3AtY29udGVudFwvdXBsb2Fkc1wvMjAyM1wvMDRcL29icmF6b2tfMjAyMy0wNC0wNV8xOTEwMjMxNzYtZTE2ODA3MTQ2Mzk0MDUucG5nIn0%3D\">\n\t\t\t\t\t\t\t<img fetchpriority=\"high\" decoding=\"async\" width=\"460\" height=\"239\" src=\"https:\/\/www.franz-josef.cz\/wp-content\/uploads\/2023\/04\/obrazok_2023-04-05_191023176-e1680714639405.png\" class=\"attachment-large size-large wp-image-8819\" alt=\"\" srcset=\"https:\/\/www.franz-josef.cz\/wp-content\/uploads\/2023\/04\/obrazok_2023-04-05_191023176-e1680714639405.png 460w, https:\/\/www.franz-josef.cz\/wp-content\/uploads\/2023\/04\/obrazok_2023-04-05_191023176-e1680714639405-300x156.png 300w\" sizes=\"(max-width: 460px) 100vw, 460px\" \/>\t\t\t\t\t\t\t\t<\/a>\n\t\t\t\t\t\t\t\t\t\t\t\t\t\t\t<\/div>\n\t\t\t\t<\/div>\n\t\t\t\t<div class=\"elementor-element elementor-element-0ae7df8 elementor-drop-cap-yes elementor-drop-cap-view-default elementor-widget elementor-widget-text-editor\" data-id=\"0ae7df8\" data-element_type=\"widget\" data-e-type=\"widget\" data-settings=\"{&quot;drop_cap&quot;:&quot;yes&quot;}\" data-widget_type=\"text-editor.default\">\n\t\t\t\t<div class=\"elementor-widget-container\">\n\t\t\t\t\t\t\t\t\t<div class=\"abstract\"><p>S<strong>Die ber\u00fchmte Familie Habsburg stammt aus dem Gebiet der heutigen Schweiz. Den Namen w\u00e4hlten sie nach ihrer habsburgischen Burg aus dem Jahr 1100. Graf Rudolf bestieg 1273 als erster den r\u00f6mischen K\u00f6nigsthron. 1278 gewinnt der r\u00f6mische K\u00f6nig Rudolf die Schlacht auf dem M\u00e4hrischen Feld und erwirbt damit Ober- und Nieder\u00f6sterreich f\u00fcr seinen Sohn Albrecht.<\/strong><\/p><\/div><div class=\"content\"><p>Mehrmals versuchen die Habsburger, sich in Mitteleuropa zu behaupten. Im Jahr 1526 sa\u00df Ferdinand I. dank seiner Heirat mit Anna Jagiellonska auf dem tschechischen Thron und hat somit ein Erbrecht. 1528 wurde Ferdinand I. zum K\u00f6nig von Ungarn und 1521 zum K\u00f6nig von Rom ernannt. Er wird seine Herrschaft \u00fcber Mitteleuropa 400 lange Jahre lang aufrechterhalten.<\/p><p>Ferdinands f\u00e4higer Nachfolger ist sein Sohn Maximilian II. (1564 \u2013 1576) sorgt er durch zahlreiche politische Kompromisse f\u00fcr eine stabile habsburgische Regierung und strebt das wirtschaftliche Gleichgewicht Ungarns an. 1548 heiratete er die Tochter seines Onkels, des r\u00f6mischen Kaisers Karl V., Cousine Maria von Spanien. Aus der Ehe gingen insgesamt 16 Kinder hervor.<\/p><p>Nachfolger, k\u00fcnstlerisch orientiert, Rudolf II. (1576 \u2013 1611) vom spanischen Hof seines Onkels Philipp II. er brachte eine f\u00fcr \u00f6sterreichische Verh\u00e4ltnisse \u00fcberdurchschnittliche Ausbildung mit. Er ist ein widerspr\u00fcchlicher Monarch, statt Politik interessiert er sich f\u00fcr Kunst oder Alchemie. Gro\u00dfe Streitigkeiten mit der Familie, insbesondere mit seinem Bruder Maty\u00e1\u0161, zwingen Rudolf, Wien zu verlassen, und 1583 zieht er nach Prag, doch auch dort findet er keinen Frieden. Rudolfs unausgeglichenes Wesen wird von seinem j\u00fcngeren Bruder Maty\u00e1\u0161 ausgenutzt und zwingt ihn zum Abdanken.\n\u200b<\/p><p>Auch der ehrgeizige Matthias hat in seiner Regentschaft nicht viel Gl\u00fcck, er hat mit seiner Frau Anna von Tirol keine Kinder und w\u00e4hlt deshalb Ferdinand II. zu seinem Nachfolger. aus dem steirischen Zweig der Habsburger. Der zuk\u00fcnftige Herrscher schr\u00e4nkt Maty\u00e1\u0161s politischen Einfluss ein und geht scharf gegen den Adel vor (Prager Fenstersturz). Die Generalversammlung lehnt Ferdinand II. ab. Als b\u00f6hmischer K\u00f6nig anerkannt, wird er deshalb f\u00fcr abgesetzt erkl\u00e4rt, 1619 wurde an seiner Stelle Friedrich Falck\u00fd (1619 \u2013 1621) gew\u00e4hlt.\n\u200b<\/p><p>Ferdinand III ist der Sohn von Ferdinand II. und Marie Anna von Bayern. 1625 lie\u00df ihn sein Vater zum K\u00f6nig von Ungarn, 1627 zum K\u00f6nig von B\u00f6hmen und 1636 zum K\u00f6nig von Rom kr\u00f6nen. Nach dem gewaltsamen Tod Albrechts von Waldstein, der von Ferdinand II. ermordet wurde. Wegen angeblichen Hochverrats wird er 1624 Oberbefehlshaber der kaiserlichen Truppen. Nach dem Tod seines Vaters (1637) wird er Kaiser des Heiligen R\u00f6mischen Reiches.\n\u200b<\/p><p>Ferdinand III l\u00e4sst seinen \u00e4ltesten Sohn Ferdinand IV. kr\u00f6nen. unter den b\u00f6hmischen, ungarischen und r\u00f6mischen K\u00f6nigen, doch er stirbt vorzeitig und Ferdinands vierter Sohn Leopold besteigt den Thron. Nach dem Tod von Ferdinand III. Leopold gelangt nicht so leicht auf den r\u00f6mischen Thron, die l\u00e4ngste Wahl des r\u00f6mischen K\u00f6nigs, die fast ein Jahr dauerte, fiel zu Gunsten Leopolds aus und am 18. Juli 1658 wurde er zum K\u00f6nig von Rom gew\u00e4hlt und am 1. August zum Kaiser gekr\u00f6nt.<\/p><p>Der n\u00e4chste Nachfolger ist Josef, Sohn von Leopold und Eleonora Neubursk\u00e1. Als Kind wurde er bereits zum K\u00f6nig von Ungarn und dem r\u00f6mischen Deutschland gekr\u00f6nt, nicht jedoch von B\u00f6hmen. 1705, nach Leopolds Tod, befindet sich das Reich in einer schwierigen Lage, doch der junge Josef ist bereits ein f\u00e4higer und gebildeter Herrscher. Zahlreiche Reformen und Friedensverhandlungen wurden durch den pl\u00f6tzlichen Tod des Monarchen (1711) unterbrochen.<\/p><p>Damit besteigt der j\u00fcngste Sohn von Leopold und Eleonora Neuburg den Thron. Josephs Bruder Karl VI. und wird Kaiser des Heiligen R\u00f6mischen Reiches (1711 \u2013 1740). Nach langen K\u00e4mpfen schlie\u00dfen Karls Verb\u00fcndete 1713 Frieden mit dem ersch\u00f6pften Frankreich und \u00fcberlassen den spanischen Thron Philipp V. (von Anjou oder Philipp V. von Spanien). Im Jahr 1714 wurde Karl VI. als Ersatz f\u00fcr den spanischen Thron eingesetzt. Teil der reichen Besitzt\u00fcmer Spaniens (Spanische Niederlande) und ehemalige spanische Besitzt\u00fcmer auf der Apenninenhalbinsel. Im Jahr 1713 erlie\u00df Karl VI Es begr\u00fcndet die pragmatische Sanktion und Nachfolge des klarsten Erzreichs \u00d6sterreich im Falle des Aussterbens der m\u00e4nnlichen Linie der Habsburger, so dass die weibliche Linie die Nachfolge erh\u00e4lt und stellt weiterhin die Unteilbarkeit des habsburgischen Besitzes her.\n\u200b<\/p><p>Der Tod Karls VI. (20. Oktober 1740) Die Habsburgermonarchie stirbt durch das Schwert, Karls \u00e4lteste Tochter Maria Theresia besteigt den Thron und wird damit die erste Monarchin der habsburgischen L\u00e4nder. Mit vollem Namen Maria Terezia Walburga Am\u00e1lia Krist\u00fdna heiratete sie am 12. Februar 1736 ihren geliebten Franti\u0161ek \u0160t\u011bp\u00e1n, Gro\u00dfherzog der Toskana. Die \u00d6sterreichischen Erbfolgekriege (1740-1748) beginnen in mehreren Etappen. Es folgt der Siebenj\u00e4hrige Krieg (1756\u20131763). Am 18. August 1765 dankte Maria Theresias Ehemann Franz I. pl\u00f6tzlich ab und nach seinem Tod wurde ihr \u00e4ltester Sohn Joseph II. Kaiser. (1765 \u2013 1790) regierte bis 1780 an der Seite seiner Mutter. Er f\u00fchrte zahlreiche Reformen ein. W\u00e4hrend seiner Regierungszeit erlie\u00df er rund 6.000 Dekrete (Abschaffung der Zensur, Leibeigenschaft, Todesstrafe). Joseph II gestorben am 20.02.1790.\n\u200b<\/p><p>Sein j\u00fcngerer Bruder Leopold II. wird zweiter Kaiser aus dem Hause Habsburg-Lothringen. (1790\u20131792). Leopold II l\u00f6st gekonnt die \u00fcberkommenen Probleme von Josefs Regierungszeit, doch es reicht kaum aus, die Verh\u00e4ltnisse im Land und au\u00dferhalb zu stabilisieren, er stirbt unerwartet am 1. M\u00e4rz 1792.<\/p><p>Sein \u00e4ltester Sohn Franti\u0161ek II. besteigt den Thron. Seine Regierungszeit ist stark vom franz\u00f6sischen Kriegsherrn Napoleon Bonaparte gepr\u00e4gt. 6. 8. 1806, Franz II. er verzichtet auf die Kronen des Heiligen R\u00f6mischen Reiches und hebt damit den r\u00f6mischen Kaiserrang auf, seine Herrschaft beschr\u00e4nkt sich somit nur auf die angestammten Besitzt\u00fcmer der alpenl\u00e4ndischen, b\u00f6hmischen und ungarischen Krone, er bleibt somit nur noch Kaiser von \u00d6sterreich. 2. 3. 1835 Franz II. stirbt.<\/p><p>Im Jahr 1835 wurde Ferdinand V., Sohn von Franz II. und Maria Teresa von Neapel-Sizilien wird nach dem Tod ihres Vaters Kaiserin von \u00d6sterreich. Aufgrund seines sanften Auftretens tr\u00e4gt er den Spitznamen \u201ewohlwollend\u201c. Am 2. Dezember 1848 dankt Ferdinand V. feierlich zugunsten von Franz Joseph von der Regierung ab. Franz Joseph I. war einer der am l\u00e4ngsten regierenden Monarchen der Welt und wurde 86 Jahre alt.<\/p><p>Franz Ferdinand d'Este sollte den Thron besteigen. Doch er wurde 1914 in Sarajevo ermordet. Nach dem Tod von Kaiser Franz Joseph I. wurde Karl neuer Kaiser. Karel, der \u00e4lteste Sohn von Erzherzog Ota und Marie Josefa von Sachsen. Karls Gro\u00dfvater, Erzherzog Karl Ludwig von Habsburg-Lothringen, war der Bruder von Kaiser Franz Joseph I. Karl war der letzte K\u00f6nig von B\u00f6hmen und Kaiser von \u00d6sterreich.\n\u200b<\/p><\/div>\t\t\t\t\t\t\t\t<\/div>\n\t\t\t\t<\/div>\n\t\t\t\t\t<\/div>\n\t\t<\/div>\n\t\t\t\t\t<\/div>\n\t\t<\/section>\n\t\t\t\t<\/div>","protected":false},"author":3,"featured_media":8819,"parent":0,"template":"","podexpozice":[240],"class_list":["post-8808","expozice","type-expozice","status-publish","has-post-thumbnail","hentry","podexpozice-texty"],"yoast_head":"<!-- This site is optimized with the Yoast SEO Premium plugin v20.12 (Yoast SEO v27.2) - https:\/\/yoast.com\/product\/yoast-seo-premium-wordpress\/ -->\n<title>Expozice Rod Habsburk\u016f &#8212; Muzeum c\u00edsa\u0159e Franz Josefa I.<\/title>\n<meta name=\"robots\" content=\"index, follow, max-snippet:-1, max-image-preview:large, max-video-preview:-1\" \/>\n<link rel=\"canonical\" href=\"https:\/\/www.franz-josef.cz\/de\/expozice\/rod-habsburku\/\" \/>\n<meta property=\"og:locale\" content=\"de_DE\" \/>\n<meta property=\"og:type\" content=\"article\" \/>\n<meta property=\"og:title\" content=\"Rod Habsburk\u016f\" \/>\n<meta property=\"og:description\" content=\"Slavn\u00fd rod Habsburk\u016f poch\u00e1z\u00ed z\u00a0\u00fazem\u00ed dne\u0161n\u00edho \u0160v\u00fdcarska. Jm\u00e9no si zvolili podle sv\u00e9ho hradu Habsburk, roku 1100. Jako prvn\u00ed v\u00a0roce 1273 usedl na \u0159\u00edmsk\u00fd kr\u00e1lovsk\u00fd tr\u016fn hrab\u011b Rudolf. Roku 1278 \u0159\u00edmsk\u00fd kr\u00e1l Rudolf vyhr\u00e1v\u00e1 bitvu na Moravsk\u00e9m poli, t\u00edm pro sv\u00e9ho syna Albrechta z\u00edsk\u00e1v\u00e1 Horn\u00ed a Doln\u00ed Rakousy. N\u011bkolikr\u00e1t se Habsburkov\u00e9 sna\u017e\u00ed prosadit ve st\u0159edn\u00ed Evrop\u011b.\u00a0 [&hellip;]\" \/>\n<meta property=\"og:url\" content=\"https:\/\/www.franz-josef.cz\/de\/expozice\/rod-habsburku\/\" \/>\n<meta property=\"og:site_name\" content=\"Muzeum c\u00edsa\u0159e Franz Josefa I.\" \/>\n<meta property=\"article:modified_time\" content=\"2023-07-24T17:15:12+00:00\" \/>\n<meta property=\"og:image\" content=\"https:\/\/www.franz-josef.cz\/wp-content\/uploads\/2023\/04\/obrazok_2023-04-05_191023176-e1680714639405.png\" \/>\n\t<meta property=\"og:image:width\" content=\"460\" \/>\n\t<meta property=\"og:image:height\" content=\"239\" \/>\n\t<meta property=\"og:image:type\" content=\"image\/png\" \/>\n<meta name=\"twitter:card\" content=\"summary_large_image\" \/>\n<meta name=\"twitter:label1\" content=\"Gesch\u00e4tzte Lesezeit\" \/>\n\t<meta name=\"twitter:data1\" content=\"6\u00a0Minuten\" \/>\n<script type=\"application\/ld+json\" class=\"yoast-schema-graph\">{\"@context\":\"https:\/\/schema.org\",\"@graph\":[{\"@type\":\"WebPage\",\"@id\":\"https:\/\/www.franz-josef.cz\/expozice\/rod-habsburku\/\",\"url\":\"https:\/\/www.franz-josef.cz\/expozice\/rod-habsburku\/\",\"name\":\"Expozice Rod Habsburk\u016f &#8212; Muzeum c\u00edsa\u0159e Franz Josefa I.\",\"isPartOf\":{\"@id\":\"https:\/\/www.franz-josef.cz\/#website\"},\"primaryImageOfPage\":{\"@id\":\"https:\/\/www.franz-josef.cz\/expozice\/rod-habsburku\/#primaryimage\"},\"image\":{\"@id\":\"https:\/\/www.franz-josef.cz\/expozice\/rod-habsburku\/#primaryimage\"},\"thumbnailUrl\":\"https:\/\/www.franz-josef.cz\/wp-content\/uploads\/2023\/04\/obrazok_2023-04-05_191023176-e1680714639405.png\",\"datePublished\":\"2023-04-05T17:10:47+00:00\",\"dateModified\":\"2023-07-24T17:15:12+00:00\",\"breadcrumb\":{\"@id\":\"https:\/\/www.franz-josef.cz\/expozice\/rod-habsburku\/#breadcrumb\"},\"inLanguage\":\"de\",\"potentialAction\":[{\"@type\":\"ReadAction\",\"target\":[\"https:\/\/www.franz-josef.cz\/expozice\/rod-habsburku\/\"]}]},{\"@type\":\"ImageObject\",\"inLanguage\":\"de\",\"@id\":\"https:\/\/www.franz-josef.cz\/expozice\/rod-habsburku\/#primaryimage\",\"url\":\"https:\/\/www.franz-josef.cz\/wp-content\/uploads\/2023\/04\/obrazok_2023-04-05_191023176-e1680714639405.png\",\"contentUrl\":\"https:\/\/www.franz-josef.cz\/wp-content\/uploads\/2023\/04\/obrazok_2023-04-05_191023176-e1680714639405.png\",\"width\":460,\"height\":239},{\"@type\":\"BreadcrumbList\",\"@id\":\"https:\/\/www.franz-josef.cz\/expozice\/rod-habsburku\/#breadcrumb\",\"itemListElement\":[{\"@type\":\"ListItem\",\"position\":1,\"name\":\"Home\",\"item\":\"https:\/\/www.franz-josef.cz\/\"},{\"@type\":\"ListItem\",\"position\":2,\"name\":\"Expozice\",\"item\":\"https:\/\/www.franz-josef.cz\/expozice\/\"},{\"@type\":\"ListItem\",\"position\":3,\"name\":\"Rod Habsburk\u016f\"}]},{\"@type\":\"WebSite\",\"@id\":\"https:\/\/www.franz-josef.cz\/#website\",\"url\":\"https:\/\/www.franz-josef.cz\/\",\"name\":\"Muzeum c\u00edsa\u0159e Franz Josefa I.\",\"description\":\"\",\"publisher\":{\"@id\":\"https:\/\/www.franz-josef.cz\/#organization\"},\"alternateName\":\"Franz Joseph\",\"potentialAction\":[{\"@type\":\"SearchAction\",\"target\":{\"@type\":\"EntryPoint\",\"urlTemplate\":\"https:\/\/www.franz-josef.cz\/?s={search_term_string}\"},\"query-input\":{\"@type\":\"PropertyValueSpecification\",\"valueRequired\":true,\"valueName\":\"search_term_string\"}}],\"inLanguage\":\"de\"},{\"@type\":\"Organization\",\"@id\":\"https:\/\/www.franz-josef.cz\/#organization\",\"name\":\"Muzeum Franz Josefa I.\",\"alternateName\":\"Franz Jozef\",\"url\":\"https:\/\/www.franz-josef.cz\/\",\"logo\":{\"@type\":\"ImageObject\",\"inLanguage\":\"de\",\"@id\":\"https:\/\/www.franz-josef.cz\/#\/schema\/logo\/image\/\",\"url\":\"https:\/\/www.franz-josef.cz\/wp-content\/uploads\/2023\/08\/Muzeum-Franz-Jozef-logo-696x696-1.png\",\"contentUrl\":\"https:\/\/www.franz-josef.cz\/wp-content\/uploads\/2023\/08\/Muzeum-Franz-Jozef-logo-696x696-1.png\",\"width\":696,\"height\":696,\"caption\":\"Muzeum Franz Josefa I.\"},\"image\":{\"@id\":\"https:\/\/www.franz-josef.cz\/#\/schema\/logo\/image\/\"}}]}<\/script>\n<!-- \/ Yoast SEO Premium plugin. -->","yoast_head_json":{"title":"Expozice Rod Habsburk\u016f &#8212; Muzeum c\u00edsa\u0159e Franz Josefa I.","robots":{"index":"index","follow":"follow","max-snippet":"max-snippet:-1","max-image-preview":"max-image-preview:large","max-video-preview":"max-video-preview:-1"},"canonical":"https:\/\/www.franz-josef.cz\/de\/expozice\/rod-habsburku\/","og_locale":"de_DE","og_type":"article","og_title":"Rod Habsburk\u016f","og_description":"Slavn\u00fd rod Habsburk\u016f poch\u00e1z\u00ed z\u00a0\u00fazem\u00ed dne\u0161n\u00edho \u0160v\u00fdcarska. Jm\u00e9no si zvolili podle sv\u00e9ho hradu Habsburk, roku 1100. Jako prvn\u00ed v\u00a0roce 1273 usedl na \u0159\u00edmsk\u00fd kr\u00e1lovsk\u00fd tr\u016fn hrab\u011b Rudolf. Roku 1278 \u0159\u00edmsk\u00fd kr\u00e1l Rudolf vyhr\u00e1v\u00e1 bitvu na Moravsk\u00e9m poli, t\u00edm pro sv\u00e9ho syna Albrechta z\u00edsk\u00e1v\u00e1 Horn\u00ed a Doln\u00ed Rakousy. N\u011bkolikr\u00e1t se Habsburkov\u00e9 sna\u017e\u00ed prosadit ve st\u0159edn\u00ed Evrop\u011b.\u00a0 [&hellip;]","og_url":"https:\/\/www.franz-josef.cz\/de\/expozice\/rod-habsburku\/","og_site_name":"Muzeum c\u00edsa\u0159e Franz Josefa I.","article_modified_time":"2023-07-24T17:15:12+00:00","og_image":[{"width":460,"height":239,"url":"https:\/\/www.franz-josef.cz\/wp-content\/uploads\/2023\/04\/obrazok_2023-04-05_191023176-e1680714639405.png","type":"image\/png"}],"twitter_card":"summary_large_image","twitter_misc":{"Gesch\u00e4tzte Lesezeit":"6\u00a0Minuten"},"schema":{"@context":"https:\/\/schema.org","@graph":[{"@type":"WebPage","@id":"https:\/\/www.franz-josef.cz\/expozice\/rod-habsburku\/","url":"https:\/\/www.franz-josef.cz\/expozice\/rod-habsburku\/","name":"Expozice Rod Habsburk\u016f &#8212; Muzeum c\u00edsa\u0159e Franz Josefa I.","isPartOf":{"@id":"https:\/\/www.franz-josef.cz\/#website"},"primaryImageOfPage":{"@id":"https:\/\/www.franz-josef.cz\/expozice\/rod-habsburku\/#primaryimage"},"image":{"@id":"https:\/\/www.franz-josef.cz\/expozice\/rod-habsburku\/#primaryimage"},"thumbnailUrl":"https:\/\/www.franz-josef.cz\/wp-content\/uploads\/2023\/04\/obrazok_2023-04-05_191023176-e1680714639405.png","datePublished":"2023-04-05T17:10:47+00:00","dateModified":"2023-07-24T17:15:12+00:00","breadcrumb":{"@id":"https:\/\/www.franz-josef.cz\/expozice\/rod-habsburku\/#breadcrumb"},"inLanguage":"de","potentialAction":[{"@type":"ReadAction","target":["https:\/\/www.franz-josef.cz\/expozice\/rod-habsburku\/"]}]},{"@type":"ImageObject","inLanguage":"de","@id":"https:\/\/www.franz-josef.cz\/expozice\/rod-habsburku\/#primaryimage","url":"https:\/\/www.franz-josef.cz\/wp-content\/uploads\/2023\/04\/obrazok_2023-04-05_191023176-e1680714639405.png","contentUrl":"https:\/\/www.franz-josef.cz\/wp-content\/uploads\/2023\/04\/obrazok_2023-04-05_191023176-e1680714639405.png","width":460,"height":239},{"@type":"BreadcrumbList","@id":"https:\/\/www.franz-josef.cz\/expozice\/rod-habsburku\/#breadcrumb","itemListElement":[{"@type":"ListItem","position":1,"name":"Home","item":"https:\/\/www.franz-josef.cz\/"},{"@type":"ListItem","position":2,"name":"Expozice","item":"https:\/\/www.franz-josef.cz\/expozice\/"},{"@type":"ListItem","position":3,"name":"Rod Habsburk\u016f"}]},{"@type":"WebSite","@id":"https:\/\/www.franz-josef.cz\/#website","url":"https:\/\/www.franz-josef.cz\/","name":"Muzeum c\u00edsa\u0159e Franz Josefa I.","description":"","publisher":{"@id":"https:\/\/www.franz-josef.cz\/#organization"},"alternateName":"Franz Joseph","potentialAction":[{"@type":"SearchAction","target":{"@type":"EntryPoint","urlTemplate":"https:\/\/www.franz-josef.cz\/?s={search_term_string}"},"query-input":{"@type":"PropertyValueSpecification","valueRequired":true,"valueName":"search_term_string"}}],"inLanguage":"de"},{"@type":"Organization","@id":"https:\/\/www.franz-josef.cz\/#organization","name":"Muzeum Franz Josefa I.","alternateName":"Franz Jozef","url":"https:\/\/www.franz-josef.cz\/","logo":{"@type":"ImageObject","inLanguage":"de","@id":"https:\/\/www.franz-josef.cz\/#\/schema\/logo\/image\/","url":"https:\/\/www.franz-josef.cz\/wp-content\/uploads\/2023\/08\/Muzeum-Franz-Jozef-logo-696x696-1.png","contentUrl":"https:\/\/www.franz-josef.cz\/wp-content\/uploads\/2023\/08\/Muzeum-Franz-Jozef-logo-696x696-1.png","width":696,"height":696,"caption":"Muzeum Franz Josefa I."},"image":{"@id":"https:\/\/www.franz-josef.cz\/#\/schema\/logo\/image\/"}}]}},"_links":{"self":[{"href":"https:\/\/www.franz-josef.cz\/de\/wp-json\/wp\/v2\/expozice\/8808","targetHints":{"allow":["GET"]}}],"collection":[{"href":"https:\/\/www.franz-josef.cz\/de\/wp-json\/wp\/v2\/expozice"}],"about":[{"href":"https:\/\/www.franz-josef.cz\/de\/wp-json\/wp\/v2\/types\/expozice"}],"author":[{"embeddable":true,"href":"https:\/\/www.franz-josef.cz\/de\/wp-json\/wp\/v2\/users\/3"}],"version-history":[{"count":7,"href":"https:\/\/www.franz-josef.cz\/de\/wp-json\/wp\/v2\/expozice\/8808\/revisions"}],"predecessor-version":[{"id":8833,"href":"https:\/\/www.franz-josef.cz\/de\/wp-json\/wp\/v2\/expozice\/8808\/revisions\/8833"}],"wp:featuredmedia":[{"embeddable":true,"href":"https:\/\/www.franz-josef.cz\/de\/wp-json\/wp\/v2\/media\/8819"}],"wp:attachment":[{"href":"https:\/\/www.franz-josef.cz\/de\/wp-json\/wp\/v2\/media?parent=8808"}],"wp:term":[{"taxonomy":"podexpozice","embeddable":true,"href":"https:\/\/www.franz-josef.cz\/de\/wp-json\/wp\/v2\/podexpozice?post=8808"}],"curies":[{"name":"wp","href":"https:\/\/api.w.org\/{rel}","templated":true}]}}