{"id":8824,"date":"2023-04-05T19:13:18","date_gmt":"2023-04-05T17:13:18","guid":{"rendered":"https:\/\/www.franz-josef.cz\/?post_type=expozice&#038;p=8824"},"modified":"2023-07-24T19:15:11","modified_gmt":"2023-07-24T17:15:11","slug":"mladi-a-studium","status":"publish","type":"expozice","link":"https:\/\/www.franz-josef.cz\/de\/expozice\/mladi-a-studium\/","title":{"rendered":"Jugend und Studium"},"content":{"rendered":"<div data-elementor-type=\"wp-post\" data-elementor-id=\"8824\" class=\"elementor elementor-8824\" data-elementor-post-type=\"expozice\">\n\t\t\t\t\t\t<section data-particle_enable=\"false\" data-particle-mobile-disabled=\"false\" class=\"elementor-section elementor-top-section elementor-element elementor-element-c10f7c2 elementor-section-boxed elementor-section-height-default elementor-section-height-default\" data-id=\"c10f7c2\" data-element_type=\"section\" data-e-type=\"section\">\n\t\t\t\t\t\t<div class=\"elementor-container elementor-column-gap-default\">\n\t\t\t\t\t<div class=\"elementor-column elementor-col-100 elementor-top-column elementor-element elementor-element-8a75154\" data-id=\"8a75154\" data-element_type=\"column\" data-e-type=\"column\">\n\t\t\t<div class=\"elementor-widget-wrap elementor-element-populated\">\n\t\t\t\t\t\t<div class=\"elementor-element elementor-element-3ba48a0 elementor-widget elementor-widget-image\" data-id=\"3ba48a0\" data-element_type=\"widget\" data-e-type=\"widget\" data-widget_type=\"image.default\">\n\t\t\t\t<div class=\"elementor-widget-container\">\n\t\t\t\t\t\t\t\t\t\t\t\t\t\t\t\t<a href=\"https:\/\/www.franz-josef.cz\/wp-content\/uploads\/2023\/04\/obrazok_2023-04-05_191238976-e1680714780926.png\" data-elementor-open-lightbox=\"yes\" data-elementor-lightbox-description=\"obr\u00e1zok_2023-04-05_191238976\" data-e-action-hash=\"#elementor-action%3Aaction%3Dlightbox%26settings%3DeyJpZCI6ODgyNiwidXJsIjoiaHR0cHM6XC9cL3d3dy5mcmFuei1qb3NlZi5jelwvd3AtY29udGVudFwvdXBsb2Fkc1wvMjAyM1wvMDRcL29icmF6b2tfMjAyMy0wNC0wNV8xOTEyMzg5NzYtZTE2ODA3MTQ3ODA5MjYucG5nIn0%3D\">\n\t\t\t\t\t\t\t<img fetchpriority=\"high\" decoding=\"async\" width=\"462\" height=\"239\" src=\"https:\/\/www.franz-josef.cz\/wp-content\/uploads\/2023\/04\/obrazok_2023-04-05_191238976-e1680714780926.png\" class=\"attachment-large size-large wp-image-8826\" alt=\"\" srcset=\"https:\/\/www.franz-josef.cz\/wp-content\/uploads\/2023\/04\/obrazok_2023-04-05_191238976-e1680714780926.png 462w, https:\/\/www.franz-josef.cz\/wp-content\/uploads\/2023\/04\/obrazok_2023-04-05_191238976-e1680714780926-300x155.png 300w\" sizes=\"(max-width: 462px) 100vw, 462px\" \/>\t\t\t\t\t\t\t\t<\/a>\n\t\t\t\t\t\t\t\t\t\t\t\t\t\t\t<\/div>\n\t\t\t\t<\/div>\n\t\t\t\t<div class=\"elementor-element elementor-element-1599a28 elementor-drop-cap-yes elementor-drop-cap-view-default elementor-widget elementor-widget-text-editor\" data-id=\"1599a28\" data-element_type=\"widget\" data-e-type=\"widget\" data-settings=\"{&quot;drop_cap&quot;:&quot;yes&quot;}\" data-widget_type=\"text-editor.default\">\n\t\t\t\t<div class=\"elementor-widget-container\">\n\t\t\t\t\t\t\t\t\t<div class=\"abstract\"><p>Franz Joseph I. wurde am 18. August 1830 in Wien als Sohn von Franz Karl Joseph von Habsburg-Lothringen und \u017dofia Frederica von Bayern geboren.<\/p><\/div><div class=\"content\"><p>Franti\u0161ek Karel Josef zn\u00e1m jako arciv\u00e9voda rakousk\u00fd\u00a0byl druhorozen\u00fdm synem c\u00edsa\u0159e Franti\u0161ka II. (1786 \u2013 1835) a jeho druh\u00e9 man\u017eelky Marie Terezy Neapolsko-Sicilsk\u00e9 (1772 \u2013 1807).<\/p><p>\u017dofie Frederika Bavorsk\u00e1 byla druh\u00e1 nejmlad\u0161\u00ed dcera bavorsk\u00e9ho kr\u00e1le Maxmili\u00e1na I. Josefa (1756 \u2013 1825) a jeho druh\u00e9 \u017eeny Karol\u00edny Frederiky Vilem\u00edny B\u00e1densk\u00e9 (1776 \u2013 1841).<\/p><p>Franti\u0161ek Josef begann bereits im Alter von vier Jahren, die Sprachen des Habsburgerreichs zu erlernen, nicht nur aus diesem Grund wurde er tschechischen und ungarischen Vormunden anvertraut. Das Studium der kaiserlichen Kinder war sehr streng, Z\u00fcgellosigkeit oder schlechte Manieren hatten keinen Platz. Nicht nur \u017dofia, Franz Josefs Mutter, sondern auch eine lange Reihe f\u00e4higer P\u00e4dagogen k\u00fcmmerten sich um die Bildung. Die von Maria Theresia selbst begr\u00fcndeten Bildungstraditionen wurden von einem der f\u00fchrenden Lehrer, Graf Jind\u0159ich Bombelles, sowie dem Pilgramer Rat (Politikwissenschaft), dem Hofrat Josef der Freiherr von Lichtenfels (Straf- und Zivilrecht), DR. Mo\u0159ic Fr\u00e4nzl (Statistik und Volkswirtschaft), Abt Otmar Rauscher (Philosophie und Geschichte), Dr. J. Columbus (Kirchenrecht), Dr. Fick (Geschichte), Professor Albert J\u00e4gel (Tiroler Geschichte), Professor Helm (Rechtswissenschaften), Hofrat Zaleski (Pole), sp\u00e4ter Oberst des Hauslabs (Milit\u00e4r), studierten bereits ab 1847 unter der Leitung von Reichskanzler Metternich die praktische Staatsf\u00fchrung Angelegenheiten (jeden Sonntag).<\/p><p>\u200bDer junge Erzherzog lernte im Unterricht, auch dank seines perfekten Ged\u00e4chtnisses und seines au\u00dfergew\u00f6hnlichen Verst\u00e4ndnisses und Wissensdurstes, flie\u00dfend Franz\u00f6sisch, Polnisch, Tschechisch und Ungarisch zu sprechen. Er interessierte sich f\u00fcr Naturwissenschaften, Geographie, Geschichte und Recht und zeichnete, tanzte, feuerte Schie\u00dfereien und sp\u00e4ter auch Reiten. Im Jahr 1843 entwickelte der Milit\u00e4rlehrer Oberst aus Hauslab einen vierj\u00e4hrigen milit\u00e4rischen Ausbildungsplan f\u00fcr den fast dreizehnj\u00e4hrigen Franti\u0161ek Josef. Er durchlebte den Krieg fast wie ein gew\u00f6hnlicher Soldat, und es ist nicht verwunderlich, dass er aus einem sch\u00fcchternen Jungen ein stolzer und energischer Kommandant wurde.<\/p><p>\u00a0<\/p><h3>Eine Geschichte aus der Kindheit von Erzherzog Franti\u0161ek Josef<\/h3><p>Aus dem Gedenkbuch zum 60. Regierungsjubil\u00e4um von Kaiser Franz Joseph I.\u00a0<em>60 let na c\u00edsa\u0159sk\u00e9m tr\u016fn\u011b Habsbursk\u00e9m<\/em>, autor Karel Weide a do \u010de\u0161tiny ji p\u0159elo\u017eil H. D. Moravsk\u00fd.<\/p><p><cite>\u201eAm 18. August 1834 feierte die kaiserliche Familie in Laxenburg feierlich den vierten Geburtstag ihres geliebten Spr\u00f6sslings. Der kleine Erzherzog besch\u00e4ftigte sich in einem der sch\u00f6nen Pavillons mit seinen Spielsachen, mit denen er an diesem Tag reichlich besch\u00e4ftigt war. Besonders freute er sich \u00fcber eine Gruppe Holzsoldaten, die ihm seine Gro\u00dfeltern geschenkt hatten. W\u00e4hrend er dies spielte, wurde seine Aufmerksamkeit pl\u00f6tzlich von der Gestalt eines lebenden Soldaten erregt, der in der N\u00e4he des Pavillons Wache stand.\n\u200b<\/cite><\/p><p><cite>Lange beobachtete der kleine Prinz den Mann, der wie aus Eisen gegossen in einem wei\u00dfen Milit\u00e4rmantel und einer schmalen ungarischen Hose mit einem gro\u00dfen Helm auf dem Kopf dastand. Als der Gro\u00dfvater des Kaisers zum Pavillon kam, rannte Franci ihm entgegen, zeigte auf den W\u00e4chter und fragte naiv: \u201eIst es nicht wahr, dass der Mann da dr\u00fcben arm ist?\u201c \u201eWarum denkst du das, Franci?\u201c fragte er der Kaiser mit einem L\u00e4cheln. \u201eWeil sie hier Wache halten m\u00fcssen.\u201c \u201eAh, mein Kind, das muss jeder Soldat, und kaiserliche F\u00fcrsten sind auch Soldaten. Aber Sie haben es zuf\u00e4llig erraten, er ist wirklich arm. Geh dorthin und gib ihm diesen Schein!\u201c \u201eFranci\u201c nahm das Geld, h\u00fcpfte freudig zum Bauern und reichte ihm den Schein, aber der Mann \u00e4nderte seine Position nur, indem er den kleinen Erzherzog ehrte. Der kleine Wohlt\u00e4ter stand voller Verlegenheit da, mit einem Geldschein in der rechten Hand und dem linken Zeigefinger im Mund, wie kleine Kinder.\n\u200b<\/cite><\/p><p><cite>\u201eNat\u00fcrlich\u201c, rief der Kaiser, erfreut \u00fcber diese s\u00fc\u00df-komische Szene, \u201edarf ein Wachmann nichts in die Hand nehmen, was gegen seine Pflicht verst\u00f6\u00dft.\u201c Also probieren Sie es aus und legen Sie es in seine Staubbox!\u2018\n\u200b<\/cite><\/p><p><cite>Die Kehrschaufel, die hinter dem R\u00fccken des Soldaten hing, war f\u00fcr den kleinen Erzherzog sehr hoch, obwohl er sich abwandte, auf die Zehenspitzen stellte und die H\u00e4nde ausstreckte. Hier kam ihm der Kaiser, inzwischen auch die Kaiserin, zu Hilfe \u2013 er zog seinen Enkel gro\u00df \u2013 die Kaiserin \u00f6ffnete die Staubbox und der kleine Erzherzog konnte dem \u201earmen Mann\u201c endlich sein Geschenk \u00fcberreichen. Dann ging er gl\u00fccklich und fr\u00f6hlich zu seinen Spielsachen zur\u00fcck. Der Maler Petr Fendi, der Zeuge dieser Szene war, hielt sie mit einer niedlichen Genreskizze fest, nach der er ein Weltgem\u00e4lde malte. Dieses Gem\u00e4lde behielt Kaiserin Caroline Augusta bis zu ihrem Tod (1873) als ihr Eigentum, danach ging das Gem\u00e4lde in den Besitz der Stadt Wien \u00fcber.\n\u200b<\/cite><\/p><\/div>\t\t\t\t\t\t\t\t<\/div>\n\t\t\t\t<\/div>\n\t\t\t\t\t<\/div>\n\t\t<\/div>\n\t\t\t\t\t<\/div>\n\t\t<\/section>\n\t\t\t\t<\/div>","protected":false},"author":3,"featured_media":8826,"parent":0,"template":"","podexpozice":[240],"class_list":["post-8824","expozice","type-expozice","status-publish","has-post-thumbnail","hentry","podexpozice-texty"],"yoast_head":"<!-- This site is optimized with the Yoast SEO Premium plugin v20.12 (Yoast SEO v27.2) - https:\/\/yoast.com\/product\/yoast-seo-premium-wordpress\/ -->\n<title>Expozice Ml\u00e1d\u00ed a studium &#8212; Muzeum c\u00edsa\u0159e Franz Josefa I.<\/title>\n<meta name=\"robots\" content=\"index, follow, max-snippet:-1, max-image-preview:large, max-video-preview:-1\" \/>\n<link rel=\"canonical\" href=\"https:\/\/www.franz-josef.cz\/de\/expozice\/mladi-a-studium\/\" \/>\n<meta property=\"og:locale\" content=\"de_DE\" \/>\n<meta property=\"og:type\" content=\"article\" \/>\n<meta property=\"og:title\" content=\"Ml\u00e1d\u00ed a studium\" \/>\n<meta property=\"og:description\" content=\"Franti\u0161ek Josef I. se narodil 18. srpna 1830 ve V\u00eddni Franti\u0161ku Karlu Josefovi Habsbursko-Lotrinsk\u00e9mu a \u017dofii Frederice Bavorsk\u00e9. Franti\u0161ek Karel Josef zn\u00e1m jako arciv\u00e9voda rakousk\u00fd\u00a0byl druhorozen\u00fdm synem c\u00edsa\u0159e Franti\u0161ka II. (1786 \u2013 1835) a jeho druh\u00e9 man\u017eelky Marie Terezy Neapolsko-Sicilsk\u00e9 (1772 \u2013 1807). \u017dofie Frederika Bavorsk\u00e1 byla druh\u00e1 nejmlad\u0161\u00ed dcera bavorsk\u00e9ho kr\u00e1le Maxmili\u00e1na I. Josefa [&hellip;]\" \/>\n<meta property=\"og:url\" content=\"https:\/\/www.franz-josef.cz\/de\/expozice\/mladi-a-studium\/\" \/>\n<meta property=\"og:site_name\" content=\"Muzeum c\u00edsa\u0159e Franz Josefa I.\" \/>\n<meta property=\"article:modified_time\" content=\"2023-07-24T17:15:11+00:00\" \/>\n<meta property=\"og:image\" content=\"https:\/\/www.franz-josef.cz\/wp-content\/uploads\/2023\/04\/obrazok_2023-04-05_191238976-e1680714780926.png\" \/>\n\t<meta property=\"og:image:width\" content=\"462\" \/>\n\t<meta property=\"og:image:height\" content=\"239\" \/>\n\t<meta property=\"og:image:type\" content=\"image\/png\" \/>\n<meta name=\"twitter:card\" content=\"summary_large_image\" \/>\n<meta name=\"twitter:label1\" content=\"Gesch\u00e4tzte Lesezeit\" \/>\n\t<meta name=\"twitter:data1\" content=\"4\u00a0Minuten\" \/>\n<script type=\"application\/ld+json\" class=\"yoast-schema-graph\">{\"@context\":\"https:\/\/schema.org\",\"@graph\":[{\"@type\":\"WebPage\",\"@id\":\"https:\/\/www.franz-josef.cz\/expozice\/mladi-a-studium\/\",\"url\":\"https:\/\/www.franz-josef.cz\/expozice\/mladi-a-studium\/\",\"name\":\"Expozice Ml\u00e1d\u00ed a studium &#8212; Muzeum c\u00edsa\u0159e Franz Josefa I.\",\"isPartOf\":{\"@id\":\"https:\/\/www.franz-josef.cz\/#website\"},\"primaryImageOfPage\":{\"@id\":\"https:\/\/www.franz-josef.cz\/expozice\/mladi-a-studium\/#primaryimage\"},\"image\":{\"@id\":\"https:\/\/www.franz-josef.cz\/expozice\/mladi-a-studium\/#primaryimage\"},\"thumbnailUrl\":\"https:\/\/www.franz-josef.cz\/wp-content\/uploads\/2023\/04\/obrazok_2023-04-05_191238976-e1680714780926.png\",\"datePublished\":\"2023-04-05T17:13:18+00:00\",\"dateModified\":\"2023-07-24T17:15:11+00:00\",\"breadcrumb\":{\"@id\":\"https:\/\/www.franz-josef.cz\/expozice\/mladi-a-studium\/#breadcrumb\"},\"inLanguage\":\"de\",\"potentialAction\":[{\"@type\":\"ReadAction\",\"target\":[\"https:\/\/www.franz-josef.cz\/expozice\/mladi-a-studium\/\"]}]},{\"@type\":\"ImageObject\",\"inLanguage\":\"de\",\"@id\":\"https:\/\/www.franz-josef.cz\/expozice\/mladi-a-studium\/#primaryimage\",\"url\":\"https:\/\/www.franz-josef.cz\/wp-content\/uploads\/2023\/04\/obrazok_2023-04-05_191238976-e1680714780926.png\",\"contentUrl\":\"https:\/\/www.franz-josef.cz\/wp-content\/uploads\/2023\/04\/obrazok_2023-04-05_191238976-e1680714780926.png\",\"width\":462,\"height\":239},{\"@type\":\"BreadcrumbList\",\"@id\":\"https:\/\/www.franz-josef.cz\/expozice\/mladi-a-studium\/#breadcrumb\",\"itemListElement\":[{\"@type\":\"ListItem\",\"position\":1,\"name\":\"Home\",\"item\":\"https:\/\/www.franz-josef.cz\/\"},{\"@type\":\"ListItem\",\"position\":2,\"name\":\"Expozice\",\"item\":\"https:\/\/www.franz-josef.cz\/expozice\/\"},{\"@type\":\"ListItem\",\"position\":3,\"name\":\"Ml\u00e1d\u00ed a studium\"}]},{\"@type\":\"WebSite\",\"@id\":\"https:\/\/www.franz-josef.cz\/#website\",\"url\":\"https:\/\/www.franz-josef.cz\/\",\"name\":\"Muzeum c\u00edsa\u0159e Franz Josefa I.\",\"description\":\"\",\"publisher\":{\"@id\":\"https:\/\/www.franz-josef.cz\/#organization\"},\"alternateName\":\"Franz Joseph\",\"potentialAction\":[{\"@type\":\"SearchAction\",\"target\":{\"@type\":\"EntryPoint\",\"urlTemplate\":\"https:\/\/www.franz-josef.cz\/?s={search_term_string}\"},\"query-input\":{\"@type\":\"PropertyValueSpecification\",\"valueRequired\":true,\"valueName\":\"search_term_string\"}}],\"inLanguage\":\"de\"},{\"@type\":\"Organization\",\"@id\":\"https:\/\/www.franz-josef.cz\/#organization\",\"name\":\"Muzeum Franz Josefa I.\",\"alternateName\":\"Franz Jozef\",\"url\":\"https:\/\/www.franz-josef.cz\/\",\"logo\":{\"@type\":\"ImageObject\",\"inLanguage\":\"de\",\"@id\":\"https:\/\/www.franz-josef.cz\/#\/schema\/logo\/image\/\",\"url\":\"https:\/\/www.franz-josef.cz\/wp-content\/uploads\/2023\/08\/Muzeum-Franz-Jozef-logo-696x696-1.png\",\"contentUrl\":\"https:\/\/www.franz-josef.cz\/wp-content\/uploads\/2023\/08\/Muzeum-Franz-Jozef-logo-696x696-1.png\",\"width\":696,\"height\":696,\"caption\":\"Muzeum Franz Josefa I.\"},\"image\":{\"@id\":\"https:\/\/www.franz-josef.cz\/#\/schema\/logo\/image\/\"}}]}<\/script>\n<!-- \/ Yoast SEO Premium plugin. -->","yoast_head_json":{"title":"Expozice Ml\u00e1d\u00ed a studium &#8212; Muzeum c\u00edsa\u0159e Franz Josefa I.","robots":{"index":"index","follow":"follow","max-snippet":"max-snippet:-1","max-image-preview":"max-image-preview:large","max-video-preview":"max-video-preview:-1"},"canonical":"https:\/\/www.franz-josef.cz\/de\/expozice\/mladi-a-studium\/","og_locale":"de_DE","og_type":"article","og_title":"Ml\u00e1d\u00ed a studium","og_description":"Franti\u0161ek Josef I. se narodil 18. srpna 1830 ve V\u00eddni Franti\u0161ku Karlu Josefovi Habsbursko-Lotrinsk\u00e9mu a \u017dofii Frederice Bavorsk\u00e9. Franti\u0161ek Karel Josef zn\u00e1m jako arciv\u00e9voda rakousk\u00fd\u00a0byl druhorozen\u00fdm synem c\u00edsa\u0159e Franti\u0161ka II. (1786 \u2013 1835) a jeho druh\u00e9 man\u017eelky Marie Terezy Neapolsko-Sicilsk\u00e9 (1772 \u2013 1807). \u017dofie Frederika Bavorsk\u00e1 byla druh\u00e1 nejmlad\u0161\u00ed dcera bavorsk\u00e9ho kr\u00e1le Maxmili\u00e1na I. Josefa [&hellip;]","og_url":"https:\/\/www.franz-josef.cz\/de\/expozice\/mladi-a-studium\/","og_site_name":"Muzeum c\u00edsa\u0159e Franz Josefa I.","article_modified_time":"2023-07-24T17:15:11+00:00","og_image":[{"width":462,"height":239,"url":"https:\/\/www.franz-josef.cz\/wp-content\/uploads\/2023\/04\/obrazok_2023-04-05_191238976-e1680714780926.png","type":"image\/png"}],"twitter_card":"summary_large_image","twitter_misc":{"Gesch\u00e4tzte Lesezeit":"4\u00a0Minuten"},"schema":{"@context":"https:\/\/schema.org","@graph":[{"@type":"WebPage","@id":"https:\/\/www.franz-josef.cz\/expozice\/mladi-a-studium\/","url":"https:\/\/www.franz-josef.cz\/expozice\/mladi-a-studium\/","name":"Expozice Ml\u00e1d\u00ed a studium &#8212; Muzeum c\u00edsa\u0159e Franz Josefa I.","isPartOf":{"@id":"https:\/\/www.franz-josef.cz\/#website"},"primaryImageOfPage":{"@id":"https:\/\/www.franz-josef.cz\/expozice\/mladi-a-studium\/#primaryimage"},"image":{"@id":"https:\/\/www.franz-josef.cz\/expozice\/mladi-a-studium\/#primaryimage"},"thumbnailUrl":"https:\/\/www.franz-josef.cz\/wp-content\/uploads\/2023\/04\/obrazok_2023-04-05_191238976-e1680714780926.png","datePublished":"2023-04-05T17:13:18+00:00","dateModified":"2023-07-24T17:15:11+00:00","breadcrumb":{"@id":"https:\/\/www.franz-josef.cz\/expozice\/mladi-a-studium\/#breadcrumb"},"inLanguage":"de","potentialAction":[{"@type":"ReadAction","target":["https:\/\/www.franz-josef.cz\/expozice\/mladi-a-studium\/"]}]},{"@type":"ImageObject","inLanguage":"de","@id":"https:\/\/www.franz-josef.cz\/expozice\/mladi-a-studium\/#primaryimage","url":"https:\/\/www.franz-josef.cz\/wp-content\/uploads\/2023\/04\/obrazok_2023-04-05_191238976-e1680714780926.png","contentUrl":"https:\/\/www.franz-josef.cz\/wp-content\/uploads\/2023\/04\/obrazok_2023-04-05_191238976-e1680714780926.png","width":462,"height":239},{"@type":"BreadcrumbList","@id":"https:\/\/www.franz-josef.cz\/expozice\/mladi-a-studium\/#breadcrumb","itemListElement":[{"@type":"ListItem","position":1,"name":"Home","item":"https:\/\/www.franz-josef.cz\/"},{"@type":"ListItem","position":2,"name":"Expozice","item":"https:\/\/www.franz-josef.cz\/expozice\/"},{"@type":"ListItem","position":3,"name":"Ml\u00e1d\u00ed a studium"}]},{"@type":"WebSite","@id":"https:\/\/www.franz-josef.cz\/#website","url":"https:\/\/www.franz-josef.cz\/","name":"Muzeum c\u00edsa\u0159e Franz Josefa I.","description":"","publisher":{"@id":"https:\/\/www.franz-josef.cz\/#organization"},"alternateName":"Franz Joseph","potentialAction":[{"@type":"SearchAction","target":{"@type":"EntryPoint","urlTemplate":"https:\/\/www.franz-josef.cz\/?s={search_term_string}"},"query-input":{"@type":"PropertyValueSpecification","valueRequired":true,"valueName":"search_term_string"}}],"inLanguage":"de"},{"@type":"Organization","@id":"https:\/\/www.franz-josef.cz\/#organization","name":"Muzeum Franz Josefa I.","alternateName":"Franz Jozef","url":"https:\/\/www.franz-josef.cz\/","logo":{"@type":"ImageObject","inLanguage":"de","@id":"https:\/\/www.franz-josef.cz\/#\/schema\/logo\/image\/","url":"https:\/\/www.franz-josef.cz\/wp-content\/uploads\/2023\/08\/Muzeum-Franz-Jozef-logo-696x696-1.png","contentUrl":"https:\/\/www.franz-josef.cz\/wp-content\/uploads\/2023\/08\/Muzeum-Franz-Jozef-logo-696x696-1.png","width":696,"height":696,"caption":"Muzeum Franz Josefa I."},"image":{"@id":"https:\/\/www.franz-josef.cz\/#\/schema\/logo\/image\/"}}]}},"_links":{"self":[{"href":"https:\/\/www.franz-josef.cz\/de\/wp-json\/wp\/v2\/expozice\/8824","targetHints":{"allow":["GET"]}}],"collection":[{"href":"https:\/\/www.franz-josef.cz\/de\/wp-json\/wp\/v2\/expozice"}],"about":[{"href":"https:\/\/www.franz-josef.cz\/de\/wp-json\/wp\/v2\/types\/expozice"}],"author":[{"embeddable":true,"href":"https:\/\/www.franz-josef.cz\/de\/wp-json\/wp\/v2\/users\/3"}],"version-history":[{"count":4,"href":"https:\/\/www.franz-josef.cz\/de\/wp-json\/wp\/v2\/expozice\/8824\/revisions"}],"predecessor-version":[{"id":8830,"href":"https:\/\/www.franz-josef.cz\/de\/wp-json\/wp\/v2\/expozice\/8824\/revisions\/8830"}],"wp:featuredmedia":[{"embeddable":true,"href":"https:\/\/www.franz-josef.cz\/de\/wp-json\/wp\/v2\/media\/8826"}],"wp:attachment":[{"href":"https:\/\/www.franz-josef.cz\/de\/wp-json\/wp\/v2\/media?parent=8824"}],"wp:term":[{"taxonomy":"podexpozice","embeddable":true,"href":"https:\/\/www.franz-josef.cz\/de\/wp-json\/wp\/v2\/podexpozice?post=8824"}],"curies":[{"name":"wp","href":"https:\/\/api.w.org\/{rel}","templated":true}]}}