{"id":305,"date":"2019-01-15T09:23:25","date_gmt":"2019-01-15T08:23:25","guid":{"rendered":"https:\/\/demo.ovatheme.com\/muzze\/?page_id=305"},"modified":"2023-04-06T11:51:19","modified_gmt":"2023-04-06T09:51:19","slug":"o-muzeu","status":"publish","type":"page","link":"https:\/\/www.franz-josef.cz\/de\/o-muzeu\/","title":{"rendered":"\u00dcber das Museum"},"content":{"rendered":"<div data-elementor-type=\"wp-post\" data-elementor-id=\"305\" class=\"elementor elementor-305\" data-elementor-post-type=\"page\">\n\t\t\t\t\t\t<section data-particle_enable=\"false\" data-particle-mobile-disabled=\"false\" class=\"elementor-section elementor-top-section elementor-element elementor-element-60c69b7 elementor-section-full_width elementor-section-height-default elementor-section-height-default\" data-id=\"60c69b7\" data-element_type=\"section\" data-e-type=\"section\">\n\t\t\t\t\t\t<div class=\"elementor-container elementor-column-gap-no\">\n\t\t\t\t\t<div class=\"elementor-column elementor-col-100 elementor-top-column elementor-element elementor-element-54e4136\" data-id=\"54e4136\" data-element_type=\"column\" data-e-type=\"column\">\n\t\t\t<div class=\"elementor-widget-wrap elementor-element-populated\">\n\t\t\t\t\t\t<div class=\"elementor-element elementor-element-c2cd69d elementor-widget elementor-widget-ova_heading_page\" data-id=\"c2cd69d\" data-element_type=\"widget\" data-e-type=\"widget\" data-widget_type=\"ova_heading_page.default\">\n\t\t\t\t<div class=\"elementor-widget-container\">\n\t\t\t\t\t\n\t\t<section class=\"heading-page lazyload\" style=\"background-image:inherit\"  data-bg-image=\"url(https:\/\/www.franz-josef.cz\/wp-content\/uploads\/2023\/03\/franz-josef-up-banner.jpg)\">\n\t\t\t<div class=\"container\">\n\t\t\t\t<div class=\"cta-content\">\n\t\t\t\t\t\t\t\t\t\t\t<h2 class=\"second_font\">\u00dcber das Museum<\/h2>\n\t\t\t\t\t\t\t\t\t\t\n\t\t\t\t<\/div>\n\t\t\t<\/div>\n\t\t<\/section>\n\n\t\t\t\t\t<\/div>\n\t\t\t\t<\/div>\n\t\t\t\t\t<\/div>\n\t\t<\/div>\n\t\t\t\t\t<\/div>\n\t\t<\/section>\n\t\t\t\t<section data-particle_enable=\"false\" data-particle-mobile-disabled=\"false\" class=\"elementor-section elementor-top-section elementor-element elementor-element-7ed4831 elementor-section-boxed elementor-section-height-default elementor-section-height-default\" data-id=\"7ed4831\" data-element_type=\"section\" data-e-type=\"section\">\n\t\t\t\t\t\t<div class=\"elementor-container elementor-column-gap-default\">\n\t\t\t\t\t<div class=\"elementor-column elementor-col-100 elementor-top-column elementor-element elementor-element-3a78424\" data-id=\"3a78424\" data-element_type=\"column\" data-e-type=\"column\">\n\t\t\t<div class=\"elementor-widget-wrap elementor-element-populated\">\n\t\t\t\t\t\t<div class=\"elementor-element elementor-element-9fa49bb elementor-widget elementor-widget-ova_heading\" data-id=\"9fa49bb\" data-element_type=\"widget\" data-e-type=\"widget\" data-widget_type=\"ova_heading.default\">\n\t\t\t\t<div class=\"elementor-widget-container\">\n\t\t\t\t\t\t\t<div class=\"ova_heading\">\n\t\t\t\t\t\t\t<h1 class=\"heading_title second_font\">Die Botschaft des Museums<\/h1>\n\t\t\t\t\t\t\t\t<\/div>\n\t\t\t\t\t\t<\/div>\n\t\t\t\t<\/div>\n\t\t\t\t<div class=\"elementor-element elementor-element-3f6c77a line-height-32 elementor-widget elementor-widget-text-editor\" data-id=\"3f6c77a\" data-element_type=\"widget\" data-e-type=\"widget\" data-widget_type=\"text-editor.default\">\n\t\t\t\t<div class=\"elementor-widget-container\">\n\t\t\t\t\t\t\t\t\t<p>Liebe Anh\u00e4nger \u00d6sterreich-Ungarns und Franz Josephs I., wir pr\u00e4sentieren Ihnen eine neue Website, die weltweit ihresgleichen sucht.<\/p>\t\t\t\t\t\t\t\t<\/div>\n\t\t\t\t<\/div>\n\t\t\t\t\t<\/div>\n\t\t<\/div>\n\t\t\t\t\t<\/div>\n\t\t<\/section>\n\t\t\t\t<section data-particle_enable=\"false\" data-particle-mobile-disabled=\"false\" class=\"elementor-section elementor-top-section elementor-element elementor-element-831cfc4 elementor-section-boxed elementor-section-height-default elementor-section-height-default\" data-id=\"831cfc4\" data-element_type=\"section\" data-e-type=\"section\">\n\t\t\t\t\t\t<div class=\"elementor-container elementor-column-gap-default\">\n\t\t\t\t\t<div class=\"elementor-column elementor-col-100 elementor-top-column elementor-element elementor-element-7994eba\" data-id=\"7994eba\" data-element_type=\"column\" data-e-type=\"column\">\n\t\t\t<div class=\"elementor-widget-wrap elementor-element-populated\">\n\t\t\t\t\t\t<div class=\"elementor-element elementor-element-792f880 elementor-widget elementor-widget-text-editor\" data-id=\"792f880\" data-element_type=\"widget\" data-e-type=\"widget\" data-widget_type=\"text-editor.default\">\n\t\t\t\t<div class=\"elementor-widget-container\">\n\t\t\t\t\t\t\t\t\t<p>Es handelt sich hierbei um eine Sammlung, wie sie erstellt wurde \u2013 nicht um einen chronologisch geordneten Katalog. Bitte entschuldigen Sie uns daher im Voraus f\u00fcr die M\u00e4ngel in der Beschreibung \u2013 diese werden mit der Zeit nach und nach behoben.<\/p><p>Sie werden Sie mit ihrem Inhalt und Umfang sicherlich \u00fcberraschen und interessieren. Wir haben eine neue Etappe in der Internetkommunikation eingel\u00e4utet, die nicht nur strenge Informationen vermittelt, sondern Ihnen auch erm\u00f6glicht, sie wie in einem echten Museum zu genie\u00dfen.<\/p><p>Wir haben auf diesen Webseiten ca. 40.000 Bilder (13.000 Objekte) bereit. Ich sch\u00e4tze ca. 45.000 Webseiten \u2013 daher entschuldigen wir uns im Voraus, wenn etwas nicht gem\u00e4\u00df den professionellen Beschreibungen funktioniert. Das Museum ist ge\u00f6ffnet und basiert auf der k\u00fcnftig m\u00f6glichen Zusammenarbeit von uns Sammlern, Historikern und Gleichgesinnten.<\/p><p>Der Zweck und die Botschaft dieses Museums bestehen in erster Linie darin, die verzerrte Sicht auf die Regierungszeit von Franz Josef I. zu korrigieren, eine wahre Sicht auf historische Ereignisse zu schaffen, die nicht durch fr\u00fchere Regime verzerrt wurde, und die vergessene Kunst von Millionen von Menschen unter der Regierung wiederzubeleben Regierungszeit von Franz Josef I.<\/p><p>Es versteht sich von selbst, dass die Diskussion zum Thema Franz Joseph I. nicht auf einer Seite zusammengefasst werden kann. Es ist unbestreitbar, dass das gro\u00dfe Minus von Franz Josef I. der Beginn des Ersten Weltkriegs (obwohl er seine Gr\u00fcnde hatte) und die gro\u00dfen Opfer an Menschenleben sind.<\/p><p>Die tschechische Sicht (tschechoslowakisch) auf die Regierungszeit von Franz Joseph I. ist von \u201e\u0160vejk von Den Haag\u201c beeinflusst. Kurz gesagt: Wenn Franz Josef I. ein solcher Despot und eine begrenzte Person gewesen w\u00e4re, wie ihn der Schriftsteller Ha\u0161ek darstellt, h\u00e4tte es kein Nationaltheater, keine industrielle Revolution, keinen Smetana gegeben, der seine Kompositionen h\u00e4tte komponieren k\u00f6nnen, und Tausende von Geb\u00e4uden nicht gebaut worden w\u00e4ren, die heute die Namen von Vertretern einer viel sp\u00e4teren Zeit tragen, w\u00e4re an der Karls-Universit\u00e4t (damals) kein Tschechisch gesprochen worden\u00a0\u2026\u2026\u2026<\/p><p>Inhaltlich ist die Website in mehrere Gruppen gegliedert, die sukzessive erg\u00e4nzt und verbessert werden. Das Franz-Josef-Museum wird sich haupts\u00e4chlich auf die Ver\u00f6ffentlichung physischer Objekte der Zeit konzentrieren, mit der Ma\u00dfgabe, dass schriftliche und andere Dokumente der Zeit nur ver\u00f6ffentlicht werden, wenn sie sich im Besitz des Museums \u2013 oder seiner kooperierenden Freunde \u2013 befinden. Auf keinen Fall Handelt es sich dabei um Internetkopien (wie sie auch von renommierten Museen verwendet werden?) \u2013 was eine wichtige Tatsache ist. Es gibt viele private, unbekannte Fotos und Gegenst\u00e4nde, die auch aus Schenkungen von Franz Josef I. oder Schenkungen an Franz Josef I. nachher stammen Irgendwann werden wir auf eine detailliertere Beschreibung der genannten Gegenst\u00e4nde, Fotos und Bilder zur\u00fcckkommen und auch die Geschichte einiger au\u00dfergew\u00f6hnlicher Ereignisse hinzuf\u00fcgen.<\/p><p>Bei einer Zusammenarbeit mit anderen Unternehmen bleibt die Anonymit\u00e4t stets gewahrt. Einige Erweiterungsbereiche, die den Ersten Weltkrieg abbilden, werden bereits diskutiert \u2013 eine riesige Sammlung von Bajonetten (auch seltene und seltene St\u00fccke) und S\u00e4beln, Philatelie, Briefmarken (unver\u00f6ffentlichte seltene Frankaturen) und andere. Wir freuen uns, wenn Sie das Ausstellungsangebot um Ihre Exponate erweitern.<\/p><p>Wir freuen uns auch \u00fcber das Angebot Ihrer Objekte zur Erweiterung des Museums und einen eventuellen Ankauf.<\/p><p>K\u00fcnftig strebt das Internetmuseum den Aufbau einer Dauerausstellung an\u00a0<strong>Musea Franz Josefa I.<\/strong>\u00a0In rund 50 b\u00f6hmischen Gro\u00dfst\u00e4dten lagen bereits Angebote vor, ernsthaftes Interesse an Franz Josef I. zeigte jedoch niemand.<\/p><p>Pros\u00edme t\u00edmto o shov\u00edvavost pokud n\u00e1m n\u011bjak\u00e1 z\u00e1le\u017eitost nevyjde. Tento web je na sam\u00e9m za\u010d\u00e1tku &#8211; a\u010dkoliv se ji\u017e investovalo na zprovozn\u011bn\u00ed cca 3000 hodin pr\u00e1ce na programov\u00e1n\u00ed a skenov\u00e1n\u00ed (a nemal\u00e9 finan\u010dn\u00ed prost\u0159edky), nen\u00ed zat\u00edm v\u0161e ide\u00e1ln\u00ed.<\/p><p>Diese Website wird und wird niemals zur F\u00f6rderung irgendwelcher Bewegungen und politischer Parteien verwendet. Wenn ein Kommentar oder ein Bild irgendjemanden \u201eber\u00fchrt\u201c, ist dies nicht die Absicht und wir entschuldigen uns im Voraus.<\/p>\t\t\t\t\t\t\t\t<\/div>\n\t\t\t\t<\/div>\n\t\t\t\t\t<\/div>\n\t\t<\/div>\n\t\t\t\t\t<\/div>\n\t\t<\/section>\n\t\t\t\t<section data-particle_enable=\"false\" data-particle-mobile-disabled=\"false\" class=\"elementor-section elementor-top-section elementor-element elementor-element-f4750ed elementor-section-boxed elementor-section-height-default elementor-section-height-default\" data-id=\"f4750ed\" data-element_type=\"section\" data-e-type=\"section\" data-settings=\"{&quot;background_background&quot;:&quot;classic&quot;}\">\n\t\t\t\t\t\t<div class=\"elementor-container elementor-column-gap-default\">\n\t\t\t\t\t<div class=\"elementor-column elementor-col-33 elementor-top-column elementor-element elementor-element-4789657 mobible-boder-radius-none\" data-id=\"4789657\" data-element_type=\"column\" data-e-type=\"column\" data-settings=\"{&quot;background_background&quot;:&quot;classic&quot;}\">\n\t\t\t<div class=\"elementor-widget-wrap elementor-element-populated\">\n\t\t\t\t\t\t<div class=\"elementor-element elementor-element-c4d1b2e elementor-widget elementor-widget-heading\" data-id=\"c4d1b2e\" data-element_type=\"widget\" data-e-type=\"widget\" data-widget_type=\"heading.default\">\n\t\t\t\t<div class=\"elementor-widget-container\">\n\t\t\t\t\t<h2 class=\"elementor-heading-title elementor-size-default\">Was finden Sie bei uns?<\/h2>\t\t\t\t<\/div>\n\t\t\t\t<\/div>\n\t\t\t\t<div class=\"elementor-element elementor-element-8cf9849 elementor-align-left elementor-widget elementor-widget-button\" data-id=\"8cf9849\" data-element_type=\"widget\" data-e-type=\"widget\" data-widget_type=\"button.default\">\n\t\t\t\t<div class=\"elementor-widget-container\">\n\t\t\t\t\t\t\t\t\t<div class=\"elementor-button-wrapper\">\n\t\t\t\t\t<a class=\"elementor-button elementor-button-link elementor-size-sm\" href=\"\/de\/virtualni-muzeum\/\">\n\t\t\t\t\t\t<span class=\"elementor-button-content-wrapper\">\n\t\t\t\t\t\t\t\t\t<span class=\"elementor-button-text\">Gehen Sie zur Ausstellung<\/span>\n\t\t\t\t\t<\/span>\n\t\t\t\t\t<\/a>\n\t\t\t\t<\/div>\n\t\t\t\t\t\t\t\t<\/div>\n\t\t\t\t<\/div>\n\t\t\t\t\t<\/div>\n\t\t<\/div>\n\t\t\t\t<div class=\"elementor-column elementor-col-33 elementor-top-column elementor-element elementor-element-a5cca04\" data-id=\"a5cca04\" data-element_type=\"column\" data-e-type=\"column\" data-settings=\"{&quot;background_background&quot;:&quot;classic&quot;}\">\n\t\t\t<div class=\"elementor-widget-wrap elementor-element-populated\">\n\t\t\t\t\t\t<div class=\"elementor-element elementor-element-846e41c elementor-align-start elementor-icon-list--layout-traditional elementor-list-item-link-full_width elementor-widget elementor-widget-icon-list\" data-id=\"846e41c\" data-element_type=\"widget\" data-e-type=\"widget\" data-widget_type=\"icon-list.default\">\n\t\t\t\t<div class=\"elementor-widget-container\">\n\t\t\t\t\t\t\t<ul class=\"elementor-icon-list-items\">\n\t\t\t\t\t\t\t<li class=\"elementor-icon-list-item\">\n\t\t\t\t\t\t\t\t\t\t\t<span class=\"elementor-icon-list-icon\">\n\t\t\t\t\t\t\t\t\t\t\t\t\t<\/span>\n\t\t\t\t\t\t\t\t\t\t<span class=\"elementor-icon-list-text\">Postkarte<\/span>\n\t\t\t\t\t\t\t\t\t<\/li>\n\t\t\t\t\t\t\t\t<li class=\"elementor-icon-list-item\">\n\t\t\t\t\t\t\t\t\t\t\t<span class=\"elementor-icon-list-icon\">\n\t\t\t\t\t\t\t\t\t\t\t\t\t<\/span>\n\t\t\t\t\t\t\t\t\t\t<span class=\"elementor-icon-list-text\">F\u00e4cher<\/span>\n\t\t\t\t\t\t\t\t\t<\/li>\n\t\t\t\t\t\t\t\t<li class=\"elementor-icon-list-item\">\n\t\t\t\t\t\t\t\t\t\t\t<span class=\"elementor-icon-list-icon\">\n\t\t\t\t\t\t\t\t\t\t\t\t\t<\/span>\n\t\t\t\t\t\t\t\t\t\t<span class=\"elementor-icon-list-text\">Kalte Waffen<\/span>\n\t\t\t\t\t\t\t\t\t<\/li>\n\t\t\t\t\t\t\t\t<li class=\"elementor-icon-list-item\">\n\t\t\t\t\t\t\t\t\t\t\t<span class=\"elementor-icon-list-icon\">\n\t\t\t\t\t\t\t\t\t\t\t\t\t<\/span>\n\t\t\t\t\t\t\t\t\t\t<span class=\"elementor-icon-list-text\">B\u00fccher<\/span>\n\t\t\t\t\t\t\t\t\t<\/li>\n\t\t\t\t\t\t\t\t<li class=\"elementor-icon-list-item\">\n\t\t\t\t\t\t\t\t\t\t\t<span class=\"elementor-icon-list-icon\">\n\t\t\t\t\t\t\t\t\t\t\t\t\t<\/span>\n\t\t\t\t\t\t\t\t\t\t<span class=\"elementor-icon-list-text\">Philatelie, Rundschreiben<\/span>\n\t\t\t\t\t\t\t\t\t<\/li>\n\t\t\t\t\t\t\t\t<li class=\"elementor-icon-list-item\">\n\t\t\t\t\t\t\t\t\t\t\t<span class=\"elementor-icon-list-icon\">\n\t\t\t\t\t\t\t\t\t\t\t\t\t<\/span>\n\t\t\t\t\t\t\t\t\t\t<span class=\"elementor-icon-list-text\">Bilder und Dekrete<\/span>\n\t\t\t\t\t\t\t\t\t<\/li>\n\t\t\t\t\t\t<\/ul>\n\t\t\t\t\t\t<\/div>\n\t\t\t\t<\/div>\n\t\t\t\t\t<\/div>\n\t\t<\/div>\n\t\t\t\t<div class=\"elementor-column elementor-col-33 elementor-top-column elementor-element elementor-element-b32b312 mobible-boder-radius-none\" data-id=\"b32b312\" data-element_type=\"column\" data-e-type=\"column\" data-settings=\"{&quot;background_background&quot;:&quot;classic&quot;}\">\n\t\t\t<div class=\"elementor-widget-wrap elementor-element-populated\">\n\t\t\t\t\t\t<div class=\"elementor-element elementor-element-6af2f6b elementor-align-start elementor-icon-list--layout-traditional elementor-list-item-link-full_width elementor-widget elementor-widget-icon-list\" data-id=\"6af2f6b\" data-element_type=\"widget\" data-e-type=\"widget\" data-widget_type=\"icon-list.default\">\n\t\t\t\t<div class=\"elementor-widget-container\">\n\t\t\t\t\t\t\t<ul class=\"elementor-icon-list-items\">\n\t\t\t\t\t\t\t<li class=\"elementor-icon-list-item\">\n\t\t\t\t\t\t\t\t\t\t\t<span class=\"elementor-icon-list-icon\">\n\t\t\t\t\t\t\t\t\t\t\t\t\t<\/span>\n\t\t\t\t\t\t\t\t\t\t<span class=\"elementor-icon-list-text\">Zeitungen und Magazine<\/span>\n\t\t\t\t\t\t\t\t\t<\/li>\n\t\t\t\t\t\t\t\t<li class=\"elementor-icon-list-item\">\n\t\t\t\t\t\t\t\t\t\t\t<span class=\"elementor-icon-list-icon\">\n\t\t\t\t\t\t\t\t\t\t\t\t\t<\/span>\n\t\t\t\t\t\t\t\t\t\t<span class=\"elementor-icon-list-text\">S.M.S. Post<\/span>\n\t\t\t\t\t\t\t\t\t<\/li>\n\t\t\t\t\t\t\t\t<li class=\"elementor-icon-list-item\">\n\t\t\t\t\t\t\t\t\t\t\t<span class=\"elementor-icon-list-icon\">\n\t\t\t\t\t\t\t\t\t\t\t\t\t<\/span>\n\t\t\t\t\t\t\t\t\t\t<span class=\"elementor-icon-list-text\">Hymne der Monarchie<\/span>\n\t\t\t\t\t\t\t\t\t<\/li>\n\t\t\t\t\t\t\t\t<li class=\"elementor-icon-list-item\">\n\t\t\t\t\t\t\t\t\t\t\t<span class=\"elementor-icon-list-icon\">\n\t\t\t\t\t\t\t\t\t\t\t\t\t<\/span>\n\t\t\t\t\t\t\t\t\t\t<span class=\"elementor-icon-list-text\">TEXTE - Franz Josef<\/span>\n\t\t\t\t\t\t\t\t\t<\/li>\n\t\t\t\t\t\t\t\t<li class=\"elementor-icon-list-item\">\n\t\t\t\t\t\t\t\t\t\t\t<span class=\"elementor-icon-list-icon\">\n\t\t\t\t\t\t\t\t\t\t\t\t\t<\/span>\n\t\t\t\t\t\t\t\t\t\t<span class=\"elementor-icon-list-text\">Und viele weitere Exponate<\/span>\n\t\t\t\t\t\t\t\t\t<\/li>\n\t\t\t\t\t\t<\/ul>\n\t\t\t\t\t\t<\/div>\n\t\t\t\t<\/div>\n\t\t\t\t\t<\/div>\n\t\t<\/div>\n\t\t\t\t\t<\/div>\n\t\t<\/section>\n\t\t\t\t<section data-particle_enable=\"false\" data-particle-mobile-disabled=\"false\" class=\"elementor-section elementor-top-section elementor-element elementor-element-47c5b34 elementor-section-boxed elementor-section-height-default elementor-section-height-default\" data-id=\"47c5b34\" data-element_type=\"section\" data-e-type=\"section\">\n\t\t\t\t\t\t<div class=\"elementor-container elementor-column-gap-default\">\n\t\t\t\t\t<div class=\"elementor-column elementor-col-50 elementor-top-column elementor-element elementor-element-8c5b750\" data-id=\"8c5b750\" data-element_type=\"column\" data-e-type=\"column\">\n\t\t\t<div class=\"elementor-widget-wrap elementor-element-populated\">\n\t\t\t\t\t\t<div class=\"elementor-element elementor-element-8a56b12 elementor-widget elementor-widget-ova_info_image\" data-id=\"8a56b12\" data-element_type=\"widget\" data-e-type=\"widget\" data-widget_type=\"ova_info_image.default\">\n\t\t\t\t<div class=\"elementor-widget-container\">\n\t\t\t\t\t\t\t<div class=\"ova_info_position info_position\">\n\t\t\t\t\t\t<div class=\"content\">\n\t\t\t\t\t\t\t\t\t<div class=\"title\">\n\t\t\t\t\t\t<h3><a class=\"second_font\" href=\"\/de\/diskuze\/\">Diskussion<\/a><\/h3>\n\t\t\t\t\t<\/div>\n\t\t\t\t\t\t\t\t\t\t\t\t\t<div class=\"desc\">\n\t\t\t\t\t\t<p>Wir bieten Ihnen auch die M\u00f6glichkeit zur Diskussion.<\/p>\n\t\t\t\t\t<\/div>\n\t\t\t\t\n\t\t\t\t\n\t\t\t\t\t\t\t\t\t<div class=\"text-button\">\n\t\t\t\t\t\t<a href=\"\/de\/diskuze\/\">\n\t\t\t\t\t\t\tDiskussionen ansehen\t\t\t\t\t\t<\/a>\n\t\t\t\t\t<\/div>\n\t\t\t\t\t\t\t<\/div>\n\t\t\t\n\n\t\t<\/div>\n\t\t\t\t\t<\/div>\n\t\t\t\t<\/div>\n\t\t\t\t\t<\/div>\n\t\t<\/div>\n\t\t\t\t<div class=\"elementor-column elementor-col-50 elementor-top-column elementor-element elementor-element-6f8fc52\" data-id=\"6f8fc52\" data-element_type=\"column\" data-e-type=\"column\">\n\t\t\t<div class=\"elementor-widget-wrap elementor-element-populated\">\n\t\t\t\t\t\t<div class=\"elementor-element elementor-element-39c018c elementor-widget elementor-widget-ova_info_image\" data-id=\"39c018c\" data-element_type=\"widget\" data-e-type=\"widget\" data-widget_type=\"ova_info_image.default\">\n\t\t\t\t<div class=\"elementor-widget-container\">\n\t\t\t\t\t\t\t<div class=\"ova_info_position info_position\">\n\t\t\t\t\t\t<div class=\"content\">\n\t\t\t\t\t\t\t\t\t<div class=\"title\">\n\t\t\t\t\t\t<h3><a class=\"second_font\" href=\"\/de\/bazar\/\">Artikelbasar<\/a><\/h3>\n\t\t\t\t\t<\/div>\n\t\t\t\t\t\t\t\t\t\t\t\t\t<div class=\"desc\">\n\t\t\t\t\t\t<p>Interessieren Sie sich f\u00fcr die Zeit Franz Josephs I.? Sind Sie Sammler? Besuchen Sie unseren Basar!<\/p>\n\t\t\t\t\t<\/div>\n\t\t\t\t\n\t\t\t\t\n\t\t\t\t\t\t\t\t\t<div class=\"text-button\">\n\t\t\t\t\t\t<a href=\"\/de\/bazar\/\">\n\t\t\t\t\t\t\tBesuchen Sie den Basar\t\t\t\t\t\t<\/a>\n\t\t\t\t\t<\/div>\n\t\t\t\t\t\t\t<\/div>\n\t\t\t\n\n\t\t<\/div>\n\t\t\t\t\t<\/div>\n\t\t\t\t<\/div>\n\t\t\t\t\t<\/div>\n\t\t<\/div>\n\t\t\t\t\t<\/div>\n\t\t<\/section>\n\t\t\t\t<\/div>","protected":false},"excerpt":{"rendered":"<p>O muzeu Poselstv\u00ed muzea V\u00e1\u017een\u00ed p\u0159\u00edznivci Rakouska-Uherska a \u00a0Franti\u0161ka \u00a0Josefa I., p\u0159edkl\u00e1d\u00e1me V\u00e1m t\u00edmto nov\u00e9 webov\u00e9 str\u00e1nky, kter\u00e9 ve sv\u011bt\u011b nemaj\u00ed obdoby. Jedn\u00e1 se o sb\u00edrku jak vznikala &#8211; n\u00e9 chronologicky se\u0159azen\u00fd katalog . Proto n\u00e1m \u00a0p\u0159edem promi\u0148te nedostatky v popisu &#8211; postupn\u011b bude do\u0159e\u0161eno s \u010dasem . Sv\u00fdm obsahem a rozsahem V\u00e1s zcela\u00a0zajist\u00e9 p\u0159ekvap\u00ed [&hellip;]<\/p>","protected":false},"author":1,"featured_media":0,"parent":0,"menu_order":0,"comment_status":"closed","ping_status":"closed","template":"elementor_header_footer","meta":{"inline_featured_image":false,"footnotes":""},"class_list":["post-305","page","type-page","status-publish","hentry"],"yoast_head":"<!-- This site is optimized with the Yoast SEO Premium plugin v20.12 (Yoast SEO v27.2) - https:\/\/yoast.com\/product\/yoast-seo-premium-wordpress\/ -->\n<title>O muzeu &#8212; Muzeum c\u00edsa\u0159e Franz Josefa I.<\/title>\n<meta name=\"robots\" content=\"index, follow, max-snippet:-1, max-image-preview:large, max-video-preview:-1\" \/>\n<link rel=\"canonical\" href=\"https:\/\/www.franz-josef.cz\/de\/o-muzeu\/\" \/>\n<meta property=\"og:locale\" content=\"de_DE\" \/>\n<meta property=\"og:type\" content=\"article\" \/>\n<meta property=\"og:title\" content=\"O muzeu\" \/>\n<meta property=\"og:description\" content=\"O muzeu Poselstv\u00ed muzea V\u00e1\u017een\u00ed p\u0159\u00edznivci Rakouska-Uherska a \u00a0Franti\u0161ka \u00a0Josefa I., p\u0159edkl\u00e1d\u00e1me V\u00e1m t\u00edmto nov\u00e9 webov\u00e9 str\u00e1nky, kter\u00e9 ve sv\u011bt\u011b nemaj\u00ed obdoby. Jedn\u00e1 se o sb\u00edrku jak vznikala &#8211; n\u00e9 chronologicky se\u0159azen\u00fd katalog . Proto n\u00e1m \u00a0p\u0159edem promi\u0148te nedostatky v popisu &#8211; postupn\u011b bude do\u0159e\u0161eno s \u010dasem . Sv\u00fdm obsahem a rozsahem V\u00e1s zcela\u00a0zajist\u00e9 p\u0159ekvap\u00ed [&hellip;]\" \/>\n<meta property=\"og:url\" content=\"https:\/\/www.franz-josef.cz\/de\/o-muzeu\/\" \/>\n<meta property=\"og:site_name\" content=\"Muzeum c\u00edsa\u0159e Franz Josefa I.\" \/>\n<meta property=\"article:modified_time\" content=\"2023-04-06T09:51:19+00:00\" \/>\n<meta property=\"og:image\" content=\"https:\/\/www.franz-josef.cz\/wp-content\/uploads\/2023\/08\/Muzeum-Franz-Jozef-kolaz-1200x675-1.png\" \/>\n\t<meta property=\"og:image:width\" content=\"1200\" \/>\n\t<meta property=\"og:image:height\" content=\"675\" \/>\n\t<meta property=\"og:image:type\" content=\"image\/png\" \/>\n<meta name=\"twitter:card\" content=\"summary_large_image\" \/>\n<meta name=\"twitter:label1\" content=\"Gesch\u00e4tzte Lesezeit\" \/>\n\t<meta name=\"twitter:data1\" content=\"4\u00a0Minuten\" \/>\n<script type=\"application\/ld+json\" class=\"yoast-schema-graph\">{\"@context\":\"https:\/\/schema.org\",\"@graph\":[{\"@type\":\"WebPage\",\"@id\":\"https:\/\/www.franz-josef.cz\/o-muzeu\/\",\"url\":\"https:\/\/www.franz-josef.cz\/o-muzeu\/\",\"name\":\"O muzeu &#8212; Muzeum c\u00edsa\u0159e Franz Josefa I.\",\"isPartOf\":{\"@id\":\"https:\/\/www.franz-josef.cz\/#website\"},\"datePublished\":\"2019-01-15T08:23:25+00:00\",\"dateModified\":\"2023-04-06T09:51:19+00:00\",\"breadcrumb\":{\"@id\":\"https:\/\/www.franz-josef.cz\/o-muzeu\/#breadcrumb\"},\"inLanguage\":\"de\",\"potentialAction\":[{\"@type\":\"ReadAction\",\"target\":[\"https:\/\/www.franz-josef.cz\/o-muzeu\/\"]}]},{\"@type\":\"BreadcrumbList\",\"@id\":\"https:\/\/www.franz-josef.cz\/o-muzeu\/#breadcrumb\",\"itemListElement\":[{\"@type\":\"ListItem\",\"position\":1,\"name\":\"Home\",\"item\":\"https:\/\/www.franz-josef.cz\/\"},{\"@type\":\"ListItem\",\"position\":2,\"name\":\"O muzeu\"}]},{\"@type\":\"WebSite\",\"@id\":\"https:\/\/www.franz-josef.cz\/#website\",\"url\":\"https:\/\/www.franz-josef.cz\/\",\"name\":\"Muzeum c\u00edsa\u0159e Franz Josefa I.\",\"description\":\"\",\"publisher\":{\"@id\":\"https:\/\/www.franz-josef.cz\/#organization\"},\"alternateName\":\"Franz Joseph\",\"potentialAction\":[{\"@type\":\"SearchAction\",\"target\":{\"@type\":\"EntryPoint\",\"urlTemplate\":\"https:\/\/www.franz-josef.cz\/?s={search_term_string}\"},\"query-input\":{\"@type\":\"PropertyValueSpecification\",\"valueRequired\":true,\"valueName\":\"search_term_string\"}}],\"inLanguage\":\"de\"},{\"@type\":\"Organization\",\"@id\":\"https:\/\/www.franz-josef.cz\/#organization\",\"name\":\"Muzeum Franz Josefa I.\",\"alternateName\":\"Franz Jozef\",\"url\":\"https:\/\/www.franz-josef.cz\/\",\"logo\":{\"@type\":\"ImageObject\",\"inLanguage\":\"de\",\"@id\":\"https:\/\/www.franz-josef.cz\/#\/schema\/logo\/image\/\",\"url\":\"https:\/\/www.franz-josef.cz\/wp-content\/uploads\/2023\/08\/Muzeum-Franz-Jozef-logo-696x696-1.png\",\"contentUrl\":\"https:\/\/www.franz-josef.cz\/wp-content\/uploads\/2023\/08\/Muzeum-Franz-Jozef-logo-696x696-1.png\",\"width\":696,\"height\":696,\"caption\":\"Muzeum Franz Josefa I.\"},\"image\":{\"@id\":\"https:\/\/www.franz-josef.cz\/#\/schema\/logo\/image\/\"}}]}<\/script>\n<!-- \/ Yoast SEO Premium plugin. -->","yoast_head_json":{"title":"O muzeu &#8212; Muzeum c\u00edsa\u0159e Franz Josefa I.","robots":{"index":"index","follow":"follow","max-snippet":"max-snippet:-1","max-image-preview":"max-image-preview:large","max-video-preview":"max-video-preview:-1"},"canonical":"https:\/\/www.franz-josef.cz\/de\/o-muzeu\/","og_locale":"de_DE","og_type":"article","og_title":"O muzeu","og_description":"O muzeu Poselstv\u00ed muzea V\u00e1\u017een\u00ed p\u0159\u00edznivci Rakouska-Uherska a \u00a0Franti\u0161ka \u00a0Josefa I., p\u0159edkl\u00e1d\u00e1me V\u00e1m t\u00edmto nov\u00e9 webov\u00e9 str\u00e1nky, kter\u00e9 ve sv\u011bt\u011b nemaj\u00ed obdoby. Jedn\u00e1 se o sb\u00edrku jak vznikala &#8211; n\u00e9 chronologicky se\u0159azen\u00fd katalog . Proto n\u00e1m \u00a0p\u0159edem promi\u0148te nedostatky v popisu &#8211; postupn\u011b bude do\u0159e\u0161eno s \u010dasem . Sv\u00fdm obsahem a rozsahem V\u00e1s zcela\u00a0zajist\u00e9 p\u0159ekvap\u00ed [&hellip;]","og_url":"https:\/\/www.franz-josef.cz\/de\/o-muzeu\/","og_site_name":"Muzeum c\u00edsa\u0159e Franz Josefa I.","article_modified_time":"2023-04-06T09:51:19+00:00","og_image":[{"width":1200,"height":675,"url":"https:\/\/www.franz-josef.cz\/wp-content\/uploads\/2023\/08\/Muzeum-Franz-Jozef-kolaz-1200x675-1.png","type":"image\/png"}],"twitter_card":"summary_large_image","twitter_misc":{"Gesch\u00e4tzte Lesezeit":"4\u00a0Minuten"},"schema":{"@context":"https:\/\/schema.org","@graph":[{"@type":"WebPage","@id":"https:\/\/www.franz-josef.cz\/o-muzeu\/","url":"https:\/\/www.franz-josef.cz\/o-muzeu\/","name":"O muzeu &#8212; Muzeum c\u00edsa\u0159e Franz Josefa I.","isPartOf":{"@id":"https:\/\/www.franz-josef.cz\/#website"},"datePublished":"2019-01-15T08:23:25+00:00","dateModified":"2023-04-06T09:51:19+00:00","breadcrumb":{"@id":"https:\/\/www.franz-josef.cz\/o-muzeu\/#breadcrumb"},"inLanguage":"de","potentialAction":[{"@type":"ReadAction","target":["https:\/\/www.franz-josef.cz\/o-muzeu\/"]}]},{"@type":"BreadcrumbList","@id":"https:\/\/www.franz-josef.cz\/o-muzeu\/#breadcrumb","itemListElement":[{"@type":"ListItem","position":1,"name":"Home","item":"https:\/\/www.franz-josef.cz\/"},{"@type":"ListItem","position":2,"name":"O muzeu"}]},{"@type":"WebSite","@id":"https:\/\/www.franz-josef.cz\/#website","url":"https:\/\/www.franz-josef.cz\/","name":"Muzeum c\u00edsa\u0159e Franz Josefa I.","description":"","publisher":{"@id":"https:\/\/www.franz-josef.cz\/#organization"},"alternateName":"Franz Joseph","potentialAction":[{"@type":"SearchAction","target":{"@type":"EntryPoint","urlTemplate":"https:\/\/www.franz-josef.cz\/?s={search_term_string}"},"query-input":{"@type":"PropertyValueSpecification","valueRequired":true,"valueName":"search_term_string"}}],"inLanguage":"de"},{"@type":"Organization","@id":"https:\/\/www.franz-josef.cz\/#organization","name":"Muzeum Franz Josefa I.","alternateName":"Franz Jozef","url":"https:\/\/www.franz-josef.cz\/","logo":{"@type":"ImageObject","inLanguage":"de","@id":"https:\/\/www.franz-josef.cz\/#\/schema\/logo\/image\/","url":"https:\/\/www.franz-josef.cz\/wp-content\/uploads\/2023\/08\/Muzeum-Franz-Jozef-logo-696x696-1.png","contentUrl":"https:\/\/www.franz-josef.cz\/wp-content\/uploads\/2023\/08\/Muzeum-Franz-Jozef-logo-696x696-1.png","width":696,"height":696,"caption":"Muzeum Franz Josefa I."},"image":{"@id":"https:\/\/www.franz-josef.cz\/#\/schema\/logo\/image\/"}}]}},"_links":{"self":[{"href":"https:\/\/www.franz-josef.cz\/de\/wp-json\/wp\/v2\/pages\/305","targetHints":{"allow":["GET"]}}],"collection":[{"href":"https:\/\/www.franz-josef.cz\/de\/wp-json\/wp\/v2\/pages"}],"about":[{"href":"https:\/\/www.franz-josef.cz\/de\/wp-json\/wp\/v2\/types\/page"}],"author":[{"embeddable":true,"href":"https:\/\/www.franz-josef.cz\/de\/wp-json\/wp\/v2\/users\/1"}],"replies":[{"embeddable":true,"href":"https:\/\/www.franz-josef.cz\/de\/wp-json\/wp\/v2\/comments?post=305"}],"version-history":[{"count":23,"href":"https:\/\/www.franz-josef.cz\/de\/wp-json\/wp\/v2\/pages\/305\/revisions"}],"predecessor-version":[{"id":9160,"href":"https:\/\/www.franz-josef.cz\/de\/wp-json\/wp\/v2\/pages\/305\/revisions\/9160"}],"wp:attachment":[{"href":"https:\/\/www.franz-josef.cz\/de\/wp-json\/wp\/v2\/media?parent=305"}],"curies":[{"name":"wp","href":"https:\/\/api.w.org\/{rel}","templated":true}]}}