{"id":56245,"date":"2025-01-26T08:51:13","date_gmt":"2025-01-26T07:51:13","guid":{"rendered":"https:\/\/www.franz-josef.cz\/?post_type=polozky-v-prodeji&#038;p=56245"},"modified":"2025-01-26T08:54:45","modified_gmt":"2025-01-26T07:54:45","slug":"obraz-franz-josef-i-origin8l-litografie-prolisovany-okraj-zlaceno-v-mimoradne-zachovalem-stavu-rr","status":"publish","type":"polozky-v-prodeji","link":"https:\/\/www.franz-josef.cz\/de\/v-prodeji\/obraz-franz-josef-i-origin8l-litografie-prolisovany-okraj-zlaceno-v-mimoradne-zachovalem-stavu-rr\/","title":{"rendered":"Gem\u00e4lde Franz Josef I., ORIGINAL - Lithographie, gepr\u00e4gter Rand, vergoldet, in au\u00dfergew\u00f6hnlich gut erhaltenem Zustand, RR!!"},"content":{"rendered":"<p><img fetchpriority=\"high\" decoding=\"async\" class=\"alignnone size-large wp-image-56246\" src=\"https:\/\/www.franz-josef.cz\/wp-content\/uploads\/2025\/01\/j-845x1024.jpg\" alt=\"\" width=\"845\" height=\"1024\" srcset=\"https:\/\/www.franz-josef.cz\/wp-content\/uploads\/2025\/01\/j-845x1024.jpg 845w, https:\/\/www.franz-josef.cz\/wp-content\/uploads\/2025\/01\/j-248x300.jpg 248w, https:\/\/www.franz-josef.cz\/wp-content\/uploads\/2025\/01\/j-768x931.jpg 768w, https:\/\/www.franz-josef.cz\/wp-content\/uploads\/2025\/01\/j-1268x1536.jpg 1268w, https:\/\/www.franz-josef.cz\/wp-content\/uploads\/2025\/01\/j-1690x2048.jpg 1690w, https:\/\/www.franz-josef.cz\/wp-content\/uploads\/2025\/01\/j-10x12.jpg 10w\" sizes=\"(max-width: 845px) 100vw, 845px\" \/> <img decoding=\"async\" class=\"alignnone size-large wp-image-56247 lazyload\" data-src=\"https:\/\/www.franz-josef.cz\/wp-content\/uploads\/2025\/01\/k-872x1024.jpg\" alt=\"\" width=\"872\" height=\"1024\" data-srcset=\"https:\/\/www.franz-josef.cz\/wp-content\/uploads\/2025\/01\/k-872x1024.jpg 872w, https:\/\/www.franz-josef.cz\/wp-content\/uploads\/2025\/01\/k-256x300.jpg 256w, https:\/\/www.franz-josef.cz\/wp-content\/uploads\/2025\/01\/k-768x901.jpg 768w, https:\/\/www.franz-josef.cz\/wp-content\/uploads\/2025\/01\/k-1309x1536.jpg 1309w, https:\/\/www.franz-josef.cz\/wp-content\/uploads\/2025\/01\/k-1745x2048.jpg 1745w, https:\/\/www.franz-josef.cz\/wp-content\/uploads\/2025\/01\/k-10x12.jpg 10w\" data-sizes=\"(max-width: 872px) 100vw, 872px\" src=\"data:image\/gif;base64,R0lGODlhAQABAAAAACH5BAEKAAEALAAAAAABAAEAAAICTAEAOw==\" style=\"--smush-placeholder-width: 872px; --smush-placeholder-aspect-ratio: 872\/1024;\" \/><noscript><img decoding=\"async\" class=\"alignnone size-large wp-image-56247\" src=\"https:\/\/www.franz-josef.cz\/wp-content\/uploads\/2025\/01\/k-872x1024.jpg\" alt=\"\" width=\"872\" height=\"1024\" srcset=\"https:\/\/www.franz-josef.cz\/wp-content\/uploads\/2025\/01\/k-872x1024.jpg 872w, https:\/\/www.franz-josef.cz\/wp-content\/uploads\/2025\/01\/k-256x300.jpg 256w, https:\/\/www.franz-josef.cz\/wp-content\/uploads\/2025\/01\/k-768x901.jpg 768w, https:\/\/www.franz-josef.cz\/wp-content\/uploads\/2025\/01\/k-1309x1536.jpg 1309w, https:\/\/www.franz-josef.cz\/wp-content\/uploads\/2025\/01\/k-1745x2048.jpg 1745w, https:\/\/www.franz-josef.cz\/wp-content\/uploads\/2025\/01\/k-10x12.jpg 10w\" sizes=\"(max-width: 872px) 100vw, 872px\" \/><\/noscript> <img decoding=\"async\" class=\"alignnone size-large wp-image-56248 lazyload\" data-src=\"https:\/\/www.franz-josef.cz\/wp-content\/uploads\/2025\/01\/ll-775x1024.jpg\" alt=\"\" width=\"775\" height=\"1024\" data-srcset=\"https:\/\/www.franz-josef.cz\/wp-content\/uploads\/2025\/01\/ll-775x1024.jpg 775w, https:\/\/www.franz-josef.cz\/wp-content\/uploads\/2025\/01\/ll-227x300.jpg 227w, https:\/\/www.franz-josef.cz\/wp-content\/uploads\/2025\/01\/ll-768x1014.jpg 768w, https:\/\/www.franz-josef.cz\/wp-content\/uploads\/2025\/01\/ll-1163x1536.jpg 1163w, https:\/\/www.franz-josef.cz\/wp-content\/uploads\/2025\/01\/ll-1551x2048.jpg 1551w, https:\/\/www.franz-josef.cz\/wp-content\/uploads\/2025\/01\/ll-9x12.jpg 9w, https:\/\/www.franz-josef.cz\/wp-content\/uploads\/2025\/01\/ll-scaled.jpg 1938w\" data-sizes=\"(max-width: 775px) 100vw, 775px\" src=\"data:image\/gif;base64,R0lGODlhAQABAAAAACH5BAEKAAEALAAAAAABAAEAAAICTAEAOw==\" style=\"--smush-placeholder-width: 775px; --smush-placeholder-aspect-ratio: 775\/1024;\" \/><noscript><img decoding=\"async\" class=\"alignnone size-large wp-image-56248\" src=\"https:\/\/www.franz-josef.cz\/wp-content\/uploads\/2025\/01\/ll-775x1024.jpg\" alt=\"\" width=\"775\" height=\"1024\" srcset=\"https:\/\/www.franz-josef.cz\/wp-content\/uploads\/2025\/01\/ll-775x1024.jpg 775w, https:\/\/www.franz-josef.cz\/wp-content\/uploads\/2025\/01\/ll-227x300.jpg 227w, https:\/\/www.franz-josef.cz\/wp-content\/uploads\/2025\/01\/ll-768x1014.jpg 768w, https:\/\/www.franz-josef.cz\/wp-content\/uploads\/2025\/01\/ll-1163x1536.jpg 1163w, https:\/\/www.franz-josef.cz\/wp-content\/uploads\/2025\/01\/ll-1551x2048.jpg 1551w, https:\/\/www.franz-josef.cz\/wp-content\/uploads\/2025\/01\/ll-9x12.jpg 9w, https:\/\/www.franz-josef.cz\/wp-content\/uploads\/2025\/01\/ll-scaled.jpg 1938w\" sizes=\"(max-width: 775px) 100vw, 775px\" \/><\/noscript><\/p>","protected":false},"author":3,"featured_media":56248,"template":"","zaradit-polozku-na-prodej":[254],"class_list":["post-56245","polozky-v-prodeji","type-polozky-v-prodeji","status-publish","has-post-thumbnail","hentry","zaradit-polozku-na-prodej-obrazy-reprodukce"],"yoast_head":"<!-- This site is optimized with the Yoast SEO Premium plugin v20.12 (Yoast SEO v27.2) - https:\/\/yoast.com\/product\/yoast-seo-premium-wordpress\/ -->\n<title>Obraz Franz Josef I. , ORIGIN\u00c1L- litografie , prolisovan\u00fd okraj, zlaceno, v mimo\u0159\u00e1dn\u011b zachoval\u00e9m stavu RR!! &#8212; Prodej p\u0159ebytk\u016f &#8212; Muzeum c\u00edsa\u0159e Franz Josefa I.<\/title>\n<meta name=\"robots\" content=\"index, follow, max-snippet:-1, max-image-preview:large, max-video-preview:-1\" \/>\n<link rel=\"canonical\" href=\"https:\/\/www.franz-josef.cz\/de\/v-prodeji\/obraz-franz-josef-i-origin8l-litografie-prolisovany-okraj-zlaceno-v-mimoradne-zachovalem-stavu-rr\/\" \/>\n<meta property=\"og:locale\" content=\"de_DE\" \/>\n<meta property=\"og:type\" content=\"article\" \/>\n<meta property=\"og:title\" content=\"Obraz Franz Josef I. , ORIGIN\u00c1L- litografie , prolisovan\u00fd okraj, zlaceno, v mimo\u0159\u00e1dn\u011b zachoval\u00e9m stavu RR!!\" \/>\n<meta property=\"og:url\" content=\"https:\/\/www.franz-josef.cz\/de\/v-prodeji\/obraz-franz-josef-i-origin8l-litografie-prolisovany-okraj-zlaceno-v-mimoradne-zachovalem-stavu-rr\/\" \/>\n<meta property=\"og:site_name\" content=\"Muzeum c\u00edsa\u0159e Franz Josefa I.\" \/>\n<meta property=\"article:modified_time\" content=\"2025-01-26T07:54:45+00:00\" \/>\n<meta property=\"og:image\" content=\"https:\/\/www.franz-josef.cz\/wp-content\/uploads\/2025\/01\/ll-775x1024.jpg\" \/>\n\t<meta property=\"og:image:width\" content=\"775\" \/>\n\t<meta property=\"og:image:height\" content=\"1024\" \/>\n\t<meta property=\"og:image:type\" content=\"image\/jpeg\" \/>\n<meta name=\"twitter:card\" content=\"summary_large_image\" \/>\n<meta name=\"twitter:label1\" content=\"Gesch\u00e4tzte Lesezeit\" \/>\n\t<meta name=\"twitter:data1\" content=\"1\u00a0Minute\" \/>\n<script type=\"application\/ld+json\" class=\"yoast-schema-graph\">{\"@context\":\"https:\/\/schema.org\",\"@graph\":[{\"@type\":\"WebPage\",\"@id\":\"https:\/\/www.franz-josef.cz\/v-prodeji\/obraz-franz-josef-i-origin8l-litografie-prolisovany-okraj-zlaceno-v-mimoradne-zachovalem-stavu-rr\/\",\"url\":\"https:\/\/www.franz-josef.cz\/v-prodeji\/obraz-franz-josef-i-origin8l-litografie-prolisovany-okraj-zlaceno-v-mimoradne-zachovalem-stavu-rr\/\",\"name\":\"Obraz Franz Josef I. , ORIGIN\u00c1L- litografie , prolisovan\u00fd okraj, zlaceno, v mimo\u0159\u00e1dn\u011b zachoval\u00e9m stavu RR!! &#8212; Prodej p\u0159ebytk\u016f &#8212; Muzeum c\u00edsa\u0159e Franz Josefa I.\",\"isPartOf\":{\"@id\":\"https:\/\/www.franz-josef.cz\/#website\"},\"primaryImageOfPage\":{\"@id\":\"https:\/\/www.franz-josef.cz\/v-prodeji\/obraz-franz-josef-i-origin8l-litografie-prolisovany-okraj-zlaceno-v-mimoradne-zachovalem-stavu-rr\/#primaryimage\"},\"image\":{\"@id\":\"https:\/\/www.franz-josef.cz\/v-prodeji\/obraz-franz-josef-i-origin8l-litografie-prolisovany-okraj-zlaceno-v-mimoradne-zachovalem-stavu-rr\/#primaryimage\"},\"thumbnailUrl\":\"https:\/\/www.franz-josef.cz\/wp-content\/uploads\/2025\/01\/ll-scaled.jpg\",\"datePublished\":\"2025-01-26T07:51:13+00:00\",\"dateModified\":\"2025-01-26T07:54:45+00:00\",\"breadcrumb\":{\"@id\":\"https:\/\/www.franz-josef.cz\/v-prodeji\/obraz-franz-josef-i-origin8l-litografie-prolisovany-okraj-zlaceno-v-mimoradne-zachovalem-stavu-rr\/#breadcrumb\"},\"inLanguage\":\"de\",\"potentialAction\":[{\"@type\":\"ReadAction\",\"target\":[\"https:\/\/www.franz-josef.cz\/v-prodeji\/obraz-franz-josef-i-origin8l-litografie-prolisovany-okraj-zlaceno-v-mimoradne-zachovalem-stavu-rr\/\"]}]},{\"@type\":\"ImageObject\",\"inLanguage\":\"de\",\"@id\":\"https:\/\/www.franz-josef.cz\/v-prodeji\/obraz-franz-josef-i-origin8l-litografie-prolisovany-okraj-zlaceno-v-mimoradne-zachovalem-stavu-rr\/#primaryimage\",\"url\":\"https:\/\/www.franz-josef.cz\/wp-content\/uploads\/2025\/01\/ll-scaled.jpg\",\"contentUrl\":\"https:\/\/www.franz-josef.cz\/wp-content\/uploads\/2025\/01\/ll-scaled.jpg\",\"width\":1938,\"height\":2560},{\"@type\":\"BreadcrumbList\",\"@id\":\"https:\/\/www.franz-josef.cz\/v-prodeji\/obraz-franz-josef-i-origin8l-litografie-prolisovany-okraj-zlaceno-v-mimoradne-zachovalem-stavu-rr\/#breadcrumb\",\"itemListElement\":[{\"@type\":\"ListItem\",\"position\":1,\"name\":\"Home\",\"item\":\"https:\/\/www.franz-josef.cz\/\"},{\"@type\":\"ListItem\",\"position\":2,\"name\":\"Polo\u017eky v prodeji\",\"item\":\"https:\/\/www.franz-josef.cz\/v-prodeji\/\"},{\"@type\":\"ListItem\",\"position\":3,\"name\":\"Obraz Franz Josef I. , ORIGIN\u00c1L- litografie , prolisovan\u00fd okraj, zlaceno, v mimo\u0159\u00e1dn\u011b zachoval\u00e9m stavu RR!!\"}]},{\"@type\":\"WebSite\",\"@id\":\"https:\/\/www.franz-josef.cz\/#website\",\"url\":\"https:\/\/www.franz-josef.cz\/\",\"name\":\"Muzeum c\u00edsa\u0159e Franz Josefa I.\",\"description\":\"\",\"publisher\":{\"@id\":\"https:\/\/www.franz-josef.cz\/#organization\"},\"alternateName\":\"Franz Joseph\",\"potentialAction\":[{\"@type\":\"SearchAction\",\"target\":{\"@type\":\"EntryPoint\",\"urlTemplate\":\"https:\/\/www.franz-josef.cz\/?s={search_term_string}\"},\"query-input\":{\"@type\":\"PropertyValueSpecification\",\"valueRequired\":true,\"valueName\":\"search_term_string\"}}],\"inLanguage\":\"de\"},{\"@type\":\"Organization\",\"@id\":\"https:\/\/www.franz-josef.cz\/#organization\",\"name\":\"Muzeum Franz Josefa I.\",\"alternateName\":\"Franz Jozef\",\"url\":\"https:\/\/www.franz-josef.cz\/\",\"logo\":{\"@type\":\"ImageObject\",\"inLanguage\":\"de\",\"@id\":\"https:\/\/www.franz-josef.cz\/#\/schema\/logo\/image\/\",\"url\":\"https:\/\/www.franz-josef.cz\/wp-content\/uploads\/2023\/08\/Muzeum-Franz-Jozef-logo-696x696-1.png\",\"contentUrl\":\"https:\/\/www.franz-josef.cz\/wp-content\/uploads\/2023\/08\/Muzeum-Franz-Jozef-logo-696x696-1.png\",\"width\":696,\"height\":696,\"caption\":\"Muzeum Franz Josefa I.\"},\"image\":{\"@id\":\"https:\/\/www.franz-josef.cz\/#\/schema\/logo\/image\/\"}}]}<\/script>\n<!-- \/ Yoast SEO Premium plugin. -->","yoast_head_json":{"title":"Obraz Franz Josef I. , ORIGIN\u00c1L- litografie , prolisovan\u00fd okraj, zlaceno, v mimo\u0159\u00e1dn\u011b zachoval\u00e9m stavu RR!! &#8212; Prodej p\u0159ebytk\u016f &#8212; Muzeum c\u00edsa\u0159e Franz Josefa I.","robots":{"index":"index","follow":"follow","max-snippet":"max-snippet:-1","max-image-preview":"max-image-preview:large","max-video-preview":"max-video-preview:-1"},"canonical":"https:\/\/www.franz-josef.cz\/de\/v-prodeji\/obraz-franz-josef-i-origin8l-litografie-prolisovany-okraj-zlaceno-v-mimoradne-zachovalem-stavu-rr\/","og_locale":"de_DE","og_type":"article","og_title":"Obraz Franz Josef I. , ORIGIN\u00c1L- litografie , prolisovan\u00fd okraj, zlaceno, v mimo\u0159\u00e1dn\u011b zachoval\u00e9m stavu RR!!","og_url":"https:\/\/www.franz-josef.cz\/de\/v-prodeji\/obraz-franz-josef-i-origin8l-litografie-prolisovany-okraj-zlaceno-v-mimoradne-zachovalem-stavu-rr\/","og_site_name":"Muzeum c\u00edsa\u0159e Franz Josefa I.","article_modified_time":"2025-01-26T07:54:45+00:00","og_image":[{"width":775,"height":1024,"url":"https:\/\/www.franz-josef.cz\/wp-content\/uploads\/2025\/01\/ll-775x1024.jpg","type":"image\/jpeg"}],"twitter_card":"summary_large_image","twitter_misc":{"Gesch\u00e4tzte Lesezeit":"1\u00a0Minute"},"schema":{"@context":"https:\/\/schema.org","@graph":[{"@type":"WebPage","@id":"https:\/\/www.franz-josef.cz\/v-prodeji\/obraz-franz-josef-i-origin8l-litografie-prolisovany-okraj-zlaceno-v-mimoradne-zachovalem-stavu-rr\/","url":"https:\/\/www.franz-josef.cz\/v-prodeji\/obraz-franz-josef-i-origin8l-litografie-prolisovany-okraj-zlaceno-v-mimoradne-zachovalem-stavu-rr\/","name":"Obraz Franz Josef I. , ORIGIN\u00c1L- litografie , prolisovan\u00fd okraj, zlaceno, v mimo\u0159\u00e1dn\u011b zachoval\u00e9m stavu RR!! &#8212; Prodej p\u0159ebytk\u016f &#8212; Muzeum c\u00edsa\u0159e Franz Josefa I.","isPartOf":{"@id":"https:\/\/www.franz-josef.cz\/#website"},"primaryImageOfPage":{"@id":"https:\/\/www.franz-josef.cz\/v-prodeji\/obraz-franz-josef-i-origin8l-litografie-prolisovany-okraj-zlaceno-v-mimoradne-zachovalem-stavu-rr\/#primaryimage"},"image":{"@id":"https:\/\/www.franz-josef.cz\/v-prodeji\/obraz-franz-josef-i-origin8l-litografie-prolisovany-okraj-zlaceno-v-mimoradne-zachovalem-stavu-rr\/#primaryimage"},"thumbnailUrl":"https:\/\/www.franz-josef.cz\/wp-content\/uploads\/2025\/01\/ll-scaled.jpg","datePublished":"2025-01-26T07:51:13+00:00","dateModified":"2025-01-26T07:54:45+00:00","breadcrumb":{"@id":"https:\/\/www.franz-josef.cz\/v-prodeji\/obraz-franz-josef-i-origin8l-litografie-prolisovany-okraj-zlaceno-v-mimoradne-zachovalem-stavu-rr\/#breadcrumb"},"inLanguage":"de","potentialAction":[{"@type":"ReadAction","target":["https:\/\/www.franz-josef.cz\/v-prodeji\/obraz-franz-josef-i-origin8l-litografie-prolisovany-okraj-zlaceno-v-mimoradne-zachovalem-stavu-rr\/"]}]},{"@type":"ImageObject","inLanguage":"de","@id":"https:\/\/www.franz-josef.cz\/v-prodeji\/obraz-franz-josef-i-origin8l-litografie-prolisovany-okraj-zlaceno-v-mimoradne-zachovalem-stavu-rr\/#primaryimage","url":"https:\/\/www.franz-josef.cz\/wp-content\/uploads\/2025\/01\/ll-scaled.jpg","contentUrl":"https:\/\/www.franz-josef.cz\/wp-content\/uploads\/2025\/01\/ll-scaled.jpg","width":1938,"height":2560},{"@type":"BreadcrumbList","@id":"https:\/\/www.franz-josef.cz\/v-prodeji\/obraz-franz-josef-i-origin8l-litografie-prolisovany-okraj-zlaceno-v-mimoradne-zachovalem-stavu-rr\/#breadcrumb","itemListElement":[{"@type":"ListItem","position":1,"name":"Home","item":"https:\/\/www.franz-josef.cz\/"},{"@type":"ListItem","position":2,"name":"Polo\u017eky v prodeji","item":"https:\/\/www.franz-josef.cz\/v-prodeji\/"},{"@type":"ListItem","position":3,"name":"Obraz Franz Josef I. , ORIGIN\u00c1L- litografie , prolisovan\u00fd okraj, zlaceno, v mimo\u0159\u00e1dn\u011b zachoval\u00e9m stavu RR!!"}]},{"@type":"WebSite","@id":"https:\/\/www.franz-josef.cz\/#website","url":"https:\/\/www.franz-josef.cz\/","name":"Muzeum c\u00edsa\u0159e Franz Josefa I.","description":"","publisher":{"@id":"https:\/\/www.franz-josef.cz\/#organization"},"alternateName":"Franz Joseph","potentialAction":[{"@type":"SearchAction","target":{"@type":"EntryPoint","urlTemplate":"https:\/\/www.franz-josef.cz\/?s={search_term_string}"},"query-input":{"@type":"PropertyValueSpecification","valueRequired":true,"valueName":"search_term_string"}}],"inLanguage":"de"},{"@type":"Organization","@id":"https:\/\/www.franz-josef.cz\/#organization","name":"Muzeum Franz Josefa I.","alternateName":"Franz Jozef","url":"https:\/\/www.franz-josef.cz\/","logo":{"@type":"ImageObject","inLanguage":"de","@id":"https:\/\/www.franz-josef.cz\/#\/schema\/logo\/image\/","url":"https:\/\/www.franz-josef.cz\/wp-content\/uploads\/2023\/08\/Muzeum-Franz-Jozef-logo-696x696-1.png","contentUrl":"https:\/\/www.franz-josef.cz\/wp-content\/uploads\/2023\/08\/Muzeum-Franz-Jozef-logo-696x696-1.png","width":696,"height":696,"caption":"Muzeum Franz Josefa I."},"image":{"@id":"https:\/\/www.franz-josef.cz\/#\/schema\/logo\/image\/"}}]}},"_links":{"self":[{"href":"https:\/\/www.franz-josef.cz\/de\/wp-json\/wp\/v2\/polozky-v-prodeji\/56245","targetHints":{"allow":["GET"]}}],"collection":[{"href":"https:\/\/www.franz-josef.cz\/de\/wp-json\/wp\/v2\/polozky-v-prodeji"}],"about":[{"href":"https:\/\/www.franz-josef.cz\/de\/wp-json\/wp\/v2\/types\/polozky-v-prodeji"}],"author":[{"embeddable":true,"href":"https:\/\/www.franz-josef.cz\/de\/wp-json\/wp\/v2\/users\/3"}],"wp:featuredmedia":[{"embeddable":true,"href":"https:\/\/www.franz-josef.cz\/de\/wp-json\/wp\/v2\/media\/56248"}],"wp:attachment":[{"href":"https:\/\/www.franz-josef.cz\/de\/wp-json\/wp\/v2\/media?parent=56245"}],"wp:term":[{"taxonomy":"zaradit-polozku-na-prodej","embeddable":true,"href":"https:\/\/www.franz-josef.cz\/de\/wp-json\/wp\/v2\/zaradit-polozku-na-prodej?post=56245"}],"curies":[{"name":"wp","href":"https:\/\/api.w.org\/{rel}","templated":true}]}}