{"id":57288,"date":"2025-11-14T14:50:07","date_gmt":"2025-11-14T13:50:07","guid":{"rendered":"https:\/\/www.franz-josef.cz\/?post_type=polozky-v-prodeji&#038;p=57288"},"modified":"2025-11-14T14:53:31","modified_gmt":"2025-11-14T13:53:31","slug":"busta-cisare-frantisek-josef-kuk-franz-josef-80-cm-vyska-kopie-vyrobena-z-meho-originalu-pred-30ti-lety","status":"publish","type":"polozky-v-prodeji","link":"https:\/\/www.franz-josef.cz\/de\/v-prodeji\/busta-cisare-frantisek-josef-kuk-franz-josef-80-cm-vyska-kopie-vyrobena-z-meho-originalu-pred-30ti-lety\/","title":{"rendered":"B\u00fcste von Kaiser Franz Joseph, KuK, Franz Josef \/ 80 cm H\u00f6he"},"content":{"rendered":"<p><img fetchpriority=\"high\" decoding=\"async\" class=\"alignnone size-large wp-image-57289\" src=\"https:\/\/www.franz-josef.cz\/wp-content\/uploads\/2025\/11\/1140-1-631x1024.jpg\" alt=\"\" width=\"631\" height=\"1024\" srcset=\"https:\/\/www.franz-josef.cz\/wp-content\/uploads\/2025\/11\/1140-1-631x1024.jpg 631w, https:\/\/www.franz-josef.cz\/wp-content\/uploads\/2025\/11\/1140-1-185x300.jpg 185w, https:\/\/www.franz-josef.cz\/wp-content\/uploads\/2025\/11\/1140-1-768x1247.jpg 768w, https:\/\/www.franz-josef.cz\/wp-content\/uploads\/2025\/11\/1140-1-946x1536.jpg 946w, https:\/\/www.franz-josef.cz\/wp-content\/uploads\/2025\/11\/1140-1-1261x2048.jpg 1261w, https:\/\/www.franz-josef.cz\/wp-content\/uploads\/2025\/11\/1140-1-7x12.jpg 7w, https:\/\/www.franz-josef.cz\/wp-content\/uploads\/2025\/11\/1140-1.jpg 1389w\" sizes=\"(max-width: 631px) 100vw, 631px\" \/> <img decoding=\"async\" class=\"alignnone size-large wp-image-57290 lazyload\" data-src=\"https:\/\/www.franz-josef.cz\/wp-content\/uploads\/2025\/11\/1140-2-548x1024.jpg\" alt=\"\" width=\"548\" height=\"1024\" data-srcset=\"https:\/\/www.franz-josef.cz\/wp-content\/uploads\/2025\/11\/1140-2-548x1024.jpg 548w, https:\/\/www.franz-josef.cz\/wp-content\/uploads\/2025\/11\/1140-2-160x300.jpg 160w, https:\/\/www.franz-josef.cz\/wp-content\/uploads\/2025\/11\/1140-2-768x1436.jpg 768w, https:\/\/www.franz-josef.cz\/wp-content\/uploads\/2025\/11\/1140-2-821x1536.jpg 821w, https:\/\/www.franz-josef.cz\/wp-content\/uploads\/2025\/11\/1140-2-1095x2048.jpg 1095w, https:\/\/www.franz-josef.cz\/wp-content\/uploads\/2025\/11\/1140-2-6x12.jpg 6w, https:\/\/www.franz-josef.cz\/wp-content\/uploads\/2025\/11\/1140-2-scaled.jpg 1369w\" data-sizes=\"(max-width: 548px) 100vw, 548px\" src=\"data:image\/gif;base64,R0lGODlhAQABAAAAACH5BAEKAAEALAAAAAABAAEAAAICTAEAOw==\" style=\"--smush-placeholder-width: 548px; --smush-placeholder-aspect-ratio: 548\/1024;\" \/><noscript><img decoding=\"async\" class=\"alignnone size-large wp-image-57290\" src=\"https:\/\/www.franz-josef.cz\/wp-content\/uploads\/2025\/11\/1140-2-548x1024.jpg\" alt=\"\" width=\"548\" height=\"1024\" srcset=\"https:\/\/www.franz-josef.cz\/wp-content\/uploads\/2025\/11\/1140-2-548x1024.jpg 548w, https:\/\/www.franz-josef.cz\/wp-content\/uploads\/2025\/11\/1140-2-160x300.jpg 160w, https:\/\/www.franz-josef.cz\/wp-content\/uploads\/2025\/11\/1140-2-768x1436.jpg 768w, https:\/\/www.franz-josef.cz\/wp-content\/uploads\/2025\/11\/1140-2-821x1536.jpg 821w, https:\/\/www.franz-josef.cz\/wp-content\/uploads\/2025\/11\/1140-2-1095x2048.jpg 1095w, https:\/\/www.franz-josef.cz\/wp-content\/uploads\/2025\/11\/1140-2-6x12.jpg 6w, https:\/\/www.franz-josef.cz\/wp-content\/uploads\/2025\/11\/1140-2-scaled.jpg 1369w\" sizes=\"(max-width: 548px) 100vw, 548px\" \/><\/noscript> <img decoding=\"async\" class=\"alignnone size-large wp-image-57291 lazyload\" data-src=\"https:\/\/www.franz-josef.cz\/wp-content\/uploads\/2025\/11\/1140-3-602x1024.jpg\" alt=\"\" width=\"602\" height=\"1024\" data-srcset=\"https:\/\/www.franz-josef.cz\/wp-content\/uploads\/2025\/11\/1140-3-602x1024.jpg 602w, https:\/\/www.franz-josef.cz\/wp-content\/uploads\/2025\/11\/1140-3-176x300.jpg 176w, https:\/\/www.franz-josef.cz\/wp-content\/uploads\/2025\/11\/1140-3-768x1306.jpg 768w, https:\/\/www.franz-josef.cz\/wp-content\/uploads\/2025\/11\/1140-3-903x1536.jpg 903w, https:\/\/www.franz-josef.cz\/wp-content\/uploads\/2025\/11\/1140-3-1205x2048.jpg 1205w, https:\/\/www.franz-josef.cz\/wp-content\/uploads\/2025\/11\/1140-3-7x12.jpg 7w, https:\/\/www.franz-josef.cz\/wp-content\/uploads\/2025\/11\/1140-3-scaled.jpg 1506w\" data-sizes=\"(max-width: 602px) 100vw, 602px\" src=\"data:image\/gif;base64,R0lGODlhAQABAAAAACH5BAEKAAEALAAAAAABAAEAAAICTAEAOw==\" style=\"--smush-placeholder-width: 602px; --smush-placeholder-aspect-ratio: 602\/1024;\" \/><noscript><img decoding=\"async\" class=\"alignnone size-large wp-image-57291\" src=\"https:\/\/www.franz-josef.cz\/wp-content\/uploads\/2025\/11\/1140-3-602x1024.jpg\" alt=\"\" width=\"602\" height=\"1024\" srcset=\"https:\/\/www.franz-josef.cz\/wp-content\/uploads\/2025\/11\/1140-3-602x1024.jpg 602w, https:\/\/www.franz-josef.cz\/wp-content\/uploads\/2025\/11\/1140-3-176x300.jpg 176w, https:\/\/www.franz-josef.cz\/wp-content\/uploads\/2025\/11\/1140-3-768x1306.jpg 768w, https:\/\/www.franz-josef.cz\/wp-content\/uploads\/2025\/11\/1140-3-903x1536.jpg 903w, https:\/\/www.franz-josef.cz\/wp-content\/uploads\/2025\/11\/1140-3-1205x2048.jpg 1205w, https:\/\/www.franz-josef.cz\/wp-content\/uploads\/2025\/11\/1140-3-7x12.jpg 7w, https:\/\/www.franz-josef.cz\/wp-content\/uploads\/2025\/11\/1140-3-scaled.jpg 1506w\" sizes=\"(max-width: 602px) 100vw, 602px\" \/><\/noscript> <img decoding=\"async\" class=\"alignnone size-large wp-image-57292 lazyload\" data-src=\"https:\/\/www.franz-josef.cz\/wp-content\/uploads\/2025\/11\/1140-4-461x1024.jpg\" alt=\"\" width=\"461\" height=\"1024\" data-srcset=\"https:\/\/www.franz-josef.cz\/wp-content\/uploads\/2025\/11\/1140-4-461x1024.jpg 461w, https:\/\/www.franz-josef.cz\/wp-content\/uploads\/2025\/11\/1140-4-135x300.jpg 135w, https:\/\/www.franz-josef.cz\/wp-content\/uploads\/2025\/11\/1140-4-768x1708.jpg 768w, https:\/\/www.franz-josef.cz\/wp-content\/uploads\/2025\/11\/1140-4-691x1536.jpg 691w, https:\/\/www.franz-josef.cz\/wp-content\/uploads\/2025\/11\/1140-4-921x2048.jpg 921w, https:\/\/www.franz-josef.cz\/wp-content\/uploads\/2025\/11\/1140-4-5x12.jpg 5w, https:\/\/www.franz-josef.cz\/wp-content\/uploads\/2025\/11\/1140-4-scaled.jpg 1151w\" data-sizes=\"(max-width: 461px) 100vw, 461px\" src=\"data:image\/gif;base64,R0lGODlhAQABAAAAACH5BAEKAAEALAAAAAABAAEAAAICTAEAOw==\" style=\"--smush-placeholder-width: 461px; --smush-placeholder-aspect-ratio: 461\/1024;\" \/><noscript><img loading=\"lazy\" decoding=\"async\" class=\"alignnone size-large wp-image-57292\" src=\"https:\/\/www.franz-josef.cz\/wp-content\/uploads\/2025\/11\/1140-4-461x1024.jpg\" alt=\"\" width=\"461\" height=\"1024\" srcset=\"https:\/\/www.franz-josef.cz\/wp-content\/uploads\/2025\/11\/1140-4-461x1024.jpg 461w, https:\/\/www.franz-josef.cz\/wp-content\/uploads\/2025\/11\/1140-4-135x300.jpg 135w, https:\/\/www.franz-josef.cz\/wp-content\/uploads\/2025\/11\/1140-4-768x1708.jpg 768w, https:\/\/www.franz-josef.cz\/wp-content\/uploads\/2025\/11\/1140-4-691x1536.jpg 691w, https:\/\/www.franz-josef.cz\/wp-content\/uploads\/2025\/11\/1140-4-921x2048.jpg 921w, https:\/\/www.franz-josef.cz\/wp-content\/uploads\/2025\/11\/1140-4-5x12.jpg 5w, https:\/\/www.franz-josef.cz\/wp-content\/uploads\/2025\/11\/1140-4-scaled.jpg 1151w\" sizes=\"(max-width: 461px) 100vw, 461px\" \/><\/noscript> <img decoding=\"async\" class=\"alignnone size-large wp-image-57293 lazyload\" data-src=\"https:\/\/www.franz-josef.cz\/wp-content\/uploads\/2025\/11\/1140-5-559x1024.jpg\" alt=\"\" width=\"559\" height=\"1024\" data-srcset=\"https:\/\/www.franz-josef.cz\/wp-content\/uploads\/2025\/11\/1140-5-559x1024.jpg 559w, https:\/\/www.franz-josef.cz\/wp-content\/uploads\/2025\/11\/1140-5-164x300.jpg 164w, https:\/\/www.franz-josef.cz\/wp-content\/uploads\/2025\/11\/1140-5-768x1406.jpg 768w, https:\/\/www.franz-josef.cz\/wp-content\/uploads\/2025\/11\/1140-5-839x1536.jpg 839w, https:\/\/www.franz-josef.cz\/wp-content\/uploads\/2025\/11\/1140-5-1119x2048.jpg 1119w, https:\/\/www.franz-josef.cz\/wp-content\/uploads\/2025\/11\/1140-5-7x12.jpg 7w, https:\/\/www.franz-josef.cz\/wp-content\/uploads\/2025\/11\/1140-5-scaled.jpg 1399w\" data-sizes=\"(max-width: 559px) 100vw, 559px\" src=\"data:image\/gif;base64,R0lGODlhAQABAAAAACH5BAEKAAEALAAAAAABAAEAAAICTAEAOw==\" style=\"--smush-placeholder-width: 559px; --smush-placeholder-aspect-ratio: 559\/1024;\" \/><noscript><img loading=\"lazy\" decoding=\"async\" class=\"alignnone size-large wp-image-57293\" src=\"https:\/\/www.franz-josef.cz\/wp-content\/uploads\/2025\/11\/1140-5-559x1024.jpg\" alt=\"\" width=\"559\" height=\"1024\" srcset=\"https:\/\/www.franz-josef.cz\/wp-content\/uploads\/2025\/11\/1140-5-559x1024.jpg 559w, https:\/\/www.franz-josef.cz\/wp-content\/uploads\/2025\/11\/1140-5-164x300.jpg 164w, https:\/\/www.franz-josef.cz\/wp-content\/uploads\/2025\/11\/1140-5-768x1406.jpg 768w, https:\/\/www.franz-josef.cz\/wp-content\/uploads\/2025\/11\/1140-5-839x1536.jpg 839w, https:\/\/www.franz-josef.cz\/wp-content\/uploads\/2025\/11\/1140-5-1119x2048.jpg 1119w, https:\/\/www.franz-josef.cz\/wp-content\/uploads\/2025\/11\/1140-5-7x12.jpg 7w, https:\/\/www.franz-josef.cz\/wp-content\/uploads\/2025\/11\/1140-5-scaled.jpg 1399w\" sizes=\"(max-width: 559px) 100vw, 559px\" \/><\/noscript> <img decoding=\"async\" class=\"alignnone size-large wp-image-57295 lazyload\" data-src=\"https:\/\/www.franz-josef.cz\/wp-content\/uploads\/2025\/11\/1140-7-622x1024.jpg\" alt=\"\" width=\"622\" height=\"1024\" data-srcset=\"https:\/\/www.franz-josef.cz\/wp-content\/uploads\/2025\/11\/1140-7-622x1024.jpg 622w, https:\/\/www.franz-josef.cz\/wp-content\/uploads\/2025\/11\/1140-7-182x300.jpg 182w, https:\/\/www.franz-josef.cz\/wp-content\/uploads\/2025\/11\/1140-7-768x1264.jpg 768w, https:\/\/www.franz-josef.cz\/wp-content\/uploads\/2025\/11\/1140-7-934x1536.jpg 934w, https:\/\/www.franz-josef.cz\/wp-content\/uploads\/2025\/11\/1140-7-1245x2048.jpg 1245w, https:\/\/www.franz-josef.cz\/wp-content\/uploads\/2025\/11\/1140-7-7x12.jpg 7w, https:\/\/www.franz-josef.cz\/wp-content\/uploads\/2025\/11\/1140-7-scaled.jpg 1556w\" data-sizes=\"(max-width: 622px) 100vw, 622px\" src=\"data:image\/gif;base64,R0lGODlhAQABAAAAACH5BAEKAAEALAAAAAABAAEAAAICTAEAOw==\" style=\"--smush-placeholder-width: 622px; --smush-placeholder-aspect-ratio: 622\/1024;\" \/><noscript><img loading=\"lazy\" decoding=\"async\" class=\"alignnone size-large wp-image-57295\" src=\"https:\/\/www.franz-josef.cz\/wp-content\/uploads\/2025\/11\/1140-7-622x1024.jpg\" alt=\"\" width=\"622\" height=\"1024\" srcset=\"https:\/\/www.franz-josef.cz\/wp-content\/uploads\/2025\/11\/1140-7-622x1024.jpg 622w, https:\/\/www.franz-josef.cz\/wp-content\/uploads\/2025\/11\/1140-7-182x300.jpg 182w, https:\/\/www.franz-josef.cz\/wp-content\/uploads\/2025\/11\/1140-7-768x1264.jpg 768w, https:\/\/www.franz-josef.cz\/wp-content\/uploads\/2025\/11\/1140-7-934x1536.jpg 934w, https:\/\/www.franz-josef.cz\/wp-content\/uploads\/2025\/11\/1140-7-1245x2048.jpg 1245w, https:\/\/www.franz-josef.cz\/wp-content\/uploads\/2025\/11\/1140-7-7x12.jpg 7w, https:\/\/www.franz-josef.cz\/wp-content\/uploads\/2025\/11\/1140-7-scaled.jpg 1556w\" sizes=\"(max-width: 622px) 100vw, 622px\" \/><\/noscript> <img decoding=\"async\" class=\"alignnone size-large wp-image-57296 lazyload\" data-src=\"https:\/\/www.franz-josef.cz\/wp-content\/uploads\/2025\/11\/1140-8-949x1024.jpg\" alt=\"\" width=\"949\" height=\"1024\" data-srcset=\"https:\/\/www.franz-josef.cz\/wp-content\/uploads\/2025\/11\/1140-8-949x1024.jpg 949w, https:\/\/www.franz-josef.cz\/wp-content\/uploads\/2025\/11\/1140-8-278x300.jpg 278w, https:\/\/www.franz-josef.cz\/wp-content\/uploads\/2025\/11\/1140-8-768x829.jpg 768w, https:\/\/www.franz-josef.cz\/wp-content\/uploads\/2025\/11\/1140-8-1423x1536.jpg 1423w, https:\/\/www.franz-josef.cz\/wp-content\/uploads\/2025\/11\/1140-8-1898x2048.jpg 1898w, https:\/\/www.franz-josef.cz\/wp-content\/uploads\/2025\/11\/1140-8-11x12.jpg 11w\" data-sizes=\"(max-width: 949px) 100vw, 949px\" src=\"data:image\/gif;base64,R0lGODlhAQABAAAAACH5BAEKAAEALAAAAAABAAEAAAICTAEAOw==\" style=\"--smush-placeholder-width: 949px; --smush-placeholder-aspect-ratio: 949\/1024;\" \/><noscript><img loading=\"lazy\" decoding=\"async\" class=\"alignnone size-large wp-image-57296\" src=\"https:\/\/www.franz-josef.cz\/wp-content\/uploads\/2025\/11\/1140-8-949x1024.jpg\" alt=\"\" width=\"949\" height=\"1024\" srcset=\"https:\/\/www.franz-josef.cz\/wp-content\/uploads\/2025\/11\/1140-8-949x1024.jpg 949w, https:\/\/www.franz-josef.cz\/wp-content\/uploads\/2025\/11\/1140-8-278x300.jpg 278w, https:\/\/www.franz-josef.cz\/wp-content\/uploads\/2025\/11\/1140-8-768x829.jpg 768w, https:\/\/www.franz-josef.cz\/wp-content\/uploads\/2025\/11\/1140-8-1423x1536.jpg 1423w, https:\/\/www.franz-josef.cz\/wp-content\/uploads\/2025\/11\/1140-8-1898x2048.jpg 1898w, https:\/\/www.franz-josef.cz\/wp-content\/uploads\/2025\/11\/1140-8-11x12.jpg 11w\" sizes=\"(max-width: 949px) 100vw, 949px\" \/><\/noscript> <img decoding=\"async\" class=\"alignnone size-large wp-image-57297 lazyload\" data-src=\"https:\/\/www.franz-josef.cz\/wp-content\/uploads\/2025\/11\/1140-9-514x1024.jpg\" alt=\"\" width=\"514\" height=\"1024\" data-srcset=\"https:\/\/www.franz-josef.cz\/wp-content\/uploads\/2025\/11\/1140-9-514x1024.jpg 514w, https:\/\/www.franz-josef.cz\/wp-content\/uploads\/2025\/11\/1140-9-151x300.jpg 151w, https:\/\/www.franz-josef.cz\/wp-content\/uploads\/2025\/11\/1140-9-768x1530.jpg 768w, https:\/\/www.franz-josef.cz\/wp-content\/uploads\/2025\/11\/1140-9-771x1536.jpg 771w, https:\/\/www.franz-josef.cz\/wp-content\/uploads\/2025\/11\/1140-9-1028x2048.jpg 1028w, https:\/\/www.franz-josef.cz\/wp-content\/uploads\/2025\/11\/1140-9-6x12.jpg 6w, https:\/\/www.franz-josef.cz\/wp-content\/uploads\/2025\/11\/1140-9-scaled.jpg 1285w\" data-sizes=\"(max-width: 514px) 100vw, 514px\" src=\"data:image\/gif;base64,R0lGODlhAQABAAAAACH5BAEKAAEALAAAAAABAAEAAAICTAEAOw==\" style=\"--smush-placeholder-width: 514px; --smush-placeholder-aspect-ratio: 514\/1024;\" \/><noscript><img loading=\"lazy\" decoding=\"async\" class=\"alignnone size-large wp-image-57297\" src=\"https:\/\/www.franz-josef.cz\/wp-content\/uploads\/2025\/11\/1140-9-514x1024.jpg\" alt=\"\" width=\"514\" height=\"1024\" srcset=\"https:\/\/www.franz-josef.cz\/wp-content\/uploads\/2025\/11\/1140-9-514x1024.jpg 514w, https:\/\/www.franz-josef.cz\/wp-content\/uploads\/2025\/11\/1140-9-151x300.jpg 151w, https:\/\/www.franz-josef.cz\/wp-content\/uploads\/2025\/11\/1140-9-768x1530.jpg 768w, https:\/\/www.franz-josef.cz\/wp-content\/uploads\/2025\/11\/1140-9-771x1536.jpg 771w, https:\/\/www.franz-josef.cz\/wp-content\/uploads\/2025\/11\/1140-9-1028x2048.jpg 1028w, https:\/\/www.franz-josef.cz\/wp-content\/uploads\/2025\/11\/1140-9-6x12.jpg 6w, https:\/\/www.franz-josef.cz\/wp-content\/uploads\/2025\/11\/1140-9-scaled.jpg 1285w\" sizes=\"(max-width: 514px) 100vw, 514px\" \/><\/noscript> <img decoding=\"async\" class=\"alignnone size-large wp-image-57299 lazyload\" data-src=\"https:\/\/www.franz-josef.cz\/wp-content\/uploads\/2025\/11\/1140-11-976x1024.jpg\" alt=\"\" width=\"976\" height=\"1024\" data-srcset=\"https:\/\/www.franz-josef.cz\/wp-content\/uploads\/2025\/11\/1140-11-976x1024.jpg 976w, https:\/\/www.franz-josef.cz\/wp-content\/uploads\/2025\/11\/1140-11-286x300.jpg 286w, https:\/\/www.franz-josef.cz\/wp-content\/uploads\/2025\/11\/1140-11-768x806.jpg 768w, https:\/\/www.franz-josef.cz\/wp-content\/uploads\/2025\/11\/1140-11-1464x1536.jpg 1464w, https:\/\/www.franz-josef.cz\/wp-content\/uploads\/2025\/11\/1140-11-1952x2048.jpg 1952w, https:\/\/www.franz-josef.cz\/wp-content\/uploads\/2025\/11\/1140-11-11x12.jpg 11w\" data-sizes=\"(max-width: 976px) 100vw, 976px\" src=\"data:image\/gif;base64,R0lGODlhAQABAAAAACH5BAEKAAEALAAAAAABAAEAAAICTAEAOw==\" style=\"--smush-placeholder-width: 976px; --smush-placeholder-aspect-ratio: 976\/1024;\" \/><noscript><img loading=\"lazy\" decoding=\"async\" class=\"alignnone size-large wp-image-57299\" src=\"https:\/\/www.franz-josef.cz\/wp-content\/uploads\/2025\/11\/1140-11-976x1024.jpg\" alt=\"\" width=\"976\" height=\"1024\" srcset=\"https:\/\/www.franz-josef.cz\/wp-content\/uploads\/2025\/11\/1140-11-976x1024.jpg 976w, https:\/\/www.franz-josef.cz\/wp-content\/uploads\/2025\/11\/1140-11-286x300.jpg 286w, https:\/\/www.franz-josef.cz\/wp-content\/uploads\/2025\/11\/1140-11-768x806.jpg 768w, https:\/\/www.franz-josef.cz\/wp-content\/uploads\/2025\/11\/1140-11-1464x1536.jpg 1464w, https:\/\/www.franz-josef.cz\/wp-content\/uploads\/2025\/11\/1140-11-1952x2048.jpg 1952w, https:\/\/www.franz-josef.cz\/wp-content\/uploads\/2025\/11\/1140-11-11x12.jpg 11w\" sizes=\"(max-width: 976px) 100vw, 976px\" \/><\/noscript><\/p>","protected":false},"author":3,"featured_media":57291,"template":"","zaradit-polozku-na-prodej":[253],"class_list":["post-57288","polozky-v-prodeji","type-polozky-v-prodeji","status-publish","has-post-thumbnail","hentry","zaradit-polozku-na-prodej-sochy-busty"],"yoast_head":"<!-- This site is optimized with the Yoast SEO Premium plugin v20.12 (Yoast SEO v27.2) - https:\/\/yoast.com\/product\/yoast-seo-premium-wordpress\/ -->\n<title>Busta c\u00edsa\u0159e- Franti\u0161ek Josef , KuK , Franz Josef \/80 cm v\u00fd\u0161ka &#8212; Prodej p\u0159ebytk\u016f &#8212; Muzeum c\u00edsa\u0159e Franz Josefa I.<\/title>\n<meta name=\"description\" content=\"Plno- s\u00e1drov\u00e1 odlitek v perfekt\u00edm stavu\" \/>\n<meta name=\"robots\" content=\"index, follow, max-snippet:-1, max-image-preview:large, max-video-preview:-1\" \/>\n<link rel=\"canonical\" href=\"https:\/\/www.franz-josef.cz\/de\/v-prodeji\/busta-cisare-frantisek-josef-kuk-franz-josef-80-cm-vyska-kopie-vyrobena-z-meho-originalu-pred-30ti-lety\/\" \/>\n<meta property=\"og:locale\" content=\"de_DE\" \/>\n<meta property=\"og:type\" content=\"article\" \/>\n<meta property=\"og:title\" content=\"Busta c\u00edsa\u0159e- Franti\u0161ek Josef , KuK , Franz Josef \/80 cm v\u00fd\u0161ka\" \/>\n<meta property=\"og:description\" content=\"Plno- s\u00e1drov\u00e1 odlitek v perfekt\u00edm stavu\" \/>\n<meta property=\"og:url\" content=\"https:\/\/www.franz-josef.cz\/de\/v-prodeji\/busta-cisare-frantisek-josef-kuk-franz-josef-80-cm-vyska-kopie-vyrobena-z-meho-originalu-pred-30ti-lety\/\" \/>\n<meta property=\"og:site_name\" content=\"Muzeum c\u00edsa\u0159e Franz Josefa I.\" \/>\n<meta property=\"article:modified_time\" content=\"2025-11-14T13:53:31+00:00\" \/>\n<meta property=\"og:image\" content=\"https:\/\/www.franz-josef.cz\/wp-content\/uploads\/2025\/11\/1140-3-scaled.jpg\" \/>\n\t<meta property=\"og:image:width\" content=\"1506\" \/>\n\t<meta property=\"og:image:height\" content=\"2560\" \/>\n\t<meta property=\"og:image:type\" content=\"image\/jpeg\" \/>\n<meta name=\"twitter:card\" content=\"summary_large_image\" \/>\n<meta name=\"twitter:label1\" content=\"Gesch\u00e4tzte Lesezeit\" \/>\n\t<meta name=\"twitter:data1\" content=\"3\u00a0Minuten\" \/>\n<script type=\"application\/ld+json\" class=\"yoast-schema-graph\">{\"@context\":\"https:\/\/schema.org\",\"@graph\":[{\"@type\":\"WebPage\",\"@id\":\"https:\/\/www.franz-josef.cz\/v-prodeji\/busta-cisare-frantisek-josef-kuk-franz-josef-80-cm-vyska-kopie-vyrobena-z-meho-originalu-pred-30ti-lety\/\",\"url\":\"https:\/\/www.franz-josef.cz\/v-prodeji\/busta-cisare-frantisek-josef-kuk-franz-josef-80-cm-vyska-kopie-vyrobena-z-meho-originalu-pred-30ti-lety\/\",\"name\":\"Busta c\u00edsa\u0159e- Franti\u0161ek Josef , KuK , Franz Josef \/80 cm v\u00fd\u0161ka &#8212; Prodej p\u0159ebytk\u016f &#8212; Muzeum c\u00edsa\u0159e Franz Josefa I.\",\"isPartOf\":{\"@id\":\"https:\/\/www.franz-josef.cz\/#website\"},\"primaryImageOfPage\":{\"@id\":\"https:\/\/www.franz-josef.cz\/v-prodeji\/busta-cisare-frantisek-josef-kuk-franz-josef-80-cm-vyska-kopie-vyrobena-z-meho-originalu-pred-30ti-lety\/#primaryimage\"},\"image\":{\"@id\":\"https:\/\/www.franz-josef.cz\/v-prodeji\/busta-cisare-frantisek-josef-kuk-franz-josef-80-cm-vyska-kopie-vyrobena-z-meho-originalu-pred-30ti-lety\/#primaryimage\"},\"thumbnailUrl\":\"https:\/\/www.franz-josef.cz\/wp-content\/uploads\/2025\/11\/1140-3-scaled.jpg\",\"datePublished\":\"2025-11-14T13:50:07+00:00\",\"dateModified\":\"2025-11-14T13:53:31+00:00\",\"description\":\"Plno- s\u00e1drov\u00e1 odlitek v perfekt\u00edm stavu\",\"breadcrumb\":{\"@id\":\"https:\/\/www.franz-josef.cz\/v-prodeji\/busta-cisare-frantisek-josef-kuk-franz-josef-80-cm-vyska-kopie-vyrobena-z-meho-originalu-pred-30ti-lety\/#breadcrumb\"},\"inLanguage\":\"de\",\"potentialAction\":[{\"@type\":\"ReadAction\",\"target\":[\"https:\/\/www.franz-josef.cz\/v-prodeji\/busta-cisare-frantisek-josef-kuk-franz-josef-80-cm-vyska-kopie-vyrobena-z-meho-originalu-pred-30ti-lety\/\"]}]},{\"@type\":\"ImageObject\",\"inLanguage\":\"de\",\"@id\":\"https:\/\/www.franz-josef.cz\/v-prodeji\/busta-cisare-frantisek-josef-kuk-franz-josef-80-cm-vyska-kopie-vyrobena-z-meho-originalu-pred-30ti-lety\/#primaryimage\",\"url\":\"https:\/\/www.franz-josef.cz\/wp-content\/uploads\/2025\/11\/1140-3-scaled.jpg\",\"contentUrl\":\"https:\/\/www.franz-josef.cz\/wp-content\/uploads\/2025\/11\/1140-3-scaled.jpg\",\"width\":1506,\"height\":2560},{\"@type\":\"BreadcrumbList\",\"@id\":\"https:\/\/www.franz-josef.cz\/v-prodeji\/busta-cisare-frantisek-josef-kuk-franz-josef-80-cm-vyska-kopie-vyrobena-z-meho-originalu-pred-30ti-lety\/#breadcrumb\",\"itemListElement\":[{\"@type\":\"ListItem\",\"position\":1,\"name\":\"Home\",\"item\":\"https:\/\/www.franz-josef.cz\/\"},{\"@type\":\"ListItem\",\"position\":2,\"name\":\"Polo\u017eky v prodeji\",\"item\":\"https:\/\/www.franz-josef.cz\/v-prodeji\/\"},{\"@type\":\"ListItem\",\"position\":3,\"name\":\"Busta c\u00edsa\u0159e- Franti\u0161ek Josef , KuK , Franz Josef \/80 cm v\u00fd\u0161ka\"}]},{\"@type\":\"WebSite\",\"@id\":\"https:\/\/www.franz-josef.cz\/#website\",\"url\":\"https:\/\/www.franz-josef.cz\/\",\"name\":\"Muzeum c\u00edsa\u0159e Franz Josefa I.\",\"description\":\"\",\"publisher\":{\"@id\":\"https:\/\/www.franz-josef.cz\/#organization\"},\"alternateName\":\"Franz Joseph\",\"potentialAction\":[{\"@type\":\"SearchAction\",\"target\":{\"@type\":\"EntryPoint\",\"urlTemplate\":\"https:\/\/www.franz-josef.cz\/?s={search_term_string}\"},\"query-input\":{\"@type\":\"PropertyValueSpecification\",\"valueRequired\":true,\"valueName\":\"search_term_string\"}}],\"inLanguage\":\"de\"},{\"@type\":\"Organization\",\"@id\":\"https:\/\/www.franz-josef.cz\/#organization\",\"name\":\"Muzeum Franz Josefa I.\",\"alternateName\":\"Franz Jozef\",\"url\":\"https:\/\/www.franz-josef.cz\/\",\"logo\":{\"@type\":\"ImageObject\",\"inLanguage\":\"de\",\"@id\":\"https:\/\/www.franz-josef.cz\/#\/schema\/logo\/image\/\",\"url\":\"https:\/\/www.franz-josef.cz\/wp-content\/uploads\/2023\/08\/Muzeum-Franz-Jozef-logo-696x696-1.png\",\"contentUrl\":\"https:\/\/www.franz-josef.cz\/wp-content\/uploads\/2023\/08\/Muzeum-Franz-Jozef-logo-696x696-1.png\",\"width\":696,\"height\":696,\"caption\":\"Muzeum Franz Josefa I.\"},\"image\":{\"@id\":\"https:\/\/www.franz-josef.cz\/#\/schema\/logo\/image\/\"}}]}<\/script>\n<!-- \/ Yoast SEO Premium plugin. -->","yoast_head_json":{"title":"Busta c\u00edsa\u0159e- Franti\u0161ek Josef , KuK , Franz Josef \/80 cm v\u00fd\u0161ka &#8212; Prodej p\u0159ebytk\u016f &#8212; Muzeum c\u00edsa\u0159e Franz Josefa I.","description":"Plno- s\u00e1drov\u00e1 odlitek v perfekt\u00edm stavu","robots":{"index":"index","follow":"follow","max-snippet":"max-snippet:-1","max-image-preview":"max-image-preview:large","max-video-preview":"max-video-preview:-1"},"canonical":"https:\/\/www.franz-josef.cz\/de\/v-prodeji\/busta-cisare-frantisek-josef-kuk-franz-josef-80-cm-vyska-kopie-vyrobena-z-meho-originalu-pred-30ti-lety\/","og_locale":"de_DE","og_type":"article","og_title":"Busta c\u00edsa\u0159e- Franti\u0161ek Josef , KuK , Franz Josef \/80 cm v\u00fd\u0161ka","og_description":"Plno- s\u00e1drov\u00e1 odlitek v perfekt\u00edm stavu","og_url":"https:\/\/www.franz-josef.cz\/de\/v-prodeji\/busta-cisare-frantisek-josef-kuk-franz-josef-80-cm-vyska-kopie-vyrobena-z-meho-originalu-pred-30ti-lety\/","og_site_name":"Muzeum c\u00edsa\u0159e Franz Josefa I.","article_modified_time":"2025-11-14T13:53:31+00:00","og_image":[{"width":1506,"height":2560,"url":"https:\/\/www.franz-josef.cz\/wp-content\/uploads\/2025\/11\/1140-3-scaled.jpg","type":"image\/jpeg"}],"twitter_card":"summary_large_image","twitter_misc":{"Gesch\u00e4tzte Lesezeit":"3\u00a0Minuten"},"schema":{"@context":"https:\/\/schema.org","@graph":[{"@type":"WebPage","@id":"https:\/\/www.franz-josef.cz\/v-prodeji\/busta-cisare-frantisek-josef-kuk-franz-josef-80-cm-vyska-kopie-vyrobena-z-meho-originalu-pred-30ti-lety\/","url":"https:\/\/www.franz-josef.cz\/v-prodeji\/busta-cisare-frantisek-josef-kuk-franz-josef-80-cm-vyska-kopie-vyrobena-z-meho-originalu-pred-30ti-lety\/","name":"Busta c\u00edsa\u0159e- Franti\u0161ek Josef , KuK , Franz Josef \/80 cm v\u00fd\u0161ka &#8212; Prodej p\u0159ebytk\u016f &#8212; Muzeum c\u00edsa\u0159e Franz Josefa I.","isPartOf":{"@id":"https:\/\/www.franz-josef.cz\/#website"},"primaryImageOfPage":{"@id":"https:\/\/www.franz-josef.cz\/v-prodeji\/busta-cisare-frantisek-josef-kuk-franz-josef-80-cm-vyska-kopie-vyrobena-z-meho-originalu-pred-30ti-lety\/#primaryimage"},"image":{"@id":"https:\/\/www.franz-josef.cz\/v-prodeji\/busta-cisare-frantisek-josef-kuk-franz-josef-80-cm-vyska-kopie-vyrobena-z-meho-originalu-pred-30ti-lety\/#primaryimage"},"thumbnailUrl":"https:\/\/www.franz-josef.cz\/wp-content\/uploads\/2025\/11\/1140-3-scaled.jpg","datePublished":"2025-11-14T13:50:07+00:00","dateModified":"2025-11-14T13:53:31+00:00","description":"Plno- s\u00e1drov\u00e1 odlitek v perfekt\u00edm stavu","breadcrumb":{"@id":"https:\/\/www.franz-josef.cz\/v-prodeji\/busta-cisare-frantisek-josef-kuk-franz-josef-80-cm-vyska-kopie-vyrobena-z-meho-originalu-pred-30ti-lety\/#breadcrumb"},"inLanguage":"de","potentialAction":[{"@type":"ReadAction","target":["https:\/\/www.franz-josef.cz\/v-prodeji\/busta-cisare-frantisek-josef-kuk-franz-josef-80-cm-vyska-kopie-vyrobena-z-meho-originalu-pred-30ti-lety\/"]}]},{"@type":"ImageObject","inLanguage":"de","@id":"https:\/\/www.franz-josef.cz\/v-prodeji\/busta-cisare-frantisek-josef-kuk-franz-josef-80-cm-vyska-kopie-vyrobena-z-meho-originalu-pred-30ti-lety\/#primaryimage","url":"https:\/\/www.franz-josef.cz\/wp-content\/uploads\/2025\/11\/1140-3-scaled.jpg","contentUrl":"https:\/\/www.franz-josef.cz\/wp-content\/uploads\/2025\/11\/1140-3-scaled.jpg","width":1506,"height":2560},{"@type":"BreadcrumbList","@id":"https:\/\/www.franz-josef.cz\/v-prodeji\/busta-cisare-frantisek-josef-kuk-franz-josef-80-cm-vyska-kopie-vyrobena-z-meho-originalu-pred-30ti-lety\/#breadcrumb","itemListElement":[{"@type":"ListItem","position":1,"name":"Home","item":"https:\/\/www.franz-josef.cz\/"},{"@type":"ListItem","position":2,"name":"Polo\u017eky v prodeji","item":"https:\/\/www.franz-josef.cz\/v-prodeji\/"},{"@type":"ListItem","position":3,"name":"Busta c\u00edsa\u0159e- Franti\u0161ek Josef , KuK , Franz Josef \/80 cm v\u00fd\u0161ka"}]},{"@type":"WebSite","@id":"https:\/\/www.franz-josef.cz\/#website","url":"https:\/\/www.franz-josef.cz\/","name":"Muzeum c\u00edsa\u0159e Franz Josefa I.","description":"","publisher":{"@id":"https:\/\/www.franz-josef.cz\/#organization"},"alternateName":"Franz Joseph","potentialAction":[{"@type":"SearchAction","target":{"@type":"EntryPoint","urlTemplate":"https:\/\/www.franz-josef.cz\/?s={search_term_string}"},"query-input":{"@type":"PropertyValueSpecification","valueRequired":true,"valueName":"search_term_string"}}],"inLanguage":"de"},{"@type":"Organization","@id":"https:\/\/www.franz-josef.cz\/#organization","name":"Muzeum Franz Josefa I.","alternateName":"Franz Jozef","url":"https:\/\/www.franz-josef.cz\/","logo":{"@type":"ImageObject","inLanguage":"de","@id":"https:\/\/www.franz-josef.cz\/#\/schema\/logo\/image\/","url":"https:\/\/www.franz-josef.cz\/wp-content\/uploads\/2023\/08\/Muzeum-Franz-Jozef-logo-696x696-1.png","contentUrl":"https:\/\/www.franz-josef.cz\/wp-content\/uploads\/2023\/08\/Muzeum-Franz-Jozef-logo-696x696-1.png","width":696,"height":696,"caption":"Muzeum Franz Josefa I."},"image":{"@id":"https:\/\/www.franz-josef.cz\/#\/schema\/logo\/image\/"}}]}},"_links":{"self":[{"href":"https:\/\/www.franz-josef.cz\/de\/wp-json\/wp\/v2\/polozky-v-prodeji\/57288","targetHints":{"allow":["GET"]}}],"collection":[{"href":"https:\/\/www.franz-josef.cz\/de\/wp-json\/wp\/v2\/polozky-v-prodeji"}],"about":[{"href":"https:\/\/www.franz-josef.cz\/de\/wp-json\/wp\/v2\/types\/polozky-v-prodeji"}],"author":[{"embeddable":true,"href":"https:\/\/www.franz-josef.cz\/de\/wp-json\/wp\/v2\/users\/3"}],"wp:featuredmedia":[{"embeddable":true,"href":"https:\/\/www.franz-josef.cz\/de\/wp-json\/wp\/v2\/media\/57291"}],"wp:attachment":[{"href":"https:\/\/www.franz-josef.cz\/de\/wp-json\/wp\/v2\/media?parent=57288"}],"wp:term":[{"taxonomy":"zaradit-polozku-na-prodej","embeddable":true,"href":"https:\/\/www.franz-josef.cz\/de\/wp-json\/wp\/v2\/zaradit-polozku-na-prodej?post=57288"}],"curies":[{"name":"wp","href":"https:\/\/api.w.org\/{rel}","templated":true}]}}