{"id":10614,"date":"2023-06-24T21:30:14","date_gmt":"2023-06-24T19:30:14","guid":{"rendered":"https:\/\/www.franz-josef.cz\/?post_type=exponaty&#038;p=10614"},"modified":"2023-06-24T21:30:14","modified_gmt":"2023-06-24T19:30:14","slug":"tezitko-frantisek-josef-i","status":"publish","type":"exponaty","link":"https:\/\/www.franz-josef.cz\/en\/exponaty\/tezitko-frantisek-josef-i\/","title":{"rendered":"Glass paperweight - Franti\u0161ek Josef I."},"content":{"rendered":"<p><img fetchpriority=\"high\" decoding=\"async\" class=\"alignnone size-large wp-image-10615\" src=\"https:\/\/www.franz-josef.cz\/wp-content\/uploads\/2023\/06\/53-kopie-1024x917.jpg\" alt=\"\" width=\"1024\" height=\"917\" srcset=\"https:\/\/www.franz-josef.cz\/wp-content\/uploads\/2023\/06\/53-kopie-1024x917.jpg 1024w, https:\/\/www.franz-josef.cz\/wp-content\/uploads\/2023\/06\/53-kopie-300x269.jpg 300w, https:\/\/www.franz-josef.cz\/wp-content\/uploads\/2023\/06\/53-kopie-768x688.jpg 768w, https:\/\/www.franz-josef.cz\/wp-content\/uploads\/2023\/06\/53-kopie-1536x1376.jpg 1536w, https:\/\/www.franz-josef.cz\/wp-content\/uploads\/2023\/06\/53-kopie-2048x1834.jpg 2048w, https:\/\/www.franz-josef.cz\/wp-content\/uploads\/2023\/06\/53-kopie-335x300.jpg 335w, https:\/\/www.franz-josef.cz\/wp-content\/uploads\/2023\/06\/53-kopie-310x278.jpg 310w, https:\/\/www.franz-josef.cz\/wp-content\/uploads\/2023\/06\/53-kopie-117x105.jpg 117w\" sizes=\"(max-width: 1024px) 100vw, 1024px\" \/> <img decoding=\"async\" class=\"alignnone size-large wp-image-10616 lazyload\" data-src=\"https:\/\/www.franz-josef.cz\/wp-content\/uploads\/2023\/06\/54-kopie-1024x831.jpg\" alt=\"\" width=\"1024\" height=\"831\" data-srcset=\"https:\/\/www.franz-josef.cz\/wp-content\/uploads\/2023\/06\/54-kopie-1024x831.jpg 1024w, https:\/\/www.franz-josef.cz\/wp-content\/uploads\/2023\/06\/54-kopie-300x244.jpg 300w, https:\/\/www.franz-josef.cz\/wp-content\/uploads\/2023\/06\/54-kopie-768x624.jpg 768w, https:\/\/www.franz-josef.cz\/wp-content\/uploads\/2023\/06\/54-kopie-1536x1247.jpg 1536w, https:\/\/www.franz-josef.cz\/wp-content\/uploads\/2023\/06\/54-kopie-2048x1663.jpg 2048w, https:\/\/www.franz-josef.cz\/wp-content\/uploads\/2023\/06\/54-kopie-369x300.jpg 369w, https:\/\/www.franz-josef.cz\/wp-content\/uploads\/2023\/06\/54-kopie-310x252.jpg 310w, https:\/\/www.franz-josef.cz\/wp-content\/uploads\/2023\/06\/54-kopie-129x105.jpg 129w\" data-sizes=\"(max-width: 1024px) 100vw, 1024px\" src=\"data:image\/gif;base64,R0lGODlhAQABAAAAACH5BAEKAAEALAAAAAABAAEAAAICTAEAOw==\" style=\"--smush-placeholder-width: 1024px; --smush-placeholder-aspect-ratio: 1024\/831;\" \/><noscript><img decoding=\"async\" class=\"alignnone size-large wp-image-10616\" src=\"https:\/\/www.franz-josef.cz\/wp-content\/uploads\/2023\/06\/54-kopie-1024x831.jpg\" alt=\"\" width=\"1024\" height=\"831\" srcset=\"https:\/\/www.franz-josef.cz\/wp-content\/uploads\/2023\/06\/54-kopie-1024x831.jpg 1024w, https:\/\/www.franz-josef.cz\/wp-content\/uploads\/2023\/06\/54-kopie-300x244.jpg 300w, https:\/\/www.franz-josef.cz\/wp-content\/uploads\/2023\/06\/54-kopie-768x624.jpg 768w, https:\/\/www.franz-josef.cz\/wp-content\/uploads\/2023\/06\/54-kopie-1536x1247.jpg 1536w, https:\/\/www.franz-josef.cz\/wp-content\/uploads\/2023\/06\/54-kopie-2048x1663.jpg 2048w, https:\/\/www.franz-josef.cz\/wp-content\/uploads\/2023\/06\/54-kopie-369x300.jpg 369w, https:\/\/www.franz-josef.cz\/wp-content\/uploads\/2023\/06\/54-kopie-310x252.jpg 310w, https:\/\/www.franz-josef.cz\/wp-content\/uploads\/2023\/06\/54-kopie-129x105.jpg 129w\" sizes=\"(max-width: 1024px) 100vw, 1024px\" \/><\/noscript> <img decoding=\"async\" class=\"alignnone size-large wp-image-10617 lazyload\" data-src=\"https:\/\/www.franz-josef.cz\/wp-content\/uploads\/2023\/06\/55-kopie-1024x987.jpg\" alt=\"\" width=\"1024\" height=\"987\" data-srcset=\"https:\/\/www.franz-josef.cz\/wp-content\/uploads\/2023\/06\/55-kopie-1024x987.jpg 1024w, https:\/\/www.franz-josef.cz\/wp-content\/uploads\/2023\/06\/55-kopie-300x289.jpg 300w, https:\/\/www.franz-josef.cz\/wp-content\/uploads\/2023\/06\/55-kopie-768x740.jpg 768w, https:\/\/www.franz-josef.cz\/wp-content\/uploads\/2023\/06\/55-kopie-1536x1481.jpg 1536w, https:\/\/www.franz-josef.cz\/wp-content\/uploads\/2023\/06\/55-kopie-2048x1974.jpg 2048w, https:\/\/www.franz-josef.cz\/wp-content\/uploads\/2023\/06\/55-kopie-311x300.jpg 311w, https:\/\/www.franz-josef.cz\/wp-content\/uploads\/2023\/06\/55-kopie-310x299.jpg 310w, https:\/\/www.franz-josef.cz\/wp-content\/uploads\/2023\/06\/55-kopie-109x105.jpg 109w\" data-sizes=\"(max-width: 1024px) 100vw, 1024px\" src=\"data:image\/gif;base64,R0lGODlhAQABAAAAACH5BAEKAAEALAAAAAABAAEAAAICTAEAOw==\" style=\"--smush-placeholder-width: 1024px; --smush-placeholder-aspect-ratio: 1024\/987;\" \/><noscript><img decoding=\"async\" class=\"alignnone size-large wp-image-10617\" src=\"https:\/\/www.franz-josef.cz\/wp-content\/uploads\/2023\/06\/55-kopie-1024x987.jpg\" alt=\"\" width=\"1024\" height=\"987\" srcset=\"https:\/\/www.franz-josef.cz\/wp-content\/uploads\/2023\/06\/55-kopie-1024x987.jpg 1024w, https:\/\/www.franz-josef.cz\/wp-content\/uploads\/2023\/06\/55-kopie-300x289.jpg 300w, https:\/\/www.franz-josef.cz\/wp-content\/uploads\/2023\/06\/55-kopie-768x740.jpg 768w, https:\/\/www.franz-josef.cz\/wp-content\/uploads\/2023\/06\/55-kopie-1536x1481.jpg 1536w, https:\/\/www.franz-josef.cz\/wp-content\/uploads\/2023\/06\/55-kopie-2048x1974.jpg 2048w, https:\/\/www.franz-josef.cz\/wp-content\/uploads\/2023\/06\/55-kopie-311x300.jpg 311w, https:\/\/www.franz-josef.cz\/wp-content\/uploads\/2023\/06\/55-kopie-310x299.jpg 310w, https:\/\/www.franz-josef.cz\/wp-content\/uploads\/2023\/06\/55-kopie-109x105.jpg 109w\" sizes=\"(max-width: 1024px) 100vw, 1024px\" \/><\/noscript> <img decoding=\"async\" class=\"alignnone size-large wp-image-10618 lazyload\" data-src=\"https:\/\/www.franz-josef.cz\/wp-content\/uploads\/2023\/06\/1001-kopie-1024x1009.jpg\" alt=\"\" width=\"1024\" height=\"1009\" data-srcset=\"https:\/\/www.franz-josef.cz\/wp-content\/uploads\/2023\/06\/1001-kopie-1024x1009.jpg 1024w, https:\/\/www.franz-josef.cz\/wp-content\/uploads\/2023\/06\/1001-kopie-300x296.jpg 300w, https:\/\/www.franz-josef.cz\/wp-content\/uploads\/2023\/06\/1001-kopie-768x757.jpg 768w, https:\/\/www.franz-josef.cz\/wp-content\/uploads\/2023\/06\/1001-kopie-304x300.jpg 304w, https:\/\/www.franz-josef.cz\/wp-content\/uploads\/2023\/06\/1001-kopie-310x305.jpg 310w, https:\/\/www.franz-josef.cz\/wp-content\/uploads\/2023\/06\/1001-kopie-107x105.jpg 107w, https:\/\/www.franz-josef.cz\/wp-content\/uploads\/2023\/06\/1001-kopie.jpg 1096w\" data-sizes=\"(max-width: 1024px) 100vw, 1024px\" src=\"data:image\/gif;base64,R0lGODlhAQABAAAAACH5BAEKAAEALAAAAAABAAEAAAICTAEAOw==\" style=\"--smush-placeholder-width: 1024px; --smush-placeholder-aspect-ratio: 1024\/1009;\" \/><noscript><img loading=\"lazy\" decoding=\"async\" class=\"alignnone size-large wp-image-10618\" src=\"https:\/\/www.franz-josef.cz\/wp-content\/uploads\/2023\/06\/1001-kopie-1024x1009.jpg\" alt=\"\" width=\"1024\" height=\"1009\" srcset=\"https:\/\/www.franz-josef.cz\/wp-content\/uploads\/2023\/06\/1001-kopie-1024x1009.jpg 1024w, https:\/\/www.franz-josef.cz\/wp-content\/uploads\/2023\/06\/1001-kopie-300x296.jpg 300w, https:\/\/www.franz-josef.cz\/wp-content\/uploads\/2023\/06\/1001-kopie-768x757.jpg 768w, https:\/\/www.franz-josef.cz\/wp-content\/uploads\/2023\/06\/1001-kopie-304x300.jpg 304w, https:\/\/www.franz-josef.cz\/wp-content\/uploads\/2023\/06\/1001-kopie-310x305.jpg 310w, https:\/\/www.franz-josef.cz\/wp-content\/uploads\/2023\/06\/1001-kopie-107x105.jpg 107w, https:\/\/www.franz-josef.cz\/wp-content\/uploads\/2023\/06\/1001-kopie.jpg 1096w\" sizes=\"(max-width: 1024px) 100vw, 1024px\" \/><\/noscript> <img decoding=\"async\" class=\"alignnone size-large wp-image-10619 lazyload\" data-src=\"https:\/\/www.franz-josef.cz\/wp-content\/uploads\/2023\/06\/1002-kopie.jpg\" alt=\"\" width=\"923\" height=\"1013\" data-srcset=\"https:\/\/www.franz-josef.cz\/wp-content\/uploads\/2023\/06\/1002-kopie.jpg 923w, https:\/\/www.franz-josef.cz\/wp-content\/uploads\/2023\/06\/1002-kopie-273x300.jpg 273w, https:\/\/www.franz-josef.cz\/wp-content\/uploads\/2023\/06\/1002-kopie-768x843.jpg 768w, https:\/\/www.franz-josef.cz\/wp-content\/uploads\/2023\/06\/1002-kopie-282x310.jpg 282w, https:\/\/www.franz-josef.cz\/wp-content\/uploads\/2023\/06\/1002-kopie-96x105.jpg 96w\" data-sizes=\"(max-width: 923px) 100vw, 923px\" src=\"data:image\/gif;base64,R0lGODlhAQABAAAAACH5BAEKAAEALAAAAAABAAEAAAICTAEAOw==\" style=\"--smush-placeholder-width: 923px; --smush-placeholder-aspect-ratio: 923\/1013;\" \/><noscript><img loading=\"lazy\" decoding=\"async\" class=\"alignnone size-large wp-image-10619\" src=\"https:\/\/www.franz-josef.cz\/wp-content\/uploads\/2023\/06\/1002-kopie.jpg\" alt=\"\" width=\"923\" height=\"1013\" srcset=\"https:\/\/www.franz-josef.cz\/wp-content\/uploads\/2023\/06\/1002-kopie.jpg 923w, https:\/\/www.franz-josef.cz\/wp-content\/uploads\/2023\/06\/1002-kopie-273x300.jpg 273w, https:\/\/www.franz-josef.cz\/wp-content\/uploads\/2023\/06\/1002-kopie-768x843.jpg 768w, https:\/\/www.franz-josef.cz\/wp-content\/uploads\/2023\/06\/1002-kopie-282x310.jpg 282w, https:\/\/www.franz-josef.cz\/wp-content\/uploads\/2023\/06\/1002-kopie-96x105.jpg 96w\" sizes=\"(max-width: 923px) 100vw, 923px\" \/><\/noscript><\/p>","protected":false},"author":3,"featured_media":10618,"template":"","zarazeno-v-expozici":[229],"class_list":["post-10614","exponaty","type-exponaty","status-publish","has-post-thumbnail","hentry","zarazeno-v-expozici-sochy"],"yoast_head":"<!-- This site is optimized with the Yoast SEO Premium plugin v20.12 (Yoast SEO v27.2) - https:\/\/yoast.com\/product\/yoast-seo-premium-wordpress\/ -->\n<title>T\u011b\u017e\u00edtko- Franti\u0161ek Josef I. &#8212; Muzeum c\u00edsa\u0159e Franz Josefa I.<\/title>\n<meta name=\"robots\" content=\"index, follow, max-snippet:-1, max-image-preview:large, max-video-preview:-1\" \/>\n<link rel=\"canonical\" href=\"https:\/\/www.franz-josef.cz\/en\/exponaty\/tezitko-frantisek-josef-i\/\" \/>\n<meta property=\"og:locale\" content=\"en_GB\" \/>\n<meta property=\"og:type\" content=\"article\" \/>\n<meta property=\"og:title\" content=\"T\u011b\u017e\u00edtko- Franti\u0161ek Josef I.\" \/>\n<meta property=\"og:url\" content=\"https:\/\/www.franz-josef.cz\/en\/exponaty\/tezitko-frantisek-josef-i\/\" \/>\n<meta property=\"og:site_name\" content=\"Muzeum c\u00edsa\u0159e Franz Josefa I.\" \/>\n<meta property=\"og:image\" content=\"https:\/\/www.franz-josef.cz\/wp-content\/uploads\/2023\/06\/1001-kopie.jpg\" \/>\n\t<meta property=\"og:image:width\" content=\"1096\" \/>\n\t<meta property=\"og:image:height\" content=\"1080\" \/>\n\t<meta property=\"og:image:type\" content=\"image\/jpeg\" \/>\n<meta name=\"twitter:card\" content=\"summary_large_image\" \/>\n<script type=\"application\/ld+json\" class=\"yoast-schema-graph\">{\"@context\":\"https:\/\/schema.org\",\"@graph\":[{\"@type\":\"WebPage\",\"@id\":\"https:\/\/www.franz-josef.cz\/exponaty\/tezitko-frantisek-josef-i\/\",\"url\":\"https:\/\/www.franz-josef.cz\/exponaty\/tezitko-frantisek-josef-i\/\",\"name\":\"T\u011b\u017e\u00edtko- Franti\u0161ek Josef I. &#8212; Muzeum c\u00edsa\u0159e Franz Josefa I.\",\"isPartOf\":{\"@id\":\"https:\/\/www.franz-josef.cz\/#website\"},\"primaryImageOfPage\":{\"@id\":\"https:\/\/www.franz-josef.cz\/exponaty\/tezitko-frantisek-josef-i\/#primaryimage\"},\"image\":{\"@id\":\"https:\/\/www.franz-josef.cz\/exponaty\/tezitko-frantisek-josef-i\/#primaryimage\"},\"thumbnailUrl\":\"https:\/\/www.franz-josef.cz\/wp-content\/uploads\/2023\/06\/1001-kopie.jpg\",\"datePublished\":\"2023-06-24T19:30:14+00:00\",\"breadcrumb\":{\"@id\":\"https:\/\/www.franz-josef.cz\/exponaty\/tezitko-frantisek-josef-i\/#breadcrumb\"},\"inLanguage\":\"en-GB\",\"potentialAction\":[{\"@type\":\"ReadAction\",\"target\":[\"https:\/\/www.franz-josef.cz\/exponaty\/tezitko-frantisek-josef-i\/\"]}]},{\"@type\":\"ImageObject\",\"inLanguage\":\"en-GB\",\"@id\":\"https:\/\/www.franz-josef.cz\/exponaty\/tezitko-frantisek-josef-i\/#primaryimage\",\"url\":\"https:\/\/www.franz-josef.cz\/wp-content\/uploads\/2023\/06\/1001-kopie.jpg\",\"contentUrl\":\"https:\/\/www.franz-josef.cz\/wp-content\/uploads\/2023\/06\/1001-kopie.jpg\",\"width\":1096,\"height\":1080},{\"@type\":\"BreadcrumbList\",\"@id\":\"https:\/\/www.franz-josef.cz\/exponaty\/tezitko-frantisek-josef-i\/#breadcrumb\",\"itemListElement\":[{\"@type\":\"ListItem\",\"position\":1,\"name\":\"Home\",\"item\":\"https:\/\/www.franz-josef.cz\/\"},{\"@type\":\"ListItem\",\"position\":2,\"name\":\"Expon\u00e1ty\",\"item\":\"https:\/\/www.franz-josef.cz\/exponaty\/\"},{\"@type\":\"ListItem\",\"position\":3,\"name\":\"T\u011b\u017e\u00edtko- Franti\u0161ek Josef I.\"}]},{\"@type\":\"WebSite\",\"@id\":\"https:\/\/www.franz-josef.cz\/#website\",\"url\":\"https:\/\/www.franz-josef.cz\/\",\"name\":\"Muzeum c\u00edsa\u0159e Franz Josefa I.\",\"description\":\"\",\"publisher\":{\"@id\":\"https:\/\/www.franz-josef.cz\/#organization\"},\"alternateName\":\"Franz Joseph\",\"potentialAction\":[{\"@type\":\"SearchAction\",\"target\":{\"@type\":\"EntryPoint\",\"urlTemplate\":\"https:\/\/www.franz-josef.cz\/?s={search_term_string}\"},\"query-input\":{\"@type\":\"PropertyValueSpecification\",\"valueRequired\":true,\"valueName\":\"search_term_string\"}}],\"inLanguage\":\"en-GB\"},{\"@type\":\"Organization\",\"@id\":\"https:\/\/www.franz-josef.cz\/#organization\",\"name\":\"Muzeum Franz Josefa I.\",\"alternateName\":\"Franz Jozef\",\"url\":\"https:\/\/www.franz-josef.cz\/\",\"logo\":{\"@type\":\"ImageObject\",\"inLanguage\":\"en-GB\",\"@id\":\"https:\/\/www.franz-josef.cz\/#\/schema\/logo\/image\/\",\"url\":\"https:\/\/www.franz-josef.cz\/wp-content\/uploads\/2023\/08\/Muzeum-Franz-Jozef-logo-696x696-1.png\",\"contentUrl\":\"https:\/\/www.franz-josef.cz\/wp-content\/uploads\/2023\/08\/Muzeum-Franz-Jozef-logo-696x696-1.png\",\"width\":696,\"height\":696,\"caption\":\"Muzeum Franz Josefa I.\"},\"image\":{\"@id\":\"https:\/\/www.franz-josef.cz\/#\/schema\/logo\/image\/\"}}]}<\/script>\n<!-- \/ Yoast SEO Premium plugin. -->","yoast_head_json":{"title":"T\u011b\u017e\u00edtko- Franti\u0161ek Josef I. &#8212; Muzeum c\u00edsa\u0159e Franz Josefa I.","robots":{"index":"index","follow":"follow","max-snippet":"max-snippet:-1","max-image-preview":"max-image-preview:large","max-video-preview":"max-video-preview:-1"},"canonical":"https:\/\/www.franz-josef.cz\/en\/exponaty\/tezitko-frantisek-josef-i\/","og_locale":"en_GB","og_type":"article","og_title":"T\u011b\u017e\u00edtko- Franti\u0161ek Josef I.","og_url":"https:\/\/www.franz-josef.cz\/en\/exponaty\/tezitko-frantisek-josef-i\/","og_site_name":"Muzeum c\u00edsa\u0159e Franz Josefa I.","og_image":[{"width":1096,"height":1080,"url":"https:\/\/www.franz-josef.cz\/wp-content\/uploads\/2023\/06\/1001-kopie.jpg","type":"image\/jpeg"}],"twitter_card":"summary_large_image","schema":{"@context":"https:\/\/schema.org","@graph":[{"@type":"WebPage","@id":"https:\/\/www.franz-josef.cz\/exponaty\/tezitko-frantisek-josef-i\/","url":"https:\/\/www.franz-josef.cz\/exponaty\/tezitko-frantisek-josef-i\/","name":"T\u011b\u017e\u00edtko- Franti\u0161ek Josef I. &#8212; Muzeum c\u00edsa\u0159e Franz Josefa I.","isPartOf":{"@id":"https:\/\/www.franz-josef.cz\/#website"},"primaryImageOfPage":{"@id":"https:\/\/www.franz-josef.cz\/exponaty\/tezitko-frantisek-josef-i\/#primaryimage"},"image":{"@id":"https:\/\/www.franz-josef.cz\/exponaty\/tezitko-frantisek-josef-i\/#primaryimage"},"thumbnailUrl":"https:\/\/www.franz-josef.cz\/wp-content\/uploads\/2023\/06\/1001-kopie.jpg","datePublished":"2023-06-24T19:30:14+00:00","breadcrumb":{"@id":"https:\/\/www.franz-josef.cz\/exponaty\/tezitko-frantisek-josef-i\/#breadcrumb"},"inLanguage":"en-GB","potentialAction":[{"@type":"ReadAction","target":["https:\/\/www.franz-josef.cz\/exponaty\/tezitko-frantisek-josef-i\/"]}]},{"@type":"ImageObject","inLanguage":"en-GB","@id":"https:\/\/www.franz-josef.cz\/exponaty\/tezitko-frantisek-josef-i\/#primaryimage","url":"https:\/\/www.franz-josef.cz\/wp-content\/uploads\/2023\/06\/1001-kopie.jpg","contentUrl":"https:\/\/www.franz-josef.cz\/wp-content\/uploads\/2023\/06\/1001-kopie.jpg","width":1096,"height":1080},{"@type":"BreadcrumbList","@id":"https:\/\/www.franz-josef.cz\/exponaty\/tezitko-frantisek-josef-i\/#breadcrumb","itemListElement":[{"@type":"ListItem","position":1,"name":"Home","item":"https:\/\/www.franz-josef.cz\/"},{"@type":"ListItem","position":2,"name":"Expon\u00e1ty","item":"https:\/\/www.franz-josef.cz\/exponaty\/"},{"@type":"ListItem","position":3,"name":"T\u011b\u017e\u00edtko- Franti\u0161ek Josef I."}]},{"@type":"WebSite","@id":"https:\/\/www.franz-josef.cz\/#website","url":"https:\/\/www.franz-josef.cz\/","name":"Muzeum c\u00edsa\u0159e Franz Josefa I.","description":"","publisher":{"@id":"https:\/\/www.franz-josef.cz\/#organization"},"alternateName":"Franz Joseph","potentialAction":[{"@type":"SearchAction","target":{"@type":"EntryPoint","urlTemplate":"https:\/\/www.franz-josef.cz\/?s={search_term_string}"},"query-input":{"@type":"PropertyValueSpecification","valueRequired":true,"valueName":"search_term_string"}}],"inLanguage":"en-GB"},{"@type":"Organization","@id":"https:\/\/www.franz-josef.cz\/#organization","name":"Muzeum Franz Josefa I.","alternateName":"Franz Jozef","url":"https:\/\/www.franz-josef.cz\/","logo":{"@type":"ImageObject","inLanguage":"en-GB","@id":"https:\/\/www.franz-josef.cz\/#\/schema\/logo\/image\/","url":"https:\/\/www.franz-josef.cz\/wp-content\/uploads\/2023\/08\/Muzeum-Franz-Jozef-logo-696x696-1.png","contentUrl":"https:\/\/www.franz-josef.cz\/wp-content\/uploads\/2023\/08\/Muzeum-Franz-Jozef-logo-696x696-1.png","width":696,"height":696,"caption":"Muzeum Franz Josefa I."},"image":{"@id":"https:\/\/www.franz-josef.cz\/#\/schema\/logo\/image\/"}}]}},"_links":{"self":[{"href":"https:\/\/www.franz-josef.cz\/en\/wp-json\/wp\/v2\/exponaty\/10614","targetHints":{"allow":["GET"]}}],"collection":[{"href":"https:\/\/www.franz-josef.cz\/en\/wp-json\/wp\/v2\/exponaty"}],"about":[{"href":"https:\/\/www.franz-josef.cz\/en\/wp-json\/wp\/v2\/types\/exponaty"}],"author":[{"embeddable":true,"href":"https:\/\/www.franz-josef.cz\/en\/wp-json\/wp\/v2\/users\/3"}],"version-history":[{"count":1,"href":"https:\/\/www.franz-josef.cz\/en\/wp-json\/wp\/v2\/exponaty\/10614\/revisions"}],"predecessor-version":[{"id":10620,"href":"https:\/\/www.franz-josef.cz\/en\/wp-json\/wp\/v2\/exponaty\/10614\/revisions\/10620"}],"wp:featuredmedia":[{"embeddable":true,"href":"https:\/\/www.franz-josef.cz\/en\/wp-json\/wp\/v2\/media\/10618"}],"wp:attachment":[{"href":"https:\/\/www.franz-josef.cz\/en\/wp-json\/wp\/v2\/media?parent=10614"}],"wp:term":[{"taxonomy":"zarazeno-v-expozici","embeddable":true,"href":"https:\/\/www.franz-josef.cz\/en\/wp-json\/wp\/v2\/zarazeno-v-expozici?post=10614"}],"curies":[{"name":"wp","href":"https:\/\/api.w.org\/{rel}","templated":true}]}}