{"id":51973,"date":"2023-08-25T18:25:13","date_gmt":"2023-08-25T16:25:13","guid":{"rendered":"https:\/\/www.franz-josef.cz\/?post_type=exponaty&#038;p=51973"},"modified":"2023-09-12T21:16:10","modified_gmt":"2023-09-12T19:16:10","slug":"brno-bosonohy-skola","status":"publish","type":"exponaty","link":"https:\/\/www.franz-josef.cz\/en\/exponaty\/brno-bosonohy-skola\/","title":{"rendered":"BRNO BOSONOHY \u0160KOLA"},"content":{"rendered":"<p><span style=\"color: #05232d\"><span style=\"font-family: Trebuchet MS, sans-serif\"><span style=\"font-size: large\"><b>School with Emperor FJI plaque from 1907<\/b><\/span><\/span><\/span><\/p>\n<p align=\"JUSTIFY\"><span style=\"color: #333333\"><span style=\"font-family: Trebuchet MS, sans-serif\"><span style=\"font-size: medium\"><br \/>\nOriginally, Bosonoh children went to school in Troubsk until 1795, when the Bosonohs built their own school. (Nevertheless, they had to contribute to the repairs of the Troubadour school for many years after that!).<\/span><\/span><\/span><\/p>\n<p align=\"JUSTIFY\"><span style=\"color: #333333\"><span style=\"font-family: Trebuchet MS, sans-serif\"><span style=\"font-size: medium\">The first teacher and at the same time director of the school in Bosonohy was Jakub Pystor from Drahan from 1796, who taught at the school until 1810. Until 1900, 12 head teachers and sub-teachers took turns at the school, including two women, and in the years 1873-1882 Pankr\u00e1c Krko\u0161ka, later editor of the magazine Rovnost.<br \/>\nUnder the director of the school, Julius Z\u00edtek, who worked at the school in the years 1901\u20131923 (and also became the first chronicler of the village from 1923), the school building was rebuilt in the years 1906\u20131907 by the builder Josef Bou\u010dek, when with the addition of the 1st floor, the building became the largest in Barefoot.<br \/>\nIn 1965, the school was further reconstructed and modernized, the building underwent a major repair in 1996 and acquired its present form with the roof structure in 2002. The school has more than two hundred years of tradition, has five classes and provides basic education to more than two hundred children.<\/span><\/span><\/span><\/p>\n<p align=\"JUSTIFY\"><span style=\"color: #333333\"><span style=\"font-family: Trebuchet MS, sans-serif\"><span style=\"font-size: medium\"><br \/>\nIn the entrance hall there is a plaque with the inscription:<br \/>\n<\/span><\/span><\/span><strong><span style=\"color: #000000\"><span style=\"font-family: Trebuchet MS, sans-serif\"><span style=\"font-size: medium\"><b>\"This building was built at the expense of the municipality of Bosono\u017esk\u00e9 in 1907 during the reign of Emperor and King Franti\u0161ek Josef I and dedicated to the education of our youth\".<\/b><\/span><\/span><\/span><\/strong><\/p>\n<p align=\"JUSTIFY\"><span style=\"color: #333333\"><span style=\"font-family: Trebuchet MS, sans-serif\"><span style=\"font-size: medium\"><br \/>\nAfter the creation of Czechoslovakia in 1918, the plaque was removed and stored on the school grounds, from where it was taken down in 2002 and placed in its original location.<\/span><\/span><\/span><\/p>\n<p align=\"JUSTIFY\"><span style=\"color: #333333\"><span style=\"font-family: Trebuchet MS, sans-serif\"><span style=\"font-size: medium\">Source:\u00a0 <a href=\"https:\/\/encyklopedie.brna.cz\/home-mmb\/?acc=profil_domu&amp;load=386\">https:\/\/encyklopedie.brna.cz\/home-mmb\/?acc=profil_domu&amp;load=386<\/a>#<\/span><\/span><\/span><\/p>\n<p align=\"JUSTIFY\"><img fetchpriority=\"high\" decoding=\"async\" class=\"alignnone size-full wp-image-51975\" src=\"https:\/\/www.franz-josef.cz\/wp-content\/uploads\/2023\/08\/BRNO-BOSONOHY-SKOLA.jpg\" alt=\"\" width=\"800\" height=\"490\" srcset=\"https:\/\/www.franz-josef.cz\/wp-content\/uploads\/2023\/08\/BRNO-BOSONOHY-SKOLA.jpg 800w, https:\/\/www.franz-josef.cz\/wp-content\/uploads\/2023\/08\/BRNO-BOSONOHY-SKOLA-300x184.jpg 300w, https:\/\/www.franz-josef.cz\/wp-content\/uploads\/2023\/08\/BRNO-BOSONOHY-SKOLA-768x470.jpg 768w\" sizes=\"(max-width: 800px) 100vw, 800px\" \/><\/p>","protected":false},"author":5,"featured_media":51975,"template":"","zarazeno-v-expozici":[252],"class_list":["post-51973","exponaty","type-exponaty","status-publish","has-post-thumbnail","hentry","zarazeno-v-expozici-sochy-a-pomniky-badatelska-cinnost-jiriho-danka"],"yoast_head":"<!-- This site is optimized with the Yoast SEO Premium plugin v20.12 (Yoast SEO v27.2) - https:\/\/yoast.com\/product\/yoast-seo-premium-wordpress\/ -->\n<title>BRNO BOSONOHY \u0160KOLA &#8212; Muzeum c\u00edsa\u0159e Franz Josefa I.<\/title>\n<meta name=\"robots\" content=\"index, follow, max-snippet:-1, max-image-preview:large, max-video-preview:-1\" \/>\n<link rel=\"canonical\" href=\"https:\/\/www.franz-josef.cz\/en\/exponaty\/brno-bosonohy-skola\/\" \/>\n<meta property=\"og:locale\" content=\"en_GB\" \/>\n<meta property=\"og:type\" content=\"article\" \/>\n<meta property=\"og:title\" content=\"BRNO BOSONOHY \u0160KOLA\" \/>\n<meta property=\"og:description\" content=\"\u0160kola s pam\u011btn\u00ed deskou c\u00edsa\u0159e FJI z roku 1907 P\u016fvodn\u011b chodily d\u011bti z\u00a0Bosonoh do \u0161koly v\u00a0Troubsku a\u017e do roku 1795, kdy si Bosonohy postavily svou vlastn\u00ed \u0161kolu. (P\u0159esto musely je\u0161t\u011b \u0159adu let pot\u00e9 p\u0159isp\u00edvat na opravy troubsk\u00e9 \u0161koly!). Prvn\u00edm u\u010ditelem a\u00a0z\u00e1rove\u0148 \u0159editelem \u0161koly v\u00a0Bosonoh\u00e1ch byl od roku 1796 Jakub Pystor z\u00a0Drahan, kter\u00fd ve \u0161kole u\u010dil [&hellip;]\" \/>\n<meta property=\"og:url\" content=\"https:\/\/www.franz-josef.cz\/en\/exponaty\/brno-bosonohy-skola\/\" \/>\n<meta property=\"og:site_name\" content=\"Muzeum c\u00edsa\u0159e Franz Josefa I.\" \/>\n<meta property=\"article:modified_time\" content=\"2023-09-12T19:16:10+00:00\" \/>\n<meta property=\"og:image\" content=\"https:\/\/www.franz-josef.cz\/wp-content\/uploads\/2023\/08\/BRNO-BOSONOHY-SKOLA.jpg\" \/>\n\t<meta property=\"og:image:width\" content=\"800\" \/>\n\t<meta property=\"og:image:height\" content=\"490\" \/>\n\t<meta property=\"og:image:type\" content=\"image\/jpeg\" \/>\n<meta name=\"twitter:card\" content=\"summary_large_image\" \/>\n<meta name=\"twitter:label1\" content=\"Estimated reading time\" \/>\n\t<meta name=\"twitter:data1\" content=\"2 minutes\" \/>\n<script type=\"application\/ld+json\" class=\"yoast-schema-graph\">{\"@context\":\"https:\/\/schema.org\",\"@graph\":[{\"@type\":\"WebPage\",\"@id\":\"https:\/\/www.franz-josef.cz\/exponaty\/brno-bosonohy-skola\/\",\"url\":\"https:\/\/www.franz-josef.cz\/exponaty\/brno-bosonohy-skola\/\",\"name\":\"BRNO BOSONOHY \u0160KOLA &#8212; Muzeum c\u00edsa\u0159e Franz Josefa I.\",\"isPartOf\":{\"@id\":\"https:\/\/www.franz-josef.cz\/#website\"},\"primaryImageOfPage\":{\"@id\":\"https:\/\/www.franz-josef.cz\/exponaty\/brno-bosonohy-skola\/#primaryimage\"},\"image\":{\"@id\":\"https:\/\/www.franz-josef.cz\/exponaty\/brno-bosonohy-skola\/#primaryimage\"},\"thumbnailUrl\":\"https:\/\/www.franz-josef.cz\/wp-content\/uploads\/2023\/08\/BRNO-BOSONOHY-SKOLA.jpg\",\"datePublished\":\"2023-08-25T16:25:13+00:00\",\"dateModified\":\"2023-09-12T19:16:10+00:00\",\"breadcrumb\":{\"@id\":\"https:\/\/www.franz-josef.cz\/exponaty\/brno-bosonohy-skola\/#breadcrumb\"},\"inLanguage\":\"en-GB\",\"potentialAction\":[{\"@type\":\"ReadAction\",\"target\":[\"https:\/\/www.franz-josef.cz\/exponaty\/brno-bosonohy-skola\/\"]}]},{\"@type\":\"ImageObject\",\"inLanguage\":\"en-GB\",\"@id\":\"https:\/\/www.franz-josef.cz\/exponaty\/brno-bosonohy-skola\/#primaryimage\",\"url\":\"https:\/\/www.franz-josef.cz\/wp-content\/uploads\/2023\/08\/BRNO-BOSONOHY-SKOLA.jpg\",\"contentUrl\":\"https:\/\/www.franz-josef.cz\/wp-content\/uploads\/2023\/08\/BRNO-BOSONOHY-SKOLA.jpg\",\"width\":800,\"height\":490},{\"@type\":\"BreadcrumbList\",\"@id\":\"https:\/\/www.franz-josef.cz\/exponaty\/brno-bosonohy-skola\/#breadcrumb\",\"itemListElement\":[{\"@type\":\"ListItem\",\"position\":1,\"name\":\"Home\",\"item\":\"https:\/\/www.franz-josef.cz\/\"},{\"@type\":\"ListItem\",\"position\":2,\"name\":\"Expon\u00e1ty\",\"item\":\"https:\/\/www.franz-josef.cz\/exponaty\/\"},{\"@type\":\"ListItem\",\"position\":3,\"name\":\"BRNO BOSONOHY \u0160KOLA\"}]},{\"@type\":\"WebSite\",\"@id\":\"https:\/\/www.franz-josef.cz\/#website\",\"url\":\"https:\/\/www.franz-josef.cz\/\",\"name\":\"Muzeum c\u00edsa\u0159e Franz Josefa I.\",\"description\":\"\",\"publisher\":{\"@id\":\"https:\/\/www.franz-josef.cz\/#organization\"},\"alternateName\":\"Franz Joseph\",\"potentialAction\":[{\"@type\":\"SearchAction\",\"target\":{\"@type\":\"EntryPoint\",\"urlTemplate\":\"https:\/\/www.franz-josef.cz\/?s={search_term_string}\"},\"query-input\":{\"@type\":\"PropertyValueSpecification\",\"valueRequired\":true,\"valueName\":\"search_term_string\"}}],\"inLanguage\":\"en-GB\"},{\"@type\":\"Organization\",\"@id\":\"https:\/\/www.franz-josef.cz\/#organization\",\"name\":\"Muzeum Franz Josefa I.\",\"alternateName\":\"Franz Jozef\",\"url\":\"https:\/\/www.franz-josef.cz\/\",\"logo\":{\"@type\":\"ImageObject\",\"inLanguage\":\"en-GB\",\"@id\":\"https:\/\/www.franz-josef.cz\/#\/schema\/logo\/image\/\",\"url\":\"https:\/\/www.franz-josef.cz\/wp-content\/uploads\/2023\/08\/Muzeum-Franz-Jozef-logo-696x696-1.png\",\"contentUrl\":\"https:\/\/www.franz-josef.cz\/wp-content\/uploads\/2023\/08\/Muzeum-Franz-Jozef-logo-696x696-1.png\",\"width\":696,\"height\":696,\"caption\":\"Muzeum Franz Josefa I.\"},\"image\":{\"@id\":\"https:\/\/www.franz-josef.cz\/#\/schema\/logo\/image\/\"}}]}<\/script>\n<!-- \/ Yoast SEO Premium plugin. -->","yoast_head_json":{"title":"BRNO BOSONOHY \u0160KOLA &#8212; Muzeum c\u00edsa\u0159e Franz Josefa I.","robots":{"index":"index","follow":"follow","max-snippet":"max-snippet:-1","max-image-preview":"max-image-preview:large","max-video-preview":"max-video-preview:-1"},"canonical":"https:\/\/www.franz-josef.cz\/en\/exponaty\/brno-bosonohy-skola\/","og_locale":"en_GB","og_type":"article","og_title":"BRNO BOSONOHY \u0160KOLA","og_description":"\u0160kola s pam\u011btn\u00ed deskou c\u00edsa\u0159e FJI z roku 1907 P\u016fvodn\u011b chodily d\u011bti z\u00a0Bosonoh do \u0161koly v\u00a0Troubsku a\u017e do roku 1795, kdy si Bosonohy postavily svou vlastn\u00ed \u0161kolu. (P\u0159esto musely je\u0161t\u011b \u0159adu let pot\u00e9 p\u0159isp\u00edvat na opravy troubsk\u00e9 \u0161koly!). Prvn\u00edm u\u010ditelem a\u00a0z\u00e1rove\u0148 \u0159editelem \u0161koly v\u00a0Bosonoh\u00e1ch byl od roku 1796 Jakub Pystor z\u00a0Drahan, kter\u00fd ve \u0161kole u\u010dil [&hellip;]","og_url":"https:\/\/www.franz-josef.cz\/en\/exponaty\/brno-bosonohy-skola\/","og_site_name":"Muzeum c\u00edsa\u0159e Franz Josefa I.","article_modified_time":"2023-09-12T19:16:10+00:00","og_image":[{"width":800,"height":490,"url":"https:\/\/www.franz-josef.cz\/wp-content\/uploads\/2023\/08\/BRNO-BOSONOHY-SKOLA.jpg","type":"image\/jpeg"}],"twitter_card":"summary_large_image","twitter_misc":{"Estimated reading time":"2 minutes"},"schema":{"@context":"https:\/\/schema.org","@graph":[{"@type":"WebPage","@id":"https:\/\/www.franz-josef.cz\/exponaty\/brno-bosonohy-skola\/","url":"https:\/\/www.franz-josef.cz\/exponaty\/brno-bosonohy-skola\/","name":"BRNO BOSONOHY \u0160KOLA &#8212; Muzeum c\u00edsa\u0159e Franz Josefa I.","isPartOf":{"@id":"https:\/\/www.franz-josef.cz\/#website"},"primaryImageOfPage":{"@id":"https:\/\/www.franz-josef.cz\/exponaty\/brno-bosonohy-skola\/#primaryimage"},"image":{"@id":"https:\/\/www.franz-josef.cz\/exponaty\/brno-bosonohy-skola\/#primaryimage"},"thumbnailUrl":"https:\/\/www.franz-josef.cz\/wp-content\/uploads\/2023\/08\/BRNO-BOSONOHY-SKOLA.jpg","datePublished":"2023-08-25T16:25:13+00:00","dateModified":"2023-09-12T19:16:10+00:00","breadcrumb":{"@id":"https:\/\/www.franz-josef.cz\/exponaty\/brno-bosonohy-skola\/#breadcrumb"},"inLanguage":"en-GB","potentialAction":[{"@type":"ReadAction","target":["https:\/\/www.franz-josef.cz\/exponaty\/brno-bosonohy-skola\/"]}]},{"@type":"ImageObject","inLanguage":"en-GB","@id":"https:\/\/www.franz-josef.cz\/exponaty\/brno-bosonohy-skola\/#primaryimage","url":"https:\/\/www.franz-josef.cz\/wp-content\/uploads\/2023\/08\/BRNO-BOSONOHY-SKOLA.jpg","contentUrl":"https:\/\/www.franz-josef.cz\/wp-content\/uploads\/2023\/08\/BRNO-BOSONOHY-SKOLA.jpg","width":800,"height":490},{"@type":"BreadcrumbList","@id":"https:\/\/www.franz-josef.cz\/exponaty\/brno-bosonohy-skola\/#breadcrumb","itemListElement":[{"@type":"ListItem","position":1,"name":"Home","item":"https:\/\/www.franz-josef.cz\/"},{"@type":"ListItem","position":2,"name":"Expon\u00e1ty","item":"https:\/\/www.franz-josef.cz\/exponaty\/"},{"@type":"ListItem","position":3,"name":"BRNO BOSONOHY \u0160KOLA"}]},{"@type":"WebSite","@id":"https:\/\/www.franz-josef.cz\/#website","url":"https:\/\/www.franz-josef.cz\/","name":"Muzeum c\u00edsa\u0159e Franz Josefa I.","description":"","publisher":{"@id":"https:\/\/www.franz-josef.cz\/#organization"},"alternateName":"Franz Joseph","potentialAction":[{"@type":"SearchAction","target":{"@type":"EntryPoint","urlTemplate":"https:\/\/www.franz-josef.cz\/?s={search_term_string}"},"query-input":{"@type":"PropertyValueSpecification","valueRequired":true,"valueName":"search_term_string"}}],"inLanguage":"en-GB"},{"@type":"Organization","@id":"https:\/\/www.franz-josef.cz\/#organization","name":"Muzeum Franz Josefa I.","alternateName":"Franz Jozef","url":"https:\/\/www.franz-josef.cz\/","logo":{"@type":"ImageObject","inLanguage":"en-GB","@id":"https:\/\/www.franz-josef.cz\/#\/schema\/logo\/image\/","url":"https:\/\/www.franz-josef.cz\/wp-content\/uploads\/2023\/08\/Muzeum-Franz-Jozef-logo-696x696-1.png","contentUrl":"https:\/\/www.franz-josef.cz\/wp-content\/uploads\/2023\/08\/Muzeum-Franz-Jozef-logo-696x696-1.png","width":696,"height":696,"caption":"Muzeum Franz Josefa I."},"image":{"@id":"https:\/\/www.franz-josef.cz\/#\/schema\/logo\/image\/"}}]}},"_links":{"self":[{"href":"https:\/\/www.franz-josef.cz\/en\/wp-json\/wp\/v2\/exponaty\/51973","targetHints":{"allow":["GET"]}}],"collection":[{"href":"https:\/\/www.franz-josef.cz\/en\/wp-json\/wp\/v2\/exponaty"}],"about":[{"href":"https:\/\/www.franz-josef.cz\/en\/wp-json\/wp\/v2\/types\/exponaty"}],"author":[{"embeddable":true,"href":"https:\/\/www.franz-josef.cz\/en\/wp-json\/wp\/v2\/users\/5"}],"version-history":[{"count":4,"href":"https:\/\/www.franz-josef.cz\/en\/wp-json\/wp\/v2\/exponaty\/51973\/revisions"}],"predecessor-version":[{"id":52799,"href":"https:\/\/www.franz-josef.cz\/en\/wp-json\/wp\/v2\/exponaty\/51973\/revisions\/52799"}],"wp:featuredmedia":[{"embeddable":true,"href":"https:\/\/www.franz-josef.cz\/en\/wp-json\/wp\/v2\/media\/51975"}],"wp:attachment":[{"href":"https:\/\/www.franz-josef.cz\/en\/wp-json\/wp\/v2\/media?parent=51973"}],"wp:term":[{"taxonomy":"zarazeno-v-expozici","embeddable":true,"href":"https:\/\/www.franz-josef.cz\/en\/wp-json\/wp\/v2\/zarazeno-v-expozici?post=51973"}],"curies":[{"name":"wp","href":"https:\/\/api.w.org\/{rel}","templated":true}]}}