{"id":52050,"date":"2023-08-26T17:25:35","date_gmt":"2023-08-26T15:25:35","guid":{"rendered":"https:\/\/www.franz-josef.cz\/?post_type=exponaty&#038;p=52050"},"modified":"2023-09-02T19:08:43","modified_gmt":"2023-09-02T17:08:43","slug":"svetla-u-boskovic","status":"publish","type":"exponaty","link":"https:\/\/www.franz-josef.cz\/en\/exponaty\/svetla-u-boskovic\/","title":{"rendered":"SV\u011aTL\u00c1 U BOSKOVIC"},"content":{"rendered":"<h1>Restoration of Emperor FJI monument.<\/h1>\n<p>&nbsp;<\/p>\n<p>Dear fellow citizens, dear guests.<\/p>\n<p>&nbsp;<\/p>\n<p>I would like to welcome you all here at the small celebration of the unveiling of the monument to the penultimate emperor of Austria-Hungary, Francis Joseph I. Here in Sv\u011btl\u00e1, I welcome the representatives of Pohle\u010f od Sv\u011btl\u00e1 nad S\u00e1zavou, the representative of the Czech Crown Party, Mrs. Senator V\u00edtkov\u00e1, the member of the South Moravian Region, Mr. Hrn\u010d\u00ed\u0159, the citizens and representatives of the surrounding municipalities, but above all our natives who came to see us in Sv\u011btl\u00e1 .<\/p>\n<p>Today, August 13, 2017, we gathered here in Sv\u011btl\u00e1 pod lipima to jointly unveil the monument to Emperor Francis Joseph I. This event today is not a nostalgic effort to restore Austria-Hungary, but it is a tribute to the monarch who administered and I can say that fairly managed the territory of a large part of Europe, where many peoples and nationalities lived and live. And driving such an incoherent colossus is a very demanding and complex thing. We were recently convinced of this by the collapse of the world power, the Soviet Union, but also by the collapse of Yugoslavia and our own Czechoslovakia. It is a tribute to the man who led Austria-Hungary for an incredible 68 years. And it was a difficult time and very difficult to make decisions. The municipality had this monument restored after almost 100 years. Several reasons led the village council to restore the monument:<\/p>\n<p>First - we value the work of our ancestors. This monument was built by our ancestors and surely unveiled in 1908 on the 60th anniversary of the reign of Emperor Francis Joseph I. A linden park was planted around this monument, which grows here to this day. I don't know and I didn't find out in how many municipalities the monument was erected at that time, but I would like to once again welcome the representative of the small village Pohle\u010f u Sv\u011btl\u00e1 nad S\u00e1zavou. According to my information, the emperors planted a linden park in this village in 1908, but the monument with the bronze bust was only unveiled by the emperors in 2016 on the 100th anniversary of the death of Emperor Francis Joseph I.<\/p>\n<p>Although this monument was dismantled and destroyed at the end of 1918 for quite understandable reasons, two basic fragments of the monument have survived to this day. Mr. Krch\u0148\u00e1k, a peasant from Svetel, from the descriptive number 1, built a part of the monument - a bust of the emperor - into the building of his barn. This fragment was known among the citizens of Sv\u011btl\u00e1, and in 2014, during the \"visit of the successor to the throne of Archduke Franti\u0161ek Ferdinand \u010fEste in Sv\u011btl\u00e1 before his departure for Sarajevo\", the owner of property No. 1 allowed interested parties to view this walled fragment. The event had a great response among the citizens of Svetel and visitors from the surrounding villages, but above all, Mr. Lubom\u00edr Dvo\u0159\u00e1k informed the representative of the village that he had the emperor's head at home and subsequently donated this fragment to the village. We also acquired this walled part of the monument from the \u0160l\u00e9gls, the current owners of property No. 1. I would like to thank Lubom\u00edr Dvo\u0159\u00e1k and the \u0160legls for these fragments and Ladislav \u0160umbera, who expertly removed the walled-up part of the bust free of charge and subsequently also repaired this wall. The fact that the municipality now owned two basic fragments of the monument was the second reason for restoring the monument.<\/p>\n<p>And the third reason is the attempt to partly change the Czech public's negative view of Emperor Francis Joseph I, who is primarily presented as a monarch who was an enemy of the Czech nation and who started the First World War. However, this view is greatly distorted, because in 1914 it was far from an absolutist rule of the emperor, but at that time the emperor had already been subject to the decisions of the Imperial Council for a long time. From my point of view, Gavrilo Princip, the assassin from Sarajevo, is responsible for starting the world war. A twenty-year-old young man, an anarchist, who wanted to change the world and shot the heir to the throne and his wife in Sarajevo on June 28, 1914. If this tragic assassination had not happened, Archduke Francis Ferdinand \u010f Este would have taken over the government after Emperor Francis Joseph I, and world politics would have gone in other directions. Archduke Francis Ferdinand \u010fEste was a supporter of the federalization of Austria-Hungary, which the conservative emperor rejected.<\/p>\n<p>Emperor Francis Joseph I was a very hard-working person, he got up at five in the morning, later even at four, and spent almost the whole day in his office sorting out various files, studying important documents and dealing with politicians. He was also very careful, punctual, but also conservative in his old age - he rejected inventions - he did not use, for example, the telephone, he did not take the elevator, he rarely drove a car.<\/p>\n<p>In 1907, he helped push through the introduction of universal suffrage in the country. It is not known, for example, that he contributed a considerable amount to the construction of the National Theater in Prague or that he financially supported the traveler Emil Holub during his trip to Africa. And there would be plenty of events of this nature. These facts unknown to the public will certainly change the view of this monarch. A lot of information about the emperor can be found on the Internet, in Terez\u00edn Emperor Francis Joseph I has his own museum. There are certainly several municipalities in Bohemia, Moravia or Silesia that have a monument to Francis Joseph I.<\/p>\n<p>My thanks also go to the restaurateur Mr. Allan Doupal from \u0160ternberk, who restored the emperor's bust and made the entire monument here only on the basis of a well-preserved period photograph.<\/p>\n<p>In Sv\u011btl\u00e1, 13 August 2017<\/p>\n<p>Ing. Ji\u0159\u00ed Cik\u00e1nek, mayor of the village<\/p>\n<p><img fetchpriority=\"high\" decoding=\"async\" class=\"alignnone size-full wp-image-52052\" src=\"https:\/\/www.franz-josef.cz\/wp-content\/uploads\/2023\/08\/SVETLA-FJI-REKONSTRUOVANY-POMNIK.jpg\" alt=\"\" width=\"922\" height=\"1383\" srcset=\"https:\/\/www.franz-josef.cz\/wp-content\/uploads\/2023\/08\/SVETLA-FJI-REKONSTRUOVANY-POMNIK.jpg 922w, https:\/\/www.franz-josef.cz\/wp-content\/uploads\/2023\/08\/SVETLA-FJI-REKONSTRUOVANY-POMNIK-200x300.jpg 200w, https:\/\/www.franz-josef.cz\/wp-content\/uploads\/2023\/08\/SVETLA-FJI-REKONSTRUOVANY-POMNIK-683x1024.jpg 683w, https:\/\/www.franz-josef.cz\/wp-content\/uploads\/2023\/08\/SVETLA-FJI-REKONSTRUOVANY-POMNIK-768x1152.jpg 768w\" sizes=\"(max-width: 922px) 100vw, 922px\" \/><\/p>","protected":false},"author":5,"featured_media":52052,"template":"","zarazeno-v-expozici":[252],"class_list":["post-52050","exponaty","type-exponaty","status-publish","has-post-thumbnail","hentry","zarazeno-v-expozici-sochy-a-pomniky-badatelska-cinnost-jiriho-danka"],"yoast_head":"<!-- This site is optimized with the Yoast SEO Premium plugin v20.12 (Yoast SEO v27.2) - https:\/\/yoast.com\/product\/yoast-seo-premium-wordpress\/ -->\n<title>SV\u011aTL\u00c1 U BOSKOVIC &#8212; Muzeum c\u00edsa\u0159e Franz Josefa I.<\/title>\n<meta name=\"robots\" content=\"index, follow, max-snippet:-1, max-image-preview:large, max-video-preview:-1\" \/>\n<link rel=\"canonical\" href=\"https:\/\/www.franz-josef.cz\/en\/exponaty\/svetla-u-boskovic\/\" \/>\n<meta property=\"og:locale\" content=\"en_GB\" \/>\n<meta property=\"og:type\" content=\"article\" \/>\n<meta property=\"og:title\" content=\"SV\u011aTL\u00c1 U BOSKOVIC\" \/>\n<meta property=\"og:description\" content=\"Obnoven\u00ed pomn\u00edku c\u00edsa\u0159e FJI. &nbsp; V\u00e1\u017een\u00ed spoluob\u010dan\u00e9, v\u00e1\u017een\u00ed\u00a0 host\u00e9. &nbsp; R\u00e1d bych V\u00e1s tady v\u0161echny p\u0159iv\u00edtal p\u0159i mal\u00e9 oslav\u011b odhalen\u00ed pomn\u00edku p\u0159edposledn\u00edmu c\u00edsa\u0159i Rakousko-Uherska Franti\u0161ku Josefu I. . V\u00edt\u00e1m tady ve Sv\u011btl\u00e9 z\u00e1stupce obce Pohle\u010f od Sv\u011btl\u00e9 nad S\u00e1zavou, z\u00e1stupce strany \u010cesk\u00e1 koruna, pan\u00ed sen\u00e1torku ing. V\u00edtkovou, \u010dlena zastupitelstva Jihomoravsk\u00e9ho kraje ing. Hrn\u010d\u00ed\u0159e, ob\u010dany a [&hellip;]\" \/>\n<meta property=\"og:url\" content=\"https:\/\/www.franz-josef.cz\/en\/exponaty\/svetla-u-boskovic\/\" \/>\n<meta property=\"og:site_name\" content=\"Muzeum c\u00edsa\u0159e Franz Josefa I.\" \/>\n<meta property=\"article:modified_time\" content=\"2023-09-02T17:08:43+00:00\" \/>\n<meta property=\"og:image\" content=\"https:\/\/www.franz-josef.cz\/wp-content\/uploads\/2023\/08\/SVETLA-FJI-REKONSTRUOVANY-POMNIK.jpg\" \/>\n\t<meta property=\"og:image:width\" content=\"922\" \/>\n\t<meta property=\"og:image:height\" content=\"1383\" \/>\n\t<meta property=\"og:image:type\" content=\"image\/jpeg\" \/>\n<meta name=\"twitter:card\" content=\"summary_large_image\" \/>\n<meta name=\"twitter:label1\" content=\"Estimated reading time\" \/>\n\t<meta name=\"twitter:data1\" content=\"5 minutes\" \/>\n<script type=\"application\/ld+json\" class=\"yoast-schema-graph\">{\"@context\":\"https:\/\/schema.org\",\"@graph\":[{\"@type\":\"WebPage\",\"@id\":\"https:\/\/www.franz-josef.cz\/exponaty\/svetla-u-boskovic\/\",\"url\":\"https:\/\/www.franz-josef.cz\/exponaty\/svetla-u-boskovic\/\",\"name\":\"SV\u011aTL\u00c1 U BOSKOVIC &#8212; Muzeum c\u00edsa\u0159e Franz Josefa I.\",\"isPartOf\":{\"@id\":\"https:\/\/www.franz-josef.cz\/#website\"},\"primaryImageOfPage\":{\"@id\":\"https:\/\/www.franz-josef.cz\/exponaty\/svetla-u-boskovic\/#primaryimage\"},\"image\":{\"@id\":\"https:\/\/www.franz-josef.cz\/exponaty\/svetla-u-boskovic\/#primaryimage\"},\"thumbnailUrl\":\"https:\/\/www.franz-josef.cz\/wp-content\/uploads\/2023\/08\/SVETLA-FJI-REKONSTRUOVANY-POMNIK.jpg\",\"datePublished\":\"2023-08-26T15:25:35+00:00\",\"dateModified\":\"2023-09-02T17:08:43+00:00\",\"breadcrumb\":{\"@id\":\"https:\/\/www.franz-josef.cz\/exponaty\/svetla-u-boskovic\/#breadcrumb\"},\"inLanguage\":\"en-GB\",\"potentialAction\":[{\"@type\":\"ReadAction\",\"target\":[\"https:\/\/www.franz-josef.cz\/exponaty\/svetla-u-boskovic\/\"]}]},{\"@type\":\"ImageObject\",\"inLanguage\":\"en-GB\",\"@id\":\"https:\/\/www.franz-josef.cz\/exponaty\/svetla-u-boskovic\/#primaryimage\",\"url\":\"https:\/\/www.franz-josef.cz\/wp-content\/uploads\/2023\/08\/SVETLA-FJI-REKONSTRUOVANY-POMNIK.jpg\",\"contentUrl\":\"https:\/\/www.franz-josef.cz\/wp-content\/uploads\/2023\/08\/SVETLA-FJI-REKONSTRUOVANY-POMNIK.jpg\",\"width\":922,\"height\":1383},{\"@type\":\"BreadcrumbList\",\"@id\":\"https:\/\/www.franz-josef.cz\/exponaty\/svetla-u-boskovic\/#breadcrumb\",\"itemListElement\":[{\"@type\":\"ListItem\",\"position\":1,\"name\":\"Home\",\"item\":\"https:\/\/www.franz-josef.cz\/\"},{\"@type\":\"ListItem\",\"position\":2,\"name\":\"Expon\u00e1ty\",\"item\":\"https:\/\/www.franz-josef.cz\/exponaty\/\"},{\"@type\":\"ListItem\",\"position\":3,\"name\":\"SV\u011aTL\u00c1 U BOSKOVIC\"}]},{\"@type\":\"WebSite\",\"@id\":\"https:\/\/www.franz-josef.cz\/#website\",\"url\":\"https:\/\/www.franz-josef.cz\/\",\"name\":\"Muzeum c\u00edsa\u0159e Franz Josefa I.\",\"description\":\"\",\"publisher\":{\"@id\":\"https:\/\/www.franz-josef.cz\/#organization\"},\"alternateName\":\"Franz Joseph\",\"potentialAction\":[{\"@type\":\"SearchAction\",\"target\":{\"@type\":\"EntryPoint\",\"urlTemplate\":\"https:\/\/www.franz-josef.cz\/?s={search_term_string}\"},\"query-input\":{\"@type\":\"PropertyValueSpecification\",\"valueRequired\":true,\"valueName\":\"search_term_string\"}}],\"inLanguage\":\"en-GB\"},{\"@type\":\"Organization\",\"@id\":\"https:\/\/www.franz-josef.cz\/#organization\",\"name\":\"Muzeum Franz Josefa I.\",\"alternateName\":\"Franz Jozef\",\"url\":\"https:\/\/www.franz-josef.cz\/\",\"logo\":{\"@type\":\"ImageObject\",\"inLanguage\":\"en-GB\",\"@id\":\"https:\/\/www.franz-josef.cz\/#\/schema\/logo\/image\/\",\"url\":\"https:\/\/www.franz-josef.cz\/wp-content\/uploads\/2023\/08\/Muzeum-Franz-Jozef-logo-696x696-1.png\",\"contentUrl\":\"https:\/\/www.franz-josef.cz\/wp-content\/uploads\/2023\/08\/Muzeum-Franz-Jozef-logo-696x696-1.png\",\"width\":696,\"height\":696,\"caption\":\"Muzeum Franz Josefa I.\"},\"image\":{\"@id\":\"https:\/\/www.franz-josef.cz\/#\/schema\/logo\/image\/\"}}]}<\/script>\n<!-- \/ Yoast SEO Premium plugin. -->","yoast_head_json":{"title":"SV\u011aTL\u00c1 U BOSKOVIC &#8212; Muzeum c\u00edsa\u0159e Franz Josefa I.","robots":{"index":"index","follow":"follow","max-snippet":"max-snippet:-1","max-image-preview":"max-image-preview:large","max-video-preview":"max-video-preview:-1"},"canonical":"https:\/\/www.franz-josef.cz\/en\/exponaty\/svetla-u-boskovic\/","og_locale":"en_GB","og_type":"article","og_title":"SV\u011aTL\u00c1 U BOSKOVIC","og_description":"Obnoven\u00ed pomn\u00edku c\u00edsa\u0159e FJI. &nbsp; V\u00e1\u017een\u00ed spoluob\u010dan\u00e9, v\u00e1\u017een\u00ed\u00a0 host\u00e9. &nbsp; R\u00e1d bych V\u00e1s tady v\u0161echny p\u0159iv\u00edtal p\u0159i mal\u00e9 oslav\u011b odhalen\u00ed pomn\u00edku p\u0159edposledn\u00edmu c\u00edsa\u0159i Rakousko-Uherska Franti\u0161ku Josefu I. . V\u00edt\u00e1m tady ve Sv\u011btl\u00e9 z\u00e1stupce obce Pohle\u010f od Sv\u011btl\u00e9 nad S\u00e1zavou, z\u00e1stupce strany \u010cesk\u00e1 koruna, pan\u00ed sen\u00e1torku ing. V\u00edtkovou, \u010dlena zastupitelstva Jihomoravsk\u00e9ho kraje ing. Hrn\u010d\u00ed\u0159e, ob\u010dany a [&hellip;]","og_url":"https:\/\/www.franz-josef.cz\/en\/exponaty\/svetla-u-boskovic\/","og_site_name":"Muzeum c\u00edsa\u0159e Franz Josefa I.","article_modified_time":"2023-09-02T17:08:43+00:00","og_image":[{"width":922,"height":1383,"url":"https:\/\/www.franz-josef.cz\/wp-content\/uploads\/2023\/08\/SVETLA-FJI-REKONSTRUOVANY-POMNIK.jpg","type":"image\/jpeg"}],"twitter_card":"summary_large_image","twitter_misc":{"Estimated reading time":"5 minutes"},"schema":{"@context":"https:\/\/schema.org","@graph":[{"@type":"WebPage","@id":"https:\/\/www.franz-josef.cz\/exponaty\/svetla-u-boskovic\/","url":"https:\/\/www.franz-josef.cz\/exponaty\/svetla-u-boskovic\/","name":"SV\u011aTL\u00c1 U BOSKOVIC &#8212; Muzeum c\u00edsa\u0159e Franz Josefa I.","isPartOf":{"@id":"https:\/\/www.franz-josef.cz\/#website"},"primaryImageOfPage":{"@id":"https:\/\/www.franz-josef.cz\/exponaty\/svetla-u-boskovic\/#primaryimage"},"image":{"@id":"https:\/\/www.franz-josef.cz\/exponaty\/svetla-u-boskovic\/#primaryimage"},"thumbnailUrl":"https:\/\/www.franz-josef.cz\/wp-content\/uploads\/2023\/08\/SVETLA-FJI-REKONSTRUOVANY-POMNIK.jpg","datePublished":"2023-08-26T15:25:35+00:00","dateModified":"2023-09-02T17:08:43+00:00","breadcrumb":{"@id":"https:\/\/www.franz-josef.cz\/exponaty\/svetla-u-boskovic\/#breadcrumb"},"inLanguage":"en-GB","potentialAction":[{"@type":"ReadAction","target":["https:\/\/www.franz-josef.cz\/exponaty\/svetla-u-boskovic\/"]}]},{"@type":"ImageObject","inLanguage":"en-GB","@id":"https:\/\/www.franz-josef.cz\/exponaty\/svetla-u-boskovic\/#primaryimage","url":"https:\/\/www.franz-josef.cz\/wp-content\/uploads\/2023\/08\/SVETLA-FJI-REKONSTRUOVANY-POMNIK.jpg","contentUrl":"https:\/\/www.franz-josef.cz\/wp-content\/uploads\/2023\/08\/SVETLA-FJI-REKONSTRUOVANY-POMNIK.jpg","width":922,"height":1383},{"@type":"BreadcrumbList","@id":"https:\/\/www.franz-josef.cz\/exponaty\/svetla-u-boskovic\/#breadcrumb","itemListElement":[{"@type":"ListItem","position":1,"name":"Home","item":"https:\/\/www.franz-josef.cz\/"},{"@type":"ListItem","position":2,"name":"Expon\u00e1ty","item":"https:\/\/www.franz-josef.cz\/exponaty\/"},{"@type":"ListItem","position":3,"name":"SV\u011aTL\u00c1 U BOSKOVIC"}]},{"@type":"WebSite","@id":"https:\/\/www.franz-josef.cz\/#website","url":"https:\/\/www.franz-josef.cz\/","name":"Muzeum c\u00edsa\u0159e Franz Josefa I.","description":"","publisher":{"@id":"https:\/\/www.franz-josef.cz\/#organization"},"alternateName":"Franz Joseph","potentialAction":[{"@type":"SearchAction","target":{"@type":"EntryPoint","urlTemplate":"https:\/\/www.franz-josef.cz\/?s={search_term_string}"},"query-input":{"@type":"PropertyValueSpecification","valueRequired":true,"valueName":"search_term_string"}}],"inLanguage":"en-GB"},{"@type":"Organization","@id":"https:\/\/www.franz-josef.cz\/#organization","name":"Muzeum Franz Josefa I.","alternateName":"Franz Jozef","url":"https:\/\/www.franz-josef.cz\/","logo":{"@type":"ImageObject","inLanguage":"en-GB","@id":"https:\/\/www.franz-josef.cz\/#\/schema\/logo\/image\/","url":"https:\/\/www.franz-josef.cz\/wp-content\/uploads\/2023\/08\/Muzeum-Franz-Jozef-logo-696x696-1.png","contentUrl":"https:\/\/www.franz-josef.cz\/wp-content\/uploads\/2023\/08\/Muzeum-Franz-Jozef-logo-696x696-1.png","width":696,"height":696,"caption":"Muzeum Franz Josefa I."},"image":{"@id":"https:\/\/www.franz-josef.cz\/#\/schema\/logo\/image\/"}}]}},"_links":{"self":[{"href":"https:\/\/www.franz-josef.cz\/en\/wp-json\/wp\/v2\/exponaty\/52050","targetHints":{"allow":["GET"]}}],"collection":[{"href":"https:\/\/www.franz-josef.cz\/en\/wp-json\/wp\/v2\/exponaty"}],"about":[{"href":"https:\/\/www.franz-josef.cz\/en\/wp-json\/wp\/v2\/types\/exponaty"}],"author":[{"embeddable":true,"href":"https:\/\/www.franz-josef.cz\/en\/wp-json\/wp\/v2\/users\/5"}],"version-history":[{"count":5,"href":"https:\/\/www.franz-josef.cz\/en\/wp-json\/wp\/v2\/exponaty\/52050\/revisions"}],"predecessor-version":[{"id":52287,"href":"https:\/\/www.franz-josef.cz\/en\/wp-json\/wp\/v2\/exponaty\/52050\/revisions\/52287"}],"wp:featuredmedia":[{"embeddable":true,"href":"https:\/\/www.franz-josef.cz\/en\/wp-json\/wp\/v2\/media\/52052"}],"wp:attachment":[{"href":"https:\/\/www.franz-josef.cz\/en\/wp-json\/wp\/v2\/media?parent=52050"}],"wp:term":[{"taxonomy":"zarazeno-v-expozici","embeddable":true,"href":"https:\/\/www.franz-josef.cz\/en\/wp-json\/wp\/v2\/zarazeno-v-expozici?post=52050"}],"curies":[{"name":"wp","href":"https:\/\/api.w.org\/{rel}","templated":true}]}}