{"id":52073,"date":"2023-08-26T19:07:47","date_gmt":"2023-08-26T17:07:47","guid":{"rendered":"https:\/\/www.franz-josef.cz\/?post_type=exponaty&#038;p=52073"},"modified":"2023-08-31T23:18:26","modified_gmt":"2023-08-31T21:18:26","slug":"ceske-budejovice","status":"publish","type":"exponaty","link":"https:\/\/www.franz-josef.cz\/en\/exponaty\/ceske-budejovice\/","title":{"rendered":"\u010cESK\u00c9 BUD\u011aJOVICE"},"content":{"rendered":"<h1>\u00a0 \u00a0 \u00a0 \u00a0 \u00a0 \u00a0 \u00a0Forgotten yearbook at school<\/h1>\n<p>&nbsp;<\/p>\n<p>Emperor FJI has been to the city at least six times. Many buildings in \u010cesk\u00e9 Bud\u011bjovice bore the name of \u2026\u2026Emperor Francis Joseph:<\/p>\n<p>Emperor Franti\u0161ek Josef railway station officially opened on December 17, 1908<\/p>\n<p>Emperor Franti\u0161ek Josef's barracks in \u017di\u017ekov\u00e1 street<\/p>\n<p>Emperor Francis Joseph Jubilee Hospital<\/p>\n<p>Emperor Franti\u0161ek Josef School in New Street<\/p>\n<p>Kaiser Franz Josef Platz between 1915 and 1918<\/p>\n<p>Franti\u0161ek Josef \u010cesk\u00e1 Bud\u011bjovice - Pilsen railway from 1868<\/p>\n<p>&nbsp;<\/p>\n<p>The emperor had to be informed in writing about the use of the name of Emperor Francis Joseph, and only with his consent was the name ceremonially used.<\/p>\n<p>After 1918, everything was hastily renamed after Franti\u0161ek Josef, FJI monograms and medallions were removed, but one inscription survived. The years 1848 \u2013 1898 remained at the school in Nov\u00e1 Street, which represent fifty years of the Emperor's reign. Maybe because they were high or because they were and are written in Roman numerals.<\/p>\n<p>Source:<\/p>\n<p>http:\/\/ceskobudejovicky.denik.cz\/zpravy_region\/putovani_nadrazi_cb20070824.html<\/p>\n<h1><img fetchpriority=\"high\" decoding=\"async\" class=\"alignnone size-full wp-image-52075\" src=\"https:\/\/www.franz-josef.cz\/wp-content\/uploads\/2023\/08\/CB-KASARNA.jpg\" alt=\"\" width=\"750\" height=\"538\" srcset=\"https:\/\/www.franz-josef.cz\/wp-content\/uploads\/2023\/08\/CB-KASARNA.jpg 750w, https:\/\/www.franz-josef.cz\/wp-content\/uploads\/2023\/08\/CB-KASARNA-300x215.jpg 300w\" sizes=\"(max-width: 750px) 100vw, 750px\" \/> <img decoding=\"async\" class=\"alignnone size-full wp-image-52076 lazyload\" data-src=\"https:\/\/www.franz-josef.cz\/wp-content\/uploads\/2023\/08\/CB-PESI-PLUK.jpg\" alt=\"\" width=\"750\" height=\"482\" data-srcset=\"https:\/\/www.franz-josef.cz\/wp-content\/uploads\/2023\/08\/CB-PESI-PLUK.jpg 750w, https:\/\/www.franz-josef.cz\/wp-content\/uploads\/2023\/08\/CB-PESI-PLUK-300x193.jpg 300w\" data-sizes=\"(max-width: 750px) 100vw, 750px\" src=\"data:image\/gif;base64,R0lGODlhAQABAAAAACH5BAEKAAEALAAAAAABAAEAAAICTAEAOw==\" style=\"--smush-placeholder-width: 750px; --smush-placeholder-aspect-ratio: 750\/482;\" \/><noscript><img decoding=\"async\" class=\"alignnone size-full wp-image-52076\" src=\"https:\/\/www.franz-josef.cz\/wp-content\/uploads\/2023\/08\/CB-PESI-PLUK.jpg\" alt=\"\" width=\"750\" height=\"482\" srcset=\"https:\/\/www.franz-josef.cz\/wp-content\/uploads\/2023\/08\/CB-PESI-PLUK.jpg 750w, https:\/\/www.franz-josef.cz\/wp-content\/uploads\/2023\/08\/CB-PESI-PLUK-300x193.jpg 300w\" sizes=\"(max-width: 750px) 100vw, 750px\" \/><\/noscript> <img decoding=\"async\" class=\"alignnone size-full wp-image-52077 lazyload\" data-src=\"https:\/\/www.franz-josef.cz\/wp-content\/uploads\/2023\/08\/CB-SKOLA.jpg\" alt=\"\" width=\"399\" height=\"600\" data-srcset=\"https:\/\/www.franz-josef.cz\/wp-content\/uploads\/2023\/08\/CB-SKOLA.jpg 399w, https:\/\/www.franz-josef.cz\/wp-content\/uploads\/2023\/08\/CB-SKOLA-200x300.jpg 200w\" data-sizes=\"(max-width: 399px) 100vw, 399px\" src=\"data:image\/gif;base64,R0lGODlhAQABAAAAACH5BAEKAAEALAAAAAABAAEAAAICTAEAOw==\" style=\"--smush-placeholder-width: 399px; --smush-placeholder-aspect-ratio: 399\/600;\" \/><noscript><img decoding=\"async\" class=\"alignnone size-full wp-image-52077\" src=\"https:\/\/www.franz-josef.cz\/wp-content\/uploads\/2023\/08\/CB-SKOLA.jpg\" alt=\"\" width=\"399\" height=\"600\" srcset=\"https:\/\/www.franz-josef.cz\/wp-content\/uploads\/2023\/08\/CB-SKOLA.jpg 399w, https:\/\/www.franz-josef.cz\/wp-content\/uploads\/2023\/08\/CB-SKOLA-200x300.jpg 200w\" sizes=\"(max-width: 399px) 100vw, 399px\" \/><\/noscript><\/h1>\n<div class=\"abstract\"><\/div>\n<div class=\"content\">\n<p>&nbsp;<\/p>\n<p>&nbsp;<\/p>\n<\/div>","protected":false},"author":5,"featured_media":52077,"template":"","zarazeno-v-expozici":[252],"class_list":["post-52073","exponaty","type-exponaty","status-publish","has-post-thumbnail","hentry","zarazeno-v-expozici-sochy-a-pomniky-badatelska-cinnost-jiriho-danka"],"yoast_head":"<!-- This site is optimized with the Yoast SEO Premium plugin v20.12 (Yoast SEO v27.2) - https:\/\/yoast.com\/product\/yoast-seo-premium-wordpress\/ -->\n<title>\u010cESK\u00c9 BUD\u011aJOVICE &#8212; Muzeum c\u00edsa\u0159e Franz Josefa I.<\/title>\n<meta name=\"robots\" content=\"index, follow, max-snippet:-1, max-image-preview:large, max-video-preview:-1\" \/>\n<link rel=\"canonical\" href=\"https:\/\/www.franz-josef.cz\/en\/exponaty\/ceske-budejovice\/\" \/>\n<meta property=\"og:locale\" content=\"en_GB\" \/>\n<meta property=\"og:type\" content=\"article\" \/>\n<meta property=\"og:title\" content=\"\u010cESK\u00c9 BUD\u011aJOVICE\" \/>\n<meta property=\"og:description\" content=\"\u00a0 \u00a0 \u00a0 \u00a0 \u00a0 \u00a0 \u00a0Zapomenut\u00fd letopo\u010det na\u00a0 \u0161kole &nbsp; C\u00edsa\u0159 FJI byl ve m\u011bst\u011b nejm\u00e9n\u011b \u0161estkr\u00e1t. V \u010cesk\u00fdch Bud\u011bjovic\u00edch neslo hodn\u011b budov v n\u00e1zvu &#8230;&#8230;c\u00edsa\u0159e Franti\u0161ka Josefa: N\u00e1dra\u017e\u00ed c\u00edsa\u0159e Franti\u0161ka Josefa otev\u0159en\u00e9 slavnostn\u011b 17. prosince 1908 Kas\u00e1rny c\u00edsa\u0159e Franti\u0161ka Josefa \u00a0v \u017di\u017ekov\u011b ulici Jubilejn\u00ed nemocnice c\u00edsa\u0159e Franti\u0161ka Josefa \u0160kola c\u00edsa\u0159e Franti\u0161ka Josefa v [&hellip;]\" \/>\n<meta property=\"og:url\" content=\"https:\/\/www.franz-josef.cz\/en\/exponaty\/ceske-budejovice\/\" \/>\n<meta property=\"og:site_name\" content=\"Muzeum c\u00edsa\u0159e Franz Josefa I.\" \/>\n<meta property=\"article:modified_time\" content=\"2023-08-31T21:18:26+00:00\" \/>\n<meta property=\"og:image\" content=\"https:\/\/www.franz-josef.cz\/wp-content\/uploads\/2023\/08\/CB-SKOLA.jpg\" \/>\n\t<meta property=\"og:image:width\" content=\"399\" \/>\n\t<meta property=\"og:image:height\" content=\"600\" \/>\n\t<meta property=\"og:image:type\" content=\"image\/jpeg\" \/>\n<meta name=\"twitter:card\" content=\"summary_large_image\" \/>\n<meta name=\"twitter:label1\" content=\"Estimated reading time\" \/>\n\t<meta name=\"twitter:data1\" content=\"2 minutes\" \/>\n<script type=\"application\/ld+json\" class=\"yoast-schema-graph\">{\"@context\":\"https:\/\/schema.org\",\"@graph\":[{\"@type\":\"WebPage\",\"@id\":\"https:\/\/www.franz-josef.cz\/exponaty\/ceske-budejovice\/\",\"url\":\"https:\/\/www.franz-josef.cz\/exponaty\/ceske-budejovice\/\",\"name\":\"\u010cESK\u00c9 BUD\u011aJOVICE &#8212; Muzeum c\u00edsa\u0159e Franz Josefa I.\",\"isPartOf\":{\"@id\":\"https:\/\/www.franz-josef.cz\/#website\"},\"primaryImageOfPage\":{\"@id\":\"https:\/\/www.franz-josef.cz\/exponaty\/ceske-budejovice\/#primaryimage\"},\"image\":{\"@id\":\"https:\/\/www.franz-josef.cz\/exponaty\/ceske-budejovice\/#primaryimage\"},\"thumbnailUrl\":\"https:\/\/www.franz-josef.cz\/wp-content\/uploads\/2023\/08\/CB-SKOLA.jpg\",\"datePublished\":\"2023-08-26T17:07:47+00:00\",\"dateModified\":\"2023-08-31T21:18:26+00:00\",\"breadcrumb\":{\"@id\":\"https:\/\/www.franz-josef.cz\/exponaty\/ceske-budejovice\/#breadcrumb\"},\"inLanguage\":\"en-GB\",\"potentialAction\":[{\"@type\":\"ReadAction\",\"target\":[\"https:\/\/www.franz-josef.cz\/exponaty\/ceske-budejovice\/\"]}]},{\"@type\":\"ImageObject\",\"inLanguage\":\"en-GB\",\"@id\":\"https:\/\/www.franz-josef.cz\/exponaty\/ceske-budejovice\/#primaryimage\",\"url\":\"https:\/\/www.franz-josef.cz\/wp-content\/uploads\/2023\/08\/CB-SKOLA.jpg\",\"contentUrl\":\"https:\/\/www.franz-josef.cz\/wp-content\/uploads\/2023\/08\/CB-SKOLA.jpg\",\"width\":399,\"height\":600},{\"@type\":\"BreadcrumbList\",\"@id\":\"https:\/\/www.franz-josef.cz\/exponaty\/ceske-budejovice\/#breadcrumb\",\"itemListElement\":[{\"@type\":\"ListItem\",\"position\":1,\"name\":\"Home\",\"item\":\"https:\/\/www.franz-josef.cz\/\"},{\"@type\":\"ListItem\",\"position\":2,\"name\":\"Expon\u00e1ty\",\"item\":\"https:\/\/www.franz-josef.cz\/exponaty\/\"},{\"@type\":\"ListItem\",\"position\":3,\"name\":\"\u010cESK\u00c9 BUD\u011aJOVICE\"}]},{\"@type\":\"WebSite\",\"@id\":\"https:\/\/www.franz-josef.cz\/#website\",\"url\":\"https:\/\/www.franz-josef.cz\/\",\"name\":\"Muzeum c\u00edsa\u0159e Franz Josefa I.\",\"description\":\"\",\"publisher\":{\"@id\":\"https:\/\/www.franz-josef.cz\/#organization\"},\"alternateName\":\"Franz Joseph\",\"potentialAction\":[{\"@type\":\"SearchAction\",\"target\":{\"@type\":\"EntryPoint\",\"urlTemplate\":\"https:\/\/www.franz-josef.cz\/?s={search_term_string}\"},\"query-input\":{\"@type\":\"PropertyValueSpecification\",\"valueRequired\":true,\"valueName\":\"search_term_string\"}}],\"inLanguage\":\"en-GB\"},{\"@type\":\"Organization\",\"@id\":\"https:\/\/www.franz-josef.cz\/#organization\",\"name\":\"Muzeum Franz Josefa I.\",\"alternateName\":\"Franz Jozef\",\"url\":\"https:\/\/www.franz-josef.cz\/\",\"logo\":{\"@type\":\"ImageObject\",\"inLanguage\":\"en-GB\",\"@id\":\"https:\/\/www.franz-josef.cz\/#\/schema\/logo\/image\/\",\"url\":\"https:\/\/www.franz-josef.cz\/wp-content\/uploads\/2023\/08\/Muzeum-Franz-Jozef-logo-696x696-1.png\",\"contentUrl\":\"https:\/\/www.franz-josef.cz\/wp-content\/uploads\/2023\/08\/Muzeum-Franz-Jozef-logo-696x696-1.png\",\"width\":696,\"height\":696,\"caption\":\"Muzeum Franz Josefa I.\"},\"image\":{\"@id\":\"https:\/\/www.franz-josef.cz\/#\/schema\/logo\/image\/\"}}]}<\/script>\n<!-- \/ Yoast SEO Premium plugin. -->","yoast_head_json":{"title":"\u010cESK\u00c9 BUD\u011aJOVICE &#8212; Muzeum c\u00edsa\u0159e Franz Josefa I.","robots":{"index":"index","follow":"follow","max-snippet":"max-snippet:-1","max-image-preview":"max-image-preview:large","max-video-preview":"max-video-preview:-1"},"canonical":"https:\/\/www.franz-josef.cz\/en\/exponaty\/ceske-budejovice\/","og_locale":"en_GB","og_type":"article","og_title":"\u010cESK\u00c9 BUD\u011aJOVICE","og_description":"\u00a0 \u00a0 \u00a0 \u00a0 \u00a0 \u00a0 \u00a0Zapomenut\u00fd letopo\u010det na\u00a0 \u0161kole &nbsp; C\u00edsa\u0159 FJI byl ve m\u011bst\u011b nejm\u00e9n\u011b \u0161estkr\u00e1t. V \u010cesk\u00fdch Bud\u011bjovic\u00edch neslo hodn\u011b budov v n\u00e1zvu &#8230;&#8230;c\u00edsa\u0159e Franti\u0161ka Josefa: N\u00e1dra\u017e\u00ed c\u00edsa\u0159e Franti\u0161ka Josefa otev\u0159en\u00e9 slavnostn\u011b 17. prosince 1908 Kas\u00e1rny c\u00edsa\u0159e Franti\u0161ka Josefa \u00a0v \u017di\u017ekov\u011b ulici Jubilejn\u00ed nemocnice c\u00edsa\u0159e Franti\u0161ka Josefa \u0160kola c\u00edsa\u0159e Franti\u0161ka Josefa v [&hellip;]","og_url":"https:\/\/www.franz-josef.cz\/en\/exponaty\/ceske-budejovice\/","og_site_name":"Muzeum c\u00edsa\u0159e Franz Josefa I.","article_modified_time":"2023-08-31T21:18:26+00:00","og_image":[{"width":399,"height":600,"url":"https:\/\/www.franz-josef.cz\/wp-content\/uploads\/2023\/08\/CB-SKOLA.jpg","type":"image\/jpeg"}],"twitter_card":"summary_large_image","twitter_misc":{"Estimated reading time":"2 minutes"},"schema":{"@context":"https:\/\/schema.org","@graph":[{"@type":"WebPage","@id":"https:\/\/www.franz-josef.cz\/exponaty\/ceske-budejovice\/","url":"https:\/\/www.franz-josef.cz\/exponaty\/ceske-budejovice\/","name":"\u010cESK\u00c9 BUD\u011aJOVICE &#8212; Muzeum c\u00edsa\u0159e Franz Josefa I.","isPartOf":{"@id":"https:\/\/www.franz-josef.cz\/#website"},"primaryImageOfPage":{"@id":"https:\/\/www.franz-josef.cz\/exponaty\/ceske-budejovice\/#primaryimage"},"image":{"@id":"https:\/\/www.franz-josef.cz\/exponaty\/ceske-budejovice\/#primaryimage"},"thumbnailUrl":"https:\/\/www.franz-josef.cz\/wp-content\/uploads\/2023\/08\/CB-SKOLA.jpg","datePublished":"2023-08-26T17:07:47+00:00","dateModified":"2023-08-31T21:18:26+00:00","breadcrumb":{"@id":"https:\/\/www.franz-josef.cz\/exponaty\/ceske-budejovice\/#breadcrumb"},"inLanguage":"en-GB","potentialAction":[{"@type":"ReadAction","target":["https:\/\/www.franz-josef.cz\/exponaty\/ceske-budejovice\/"]}]},{"@type":"ImageObject","inLanguage":"en-GB","@id":"https:\/\/www.franz-josef.cz\/exponaty\/ceske-budejovice\/#primaryimage","url":"https:\/\/www.franz-josef.cz\/wp-content\/uploads\/2023\/08\/CB-SKOLA.jpg","contentUrl":"https:\/\/www.franz-josef.cz\/wp-content\/uploads\/2023\/08\/CB-SKOLA.jpg","width":399,"height":600},{"@type":"BreadcrumbList","@id":"https:\/\/www.franz-josef.cz\/exponaty\/ceske-budejovice\/#breadcrumb","itemListElement":[{"@type":"ListItem","position":1,"name":"Home","item":"https:\/\/www.franz-josef.cz\/"},{"@type":"ListItem","position":2,"name":"Expon\u00e1ty","item":"https:\/\/www.franz-josef.cz\/exponaty\/"},{"@type":"ListItem","position":3,"name":"\u010cESK\u00c9 BUD\u011aJOVICE"}]},{"@type":"WebSite","@id":"https:\/\/www.franz-josef.cz\/#website","url":"https:\/\/www.franz-josef.cz\/","name":"Muzeum c\u00edsa\u0159e Franz Josefa I.","description":"","publisher":{"@id":"https:\/\/www.franz-josef.cz\/#organization"},"alternateName":"Franz Joseph","potentialAction":[{"@type":"SearchAction","target":{"@type":"EntryPoint","urlTemplate":"https:\/\/www.franz-josef.cz\/?s={search_term_string}"},"query-input":{"@type":"PropertyValueSpecification","valueRequired":true,"valueName":"search_term_string"}}],"inLanguage":"en-GB"},{"@type":"Organization","@id":"https:\/\/www.franz-josef.cz\/#organization","name":"Muzeum Franz Josefa I.","alternateName":"Franz Jozef","url":"https:\/\/www.franz-josef.cz\/","logo":{"@type":"ImageObject","inLanguage":"en-GB","@id":"https:\/\/www.franz-josef.cz\/#\/schema\/logo\/image\/","url":"https:\/\/www.franz-josef.cz\/wp-content\/uploads\/2023\/08\/Muzeum-Franz-Jozef-logo-696x696-1.png","contentUrl":"https:\/\/www.franz-josef.cz\/wp-content\/uploads\/2023\/08\/Muzeum-Franz-Jozef-logo-696x696-1.png","width":696,"height":696,"caption":"Muzeum Franz Josefa I."},"image":{"@id":"https:\/\/www.franz-josef.cz\/#\/schema\/logo\/image\/"}}]}},"_links":{"self":[{"href":"https:\/\/www.franz-josef.cz\/en\/wp-json\/wp\/v2\/exponaty\/52073","targetHints":{"allow":["GET"]}}],"collection":[{"href":"https:\/\/www.franz-josef.cz\/en\/wp-json\/wp\/v2\/exponaty"}],"about":[{"href":"https:\/\/www.franz-josef.cz\/en\/wp-json\/wp\/v2\/types\/exponaty"}],"author":[{"embeddable":true,"href":"https:\/\/www.franz-josef.cz\/en\/wp-json\/wp\/v2\/users\/5"}],"version-history":[{"count":7,"href":"https:\/\/www.franz-josef.cz\/en\/wp-json\/wp\/v2\/exponaty\/52073\/revisions"}],"predecessor-version":[{"id":52524,"href":"https:\/\/www.franz-josef.cz\/en\/wp-json\/wp\/v2\/exponaty\/52073\/revisions\/52524"}],"wp:featuredmedia":[{"embeddable":true,"href":"https:\/\/www.franz-josef.cz\/en\/wp-json\/wp\/v2\/media\/52077"}],"wp:attachment":[{"href":"https:\/\/www.franz-josef.cz\/en\/wp-json\/wp\/v2\/media?parent=52073"}],"wp:term":[{"taxonomy":"zarazeno-v-expozici","embeddable":true,"href":"https:\/\/www.franz-josef.cz\/en\/wp-json\/wp\/v2\/zarazeno-v-expozici?post=52073"}],"curies":[{"name":"wp","href":"https:\/\/api.w.org\/{rel}","templated":true}]}}