{"id":52086,"date":"2023-08-26T19:22:46","date_gmt":"2023-08-26T17:22:46","guid":{"rendered":"https:\/\/www.franz-josef.cz\/?post_type=exponaty&#038;p=52086"},"modified":"2023-08-31T23:20:47","modified_gmt":"2023-08-31T21:20:47","slug":"damnikov","status":"publish","type":"exponaty","link":"https:\/\/www.franz-josef.cz\/en\/exponaty\/damnikov\/","title":{"rendered":"DAMN\u00cdKOV"},"content":{"rendered":"<h1>\u00a0 \u00a0Damn\u00edkov, memorial stone of Emperor FJI.<\/h1>\n<p>&nbsp;<\/p>\n<p>The village is located in the southwestern part of the Lan\u0161kroun Basin at the foot of the wooded H\u0159ebe\u010dovsk\u00fd ridge of the T\u0159ebovsk\u00fd meziho\u0159\u00ed below the T\u0159ebovsk\u00fd saddle in the district of \u00dast\u00ed nad Orlic\u00ed in the Pardubice region. The Lukovsk\u00fd stream flows through the village, which flows into the Moravsk\u00e1 S\u00e1zava.<\/p>\n<p>This monument, built in 1908, is the only one of its kind in the Czech Republic, in close proximity to the Nad Damn\u00edkovsk\u00e1 h\u00e1jovn\u00e1 well, about 200 m southeast of the crossroads with the information board. As with everyone, i.e. with the stones mentioned above, it is the anniversary of the reign of the monarch, in this case Emperor Franz Joseph I with a reign of 60 years. Trees were planted around the monuments in the number of years of reign. There were 6 maples in the imperial one, 40 in the Liechtenstein one respectively. 50 oaks, which is also written in German on the memorials (imperial maples or princely oaks). The imperial monument originally stood about 200 m further to the southeast - near the Damn\u00edkovsk\u00e1 hajovna. In 2013, when it was rediscovered and moved to a renovated well with excellent drinking water.<\/p>\n<p>The stone is rectangular in shape and bears a German inscription:<br \/>\n\u201eKAISER AHORNE<br \/>\nLX. j\u00e4hr. Reg. Jubil.<br \/>\n2. Dez. MCMVIII.\u201c<\/p>\n<p>Imperial maples<\/p>\n<p>60-year anniversary of the government<\/p>\n<p>2. Dezember 1908<\/p>\n<p>Source:<\/p>\n<p>http:\/\/www.zpravodaj.probit.cz\/2014\/12_14web\/Trebovske_steny.htm<\/p>\n<p>http:\/\/www.jubilejnikameny.euweb.cz\/lanskroun\/damnikov_javory6.jpg<\/p>\n<p>&nbsp;<\/p>\n<p><img fetchpriority=\"high\" decoding=\"async\" class=\"alignnone size-full wp-image-52088\" src=\"https:\/\/www.franz-josef.cz\/wp-content\/uploads\/2023\/08\/DAM-1.jpg\" alt=\"\" width=\"451\" height=\"600\" srcset=\"https:\/\/www.franz-josef.cz\/wp-content\/uploads\/2023\/08\/DAM-1.jpg 451w, https:\/\/www.franz-josef.cz\/wp-content\/uploads\/2023\/08\/DAM-1-226x300.jpg 226w\" sizes=\"(max-width: 451px) 100vw, 451px\" \/> <img decoding=\"async\" class=\"alignnone size-full wp-image-52089 lazyload\" data-src=\"https:\/\/www.franz-josef.cz\/wp-content\/uploads\/2023\/08\/DAM-2.jpg\" alt=\"\" width=\"750\" height=\"461\" data-srcset=\"https:\/\/www.franz-josef.cz\/wp-content\/uploads\/2023\/08\/DAM-2.jpg 750w, https:\/\/www.franz-josef.cz\/wp-content\/uploads\/2023\/08\/DAM-2-300x184.jpg 300w\" data-sizes=\"(max-width: 750px) 100vw, 750px\" src=\"data:image\/gif;base64,R0lGODlhAQABAAAAACH5BAEKAAEALAAAAAABAAEAAAICTAEAOw==\" style=\"--smush-placeholder-width: 750px; --smush-placeholder-aspect-ratio: 750\/461;\" \/><noscript><img decoding=\"async\" class=\"alignnone size-full wp-image-52089\" src=\"https:\/\/www.franz-josef.cz\/wp-content\/uploads\/2023\/08\/DAM-2.jpg\" alt=\"\" width=\"750\" height=\"461\" srcset=\"https:\/\/www.franz-josef.cz\/wp-content\/uploads\/2023\/08\/DAM-2.jpg 750w, https:\/\/www.franz-josef.cz\/wp-content\/uploads\/2023\/08\/DAM-2-300x184.jpg 300w\" sizes=\"(max-width: 750px) 100vw, 750px\" \/><\/noscript><\/p>\n<h1><\/h1>\n<div class=\"abstract\">\n<p>&nbsp;<\/p>\n<\/div>\n<div class=\"content\">\n<p>&nbsp;<\/p>\n<\/div>","protected":false},"author":5,"featured_media":52089,"template":"","zarazeno-v-expozici":[252],"class_list":["post-52086","exponaty","type-exponaty","status-publish","has-post-thumbnail","hentry","zarazeno-v-expozici-sochy-a-pomniky-badatelska-cinnost-jiriho-danka"],"yoast_head":"<!-- This site is optimized with the Yoast SEO Premium plugin v20.12 (Yoast SEO v27.2) - https:\/\/yoast.com\/product\/yoast-seo-premium-wordpress\/ -->\n<title>DAMN\u00cdKOV &#8212; Muzeum c\u00edsa\u0159e Franz Josefa I.<\/title>\n<meta name=\"robots\" content=\"index, follow, max-snippet:-1, max-image-preview:large, max-video-preview:-1\" \/>\n<link rel=\"canonical\" href=\"https:\/\/www.franz-josef.cz\/en\/exponaty\/damnikov\/\" \/>\n<meta property=\"og:locale\" content=\"en_GB\" \/>\n<meta property=\"og:type\" content=\"article\" \/>\n<meta property=\"og:title\" content=\"DAMN\u00cdKOV\" \/>\n<meta property=\"og:description\" content=\"\u00a0 \u00a0Damn\u00edkov, pam\u011btn\u00ed k\u00e1men c\u00edsa\u0159e FJI. &nbsp; Obec le\u017e\u00ed v jihoz\u00e1padn\u00ed \u010d\u00e1sti Lan\u0161krounsk\u00e9 kotliny na \u00fapat\u00ed zalesn\u011bn\u00e9ho H\u0159ebe\u010dovsk\u00e9ho h\u0159betu T\u0159ebovsk\u00e9ho meziho\u0159\u00ed pod T\u0159ebovsk\u00fdm sedlem v okrese \u00dast\u00ed nad Orlic\u00ed v Pardubick\u00e9m kraji.\u00a0Obc\u00ed prot\u00e9k\u00e1 Lukovsk\u00fd potok, kter\u00fd se vl\u00e9v\u00e1 do Moravsk\u00e9 S\u00e1zavy. Tento pam\u00e1tn\u00edk, vybudovan\u00fd v roce 1908 je jedin\u00fd sv\u00e9ho druhu v \u010cR, v t\u011bsn\u00e9 [&hellip;]\" \/>\n<meta property=\"og:url\" content=\"https:\/\/www.franz-josef.cz\/en\/exponaty\/damnikov\/\" \/>\n<meta property=\"og:site_name\" content=\"Muzeum c\u00edsa\u0159e Franz Josefa I.\" \/>\n<meta property=\"article:modified_time\" content=\"2023-08-31T21:20:47+00:00\" \/>\n<meta property=\"og:image\" content=\"https:\/\/www.franz-josef.cz\/wp-content\/uploads\/2023\/08\/DAM-2.jpg\" \/>\n\t<meta property=\"og:image:width\" content=\"750\" \/>\n\t<meta property=\"og:image:height\" content=\"461\" \/>\n\t<meta property=\"og:image:type\" content=\"image\/jpeg\" \/>\n<meta name=\"twitter:card\" content=\"summary_large_image\" \/>\n<meta name=\"twitter:label1\" content=\"Estimated reading time\" \/>\n\t<meta name=\"twitter:data1\" content=\"2 minutes\" \/>\n<script type=\"application\/ld+json\" class=\"yoast-schema-graph\">{\"@context\":\"https:\/\/schema.org\",\"@graph\":[{\"@type\":\"WebPage\",\"@id\":\"https:\/\/www.franz-josef.cz\/exponaty\/damnikov\/\",\"url\":\"https:\/\/www.franz-josef.cz\/exponaty\/damnikov\/\",\"name\":\"DAMN\u00cdKOV &#8212; Muzeum c\u00edsa\u0159e Franz Josefa I.\",\"isPartOf\":{\"@id\":\"https:\/\/www.franz-josef.cz\/#website\"},\"primaryImageOfPage\":{\"@id\":\"https:\/\/www.franz-josef.cz\/exponaty\/damnikov\/#primaryimage\"},\"image\":{\"@id\":\"https:\/\/www.franz-josef.cz\/exponaty\/damnikov\/#primaryimage\"},\"thumbnailUrl\":\"https:\/\/www.franz-josef.cz\/wp-content\/uploads\/2023\/08\/DAM-2.jpg\",\"datePublished\":\"2023-08-26T17:22:46+00:00\",\"dateModified\":\"2023-08-31T21:20:47+00:00\",\"breadcrumb\":{\"@id\":\"https:\/\/www.franz-josef.cz\/exponaty\/damnikov\/#breadcrumb\"},\"inLanguage\":\"en-GB\",\"potentialAction\":[{\"@type\":\"ReadAction\",\"target\":[\"https:\/\/www.franz-josef.cz\/exponaty\/damnikov\/\"]}]},{\"@type\":\"ImageObject\",\"inLanguage\":\"en-GB\",\"@id\":\"https:\/\/www.franz-josef.cz\/exponaty\/damnikov\/#primaryimage\",\"url\":\"https:\/\/www.franz-josef.cz\/wp-content\/uploads\/2023\/08\/DAM-2.jpg\",\"contentUrl\":\"https:\/\/www.franz-josef.cz\/wp-content\/uploads\/2023\/08\/DAM-2.jpg\",\"width\":750,\"height\":461},{\"@type\":\"BreadcrumbList\",\"@id\":\"https:\/\/www.franz-josef.cz\/exponaty\/damnikov\/#breadcrumb\",\"itemListElement\":[{\"@type\":\"ListItem\",\"position\":1,\"name\":\"Home\",\"item\":\"https:\/\/www.franz-josef.cz\/\"},{\"@type\":\"ListItem\",\"position\":2,\"name\":\"Expon\u00e1ty\",\"item\":\"https:\/\/www.franz-josef.cz\/exponaty\/\"},{\"@type\":\"ListItem\",\"position\":3,\"name\":\"DAMN\u00cdKOV\"}]},{\"@type\":\"WebSite\",\"@id\":\"https:\/\/www.franz-josef.cz\/#website\",\"url\":\"https:\/\/www.franz-josef.cz\/\",\"name\":\"Muzeum c\u00edsa\u0159e Franz Josefa I.\",\"description\":\"\",\"publisher\":{\"@id\":\"https:\/\/www.franz-josef.cz\/#organization\"},\"alternateName\":\"Franz Joseph\",\"potentialAction\":[{\"@type\":\"SearchAction\",\"target\":{\"@type\":\"EntryPoint\",\"urlTemplate\":\"https:\/\/www.franz-josef.cz\/?s={search_term_string}\"},\"query-input\":{\"@type\":\"PropertyValueSpecification\",\"valueRequired\":true,\"valueName\":\"search_term_string\"}}],\"inLanguage\":\"en-GB\"},{\"@type\":\"Organization\",\"@id\":\"https:\/\/www.franz-josef.cz\/#organization\",\"name\":\"Muzeum Franz Josefa I.\",\"alternateName\":\"Franz Jozef\",\"url\":\"https:\/\/www.franz-josef.cz\/\",\"logo\":{\"@type\":\"ImageObject\",\"inLanguage\":\"en-GB\",\"@id\":\"https:\/\/www.franz-josef.cz\/#\/schema\/logo\/image\/\",\"url\":\"https:\/\/www.franz-josef.cz\/wp-content\/uploads\/2023\/08\/Muzeum-Franz-Jozef-logo-696x696-1.png\",\"contentUrl\":\"https:\/\/www.franz-josef.cz\/wp-content\/uploads\/2023\/08\/Muzeum-Franz-Jozef-logo-696x696-1.png\",\"width\":696,\"height\":696,\"caption\":\"Muzeum Franz Josefa I.\"},\"image\":{\"@id\":\"https:\/\/www.franz-josef.cz\/#\/schema\/logo\/image\/\"}}]}<\/script>\n<!-- \/ Yoast SEO Premium plugin. -->","yoast_head_json":{"title":"DAMN\u00cdKOV &#8212; Muzeum c\u00edsa\u0159e Franz Josefa I.","robots":{"index":"index","follow":"follow","max-snippet":"max-snippet:-1","max-image-preview":"max-image-preview:large","max-video-preview":"max-video-preview:-1"},"canonical":"https:\/\/www.franz-josef.cz\/en\/exponaty\/damnikov\/","og_locale":"en_GB","og_type":"article","og_title":"DAMN\u00cdKOV","og_description":"\u00a0 \u00a0Damn\u00edkov, pam\u011btn\u00ed k\u00e1men c\u00edsa\u0159e FJI. &nbsp; Obec le\u017e\u00ed v jihoz\u00e1padn\u00ed \u010d\u00e1sti Lan\u0161krounsk\u00e9 kotliny na \u00fapat\u00ed zalesn\u011bn\u00e9ho H\u0159ebe\u010dovsk\u00e9ho h\u0159betu T\u0159ebovsk\u00e9ho meziho\u0159\u00ed pod T\u0159ebovsk\u00fdm sedlem v okrese \u00dast\u00ed nad Orlic\u00ed v Pardubick\u00e9m kraji.\u00a0Obc\u00ed prot\u00e9k\u00e1 Lukovsk\u00fd potok, kter\u00fd se vl\u00e9v\u00e1 do Moravsk\u00e9 S\u00e1zavy. Tento pam\u00e1tn\u00edk, vybudovan\u00fd v roce 1908 je jedin\u00fd sv\u00e9ho druhu v \u010cR, v t\u011bsn\u00e9 [&hellip;]","og_url":"https:\/\/www.franz-josef.cz\/en\/exponaty\/damnikov\/","og_site_name":"Muzeum c\u00edsa\u0159e Franz Josefa I.","article_modified_time":"2023-08-31T21:20:47+00:00","og_image":[{"width":750,"height":461,"url":"https:\/\/www.franz-josef.cz\/wp-content\/uploads\/2023\/08\/DAM-2.jpg","type":"image\/jpeg"}],"twitter_card":"summary_large_image","twitter_misc":{"Estimated reading time":"2 minutes"},"schema":{"@context":"https:\/\/schema.org","@graph":[{"@type":"WebPage","@id":"https:\/\/www.franz-josef.cz\/exponaty\/damnikov\/","url":"https:\/\/www.franz-josef.cz\/exponaty\/damnikov\/","name":"DAMN\u00cdKOV &#8212; Muzeum c\u00edsa\u0159e Franz Josefa I.","isPartOf":{"@id":"https:\/\/www.franz-josef.cz\/#website"},"primaryImageOfPage":{"@id":"https:\/\/www.franz-josef.cz\/exponaty\/damnikov\/#primaryimage"},"image":{"@id":"https:\/\/www.franz-josef.cz\/exponaty\/damnikov\/#primaryimage"},"thumbnailUrl":"https:\/\/www.franz-josef.cz\/wp-content\/uploads\/2023\/08\/DAM-2.jpg","datePublished":"2023-08-26T17:22:46+00:00","dateModified":"2023-08-31T21:20:47+00:00","breadcrumb":{"@id":"https:\/\/www.franz-josef.cz\/exponaty\/damnikov\/#breadcrumb"},"inLanguage":"en-GB","potentialAction":[{"@type":"ReadAction","target":["https:\/\/www.franz-josef.cz\/exponaty\/damnikov\/"]}]},{"@type":"ImageObject","inLanguage":"en-GB","@id":"https:\/\/www.franz-josef.cz\/exponaty\/damnikov\/#primaryimage","url":"https:\/\/www.franz-josef.cz\/wp-content\/uploads\/2023\/08\/DAM-2.jpg","contentUrl":"https:\/\/www.franz-josef.cz\/wp-content\/uploads\/2023\/08\/DAM-2.jpg","width":750,"height":461},{"@type":"BreadcrumbList","@id":"https:\/\/www.franz-josef.cz\/exponaty\/damnikov\/#breadcrumb","itemListElement":[{"@type":"ListItem","position":1,"name":"Home","item":"https:\/\/www.franz-josef.cz\/"},{"@type":"ListItem","position":2,"name":"Expon\u00e1ty","item":"https:\/\/www.franz-josef.cz\/exponaty\/"},{"@type":"ListItem","position":3,"name":"DAMN\u00cdKOV"}]},{"@type":"WebSite","@id":"https:\/\/www.franz-josef.cz\/#website","url":"https:\/\/www.franz-josef.cz\/","name":"Muzeum c\u00edsa\u0159e Franz Josefa I.","description":"","publisher":{"@id":"https:\/\/www.franz-josef.cz\/#organization"},"alternateName":"Franz Joseph","potentialAction":[{"@type":"SearchAction","target":{"@type":"EntryPoint","urlTemplate":"https:\/\/www.franz-josef.cz\/?s={search_term_string}"},"query-input":{"@type":"PropertyValueSpecification","valueRequired":true,"valueName":"search_term_string"}}],"inLanguage":"en-GB"},{"@type":"Organization","@id":"https:\/\/www.franz-josef.cz\/#organization","name":"Muzeum Franz Josefa I.","alternateName":"Franz Jozef","url":"https:\/\/www.franz-josef.cz\/","logo":{"@type":"ImageObject","inLanguage":"en-GB","@id":"https:\/\/www.franz-josef.cz\/#\/schema\/logo\/image\/","url":"https:\/\/www.franz-josef.cz\/wp-content\/uploads\/2023\/08\/Muzeum-Franz-Jozef-logo-696x696-1.png","contentUrl":"https:\/\/www.franz-josef.cz\/wp-content\/uploads\/2023\/08\/Muzeum-Franz-Jozef-logo-696x696-1.png","width":696,"height":696,"caption":"Muzeum Franz Josefa I."},"image":{"@id":"https:\/\/www.franz-josef.cz\/#\/schema\/logo\/image\/"}}]}},"_links":{"self":[{"href":"https:\/\/www.franz-josef.cz\/en\/wp-json\/wp\/v2\/exponaty\/52086","targetHints":{"allow":["GET"]}}],"collection":[{"href":"https:\/\/www.franz-josef.cz\/en\/wp-json\/wp\/v2\/exponaty"}],"about":[{"href":"https:\/\/www.franz-josef.cz\/en\/wp-json\/wp\/v2\/types\/exponaty"}],"author":[{"embeddable":true,"href":"https:\/\/www.franz-josef.cz\/en\/wp-json\/wp\/v2\/users\/5"}],"version-history":[{"count":4,"href":"https:\/\/www.franz-josef.cz\/en\/wp-json\/wp\/v2\/exponaty\/52086\/revisions"}],"predecessor-version":[{"id":52526,"href":"https:\/\/www.franz-josef.cz\/en\/wp-json\/wp\/v2\/exponaty\/52086\/revisions\/52526"}],"wp:featuredmedia":[{"embeddable":true,"href":"https:\/\/www.franz-josef.cz\/en\/wp-json\/wp\/v2\/media\/52089"}],"wp:attachment":[{"href":"https:\/\/www.franz-josef.cz\/en\/wp-json\/wp\/v2\/media?parent=52086"}],"wp:term":[{"taxonomy":"zarazeno-v-expozici","embeddable":true,"href":"https:\/\/www.franz-josef.cz\/en\/wp-json\/wp\/v2\/zarazeno-v-expozici?post=52086"}],"curies":[{"name":"wp","href":"https:\/\/api.w.org\/{rel}","templated":true}]}}