{"id":52114,"date":"2023-08-27T10:11:26","date_gmt":"2023-08-27T08:11:26","guid":{"rendered":"https:\/\/www.franz-josef.cz\/?post_type=exponaty&#038;p=52114"},"modified":"2023-08-28T20:51:42","modified_gmt":"2023-08-28T18:51:42","slug":"dolni-rasnice","status":"publish","type":"exponaty","link":"https:\/\/www.franz-josef.cz\/en\/exponaty\/dolni-rasnice\/","title":{"rendered":"DOLN\u00cd \u0158ASNICE"},"content":{"rendered":"<h1><strong>Monument to Emperor FJI remodeled into a monument to Hans Kudlich<\/strong><\/h1>\n<p>&nbsp;<\/p>\n<p>Doln\u00ed \u0158asnice (German: R\u00fcckersdorf) is a municipality and village in the north of the Czech Republic, in the Liberec district, in the Liberec Region. It is located in the Fr\u00fddlant ridge about 6 km northeast of the town of Fr\u00fddlant on the road to Jind\u0159ichovice pod Smrkem.<\/p>\n<p>On the postcard, which was sent on 17 July 1914 as a greeting from Doln\u00ed \u0158asnice, you can see the memorial stone there. A relief can be recognized on the stone, and on the postcard there is an inscription: \"Jubilee stone for Francis Joseph I. But it met the fate of almost all the emperor's monuments.\" It was redone for another birthday boy. I guess it's better than total destruction.<\/p>\n<p>On July 27, 1924, this stone with a relief of Hans Kudlich was unveiled as a monument to a supporter of the peasants, on which was the dedication: \"Liberator of the peasants Hans Kudlich.\" The founders of the monument are: JZD Doln\u00ed \u0158asnice. The bronze relief was created by Hugo Uher in Karlovy Vary.<\/p>\n<p>In 2007, with the approval of the Municipal Office of Doln\u00ed \u0158asnice, it was renovated by the \"Fr\u00fddlant County Association e.V.\" and with the support of the \"Association of Friends of Hans Kudlich e.V.\" and ceremonially unveiled again. To make the text generally comprehensible, it was supplemented with another plaque with the dedication in Czech and German:<\/p>\n<p>\"In memory of the liberator of the peasants, who contributed to the abolition of serfdom and serfdom in 1848.<\/p>\n<p>The monument was unveiled on July 27, 1924. \u2013 Restored \u2013 Former citizens of Doln\u00ed Rasnice<\/p>\n<p>Citizens' Association Fr\u00fddlant e.V. (Heimatkreis Friedland e.V.) \u2013 The village of Doln\u00ed Rasnice.\"<\/p>\n<p>Source:<\/p>\n<p>http:\/\/www.nmps.cz\/noviny\/noviny_2011_01-02_(88).pdf<\/p>\n<p><img fetchpriority=\"high\" decoding=\"async\" class=\"alignnone size-full wp-image-52116\" src=\"https:\/\/www.franz-josef.cz\/wp-content\/uploads\/2023\/08\/DOL.-RAS-1.jpg\" alt=\"\" width=\"749\" height=\"600\" srcset=\"https:\/\/www.franz-josef.cz\/wp-content\/uploads\/2023\/08\/DOL.-RAS-1.jpg 749w, https:\/\/www.franz-josef.cz\/wp-content\/uploads\/2023\/08\/DOL.-RAS-1-300x240.jpg 300w\" sizes=\"(max-width: 749px) 100vw, 749px\" \/> <img decoding=\"async\" class=\"alignnone size-full wp-image-52117 lazyload\" data-src=\"https:\/\/www.franz-josef.cz\/wp-content\/uploads\/2023\/08\/DOL.-RAS-2.jpg\" alt=\"\" width=\"750\" height=\"500\" data-srcset=\"https:\/\/www.franz-josef.cz\/wp-content\/uploads\/2023\/08\/DOL.-RAS-2.jpg 750w, https:\/\/www.franz-josef.cz\/wp-content\/uploads\/2023\/08\/DOL.-RAS-2-300x200.jpg 300w\" data-sizes=\"(max-width: 750px) 100vw, 750px\" src=\"data:image\/gif;base64,R0lGODlhAQABAAAAACH5BAEKAAEALAAAAAABAAEAAAICTAEAOw==\" style=\"--smush-placeholder-width: 750px; --smush-placeholder-aspect-ratio: 750\/500;\" \/><noscript><img decoding=\"async\" class=\"alignnone size-full wp-image-52117\" src=\"https:\/\/www.franz-josef.cz\/wp-content\/uploads\/2023\/08\/DOL.-RAS-2.jpg\" alt=\"\" width=\"750\" height=\"500\" srcset=\"https:\/\/www.franz-josef.cz\/wp-content\/uploads\/2023\/08\/DOL.-RAS-2.jpg 750w, https:\/\/www.franz-josef.cz\/wp-content\/uploads\/2023\/08\/DOL.-RAS-2-300x200.jpg 300w\" sizes=\"(max-width: 750px) 100vw, 750px\" \/><\/noscript><\/p>\n<div class=\"abstract\">\n<p>&nbsp;<\/p>\n<\/div>\n<div class=\"content\">\n<p>&nbsp;<\/p>\n<\/div>","protected":false},"author":5,"featured_media":52116,"template":"","zarazeno-v-expozici":[252],"class_list":["post-52114","exponaty","type-exponaty","status-publish","has-post-thumbnail","hentry","zarazeno-v-expozici-sochy-a-pomniky-badatelska-cinnost-jiriho-danka"],"yoast_head":"<!-- This site is optimized with the Yoast SEO Premium plugin v20.12 (Yoast SEO v27.2) - https:\/\/yoast.com\/product\/yoast-seo-premium-wordpress\/ -->\n<title>DOLN\u00cd \u0158ASNICE &#8212; Muzeum c\u00edsa\u0159e Franz Josefa I.<\/title>\n<meta name=\"robots\" content=\"index, follow, max-snippet:-1, max-image-preview:large, max-video-preview:-1\" \/>\n<link rel=\"canonical\" href=\"https:\/\/www.franz-josef.cz\/en\/exponaty\/dolni-rasnice\/\" \/>\n<meta property=\"og:locale\" content=\"en_GB\" \/>\n<meta property=\"og:type\" content=\"article\" \/>\n<meta property=\"og:title\" content=\"DOLN\u00cd \u0158ASNICE\" \/>\n<meta property=\"og:description\" content=\"Pomn\u00edk c\u00edsa\u0159e FJI p\u0159ed\u011blan\u00fd na pomn\u00edk Hanse Kudlicha &nbsp; Doln\u00ed \u0158asnice (n\u011bmecky R\u00fcckersdorf) je obec a vesnice na severu \u010ceska, v okrese Liberec, v Libereck\u00e9m kraji. Le\u017e\u00ed ve Fr\u00fddlantsk\u00e9m v\u00fdb\u011b\u017eku asi 6 km severov\u00fdchodn\u011b od m\u011bsta Fr\u00fddlantu na silnici do Jind\u0159ichovic pod Smrkem. Na pohlednici, kter\u00e1 byla odesl\u00e1na 17.07.1914 jako pozdrav z\u00a0Doln\u00ed \u0158asnice, je k\u00a0vid\u011bn\u00ed [&hellip;]\" \/>\n<meta property=\"og:url\" content=\"https:\/\/www.franz-josef.cz\/en\/exponaty\/dolni-rasnice\/\" \/>\n<meta property=\"og:site_name\" content=\"Muzeum c\u00edsa\u0159e Franz Josefa I.\" \/>\n<meta property=\"article:modified_time\" content=\"2023-08-28T18:51:42+00:00\" \/>\n<meta property=\"og:image\" content=\"https:\/\/www.franz-josef.cz\/wp-content\/uploads\/2023\/08\/DOL.-RAS-1.jpg\" \/>\n\t<meta property=\"og:image:width\" content=\"749\" \/>\n\t<meta property=\"og:image:height\" content=\"600\" \/>\n\t<meta property=\"og:image:type\" content=\"image\/jpeg\" \/>\n<meta name=\"twitter:card\" content=\"summary_large_image\" \/>\n<meta name=\"twitter:label1\" content=\"Estimated reading time\" \/>\n\t<meta name=\"twitter:data1\" content=\"2 minutes\" \/>\n<script type=\"application\/ld+json\" class=\"yoast-schema-graph\">{\"@context\":\"https:\/\/schema.org\",\"@graph\":[{\"@type\":\"WebPage\",\"@id\":\"https:\/\/www.franz-josef.cz\/exponaty\/dolni-rasnice\/\",\"url\":\"https:\/\/www.franz-josef.cz\/exponaty\/dolni-rasnice\/\",\"name\":\"DOLN\u00cd \u0158ASNICE &#8212; Muzeum c\u00edsa\u0159e Franz Josefa I.\",\"isPartOf\":{\"@id\":\"https:\/\/www.franz-josef.cz\/#website\"},\"primaryImageOfPage\":{\"@id\":\"https:\/\/www.franz-josef.cz\/exponaty\/dolni-rasnice\/#primaryimage\"},\"image\":{\"@id\":\"https:\/\/www.franz-josef.cz\/exponaty\/dolni-rasnice\/#primaryimage\"},\"thumbnailUrl\":\"https:\/\/www.franz-josef.cz\/wp-content\/uploads\/2023\/08\/DOL.-RAS-1.jpg\",\"datePublished\":\"2023-08-27T08:11:26+00:00\",\"dateModified\":\"2023-08-28T18:51:42+00:00\",\"breadcrumb\":{\"@id\":\"https:\/\/www.franz-josef.cz\/exponaty\/dolni-rasnice\/#breadcrumb\"},\"inLanguage\":\"en-GB\",\"potentialAction\":[{\"@type\":\"ReadAction\",\"target\":[\"https:\/\/www.franz-josef.cz\/exponaty\/dolni-rasnice\/\"]}]},{\"@type\":\"ImageObject\",\"inLanguage\":\"en-GB\",\"@id\":\"https:\/\/www.franz-josef.cz\/exponaty\/dolni-rasnice\/#primaryimage\",\"url\":\"https:\/\/www.franz-josef.cz\/wp-content\/uploads\/2023\/08\/DOL.-RAS-1.jpg\",\"contentUrl\":\"https:\/\/www.franz-josef.cz\/wp-content\/uploads\/2023\/08\/DOL.-RAS-1.jpg\",\"width\":749,\"height\":600},{\"@type\":\"BreadcrumbList\",\"@id\":\"https:\/\/www.franz-josef.cz\/exponaty\/dolni-rasnice\/#breadcrumb\",\"itemListElement\":[{\"@type\":\"ListItem\",\"position\":1,\"name\":\"Home\",\"item\":\"https:\/\/www.franz-josef.cz\/\"},{\"@type\":\"ListItem\",\"position\":2,\"name\":\"Expon\u00e1ty\",\"item\":\"https:\/\/www.franz-josef.cz\/exponaty\/\"},{\"@type\":\"ListItem\",\"position\":3,\"name\":\"DOLN\u00cd \u0158ASNICE\"}]},{\"@type\":\"WebSite\",\"@id\":\"https:\/\/www.franz-josef.cz\/#website\",\"url\":\"https:\/\/www.franz-josef.cz\/\",\"name\":\"Muzeum c\u00edsa\u0159e Franz Josefa I.\",\"description\":\"\",\"publisher\":{\"@id\":\"https:\/\/www.franz-josef.cz\/#organization\"},\"alternateName\":\"Franz Joseph\",\"potentialAction\":[{\"@type\":\"SearchAction\",\"target\":{\"@type\":\"EntryPoint\",\"urlTemplate\":\"https:\/\/www.franz-josef.cz\/?s={search_term_string}\"},\"query-input\":{\"@type\":\"PropertyValueSpecification\",\"valueRequired\":true,\"valueName\":\"search_term_string\"}}],\"inLanguage\":\"en-GB\"},{\"@type\":\"Organization\",\"@id\":\"https:\/\/www.franz-josef.cz\/#organization\",\"name\":\"Muzeum Franz Josefa I.\",\"alternateName\":\"Franz Jozef\",\"url\":\"https:\/\/www.franz-josef.cz\/\",\"logo\":{\"@type\":\"ImageObject\",\"inLanguage\":\"en-GB\",\"@id\":\"https:\/\/www.franz-josef.cz\/#\/schema\/logo\/image\/\",\"url\":\"https:\/\/www.franz-josef.cz\/wp-content\/uploads\/2023\/08\/Muzeum-Franz-Jozef-logo-696x696-1.png\",\"contentUrl\":\"https:\/\/www.franz-josef.cz\/wp-content\/uploads\/2023\/08\/Muzeum-Franz-Jozef-logo-696x696-1.png\",\"width\":696,\"height\":696,\"caption\":\"Muzeum Franz Josefa I.\"},\"image\":{\"@id\":\"https:\/\/www.franz-josef.cz\/#\/schema\/logo\/image\/\"}}]}<\/script>\n<!-- \/ Yoast SEO Premium plugin. -->","yoast_head_json":{"title":"DOLN\u00cd \u0158ASNICE &#8212; Muzeum c\u00edsa\u0159e Franz Josefa I.","robots":{"index":"index","follow":"follow","max-snippet":"max-snippet:-1","max-image-preview":"max-image-preview:large","max-video-preview":"max-video-preview:-1"},"canonical":"https:\/\/www.franz-josef.cz\/en\/exponaty\/dolni-rasnice\/","og_locale":"en_GB","og_type":"article","og_title":"DOLN\u00cd \u0158ASNICE","og_description":"Pomn\u00edk c\u00edsa\u0159e FJI p\u0159ed\u011blan\u00fd na pomn\u00edk Hanse Kudlicha &nbsp; Doln\u00ed \u0158asnice (n\u011bmecky R\u00fcckersdorf) je obec a vesnice na severu \u010ceska, v okrese Liberec, v Libereck\u00e9m kraji. Le\u017e\u00ed ve Fr\u00fddlantsk\u00e9m v\u00fdb\u011b\u017eku asi 6 km severov\u00fdchodn\u011b od m\u011bsta Fr\u00fddlantu na silnici do Jind\u0159ichovic pod Smrkem. Na pohlednici, kter\u00e1 byla odesl\u00e1na 17.07.1914 jako pozdrav z\u00a0Doln\u00ed \u0158asnice, je k\u00a0vid\u011bn\u00ed [&hellip;]","og_url":"https:\/\/www.franz-josef.cz\/en\/exponaty\/dolni-rasnice\/","og_site_name":"Muzeum c\u00edsa\u0159e Franz Josefa I.","article_modified_time":"2023-08-28T18:51:42+00:00","og_image":[{"width":749,"height":600,"url":"https:\/\/www.franz-josef.cz\/wp-content\/uploads\/2023\/08\/DOL.-RAS-1.jpg","type":"image\/jpeg"}],"twitter_card":"summary_large_image","twitter_misc":{"Estimated reading time":"2 minutes"},"schema":{"@context":"https:\/\/schema.org","@graph":[{"@type":"WebPage","@id":"https:\/\/www.franz-josef.cz\/exponaty\/dolni-rasnice\/","url":"https:\/\/www.franz-josef.cz\/exponaty\/dolni-rasnice\/","name":"DOLN\u00cd \u0158ASNICE &#8212; Muzeum c\u00edsa\u0159e Franz Josefa I.","isPartOf":{"@id":"https:\/\/www.franz-josef.cz\/#website"},"primaryImageOfPage":{"@id":"https:\/\/www.franz-josef.cz\/exponaty\/dolni-rasnice\/#primaryimage"},"image":{"@id":"https:\/\/www.franz-josef.cz\/exponaty\/dolni-rasnice\/#primaryimage"},"thumbnailUrl":"https:\/\/www.franz-josef.cz\/wp-content\/uploads\/2023\/08\/DOL.-RAS-1.jpg","datePublished":"2023-08-27T08:11:26+00:00","dateModified":"2023-08-28T18:51:42+00:00","breadcrumb":{"@id":"https:\/\/www.franz-josef.cz\/exponaty\/dolni-rasnice\/#breadcrumb"},"inLanguage":"en-GB","potentialAction":[{"@type":"ReadAction","target":["https:\/\/www.franz-josef.cz\/exponaty\/dolni-rasnice\/"]}]},{"@type":"ImageObject","inLanguage":"en-GB","@id":"https:\/\/www.franz-josef.cz\/exponaty\/dolni-rasnice\/#primaryimage","url":"https:\/\/www.franz-josef.cz\/wp-content\/uploads\/2023\/08\/DOL.-RAS-1.jpg","contentUrl":"https:\/\/www.franz-josef.cz\/wp-content\/uploads\/2023\/08\/DOL.-RAS-1.jpg","width":749,"height":600},{"@type":"BreadcrumbList","@id":"https:\/\/www.franz-josef.cz\/exponaty\/dolni-rasnice\/#breadcrumb","itemListElement":[{"@type":"ListItem","position":1,"name":"Home","item":"https:\/\/www.franz-josef.cz\/"},{"@type":"ListItem","position":2,"name":"Expon\u00e1ty","item":"https:\/\/www.franz-josef.cz\/exponaty\/"},{"@type":"ListItem","position":3,"name":"DOLN\u00cd \u0158ASNICE"}]},{"@type":"WebSite","@id":"https:\/\/www.franz-josef.cz\/#website","url":"https:\/\/www.franz-josef.cz\/","name":"Muzeum c\u00edsa\u0159e Franz Josefa I.","description":"","publisher":{"@id":"https:\/\/www.franz-josef.cz\/#organization"},"alternateName":"Franz Joseph","potentialAction":[{"@type":"SearchAction","target":{"@type":"EntryPoint","urlTemplate":"https:\/\/www.franz-josef.cz\/?s={search_term_string}"},"query-input":{"@type":"PropertyValueSpecification","valueRequired":true,"valueName":"search_term_string"}}],"inLanguage":"en-GB"},{"@type":"Organization","@id":"https:\/\/www.franz-josef.cz\/#organization","name":"Muzeum Franz Josefa I.","alternateName":"Franz Jozef","url":"https:\/\/www.franz-josef.cz\/","logo":{"@type":"ImageObject","inLanguage":"en-GB","@id":"https:\/\/www.franz-josef.cz\/#\/schema\/logo\/image\/","url":"https:\/\/www.franz-josef.cz\/wp-content\/uploads\/2023\/08\/Muzeum-Franz-Jozef-logo-696x696-1.png","contentUrl":"https:\/\/www.franz-josef.cz\/wp-content\/uploads\/2023\/08\/Muzeum-Franz-Jozef-logo-696x696-1.png","width":696,"height":696,"caption":"Muzeum Franz Josefa I."},"image":{"@id":"https:\/\/www.franz-josef.cz\/#\/schema\/logo\/image\/"}}]}},"_links":{"self":[{"href":"https:\/\/www.franz-josef.cz\/en\/wp-json\/wp\/v2\/exponaty\/52114","targetHints":{"allow":["GET"]}}],"collection":[{"href":"https:\/\/www.franz-josef.cz\/en\/wp-json\/wp\/v2\/exponaty"}],"about":[{"href":"https:\/\/www.franz-josef.cz\/en\/wp-json\/wp\/v2\/types\/exponaty"}],"author":[{"embeddable":true,"href":"https:\/\/www.franz-josef.cz\/en\/wp-json\/wp\/v2\/users\/5"}],"version-history":[{"count":3,"href":"https:\/\/www.franz-josef.cz\/en\/wp-json\/wp\/v2\/exponaty\/52114\/revisions"}],"predecessor-version":[{"id":52249,"href":"https:\/\/www.franz-josef.cz\/en\/wp-json\/wp\/v2\/exponaty\/52114\/revisions\/52249"}],"wp:featuredmedia":[{"embeddable":true,"href":"https:\/\/www.franz-josef.cz\/en\/wp-json\/wp\/v2\/media\/52116"}],"wp:attachment":[{"href":"https:\/\/www.franz-josef.cz\/en\/wp-json\/wp\/v2\/media?parent=52114"}],"wp:term":[{"taxonomy":"zarazeno-v-expozici","embeddable":true,"href":"https:\/\/www.franz-josef.cz\/en\/wp-json\/wp\/v2\/zarazeno-v-expozici?post=52114"}],"curies":[{"name":"wp","href":"https:\/\/api.w.org\/{rel}","templated":true}]}}