{"id":52119,"date":"2023-08-27T10:17:13","date_gmt":"2023-08-27T08:17:13","guid":{"rendered":"https:\/\/www.franz-josef.cz\/?post_type=exponaty&#038;p=52119"},"modified":"2024-02-05T11:01:28","modified_gmt":"2024-02-05T10:01:28","slug":"dolni-zivotice","status":"publish","type":"exponaty","link":"https:\/\/www.franz-josef.cz\/en\/exponaty\/dolni-zivotice\/","title":{"rendered":"DOLN\u00cd \u017dIVOTICE"},"content":{"rendered":"<div class=\"abstract\">\n<h1>\u00a0 \u00a0 \u00a0 \u00a0 \u00a0 \u00a0Commemorative plaque of Emperor FJI.<\/h1>\n<p>&nbsp;<\/p>\n<p>The village of Doln\u00ed \u017divotice is located 10 km southwest of the town of Opava in the slightly undulating terrain of the basin through which the Hvozdnice river flows.<br \/>\nThe village consists of two local parts - Doln\u00ed \u017divotice and Hertice settlement.<\/p>\n<\/div>\n<div class=\"content\">\n<p>Church of the Divine Savior<br \/>\nThis building is widely considered a remarkable monument. It was built in the early Gothic style by the Razumovsky family. The silhouette is divided into sections of different heights, the exterior is designed with various outbuildings and bay windows. Romanesque, Gothic, Baroque and folk elements can be observed here. On the west side of the church is the entrance door to the underground tomb of the Counts of Razumovsk\u00fd. The massive altar, located even with the tower on the west side of the church, is carved from wood in the Gothic style. The church is not only a visible landmark of the village, but is also its rarest cultural monument. He was ordained in 1908.<\/p>\n<p>On the right side of the entrance to the church (behind the wrought iron grill) there was originally a commemorative plaque from 1908 with the following bilingual text:<\/p>\n<p>\"Kaiser Franz Josef I. erban und am 13. September konsekrirt worden. Sch\u00f6nstein im jahre des heits 1908.'<\/p>\n<p>On the right half of Czech:<\/p>\n<p>\u201cThis temple of the Lord was set forth and consecrated. Life of the Lord's Summer 1908.\"<\/p>\n<p>Today, the Imperial Plaque is fixed on the opposite side and in its place is a plaque with the names and photographs of the WW1 dead.<\/p>\n<p>Source:<\/p>\n<p>http:\/\/www.dolnizivotice.cz\/e_download.php?file=data\/editor\/119cs_3.pdf&amp;original=zpravodaj+3-2012.pdf<\/p>\n<p>www.staropava.cz<\/p>\n<p>http:\/\/www.dolnizivotice.cz\/obec-6de5\/blizke-okoli\/<\/p>\n<p>&nbsp;<\/p>\n<p><img fetchpriority=\"high\" decoding=\"async\" class=\"alignnone size-full wp-image-52121\" src=\"https:\/\/www.franz-josef.cz\/wp-content\/uploads\/2023\/08\/DOL.-ZIV-4.jpg\" alt=\"\" width=\"401\" height=\"600\" srcset=\"https:\/\/www.franz-josef.cz\/wp-content\/uploads\/2023\/08\/DOL.-ZIV-4.jpg 401w, https:\/\/www.franz-josef.cz\/wp-content\/uploads\/2023\/08\/DOL.-ZIV-4-201x300.jpg 201w\" sizes=\"(max-width: 401px) 100vw, 401px\" \/> <img decoding=\"async\" class=\"alignnone size-full wp-image-52122 lazyload\" data-src=\"https:\/\/www.franz-josef.cz\/wp-content\/uploads\/2023\/08\/DOL.-ZIV.-1.jpg\" alt=\"\" width=\"750\" height=\"501\" data-srcset=\"https:\/\/www.franz-josef.cz\/wp-content\/uploads\/2023\/08\/DOL.-ZIV.-1.jpg 750w, https:\/\/www.franz-josef.cz\/wp-content\/uploads\/2023\/08\/DOL.-ZIV.-1-300x200.jpg 300w\" data-sizes=\"(max-width: 750px) 100vw, 750px\" src=\"data:image\/gif;base64,R0lGODlhAQABAAAAACH5BAEKAAEALAAAAAABAAEAAAICTAEAOw==\" style=\"--smush-placeholder-width: 750px; --smush-placeholder-aspect-ratio: 750\/501;\" \/><noscript><img decoding=\"async\" class=\"alignnone size-full wp-image-52122\" src=\"https:\/\/www.franz-josef.cz\/wp-content\/uploads\/2023\/08\/DOL.-ZIV.-1.jpg\" alt=\"\" width=\"750\" height=\"501\" srcset=\"https:\/\/www.franz-josef.cz\/wp-content\/uploads\/2023\/08\/DOL.-ZIV.-1.jpg 750w, https:\/\/www.franz-josef.cz\/wp-content\/uploads\/2023\/08\/DOL.-ZIV.-1-300x200.jpg 300w\" sizes=\"(max-width: 750px) 100vw, 750px\" \/><\/noscript> <img decoding=\"async\" class=\"alignnone size-full wp-image-52123 lazyload\" data-src=\"https:\/\/www.franz-josef.cz\/wp-content\/uploads\/2023\/08\/DOL.-ZIV.-2.jpg\" alt=\"\" width=\"401\" height=\"600\" data-srcset=\"https:\/\/www.franz-josef.cz\/wp-content\/uploads\/2023\/08\/DOL.-ZIV.-2.jpg 401w, https:\/\/www.franz-josef.cz\/wp-content\/uploads\/2023\/08\/DOL.-ZIV.-2-201x300.jpg 201w\" data-sizes=\"(max-width: 401px) 100vw, 401px\" src=\"data:image\/gif;base64,R0lGODlhAQABAAAAACH5BAEKAAEALAAAAAABAAEAAAICTAEAOw==\" style=\"--smush-placeholder-width: 401px; --smush-placeholder-aspect-ratio: 401\/600;\" \/><noscript><img decoding=\"async\" class=\"alignnone size-full wp-image-52123\" src=\"https:\/\/www.franz-josef.cz\/wp-content\/uploads\/2023\/08\/DOL.-ZIV.-2.jpg\" alt=\"\" width=\"401\" height=\"600\" srcset=\"https:\/\/www.franz-josef.cz\/wp-content\/uploads\/2023\/08\/DOL.-ZIV.-2.jpg 401w, https:\/\/www.franz-josef.cz\/wp-content\/uploads\/2023\/08\/DOL.-ZIV.-2-201x300.jpg 201w\" sizes=\"(max-width: 401px) 100vw, 401px\" \/><\/noscript> <img decoding=\"async\" class=\"alignnone size-full wp-image-52124 lazyload\" data-src=\"https:\/\/www.franz-josef.cz\/wp-content\/uploads\/2023\/08\/DOL.-ZIV.-3.jpg\" alt=\"\" width=\"750\" height=\"478\" data-srcset=\"https:\/\/www.franz-josef.cz\/wp-content\/uploads\/2023\/08\/DOL.-ZIV.-3.jpg 750w, https:\/\/www.franz-josef.cz\/wp-content\/uploads\/2023\/08\/DOL.-ZIV.-3-300x191.jpg 300w\" data-sizes=\"(max-width: 750px) 100vw, 750px\" src=\"data:image\/gif;base64,R0lGODlhAQABAAAAACH5BAEKAAEALAAAAAABAAEAAAICTAEAOw==\" style=\"--smush-placeholder-width: 750px; --smush-placeholder-aspect-ratio: 750\/478;\" \/><noscript><img loading=\"lazy\" decoding=\"async\" class=\"alignnone size-full wp-image-52124\" src=\"https:\/\/www.franz-josef.cz\/wp-content\/uploads\/2023\/08\/DOL.-ZIV.-3.jpg\" alt=\"\" width=\"750\" height=\"478\" srcset=\"https:\/\/www.franz-josef.cz\/wp-content\/uploads\/2023\/08\/DOL.-ZIV.-3.jpg 750w, https:\/\/www.franz-josef.cz\/wp-content\/uploads\/2023\/08\/DOL.-ZIV.-3-300x191.jpg 300w\" sizes=\"(max-width: 750px) 100vw, 750px\" \/><\/noscript><\/p>\n<\/div>","protected":false},"author":5,"featured_media":52122,"template":"","zarazeno-v-expozici":[252],"class_list":["post-52119","exponaty","type-exponaty","status-publish","has-post-thumbnail","hentry","zarazeno-v-expozici-sochy-a-pomniky-badatelska-cinnost-jiriho-danka"],"yoast_head":"<!-- This site is optimized with the Yoast SEO Premium plugin v20.12 (Yoast SEO v27.2) - https:\/\/yoast.com\/product\/yoast-seo-premium-wordpress\/ -->\n<title>DOLN\u00cd \u017dIVOTICE &#8212; Muzeum c\u00edsa\u0159e Franz Josefa I.<\/title>\n<meta name=\"robots\" content=\"index, follow, max-snippet:-1, max-image-preview:large, max-video-preview:-1\" \/>\n<link rel=\"canonical\" href=\"https:\/\/www.franz-josef.cz\/en\/exponaty\/dolni-zivotice\/\" \/>\n<meta property=\"og:locale\" content=\"en_GB\" \/>\n<meta property=\"og:type\" content=\"article\" \/>\n<meta property=\"og:title\" content=\"DOLN\u00cd \u017dIVOTICE\" \/>\n<meta property=\"og:description\" content=\"\u00a0 \u00a0 \u00a0 \u00a0 \u00a0 \u00a0Pam\u011btn\u00ed deska c\u00edsa\u0159e FJI. &nbsp; Obec Doln\u00ed \u017divotice le\u017e\u00ed 10\u00a0km jihoz\u00e1padn\u011b od\u00a0m\u011bsta Opavy v\u00a0m\u00edrn\u011b zvln\u011bn\u00e9m ter\u00e9nu kotliny, kterou prot\u00e9k\u00e1 \u0159eka Hvozdnice. Obec se\u00a0skl\u00e1d\u00e1 ze\u00a0dvou m\u00edstn\u00ed \u010d\u00e1st\u00ed- Doln\u00edch \u017divotic a\u00a0osady Hertice. Kostel Bo\u017esk\u00e9ho spasitele Tato stavba je v\u0161eobecn\u011b\u00a0 pova\u017eov\u00e1na za pozoruhodnou pam\u00e1tku. Byl postaven v ran\u011b gotick\u00e9m slohu rodinou Razumovsk\u00fdch. Silueta [&hellip;]\" \/>\n<meta property=\"og:url\" content=\"https:\/\/www.franz-josef.cz\/en\/exponaty\/dolni-zivotice\/\" \/>\n<meta property=\"og:site_name\" content=\"Muzeum c\u00edsa\u0159e Franz Josefa I.\" \/>\n<meta property=\"article:modified_time\" content=\"2024-02-05T10:01:28+00:00\" \/>\n<meta property=\"og:image\" content=\"https:\/\/www.franz-josef.cz\/wp-content\/uploads\/2023\/08\/DOL.-ZIV.-1.jpg\" \/>\n\t<meta property=\"og:image:width\" content=\"750\" \/>\n\t<meta property=\"og:image:height\" content=\"501\" \/>\n\t<meta property=\"og:image:type\" content=\"image\/jpeg\" \/>\n<meta name=\"twitter:card\" content=\"summary_large_image\" \/>\n<meta name=\"twitter:label1\" content=\"Estimated reading time\" \/>\n\t<meta name=\"twitter:data1\" content=\"3 minutes\" \/>\n<script type=\"application\/ld+json\" class=\"yoast-schema-graph\">{\"@context\":\"https:\/\/schema.org\",\"@graph\":[{\"@type\":\"WebPage\",\"@id\":\"https:\/\/www.franz-josef.cz\/exponaty\/dolni-zivotice\/\",\"url\":\"https:\/\/www.franz-josef.cz\/exponaty\/dolni-zivotice\/\",\"name\":\"DOLN\u00cd \u017dIVOTICE &#8212; Muzeum c\u00edsa\u0159e Franz Josefa I.\",\"isPartOf\":{\"@id\":\"https:\/\/www.franz-josef.cz\/#website\"},\"primaryImageOfPage\":{\"@id\":\"https:\/\/www.franz-josef.cz\/exponaty\/dolni-zivotice\/#primaryimage\"},\"image\":{\"@id\":\"https:\/\/www.franz-josef.cz\/exponaty\/dolni-zivotice\/#primaryimage\"},\"thumbnailUrl\":\"https:\/\/www.franz-josef.cz\/wp-content\/uploads\/2023\/08\/DOL.-ZIV.-1.jpg\",\"datePublished\":\"2023-08-27T08:17:13+00:00\",\"dateModified\":\"2024-02-05T10:01:28+00:00\",\"breadcrumb\":{\"@id\":\"https:\/\/www.franz-josef.cz\/exponaty\/dolni-zivotice\/#breadcrumb\"},\"inLanguage\":\"en-GB\",\"potentialAction\":[{\"@type\":\"ReadAction\",\"target\":[\"https:\/\/www.franz-josef.cz\/exponaty\/dolni-zivotice\/\"]}]},{\"@type\":\"ImageObject\",\"inLanguage\":\"en-GB\",\"@id\":\"https:\/\/www.franz-josef.cz\/exponaty\/dolni-zivotice\/#primaryimage\",\"url\":\"https:\/\/www.franz-josef.cz\/wp-content\/uploads\/2023\/08\/DOL.-ZIV.-1.jpg\",\"contentUrl\":\"https:\/\/www.franz-josef.cz\/wp-content\/uploads\/2023\/08\/DOL.-ZIV.-1.jpg\",\"width\":750,\"height\":501},{\"@type\":\"BreadcrumbList\",\"@id\":\"https:\/\/www.franz-josef.cz\/exponaty\/dolni-zivotice\/#breadcrumb\",\"itemListElement\":[{\"@type\":\"ListItem\",\"position\":1,\"name\":\"Home\",\"item\":\"https:\/\/www.franz-josef.cz\/\"},{\"@type\":\"ListItem\",\"position\":2,\"name\":\"Expon\u00e1ty\",\"item\":\"https:\/\/www.franz-josef.cz\/exponaty\/\"},{\"@type\":\"ListItem\",\"position\":3,\"name\":\"DOLN\u00cd \u017dIVOTICE\"}]},{\"@type\":\"WebSite\",\"@id\":\"https:\/\/www.franz-josef.cz\/#website\",\"url\":\"https:\/\/www.franz-josef.cz\/\",\"name\":\"Muzeum c\u00edsa\u0159e Franz Josefa I.\",\"description\":\"\",\"publisher\":{\"@id\":\"https:\/\/www.franz-josef.cz\/#organization\"},\"alternateName\":\"Franz Joseph\",\"potentialAction\":[{\"@type\":\"SearchAction\",\"target\":{\"@type\":\"EntryPoint\",\"urlTemplate\":\"https:\/\/www.franz-josef.cz\/?s={search_term_string}\"},\"query-input\":{\"@type\":\"PropertyValueSpecification\",\"valueRequired\":true,\"valueName\":\"search_term_string\"}}],\"inLanguage\":\"en-GB\"},{\"@type\":\"Organization\",\"@id\":\"https:\/\/www.franz-josef.cz\/#organization\",\"name\":\"Muzeum Franz Josefa I.\",\"alternateName\":\"Franz Jozef\",\"url\":\"https:\/\/www.franz-josef.cz\/\",\"logo\":{\"@type\":\"ImageObject\",\"inLanguage\":\"en-GB\",\"@id\":\"https:\/\/www.franz-josef.cz\/#\/schema\/logo\/image\/\",\"url\":\"https:\/\/www.franz-josef.cz\/wp-content\/uploads\/2023\/08\/Muzeum-Franz-Jozef-logo-696x696-1.png\",\"contentUrl\":\"https:\/\/www.franz-josef.cz\/wp-content\/uploads\/2023\/08\/Muzeum-Franz-Jozef-logo-696x696-1.png\",\"width\":696,\"height\":696,\"caption\":\"Muzeum Franz Josefa I.\"},\"image\":{\"@id\":\"https:\/\/www.franz-josef.cz\/#\/schema\/logo\/image\/\"}}]}<\/script>\n<!-- \/ Yoast SEO Premium plugin. -->","yoast_head_json":{"title":"DOLN\u00cd \u017dIVOTICE &#8212; Muzeum c\u00edsa\u0159e Franz Josefa I.","robots":{"index":"index","follow":"follow","max-snippet":"max-snippet:-1","max-image-preview":"max-image-preview:large","max-video-preview":"max-video-preview:-1"},"canonical":"https:\/\/www.franz-josef.cz\/en\/exponaty\/dolni-zivotice\/","og_locale":"en_GB","og_type":"article","og_title":"DOLN\u00cd \u017dIVOTICE","og_description":"\u00a0 \u00a0 \u00a0 \u00a0 \u00a0 \u00a0Pam\u011btn\u00ed deska c\u00edsa\u0159e FJI. &nbsp; Obec Doln\u00ed \u017divotice le\u017e\u00ed 10\u00a0km jihoz\u00e1padn\u011b od\u00a0m\u011bsta Opavy v\u00a0m\u00edrn\u011b zvln\u011bn\u00e9m ter\u00e9nu kotliny, kterou prot\u00e9k\u00e1 \u0159eka Hvozdnice. Obec se\u00a0skl\u00e1d\u00e1 ze\u00a0dvou m\u00edstn\u00ed \u010d\u00e1st\u00ed- Doln\u00edch \u017divotic a\u00a0osady Hertice. Kostel Bo\u017esk\u00e9ho spasitele Tato stavba je v\u0161eobecn\u011b\u00a0 pova\u017eov\u00e1na za pozoruhodnou pam\u00e1tku. Byl postaven v ran\u011b gotick\u00e9m slohu rodinou Razumovsk\u00fdch. Silueta [&hellip;]","og_url":"https:\/\/www.franz-josef.cz\/en\/exponaty\/dolni-zivotice\/","og_site_name":"Muzeum c\u00edsa\u0159e Franz Josefa I.","article_modified_time":"2024-02-05T10:01:28+00:00","og_image":[{"width":750,"height":501,"url":"https:\/\/www.franz-josef.cz\/wp-content\/uploads\/2023\/08\/DOL.-ZIV.-1.jpg","type":"image\/jpeg"}],"twitter_card":"summary_large_image","twitter_misc":{"Estimated reading time":"3 minutes"},"schema":{"@context":"https:\/\/schema.org","@graph":[{"@type":"WebPage","@id":"https:\/\/www.franz-josef.cz\/exponaty\/dolni-zivotice\/","url":"https:\/\/www.franz-josef.cz\/exponaty\/dolni-zivotice\/","name":"DOLN\u00cd \u017dIVOTICE &#8212; Muzeum c\u00edsa\u0159e Franz Josefa I.","isPartOf":{"@id":"https:\/\/www.franz-josef.cz\/#website"},"primaryImageOfPage":{"@id":"https:\/\/www.franz-josef.cz\/exponaty\/dolni-zivotice\/#primaryimage"},"image":{"@id":"https:\/\/www.franz-josef.cz\/exponaty\/dolni-zivotice\/#primaryimage"},"thumbnailUrl":"https:\/\/www.franz-josef.cz\/wp-content\/uploads\/2023\/08\/DOL.-ZIV.-1.jpg","datePublished":"2023-08-27T08:17:13+00:00","dateModified":"2024-02-05T10:01:28+00:00","breadcrumb":{"@id":"https:\/\/www.franz-josef.cz\/exponaty\/dolni-zivotice\/#breadcrumb"},"inLanguage":"en-GB","potentialAction":[{"@type":"ReadAction","target":["https:\/\/www.franz-josef.cz\/exponaty\/dolni-zivotice\/"]}]},{"@type":"ImageObject","inLanguage":"en-GB","@id":"https:\/\/www.franz-josef.cz\/exponaty\/dolni-zivotice\/#primaryimage","url":"https:\/\/www.franz-josef.cz\/wp-content\/uploads\/2023\/08\/DOL.-ZIV.-1.jpg","contentUrl":"https:\/\/www.franz-josef.cz\/wp-content\/uploads\/2023\/08\/DOL.-ZIV.-1.jpg","width":750,"height":501},{"@type":"BreadcrumbList","@id":"https:\/\/www.franz-josef.cz\/exponaty\/dolni-zivotice\/#breadcrumb","itemListElement":[{"@type":"ListItem","position":1,"name":"Home","item":"https:\/\/www.franz-josef.cz\/"},{"@type":"ListItem","position":2,"name":"Expon\u00e1ty","item":"https:\/\/www.franz-josef.cz\/exponaty\/"},{"@type":"ListItem","position":3,"name":"DOLN\u00cd \u017dIVOTICE"}]},{"@type":"WebSite","@id":"https:\/\/www.franz-josef.cz\/#website","url":"https:\/\/www.franz-josef.cz\/","name":"Muzeum c\u00edsa\u0159e Franz Josefa I.","description":"","publisher":{"@id":"https:\/\/www.franz-josef.cz\/#organization"},"alternateName":"Franz Joseph","potentialAction":[{"@type":"SearchAction","target":{"@type":"EntryPoint","urlTemplate":"https:\/\/www.franz-josef.cz\/?s={search_term_string}"},"query-input":{"@type":"PropertyValueSpecification","valueRequired":true,"valueName":"search_term_string"}}],"inLanguage":"en-GB"},{"@type":"Organization","@id":"https:\/\/www.franz-josef.cz\/#organization","name":"Muzeum Franz Josefa I.","alternateName":"Franz Jozef","url":"https:\/\/www.franz-josef.cz\/","logo":{"@type":"ImageObject","inLanguage":"en-GB","@id":"https:\/\/www.franz-josef.cz\/#\/schema\/logo\/image\/","url":"https:\/\/www.franz-josef.cz\/wp-content\/uploads\/2023\/08\/Muzeum-Franz-Jozef-logo-696x696-1.png","contentUrl":"https:\/\/www.franz-josef.cz\/wp-content\/uploads\/2023\/08\/Muzeum-Franz-Jozef-logo-696x696-1.png","width":696,"height":696,"caption":"Muzeum Franz Josefa I."},"image":{"@id":"https:\/\/www.franz-josef.cz\/#\/schema\/logo\/image\/"}}]}},"_links":{"self":[{"href":"https:\/\/www.franz-josef.cz\/en\/wp-json\/wp\/v2\/exponaty\/52119","targetHints":{"allow":["GET"]}}],"collection":[{"href":"https:\/\/www.franz-josef.cz\/en\/wp-json\/wp\/v2\/exponaty"}],"about":[{"href":"https:\/\/www.franz-josef.cz\/en\/wp-json\/wp\/v2\/types\/exponaty"}],"author":[{"embeddable":true,"href":"https:\/\/www.franz-josef.cz\/en\/wp-json\/wp\/v2\/users\/5"}],"version-history":[{"count":6,"href":"https:\/\/www.franz-josef.cz\/en\/wp-json\/wp\/v2\/exponaty\/52119\/revisions"}],"predecessor-version":[{"id":52535,"href":"https:\/\/www.franz-josef.cz\/en\/wp-json\/wp\/v2\/exponaty\/52119\/revisions\/52535"}],"wp:featuredmedia":[{"embeddable":true,"href":"https:\/\/www.franz-josef.cz\/en\/wp-json\/wp\/v2\/media\/52122"}],"wp:attachment":[{"href":"https:\/\/www.franz-josef.cz\/en\/wp-json\/wp\/v2\/media?parent=52119"}],"wp:term":[{"taxonomy":"zarazeno-v-expozici","embeddable":true,"href":"https:\/\/www.franz-josef.cz\/en\/wp-json\/wp\/v2\/zarazeno-v-expozici?post=52119"}],"curies":[{"name":"wp","href":"https:\/\/api.w.org\/{rel}","templated":true}]}}