{"id":52127,"date":"2023-08-27T10:24:31","date_gmt":"2023-08-27T08:24:31","guid":{"rendered":"https:\/\/www.franz-josef.cz\/?post_type=exponaty&#038;p=52127"},"modified":"2023-09-02T18:35:52","modified_gmt":"2023-09-02T16:35:52","slug":"dub-nad-moravou","status":"publish","type":"exponaty","link":"https:\/\/www.franz-josef.cz\/en\/exponaty\/dub-nad-moravou\/","title":{"rendered":"DUB NAD MORAVOU"},"content":{"rendered":"<h1>The building of the provostship - the memorial plaque of Emperor FJI.<\/h1>\n<p>&nbsp;<\/p>\n<p>In Dub nad Moravou, only 10 km south of Olomouc, an area was built in the middle of the 18th century, the dominant feature of which is the pilgrimage church of the Purification of the Virgin Mary. It is a beautiful highly baroque temple with two 59 meter high towers.<\/p>\n<div class=\"content\">\n<p>On July 15, 1866, the battle of Tova\u010dov took place between Prussian and Austrian troops, which also affected Dub nad Moravou. On October 21, 1866, Emperor FJI visited Dub nad Moravou during his tour of the battle sites. . This visit is described in the Olomouc newspaper from Wednesday, October 31, 1866. All mayors from the affected municipalities were invited to the provost's house, where Emperor FJI spoke to them. :<\/p>\n<p>\u201c Sly\u0161el jsem, \u017ee jste letos trp\u011bli mnoho. Bolelo \u00a0mne to tak\u00e9. Chci b\u00fdti dle mo\u017enost\u00ed n\u00e1pomocen, abych ulevil b\u00edd\u011b va\u0161\u00ed.\u201c<\/p>\n<p>The provost then spoke for all the residents affected by the battle. J.V. the emperor ordered that the provost be paid 3,000 zlotys, which were distributed among the population.<\/p>\n<p>In honor of this event, on March 3, 1867, on the provost's building, between the left two windows on the left side, a commemorative plaque was placed with the text:<\/p>\n<p>\"His Majesty Emperor and King Francis Joseph I.,<\/p>\n<p>inspecting the battlefield here on July 15,<\/p>\n<p>the house honored this supreme with a visit on October 21, 1866.\"<\/p>\n<p>This plaque has not yet been found.<\/p>\n<p>However, a cannon ball from the battle in 1866 has been preserved, which is embedded in the plaster of the rectory in the place where the memorial plaque used to be.<\/p>\n<p>&nbsp;<\/p>\n<p><img fetchpriority=\"high\" decoding=\"async\" class=\"alignnone size-full wp-image-52129\" src=\"https:\/\/www.franz-josef.cz\/wp-content\/uploads\/2023\/08\/DUB-N-MOR-2.jpg\" alt=\"\" width=\"750\" height=\"542\" srcset=\"https:\/\/www.franz-josef.cz\/wp-content\/uploads\/2023\/08\/DUB-N-MOR-2.jpg 750w, https:\/\/www.franz-josef.cz\/wp-content\/uploads\/2023\/08\/DUB-N-MOR-2-300x217.jpg 300w\" sizes=\"(max-width: 750px) 100vw, 750px\" \/> <img decoding=\"async\" class=\"alignnone size-full wp-image-52130 lazyload\" data-src=\"https:\/\/www.franz-josef.cz\/wp-content\/uploads\/2023\/08\/DUB-N-MOR.-3.jpg\" alt=\"\" width=\"750\" height=\"501\" data-srcset=\"https:\/\/www.franz-josef.cz\/wp-content\/uploads\/2023\/08\/DUB-N-MOR.-3.jpg 750w, https:\/\/www.franz-josef.cz\/wp-content\/uploads\/2023\/08\/DUB-N-MOR.-3-300x200.jpg 300w\" data-sizes=\"(max-width: 750px) 100vw, 750px\" src=\"data:image\/gif;base64,R0lGODlhAQABAAAAACH5BAEKAAEALAAAAAABAAEAAAICTAEAOw==\" style=\"--smush-placeholder-width: 750px; --smush-placeholder-aspect-ratio: 750\/501;\" \/><noscript><img decoding=\"async\" class=\"alignnone size-full wp-image-52130\" src=\"https:\/\/www.franz-josef.cz\/wp-content\/uploads\/2023\/08\/DUB-N-MOR.-3.jpg\" alt=\"\" width=\"750\" height=\"501\" srcset=\"https:\/\/www.franz-josef.cz\/wp-content\/uploads\/2023\/08\/DUB-N-MOR.-3.jpg 750w, https:\/\/www.franz-josef.cz\/wp-content\/uploads\/2023\/08\/DUB-N-MOR.-3-300x200.jpg 300w\" sizes=\"(max-width: 750px) 100vw, 750px\" \/><\/noscript> <img decoding=\"async\" class=\"alignnone size-full wp-image-52131 lazyload\" data-src=\"https:\/\/www.franz-josef.cz\/wp-content\/uploads\/2023\/08\/DUB-N-MOR.1.jpg\" alt=\"\" width=\"750\" height=\"501\" data-srcset=\"https:\/\/www.franz-josef.cz\/wp-content\/uploads\/2023\/08\/DUB-N-MOR.1.jpg 750w, https:\/\/www.franz-josef.cz\/wp-content\/uploads\/2023\/08\/DUB-N-MOR.1-300x200.jpg 300w\" data-sizes=\"(max-width: 750px) 100vw, 750px\" src=\"data:image\/gif;base64,R0lGODlhAQABAAAAACH5BAEKAAEALAAAAAABAAEAAAICTAEAOw==\" style=\"--smush-placeholder-width: 750px; --smush-placeholder-aspect-ratio: 750\/501;\" \/><noscript><img decoding=\"async\" class=\"alignnone size-full wp-image-52131\" src=\"https:\/\/www.franz-josef.cz\/wp-content\/uploads\/2023\/08\/DUB-N-MOR.1.jpg\" alt=\"\" width=\"750\" height=\"501\" srcset=\"https:\/\/www.franz-josef.cz\/wp-content\/uploads\/2023\/08\/DUB-N-MOR.1.jpg 750w, https:\/\/www.franz-josef.cz\/wp-content\/uploads\/2023\/08\/DUB-N-MOR.1-300x200.jpg 300w\" sizes=\"(max-width: 750px) 100vw, 750px\" \/><\/noscript><\/p>\n<\/div>","protected":false},"author":5,"featured_media":52130,"template":"","zarazeno-v-expozici":[252],"class_list":["post-52127","exponaty","type-exponaty","status-publish","has-post-thumbnail","hentry","zarazeno-v-expozici-sochy-a-pomniky-badatelska-cinnost-jiriho-danka"],"yoast_head":"<!-- This site is optimized with the Yoast SEO Premium plugin v20.12 (Yoast SEO v27.2) - https:\/\/yoast.com\/product\/yoast-seo-premium-wordpress\/ -->\n<title>DUB NAD MORAVOU &#8212; Muzeum c\u00edsa\u0159e Franz Josefa I.<\/title>\n<meta name=\"robots\" content=\"index, follow, max-snippet:-1, max-image-preview:large, max-video-preview:-1\" \/>\n<link rel=\"canonical\" href=\"https:\/\/www.franz-josef.cz\/en\/exponaty\/dub-nad-moravou\/\" \/>\n<meta property=\"og:locale\" content=\"en_GB\" \/>\n<meta property=\"og:type\" content=\"article\" \/>\n<meta property=\"og:title\" content=\"DUB NAD MORAVOU\" \/>\n<meta property=\"og:description\" content=\"Budova probo\u0161stv\u00ed &#8211; pam\u011btn\u00ed deska c\u00edsa\u0159e FJI. &nbsp; V Dubu nad Moravou, jen 10 km ji\u017en\u011b od Olomouce, byl v polovin\u011b 18. stolet\u00ed vybudov\u00e1n are\u00e1l, jeho\u017e dominantou je poutn\u00ed kostel O\u010di\u0161\u0165ov\u00e1n\u00ed Panny Marie. Jde o n\u00e1dhern\u00fd vrcholn\u011b barokn\u00ed chr\u00e1m se dv\u011bma 59 metr\u016f vysok\u00fdmi v\u011b\u017eemi. 15. \u010dervence 1866 prob\u011bhla bitva u Tova\u010dova mezi prusk\u00fdmi a [&hellip;]\" \/>\n<meta property=\"og:url\" content=\"https:\/\/www.franz-josef.cz\/en\/exponaty\/dub-nad-moravou\/\" \/>\n<meta property=\"og:site_name\" content=\"Muzeum c\u00edsa\u0159e Franz Josefa I.\" \/>\n<meta property=\"article:modified_time\" content=\"2023-09-02T16:35:52+00:00\" \/>\n<meta property=\"og:image\" content=\"https:\/\/www.franz-josef.cz\/wp-content\/uploads\/2023\/08\/DUB-N-MOR.-3.jpg\" \/>\n\t<meta property=\"og:image:width\" content=\"750\" \/>\n\t<meta property=\"og:image:height\" content=\"501\" \/>\n\t<meta property=\"og:image:type\" content=\"image\/jpeg\" \/>\n<meta name=\"twitter:card\" content=\"summary_large_image\" \/>\n<meta name=\"twitter:label1\" content=\"Estimated reading time\" \/>\n\t<meta name=\"twitter:data1\" content=\"2 minutes\" \/>\n<script type=\"application\/ld+json\" class=\"yoast-schema-graph\">{\"@context\":\"https:\/\/schema.org\",\"@graph\":[{\"@type\":\"WebPage\",\"@id\":\"https:\/\/www.franz-josef.cz\/exponaty\/dub-nad-moravou\/\",\"url\":\"https:\/\/www.franz-josef.cz\/exponaty\/dub-nad-moravou\/\",\"name\":\"DUB NAD MORAVOU &#8212; Muzeum c\u00edsa\u0159e Franz Josefa I.\",\"isPartOf\":{\"@id\":\"https:\/\/www.franz-josef.cz\/#website\"},\"primaryImageOfPage\":{\"@id\":\"https:\/\/www.franz-josef.cz\/exponaty\/dub-nad-moravou\/#primaryimage\"},\"image\":{\"@id\":\"https:\/\/www.franz-josef.cz\/exponaty\/dub-nad-moravou\/#primaryimage\"},\"thumbnailUrl\":\"https:\/\/www.franz-josef.cz\/wp-content\/uploads\/2023\/08\/DUB-N-MOR.-3.jpg\",\"datePublished\":\"2023-08-27T08:24:31+00:00\",\"dateModified\":\"2023-09-02T16:35:52+00:00\",\"breadcrumb\":{\"@id\":\"https:\/\/www.franz-josef.cz\/exponaty\/dub-nad-moravou\/#breadcrumb\"},\"inLanguage\":\"en-GB\",\"potentialAction\":[{\"@type\":\"ReadAction\",\"target\":[\"https:\/\/www.franz-josef.cz\/exponaty\/dub-nad-moravou\/\"]}]},{\"@type\":\"ImageObject\",\"inLanguage\":\"en-GB\",\"@id\":\"https:\/\/www.franz-josef.cz\/exponaty\/dub-nad-moravou\/#primaryimage\",\"url\":\"https:\/\/www.franz-josef.cz\/wp-content\/uploads\/2023\/08\/DUB-N-MOR.-3.jpg\",\"contentUrl\":\"https:\/\/www.franz-josef.cz\/wp-content\/uploads\/2023\/08\/DUB-N-MOR.-3.jpg\",\"width\":750,\"height\":501},{\"@type\":\"BreadcrumbList\",\"@id\":\"https:\/\/www.franz-josef.cz\/exponaty\/dub-nad-moravou\/#breadcrumb\",\"itemListElement\":[{\"@type\":\"ListItem\",\"position\":1,\"name\":\"Home\",\"item\":\"https:\/\/www.franz-josef.cz\/\"},{\"@type\":\"ListItem\",\"position\":2,\"name\":\"Expon\u00e1ty\",\"item\":\"https:\/\/www.franz-josef.cz\/exponaty\/\"},{\"@type\":\"ListItem\",\"position\":3,\"name\":\"DUB NAD MORAVOU\"}]},{\"@type\":\"WebSite\",\"@id\":\"https:\/\/www.franz-josef.cz\/#website\",\"url\":\"https:\/\/www.franz-josef.cz\/\",\"name\":\"Muzeum c\u00edsa\u0159e Franz Josefa I.\",\"description\":\"\",\"publisher\":{\"@id\":\"https:\/\/www.franz-josef.cz\/#organization\"},\"alternateName\":\"Franz Joseph\",\"potentialAction\":[{\"@type\":\"SearchAction\",\"target\":{\"@type\":\"EntryPoint\",\"urlTemplate\":\"https:\/\/www.franz-josef.cz\/?s={search_term_string}\"},\"query-input\":{\"@type\":\"PropertyValueSpecification\",\"valueRequired\":true,\"valueName\":\"search_term_string\"}}],\"inLanguage\":\"en-GB\"},{\"@type\":\"Organization\",\"@id\":\"https:\/\/www.franz-josef.cz\/#organization\",\"name\":\"Muzeum Franz Josefa I.\",\"alternateName\":\"Franz Jozef\",\"url\":\"https:\/\/www.franz-josef.cz\/\",\"logo\":{\"@type\":\"ImageObject\",\"inLanguage\":\"en-GB\",\"@id\":\"https:\/\/www.franz-josef.cz\/#\/schema\/logo\/image\/\",\"url\":\"https:\/\/www.franz-josef.cz\/wp-content\/uploads\/2023\/08\/Muzeum-Franz-Jozef-logo-696x696-1.png\",\"contentUrl\":\"https:\/\/www.franz-josef.cz\/wp-content\/uploads\/2023\/08\/Muzeum-Franz-Jozef-logo-696x696-1.png\",\"width\":696,\"height\":696,\"caption\":\"Muzeum Franz Josefa I.\"},\"image\":{\"@id\":\"https:\/\/www.franz-josef.cz\/#\/schema\/logo\/image\/\"}}]}<\/script>\n<!-- \/ Yoast SEO Premium plugin. -->","yoast_head_json":{"title":"DUB NAD MORAVOU &#8212; Muzeum c\u00edsa\u0159e Franz Josefa I.","robots":{"index":"index","follow":"follow","max-snippet":"max-snippet:-1","max-image-preview":"max-image-preview:large","max-video-preview":"max-video-preview:-1"},"canonical":"https:\/\/www.franz-josef.cz\/en\/exponaty\/dub-nad-moravou\/","og_locale":"en_GB","og_type":"article","og_title":"DUB NAD MORAVOU","og_description":"Budova probo\u0161stv\u00ed &#8211; pam\u011btn\u00ed deska c\u00edsa\u0159e FJI. &nbsp; V Dubu nad Moravou, jen 10 km ji\u017en\u011b od Olomouce, byl v polovin\u011b 18. stolet\u00ed vybudov\u00e1n are\u00e1l, jeho\u017e dominantou je poutn\u00ed kostel O\u010di\u0161\u0165ov\u00e1n\u00ed Panny Marie. Jde o n\u00e1dhern\u00fd vrcholn\u011b barokn\u00ed chr\u00e1m se dv\u011bma 59 metr\u016f vysok\u00fdmi v\u011b\u017eemi. 15. \u010dervence 1866 prob\u011bhla bitva u Tova\u010dova mezi prusk\u00fdmi a [&hellip;]","og_url":"https:\/\/www.franz-josef.cz\/en\/exponaty\/dub-nad-moravou\/","og_site_name":"Muzeum c\u00edsa\u0159e Franz Josefa I.","article_modified_time":"2023-09-02T16:35:52+00:00","og_image":[{"width":750,"height":501,"url":"https:\/\/www.franz-josef.cz\/wp-content\/uploads\/2023\/08\/DUB-N-MOR.-3.jpg","type":"image\/jpeg"}],"twitter_card":"summary_large_image","twitter_misc":{"Estimated reading time":"2 minutes"},"schema":{"@context":"https:\/\/schema.org","@graph":[{"@type":"WebPage","@id":"https:\/\/www.franz-josef.cz\/exponaty\/dub-nad-moravou\/","url":"https:\/\/www.franz-josef.cz\/exponaty\/dub-nad-moravou\/","name":"DUB NAD MORAVOU &#8212; Muzeum c\u00edsa\u0159e Franz Josefa I.","isPartOf":{"@id":"https:\/\/www.franz-josef.cz\/#website"},"primaryImageOfPage":{"@id":"https:\/\/www.franz-josef.cz\/exponaty\/dub-nad-moravou\/#primaryimage"},"image":{"@id":"https:\/\/www.franz-josef.cz\/exponaty\/dub-nad-moravou\/#primaryimage"},"thumbnailUrl":"https:\/\/www.franz-josef.cz\/wp-content\/uploads\/2023\/08\/DUB-N-MOR.-3.jpg","datePublished":"2023-08-27T08:24:31+00:00","dateModified":"2023-09-02T16:35:52+00:00","breadcrumb":{"@id":"https:\/\/www.franz-josef.cz\/exponaty\/dub-nad-moravou\/#breadcrumb"},"inLanguage":"en-GB","potentialAction":[{"@type":"ReadAction","target":["https:\/\/www.franz-josef.cz\/exponaty\/dub-nad-moravou\/"]}]},{"@type":"ImageObject","inLanguage":"en-GB","@id":"https:\/\/www.franz-josef.cz\/exponaty\/dub-nad-moravou\/#primaryimage","url":"https:\/\/www.franz-josef.cz\/wp-content\/uploads\/2023\/08\/DUB-N-MOR.-3.jpg","contentUrl":"https:\/\/www.franz-josef.cz\/wp-content\/uploads\/2023\/08\/DUB-N-MOR.-3.jpg","width":750,"height":501},{"@type":"BreadcrumbList","@id":"https:\/\/www.franz-josef.cz\/exponaty\/dub-nad-moravou\/#breadcrumb","itemListElement":[{"@type":"ListItem","position":1,"name":"Home","item":"https:\/\/www.franz-josef.cz\/"},{"@type":"ListItem","position":2,"name":"Expon\u00e1ty","item":"https:\/\/www.franz-josef.cz\/exponaty\/"},{"@type":"ListItem","position":3,"name":"DUB NAD MORAVOU"}]},{"@type":"WebSite","@id":"https:\/\/www.franz-josef.cz\/#website","url":"https:\/\/www.franz-josef.cz\/","name":"Muzeum c\u00edsa\u0159e Franz Josefa I.","description":"","publisher":{"@id":"https:\/\/www.franz-josef.cz\/#organization"},"alternateName":"Franz Joseph","potentialAction":[{"@type":"SearchAction","target":{"@type":"EntryPoint","urlTemplate":"https:\/\/www.franz-josef.cz\/?s={search_term_string}"},"query-input":{"@type":"PropertyValueSpecification","valueRequired":true,"valueName":"search_term_string"}}],"inLanguage":"en-GB"},{"@type":"Organization","@id":"https:\/\/www.franz-josef.cz\/#organization","name":"Muzeum Franz Josefa I.","alternateName":"Franz Jozef","url":"https:\/\/www.franz-josef.cz\/","logo":{"@type":"ImageObject","inLanguage":"en-GB","@id":"https:\/\/www.franz-josef.cz\/#\/schema\/logo\/image\/","url":"https:\/\/www.franz-josef.cz\/wp-content\/uploads\/2023\/08\/Muzeum-Franz-Jozef-logo-696x696-1.png","contentUrl":"https:\/\/www.franz-josef.cz\/wp-content\/uploads\/2023\/08\/Muzeum-Franz-Jozef-logo-696x696-1.png","width":696,"height":696,"caption":"Muzeum Franz Josefa I."},"image":{"@id":"https:\/\/www.franz-josef.cz\/#\/schema\/logo\/image\/"}}]}},"_links":{"self":[{"href":"https:\/\/www.franz-josef.cz\/en\/wp-json\/wp\/v2\/exponaty\/52127","targetHints":{"allow":["GET"]}}],"collection":[{"href":"https:\/\/www.franz-josef.cz\/en\/wp-json\/wp\/v2\/exponaty"}],"about":[{"href":"https:\/\/www.franz-josef.cz\/en\/wp-json\/wp\/v2\/types\/exponaty"}],"author":[{"embeddable":true,"href":"https:\/\/www.franz-josef.cz\/en\/wp-json\/wp\/v2\/users\/5"}],"version-history":[{"count":7,"href":"https:\/\/www.franz-josef.cz\/en\/wp-json\/wp\/v2\/exponaty\/52127\/revisions"}],"predecessor-version":[{"id":52718,"href":"https:\/\/www.franz-josef.cz\/en\/wp-json\/wp\/v2\/exponaty\/52127\/revisions\/52718"}],"wp:featuredmedia":[{"embeddable":true,"href":"https:\/\/www.franz-josef.cz\/en\/wp-json\/wp\/v2\/media\/52130"}],"wp:attachment":[{"href":"https:\/\/www.franz-josef.cz\/en\/wp-json\/wp\/v2\/media?parent=52127"}],"wp:term":[{"taxonomy":"zarazeno-v-expozici","embeddable":true,"href":"https:\/\/www.franz-josef.cz\/en\/wp-json\/wp\/v2\/zarazeno-v-expozici?post=52127"}],"curies":[{"name":"wp","href":"https:\/\/api.w.org\/{rel}","templated":true}]}}