{"id":52147,"date":"2023-08-27T11:26:16","date_gmt":"2023-08-27T09:26:16","guid":{"rendered":"https:\/\/www.franz-josef.cz\/?post_type=exponaty&#038;p=52147"},"modified":"2023-09-02T19:07:03","modified_gmt":"2023-09-02T17:07:03","slug":"praha-hanavsky-pavilon","status":"publish","type":"exponaty","link":"https:\/\/www.franz-josef.cz\/en\/exponaty\/praha-hanavsky-pavilon\/","title":{"rendered":"PRAGUE, HANAV PAVILION"},"content":{"rendered":"<h1>\u00a0 \u00a0 \u00a0 \u00a0 \u00a0 \u00a0 Hanavsky Pavilion in Prague<\/h1>\n<p>&nbsp;<\/p>\n<div class=\"abstract\">\n<p>The most magnificent pavilion of the Jubilee Exhibition in 1891 was donated by Prince William of Hanau (Hanavy) to the city of Prague.<\/p>\n<\/div>\n<div class=\"content\">\n<p>At the Land Jubilee Exhibition, which took place in 1891, the pavilion of the princely Hanav ironworks in Kom\u00e1rovsk\u00e1 enjoyed a lot of attention from visitors. According to the design of architects Otta Hieser and J. Herc\u00edk, it was built during harsh winters by the workers of princely foundries under the construction supervision of architect Franti\u0161ek \u010cervinka. The modeler Zden\u011bk Emanuel Fiala was particularly responsible for the final form of the building. The pavilion was built, as was reported at the time, in a rich Dutch Baroque style with cast iron decorative and figural motifs in the Art Nouveau style. It was the first building with cast iron construction in Prague. The stand was used to promote the products of the ironworks, and the bust of His Majesty Emperor Francis Joseph I was certainly not to be missed. The original model was created by the sculptor Natter, from whom the ironworks purchased the exclusive reproduction right. The emperor himself visited the pavilion on October 1, 1891.<br \/>\nHis Grace Prince William of Hanau was waiting for him in front of the pavilion, and he personally guided the emperor through the exhibition.<\/p>\n<p>The country jubilee exhibition lasted from May 15 to October 18 and was visited by almost 2.5 million people during that time. Approximately ten days before its end, a representative of the ironworks visited Prague's burgomaster JUDr. Jind\u0159ich \u0160olec to hand him the deed of donation, according to which the prince decided to donate the most magnificent pavilion of the Jubilee Exhibition in Prague. The city councilors then decided to transfer the pavilion to Letn\u00e1, and already in mid-December 1891, the building found a new place and application. Later, a restaurant was set up in it and rented out to the relevant tenant. At that time, however, the pavilion was located in the Hrad\u010dan cadastre (no. 223), but today it can be found in the Hole\u0161ovice-Bubny cadastre (Letensk\u00e9 sady 175). Over the years, however, this charming building fell into disrepair. In 1967, the pavilion was dismantled, new casts were made according to historical photographs, and the pavilion was reassembled. Perhaps the forthcoming international congress of architects in Prague and the fact that the famous French architect Le Corbusier praised it in the 1920s contributed to such a demanding reconstruction.<\/p>\n<p>Foto:\u00a0http:\/\/letna.7x.cz\/unnamed\/fotogalerie\/historie<\/p>\n<p><img fetchpriority=\"high\" decoding=\"async\" class=\"alignnone size-full wp-image-52149\" src=\"https:\/\/www.franz-josef.cz\/wp-content\/uploads\/2023\/08\/PHA-HANAV-1.jpg\" alt=\"\" width=\"750\" height=\"546\" srcset=\"https:\/\/www.franz-josef.cz\/wp-content\/uploads\/2023\/08\/PHA-HANAV-1.jpg 750w, https:\/\/www.franz-josef.cz\/wp-content\/uploads\/2023\/08\/PHA-HANAV-1-300x218.jpg 300w\" sizes=\"(max-width: 750px) 100vw, 750px\" \/> <img decoding=\"async\" class=\"alignnone size-full wp-image-52150 lazyload\" data-src=\"https:\/\/www.franz-josef.cz\/wp-content\/uploads\/2023\/08\/PHA-HANAV-2.jpg\" alt=\"\" width=\"390\" height=\"600\" data-srcset=\"https:\/\/www.franz-josef.cz\/wp-content\/uploads\/2023\/08\/PHA-HANAV-2.jpg 390w, https:\/\/www.franz-josef.cz\/wp-content\/uploads\/2023\/08\/PHA-HANAV-2-195x300.jpg 195w\" data-sizes=\"(max-width: 390px) 100vw, 390px\" src=\"data:image\/gif;base64,R0lGODlhAQABAAAAACH5BAEKAAEALAAAAAABAAEAAAICTAEAOw==\" style=\"--smush-placeholder-width: 390px; --smush-placeholder-aspect-ratio: 390\/600;\" \/><noscript><img decoding=\"async\" class=\"alignnone size-full wp-image-52150\" src=\"https:\/\/www.franz-josef.cz\/wp-content\/uploads\/2023\/08\/PHA-HANAV-2.jpg\" alt=\"\" width=\"390\" height=\"600\" srcset=\"https:\/\/www.franz-josef.cz\/wp-content\/uploads\/2023\/08\/PHA-HANAV-2.jpg 390w, https:\/\/www.franz-josef.cz\/wp-content\/uploads\/2023\/08\/PHA-HANAV-2-195x300.jpg 195w\" sizes=\"(max-width: 390px) 100vw, 390px\" \/><\/noscript><\/p>\n<\/div>","protected":false},"author":5,"featured_media":52150,"template":"","zarazeno-v-expozici":[252],"class_list":["post-52147","exponaty","type-exponaty","status-publish","has-post-thumbnail","hentry","zarazeno-v-expozici-sochy-a-pomniky-badatelska-cinnost-jiriho-danka"],"yoast_head":"<!-- This site is optimized with the Yoast SEO Premium plugin v20.12 (Yoast SEO v27.2) - https:\/\/yoast.com\/product\/yoast-seo-premium-wordpress\/ -->\n<title>PRAHA, HANAVSK\u00dd PAVILON &#8212; Muzeum c\u00edsa\u0159e Franz Josefa I.<\/title>\n<meta name=\"robots\" content=\"index, follow, max-snippet:-1, max-image-preview:large, max-video-preview:-1\" \/>\n<link rel=\"canonical\" href=\"https:\/\/www.franz-josef.cz\/en\/exponaty\/praha-hanavsky-pavilon\/\" \/>\n<meta property=\"og:locale\" content=\"en_GB\" \/>\n<meta property=\"og:type\" content=\"article\" \/>\n<meta property=\"og:title\" content=\"PRAHA, HANAVSK\u00dd PAVILON\" \/>\n<meta property=\"og:description\" content=\"\u00a0 \u00a0 \u00a0 \u00a0 \u00a0 \u00a0 Hanavsk\u00fd pavilon v Praze &nbsp; Nejskvostn\u011bj\u0161\u00ed pavilon Jubilejn\u00ed v\u00fdstavy v roce 1891 daroval\u00a0Vil\u00e9m kn\u00ed\u017ee z Hanau (Hanavy) m\u011bstu Praha. Na Zemsk\u00e9 jubilejn\u00ed v\u00fdstav\u011b, kter\u00e1 se konala v roce 1891, se t\u011b\u0161il pavilon kn\u00ed\u017eec\u00edch hanavsk\u00fdch \u017eelez\u00e1ren kom\u00e1rovsk\u00fdch velk\u00e9 pozornosti n\u00e1v\u0161t\u011bvn\u00edk\u016f. Podle n\u00e1vrhu architekt\u016f Otty Hiesera a J. Herc\u00edka jej stav\u011bli [&hellip;]\" \/>\n<meta property=\"og:url\" content=\"https:\/\/www.franz-josef.cz\/en\/exponaty\/praha-hanavsky-pavilon\/\" \/>\n<meta property=\"og:site_name\" content=\"Muzeum c\u00edsa\u0159e Franz Josefa I.\" \/>\n<meta property=\"article:modified_time\" content=\"2023-09-02T17:07:03+00:00\" \/>\n<meta property=\"og:image\" content=\"https:\/\/www.franz-josef.cz\/wp-content\/uploads\/2023\/08\/PHA-HANAV-2.jpg\" \/>\n\t<meta property=\"og:image:width\" content=\"390\" \/>\n\t<meta property=\"og:image:height\" content=\"600\" \/>\n\t<meta property=\"og:image:type\" content=\"image\/jpeg\" \/>\n<meta name=\"twitter:card\" content=\"summary_large_image\" \/>\n<meta name=\"twitter:label1\" content=\"Estimated reading time\" \/>\n\t<meta name=\"twitter:data1\" content=\"3 minutes\" \/>\n<script type=\"application\/ld+json\" class=\"yoast-schema-graph\">{\"@context\":\"https:\/\/schema.org\",\"@graph\":[{\"@type\":\"WebPage\",\"@id\":\"https:\/\/www.franz-josef.cz\/exponaty\/praha-hanavsky-pavilon\/\",\"url\":\"https:\/\/www.franz-josef.cz\/exponaty\/praha-hanavsky-pavilon\/\",\"name\":\"PRAHA, HANAVSK\u00dd PAVILON &#8212; Muzeum c\u00edsa\u0159e Franz Josefa I.\",\"isPartOf\":{\"@id\":\"https:\/\/www.franz-josef.cz\/#website\"},\"primaryImageOfPage\":{\"@id\":\"https:\/\/www.franz-josef.cz\/exponaty\/praha-hanavsky-pavilon\/#primaryimage\"},\"image\":{\"@id\":\"https:\/\/www.franz-josef.cz\/exponaty\/praha-hanavsky-pavilon\/#primaryimage\"},\"thumbnailUrl\":\"https:\/\/www.franz-josef.cz\/wp-content\/uploads\/2023\/08\/PHA-HANAV-2.jpg\",\"datePublished\":\"2023-08-27T09:26:16+00:00\",\"dateModified\":\"2023-09-02T17:07:03+00:00\",\"breadcrumb\":{\"@id\":\"https:\/\/www.franz-josef.cz\/exponaty\/praha-hanavsky-pavilon\/#breadcrumb\"},\"inLanguage\":\"en-GB\",\"potentialAction\":[{\"@type\":\"ReadAction\",\"target\":[\"https:\/\/www.franz-josef.cz\/exponaty\/praha-hanavsky-pavilon\/\"]}]},{\"@type\":\"ImageObject\",\"inLanguage\":\"en-GB\",\"@id\":\"https:\/\/www.franz-josef.cz\/exponaty\/praha-hanavsky-pavilon\/#primaryimage\",\"url\":\"https:\/\/www.franz-josef.cz\/wp-content\/uploads\/2023\/08\/PHA-HANAV-2.jpg\",\"contentUrl\":\"https:\/\/www.franz-josef.cz\/wp-content\/uploads\/2023\/08\/PHA-HANAV-2.jpg\",\"width\":390,\"height\":600},{\"@type\":\"BreadcrumbList\",\"@id\":\"https:\/\/www.franz-josef.cz\/exponaty\/praha-hanavsky-pavilon\/#breadcrumb\",\"itemListElement\":[{\"@type\":\"ListItem\",\"position\":1,\"name\":\"Home\",\"item\":\"https:\/\/www.franz-josef.cz\/\"},{\"@type\":\"ListItem\",\"position\":2,\"name\":\"Expon\u00e1ty\",\"item\":\"https:\/\/www.franz-josef.cz\/exponaty\/\"},{\"@type\":\"ListItem\",\"position\":3,\"name\":\"PRAHA, HANAVSK\u00dd PAVILON\"}]},{\"@type\":\"WebSite\",\"@id\":\"https:\/\/www.franz-josef.cz\/#website\",\"url\":\"https:\/\/www.franz-josef.cz\/\",\"name\":\"Muzeum c\u00edsa\u0159e Franz Josefa I.\",\"description\":\"\",\"publisher\":{\"@id\":\"https:\/\/www.franz-josef.cz\/#organization\"},\"alternateName\":\"Franz Joseph\",\"potentialAction\":[{\"@type\":\"SearchAction\",\"target\":{\"@type\":\"EntryPoint\",\"urlTemplate\":\"https:\/\/www.franz-josef.cz\/?s={search_term_string}\"},\"query-input\":{\"@type\":\"PropertyValueSpecification\",\"valueRequired\":true,\"valueName\":\"search_term_string\"}}],\"inLanguage\":\"en-GB\"},{\"@type\":\"Organization\",\"@id\":\"https:\/\/www.franz-josef.cz\/#organization\",\"name\":\"Muzeum Franz Josefa I.\",\"alternateName\":\"Franz Jozef\",\"url\":\"https:\/\/www.franz-josef.cz\/\",\"logo\":{\"@type\":\"ImageObject\",\"inLanguage\":\"en-GB\",\"@id\":\"https:\/\/www.franz-josef.cz\/#\/schema\/logo\/image\/\",\"url\":\"https:\/\/www.franz-josef.cz\/wp-content\/uploads\/2023\/08\/Muzeum-Franz-Jozef-logo-696x696-1.png\",\"contentUrl\":\"https:\/\/www.franz-josef.cz\/wp-content\/uploads\/2023\/08\/Muzeum-Franz-Jozef-logo-696x696-1.png\",\"width\":696,\"height\":696,\"caption\":\"Muzeum Franz Josefa I.\"},\"image\":{\"@id\":\"https:\/\/www.franz-josef.cz\/#\/schema\/logo\/image\/\"}}]}<\/script>\n<!-- \/ Yoast SEO Premium plugin. -->","yoast_head_json":{"title":"PRAHA, HANAVSK\u00dd PAVILON &#8212; Muzeum c\u00edsa\u0159e Franz Josefa I.","robots":{"index":"index","follow":"follow","max-snippet":"max-snippet:-1","max-image-preview":"max-image-preview:large","max-video-preview":"max-video-preview:-1"},"canonical":"https:\/\/www.franz-josef.cz\/en\/exponaty\/praha-hanavsky-pavilon\/","og_locale":"en_GB","og_type":"article","og_title":"PRAHA, HANAVSK\u00dd PAVILON","og_description":"\u00a0 \u00a0 \u00a0 \u00a0 \u00a0 \u00a0 Hanavsk\u00fd pavilon v Praze &nbsp; Nejskvostn\u011bj\u0161\u00ed pavilon Jubilejn\u00ed v\u00fdstavy v roce 1891 daroval\u00a0Vil\u00e9m kn\u00ed\u017ee z Hanau (Hanavy) m\u011bstu Praha. Na Zemsk\u00e9 jubilejn\u00ed v\u00fdstav\u011b, kter\u00e1 se konala v roce 1891, se t\u011b\u0161il pavilon kn\u00ed\u017eec\u00edch hanavsk\u00fdch \u017eelez\u00e1ren kom\u00e1rovsk\u00fdch velk\u00e9 pozornosti n\u00e1v\u0161t\u011bvn\u00edk\u016f. Podle n\u00e1vrhu architekt\u016f Otty Hiesera a J. Herc\u00edka jej stav\u011bli [&hellip;]","og_url":"https:\/\/www.franz-josef.cz\/en\/exponaty\/praha-hanavsky-pavilon\/","og_site_name":"Muzeum c\u00edsa\u0159e Franz Josefa I.","article_modified_time":"2023-09-02T17:07:03+00:00","og_image":[{"width":390,"height":600,"url":"https:\/\/www.franz-josef.cz\/wp-content\/uploads\/2023\/08\/PHA-HANAV-2.jpg","type":"image\/jpeg"}],"twitter_card":"summary_large_image","twitter_misc":{"Estimated reading time":"3 minutes"},"schema":{"@context":"https:\/\/schema.org","@graph":[{"@type":"WebPage","@id":"https:\/\/www.franz-josef.cz\/exponaty\/praha-hanavsky-pavilon\/","url":"https:\/\/www.franz-josef.cz\/exponaty\/praha-hanavsky-pavilon\/","name":"PRAHA, HANAVSK\u00dd PAVILON &#8212; Muzeum c\u00edsa\u0159e Franz Josefa I.","isPartOf":{"@id":"https:\/\/www.franz-josef.cz\/#website"},"primaryImageOfPage":{"@id":"https:\/\/www.franz-josef.cz\/exponaty\/praha-hanavsky-pavilon\/#primaryimage"},"image":{"@id":"https:\/\/www.franz-josef.cz\/exponaty\/praha-hanavsky-pavilon\/#primaryimage"},"thumbnailUrl":"https:\/\/www.franz-josef.cz\/wp-content\/uploads\/2023\/08\/PHA-HANAV-2.jpg","datePublished":"2023-08-27T09:26:16+00:00","dateModified":"2023-09-02T17:07:03+00:00","breadcrumb":{"@id":"https:\/\/www.franz-josef.cz\/exponaty\/praha-hanavsky-pavilon\/#breadcrumb"},"inLanguage":"en-GB","potentialAction":[{"@type":"ReadAction","target":["https:\/\/www.franz-josef.cz\/exponaty\/praha-hanavsky-pavilon\/"]}]},{"@type":"ImageObject","inLanguage":"en-GB","@id":"https:\/\/www.franz-josef.cz\/exponaty\/praha-hanavsky-pavilon\/#primaryimage","url":"https:\/\/www.franz-josef.cz\/wp-content\/uploads\/2023\/08\/PHA-HANAV-2.jpg","contentUrl":"https:\/\/www.franz-josef.cz\/wp-content\/uploads\/2023\/08\/PHA-HANAV-2.jpg","width":390,"height":600},{"@type":"BreadcrumbList","@id":"https:\/\/www.franz-josef.cz\/exponaty\/praha-hanavsky-pavilon\/#breadcrumb","itemListElement":[{"@type":"ListItem","position":1,"name":"Home","item":"https:\/\/www.franz-josef.cz\/"},{"@type":"ListItem","position":2,"name":"Expon\u00e1ty","item":"https:\/\/www.franz-josef.cz\/exponaty\/"},{"@type":"ListItem","position":3,"name":"PRAHA, HANAVSK\u00dd PAVILON"}]},{"@type":"WebSite","@id":"https:\/\/www.franz-josef.cz\/#website","url":"https:\/\/www.franz-josef.cz\/","name":"Muzeum c\u00edsa\u0159e Franz Josefa I.","description":"","publisher":{"@id":"https:\/\/www.franz-josef.cz\/#organization"},"alternateName":"Franz Joseph","potentialAction":[{"@type":"SearchAction","target":{"@type":"EntryPoint","urlTemplate":"https:\/\/www.franz-josef.cz\/?s={search_term_string}"},"query-input":{"@type":"PropertyValueSpecification","valueRequired":true,"valueName":"search_term_string"}}],"inLanguage":"en-GB"},{"@type":"Organization","@id":"https:\/\/www.franz-josef.cz\/#organization","name":"Muzeum Franz Josefa I.","alternateName":"Franz Jozef","url":"https:\/\/www.franz-josef.cz\/","logo":{"@type":"ImageObject","inLanguage":"en-GB","@id":"https:\/\/www.franz-josef.cz\/#\/schema\/logo\/image\/","url":"https:\/\/www.franz-josef.cz\/wp-content\/uploads\/2023\/08\/Muzeum-Franz-Jozef-logo-696x696-1.png","contentUrl":"https:\/\/www.franz-josef.cz\/wp-content\/uploads\/2023\/08\/Muzeum-Franz-Jozef-logo-696x696-1.png","width":696,"height":696,"caption":"Muzeum Franz Josefa I."},"image":{"@id":"https:\/\/www.franz-josef.cz\/#\/schema\/logo\/image\/"}}]}},"_links":{"self":[{"href":"https:\/\/www.franz-josef.cz\/en\/wp-json\/wp\/v2\/exponaty\/52147","targetHints":{"allow":["GET"]}}],"collection":[{"href":"https:\/\/www.franz-josef.cz\/en\/wp-json\/wp\/v2\/exponaty"}],"about":[{"href":"https:\/\/www.franz-josef.cz\/en\/wp-json\/wp\/v2\/types\/exponaty"}],"author":[{"embeddable":true,"href":"https:\/\/www.franz-josef.cz\/en\/wp-json\/wp\/v2\/users\/5"}],"version-history":[{"count":5,"href":"https:\/\/www.franz-josef.cz\/en\/wp-json\/wp\/v2\/exponaty\/52147\/revisions"}],"predecessor-version":[{"id":52738,"href":"https:\/\/www.franz-josef.cz\/en\/wp-json\/wp\/v2\/exponaty\/52147\/revisions\/52738"}],"wp:featuredmedia":[{"embeddable":true,"href":"https:\/\/www.franz-josef.cz\/en\/wp-json\/wp\/v2\/media\/52150"}],"wp:attachment":[{"href":"https:\/\/www.franz-josef.cz\/en\/wp-json\/wp\/v2\/media?parent=52147"}],"wp:term":[{"taxonomy":"zarazeno-v-expozici","embeddable":true,"href":"https:\/\/www.franz-josef.cz\/en\/wp-json\/wp\/v2\/zarazeno-v-expozici?post=52147"}],"curies":[{"name":"wp","href":"https:\/\/api.w.org\/{rel}","templated":true}]}}