{"id":52159,"date":"2023-08-27T11:45:15","date_gmt":"2023-08-27T09:45:15","guid":{"rendered":"https:\/\/www.franz-josef.cz\/?post_type=exponaty&#038;p=52159"},"modified":"2023-09-02T18:42:55","modified_gmt":"2023-09-02T16:42:55","slug":"horni-dobrouc","status":"publish","type":"exponaty","link":"https:\/\/www.franz-josef.cz\/en\/exponaty\/horni-dobrouc\/","title":{"rendered":"HORN\u00cd DOBROU\u010c"},"content":{"rendered":"<h1>\u00a0 \u00a0 \u00a0 \u00a0 \u00a0 \u00a0 Commemorative plaque of Emperor FJI.<\/h1>\n<div class=\"abstract\">\n<p>&nbsp;<\/p>\n<p>Horn\u00ed Dobrou\u010d (Dittersbach in German) is a village, part of the Doln\u00ed Dobrou\u010d municipality in the district of \u00dast\u00ed nad Orlic\u00ed. It is located about 3.5 km south of Doln\u00ed Dobrou\u010d.<\/p>\n<p>A small but nicely maintained commemorative plaque is in front of the former rectory. On the plaque of this monument is the name of Emperor FJI. and the year 1848 \u2013 1908, i.e. also for the 60 years of his reign. It was allegedly built here in honor of the monarch who took part in large military maneuvers in the vicinity of Lan\u0161kroun in 1894. Even this monument has its own history. The removed plate with the inscription was hidden and almost forgotten in the basement of a neighboring house. According to eyewitnesses, it should have been liquidated several times and also leveled after being overturned to its original position. In the end, however, it was successfully preserved in its original location according to a contemporary German photograph.<\/p>\n<\/div>\n<div class=\"content\">\n<p>Source:<\/p>\n<p>https:\/\/www.lanskrounsko.cz\/cz\/zpravodaj\/6485-100-let-od-umrti-franze-josefa-i-a-pamatniky<\/p>\n<p>https:\/\/orlicky.denik.cz\/zpravy_region\/za-pomnik-cisari-hrozila-pokuta-presto-dva-zustaly-20161206.html<\/p>\n<p><img fetchpriority=\"high\" decoding=\"async\" class=\"alignnone size-full wp-image-52162\" src=\"https:\/\/www.franz-josef.cz\/wp-content\/uploads\/2023\/08\/HOR.-DOBR.-1.jpg\" alt=\"\" width=\"388\" height=\"600\" srcset=\"https:\/\/www.franz-josef.cz\/wp-content\/uploads\/2023\/08\/HOR.-DOBR.-1.jpg 388w, https:\/\/www.franz-josef.cz\/wp-content\/uploads\/2023\/08\/HOR.-DOBR.-1-194x300.jpg 194w\" sizes=\"(max-width: 388px) 100vw, 388px\" \/> <img decoding=\"async\" class=\"alignnone size-full wp-image-52163 lazyload\" data-src=\"https:\/\/www.franz-josef.cz\/wp-content\/uploads\/2023\/08\/HOR.-DOBR.-2.jpg\" alt=\"\" width=\"750\" height=\"556\" data-srcset=\"https:\/\/www.franz-josef.cz\/wp-content\/uploads\/2023\/08\/HOR.-DOBR.-2.jpg 750w, https:\/\/www.franz-josef.cz\/wp-content\/uploads\/2023\/08\/HOR.-DOBR.-2-300x222.jpg 300w\" data-sizes=\"(max-width: 750px) 100vw, 750px\" src=\"data:image\/gif;base64,R0lGODlhAQABAAAAACH5BAEKAAEALAAAAAABAAEAAAICTAEAOw==\" style=\"--smush-placeholder-width: 750px; --smush-placeholder-aspect-ratio: 750\/556;\" \/><noscript><img decoding=\"async\" class=\"alignnone size-full wp-image-52163\" src=\"https:\/\/www.franz-josef.cz\/wp-content\/uploads\/2023\/08\/HOR.-DOBR.-2.jpg\" alt=\"\" width=\"750\" height=\"556\" srcset=\"https:\/\/www.franz-josef.cz\/wp-content\/uploads\/2023\/08\/HOR.-DOBR.-2.jpg 750w, https:\/\/www.franz-josef.cz\/wp-content\/uploads\/2023\/08\/HOR.-DOBR.-2-300x222.jpg 300w\" sizes=\"(max-width: 750px) 100vw, 750px\" \/><\/noscript><\/p>\n<\/div>\n<div class=\"abstract\"><\/div>\n<div class=\"content\">\n<p>&nbsp;<\/p>\n<\/div>","protected":false},"author":5,"featured_media":52162,"template":"","zarazeno-v-expozici":[252],"class_list":["post-52159","exponaty","type-exponaty","status-publish","has-post-thumbnail","hentry","zarazeno-v-expozici-sochy-a-pomniky-badatelska-cinnost-jiriho-danka"],"yoast_head":"<!-- This site is optimized with the Yoast SEO Premium plugin v20.12 (Yoast SEO v27.2) - https:\/\/yoast.com\/product\/yoast-seo-premium-wordpress\/ -->\n<title>HORN\u00cd DOBROU\u010c &#8212; Muzeum c\u00edsa\u0159e Franz Josefa I.<\/title>\n<meta name=\"robots\" content=\"index, follow, max-snippet:-1, max-image-preview:large, max-video-preview:-1\" \/>\n<link rel=\"canonical\" href=\"https:\/\/www.franz-josef.cz\/en\/exponaty\/horni-dobrouc\/\" \/>\n<meta property=\"og:locale\" content=\"en_GB\" \/>\n<meta property=\"og:type\" content=\"article\" \/>\n<meta property=\"og:title\" content=\"HORN\u00cd DOBROU\u010c\" \/>\n<meta property=\"og:description\" content=\"\u00a0 \u00a0 \u00a0 \u00a0 \u00a0 \u00a0 Pam\u011btn\u00ed deska c\u00edsa\u0159e FJI. &nbsp; Horn\u00ed Dobrou\u010d (n\u011bmecky Dittersbach) je vesnice, \u010d\u00e1st obce Doln\u00ed Dobrou\u010d v okrese \u00dast\u00ed nad Orlic\u00ed. Nach\u00e1z\u00ed se asi 3,5 km na jih od Doln\u00ed Dobrou\u010de. Mal\u00e1 \u00a0ale p\u011bkn\u011b udr\u017eovan\u00e1 pam\u011btn\u00ed deska je p\u0159ed b\u00fdvalou farou.\u00a0 \u00a0Na desce tohoto pomn\u00edku je jm\u00e9no c\u00edsa\u0159e FJI. a [&hellip;]\" \/>\n<meta property=\"og:url\" content=\"https:\/\/www.franz-josef.cz\/en\/exponaty\/horni-dobrouc\/\" \/>\n<meta property=\"og:site_name\" content=\"Muzeum c\u00edsa\u0159e Franz Josefa I.\" \/>\n<meta property=\"article:modified_time\" content=\"2023-09-02T16:42:55+00:00\" \/>\n<meta property=\"og:image\" content=\"https:\/\/www.franz-josef.cz\/wp-content\/uploads\/2023\/08\/HOR.-DOBR.-1.jpg\" \/>\n\t<meta property=\"og:image:width\" content=\"388\" \/>\n\t<meta property=\"og:image:height\" content=\"600\" \/>\n\t<meta property=\"og:image:type\" content=\"image\/jpeg\" \/>\n<meta name=\"twitter:card\" content=\"summary_large_image\" \/>\n<meta name=\"twitter:label1\" content=\"Estimated reading time\" \/>\n\t<meta name=\"twitter:data1\" content=\"2 minutes\" \/>\n<script type=\"application\/ld+json\" class=\"yoast-schema-graph\">{\"@context\":\"https:\/\/schema.org\",\"@graph\":[{\"@type\":\"WebPage\",\"@id\":\"https:\/\/www.franz-josef.cz\/exponaty\/horni-dobrouc\/\",\"url\":\"https:\/\/www.franz-josef.cz\/exponaty\/horni-dobrouc\/\",\"name\":\"HORN\u00cd DOBROU\u010c &#8212; Muzeum c\u00edsa\u0159e Franz Josefa I.\",\"isPartOf\":{\"@id\":\"https:\/\/www.franz-josef.cz\/#website\"},\"primaryImageOfPage\":{\"@id\":\"https:\/\/www.franz-josef.cz\/exponaty\/horni-dobrouc\/#primaryimage\"},\"image\":{\"@id\":\"https:\/\/www.franz-josef.cz\/exponaty\/horni-dobrouc\/#primaryimage\"},\"thumbnailUrl\":\"https:\/\/www.franz-josef.cz\/wp-content\/uploads\/2023\/08\/HOR.-DOBR.-1.jpg\",\"datePublished\":\"2023-08-27T09:45:15+00:00\",\"dateModified\":\"2023-09-02T16:42:55+00:00\",\"breadcrumb\":{\"@id\":\"https:\/\/www.franz-josef.cz\/exponaty\/horni-dobrouc\/#breadcrumb\"},\"inLanguage\":\"en-GB\",\"potentialAction\":[{\"@type\":\"ReadAction\",\"target\":[\"https:\/\/www.franz-josef.cz\/exponaty\/horni-dobrouc\/\"]}]},{\"@type\":\"ImageObject\",\"inLanguage\":\"en-GB\",\"@id\":\"https:\/\/www.franz-josef.cz\/exponaty\/horni-dobrouc\/#primaryimage\",\"url\":\"https:\/\/www.franz-josef.cz\/wp-content\/uploads\/2023\/08\/HOR.-DOBR.-1.jpg\",\"contentUrl\":\"https:\/\/www.franz-josef.cz\/wp-content\/uploads\/2023\/08\/HOR.-DOBR.-1.jpg\",\"width\":388,\"height\":600},{\"@type\":\"BreadcrumbList\",\"@id\":\"https:\/\/www.franz-josef.cz\/exponaty\/horni-dobrouc\/#breadcrumb\",\"itemListElement\":[{\"@type\":\"ListItem\",\"position\":1,\"name\":\"Home\",\"item\":\"https:\/\/www.franz-josef.cz\/\"},{\"@type\":\"ListItem\",\"position\":2,\"name\":\"Expon\u00e1ty\",\"item\":\"https:\/\/www.franz-josef.cz\/exponaty\/\"},{\"@type\":\"ListItem\",\"position\":3,\"name\":\"HORN\u00cd DOBROU\u010c\"}]},{\"@type\":\"WebSite\",\"@id\":\"https:\/\/www.franz-josef.cz\/#website\",\"url\":\"https:\/\/www.franz-josef.cz\/\",\"name\":\"Muzeum c\u00edsa\u0159e Franz Josefa I.\",\"description\":\"\",\"publisher\":{\"@id\":\"https:\/\/www.franz-josef.cz\/#organization\"},\"alternateName\":\"Franz Joseph\",\"potentialAction\":[{\"@type\":\"SearchAction\",\"target\":{\"@type\":\"EntryPoint\",\"urlTemplate\":\"https:\/\/www.franz-josef.cz\/?s={search_term_string}\"},\"query-input\":{\"@type\":\"PropertyValueSpecification\",\"valueRequired\":true,\"valueName\":\"search_term_string\"}}],\"inLanguage\":\"en-GB\"},{\"@type\":\"Organization\",\"@id\":\"https:\/\/www.franz-josef.cz\/#organization\",\"name\":\"Muzeum Franz Josefa I.\",\"alternateName\":\"Franz Jozef\",\"url\":\"https:\/\/www.franz-josef.cz\/\",\"logo\":{\"@type\":\"ImageObject\",\"inLanguage\":\"en-GB\",\"@id\":\"https:\/\/www.franz-josef.cz\/#\/schema\/logo\/image\/\",\"url\":\"https:\/\/www.franz-josef.cz\/wp-content\/uploads\/2023\/08\/Muzeum-Franz-Jozef-logo-696x696-1.png\",\"contentUrl\":\"https:\/\/www.franz-josef.cz\/wp-content\/uploads\/2023\/08\/Muzeum-Franz-Jozef-logo-696x696-1.png\",\"width\":696,\"height\":696,\"caption\":\"Muzeum Franz Josefa I.\"},\"image\":{\"@id\":\"https:\/\/www.franz-josef.cz\/#\/schema\/logo\/image\/\"}}]}<\/script>\n<!-- \/ Yoast SEO Premium plugin. -->","yoast_head_json":{"title":"HORN\u00cd DOBROU\u010c &#8212; Muzeum c\u00edsa\u0159e Franz Josefa I.","robots":{"index":"index","follow":"follow","max-snippet":"max-snippet:-1","max-image-preview":"max-image-preview:large","max-video-preview":"max-video-preview:-1"},"canonical":"https:\/\/www.franz-josef.cz\/en\/exponaty\/horni-dobrouc\/","og_locale":"en_GB","og_type":"article","og_title":"HORN\u00cd DOBROU\u010c","og_description":"\u00a0 \u00a0 \u00a0 \u00a0 \u00a0 \u00a0 Pam\u011btn\u00ed deska c\u00edsa\u0159e FJI. &nbsp; Horn\u00ed Dobrou\u010d (n\u011bmecky Dittersbach) je vesnice, \u010d\u00e1st obce Doln\u00ed Dobrou\u010d v okrese \u00dast\u00ed nad Orlic\u00ed. Nach\u00e1z\u00ed se asi 3,5 km na jih od Doln\u00ed Dobrou\u010de. Mal\u00e1 \u00a0ale p\u011bkn\u011b udr\u017eovan\u00e1 pam\u011btn\u00ed deska je p\u0159ed b\u00fdvalou farou.\u00a0 \u00a0Na desce tohoto pomn\u00edku je jm\u00e9no c\u00edsa\u0159e FJI. a [&hellip;]","og_url":"https:\/\/www.franz-josef.cz\/en\/exponaty\/horni-dobrouc\/","og_site_name":"Muzeum c\u00edsa\u0159e Franz Josefa I.","article_modified_time":"2023-09-02T16:42:55+00:00","og_image":[{"width":388,"height":600,"url":"https:\/\/www.franz-josef.cz\/wp-content\/uploads\/2023\/08\/HOR.-DOBR.-1.jpg","type":"image\/jpeg"}],"twitter_card":"summary_large_image","twitter_misc":{"Estimated reading time":"2 minutes"},"schema":{"@context":"https:\/\/schema.org","@graph":[{"@type":"WebPage","@id":"https:\/\/www.franz-josef.cz\/exponaty\/horni-dobrouc\/","url":"https:\/\/www.franz-josef.cz\/exponaty\/horni-dobrouc\/","name":"HORN\u00cd DOBROU\u010c &#8212; Muzeum c\u00edsa\u0159e Franz Josefa I.","isPartOf":{"@id":"https:\/\/www.franz-josef.cz\/#website"},"primaryImageOfPage":{"@id":"https:\/\/www.franz-josef.cz\/exponaty\/horni-dobrouc\/#primaryimage"},"image":{"@id":"https:\/\/www.franz-josef.cz\/exponaty\/horni-dobrouc\/#primaryimage"},"thumbnailUrl":"https:\/\/www.franz-josef.cz\/wp-content\/uploads\/2023\/08\/HOR.-DOBR.-1.jpg","datePublished":"2023-08-27T09:45:15+00:00","dateModified":"2023-09-02T16:42:55+00:00","breadcrumb":{"@id":"https:\/\/www.franz-josef.cz\/exponaty\/horni-dobrouc\/#breadcrumb"},"inLanguage":"en-GB","potentialAction":[{"@type":"ReadAction","target":["https:\/\/www.franz-josef.cz\/exponaty\/horni-dobrouc\/"]}]},{"@type":"ImageObject","inLanguage":"en-GB","@id":"https:\/\/www.franz-josef.cz\/exponaty\/horni-dobrouc\/#primaryimage","url":"https:\/\/www.franz-josef.cz\/wp-content\/uploads\/2023\/08\/HOR.-DOBR.-1.jpg","contentUrl":"https:\/\/www.franz-josef.cz\/wp-content\/uploads\/2023\/08\/HOR.-DOBR.-1.jpg","width":388,"height":600},{"@type":"BreadcrumbList","@id":"https:\/\/www.franz-josef.cz\/exponaty\/horni-dobrouc\/#breadcrumb","itemListElement":[{"@type":"ListItem","position":1,"name":"Home","item":"https:\/\/www.franz-josef.cz\/"},{"@type":"ListItem","position":2,"name":"Expon\u00e1ty","item":"https:\/\/www.franz-josef.cz\/exponaty\/"},{"@type":"ListItem","position":3,"name":"HORN\u00cd DOBROU\u010c"}]},{"@type":"WebSite","@id":"https:\/\/www.franz-josef.cz\/#website","url":"https:\/\/www.franz-josef.cz\/","name":"Muzeum c\u00edsa\u0159e Franz Josefa I.","description":"","publisher":{"@id":"https:\/\/www.franz-josef.cz\/#organization"},"alternateName":"Franz Joseph","potentialAction":[{"@type":"SearchAction","target":{"@type":"EntryPoint","urlTemplate":"https:\/\/www.franz-josef.cz\/?s={search_term_string}"},"query-input":{"@type":"PropertyValueSpecification","valueRequired":true,"valueName":"search_term_string"}}],"inLanguage":"en-GB"},{"@type":"Organization","@id":"https:\/\/www.franz-josef.cz\/#organization","name":"Muzeum Franz Josefa I.","alternateName":"Franz Jozef","url":"https:\/\/www.franz-josef.cz\/","logo":{"@type":"ImageObject","inLanguage":"en-GB","@id":"https:\/\/www.franz-josef.cz\/#\/schema\/logo\/image\/","url":"https:\/\/www.franz-josef.cz\/wp-content\/uploads\/2023\/08\/Muzeum-Franz-Jozef-logo-696x696-1.png","contentUrl":"https:\/\/www.franz-josef.cz\/wp-content\/uploads\/2023\/08\/Muzeum-Franz-Jozef-logo-696x696-1.png","width":696,"height":696,"caption":"Muzeum Franz Josefa I."},"image":{"@id":"https:\/\/www.franz-josef.cz\/#\/schema\/logo\/image\/"}}]}},"_links":{"self":[{"href":"https:\/\/www.franz-josef.cz\/en\/wp-json\/wp\/v2\/exponaty\/52159","targetHints":{"allow":["GET"]}}],"collection":[{"href":"https:\/\/www.franz-josef.cz\/en\/wp-json\/wp\/v2\/exponaty"}],"about":[{"href":"https:\/\/www.franz-josef.cz\/en\/wp-json\/wp\/v2\/types\/exponaty"}],"author":[{"embeddable":true,"href":"https:\/\/www.franz-josef.cz\/en\/wp-json\/wp\/v2\/users\/5"}],"version-history":[{"count":9,"href":"https:\/\/www.franz-josef.cz\/en\/wp-json\/wp\/v2\/exponaty\/52159\/revisions"}],"predecessor-version":[{"id":52721,"href":"https:\/\/www.franz-josef.cz\/en\/wp-json\/wp\/v2\/exponaty\/52159\/revisions\/52721"}],"wp:featuredmedia":[{"embeddable":true,"href":"https:\/\/www.franz-josef.cz\/en\/wp-json\/wp\/v2\/media\/52162"}],"wp:attachment":[{"href":"https:\/\/www.franz-josef.cz\/en\/wp-json\/wp\/v2\/media?parent=52159"}],"wp:term":[{"taxonomy":"zarazeno-v-expozici","embeddable":true,"href":"https:\/\/www.franz-josef.cz\/en\/wp-json\/wp\/v2\/zarazeno-v-expozici?post=52159"}],"curies":[{"name":"wp","href":"https:\/\/api.w.org\/{rel}","templated":true}]}}