{"id":52324,"date":"2023-08-29T20:18:00","date_gmt":"2023-08-29T18:18:00","guid":{"rendered":"https:\/\/www.franz-josef.cz\/?post_type=exponaty&#038;p=52324"},"modified":"2023-09-02T18:54:49","modified_gmt":"2023-09-02T16:54:49","slug":"javornik-u-vysokeho-myta","status":"publish","type":"exponaty","link":"https:\/\/www.franz-josef.cz\/en\/exponaty\/javornik-u-vysokeho-myta\/","title":{"rendered":"JAVORN\u00cdK U VYSOK\u00c9HO M\u00ddTA"},"content":{"rendered":"<p>&nbsp;<\/p>\n<div class=\"abstract\">\n<h1>\u00a0 \u00a0 \u00a0 \u00a0 \u00a0 \u00a0 \u00a0 \u00a0Jubilee set<\/h1>\n<h1><\/h1>\n<p>Javorn\u00edk (German: Jawornik) is a village in the district of \u00dast\u00ed nad Orlic\u00ed in the Pardubice region, approximately 7.5 km south of Vysok\u00e9 M\u00fdt and 12 km west of Litomy\u0161l. Javorn\u00edk is located in Svitavsk\u00e1 pahorkatina, in the Blahovsk\u00e9 porok valley on the southwestern border of the district, near the border with Svitavy district.<\/p>\n<p>We learn from the school chronicle that an orchard was planted to honor the 60-year reign of Francis Joseph I. \"Established on April 10 to commemorate the 60-year reign of His Majesty the Emperor and King Francis Joseph I. Jubilee garden on the hillside opposite the school building. The ceremony was held in the presence of representatives of the villages of Javorn\u00edk, Such\u00e9 Lhoty, Vysok\u00e9. The head teacher explained the meaning of the celebration in an appropriate speech, and the children then planted 6 walnuts, 4 cherries, 6 apple trees and 1 linden tree in the middle. Orchard surrounded by 16 birches.'<\/p>\n<p>Source: JAVORNICK\u00dd ZPRAVODAJ number 1 April 2008<\/p>\n<h1><\/h1>\n<h1><img fetchpriority=\"high\" decoding=\"async\" class=\"alignnone size-full wp-image-52326\" src=\"https:\/\/www.franz-josef.cz\/wp-content\/uploads\/2023\/08\/JAVOR.-U-VYS.-MYTA.jpg\" alt=\"\" width=\"800\" height=\"578\" srcset=\"https:\/\/www.franz-josef.cz\/wp-content\/uploads\/2023\/08\/JAVOR.-U-VYS.-MYTA.jpg 800w, https:\/\/www.franz-josef.cz\/wp-content\/uploads\/2023\/08\/JAVOR.-U-VYS.-MYTA-300x217.jpg 300w, https:\/\/www.franz-josef.cz\/wp-content\/uploads\/2023\/08\/JAVOR.-U-VYS.-MYTA-768x555.jpg 768w\" sizes=\"(max-width: 800px) 100vw, 800px\" \/><\/h1>\n<\/div>\n<div class=\"content\">\n<p>&nbsp;<\/p>\n<\/div>","protected":false},"author":5,"featured_media":52326,"template":"","zarazeno-v-expozici":[252],"class_list":["post-52324","exponaty","type-exponaty","status-publish","has-post-thumbnail","hentry","zarazeno-v-expozici-sochy-a-pomniky-badatelska-cinnost-jiriho-danka"],"yoast_head":"<!-- This site is optimized with the Yoast SEO Premium plugin v20.12 (Yoast SEO v27.2) - https:\/\/yoast.com\/product\/yoast-seo-premium-wordpress\/ -->\n<title>JAVORN\u00cdK U VYSOK\u00c9HO M\u00ddTA &#8212; Muzeum c\u00edsa\u0159e Franz Josefa I.<\/title>\n<meta name=\"robots\" content=\"index, follow, max-snippet:-1, max-image-preview:large, max-video-preview:-1\" \/>\n<link rel=\"canonical\" href=\"https:\/\/www.franz-josef.cz\/en\/exponaty\/javornik-u-vysokeho-myta\/\" \/>\n<meta property=\"og:locale\" content=\"en_GB\" \/>\n<meta property=\"og:type\" content=\"article\" \/>\n<meta property=\"og:title\" content=\"JAVORN\u00cdK U VYSOK\u00c9HO M\u00ddTA\" \/>\n<meta property=\"og:description\" content=\"&nbsp; \u00a0 \u00a0 \u00a0 \u00a0 \u00a0 \u00a0 \u00a0 \u00a0Jubilejn\u00ed sad Javorn\u00edk (n\u011bmecky Jawornik) je obec v okrese \u00dast\u00ed nad Orlic\u00ed v Pardubick\u00e9m kraji, zhruba 7,5 km ji\u017en\u011b od Vysok\u00e9ho M\u00fdta a 12 km z\u00e1padn\u011b od Litomy\u0161le. Javorn\u00edk le\u017e\u00ed ve Svitavsk\u00e9 pahorkatin\u011b, v \u00fadol\u00ed Blahovsk\u00e9ho poroka na jihoz\u00e1padn\u00edm pomez\u00ed okresu, u hranic s okresem Svitavy. Ze [&hellip;]\" \/>\n<meta property=\"og:url\" content=\"https:\/\/www.franz-josef.cz\/en\/exponaty\/javornik-u-vysokeho-myta\/\" \/>\n<meta property=\"og:site_name\" content=\"Muzeum c\u00edsa\u0159e Franz Josefa I.\" \/>\n<meta property=\"article:modified_time\" content=\"2023-09-02T16:54:49+00:00\" \/>\n<meta property=\"og:image\" content=\"https:\/\/www.franz-josef.cz\/wp-content\/uploads\/2023\/08\/JAVOR.-U-VYS.-MYTA.jpg\" \/>\n\t<meta property=\"og:image:width\" content=\"800\" \/>\n\t<meta property=\"og:image:height\" content=\"578\" \/>\n\t<meta property=\"og:image:type\" content=\"image\/jpeg\" \/>\n<meta name=\"twitter:card\" content=\"summary_large_image\" \/>\n<meta name=\"twitter:label1\" content=\"Estimated reading time\" \/>\n\t<meta name=\"twitter:data1\" content=\"1 minute\" \/>\n<script type=\"application\/ld+json\" class=\"yoast-schema-graph\">{\"@context\":\"https:\/\/schema.org\",\"@graph\":[{\"@type\":\"WebPage\",\"@id\":\"https:\/\/www.franz-josef.cz\/exponaty\/javornik-u-vysokeho-myta\/\",\"url\":\"https:\/\/www.franz-josef.cz\/exponaty\/javornik-u-vysokeho-myta\/\",\"name\":\"JAVORN\u00cdK U VYSOK\u00c9HO M\u00ddTA &#8212; Muzeum c\u00edsa\u0159e Franz Josefa I.\",\"isPartOf\":{\"@id\":\"https:\/\/www.franz-josef.cz\/#website\"},\"primaryImageOfPage\":{\"@id\":\"https:\/\/www.franz-josef.cz\/exponaty\/javornik-u-vysokeho-myta\/#primaryimage\"},\"image\":{\"@id\":\"https:\/\/www.franz-josef.cz\/exponaty\/javornik-u-vysokeho-myta\/#primaryimage\"},\"thumbnailUrl\":\"https:\/\/www.franz-josef.cz\/wp-content\/uploads\/2023\/08\/JAVOR.-U-VYS.-MYTA.jpg\",\"datePublished\":\"2023-08-29T18:18:00+00:00\",\"dateModified\":\"2023-09-02T16:54:49+00:00\",\"breadcrumb\":{\"@id\":\"https:\/\/www.franz-josef.cz\/exponaty\/javornik-u-vysokeho-myta\/#breadcrumb\"},\"inLanguage\":\"en-GB\",\"potentialAction\":[{\"@type\":\"ReadAction\",\"target\":[\"https:\/\/www.franz-josef.cz\/exponaty\/javornik-u-vysokeho-myta\/\"]}]},{\"@type\":\"ImageObject\",\"inLanguage\":\"en-GB\",\"@id\":\"https:\/\/www.franz-josef.cz\/exponaty\/javornik-u-vysokeho-myta\/#primaryimage\",\"url\":\"https:\/\/www.franz-josef.cz\/wp-content\/uploads\/2023\/08\/JAVOR.-U-VYS.-MYTA.jpg\",\"contentUrl\":\"https:\/\/www.franz-josef.cz\/wp-content\/uploads\/2023\/08\/JAVOR.-U-VYS.-MYTA.jpg\",\"width\":800,\"height\":578},{\"@type\":\"BreadcrumbList\",\"@id\":\"https:\/\/www.franz-josef.cz\/exponaty\/javornik-u-vysokeho-myta\/#breadcrumb\",\"itemListElement\":[{\"@type\":\"ListItem\",\"position\":1,\"name\":\"Home\",\"item\":\"https:\/\/www.franz-josef.cz\/\"},{\"@type\":\"ListItem\",\"position\":2,\"name\":\"Expon\u00e1ty\",\"item\":\"https:\/\/www.franz-josef.cz\/exponaty\/\"},{\"@type\":\"ListItem\",\"position\":3,\"name\":\"JAVORN\u00cdK U VYSOK\u00c9HO M\u00ddTA\"}]},{\"@type\":\"WebSite\",\"@id\":\"https:\/\/www.franz-josef.cz\/#website\",\"url\":\"https:\/\/www.franz-josef.cz\/\",\"name\":\"Muzeum c\u00edsa\u0159e Franz Josefa I.\",\"description\":\"\",\"publisher\":{\"@id\":\"https:\/\/www.franz-josef.cz\/#organization\"},\"alternateName\":\"Franz Joseph\",\"potentialAction\":[{\"@type\":\"SearchAction\",\"target\":{\"@type\":\"EntryPoint\",\"urlTemplate\":\"https:\/\/www.franz-josef.cz\/?s={search_term_string}\"},\"query-input\":{\"@type\":\"PropertyValueSpecification\",\"valueRequired\":true,\"valueName\":\"search_term_string\"}}],\"inLanguage\":\"en-GB\"},{\"@type\":\"Organization\",\"@id\":\"https:\/\/www.franz-josef.cz\/#organization\",\"name\":\"Muzeum Franz Josefa I.\",\"alternateName\":\"Franz Jozef\",\"url\":\"https:\/\/www.franz-josef.cz\/\",\"logo\":{\"@type\":\"ImageObject\",\"inLanguage\":\"en-GB\",\"@id\":\"https:\/\/www.franz-josef.cz\/#\/schema\/logo\/image\/\",\"url\":\"https:\/\/www.franz-josef.cz\/wp-content\/uploads\/2023\/08\/Muzeum-Franz-Jozef-logo-696x696-1.png\",\"contentUrl\":\"https:\/\/www.franz-josef.cz\/wp-content\/uploads\/2023\/08\/Muzeum-Franz-Jozef-logo-696x696-1.png\",\"width\":696,\"height\":696,\"caption\":\"Muzeum Franz Josefa I.\"},\"image\":{\"@id\":\"https:\/\/www.franz-josef.cz\/#\/schema\/logo\/image\/\"}}]}<\/script>\n<!-- \/ Yoast SEO Premium plugin. -->","yoast_head_json":{"title":"JAVORN\u00cdK U VYSOK\u00c9HO M\u00ddTA &#8212; Muzeum c\u00edsa\u0159e Franz Josefa I.","robots":{"index":"index","follow":"follow","max-snippet":"max-snippet:-1","max-image-preview":"max-image-preview:large","max-video-preview":"max-video-preview:-1"},"canonical":"https:\/\/www.franz-josef.cz\/en\/exponaty\/javornik-u-vysokeho-myta\/","og_locale":"en_GB","og_type":"article","og_title":"JAVORN\u00cdK U VYSOK\u00c9HO M\u00ddTA","og_description":"&nbsp; \u00a0 \u00a0 \u00a0 \u00a0 \u00a0 \u00a0 \u00a0 \u00a0Jubilejn\u00ed sad Javorn\u00edk (n\u011bmecky Jawornik) je obec v okrese \u00dast\u00ed nad Orlic\u00ed v Pardubick\u00e9m kraji, zhruba 7,5 km ji\u017en\u011b od Vysok\u00e9ho M\u00fdta a 12 km z\u00e1padn\u011b od Litomy\u0161le. Javorn\u00edk le\u017e\u00ed ve Svitavsk\u00e9 pahorkatin\u011b, v \u00fadol\u00ed Blahovsk\u00e9ho poroka na jihoz\u00e1padn\u00edm pomez\u00ed okresu, u hranic s okresem Svitavy. Ze [&hellip;]","og_url":"https:\/\/www.franz-josef.cz\/en\/exponaty\/javornik-u-vysokeho-myta\/","og_site_name":"Muzeum c\u00edsa\u0159e Franz Josefa I.","article_modified_time":"2023-09-02T16:54:49+00:00","og_image":[{"width":800,"height":578,"url":"https:\/\/www.franz-josef.cz\/wp-content\/uploads\/2023\/08\/JAVOR.-U-VYS.-MYTA.jpg","type":"image\/jpeg"}],"twitter_card":"summary_large_image","twitter_misc":{"Estimated reading time":"1 minute"},"schema":{"@context":"https:\/\/schema.org","@graph":[{"@type":"WebPage","@id":"https:\/\/www.franz-josef.cz\/exponaty\/javornik-u-vysokeho-myta\/","url":"https:\/\/www.franz-josef.cz\/exponaty\/javornik-u-vysokeho-myta\/","name":"JAVORN\u00cdK U VYSOK\u00c9HO M\u00ddTA &#8212; Muzeum c\u00edsa\u0159e Franz Josefa I.","isPartOf":{"@id":"https:\/\/www.franz-josef.cz\/#website"},"primaryImageOfPage":{"@id":"https:\/\/www.franz-josef.cz\/exponaty\/javornik-u-vysokeho-myta\/#primaryimage"},"image":{"@id":"https:\/\/www.franz-josef.cz\/exponaty\/javornik-u-vysokeho-myta\/#primaryimage"},"thumbnailUrl":"https:\/\/www.franz-josef.cz\/wp-content\/uploads\/2023\/08\/JAVOR.-U-VYS.-MYTA.jpg","datePublished":"2023-08-29T18:18:00+00:00","dateModified":"2023-09-02T16:54:49+00:00","breadcrumb":{"@id":"https:\/\/www.franz-josef.cz\/exponaty\/javornik-u-vysokeho-myta\/#breadcrumb"},"inLanguage":"en-GB","potentialAction":[{"@type":"ReadAction","target":["https:\/\/www.franz-josef.cz\/exponaty\/javornik-u-vysokeho-myta\/"]}]},{"@type":"ImageObject","inLanguage":"en-GB","@id":"https:\/\/www.franz-josef.cz\/exponaty\/javornik-u-vysokeho-myta\/#primaryimage","url":"https:\/\/www.franz-josef.cz\/wp-content\/uploads\/2023\/08\/JAVOR.-U-VYS.-MYTA.jpg","contentUrl":"https:\/\/www.franz-josef.cz\/wp-content\/uploads\/2023\/08\/JAVOR.-U-VYS.-MYTA.jpg","width":800,"height":578},{"@type":"BreadcrumbList","@id":"https:\/\/www.franz-josef.cz\/exponaty\/javornik-u-vysokeho-myta\/#breadcrumb","itemListElement":[{"@type":"ListItem","position":1,"name":"Home","item":"https:\/\/www.franz-josef.cz\/"},{"@type":"ListItem","position":2,"name":"Expon\u00e1ty","item":"https:\/\/www.franz-josef.cz\/exponaty\/"},{"@type":"ListItem","position":3,"name":"JAVORN\u00cdK U VYSOK\u00c9HO M\u00ddTA"}]},{"@type":"WebSite","@id":"https:\/\/www.franz-josef.cz\/#website","url":"https:\/\/www.franz-josef.cz\/","name":"Muzeum c\u00edsa\u0159e Franz Josefa I.","description":"","publisher":{"@id":"https:\/\/www.franz-josef.cz\/#organization"},"alternateName":"Franz Joseph","potentialAction":[{"@type":"SearchAction","target":{"@type":"EntryPoint","urlTemplate":"https:\/\/www.franz-josef.cz\/?s={search_term_string}"},"query-input":{"@type":"PropertyValueSpecification","valueRequired":true,"valueName":"search_term_string"}}],"inLanguage":"en-GB"},{"@type":"Organization","@id":"https:\/\/www.franz-josef.cz\/#organization","name":"Muzeum Franz Josefa I.","alternateName":"Franz Jozef","url":"https:\/\/www.franz-josef.cz\/","logo":{"@type":"ImageObject","inLanguage":"en-GB","@id":"https:\/\/www.franz-josef.cz\/#\/schema\/logo\/image\/","url":"https:\/\/www.franz-josef.cz\/wp-content\/uploads\/2023\/08\/Muzeum-Franz-Jozef-logo-696x696-1.png","contentUrl":"https:\/\/www.franz-josef.cz\/wp-content\/uploads\/2023\/08\/Muzeum-Franz-Jozef-logo-696x696-1.png","width":696,"height":696,"caption":"Muzeum Franz Josefa I."},"image":{"@id":"https:\/\/www.franz-josef.cz\/#\/schema\/logo\/image\/"}}]}},"_links":{"self":[{"href":"https:\/\/www.franz-josef.cz\/en\/wp-json\/wp\/v2\/exponaty\/52324","targetHints":{"allow":["GET"]}}],"collection":[{"href":"https:\/\/www.franz-josef.cz\/en\/wp-json\/wp\/v2\/exponaty"}],"about":[{"href":"https:\/\/www.franz-josef.cz\/en\/wp-json\/wp\/v2\/types\/exponaty"}],"author":[{"embeddable":true,"href":"https:\/\/www.franz-josef.cz\/en\/wp-json\/wp\/v2\/users\/5"}],"version-history":[{"count":3,"href":"https:\/\/www.franz-josef.cz\/en\/wp-json\/wp\/v2\/exponaty\/52324\/revisions"}],"predecessor-version":[{"id":52730,"href":"https:\/\/www.franz-josef.cz\/en\/wp-json\/wp\/v2\/exponaty\/52324\/revisions\/52730"}],"wp:featuredmedia":[{"embeddable":true,"href":"https:\/\/www.franz-josef.cz\/en\/wp-json\/wp\/v2\/media\/52326"}],"wp:attachment":[{"href":"https:\/\/www.franz-josef.cz\/en\/wp-json\/wp\/v2\/media?parent=52324"}],"wp:term":[{"taxonomy":"zarazeno-v-expozici","embeddable":true,"href":"https:\/\/www.franz-josef.cz\/en\/wp-json\/wp\/v2\/zarazeno-v-expozici?post=52324"}],"curies":[{"name":"wp","href":"https:\/\/api.w.org\/{rel}","templated":true}]}}