{"id":52329,"date":"2023-08-29T20:25:34","date_gmt":"2023-08-29T18:25:34","guid":{"rendered":"https:\/\/www.franz-josef.cz\/?post_type=exponaty&#038;p=52329"},"modified":"2023-08-29T20:25:34","modified_gmt":"2023-08-29T18:25:34","slug":"jedovnice","status":"publish","type":"exponaty","link":"https:\/\/www.franz-josef.cz\/en\/exponaty\/jedovnice\/","title":{"rendered":"JEDOVNICE"},"content":{"rendered":"<div class=\"abstract\">\n<h1>Emperor FJI .  stop in Jedovnica on his way to maneuvers in Drahan, 14 September 1883<\/h1>\n<\/div>\n<p>&nbsp;<\/p>\n<p>&nbsp;<\/p>\n<div class=\"content\">\n<p>The town of Jedovnice is located 25 km north of Brno in the district of Blansko in the South Moravian Region. The surrounding forests of the nature park form the gateway to the Moravian Karst.<\/p>\n<p>Drawing Mgr. Jitky V\u00e1vrov\u00e1 on the front page of the May\/June 2016 Jedovnick\u00e9 zpravod\u00e1\u0159 depicts the FJI emperor and the Spanish king Alfonso XII in front of a field tent in the background and a memorial stone, which is today located in the corner of the spruce enclosure on the bank of the stream near the Vrbo pond near the dam. The stone is about 75 cm high above the ground, 25 cm wide and 11-13 cm thick. According to D. Varner, it is made of culm offal or dust. On the obverse are the letters KFIE in a frame and below them the year 1879. Between the two lines is also an indistinct additional text \"den24Apr\". So it is dated April 24, 1879. KFIE expresses KAISER FRANZ IOSEPH ERSTE, i.e. Emperor Francis Joseph the First. For the day April 24, 1879, an explanation was found by\u00a0PhDr. Ji\u0159\u00ed Dole\u017eel - on that day, Francis Joseph I and Empress Sisi celebrated their silver wedding, festivities took place throughout the monarchy. So this event is commemorated by a stone\u00a0at Willow Pond!<\/p>\n<p>Around 1994, a stone slab by cottage ceramicist R\u016fzena Pecherov\u00e1 was planted next to the memorial stone. It is 55 cm high and 95 cm wide with a die-cut red colored text:<\/p>\n<p><strong>\"At this place, during the maneuvers of 1883<\/strong><\/p>\n<p><strong>found the field tent of the emperor Fr.<\/strong><\/p>\n<p><strong>and his guest King Alfonso of Spain.'<\/strong><\/p>\n<p>The story of the \"Jedovnice commemorative stone\" is described in much more detail in the Jedovnice newsletter May-June 2016<\/p>\n<p>http:\/\/www.jedovnice.cz\/sites\/jedovnice\/files\/soubory\/dokumenty\/jedovnicky-zpravodaj\/zpravodaj-2016-05-06-web.pdf<\/p>\n<p>&nbsp;<\/p>\n<p>&nbsp;<\/p>\n<p><strong><img fetchpriority=\"high\" decoding=\"async\" class=\"alignnone size-full wp-image-52331\" src=\"https:\/\/www.franz-josef.cz\/wp-content\/uploads\/2023\/08\/JED.-2.jpg\" alt=\"\" width=\"750\" height=\"497\" srcset=\"https:\/\/www.franz-josef.cz\/wp-content\/uploads\/2023\/08\/JED.-2.jpg 750w, https:\/\/www.franz-josef.cz\/wp-content\/uploads\/2023\/08\/JED.-2-300x199.jpg 300w\" sizes=\"(max-width: 750px) 100vw, 750px\" \/> <img decoding=\"async\" class=\"alignnone size-full wp-image-52332 lazyload\" data-src=\"https:\/\/www.franz-josef.cz\/wp-content\/uploads\/2023\/08\/JED.-3.jpg\" alt=\"\" width=\"520\" height=\"600\" data-srcset=\"https:\/\/www.franz-josef.cz\/wp-content\/uploads\/2023\/08\/JED.-3.jpg 520w, https:\/\/www.franz-josef.cz\/wp-content\/uploads\/2023\/08\/JED.-3-260x300.jpg 260w\" data-sizes=\"(max-width: 520px) 100vw, 520px\" src=\"data:image\/gif;base64,R0lGODlhAQABAAAAACH5BAEKAAEALAAAAAABAAEAAAICTAEAOw==\" style=\"--smush-placeholder-width: 520px; --smush-placeholder-aspect-ratio: 520\/600;\" \/><noscript><img decoding=\"async\" class=\"alignnone size-full wp-image-52332\" src=\"https:\/\/www.franz-josef.cz\/wp-content\/uploads\/2023\/08\/JED.-3.jpg\" alt=\"\" width=\"520\" height=\"600\" srcset=\"https:\/\/www.franz-josef.cz\/wp-content\/uploads\/2023\/08\/JED.-3.jpg 520w, https:\/\/www.franz-josef.cz\/wp-content\/uploads\/2023\/08\/JED.-3-260x300.jpg 260w\" sizes=\"(max-width: 520px) 100vw, 520px\" \/><\/noscript> <img decoding=\"async\" class=\"alignnone size-full wp-image-52333 lazyload\" data-src=\"https:\/\/www.franz-josef.cz\/wp-content\/uploads\/2023\/08\/JED.1.jpg\" alt=\"\" width=\"750\" height=\"497\" data-srcset=\"https:\/\/www.franz-josef.cz\/wp-content\/uploads\/2023\/08\/JED.1.jpg 750w, https:\/\/www.franz-josef.cz\/wp-content\/uploads\/2023\/08\/JED.1-300x199.jpg 300w\" data-sizes=\"(max-width: 750px) 100vw, 750px\" src=\"data:image\/gif;base64,R0lGODlhAQABAAAAACH5BAEKAAEALAAAAAABAAEAAAICTAEAOw==\" style=\"--smush-placeholder-width: 750px; --smush-placeholder-aspect-ratio: 750\/497;\" \/><noscript><img decoding=\"async\" class=\"alignnone size-full wp-image-52333\" src=\"https:\/\/www.franz-josef.cz\/wp-content\/uploads\/2023\/08\/JED.1.jpg\" alt=\"\" width=\"750\" height=\"497\" srcset=\"https:\/\/www.franz-josef.cz\/wp-content\/uploads\/2023\/08\/JED.1.jpg 750w, https:\/\/www.franz-josef.cz\/wp-content\/uploads\/2023\/08\/JED.1-300x199.jpg 300w\" sizes=\"(max-width: 750px) 100vw, 750px\" \/><\/noscript><\/strong><\/p>\n<p>&nbsp;<\/p>\n<p>&nbsp;<\/p>\n<\/div>","protected":false},"author":5,"featured_media":52331,"template":"","zarazeno-v-expozici":[252],"class_list":["post-52329","exponaty","type-exponaty","status-publish","has-post-thumbnail","hentry","zarazeno-v-expozici-sochy-a-pomniky-badatelska-cinnost-jiriho-danka"],"yoast_head":"<!-- This site is optimized with the Yoast SEO Premium plugin v20.12 (Yoast SEO v27.2) - https:\/\/yoast.com\/product\/yoast-seo-premium-wordpress\/ -->\n<title>JEDOVNICE &#8212; Muzeum c\u00edsa\u0159e Franz Josefa I.<\/title>\n<meta name=\"robots\" content=\"index, follow, max-snippet:-1, max-image-preview:large, max-video-preview:-1\" \/>\n<link rel=\"canonical\" href=\"https:\/\/www.franz-josef.cz\/en\/exponaty\/jedovnice\/\" \/>\n<meta property=\"og:locale\" content=\"en_GB\" \/>\n<meta property=\"og:type\" content=\"article\" \/>\n<meta property=\"og:title\" content=\"JEDOVNICE\" \/>\n<meta property=\"og:description\" content=\"Zast\u00e1vka c\u00edsa\u0159e FJI v Jedovnici p\u0159i cest\u011b na man\u00e9vry do Drahan 14. z\u00e1\u0159\u00ed 1883 &nbsp; &nbsp; M\u011bstys Jedovnice se nach\u00e1z\u00ed 25 km severn\u011b od Brna v okrese Blansko v Jihomoravsk\u00e9m kraji.\u00a0Okoln\u00ed lesy p\u0159\u00edrodn\u00edho parku tvo\u0159\u00ed vstupn\u00ed br\u00e1nu do Moravsk\u00e9ho krasu. Kresba Mgr. Jitky V\u00e1vrov\u00e9 na tituln\u00ed stran\u011b Jedovnick\u00e9ho zpravodaje kv\u011bten\/\u010derven 2016 zachycuje c\u00edsa\u0159e FJI a [&hellip;]\" \/>\n<meta property=\"og:url\" content=\"https:\/\/www.franz-josef.cz\/en\/exponaty\/jedovnice\/\" \/>\n<meta property=\"og:site_name\" content=\"Muzeum c\u00edsa\u0159e Franz Josefa I.\" \/>\n<meta property=\"og:image\" content=\"https:\/\/www.franz-josef.cz\/wp-content\/uploads\/2023\/08\/JED.-2.jpg\" \/>\n\t<meta property=\"og:image:width\" content=\"750\" \/>\n\t<meta property=\"og:image:height\" content=\"497\" \/>\n\t<meta property=\"og:image:type\" content=\"image\/jpeg\" \/>\n<meta name=\"twitter:card\" content=\"summary_large_image\" \/>\n<meta name=\"twitter:label1\" content=\"Estimated reading time\" \/>\n\t<meta name=\"twitter:data1\" content=\"2 minutes\" \/>\n<script type=\"application\/ld+json\" class=\"yoast-schema-graph\">{\"@context\":\"https:\/\/schema.org\",\"@graph\":[{\"@type\":\"WebPage\",\"@id\":\"https:\/\/www.franz-josef.cz\/exponaty\/jedovnice\/\",\"url\":\"https:\/\/www.franz-josef.cz\/exponaty\/jedovnice\/\",\"name\":\"JEDOVNICE &#8212; Muzeum c\u00edsa\u0159e Franz Josefa I.\",\"isPartOf\":{\"@id\":\"https:\/\/www.franz-josef.cz\/#website\"},\"primaryImageOfPage\":{\"@id\":\"https:\/\/www.franz-josef.cz\/exponaty\/jedovnice\/#primaryimage\"},\"image\":{\"@id\":\"https:\/\/www.franz-josef.cz\/exponaty\/jedovnice\/#primaryimage\"},\"thumbnailUrl\":\"https:\/\/www.franz-josef.cz\/wp-content\/uploads\/2023\/08\/JED.-2.jpg\",\"datePublished\":\"2023-08-29T18:25:34+00:00\",\"breadcrumb\":{\"@id\":\"https:\/\/www.franz-josef.cz\/exponaty\/jedovnice\/#breadcrumb\"},\"inLanguage\":\"en-GB\",\"potentialAction\":[{\"@type\":\"ReadAction\",\"target\":[\"https:\/\/www.franz-josef.cz\/exponaty\/jedovnice\/\"]}]},{\"@type\":\"ImageObject\",\"inLanguage\":\"en-GB\",\"@id\":\"https:\/\/www.franz-josef.cz\/exponaty\/jedovnice\/#primaryimage\",\"url\":\"https:\/\/www.franz-josef.cz\/wp-content\/uploads\/2023\/08\/JED.-2.jpg\",\"contentUrl\":\"https:\/\/www.franz-josef.cz\/wp-content\/uploads\/2023\/08\/JED.-2.jpg\",\"width\":750,\"height\":497},{\"@type\":\"BreadcrumbList\",\"@id\":\"https:\/\/www.franz-josef.cz\/exponaty\/jedovnice\/#breadcrumb\",\"itemListElement\":[{\"@type\":\"ListItem\",\"position\":1,\"name\":\"Home\",\"item\":\"https:\/\/www.franz-josef.cz\/\"},{\"@type\":\"ListItem\",\"position\":2,\"name\":\"Expon\u00e1ty\",\"item\":\"https:\/\/www.franz-josef.cz\/exponaty\/\"},{\"@type\":\"ListItem\",\"position\":3,\"name\":\"JEDOVNICE\"}]},{\"@type\":\"WebSite\",\"@id\":\"https:\/\/www.franz-josef.cz\/#website\",\"url\":\"https:\/\/www.franz-josef.cz\/\",\"name\":\"Muzeum c\u00edsa\u0159e Franz Josefa I.\",\"description\":\"\",\"publisher\":{\"@id\":\"https:\/\/www.franz-josef.cz\/#organization\"},\"alternateName\":\"Franz Joseph\",\"potentialAction\":[{\"@type\":\"SearchAction\",\"target\":{\"@type\":\"EntryPoint\",\"urlTemplate\":\"https:\/\/www.franz-josef.cz\/?s={search_term_string}\"},\"query-input\":{\"@type\":\"PropertyValueSpecification\",\"valueRequired\":true,\"valueName\":\"search_term_string\"}}],\"inLanguage\":\"en-GB\"},{\"@type\":\"Organization\",\"@id\":\"https:\/\/www.franz-josef.cz\/#organization\",\"name\":\"Muzeum Franz Josefa I.\",\"alternateName\":\"Franz Jozef\",\"url\":\"https:\/\/www.franz-josef.cz\/\",\"logo\":{\"@type\":\"ImageObject\",\"inLanguage\":\"en-GB\",\"@id\":\"https:\/\/www.franz-josef.cz\/#\/schema\/logo\/image\/\",\"url\":\"https:\/\/www.franz-josef.cz\/wp-content\/uploads\/2023\/08\/Muzeum-Franz-Jozef-logo-696x696-1.png\",\"contentUrl\":\"https:\/\/www.franz-josef.cz\/wp-content\/uploads\/2023\/08\/Muzeum-Franz-Jozef-logo-696x696-1.png\",\"width\":696,\"height\":696,\"caption\":\"Muzeum Franz Josefa I.\"},\"image\":{\"@id\":\"https:\/\/www.franz-josef.cz\/#\/schema\/logo\/image\/\"}}]}<\/script>\n<!-- \/ Yoast SEO Premium plugin. -->","yoast_head_json":{"title":"JEDOVNICE &#8212; Muzeum c\u00edsa\u0159e Franz Josefa I.","robots":{"index":"index","follow":"follow","max-snippet":"max-snippet:-1","max-image-preview":"max-image-preview:large","max-video-preview":"max-video-preview:-1"},"canonical":"https:\/\/www.franz-josef.cz\/en\/exponaty\/jedovnice\/","og_locale":"en_GB","og_type":"article","og_title":"JEDOVNICE","og_description":"Zast\u00e1vka c\u00edsa\u0159e FJI v Jedovnici p\u0159i cest\u011b na man\u00e9vry do Drahan 14. z\u00e1\u0159\u00ed 1883 &nbsp; &nbsp; M\u011bstys Jedovnice se nach\u00e1z\u00ed 25 km severn\u011b od Brna v okrese Blansko v Jihomoravsk\u00e9m kraji.\u00a0Okoln\u00ed lesy p\u0159\u00edrodn\u00edho parku tvo\u0159\u00ed vstupn\u00ed br\u00e1nu do Moravsk\u00e9ho krasu. Kresba Mgr. Jitky V\u00e1vrov\u00e9 na tituln\u00ed stran\u011b Jedovnick\u00e9ho zpravodaje kv\u011bten\/\u010derven 2016 zachycuje c\u00edsa\u0159e FJI a [&hellip;]","og_url":"https:\/\/www.franz-josef.cz\/en\/exponaty\/jedovnice\/","og_site_name":"Muzeum c\u00edsa\u0159e Franz Josefa I.","og_image":[{"width":750,"height":497,"url":"https:\/\/www.franz-josef.cz\/wp-content\/uploads\/2023\/08\/JED.-2.jpg","type":"image\/jpeg"}],"twitter_card":"summary_large_image","twitter_misc":{"Estimated reading time":"2 minutes"},"schema":{"@context":"https:\/\/schema.org","@graph":[{"@type":"WebPage","@id":"https:\/\/www.franz-josef.cz\/exponaty\/jedovnice\/","url":"https:\/\/www.franz-josef.cz\/exponaty\/jedovnice\/","name":"JEDOVNICE &#8212; Muzeum c\u00edsa\u0159e Franz Josefa I.","isPartOf":{"@id":"https:\/\/www.franz-josef.cz\/#website"},"primaryImageOfPage":{"@id":"https:\/\/www.franz-josef.cz\/exponaty\/jedovnice\/#primaryimage"},"image":{"@id":"https:\/\/www.franz-josef.cz\/exponaty\/jedovnice\/#primaryimage"},"thumbnailUrl":"https:\/\/www.franz-josef.cz\/wp-content\/uploads\/2023\/08\/JED.-2.jpg","datePublished":"2023-08-29T18:25:34+00:00","breadcrumb":{"@id":"https:\/\/www.franz-josef.cz\/exponaty\/jedovnice\/#breadcrumb"},"inLanguage":"en-GB","potentialAction":[{"@type":"ReadAction","target":["https:\/\/www.franz-josef.cz\/exponaty\/jedovnice\/"]}]},{"@type":"ImageObject","inLanguage":"en-GB","@id":"https:\/\/www.franz-josef.cz\/exponaty\/jedovnice\/#primaryimage","url":"https:\/\/www.franz-josef.cz\/wp-content\/uploads\/2023\/08\/JED.-2.jpg","contentUrl":"https:\/\/www.franz-josef.cz\/wp-content\/uploads\/2023\/08\/JED.-2.jpg","width":750,"height":497},{"@type":"BreadcrumbList","@id":"https:\/\/www.franz-josef.cz\/exponaty\/jedovnice\/#breadcrumb","itemListElement":[{"@type":"ListItem","position":1,"name":"Home","item":"https:\/\/www.franz-josef.cz\/"},{"@type":"ListItem","position":2,"name":"Expon\u00e1ty","item":"https:\/\/www.franz-josef.cz\/exponaty\/"},{"@type":"ListItem","position":3,"name":"JEDOVNICE"}]},{"@type":"WebSite","@id":"https:\/\/www.franz-josef.cz\/#website","url":"https:\/\/www.franz-josef.cz\/","name":"Muzeum c\u00edsa\u0159e Franz Josefa I.","description":"","publisher":{"@id":"https:\/\/www.franz-josef.cz\/#organization"},"alternateName":"Franz Joseph","potentialAction":[{"@type":"SearchAction","target":{"@type":"EntryPoint","urlTemplate":"https:\/\/www.franz-josef.cz\/?s={search_term_string}"},"query-input":{"@type":"PropertyValueSpecification","valueRequired":true,"valueName":"search_term_string"}}],"inLanguage":"en-GB"},{"@type":"Organization","@id":"https:\/\/www.franz-josef.cz\/#organization","name":"Muzeum Franz Josefa I.","alternateName":"Franz Jozef","url":"https:\/\/www.franz-josef.cz\/","logo":{"@type":"ImageObject","inLanguage":"en-GB","@id":"https:\/\/www.franz-josef.cz\/#\/schema\/logo\/image\/","url":"https:\/\/www.franz-josef.cz\/wp-content\/uploads\/2023\/08\/Muzeum-Franz-Jozef-logo-696x696-1.png","contentUrl":"https:\/\/www.franz-josef.cz\/wp-content\/uploads\/2023\/08\/Muzeum-Franz-Jozef-logo-696x696-1.png","width":696,"height":696,"caption":"Muzeum Franz Josefa I."},"image":{"@id":"https:\/\/www.franz-josef.cz\/#\/schema\/logo\/image\/"}}]}},"_links":{"self":[{"href":"https:\/\/www.franz-josef.cz\/en\/wp-json\/wp\/v2\/exponaty\/52329","targetHints":{"allow":["GET"]}}],"collection":[{"href":"https:\/\/www.franz-josef.cz\/en\/wp-json\/wp\/v2\/exponaty"}],"about":[{"href":"https:\/\/www.franz-josef.cz\/en\/wp-json\/wp\/v2\/types\/exponaty"}],"author":[{"embeddable":true,"href":"https:\/\/www.franz-josef.cz\/en\/wp-json\/wp\/v2\/users\/5"}],"version-history":[{"count":2,"href":"https:\/\/www.franz-josef.cz\/en\/wp-json\/wp\/v2\/exponaty\/52329\/revisions"}],"predecessor-version":[{"id":52731,"href":"https:\/\/www.franz-josef.cz\/en\/wp-json\/wp\/v2\/exponaty\/52329\/revisions\/52731"}],"wp:featuredmedia":[{"embeddable":true,"href":"https:\/\/www.franz-josef.cz\/en\/wp-json\/wp\/v2\/media\/52331"}],"wp:attachment":[{"href":"https:\/\/www.franz-josef.cz\/en\/wp-json\/wp\/v2\/media?parent=52329"}],"wp:term":[{"taxonomy":"zarazeno-v-expozici","embeddable":true,"href":"https:\/\/www.franz-josef.cz\/en\/wp-json\/wp\/v2\/zarazeno-v-expozici?post=52329"}],"curies":[{"name":"wp","href":"https:\/\/api.w.org\/{rel}","templated":true}]}}