{"id":52446,"date":"2023-08-31T19:56:25","date_gmt":"2023-08-31T17:56:25","guid":{"rendered":"https:\/\/www.franz-josef.cz\/?post_type=exponaty&#038;p=52446"},"modified":"2024-02-08T16:04:57","modified_gmt":"2024-02-08T15:04:57","slug":"kralovstvi-u-sluknova","status":"publish","type":"exponaty","link":"https:\/\/www.franz-josef.cz\/en\/exponaty\/kralovstvi-u-sluknova\/","title":{"rendered":"KR\u00c1LOVSTV\u00cd U \u0160LUKNOVA"},"content":{"rendered":"<div class=\"abstract\">\n<h1>Ceremonial unveiling of the memorial plaque of Emperor FJI.<\/h1>\n<\/div>\n<div class=\"content\">\n<p>On Saturday, October 8, 2016, a ceremonial unveiling of the monument to Emperor Francis Joseph I took place in front of the church of St. Lawrence in Kr\u00e1lovstvo u \u0160luknov. The monument is a huge boulder on which is placed the original memorial plaque of Emperor FJI from 1908 and a relief of the emperor.<\/p>\n<p>What preceded it?<\/p>\n<p>In the Kingdom, in 1908, to celebrate the jubilee of the 60th year of the emperor's reign, a commemorative plaque made of black \u0160luknov syenite was placed on the general school building with the text:<\/p>\n<p>Unserem glorreichen<br \/>\nHerrscher Kaiser Franz Josef I. zu<br \/>\nseinem 60 j\u00e4hrigen Regierungs-<br \/>\n-Jubil\u00e4um 1848-1908 in Ehrfurcht<br \/>\nund Dankbarkeit gewidmet. Die Gemeinde.<\/p>\n<p>(To our glorious Emperor<br \/>\nFrancis Joseph I on his 60th birthday<br \/>\ndedicated to the government jubilee 1848-1908<br \/>\nin respect and gratitude.<\/p>\n<p>The plaque was made by the well-known \u0160luknov stone company W. Sp\u00f6lgen, which produced monuments to the Great War for almost the entire promontory. After the establishment of the independent republic, the plaque was removed from the school (its original location can still be seen on the facade) and safely packed and stored among the junk on the school grounds. During the sale of the school in the early 1990s, the plaque was discovered by Mrs. Semer\u00e1dov\u00e1 while cleaning the floor and stored in the basement of Mr. Walter Ko\u0148\u00e1k's store, where it waited for more than 20 years until its time came. This happened with the founding of the Association of War Veterans and their meritorious activity throughout the \u0160luknov Promontory, finding a suitable place for placement and also obtaining a suitable stone. We find a number of paradoxes in the borderland, and the actual implementation of the construction of the monument accompanied them all the time. So, above all, in the place where the restored monument stands, there was a foundation of a monument with a bust of our first president T. G. Masaryk, which was removed after 1948 and, unfortunately, was not lucky enough to be preserved for the Kingdom. The second interesting feature is a stone that, including transport, was donated to the village by a local businessman and donor, Mr. Petr Houdek. The stone originating from the Ro\u017eansk\u00fd quarry became famous in the media after its location in the Silver Gorge near \u0160luknov and appeared in a number of television shots and photographs during the Czech Republic and European truck trial championships, where it was touched by the bikes of most of the participants. After being transported and placed on a stone plinth, it was cleaned and modified to accommodate the original FJI commemorative plaque.\n\u200b\nOdeslat zp\u011btnou vazbu\nPostrann\u00ed panely\nHistorie\nUlo\u017eeno\nP\u0159isp\u011bt<\/p>\n<p>Thanks to the initiative of Messrs. Va\u0161\u00ed\u010dek, Ko\u0148\u00e1k, Domal\u00edpa and others, a new monument was created in the Kingdom, which in the years to come will commemorate the monarch, who eventually spent an incredible 68 years in office!\n\u200b<\/p>\n<p>Source: \u0160luknovsk\u00e9 noviny November 2016, p. 17. The author of the article is Mr. Ji\u0159\u00ed Sucharda<\/p>\n<\/div>\n<p>&nbsp;<\/p>\n<p><img fetchpriority=\"high\" decoding=\"async\" class=\"alignnone size-full wp-image-52448\" src=\"https:\/\/www.franz-josef.cz\/wp-content\/uploads\/2023\/08\/KRALOV.-U-SLUKN.-1.jpg\" alt=\"\" width=\"429\" height=\"600\" srcset=\"https:\/\/www.franz-josef.cz\/wp-content\/uploads\/2023\/08\/KRALOV.-U-SLUKN.-1.jpg 429w, https:\/\/www.franz-josef.cz\/wp-content\/uploads\/2023\/08\/KRALOV.-U-SLUKN.-1-215x300.jpg 215w\" sizes=\"(max-width: 429px) 100vw, 429px\" \/> <img decoding=\"async\" class=\"alignnone size-full wp-image-52449 lazyload\" data-src=\"https:\/\/www.franz-josef.cz\/wp-content\/uploads\/2023\/08\/KRALOV.-U-SLUKN.-2.jpg\" alt=\"\" width=\"587\" height=\"600\" data-srcset=\"https:\/\/www.franz-josef.cz\/wp-content\/uploads\/2023\/08\/KRALOV.-U-SLUKN.-2.jpg 587w, https:\/\/www.franz-josef.cz\/wp-content\/uploads\/2023\/08\/KRALOV.-U-SLUKN.-2-294x300.jpg 294w\" data-sizes=\"(max-width: 587px) 100vw, 587px\" src=\"data:image\/gif;base64,R0lGODlhAQABAAAAACH5BAEKAAEALAAAAAABAAEAAAICTAEAOw==\" style=\"--smush-placeholder-width: 587px; --smush-placeholder-aspect-ratio: 587\/600;\" \/><noscript><img decoding=\"async\" class=\"alignnone size-full wp-image-52449\" src=\"https:\/\/www.franz-josef.cz\/wp-content\/uploads\/2023\/08\/KRALOV.-U-SLUKN.-2.jpg\" alt=\"\" width=\"587\" height=\"600\" srcset=\"https:\/\/www.franz-josef.cz\/wp-content\/uploads\/2023\/08\/KRALOV.-U-SLUKN.-2.jpg 587w, https:\/\/www.franz-josef.cz\/wp-content\/uploads\/2023\/08\/KRALOV.-U-SLUKN.-2-294x300.jpg 294w\" sizes=\"(max-width: 587px) 100vw, 587px\" \/><\/noscript> <img decoding=\"async\" class=\"alignnone size-full wp-image-52450 lazyload\" data-src=\"https:\/\/www.franz-josef.cz\/wp-content\/uploads\/2023\/08\/KRALOV.-U-SLUKN.-3.jpg\" alt=\"\" width=\"750\" height=\"431\" data-srcset=\"https:\/\/www.franz-josef.cz\/wp-content\/uploads\/2023\/08\/KRALOV.-U-SLUKN.-3.jpg 750w, https:\/\/www.franz-josef.cz\/wp-content\/uploads\/2023\/08\/KRALOV.-U-SLUKN.-3-300x172.jpg 300w\" data-sizes=\"(max-width: 750px) 100vw, 750px\" src=\"data:image\/gif;base64,R0lGODlhAQABAAAAACH5BAEKAAEALAAAAAABAAEAAAICTAEAOw==\" style=\"--smush-placeholder-width: 750px; --smush-placeholder-aspect-ratio: 750\/431;\" \/><noscript><img decoding=\"async\" class=\"alignnone size-full wp-image-52450\" src=\"https:\/\/www.franz-josef.cz\/wp-content\/uploads\/2023\/08\/KRALOV.-U-SLUKN.-3.jpg\" alt=\"\" width=\"750\" height=\"431\" srcset=\"https:\/\/www.franz-josef.cz\/wp-content\/uploads\/2023\/08\/KRALOV.-U-SLUKN.-3.jpg 750w, https:\/\/www.franz-josef.cz\/wp-content\/uploads\/2023\/08\/KRALOV.-U-SLUKN.-3-300x172.jpg 300w\" sizes=\"(max-width: 750px) 100vw, 750px\" \/><\/noscript><\/p>","protected":false},"author":5,"featured_media":52448,"template":"","zarazeno-v-expozici":[252],"class_list":["post-52446","exponaty","type-exponaty","status-publish","has-post-thumbnail","hentry","zarazeno-v-expozici-sochy-a-pomniky-badatelska-cinnost-jiriho-danka"],"yoast_head":"<!-- This site is optimized with the Yoast SEO Premium plugin v20.12 (Yoast SEO v27.2) - https:\/\/yoast.com\/product\/yoast-seo-premium-wordpress\/ -->\n<title>KR\u00c1LOVSTV\u00cd U \u0160LUKNOVA &#8212; Muzeum c\u00edsa\u0159e Franz Josefa I.<\/title>\n<meta name=\"robots\" content=\"index, follow, max-snippet:-1, max-image-preview:large, max-video-preview:-1\" \/>\n<link rel=\"canonical\" href=\"https:\/\/www.franz-josef.cz\/en\/exponaty\/kralovstvi-u-sluknova\/\" \/>\n<meta property=\"og:locale\" content=\"en_GB\" \/>\n<meta property=\"og:type\" content=\"article\" \/>\n<meta property=\"og:title\" content=\"KR\u00c1LOVSTV\u00cd U \u0160LUKNOVA\" \/>\n<meta property=\"og:description\" content=\"Slavnostn\u00ed odhalen\u00ed pam\u011btn\u00ed desky c\u00edsa\u0159e FJI. V sobotu 8. \u0159\u00edjna 2016 prob\u011bhlo\u00a0p\u0159ed kostelem svat\u00e9ho Vav\u0159ince v Kr\u00e1lovstv\u00ed u \u0160luknova slavnostn\u00ed odhalen\u00ed pam\u00e1tn\u00edku c\u00edsa\u0159e Franti\u0161ka Josefa I. Pam\u00e1tn\u00edk p\u0159edstavuje obrovsk\u00fd balvan na kter\u00e9m je um\u00edst\u011bna p\u016fvodn\u00ed pam\u011btn\u00ed deska c\u00edsa\u0159e FJI z roku 1908 a reli\u00e9f c\u00edsa\u0159e. Co tomu p\u0159edch\u00e1zelo? V Kr\u00e1lovstv\u00ed byla v roce 1908 na [&hellip;]\" \/>\n<meta property=\"og:url\" content=\"https:\/\/www.franz-josef.cz\/en\/exponaty\/kralovstvi-u-sluknova\/\" \/>\n<meta property=\"og:site_name\" content=\"Muzeum c\u00edsa\u0159e Franz Josefa I.\" \/>\n<meta property=\"article:modified_time\" content=\"2024-02-08T15:04:57+00:00\" \/>\n<meta property=\"og:image\" content=\"https:\/\/www.franz-josef.cz\/wp-content\/uploads\/2023\/08\/KRALOV.-U-SLUKN.-1.jpg\" \/>\n\t<meta property=\"og:image:width\" content=\"429\" \/>\n\t<meta property=\"og:image:height\" content=\"600\" \/>\n\t<meta property=\"og:image:type\" content=\"image\/jpeg\" \/>\n<meta name=\"twitter:card\" content=\"summary_large_image\" \/>\n<meta name=\"twitter:label1\" content=\"Estimated reading time\" \/>\n\t<meta name=\"twitter:data1\" content=\"3 minutes\" \/>\n<script type=\"application\/ld+json\" class=\"yoast-schema-graph\">{\"@context\":\"https:\/\/schema.org\",\"@graph\":[{\"@type\":\"WebPage\",\"@id\":\"https:\/\/www.franz-josef.cz\/exponaty\/kralovstvi-u-sluknova\/\",\"url\":\"https:\/\/www.franz-josef.cz\/exponaty\/kralovstvi-u-sluknova\/\",\"name\":\"KR\u00c1LOVSTV\u00cd U \u0160LUKNOVA &#8212; Muzeum c\u00edsa\u0159e Franz Josefa I.\",\"isPartOf\":{\"@id\":\"https:\/\/www.franz-josef.cz\/#website\"},\"primaryImageOfPage\":{\"@id\":\"https:\/\/www.franz-josef.cz\/exponaty\/kralovstvi-u-sluknova\/#primaryimage\"},\"image\":{\"@id\":\"https:\/\/www.franz-josef.cz\/exponaty\/kralovstvi-u-sluknova\/#primaryimage\"},\"thumbnailUrl\":\"https:\/\/www.franz-josef.cz\/wp-content\/uploads\/2023\/08\/KRALOV.-U-SLUKN.-1.jpg\",\"datePublished\":\"2023-08-31T17:56:25+00:00\",\"dateModified\":\"2024-02-08T15:04:57+00:00\",\"breadcrumb\":{\"@id\":\"https:\/\/www.franz-josef.cz\/exponaty\/kralovstvi-u-sluknova\/#breadcrumb\"},\"inLanguage\":\"en-GB\",\"potentialAction\":[{\"@type\":\"ReadAction\",\"target\":[\"https:\/\/www.franz-josef.cz\/exponaty\/kralovstvi-u-sluknova\/\"]}]},{\"@type\":\"ImageObject\",\"inLanguage\":\"en-GB\",\"@id\":\"https:\/\/www.franz-josef.cz\/exponaty\/kralovstvi-u-sluknova\/#primaryimage\",\"url\":\"https:\/\/www.franz-josef.cz\/wp-content\/uploads\/2023\/08\/KRALOV.-U-SLUKN.-1.jpg\",\"contentUrl\":\"https:\/\/www.franz-josef.cz\/wp-content\/uploads\/2023\/08\/KRALOV.-U-SLUKN.-1.jpg\",\"width\":429,\"height\":600},{\"@type\":\"BreadcrumbList\",\"@id\":\"https:\/\/www.franz-josef.cz\/exponaty\/kralovstvi-u-sluknova\/#breadcrumb\",\"itemListElement\":[{\"@type\":\"ListItem\",\"position\":1,\"name\":\"Home\",\"item\":\"https:\/\/www.franz-josef.cz\/\"},{\"@type\":\"ListItem\",\"position\":2,\"name\":\"Expon\u00e1ty\",\"item\":\"https:\/\/www.franz-josef.cz\/exponaty\/\"},{\"@type\":\"ListItem\",\"position\":3,\"name\":\"KR\u00c1LOVSTV\u00cd U \u0160LUKNOVA\"}]},{\"@type\":\"WebSite\",\"@id\":\"https:\/\/www.franz-josef.cz\/#website\",\"url\":\"https:\/\/www.franz-josef.cz\/\",\"name\":\"Muzeum c\u00edsa\u0159e Franz Josefa I.\",\"description\":\"\",\"publisher\":{\"@id\":\"https:\/\/www.franz-josef.cz\/#organization\"},\"alternateName\":\"Franz Joseph\",\"potentialAction\":[{\"@type\":\"SearchAction\",\"target\":{\"@type\":\"EntryPoint\",\"urlTemplate\":\"https:\/\/www.franz-josef.cz\/?s={search_term_string}\"},\"query-input\":{\"@type\":\"PropertyValueSpecification\",\"valueRequired\":true,\"valueName\":\"search_term_string\"}}],\"inLanguage\":\"en-GB\"},{\"@type\":\"Organization\",\"@id\":\"https:\/\/www.franz-josef.cz\/#organization\",\"name\":\"Muzeum Franz Josefa I.\",\"alternateName\":\"Franz Jozef\",\"url\":\"https:\/\/www.franz-josef.cz\/\",\"logo\":{\"@type\":\"ImageObject\",\"inLanguage\":\"en-GB\",\"@id\":\"https:\/\/www.franz-josef.cz\/#\/schema\/logo\/image\/\",\"url\":\"https:\/\/www.franz-josef.cz\/wp-content\/uploads\/2023\/08\/Muzeum-Franz-Jozef-logo-696x696-1.png\",\"contentUrl\":\"https:\/\/www.franz-josef.cz\/wp-content\/uploads\/2023\/08\/Muzeum-Franz-Jozef-logo-696x696-1.png\",\"width\":696,\"height\":696,\"caption\":\"Muzeum Franz Josefa I.\"},\"image\":{\"@id\":\"https:\/\/www.franz-josef.cz\/#\/schema\/logo\/image\/\"}}]}<\/script>\n<!-- \/ Yoast SEO Premium plugin. -->","yoast_head_json":{"title":"KR\u00c1LOVSTV\u00cd U \u0160LUKNOVA &#8212; Muzeum c\u00edsa\u0159e Franz Josefa I.","robots":{"index":"index","follow":"follow","max-snippet":"max-snippet:-1","max-image-preview":"max-image-preview:large","max-video-preview":"max-video-preview:-1"},"canonical":"https:\/\/www.franz-josef.cz\/en\/exponaty\/kralovstvi-u-sluknova\/","og_locale":"en_GB","og_type":"article","og_title":"KR\u00c1LOVSTV\u00cd U \u0160LUKNOVA","og_description":"Slavnostn\u00ed odhalen\u00ed pam\u011btn\u00ed desky c\u00edsa\u0159e FJI. V sobotu 8. \u0159\u00edjna 2016 prob\u011bhlo\u00a0p\u0159ed kostelem svat\u00e9ho Vav\u0159ince v Kr\u00e1lovstv\u00ed u \u0160luknova slavnostn\u00ed odhalen\u00ed pam\u00e1tn\u00edku c\u00edsa\u0159e Franti\u0161ka Josefa I. Pam\u00e1tn\u00edk p\u0159edstavuje obrovsk\u00fd balvan na kter\u00e9m je um\u00edst\u011bna p\u016fvodn\u00ed pam\u011btn\u00ed deska c\u00edsa\u0159e FJI z roku 1908 a reli\u00e9f c\u00edsa\u0159e. Co tomu p\u0159edch\u00e1zelo? V Kr\u00e1lovstv\u00ed byla v roce 1908 na [&hellip;]","og_url":"https:\/\/www.franz-josef.cz\/en\/exponaty\/kralovstvi-u-sluknova\/","og_site_name":"Muzeum c\u00edsa\u0159e Franz Josefa I.","article_modified_time":"2024-02-08T15:04:57+00:00","og_image":[{"width":429,"height":600,"url":"https:\/\/www.franz-josef.cz\/wp-content\/uploads\/2023\/08\/KRALOV.-U-SLUKN.-1.jpg","type":"image\/jpeg"}],"twitter_card":"summary_large_image","twitter_misc":{"Estimated reading time":"3 minutes"},"schema":{"@context":"https:\/\/schema.org","@graph":[{"@type":"WebPage","@id":"https:\/\/www.franz-josef.cz\/exponaty\/kralovstvi-u-sluknova\/","url":"https:\/\/www.franz-josef.cz\/exponaty\/kralovstvi-u-sluknova\/","name":"KR\u00c1LOVSTV\u00cd U \u0160LUKNOVA &#8212; Muzeum c\u00edsa\u0159e Franz Josefa I.","isPartOf":{"@id":"https:\/\/www.franz-josef.cz\/#website"},"primaryImageOfPage":{"@id":"https:\/\/www.franz-josef.cz\/exponaty\/kralovstvi-u-sluknova\/#primaryimage"},"image":{"@id":"https:\/\/www.franz-josef.cz\/exponaty\/kralovstvi-u-sluknova\/#primaryimage"},"thumbnailUrl":"https:\/\/www.franz-josef.cz\/wp-content\/uploads\/2023\/08\/KRALOV.-U-SLUKN.-1.jpg","datePublished":"2023-08-31T17:56:25+00:00","dateModified":"2024-02-08T15:04:57+00:00","breadcrumb":{"@id":"https:\/\/www.franz-josef.cz\/exponaty\/kralovstvi-u-sluknova\/#breadcrumb"},"inLanguage":"en-GB","potentialAction":[{"@type":"ReadAction","target":["https:\/\/www.franz-josef.cz\/exponaty\/kralovstvi-u-sluknova\/"]}]},{"@type":"ImageObject","inLanguage":"en-GB","@id":"https:\/\/www.franz-josef.cz\/exponaty\/kralovstvi-u-sluknova\/#primaryimage","url":"https:\/\/www.franz-josef.cz\/wp-content\/uploads\/2023\/08\/KRALOV.-U-SLUKN.-1.jpg","contentUrl":"https:\/\/www.franz-josef.cz\/wp-content\/uploads\/2023\/08\/KRALOV.-U-SLUKN.-1.jpg","width":429,"height":600},{"@type":"BreadcrumbList","@id":"https:\/\/www.franz-josef.cz\/exponaty\/kralovstvi-u-sluknova\/#breadcrumb","itemListElement":[{"@type":"ListItem","position":1,"name":"Home","item":"https:\/\/www.franz-josef.cz\/"},{"@type":"ListItem","position":2,"name":"Expon\u00e1ty","item":"https:\/\/www.franz-josef.cz\/exponaty\/"},{"@type":"ListItem","position":3,"name":"KR\u00c1LOVSTV\u00cd U \u0160LUKNOVA"}]},{"@type":"WebSite","@id":"https:\/\/www.franz-josef.cz\/#website","url":"https:\/\/www.franz-josef.cz\/","name":"Muzeum c\u00edsa\u0159e Franz Josefa I.","description":"","publisher":{"@id":"https:\/\/www.franz-josef.cz\/#organization"},"alternateName":"Franz Joseph","potentialAction":[{"@type":"SearchAction","target":{"@type":"EntryPoint","urlTemplate":"https:\/\/www.franz-josef.cz\/?s={search_term_string}"},"query-input":{"@type":"PropertyValueSpecification","valueRequired":true,"valueName":"search_term_string"}}],"inLanguage":"en-GB"},{"@type":"Organization","@id":"https:\/\/www.franz-josef.cz\/#organization","name":"Muzeum Franz Josefa I.","alternateName":"Franz Jozef","url":"https:\/\/www.franz-josef.cz\/","logo":{"@type":"ImageObject","inLanguage":"en-GB","@id":"https:\/\/www.franz-josef.cz\/#\/schema\/logo\/image\/","url":"https:\/\/www.franz-josef.cz\/wp-content\/uploads\/2023\/08\/Muzeum-Franz-Jozef-logo-696x696-1.png","contentUrl":"https:\/\/www.franz-josef.cz\/wp-content\/uploads\/2023\/08\/Muzeum-Franz-Jozef-logo-696x696-1.png","width":696,"height":696,"caption":"Muzeum Franz Josefa I."},"image":{"@id":"https:\/\/www.franz-josef.cz\/#\/schema\/logo\/image\/"}}]}},"_links":{"self":[{"href":"https:\/\/www.franz-josef.cz\/en\/wp-json\/wp\/v2\/exponaty\/52446","targetHints":{"allow":["GET"]}}],"collection":[{"href":"https:\/\/www.franz-josef.cz\/en\/wp-json\/wp\/v2\/exponaty"}],"about":[{"href":"https:\/\/www.franz-josef.cz\/en\/wp-json\/wp\/v2\/types\/exponaty"}],"author":[{"embeddable":true,"href":"https:\/\/www.franz-josef.cz\/en\/wp-json\/wp\/v2\/users\/5"}],"version-history":[{"count":1,"href":"https:\/\/www.franz-josef.cz\/en\/wp-json\/wp\/v2\/exponaty\/52446\/revisions"}],"predecessor-version":[{"id":52451,"href":"https:\/\/www.franz-josef.cz\/en\/wp-json\/wp\/v2\/exponaty\/52446\/revisions\/52451"}],"wp:featuredmedia":[{"embeddable":true,"href":"https:\/\/www.franz-josef.cz\/en\/wp-json\/wp\/v2\/media\/52448"}],"wp:attachment":[{"href":"https:\/\/www.franz-josef.cz\/en\/wp-json\/wp\/v2\/media?parent=52446"}],"wp:term":[{"taxonomy":"zarazeno-v-expozici","embeddable":true,"href":"https:\/\/www.franz-josef.cz\/en\/wp-json\/wp\/v2\/zarazeno-v-expozici?post=52446"}],"curies":[{"name":"wp","href":"https:\/\/api.w.org\/{rel}","templated":true}]}}