{"id":52453,"date":"2023-08-31T20:00:32","date_gmt":"2023-08-31T18:00:32","guid":{"rendered":"https:\/\/www.franz-josef.cz\/?post_type=exponaty&#038;p=52453"},"modified":"2024-02-08T16:04:57","modified_gmt":"2024-02-08T15:04:57","slug":"kraslice","status":"publish","type":"exponaty","link":"https:\/\/www.franz-josef.cz\/en\/exponaty\/kraslice\/","title":{"rendered":"KRASLICE"},"content":{"rendered":"<div class=\"abstract\">\n<h1>Obelisk with sphere<\/h1>\n<\/div>\n<div class=\"content\">\n<p>Kraslice is a smaller town located in the Sokolov district, in the western part of the Ore Mountains, at an altitude of 525 m.<\/p>\n<p>\u0160ibeni\u010dn\u00ed vrch is located above Kraslice at an altitude of 659 m.a.s.l. The beautification and maintenance association, which beautified the Municipal Gardens in 1868, also built a park on \u0160ibeni\u010dn\u00ed vrch in 1908. This park was called Jubilee Park of Josef I, nowadays it is called Em\u00edlia's Lookout. Em\u00edlia's viewpoint was named after Josef Meindl's wife Em\u00edlia.<br \/>\nThere is a gazebo on the rock. It used to have a beautiful view of the Kraslice valley. Today, unfortunately, there is practically no view.<br \/>\nThere is still an obelisk with a sphere under the gazebo on the way to Glassberg. It commemorated the 60 years of the reign of Emperor Joseph I. After World War I, the inscription Viribus Unitis (united forces) had to be removed from the monument.<\/p>\n<p>Source: http:\/\/kraslice.infoblog.cz\/clanek\/sibenicni-vrch-38114\/<\/p>\n<\/div>\n<p>&nbsp;<\/p>\n<p><img fetchpriority=\"high\" decoding=\"async\" class=\"alignnone size-full wp-image-52455\" src=\"https:\/\/www.franz-josef.cz\/wp-content\/uploads\/2023\/08\/KRASLICE-1.jpg\" alt=\"\" width=\"750\" height=\"563\" srcset=\"https:\/\/www.franz-josef.cz\/wp-content\/uploads\/2023\/08\/KRASLICE-1.jpg 750w, https:\/\/www.franz-josef.cz\/wp-content\/uploads\/2023\/08\/KRASLICE-1-300x225.jpg 300w\" sizes=\"(max-width: 750px) 100vw, 750px\" \/> <img decoding=\"async\" class=\"alignnone size-full wp-image-52456 lazyload\" data-src=\"https:\/\/www.franz-josef.cz\/wp-content\/uploads\/2023\/08\/KRASLICE-2.jpg\" alt=\"\" width=\"450\" height=\"600\" data-srcset=\"https:\/\/www.franz-josef.cz\/wp-content\/uploads\/2023\/08\/KRASLICE-2.jpg 450w, https:\/\/www.franz-josef.cz\/wp-content\/uploads\/2023\/08\/KRASLICE-2-225x300.jpg 225w\" data-sizes=\"(max-width: 450px) 100vw, 450px\" src=\"data:image\/gif;base64,R0lGODlhAQABAAAAACH5BAEKAAEALAAAAAABAAEAAAICTAEAOw==\" style=\"--smush-placeholder-width: 450px; --smush-placeholder-aspect-ratio: 450\/600;\" \/><noscript><img decoding=\"async\" class=\"alignnone size-full wp-image-52456\" src=\"https:\/\/www.franz-josef.cz\/wp-content\/uploads\/2023\/08\/KRASLICE-2.jpg\" alt=\"\" width=\"450\" height=\"600\" srcset=\"https:\/\/www.franz-josef.cz\/wp-content\/uploads\/2023\/08\/KRASLICE-2.jpg 450w, https:\/\/www.franz-josef.cz\/wp-content\/uploads\/2023\/08\/KRASLICE-2-225x300.jpg 225w\" sizes=\"(max-width: 450px) 100vw, 450px\" \/><\/noscript><\/p>","protected":false},"author":5,"featured_media":52455,"template":"","zarazeno-v-expozici":[252],"class_list":["post-52453","exponaty","type-exponaty","status-publish","has-post-thumbnail","hentry","zarazeno-v-expozici-sochy-a-pomniky-badatelska-cinnost-jiriho-danka"],"yoast_head":"<!-- This site is optimized with the Yoast SEO Premium plugin v20.12 (Yoast SEO v27.2) - https:\/\/yoast.com\/product\/yoast-seo-premium-wordpress\/ -->\n<title>KRASLICE &#8212; Muzeum c\u00edsa\u0159e Franz Josefa I.<\/title>\n<meta name=\"robots\" content=\"index, follow, max-snippet:-1, max-image-preview:large, max-video-preview:-1\" \/>\n<link rel=\"canonical\" href=\"https:\/\/www.franz-josef.cz\/en\/exponaty\/kraslice\/\" \/>\n<meta property=\"og:locale\" content=\"en_GB\" \/>\n<meta property=\"og:type\" content=\"article\" \/>\n<meta property=\"og:title\" content=\"KRASLICE\" \/>\n<meta property=\"og:description\" content=\"Obelisk s koul\u00ed Kraslice je men\u0161\u00ed m\u011bsto le\u017e\u00edc\u00ed v okrese Sokolov, v z\u00e1padn\u00ed \u010d\u00e1sti Kru\u0161n\u00fdch hor, v nadmo\u0159sk\u00e9 v\u00fd\u0161ce 525 m. \u0160ibeni\u010dn\u00ed vrch se nach\u00e1z\u00ed nad Kraslicemi v nadmo\u0159sk\u00e9 v\u00fd\u0161ce 659 m.n.m. Okra\u0161lovac\u00ed a pe\u010dovatelsk\u00fd spolek, kter\u00fd v roce 1868 zkr\u00e1\u0161loval M\u011bstsk\u00e9 sady, tak\u00e9 vybudoval v roce 1908 park na \u0160ibeni\u010dn\u00edm vrchu. Tento park nesl [&hellip;]\" \/>\n<meta property=\"og:url\" content=\"https:\/\/www.franz-josef.cz\/en\/exponaty\/kraslice\/\" \/>\n<meta property=\"og:site_name\" content=\"Muzeum c\u00edsa\u0159e Franz Josefa I.\" \/>\n<meta property=\"article:modified_time\" content=\"2024-02-08T15:04:57+00:00\" \/>\n<meta property=\"og:image\" content=\"https:\/\/www.franz-josef.cz\/wp-content\/uploads\/2023\/08\/KRASLICE-1.jpg\" \/>\n\t<meta property=\"og:image:width\" content=\"750\" \/>\n\t<meta property=\"og:image:height\" content=\"563\" \/>\n\t<meta property=\"og:image:type\" content=\"image\/jpeg\" \/>\n<meta name=\"twitter:card\" content=\"summary_large_image\" \/>\n<meta name=\"twitter:label1\" content=\"Estimated reading time\" \/>\n\t<meta name=\"twitter:data1\" content=\"2 minutes\" \/>\n<script type=\"application\/ld+json\" class=\"yoast-schema-graph\">{\"@context\":\"https:\/\/schema.org\",\"@graph\":[{\"@type\":\"WebPage\",\"@id\":\"https:\/\/www.franz-josef.cz\/exponaty\/kraslice\/\",\"url\":\"https:\/\/www.franz-josef.cz\/exponaty\/kraslice\/\",\"name\":\"KRASLICE &#8212; Muzeum c\u00edsa\u0159e Franz Josefa I.\",\"isPartOf\":{\"@id\":\"https:\/\/www.franz-josef.cz\/#website\"},\"primaryImageOfPage\":{\"@id\":\"https:\/\/www.franz-josef.cz\/exponaty\/kraslice\/#primaryimage\"},\"image\":{\"@id\":\"https:\/\/www.franz-josef.cz\/exponaty\/kraslice\/#primaryimage\"},\"thumbnailUrl\":\"https:\/\/www.franz-josef.cz\/wp-content\/uploads\/2023\/08\/KRASLICE-1.jpg\",\"datePublished\":\"2023-08-31T18:00:32+00:00\",\"dateModified\":\"2024-02-08T15:04:57+00:00\",\"breadcrumb\":{\"@id\":\"https:\/\/www.franz-josef.cz\/exponaty\/kraslice\/#breadcrumb\"},\"inLanguage\":\"en-GB\",\"potentialAction\":[{\"@type\":\"ReadAction\",\"target\":[\"https:\/\/www.franz-josef.cz\/exponaty\/kraslice\/\"]}]},{\"@type\":\"ImageObject\",\"inLanguage\":\"en-GB\",\"@id\":\"https:\/\/www.franz-josef.cz\/exponaty\/kraslice\/#primaryimage\",\"url\":\"https:\/\/www.franz-josef.cz\/wp-content\/uploads\/2023\/08\/KRASLICE-1.jpg\",\"contentUrl\":\"https:\/\/www.franz-josef.cz\/wp-content\/uploads\/2023\/08\/KRASLICE-1.jpg\",\"width\":750,\"height\":563},{\"@type\":\"BreadcrumbList\",\"@id\":\"https:\/\/www.franz-josef.cz\/exponaty\/kraslice\/#breadcrumb\",\"itemListElement\":[{\"@type\":\"ListItem\",\"position\":1,\"name\":\"Home\",\"item\":\"https:\/\/www.franz-josef.cz\/\"},{\"@type\":\"ListItem\",\"position\":2,\"name\":\"Expon\u00e1ty\",\"item\":\"https:\/\/www.franz-josef.cz\/exponaty\/\"},{\"@type\":\"ListItem\",\"position\":3,\"name\":\"KRASLICE\"}]},{\"@type\":\"WebSite\",\"@id\":\"https:\/\/www.franz-josef.cz\/#website\",\"url\":\"https:\/\/www.franz-josef.cz\/\",\"name\":\"Muzeum c\u00edsa\u0159e Franz Josefa I.\",\"description\":\"\",\"publisher\":{\"@id\":\"https:\/\/www.franz-josef.cz\/#organization\"},\"alternateName\":\"Franz Joseph\",\"potentialAction\":[{\"@type\":\"SearchAction\",\"target\":{\"@type\":\"EntryPoint\",\"urlTemplate\":\"https:\/\/www.franz-josef.cz\/?s={search_term_string}\"},\"query-input\":{\"@type\":\"PropertyValueSpecification\",\"valueRequired\":true,\"valueName\":\"search_term_string\"}}],\"inLanguage\":\"en-GB\"},{\"@type\":\"Organization\",\"@id\":\"https:\/\/www.franz-josef.cz\/#organization\",\"name\":\"Muzeum Franz Josefa I.\",\"alternateName\":\"Franz Jozef\",\"url\":\"https:\/\/www.franz-josef.cz\/\",\"logo\":{\"@type\":\"ImageObject\",\"inLanguage\":\"en-GB\",\"@id\":\"https:\/\/www.franz-josef.cz\/#\/schema\/logo\/image\/\",\"url\":\"https:\/\/www.franz-josef.cz\/wp-content\/uploads\/2023\/08\/Muzeum-Franz-Jozef-logo-696x696-1.png\",\"contentUrl\":\"https:\/\/www.franz-josef.cz\/wp-content\/uploads\/2023\/08\/Muzeum-Franz-Jozef-logo-696x696-1.png\",\"width\":696,\"height\":696,\"caption\":\"Muzeum Franz Josefa I.\"},\"image\":{\"@id\":\"https:\/\/www.franz-josef.cz\/#\/schema\/logo\/image\/\"}}]}<\/script>\n<!-- \/ Yoast SEO Premium plugin. -->","yoast_head_json":{"title":"KRASLICE &#8212; Muzeum c\u00edsa\u0159e Franz Josefa I.","robots":{"index":"index","follow":"follow","max-snippet":"max-snippet:-1","max-image-preview":"max-image-preview:large","max-video-preview":"max-video-preview:-1"},"canonical":"https:\/\/www.franz-josef.cz\/en\/exponaty\/kraslice\/","og_locale":"en_GB","og_type":"article","og_title":"KRASLICE","og_description":"Obelisk s koul\u00ed Kraslice je men\u0161\u00ed m\u011bsto le\u017e\u00edc\u00ed v okrese Sokolov, v z\u00e1padn\u00ed \u010d\u00e1sti Kru\u0161n\u00fdch hor, v nadmo\u0159sk\u00e9 v\u00fd\u0161ce 525 m. \u0160ibeni\u010dn\u00ed vrch se nach\u00e1z\u00ed nad Kraslicemi v nadmo\u0159sk\u00e9 v\u00fd\u0161ce 659 m.n.m. Okra\u0161lovac\u00ed a pe\u010dovatelsk\u00fd spolek, kter\u00fd v roce 1868 zkr\u00e1\u0161loval M\u011bstsk\u00e9 sady, tak\u00e9 vybudoval v roce 1908 park na \u0160ibeni\u010dn\u00edm vrchu. Tento park nesl [&hellip;]","og_url":"https:\/\/www.franz-josef.cz\/en\/exponaty\/kraslice\/","og_site_name":"Muzeum c\u00edsa\u0159e Franz Josefa I.","article_modified_time":"2024-02-08T15:04:57+00:00","og_image":[{"width":750,"height":563,"url":"https:\/\/www.franz-josef.cz\/wp-content\/uploads\/2023\/08\/KRASLICE-1.jpg","type":"image\/jpeg"}],"twitter_card":"summary_large_image","twitter_misc":{"Estimated reading time":"2 minutes"},"schema":{"@context":"https:\/\/schema.org","@graph":[{"@type":"WebPage","@id":"https:\/\/www.franz-josef.cz\/exponaty\/kraslice\/","url":"https:\/\/www.franz-josef.cz\/exponaty\/kraslice\/","name":"KRASLICE &#8212; Muzeum c\u00edsa\u0159e Franz Josefa I.","isPartOf":{"@id":"https:\/\/www.franz-josef.cz\/#website"},"primaryImageOfPage":{"@id":"https:\/\/www.franz-josef.cz\/exponaty\/kraslice\/#primaryimage"},"image":{"@id":"https:\/\/www.franz-josef.cz\/exponaty\/kraslice\/#primaryimage"},"thumbnailUrl":"https:\/\/www.franz-josef.cz\/wp-content\/uploads\/2023\/08\/KRASLICE-1.jpg","datePublished":"2023-08-31T18:00:32+00:00","dateModified":"2024-02-08T15:04:57+00:00","breadcrumb":{"@id":"https:\/\/www.franz-josef.cz\/exponaty\/kraslice\/#breadcrumb"},"inLanguage":"en-GB","potentialAction":[{"@type":"ReadAction","target":["https:\/\/www.franz-josef.cz\/exponaty\/kraslice\/"]}]},{"@type":"ImageObject","inLanguage":"en-GB","@id":"https:\/\/www.franz-josef.cz\/exponaty\/kraslice\/#primaryimage","url":"https:\/\/www.franz-josef.cz\/wp-content\/uploads\/2023\/08\/KRASLICE-1.jpg","contentUrl":"https:\/\/www.franz-josef.cz\/wp-content\/uploads\/2023\/08\/KRASLICE-1.jpg","width":750,"height":563},{"@type":"BreadcrumbList","@id":"https:\/\/www.franz-josef.cz\/exponaty\/kraslice\/#breadcrumb","itemListElement":[{"@type":"ListItem","position":1,"name":"Home","item":"https:\/\/www.franz-josef.cz\/"},{"@type":"ListItem","position":2,"name":"Expon\u00e1ty","item":"https:\/\/www.franz-josef.cz\/exponaty\/"},{"@type":"ListItem","position":3,"name":"KRASLICE"}]},{"@type":"WebSite","@id":"https:\/\/www.franz-josef.cz\/#website","url":"https:\/\/www.franz-josef.cz\/","name":"Muzeum c\u00edsa\u0159e Franz Josefa I.","description":"","publisher":{"@id":"https:\/\/www.franz-josef.cz\/#organization"},"alternateName":"Franz Joseph","potentialAction":[{"@type":"SearchAction","target":{"@type":"EntryPoint","urlTemplate":"https:\/\/www.franz-josef.cz\/?s={search_term_string}"},"query-input":{"@type":"PropertyValueSpecification","valueRequired":true,"valueName":"search_term_string"}}],"inLanguage":"en-GB"},{"@type":"Organization","@id":"https:\/\/www.franz-josef.cz\/#organization","name":"Muzeum Franz Josefa I.","alternateName":"Franz Jozef","url":"https:\/\/www.franz-josef.cz\/","logo":{"@type":"ImageObject","inLanguage":"en-GB","@id":"https:\/\/www.franz-josef.cz\/#\/schema\/logo\/image\/","url":"https:\/\/www.franz-josef.cz\/wp-content\/uploads\/2023\/08\/Muzeum-Franz-Jozef-logo-696x696-1.png","contentUrl":"https:\/\/www.franz-josef.cz\/wp-content\/uploads\/2023\/08\/Muzeum-Franz-Jozef-logo-696x696-1.png","width":696,"height":696,"caption":"Muzeum Franz Josefa I."},"image":{"@id":"https:\/\/www.franz-josef.cz\/#\/schema\/logo\/image\/"}}]}},"_links":{"self":[{"href":"https:\/\/www.franz-josef.cz\/en\/wp-json\/wp\/v2\/exponaty\/52453","targetHints":{"allow":["GET"]}}],"collection":[{"href":"https:\/\/www.franz-josef.cz\/en\/wp-json\/wp\/v2\/exponaty"}],"about":[{"href":"https:\/\/www.franz-josef.cz\/en\/wp-json\/wp\/v2\/types\/exponaty"}],"author":[{"embeddable":true,"href":"https:\/\/www.franz-josef.cz\/en\/wp-json\/wp\/v2\/users\/5"}],"version-history":[{"count":1,"href":"https:\/\/www.franz-josef.cz\/en\/wp-json\/wp\/v2\/exponaty\/52453\/revisions"}],"predecessor-version":[{"id":52457,"href":"https:\/\/www.franz-josef.cz\/en\/wp-json\/wp\/v2\/exponaty\/52453\/revisions\/52457"}],"wp:featuredmedia":[{"embeddable":true,"href":"https:\/\/www.franz-josef.cz\/en\/wp-json\/wp\/v2\/media\/52455"}],"wp:attachment":[{"href":"https:\/\/www.franz-josef.cz\/en\/wp-json\/wp\/v2\/media?parent=52453"}],"wp:term":[{"taxonomy":"zarazeno-v-expozici","embeddable":true,"href":"https:\/\/www.franz-josef.cz\/en\/wp-json\/wp\/v2\/zarazeno-v-expozici?post=52453"}],"curies":[{"name":"wp","href":"https:\/\/api.w.org\/{rel}","templated":true}]}}