{"id":52460,"date":"2023-08-31T20:04:25","date_gmt":"2023-08-31T18:04:25","guid":{"rendered":"https:\/\/www.franz-josef.cz\/?post_type=exponaty&#038;p=52460"},"modified":"2024-02-08T16:04:56","modified_gmt":"2024-02-08T15:04:56","slug":"krasna-lipa","status":"publish","type":"exponaty","link":"https:\/\/www.franz-josef.cz\/en\/exponaty\/krasna-lipa\/","title":{"rendered":"KR\u00c1SN\u00c1 L\u00cdPA"},"content":{"rendered":"<div class=\"abstract\">\n<h1>Lion statue unveiled in 1908<\/h1>\n<p>&nbsp;<\/p>\n<\/div>\n<div class=\"content\">\n<p>Kr\u00e1sn\u00e1 L\u00edpa is a town in the north of the Czech Republic, in the northeastern part of the D\u011b\u010d\u00edn district. It lies on the upper reaches of the K\u0159inice River on the border of the National Park \u010cesk\u00e9 \u0160v\u00fdcarsko and the Lu\u017eick\u00e9 Mountains.<\/p>\n<p>On September 27, 1908, he organized a local German\u00a0<i>Association of military veterans<\/i>\u00a0(Milit\u00e4r-Veteranen-Verein) ceremonial unveiling of the new memorial to the fallen\u00a0<a title=\"die Schlacht von Solferino\" href=\"https:\/\/cs.wikipedia.org\/wiki\/Bitva_u_Solferina\">the battle of Solferino<\/a> and in the war in 1866. The association thus simultaneously celebrated 50 years since its foundation and 60 years of government <a title=\"Franti\u0161ek Josef I.\" href=\"https:\/\/cs.wikipedia.org\/wiki\/Franti%C5%A1ek_Josef_I.\">Francis Joseph I.<\/a><br \/>\nThe statue depicts a Czech lion tearing a Prussian eagle. On its granite plinth, it had bronze plates with the names of those who died in the Prussian-Austrian War of 1866.\n\u200b<br \/>\nThe author of the statue was Klement Grundig from Dresden. The statue was cast for 30,000 crowns by the Dresden company Albert Bierling.\n\u200b<\/p>\n<p>Source: http:\/\/www.krasnalipa.cz\/index.php?menu=41<\/p>\n<p>https:\/\/cs.wikipedia.org\/wiki\/Socha_lva<\/p>\n<\/div>\n<p>&nbsp;<\/p>\n<p><img fetchpriority=\"high\" decoding=\"async\" class=\"alignnone size-full wp-image-52462\" src=\"https:\/\/www.franz-josef.cz\/wp-content\/uploads\/2023\/08\/KRASNA-LIPA-1.jpg\" alt=\"\" width=\"750\" height=\"493\" srcset=\"https:\/\/www.franz-josef.cz\/wp-content\/uploads\/2023\/08\/KRASNA-LIPA-1.jpg 750w, https:\/\/www.franz-josef.cz\/wp-content\/uploads\/2023\/08\/KRASNA-LIPA-1-300x197.jpg 300w\" sizes=\"(max-width: 750px) 100vw, 750px\" \/> <img decoding=\"async\" data-src=\"https:\/\/www.franz-josef.cz\/wp-content\/uploads\/2023\/08\/KRASNA-LIPA-3.jpg\" src=\"data:image\/gif;base64,R0lGODlhAQABAAAAACH5BAEKAAEALAAAAAABAAEAAAICTAEAOw==\" class=\"lazyload\" style=\"--smush-placeholder-width: 1056px; --smush-placeholder-aspect-ratio: 1056\/515;\" \/><noscript><img decoding=\"async\" src=\"https:\/\/www.franz-josef.cz\/wp-content\/uploads\/2023\/08\/KRASNA-LIPA-3.jpg\" \/><\/noscript><img decoding=\"async\" class=\"alignnone size-full wp-image-52463 lazyload\" data-src=\"https:\/\/www.franz-josef.cz\/wp-content\/uploads\/2023\/08\/KRASNA-LIPA-2.jpg\" alt=\"\" width=\"399\" height=\"600\" data-srcset=\"https:\/\/www.franz-josef.cz\/wp-content\/uploads\/2023\/08\/KRASNA-LIPA-2.jpg 399w, https:\/\/www.franz-josef.cz\/wp-content\/uploads\/2023\/08\/KRASNA-LIPA-2-200x300.jpg 200w\" data-sizes=\"(max-width: 399px) 100vw, 399px\" src=\"data:image\/gif;base64,R0lGODlhAQABAAAAACH5BAEKAAEALAAAAAABAAEAAAICTAEAOw==\" style=\"--smush-placeholder-width: 399px; --smush-placeholder-aspect-ratio: 399\/600;\" \/><noscript><img decoding=\"async\" class=\"alignnone size-full wp-image-52463\" src=\"https:\/\/www.franz-josef.cz\/wp-content\/uploads\/2023\/08\/KRASNA-LIPA-2.jpg\" alt=\"\" width=\"399\" height=\"600\" srcset=\"https:\/\/www.franz-josef.cz\/wp-content\/uploads\/2023\/08\/KRASNA-LIPA-2.jpg 399w, https:\/\/www.franz-josef.cz\/wp-content\/uploads\/2023\/08\/KRASNA-LIPA-2-200x300.jpg 200w\" sizes=\"(max-width: 399px) 100vw, 399px\" \/><\/noscript><\/p>","protected":false},"author":5,"featured_media":52463,"template":"","zarazeno-v-expozici":[252],"class_list":["post-52460","exponaty","type-exponaty","status-publish","has-post-thumbnail","hentry","zarazeno-v-expozici-sochy-a-pomniky-badatelska-cinnost-jiriho-danka"],"yoast_head":"<!-- This site is optimized with the Yoast SEO Premium plugin v20.12 (Yoast SEO v27.2) - https:\/\/yoast.com\/product\/yoast-seo-premium-wordpress\/ -->\n<title>KR\u00c1SN\u00c1 L\u00cdPA &#8212; Muzeum c\u00edsa\u0159e Franz Josefa I.<\/title>\n<meta name=\"robots\" content=\"index, follow, max-snippet:-1, max-image-preview:large, max-video-preview:-1\" \/>\n<link rel=\"canonical\" href=\"https:\/\/www.franz-josef.cz\/en\/exponaty\/krasna-lipa\/\" \/>\n<meta property=\"og:locale\" content=\"en_GB\" \/>\n<meta property=\"og:type\" content=\"article\" \/>\n<meta property=\"og:title\" content=\"KR\u00c1SN\u00c1 L\u00cdPA\" \/>\n<meta property=\"og:description\" content=\"Socha lva odhalen\u00e1 v roce 1908 &nbsp; Kr\u00e1sn\u00e1 L\u00edpa je m\u011bsto na severu \u010ceska, v severov\u00fdchodn\u00ed \u010d\u00e1sti okresu D\u011b\u010d\u00edn. Le\u017e\u00ed na horn\u00edm toku \u0159\u00ed\u010dky K\u0159inice na pomez\u00ed N\u00e1rodn\u00edho parku \u010cesk\u00e9 \u0160v\u00fdcarsko a Lu\u017eick\u00fdch hor. Dne 27. z\u00e1\u0159\u00ed 1908 zorganizoval m\u00edstn\u00ed n\u011bmeck\u00fd\u00a0Spolek vojensk\u00fdch veter\u00e1n\u016f\u00a0(Milit\u00e4r-Veteranen-Verein) slavnostn\u00ed odhalen\u00ed nov\u00e9ho pam\u00e1tn\u00edku na pam\u00e1tku padl\u00fdch\u00a0bitv\u011b u Solferina a ve v\u00e1lce [&hellip;]\" \/>\n<meta property=\"og:url\" content=\"https:\/\/www.franz-josef.cz\/en\/exponaty\/krasna-lipa\/\" \/>\n<meta property=\"og:site_name\" content=\"Muzeum c\u00edsa\u0159e Franz Josefa I.\" \/>\n<meta property=\"article:modified_time\" content=\"2024-02-08T15:04:56+00:00\" \/>\n<meta property=\"og:image\" content=\"https:\/\/www.franz-josef.cz\/wp-content\/uploads\/2023\/08\/KRASNA-LIPA-2.jpg\" \/>\n\t<meta property=\"og:image:width\" content=\"399\" \/>\n\t<meta property=\"og:image:height\" content=\"600\" \/>\n\t<meta property=\"og:image:type\" content=\"image\/jpeg\" \/>\n<meta name=\"twitter:card\" content=\"summary_large_image\" \/>\n<meta name=\"twitter:label1\" content=\"Estimated reading time\" \/>\n\t<meta name=\"twitter:data1\" content=\"2 minutes\" \/>\n<script type=\"application\/ld+json\" class=\"yoast-schema-graph\">{\"@context\":\"https:\/\/schema.org\",\"@graph\":[{\"@type\":\"WebPage\",\"@id\":\"https:\/\/www.franz-josef.cz\/exponaty\/krasna-lipa\/\",\"url\":\"https:\/\/www.franz-josef.cz\/exponaty\/krasna-lipa\/\",\"name\":\"KR\u00c1SN\u00c1 L\u00cdPA &#8212; Muzeum c\u00edsa\u0159e Franz Josefa I.\",\"isPartOf\":{\"@id\":\"https:\/\/www.franz-josef.cz\/#website\"},\"primaryImageOfPage\":{\"@id\":\"https:\/\/www.franz-josef.cz\/exponaty\/krasna-lipa\/#primaryimage\"},\"image\":{\"@id\":\"https:\/\/www.franz-josef.cz\/exponaty\/krasna-lipa\/#primaryimage\"},\"thumbnailUrl\":\"https:\/\/www.franz-josef.cz\/wp-content\/uploads\/2023\/08\/KRASNA-LIPA-2.jpg\",\"datePublished\":\"2023-08-31T18:04:25+00:00\",\"dateModified\":\"2024-02-08T15:04:56+00:00\",\"breadcrumb\":{\"@id\":\"https:\/\/www.franz-josef.cz\/exponaty\/krasna-lipa\/#breadcrumb\"},\"inLanguage\":\"en-GB\",\"potentialAction\":[{\"@type\":\"ReadAction\",\"target\":[\"https:\/\/www.franz-josef.cz\/exponaty\/krasna-lipa\/\"]}]},{\"@type\":\"ImageObject\",\"inLanguage\":\"en-GB\",\"@id\":\"https:\/\/www.franz-josef.cz\/exponaty\/krasna-lipa\/#primaryimage\",\"url\":\"https:\/\/www.franz-josef.cz\/wp-content\/uploads\/2023\/08\/KRASNA-LIPA-2.jpg\",\"contentUrl\":\"https:\/\/www.franz-josef.cz\/wp-content\/uploads\/2023\/08\/KRASNA-LIPA-2.jpg\",\"width\":399,\"height\":600},{\"@type\":\"BreadcrumbList\",\"@id\":\"https:\/\/www.franz-josef.cz\/exponaty\/krasna-lipa\/#breadcrumb\",\"itemListElement\":[{\"@type\":\"ListItem\",\"position\":1,\"name\":\"Home\",\"item\":\"https:\/\/www.franz-josef.cz\/\"},{\"@type\":\"ListItem\",\"position\":2,\"name\":\"Expon\u00e1ty\",\"item\":\"https:\/\/www.franz-josef.cz\/exponaty\/\"},{\"@type\":\"ListItem\",\"position\":3,\"name\":\"KR\u00c1SN\u00c1 L\u00cdPA\"}]},{\"@type\":\"WebSite\",\"@id\":\"https:\/\/www.franz-josef.cz\/#website\",\"url\":\"https:\/\/www.franz-josef.cz\/\",\"name\":\"Muzeum c\u00edsa\u0159e Franz Josefa I.\",\"description\":\"\",\"publisher\":{\"@id\":\"https:\/\/www.franz-josef.cz\/#organization\"},\"alternateName\":\"Franz Joseph\",\"potentialAction\":[{\"@type\":\"SearchAction\",\"target\":{\"@type\":\"EntryPoint\",\"urlTemplate\":\"https:\/\/www.franz-josef.cz\/?s={search_term_string}\"},\"query-input\":{\"@type\":\"PropertyValueSpecification\",\"valueRequired\":true,\"valueName\":\"search_term_string\"}}],\"inLanguage\":\"en-GB\"},{\"@type\":\"Organization\",\"@id\":\"https:\/\/www.franz-josef.cz\/#organization\",\"name\":\"Muzeum Franz Josefa I.\",\"alternateName\":\"Franz Jozef\",\"url\":\"https:\/\/www.franz-josef.cz\/\",\"logo\":{\"@type\":\"ImageObject\",\"inLanguage\":\"en-GB\",\"@id\":\"https:\/\/www.franz-josef.cz\/#\/schema\/logo\/image\/\",\"url\":\"https:\/\/www.franz-josef.cz\/wp-content\/uploads\/2023\/08\/Muzeum-Franz-Jozef-logo-696x696-1.png\",\"contentUrl\":\"https:\/\/www.franz-josef.cz\/wp-content\/uploads\/2023\/08\/Muzeum-Franz-Jozef-logo-696x696-1.png\",\"width\":696,\"height\":696,\"caption\":\"Muzeum Franz Josefa I.\"},\"image\":{\"@id\":\"https:\/\/www.franz-josef.cz\/#\/schema\/logo\/image\/\"}}]}<\/script>\n<!-- \/ Yoast SEO Premium plugin. -->","yoast_head_json":{"title":"KR\u00c1SN\u00c1 L\u00cdPA &#8212; Muzeum c\u00edsa\u0159e Franz Josefa I.","robots":{"index":"index","follow":"follow","max-snippet":"max-snippet:-1","max-image-preview":"max-image-preview:large","max-video-preview":"max-video-preview:-1"},"canonical":"https:\/\/www.franz-josef.cz\/en\/exponaty\/krasna-lipa\/","og_locale":"en_GB","og_type":"article","og_title":"KR\u00c1SN\u00c1 L\u00cdPA","og_description":"Socha lva odhalen\u00e1 v roce 1908 &nbsp; Kr\u00e1sn\u00e1 L\u00edpa je m\u011bsto na severu \u010ceska, v severov\u00fdchodn\u00ed \u010d\u00e1sti okresu D\u011b\u010d\u00edn. Le\u017e\u00ed na horn\u00edm toku \u0159\u00ed\u010dky K\u0159inice na pomez\u00ed N\u00e1rodn\u00edho parku \u010cesk\u00e9 \u0160v\u00fdcarsko a Lu\u017eick\u00fdch hor. Dne 27. z\u00e1\u0159\u00ed 1908 zorganizoval m\u00edstn\u00ed n\u011bmeck\u00fd\u00a0Spolek vojensk\u00fdch veter\u00e1n\u016f\u00a0(Milit\u00e4r-Veteranen-Verein) slavnostn\u00ed odhalen\u00ed nov\u00e9ho pam\u00e1tn\u00edku na pam\u00e1tku padl\u00fdch\u00a0bitv\u011b u Solferina a ve v\u00e1lce [&hellip;]","og_url":"https:\/\/www.franz-josef.cz\/en\/exponaty\/krasna-lipa\/","og_site_name":"Muzeum c\u00edsa\u0159e Franz Josefa I.","article_modified_time":"2024-02-08T15:04:56+00:00","og_image":[{"width":399,"height":600,"url":"https:\/\/www.franz-josef.cz\/wp-content\/uploads\/2023\/08\/KRASNA-LIPA-2.jpg","type":"image\/jpeg"}],"twitter_card":"summary_large_image","twitter_misc":{"Estimated reading time":"2 minutes"},"schema":{"@context":"https:\/\/schema.org","@graph":[{"@type":"WebPage","@id":"https:\/\/www.franz-josef.cz\/exponaty\/krasna-lipa\/","url":"https:\/\/www.franz-josef.cz\/exponaty\/krasna-lipa\/","name":"KR\u00c1SN\u00c1 L\u00cdPA &#8212; Muzeum c\u00edsa\u0159e Franz Josefa I.","isPartOf":{"@id":"https:\/\/www.franz-josef.cz\/#website"},"primaryImageOfPage":{"@id":"https:\/\/www.franz-josef.cz\/exponaty\/krasna-lipa\/#primaryimage"},"image":{"@id":"https:\/\/www.franz-josef.cz\/exponaty\/krasna-lipa\/#primaryimage"},"thumbnailUrl":"https:\/\/www.franz-josef.cz\/wp-content\/uploads\/2023\/08\/KRASNA-LIPA-2.jpg","datePublished":"2023-08-31T18:04:25+00:00","dateModified":"2024-02-08T15:04:56+00:00","breadcrumb":{"@id":"https:\/\/www.franz-josef.cz\/exponaty\/krasna-lipa\/#breadcrumb"},"inLanguage":"en-GB","potentialAction":[{"@type":"ReadAction","target":["https:\/\/www.franz-josef.cz\/exponaty\/krasna-lipa\/"]}]},{"@type":"ImageObject","inLanguage":"en-GB","@id":"https:\/\/www.franz-josef.cz\/exponaty\/krasna-lipa\/#primaryimage","url":"https:\/\/www.franz-josef.cz\/wp-content\/uploads\/2023\/08\/KRASNA-LIPA-2.jpg","contentUrl":"https:\/\/www.franz-josef.cz\/wp-content\/uploads\/2023\/08\/KRASNA-LIPA-2.jpg","width":399,"height":600},{"@type":"BreadcrumbList","@id":"https:\/\/www.franz-josef.cz\/exponaty\/krasna-lipa\/#breadcrumb","itemListElement":[{"@type":"ListItem","position":1,"name":"Home","item":"https:\/\/www.franz-josef.cz\/"},{"@type":"ListItem","position":2,"name":"Expon\u00e1ty","item":"https:\/\/www.franz-josef.cz\/exponaty\/"},{"@type":"ListItem","position":3,"name":"KR\u00c1SN\u00c1 L\u00cdPA"}]},{"@type":"WebSite","@id":"https:\/\/www.franz-josef.cz\/#website","url":"https:\/\/www.franz-josef.cz\/","name":"Muzeum c\u00edsa\u0159e Franz Josefa I.","description":"","publisher":{"@id":"https:\/\/www.franz-josef.cz\/#organization"},"alternateName":"Franz Joseph","potentialAction":[{"@type":"SearchAction","target":{"@type":"EntryPoint","urlTemplate":"https:\/\/www.franz-josef.cz\/?s={search_term_string}"},"query-input":{"@type":"PropertyValueSpecification","valueRequired":true,"valueName":"search_term_string"}}],"inLanguage":"en-GB"},{"@type":"Organization","@id":"https:\/\/www.franz-josef.cz\/#organization","name":"Muzeum Franz Josefa I.","alternateName":"Franz Jozef","url":"https:\/\/www.franz-josef.cz\/","logo":{"@type":"ImageObject","inLanguage":"en-GB","@id":"https:\/\/www.franz-josef.cz\/#\/schema\/logo\/image\/","url":"https:\/\/www.franz-josef.cz\/wp-content\/uploads\/2023\/08\/Muzeum-Franz-Jozef-logo-696x696-1.png","contentUrl":"https:\/\/www.franz-josef.cz\/wp-content\/uploads\/2023\/08\/Muzeum-Franz-Jozef-logo-696x696-1.png","width":696,"height":696,"caption":"Muzeum Franz Josefa I."},"image":{"@id":"https:\/\/www.franz-josef.cz\/#\/schema\/logo\/image\/"}}]}},"_links":{"self":[{"href":"https:\/\/www.franz-josef.cz\/en\/wp-json\/wp\/v2\/exponaty\/52460","targetHints":{"allow":["GET"]}}],"collection":[{"href":"https:\/\/www.franz-josef.cz\/en\/wp-json\/wp\/v2\/exponaty"}],"about":[{"href":"https:\/\/www.franz-josef.cz\/en\/wp-json\/wp\/v2\/types\/exponaty"}],"author":[{"embeddable":true,"href":"https:\/\/www.franz-josef.cz\/en\/wp-json\/wp\/v2\/users\/5"}],"version-history":[{"count":8,"href":"https:\/\/www.franz-josef.cz\/en\/wp-json\/wp\/v2\/exponaty\/52460\/revisions"}],"predecessor-version":[{"id":52472,"href":"https:\/\/www.franz-josef.cz\/en\/wp-json\/wp\/v2\/exponaty\/52460\/revisions\/52472"}],"wp:featuredmedia":[{"embeddable":true,"href":"https:\/\/www.franz-josef.cz\/en\/wp-json\/wp\/v2\/media\/52463"}],"wp:attachment":[{"href":"https:\/\/www.franz-josef.cz\/en\/wp-json\/wp\/v2\/media?parent=52460"}],"wp:term":[{"taxonomy":"zarazeno-v-expozici","embeddable":true,"href":"https:\/\/www.franz-josef.cz\/en\/wp-json\/wp\/v2\/zarazeno-v-expozici?post=52460"}],"curies":[{"name":"wp","href":"https:\/\/api.w.org\/{rel}","templated":true}]}}