{"id":52613,"date":"2023-09-01T14:31:31","date_gmt":"2023-09-01T12:31:31","guid":{"rendered":"https:\/\/www.franz-josef.cz\/?post_type=exponaty&#038;p=52613"},"modified":"2024-02-08T16:04:49","modified_gmt":"2024-02-08T15:04:49","slug":"lanskroun","status":"publish","type":"exponaty","link":"https:\/\/www.franz-josef.cz\/en\/exponaty\/lanskroun\/","title":{"rendered":"LAN\u0160KROUN"},"content":{"rendered":"<div class=\"abstract\">\n<h1>Commemorative plaques for the imperial maneuvers in 1894.<\/h1>\n<\/div>\n<div class=\"content\">\n<p>The town of Lan\u0161kroun (Landskron in German) is located in the foothills of the Eagle Mountains, in eastern Bohemia, not far from the historical border with Moravia. It is located in the wide valley of Moravsk\u00e1 S\u00e1zava, framed by forested highlands. There is a system of ponds near the town.<\/p>\n<p>On the territory between the villages of Albrechtice, Nepomuky, S\u00e1zava, Rudoltice, \u017dichl\u00ednek, Jakubovice, Ostrov, T\u0159e\u0161\u0148ovec, Damn\u00edkov, Lukov\u00e1 and Rychnov, imperial maneuvers took place on September 3-6, 1894. The I. and IX Army Corps fought against each other.<\/p>\n<p>As a reminder of the imperial visit, commemorative plaques were placed in the halls of some important buildings in Lan\u0161kroun. It was, for example, a plaque located in the vestibule of the gymnasium, which was ceremoniously unveiled on September 4, 1895, then in the villa of the manufacturer Langer, or in the burgher and weaving school.<\/p>\n<p>Medal \"Erinnerung an die grossen Man\u00f6ver in Landskron September 1894\" - A reminder of the great maneuvers in Landskron in September 1894, on the other side with the inscription Franz Josef I.<\/p>\n<p>These maneuvers of the imperial army took place on 2-6 September 1894 in Lan\u0161kroun. But I couldn't find much information about them. They are mentioned in the Laibacher Zeitung of September 6, 1894, where the latest news telegrams state:<\/p>\n<p>\"Lan\u0161kroun, September 5. Today's third maneuver was rained out. After 1 o'clock in the afternoon, it started to rain heavily again on the maneuver field. Around 1 o'clock the maneuver was interrupted. The southern side seized the pass near T\u0159ebovice, and the northern side retreated to the lines of Z\u00e1meck\u00e1 hora and Tabulov\u00e1 hora near Lan\u0161kroun. The Emperor, Archdukes Karel Ludv\u00edk, Albrecht and Rainer met shortly after 1 o'clock in the afternoon in a car on the maneuver field in Lan\u0161kroun. The rain continues.\u201d<\/p>\n<p>(http:\/\/www.dlib.si\/stream\/URN:NBN:SI:doc-XRO5OETR\/0e013e8c-49d4-4191-aaaf-851ab37d44c9\/PDF)<\/p>\n<p>http:\/\/www.schoenhengstgau.eu\/c\/archiv?B=\/lkr\/landskron\/kaisermanoever.2<\/p>\n<p>https:\/\/is.muni.cz\/th\/146109\/ff_b\/Cisarske_manevry_na_Lanskrounsku.pdf<\/p>\n<\/div>\n<p>&nbsp;<\/p>\n<p><img fetchpriority=\"high\" decoding=\"async\" class=\"alignnone size-full wp-image-52615\" src=\"https:\/\/www.franz-josef.cz\/wp-content\/uploads\/2023\/09\/LANSK.-PD-1.jpg\" alt=\"\" width=\"381\" height=\"541\" srcset=\"https:\/\/www.franz-josef.cz\/wp-content\/uploads\/2023\/09\/LANSK.-PD-1.jpg 381w, https:\/\/www.franz-josef.cz\/wp-content\/uploads\/2023\/09\/LANSK.-PD-1-211x300.jpg 211w\" sizes=\"(max-width: 381px) 100vw, 381px\" \/><\/p>\n<p><img decoding=\"async\" class=\"alignnone size-full wp-image-52618 lazyload\" data-src=\"https:\/\/www.franz-josef.cz\/wp-content\/uploads\/2023\/09\/LANSK.-PD-2.jpg\" alt=\"\" width=\"601\" height=\"647\" data-srcset=\"https:\/\/www.franz-josef.cz\/wp-content\/uploads\/2023\/09\/LANSK.-PD-2.jpg 601w, https:\/\/www.franz-josef.cz\/wp-content\/uploads\/2023\/09\/LANSK.-PD-2-279x300.jpg 279w\" data-sizes=\"(max-width: 601px) 100vw, 601px\" src=\"data:image\/gif;base64,R0lGODlhAQABAAAAACH5BAEKAAEALAAAAAABAAEAAAICTAEAOw==\" style=\"--smush-placeholder-width: 601px; --smush-placeholder-aspect-ratio: 601\/647;\" \/><noscript><img decoding=\"async\" class=\"alignnone size-full wp-image-52618\" src=\"https:\/\/www.franz-josef.cz\/wp-content\/uploads\/2023\/09\/LANSK.-PD-2.jpg\" alt=\"\" width=\"601\" height=\"647\" srcset=\"https:\/\/www.franz-josef.cz\/wp-content\/uploads\/2023\/09\/LANSK.-PD-2.jpg 601w, https:\/\/www.franz-josef.cz\/wp-content\/uploads\/2023\/09\/LANSK.-PD-2-279x300.jpg 279w\" sizes=\"(max-width: 601px) 100vw, 601px\" \/><\/noscript> <img decoding=\"async\" class=\"alignnone size-full wp-image-52619 lazyload\" data-src=\"https:\/\/www.franz-josef.cz\/wp-content\/uploads\/2023\/09\/LANSK.-PD-3.jpg\" alt=\"\" width=\"582\" height=\"639\" data-srcset=\"https:\/\/www.franz-josef.cz\/wp-content\/uploads\/2023\/09\/LANSK.-PD-3.jpg 582w, https:\/\/www.franz-josef.cz\/wp-content\/uploads\/2023\/09\/LANSK.-PD-3-273x300.jpg 273w\" data-sizes=\"(max-width: 582px) 100vw, 582px\" src=\"data:image\/gif;base64,R0lGODlhAQABAAAAACH5BAEKAAEALAAAAAABAAEAAAICTAEAOw==\" style=\"--smush-placeholder-width: 582px; --smush-placeholder-aspect-ratio: 582\/639;\" \/><noscript><img decoding=\"async\" class=\"alignnone size-full wp-image-52619\" src=\"https:\/\/www.franz-josef.cz\/wp-content\/uploads\/2023\/09\/LANSK.-PD-3.jpg\" alt=\"\" width=\"582\" height=\"639\" srcset=\"https:\/\/www.franz-josef.cz\/wp-content\/uploads\/2023\/09\/LANSK.-PD-3.jpg 582w, https:\/\/www.franz-josef.cz\/wp-content\/uploads\/2023\/09\/LANSK.-PD-3-273x300.jpg 273w\" sizes=\"(max-width: 582px) 100vw, 582px\" \/><\/noscript><\/p>","protected":false},"author":5,"featured_media":52615,"template":"","zarazeno-v-expozici":[252],"class_list":["post-52613","exponaty","type-exponaty","status-publish","has-post-thumbnail","hentry","zarazeno-v-expozici-sochy-a-pomniky-badatelska-cinnost-jiriho-danka"],"yoast_head":"<!-- This site is optimized with the Yoast SEO Premium plugin v20.12 (Yoast SEO v27.2) - https:\/\/yoast.com\/product\/yoast-seo-premium-wordpress\/ -->\n<title>LAN\u0160KROUN &#8212; Muzeum c\u00edsa\u0159e Franz Josefa I.<\/title>\n<meta name=\"robots\" content=\"index, follow, max-snippet:-1, max-image-preview:large, max-video-preview:-1\" \/>\n<link rel=\"canonical\" href=\"https:\/\/www.franz-josef.cz\/en\/exponaty\/lanskroun\/\" \/>\n<meta property=\"og:locale\" content=\"en_GB\" \/>\n<meta property=\"og:type\" content=\"article\" \/>\n<meta property=\"og:title\" content=\"LAN\u0160KROUN\" \/>\n<meta property=\"og:description\" content=\"Pam\u011btn\u00ed desky na c\u00edsa\u0159sk\u00e9 man\u00e9vry v roce 1894. M\u011bsto Lan\u0161kroun (n\u011bmecky Landskron) le\u017e\u00ed v podh\u016f\u0159\u00ed Orlick\u00fdch hor, na v\u00fdchod\u011b \u010cech nedaleko historick\u00e9 zemsk\u00e9 hranice s Moravou.\u00a0Je zasazeno v \u0161irok\u00e9m \u00fadol\u00ed Moravsk\u00e9 S\u00e1zavy, r\u00e1movan\u00e9m lesnatou vrchovinou. U m\u011bsta se nach\u00e1z\u00ed soustava rybn\u00edk\u016f. Na \u00fazem\u00ed mezi obcemi Albrechtice, Nepomuky, S\u00e1zava, Rudoltice, \u017dichl\u00ednek, Jakubovice, Ostrov, T\u0159e\u0161\u0148ovec, Damn\u00edkov, Lukov\u00e1 [&hellip;]\" \/>\n<meta property=\"og:url\" content=\"https:\/\/www.franz-josef.cz\/en\/exponaty\/lanskroun\/\" \/>\n<meta property=\"og:site_name\" content=\"Muzeum c\u00edsa\u0159e Franz Josefa I.\" \/>\n<meta property=\"article:modified_time\" content=\"2024-02-08T15:04:49+00:00\" \/>\n<meta property=\"og:image\" content=\"https:\/\/www.franz-josef.cz\/wp-content\/uploads\/2023\/09\/LANSK.-PD-1.jpg\" \/>\n\t<meta property=\"og:image:width\" content=\"381\" \/>\n\t<meta property=\"og:image:height\" content=\"541\" \/>\n\t<meta property=\"og:image:type\" content=\"image\/jpeg\" \/>\n<meta name=\"twitter:card\" content=\"summary_large_image\" \/>\n<meta name=\"twitter:label1\" content=\"Estimated reading time\" \/>\n\t<meta name=\"twitter:data1\" content=\"2 minutes\" \/>\n<script type=\"application\/ld+json\" class=\"yoast-schema-graph\">{\"@context\":\"https:\/\/schema.org\",\"@graph\":[{\"@type\":\"WebPage\",\"@id\":\"https:\/\/www.franz-josef.cz\/exponaty\/lanskroun\/\",\"url\":\"https:\/\/www.franz-josef.cz\/exponaty\/lanskroun\/\",\"name\":\"LAN\u0160KROUN &#8212; Muzeum c\u00edsa\u0159e Franz Josefa I.\",\"isPartOf\":{\"@id\":\"https:\/\/www.franz-josef.cz\/#website\"},\"primaryImageOfPage\":{\"@id\":\"https:\/\/www.franz-josef.cz\/exponaty\/lanskroun\/#primaryimage\"},\"image\":{\"@id\":\"https:\/\/www.franz-josef.cz\/exponaty\/lanskroun\/#primaryimage\"},\"thumbnailUrl\":\"https:\/\/www.franz-josef.cz\/wp-content\/uploads\/2023\/09\/LANSK.-PD-1.jpg\",\"datePublished\":\"2023-09-01T12:31:31+00:00\",\"dateModified\":\"2024-02-08T15:04:49+00:00\",\"breadcrumb\":{\"@id\":\"https:\/\/www.franz-josef.cz\/exponaty\/lanskroun\/#breadcrumb\"},\"inLanguage\":\"en-GB\",\"potentialAction\":[{\"@type\":\"ReadAction\",\"target\":[\"https:\/\/www.franz-josef.cz\/exponaty\/lanskroun\/\"]}]},{\"@type\":\"ImageObject\",\"inLanguage\":\"en-GB\",\"@id\":\"https:\/\/www.franz-josef.cz\/exponaty\/lanskroun\/#primaryimage\",\"url\":\"https:\/\/www.franz-josef.cz\/wp-content\/uploads\/2023\/09\/LANSK.-PD-1.jpg\",\"contentUrl\":\"https:\/\/www.franz-josef.cz\/wp-content\/uploads\/2023\/09\/LANSK.-PD-1.jpg\",\"width\":381,\"height\":541},{\"@type\":\"BreadcrumbList\",\"@id\":\"https:\/\/www.franz-josef.cz\/exponaty\/lanskroun\/#breadcrumb\",\"itemListElement\":[{\"@type\":\"ListItem\",\"position\":1,\"name\":\"Home\",\"item\":\"https:\/\/www.franz-josef.cz\/\"},{\"@type\":\"ListItem\",\"position\":2,\"name\":\"Expon\u00e1ty\",\"item\":\"https:\/\/www.franz-josef.cz\/exponaty\/\"},{\"@type\":\"ListItem\",\"position\":3,\"name\":\"LAN\u0160KROUN\"}]},{\"@type\":\"WebSite\",\"@id\":\"https:\/\/www.franz-josef.cz\/#website\",\"url\":\"https:\/\/www.franz-josef.cz\/\",\"name\":\"Muzeum c\u00edsa\u0159e Franz Josefa I.\",\"description\":\"\",\"publisher\":{\"@id\":\"https:\/\/www.franz-josef.cz\/#organization\"},\"alternateName\":\"Franz Joseph\",\"potentialAction\":[{\"@type\":\"SearchAction\",\"target\":{\"@type\":\"EntryPoint\",\"urlTemplate\":\"https:\/\/www.franz-josef.cz\/?s={search_term_string}\"},\"query-input\":{\"@type\":\"PropertyValueSpecification\",\"valueRequired\":true,\"valueName\":\"search_term_string\"}}],\"inLanguage\":\"en-GB\"},{\"@type\":\"Organization\",\"@id\":\"https:\/\/www.franz-josef.cz\/#organization\",\"name\":\"Muzeum Franz Josefa I.\",\"alternateName\":\"Franz Jozef\",\"url\":\"https:\/\/www.franz-josef.cz\/\",\"logo\":{\"@type\":\"ImageObject\",\"inLanguage\":\"en-GB\",\"@id\":\"https:\/\/www.franz-josef.cz\/#\/schema\/logo\/image\/\",\"url\":\"https:\/\/www.franz-josef.cz\/wp-content\/uploads\/2023\/08\/Muzeum-Franz-Jozef-logo-696x696-1.png\",\"contentUrl\":\"https:\/\/www.franz-josef.cz\/wp-content\/uploads\/2023\/08\/Muzeum-Franz-Jozef-logo-696x696-1.png\",\"width\":696,\"height\":696,\"caption\":\"Muzeum Franz Josefa I.\"},\"image\":{\"@id\":\"https:\/\/www.franz-josef.cz\/#\/schema\/logo\/image\/\"}}]}<\/script>\n<!-- \/ Yoast SEO Premium plugin. -->","yoast_head_json":{"title":"LAN\u0160KROUN &#8212; Muzeum c\u00edsa\u0159e Franz Josefa I.","robots":{"index":"index","follow":"follow","max-snippet":"max-snippet:-1","max-image-preview":"max-image-preview:large","max-video-preview":"max-video-preview:-1"},"canonical":"https:\/\/www.franz-josef.cz\/en\/exponaty\/lanskroun\/","og_locale":"en_GB","og_type":"article","og_title":"LAN\u0160KROUN","og_description":"Pam\u011btn\u00ed desky na c\u00edsa\u0159sk\u00e9 man\u00e9vry v roce 1894. M\u011bsto Lan\u0161kroun (n\u011bmecky Landskron) le\u017e\u00ed v podh\u016f\u0159\u00ed Orlick\u00fdch hor, na v\u00fdchod\u011b \u010cech nedaleko historick\u00e9 zemsk\u00e9 hranice s Moravou.\u00a0Je zasazeno v \u0161irok\u00e9m \u00fadol\u00ed Moravsk\u00e9 S\u00e1zavy, r\u00e1movan\u00e9m lesnatou vrchovinou. U m\u011bsta se nach\u00e1z\u00ed soustava rybn\u00edk\u016f. Na \u00fazem\u00ed mezi obcemi Albrechtice, Nepomuky, S\u00e1zava, Rudoltice, \u017dichl\u00ednek, Jakubovice, Ostrov, T\u0159e\u0161\u0148ovec, Damn\u00edkov, Lukov\u00e1 [&hellip;]","og_url":"https:\/\/www.franz-josef.cz\/en\/exponaty\/lanskroun\/","og_site_name":"Muzeum c\u00edsa\u0159e Franz Josefa I.","article_modified_time":"2024-02-08T15:04:49+00:00","og_image":[{"width":381,"height":541,"url":"https:\/\/www.franz-josef.cz\/wp-content\/uploads\/2023\/09\/LANSK.-PD-1.jpg","type":"image\/jpeg"}],"twitter_card":"summary_large_image","twitter_misc":{"Estimated reading time":"2 minutes"},"schema":{"@context":"https:\/\/schema.org","@graph":[{"@type":"WebPage","@id":"https:\/\/www.franz-josef.cz\/exponaty\/lanskroun\/","url":"https:\/\/www.franz-josef.cz\/exponaty\/lanskroun\/","name":"LAN\u0160KROUN &#8212; Muzeum c\u00edsa\u0159e Franz Josefa I.","isPartOf":{"@id":"https:\/\/www.franz-josef.cz\/#website"},"primaryImageOfPage":{"@id":"https:\/\/www.franz-josef.cz\/exponaty\/lanskroun\/#primaryimage"},"image":{"@id":"https:\/\/www.franz-josef.cz\/exponaty\/lanskroun\/#primaryimage"},"thumbnailUrl":"https:\/\/www.franz-josef.cz\/wp-content\/uploads\/2023\/09\/LANSK.-PD-1.jpg","datePublished":"2023-09-01T12:31:31+00:00","dateModified":"2024-02-08T15:04:49+00:00","breadcrumb":{"@id":"https:\/\/www.franz-josef.cz\/exponaty\/lanskroun\/#breadcrumb"},"inLanguage":"en-GB","potentialAction":[{"@type":"ReadAction","target":["https:\/\/www.franz-josef.cz\/exponaty\/lanskroun\/"]}]},{"@type":"ImageObject","inLanguage":"en-GB","@id":"https:\/\/www.franz-josef.cz\/exponaty\/lanskroun\/#primaryimage","url":"https:\/\/www.franz-josef.cz\/wp-content\/uploads\/2023\/09\/LANSK.-PD-1.jpg","contentUrl":"https:\/\/www.franz-josef.cz\/wp-content\/uploads\/2023\/09\/LANSK.-PD-1.jpg","width":381,"height":541},{"@type":"BreadcrumbList","@id":"https:\/\/www.franz-josef.cz\/exponaty\/lanskroun\/#breadcrumb","itemListElement":[{"@type":"ListItem","position":1,"name":"Home","item":"https:\/\/www.franz-josef.cz\/"},{"@type":"ListItem","position":2,"name":"Expon\u00e1ty","item":"https:\/\/www.franz-josef.cz\/exponaty\/"},{"@type":"ListItem","position":3,"name":"LAN\u0160KROUN"}]},{"@type":"WebSite","@id":"https:\/\/www.franz-josef.cz\/#website","url":"https:\/\/www.franz-josef.cz\/","name":"Muzeum c\u00edsa\u0159e Franz Josefa I.","description":"","publisher":{"@id":"https:\/\/www.franz-josef.cz\/#organization"},"alternateName":"Franz Joseph","potentialAction":[{"@type":"SearchAction","target":{"@type":"EntryPoint","urlTemplate":"https:\/\/www.franz-josef.cz\/?s={search_term_string}"},"query-input":{"@type":"PropertyValueSpecification","valueRequired":true,"valueName":"search_term_string"}}],"inLanguage":"en-GB"},{"@type":"Organization","@id":"https:\/\/www.franz-josef.cz\/#organization","name":"Muzeum Franz Josefa I.","alternateName":"Franz Jozef","url":"https:\/\/www.franz-josef.cz\/","logo":{"@type":"ImageObject","inLanguage":"en-GB","@id":"https:\/\/www.franz-josef.cz\/#\/schema\/logo\/image\/","url":"https:\/\/www.franz-josef.cz\/wp-content\/uploads\/2023\/08\/Muzeum-Franz-Jozef-logo-696x696-1.png","contentUrl":"https:\/\/www.franz-josef.cz\/wp-content\/uploads\/2023\/08\/Muzeum-Franz-Jozef-logo-696x696-1.png","width":696,"height":696,"caption":"Muzeum Franz Josefa I."},"image":{"@id":"https:\/\/www.franz-josef.cz\/#\/schema\/logo\/image\/"}}]}},"_links":{"self":[{"href":"https:\/\/www.franz-josef.cz\/en\/wp-json\/wp\/v2\/exponaty\/52613","targetHints":{"allow":["GET"]}}],"collection":[{"href":"https:\/\/www.franz-josef.cz\/en\/wp-json\/wp\/v2\/exponaty"}],"about":[{"href":"https:\/\/www.franz-josef.cz\/en\/wp-json\/wp\/v2\/types\/exponaty"}],"author":[{"embeddable":true,"href":"https:\/\/www.franz-josef.cz\/en\/wp-json\/wp\/v2\/users\/5"}],"version-history":[{"count":4,"href":"https:\/\/www.franz-josef.cz\/en\/wp-json\/wp\/v2\/exponaty\/52613\/revisions"}],"predecessor-version":[{"id":52621,"href":"https:\/\/www.franz-josef.cz\/en\/wp-json\/wp\/v2\/exponaty\/52613\/revisions\/52621"}],"wp:featuredmedia":[{"embeddable":true,"href":"https:\/\/www.franz-josef.cz\/en\/wp-json\/wp\/v2\/media\/52615"}],"wp:attachment":[{"href":"https:\/\/www.franz-josef.cz\/en\/wp-json\/wp\/v2\/media?parent=52613"}],"wp:term":[{"taxonomy":"zarazeno-v-expozici","embeddable":true,"href":"https:\/\/www.franz-josef.cz\/en\/wp-json\/wp\/v2\/zarazeno-v-expozici?post=52613"}],"curies":[{"name":"wp","href":"https:\/\/api.w.org\/{rel}","templated":true}]}}