{"id":52628,"date":"2023-09-01T16:35:07","date_gmt":"2023-09-01T14:35:07","guid":{"rendered":"https:\/\/www.franz-josef.cz\/?post_type=exponaty&#038;p=52628"},"modified":"2024-02-08T16:04:48","modified_gmt":"2024-02-08T15:04:48","slug":"liberec-stary-harcov","status":"publish","type":"exponaty","link":"https:\/\/www.franz-josef.cz\/en\/exponaty\/liberec-stary-harcov\/","title":{"rendered":"LIBEREC STAR\u00dd HARCOV"},"content":{"rendered":"<div class=\"abstract\">\n<h1>The memorial stone of Emperor FJI stood in front of the Church of the Visitation of the Virgin Mary in Star\u00e9 Harcov.<\/h1>\n<p>&nbsp;<\/p>\n<p>The opening photo of the FJI memorial stone is absolutely bomb. It was exhibited on February 5, 2017 on Facebook Alt Harzdorf by Mr. Sl\u00e1dek. So far, it has been written everywhere that there is no photo of the memorial stone.\n\u200b<\/p>\n<p>Zase jedna nejasnost odstran\u011bna. Pokud to nezpochybn\u00ed n\u011bkdo z erudovan\u00fdch historik\u016f.<\/p>\n<p>The memorial stone of Emperor FJI stood in front of the Church of the Visitation of the Virgin Mary in Star\u00e9 Harcov.<\/p>\n<\/div>\n<div class=\"content\">\n<p>On the occasion of the 60-year anniversary of the reign of Emperor FJI, on August 16, 1908, a pompous ceremony took place in Star\u00e9 Harcov - the unveiling of the emperor's commemorative plaque. As part of the preparations, exhibition tents were erected in the area of the \"Deutsches Haus\" inn. The whole event started at 11 a.m. with a gathering in front of the local school, from where the procession of enthusiasts proceeded to the place where the emperor's memorial plaque was unveiled. The location was chosen near the main entrance to the Church of the Visitation of the Virgin Mary.\n\u200b<\/p>\n<p>The unveiling of the plaque was followed by a tour of the thematic exhibition, the concept of which was in charge of the local sculptor Alfred Kliemann. Then the ceremonial procession continued to the \"Neue Welt\" inn. The entire celebration was accompanied by seven allegorical chariots decorated in honor of the emperor. From three o'clock there was a party.<\/p>\n<p>The preserved inscriptions of the memorial plaque are very austere. Perhaps it was some found stone from the surrounding area, but it was of unprecedented beauty. Its shape slightly resembled a pyramid. We can guess that it was granite and that a tablet with a shorter inscription was inserted into it, possibly. with a low relief depicting the monarch. The exact shape of the monument is unknown.\n\u200b<\/p>\n<p>Source: f Alt Harzdorf<\/p>\n<\/div>\n<p>&nbsp;<\/p>\n<p><img fetchpriority=\"high\" decoding=\"async\" class=\"alignnone size-full wp-image-52630\" src=\"https:\/\/www.franz-josef.cz\/wp-content\/uploads\/2023\/09\/LIB.-ST.-HARC.-1.jpg\" alt=\"\" width=\"750\" height=\"493\" srcset=\"https:\/\/www.franz-josef.cz\/wp-content\/uploads\/2023\/09\/LIB.-ST.-HARC.-1.jpg 750w, https:\/\/www.franz-josef.cz\/wp-content\/uploads\/2023\/09\/LIB.-ST.-HARC.-1-300x197.jpg 300w\" sizes=\"(max-width: 750px) 100vw, 750px\" \/> <img decoding=\"async\" class=\"alignnone size-full wp-image-52631 lazyload\" data-src=\"https:\/\/www.franz-josef.cz\/wp-content\/uploads\/2023\/09\/LIB.-ST.-HARC.-2.jpg\" alt=\"\" width=\"750\" height=\"488\" data-srcset=\"https:\/\/www.franz-josef.cz\/wp-content\/uploads\/2023\/09\/LIB.-ST.-HARC.-2.jpg 750w, https:\/\/www.franz-josef.cz\/wp-content\/uploads\/2023\/09\/LIB.-ST.-HARC.-2-300x195.jpg 300w\" data-sizes=\"(max-width: 750px) 100vw, 750px\" src=\"data:image\/gif;base64,R0lGODlhAQABAAAAACH5BAEKAAEALAAAAAABAAEAAAICTAEAOw==\" style=\"--smush-placeholder-width: 750px; --smush-placeholder-aspect-ratio: 750\/488;\" \/><noscript><img decoding=\"async\" class=\"alignnone size-full wp-image-52631\" src=\"https:\/\/www.franz-josef.cz\/wp-content\/uploads\/2023\/09\/LIB.-ST.-HARC.-2.jpg\" alt=\"\" width=\"750\" height=\"488\" srcset=\"https:\/\/www.franz-josef.cz\/wp-content\/uploads\/2023\/09\/LIB.-ST.-HARC.-2.jpg 750w, https:\/\/www.franz-josef.cz\/wp-content\/uploads\/2023\/09\/LIB.-ST.-HARC.-2-300x195.jpg 300w\" sizes=\"(max-width: 750px) 100vw, 750px\" \/><\/noscript> <img decoding=\"async\" class=\"alignnone size-full wp-image-52632 lazyload\" data-src=\"https:\/\/www.franz-josef.cz\/wp-content\/uploads\/2023\/09\/LIB.-ST.-HARC.-3.jpg\" alt=\"\" width=\"750\" height=\"483\" data-srcset=\"https:\/\/www.franz-josef.cz\/wp-content\/uploads\/2023\/09\/LIB.-ST.-HARC.-3.jpg 750w, https:\/\/www.franz-josef.cz\/wp-content\/uploads\/2023\/09\/LIB.-ST.-HARC.-3-300x193.jpg 300w\" data-sizes=\"(max-width: 750px) 100vw, 750px\" src=\"data:image\/gif;base64,R0lGODlhAQABAAAAACH5BAEKAAEALAAAAAABAAEAAAICTAEAOw==\" style=\"--smush-placeholder-width: 750px; --smush-placeholder-aspect-ratio: 750\/483;\" \/><noscript><img decoding=\"async\" class=\"alignnone size-full wp-image-52632\" src=\"https:\/\/www.franz-josef.cz\/wp-content\/uploads\/2023\/09\/LIB.-ST.-HARC.-3.jpg\" alt=\"\" width=\"750\" height=\"483\" srcset=\"https:\/\/www.franz-josef.cz\/wp-content\/uploads\/2023\/09\/LIB.-ST.-HARC.-3.jpg 750w, https:\/\/www.franz-josef.cz\/wp-content\/uploads\/2023\/09\/LIB.-ST.-HARC.-3-300x193.jpg 300w\" sizes=\"(max-width: 750px) 100vw, 750px\" \/><\/noscript><\/p>","protected":false},"author":5,"featured_media":52630,"template":"","zarazeno-v-expozici":[252],"class_list":["post-52628","exponaty","type-exponaty","status-publish","has-post-thumbnail","hentry","zarazeno-v-expozici-sochy-a-pomniky-badatelska-cinnost-jiriho-danka"],"yoast_head":"<!-- This site is optimized with the Yoast SEO Premium plugin v20.12 (Yoast SEO v27.2) - https:\/\/yoast.com\/product\/yoast-seo-premium-wordpress\/ -->\n<title>LIBEREC STAR\u00dd HARCOV &#8212; Muzeum c\u00edsa\u0159e Franz Josefa I.<\/title>\n<meta name=\"robots\" content=\"index, follow, max-snippet:-1, max-image-preview:large, max-video-preview:-1\" \/>\n<link rel=\"canonical\" href=\"https:\/\/www.franz-josef.cz\/en\/exponaty\/liberec-stary-harcov\/\" \/>\n<meta property=\"og:locale\" content=\"en_GB\" \/>\n<meta property=\"og:type\" content=\"article\" \/>\n<meta property=\"og:title\" content=\"LIBEREC STAR\u00dd HARCOV\" \/>\n<meta property=\"og:description\" content=\"Pam\u011btn\u00ed k\u00e1men c\u00edsa\u0159e FJI st\u00e1l \u00a0p\u0159ed kostelem Nav\u0161t\u00edven\u00ed Panny Marie ve Star\u00e9m Harcov\u011b. &nbsp; \u00davodn\u00ed fotografie pam\u011btn\u00edho kamene FJI je naprost\u00e1 bomba. Vystavil ji 5.2.2017 na facebooku Alt Harzdorf pan Sl\u00e1dek. Dosud se v\u0161ude psalo, \u017ee \u017e\u00e1dn\u00e1 fotografie pam\u011btn\u00edho kamene neexistuje. Zase jedna nejasnost odstran\u011bna. Pokud to nezpochybn\u00ed n\u011bkdo z erudovan\u00fdch historik\u016f. Pam\u011btn\u00ed k\u00e1men c\u00edsa\u0159e [&hellip;]\" \/>\n<meta property=\"og:url\" content=\"https:\/\/www.franz-josef.cz\/en\/exponaty\/liberec-stary-harcov\/\" \/>\n<meta property=\"og:site_name\" content=\"Muzeum c\u00edsa\u0159e Franz Josefa I.\" \/>\n<meta property=\"article:modified_time\" content=\"2024-02-08T15:04:48+00:00\" \/>\n<meta property=\"og:image\" content=\"https:\/\/www.franz-josef.cz\/wp-content\/uploads\/2023\/09\/LIB.-ST.-HARC.-1.jpg\" \/>\n\t<meta property=\"og:image:width\" content=\"750\" \/>\n\t<meta property=\"og:image:height\" content=\"493\" \/>\n\t<meta property=\"og:image:type\" content=\"image\/jpeg\" \/>\n<meta name=\"twitter:card\" content=\"summary_large_image\" \/>\n<meta name=\"twitter:label1\" content=\"Estimated reading time\" \/>\n\t<meta name=\"twitter:data1\" content=\"2 minutes\" \/>\n<script type=\"application\/ld+json\" class=\"yoast-schema-graph\">{\"@context\":\"https:\/\/schema.org\",\"@graph\":[{\"@type\":\"WebPage\",\"@id\":\"https:\/\/www.franz-josef.cz\/exponaty\/liberec-stary-harcov\/\",\"url\":\"https:\/\/www.franz-josef.cz\/exponaty\/liberec-stary-harcov\/\",\"name\":\"LIBEREC STAR\u00dd HARCOV &#8212; Muzeum c\u00edsa\u0159e Franz Josefa I.\",\"isPartOf\":{\"@id\":\"https:\/\/www.franz-josef.cz\/#website\"},\"primaryImageOfPage\":{\"@id\":\"https:\/\/www.franz-josef.cz\/exponaty\/liberec-stary-harcov\/#primaryimage\"},\"image\":{\"@id\":\"https:\/\/www.franz-josef.cz\/exponaty\/liberec-stary-harcov\/#primaryimage\"},\"thumbnailUrl\":\"https:\/\/www.franz-josef.cz\/wp-content\/uploads\/2023\/09\/LIB.-ST.-HARC.-1.jpg\",\"datePublished\":\"2023-09-01T14:35:07+00:00\",\"dateModified\":\"2024-02-08T15:04:48+00:00\",\"breadcrumb\":{\"@id\":\"https:\/\/www.franz-josef.cz\/exponaty\/liberec-stary-harcov\/#breadcrumb\"},\"inLanguage\":\"en-GB\",\"potentialAction\":[{\"@type\":\"ReadAction\",\"target\":[\"https:\/\/www.franz-josef.cz\/exponaty\/liberec-stary-harcov\/\"]}]},{\"@type\":\"ImageObject\",\"inLanguage\":\"en-GB\",\"@id\":\"https:\/\/www.franz-josef.cz\/exponaty\/liberec-stary-harcov\/#primaryimage\",\"url\":\"https:\/\/www.franz-josef.cz\/wp-content\/uploads\/2023\/09\/LIB.-ST.-HARC.-1.jpg\",\"contentUrl\":\"https:\/\/www.franz-josef.cz\/wp-content\/uploads\/2023\/09\/LIB.-ST.-HARC.-1.jpg\",\"width\":750,\"height\":493},{\"@type\":\"BreadcrumbList\",\"@id\":\"https:\/\/www.franz-josef.cz\/exponaty\/liberec-stary-harcov\/#breadcrumb\",\"itemListElement\":[{\"@type\":\"ListItem\",\"position\":1,\"name\":\"Home\",\"item\":\"https:\/\/www.franz-josef.cz\/\"},{\"@type\":\"ListItem\",\"position\":2,\"name\":\"Expon\u00e1ty\",\"item\":\"https:\/\/www.franz-josef.cz\/exponaty\/\"},{\"@type\":\"ListItem\",\"position\":3,\"name\":\"LIBEREC STAR\u00dd HARCOV\"}]},{\"@type\":\"WebSite\",\"@id\":\"https:\/\/www.franz-josef.cz\/#website\",\"url\":\"https:\/\/www.franz-josef.cz\/\",\"name\":\"Muzeum c\u00edsa\u0159e Franz Josefa I.\",\"description\":\"\",\"publisher\":{\"@id\":\"https:\/\/www.franz-josef.cz\/#organization\"},\"alternateName\":\"Franz Joseph\",\"potentialAction\":[{\"@type\":\"SearchAction\",\"target\":{\"@type\":\"EntryPoint\",\"urlTemplate\":\"https:\/\/www.franz-josef.cz\/?s={search_term_string}\"},\"query-input\":{\"@type\":\"PropertyValueSpecification\",\"valueRequired\":true,\"valueName\":\"search_term_string\"}}],\"inLanguage\":\"en-GB\"},{\"@type\":\"Organization\",\"@id\":\"https:\/\/www.franz-josef.cz\/#organization\",\"name\":\"Muzeum Franz Josefa I.\",\"alternateName\":\"Franz Jozef\",\"url\":\"https:\/\/www.franz-josef.cz\/\",\"logo\":{\"@type\":\"ImageObject\",\"inLanguage\":\"en-GB\",\"@id\":\"https:\/\/www.franz-josef.cz\/#\/schema\/logo\/image\/\",\"url\":\"https:\/\/www.franz-josef.cz\/wp-content\/uploads\/2023\/08\/Muzeum-Franz-Jozef-logo-696x696-1.png\",\"contentUrl\":\"https:\/\/www.franz-josef.cz\/wp-content\/uploads\/2023\/08\/Muzeum-Franz-Jozef-logo-696x696-1.png\",\"width\":696,\"height\":696,\"caption\":\"Muzeum Franz Josefa I.\"},\"image\":{\"@id\":\"https:\/\/www.franz-josef.cz\/#\/schema\/logo\/image\/\"}}]}<\/script>\n<!-- \/ Yoast SEO Premium plugin. -->","yoast_head_json":{"title":"LIBEREC STAR\u00dd HARCOV &#8212; Muzeum c\u00edsa\u0159e Franz Josefa I.","robots":{"index":"index","follow":"follow","max-snippet":"max-snippet:-1","max-image-preview":"max-image-preview:large","max-video-preview":"max-video-preview:-1"},"canonical":"https:\/\/www.franz-josef.cz\/en\/exponaty\/liberec-stary-harcov\/","og_locale":"en_GB","og_type":"article","og_title":"LIBEREC STAR\u00dd HARCOV","og_description":"Pam\u011btn\u00ed k\u00e1men c\u00edsa\u0159e FJI st\u00e1l \u00a0p\u0159ed kostelem Nav\u0161t\u00edven\u00ed Panny Marie ve Star\u00e9m Harcov\u011b. &nbsp; \u00davodn\u00ed fotografie pam\u011btn\u00edho kamene FJI je naprost\u00e1 bomba. Vystavil ji 5.2.2017 na facebooku Alt Harzdorf pan Sl\u00e1dek. Dosud se v\u0161ude psalo, \u017ee \u017e\u00e1dn\u00e1 fotografie pam\u011btn\u00edho kamene neexistuje. Zase jedna nejasnost odstran\u011bna. Pokud to nezpochybn\u00ed n\u011bkdo z erudovan\u00fdch historik\u016f. Pam\u011btn\u00ed k\u00e1men c\u00edsa\u0159e [&hellip;]","og_url":"https:\/\/www.franz-josef.cz\/en\/exponaty\/liberec-stary-harcov\/","og_site_name":"Muzeum c\u00edsa\u0159e Franz Josefa I.","article_modified_time":"2024-02-08T15:04:48+00:00","og_image":[{"width":750,"height":493,"url":"https:\/\/www.franz-josef.cz\/wp-content\/uploads\/2023\/09\/LIB.-ST.-HARC.-1.jpg","type":"image\/jpeg"}],"twitter_card":"summary_large_image","twitter_misc":{"Estimated reading time":"2 minutes"},"schema":{"@context":"https:\/\/schema.org","@graph":[{"@type":"WebPage","@id":"https:\/\/www.franz-josef.cz\/exponaty\/liberec-stary-harcov\/","url":"https:\/\/www.franz-josef.cz\/exponaty\/liberec-stary-harcov\/","name":"LIBEREC STAR\u00dd HARCOV &#8212; Muzeum c\u00edsa\u0159e Franz Josefa I.","isPartOf":{"@id":"https:\/\/www.franz-josef.cz\/#website"},"primaryImageOfPage":{"@id":"https:\/\/www.franz-josef.cz\/exponaty\/liberec-stary-harcov\/#primaryimage"},"image":{"@id":"https:\/\/www.franz-josef.cz\/exponaty\/liberec-stary-harcov\/#primaryimage"},"thumbnailUrl":"https:\/\/www.franz-josef.cz\/wp-content\/uploads\/2023\/09\/LIB.-ST.-HARC.-1.jpg","datePublished":"2023-09-01T14:35:07+00:00","dateModified":"2024-02-08T15:04:48+00:00","breadcrumb":{"@id":"https:\/\/www.franz-josef.cz\/exponaty\/liberec-stary-harcov\/#breadcrumb"},"inLanguage":"en-GB","potentialAction":[{"@type":"ReadAction","target":["https:\/\/www.franz-josef.cz\/exponaty\/liberec-stary-harcov\/"]}]},{"@type":"ImageObject","inLanguage":"en-GB","@id":"https:\/\/www.franz-josef.cz\/exponaty\/liberec-stary-harcov\/#primaryimage","url":"https:\/\/www.franz-josef.cz\/wp-content\/uploads\/2023\/09\/LIB.-ST.-HARC.-1.jpg","contentUrl":"https:\/\/www.franz-josef.cz\/wp-content\/uploads\/2023\/09\/LIB.-ST.-HARC.-1.jpg","width":750,"height":493},{"@type":"BreadcrumbList","@id":"https:\/\/www.franz-josef.cz\/exponaty\/liberec-stary-harcov\/#breadcrumb","itemListElement":[{"@type":"ListItem","position":1,"name":"Home","item":"https:\/\/www.franz-josef.cz\/"},{"@type":"ListItem","position":2,"name":"Expon\u00e1ty","item":"https:\/\/www.franz-josef.cz\/exponaty\/"},{"@type":"ListItem","position":3,"name":"LIBEREC STAR\u00dd HARCOV"}]},{"@type":"WebSite","@id":"https:\/\/www.franz-josef.cz\/#website","url":"https:\/\/www.franz-josef.cz\/","name":"Muzeum c\u00edsa\u0159e Franz Josefa I.","description":"","publisher":{"@id":"https:\/\/www.franz-josef.cz\/#organization"},"alternateName":"Franz Joseph","potentialAction":[{"@type":"SearchAction","target":{"@type":"EntryPoint","urlTemplate":"https:\/\/www.franz-josef.cz\/?s={search_term_string}"},"query-input":{"@type":"PropertyValueSpecification","valueRequired":true,"valueName":"search_term_string"}}],"inLanguage":"en-GB"},{"@type":"Organization","@id":"https:\/\/www.franz-josef.cz\/#organization","name":"Muzeum Franz Josefa I.","alternateName":"Franz Jozef","url":"https:\/\/www.franz-josef.cz\/","logo":{"@type":"ImageObject","inLanguage":"en-GB","@id":"https:\/\/www.franz-josef.cz\/#\/schema\/logo\/image\/","url":"https:\/\/www.franz-josef.cz\/wp-content\/uploads\/2023\/08\/Muzeum-Franz-Jozef-logo-696x696-1.png","contentUrl":"https:\/\/www.franz-josef.cz\/wp-content\/uploads\/2023\/08\/Muzeum-Franz-Jozef-logo-696x696-1.png","width":696,"height":696,"caption":"Muzeum Franz Josefa I."},"image":{"@id":"https:\/\/www.franz-josef.cz\/#\/schema\/logo\/image\/"}}]}},"_links":{"self":[{"href":"https:\/\/www.franz-josef.cz\/en\/wp-json\/wp\/v2\/exponaty\/52628","targetHints":{"allow":["GET"]}}],"collection":[{"href":"https:\/\/www.franz-josef.cz\/en\/wp-json\/wp\/v2\/exponaty"}],"about":[{"href":"https:\/\/www.franz-josef.cz\/en\/wp-json\/wp\/v2\/types\/exponaty"}],"author":[{"embeddable":true,"href":"https:\/\/www.franz-josef.cz\/en\/wp-json\/wp\/v2\/users\/5"}],"version-history":[{"count":2,"href":"https:\/\/www.franz-josef.cz\/en\/wp-json\/wp\/v2\/exponaty\/52628\/revisions"}],"predecessor-version":[{"id":52634,"href":"https:\/\/www.franz-josef.cz\/en\/wp-json\/wp\/v2\/exponaty\/52628\/revisions\/52634"}],"wp:featuredmedia":[{"embeddable":true,"href":"https:\/\/www.franz-josef.cz\/en\/wp-json\/wp\/v2\/media\/52630"}],"wp:attachment":[{"href":"https:\/\/www.franz-josef.cz\/en\/wp-json\/wp\/v2\/media?parent=52628"}],"wp:term":[{"taxonomy":"zarazeno-v-expozici","embeddable":true,"href":"https:\/\/www.franz-josef.cz\/en\/wp-json\/wp\/v2\/zarazeno-v-expozici?post=52628"}],"curies":[{"name":"wp","href":"https:\/\/api.w.org\/{rel}","templated":true}]}}