{"id":52772,"date":"2023-09-03T11:42:49","date_gmt":"2023-09-03T09:42:49","guid":{"rendered":"https:\/\/www.franz-josef.cz\/?post_type=exponaty&#038;p=52772"},"modified":"2024-02-08T16:04:34","modified_gmt":"2024-02-08T15:04:34","slug":"sychrov","status":"publish","type":"exponaty","link":"https:\/\/www.franz-josef.cz\/en\/exponaty\/sychrov\/","title":{"rendered":"SYCHROV"},"content":{"rendered":"<div class=\"abstract\">\n<h1>Memorial plaques in the castle chapel commemorate the visit of Emperor FJI and Crown Prince Rudolf.<\/h1>\n<\/div>\n<p>&nbsp;<\/p>\n<p>&nbsp;<\/p>\n<p>&nbsp;<\/p>\n<div class=\"content\">\n<p>Sychrov Castle is located in the village of the same name in the Liberec Region, 16 km south of Liberec and 6 km northwest of Turnov.<\/p>\n<p>Z\u00e1mek Sychrov nav\u0161t\u00edvil c\u00edsa\u0159 FJI v roce 1866 a jeho syn, korunn\u00ed princ Rudolf, v roce 1871 a 1880.<br \/>\nN\u00e1v\u0161t\u011bvy c\u00edsa\u0159e a korunn\u00edho prince p\u0159ipom\u00ednaj\u00ed dv\u011b pam\u011btn\u00ed desky v z\u00e1meck\u00e9 kapli. Tyto pam\u011btn\u00ed desky jsou unik\u00e1tn\u00ed t\u00edm, \u017ee jsou dvoujazy\u010dn\u00e9. V jedn\u00e9 \u010d\u00e1sti je text vysek\u00e1n \u010desky a ve druh\u00e9 \u010d\u00e1sti n\u011bmecky. Deska na pam\u011b\u0165 korunn\u00edho prince Rudolfa je vedle schod\u016f na kazatelnu, deska p\u0159ipom\u00ednaj\u00edc\u00ed n\u00e1v\u0161t\u011bvu c\u00edsa\u0159e je prot\u011bj\u0161\u00ed stran\u011b kaple. Kaple nen\u00ed b\u011b\u017en\u011b p\u0159\u00edstupn\u00e1, ale prob\u00edhaj\u00ed v n\u00ed svatebn\u00ed ob\u0159ady.<\/p>\n<p>The bachelor thesis of Petra Ma\u0165\u00e1tkov\u00e1 from the Faculty of Philosophy of the University of Pardubice is about the Sychrov castle and its memorial book.<\/p>\n<p>Sychrov commemorative book Life of the Rohans in Sychrov in the years 1820 \u2013 1892<\/p>\n<p>The description of the emperor's visit is also in Prousk's chronicle of the village of Svijany, page 134: On November 1, J.V. Holy Mass in the Castle Chapel, which is commemorated by a plaque with the following inscription:<\/p>\n<p><strong>J.V. On November 1, 1866, Francis Joseph I, Emperor of Austria and King of Bohemia, heard Holy Mass in this chapel. God bless him, St. Maria protect him.<\/strong><\/p>\n<p>Text on the memorial plaque of Crown Prince Rudolph:<\/p>\n<p>His Imperial Highness<br \/>\nthe brightest crown prince<br \/>\nRudolf<br \/>\nhe spoke<br \/>\nfor the first time on the morning of July 10, 1871<br \/>\na<br \/>\nthe second time on the evening of December 8, 1880<br \/>\nto visit this chapel.<br \/>\nGod help us to preserve Him.<br \/>\nIn the protection of your mighty one always have Him.<\/p>\n<\/div>\n<p>&nbsp;<\/p>\n<p><img fetchpriority=\"high\" decoding=\"async\" class=\"alignnone size-full wp-image-52774\" src=\"https:\/\/www.franz-josef.cz\/wp-content\/uploads\/2023\/09\/SYCHROV-1.jpg\" alt=\"\" width=\"750\" height=\"565\" srcset=\"https:\/\/www.franz-josef.cz\/wp-content\/uploads\/2023\/09\/SYCHROV-1.jpg 750w, https:\/\/www.franz-josef.cz\/wp-content\/uploads\/2023\/09\/SYCHROV-1-300x226.jpg 300w\" sizes=\"(max-width: 750px) 100vw, 750px\" \/> <img decoding=\"async\" class=\"alignnone size-full wp-image-52775 lazyload\" data-src=\"https:\/\/www.franz-josef.cz\/wp-content\/uploads\/2023\/09\/SYCHROV-2.jpg\" alt=\"\" width=\"750\" height=\"500\" data-srcset=\"https:\/\/www.franz-josef.cz\/wp-content\/uploads\/2023\/09\/SYCHROV-2.jpg 750w, https:\/\/www.franz-josef.cz\/wp-content\/uploads\/2023\/09\/SYCHROV-2-300x200.jpg 300w\" data-sizes=\"(max-width: 750px) 100vw, 750px\" src=\"data:image\/gif;base64,R0lGODlhAQABAAAAACH5BAEKAAEALAAAAAABAAEAAAICTAEAOw==\" style=\"--smush-placeholder-width: 750px; --smush-placeholder-aspect-ratio: 750\/500;\" \/><noscript><img decoding=\"async\" class=\"alignnone size-full wp-image-52775\" src=\"https:\/\/www.franz-josef.cz\/wp-content\/uploads\/2023\/09\/SYCHROV-2.jpg\" alt=\"\" width=\"750\" height=\"500\" srcset=\"https:\/\/www.franz-josef.cz\/wp-content\/uploads\/2023\/09\/SYCHROV-2.jpg 750w, https:\/\/www.franz-josef.cz\/wp-content\/uploads\/2023\/09\/SYCHROV-2-300x200.jpg 300w\" sizes=\"(max-width: 750px) 100vw, 750px\" \/><\/noscript> <img decoding=\"async\" class=\"alignnone size-full wp-image-52776 lazyload\" data-src=\"https:\/\/www.franz-josef.cz\/wp-content\/uploads\/2023\/09\/SYCHROV-3.jpg\" alt=\"\" width=\"750\" height=\"501\" data-srcset=\"https:\/\/www.franz-josef.cz\/wp-content\/uploads\/2023\/09\/SYCHROV-3.jpg 750w, https:\/\/www.franz-josef.cz\/wp-content\/uploads\/2023\/09\/SYCHROV-3-300x200.jpg 300w\" data-sizes=\"(max-width: 750px) 100vw, 750px\" src=\"data:image\/gif;base64,R0lGODlhAQABAAAAACH5BAEKAAEALAAAAAABAAEAAAICTAEAOw==\" style=\"--smush-placeholder-width: 750px; --smush-placeholder-aspect-ratio: 750\/501;\" \/><noscript><img decoding=\"async\" class=\"alignnone size-full wp-image-52776\" src=\"https:\/\/www.franz-josef.cz\/wp-content\/uploads\/2023\/09\/SYCHROV-3.jpg\" alt=\"\" width=\"750\" height=\"501\" srcset=\"https:\/\/www.franz-josef.cz\/wp-content\/uploads\/2023\/09\/SYCHROV-3.jpg 750w, https:\/\/www.franz-josef.cz\/wp-content\/uploads\/2023\/09\/SYCHROV-3-300x200.jpg 300w\" sizes=\"(max-width: 750px) 100vw, 750px\" \/><\/noscript><\/p>","protected":false},"author":5,"featured_media":52775,"template":"","zarazeno-v-expozici":[252],"class_list":["post-52772","exponaty","type-exponaty","status-publish","has-post-thumbnail","hentry","zarazeno-v-expozici-sochy-a-pomniky-badatelska-cinnost-jiriho-danka"],"yoast_head":"<!-- This site is optimized with the Yoast SEO Premium plugin v20.12 (Yoast SEO v27.2) - https:\/\/yoast.com\/product\/yoast-seo-premium-wordpress\/ -->\n<title>SYCHROV &#8212; Muzeum c\u00edsa\u0159e Franz Josefa I.<\/title>\n<meta name=\"robots\" content=\"index, follow, max-snippet:-1, max-image-preview:large, max-video-preview:-1\" \/>\n<link rel=\"canonical\" href=\"https:\/\/www.franz-josef.cz\/en\/exponaty\/sychrov\/\" \/>\n<meta property=\"og:locale\" content=\"en_GB\" \/>\n<meta property=\"og:type\" content=\"article\" \/>\n<meta property=\"og:title\" content=\"SYCHROV\" \/>\n<meta property=\"og:description\" content=\"Pam\u011btn\u00ed desky v z\u00e1meck\u00e9 kapli p\u0159ipom\u00ednaj\u00ed n\u00e1v\u0161t\u011bvu c\u00edsa\u0159e FJI i korunn\u00edho prince Rudolfa. &nbsp; &nbsp; &nbsp; Z\u00e1mek Sychrov se nach\u00e1z\u00ed ve stejnojmenn\u00e9 obci v Libereck\u00e9m kraji, 16 km ji\u017en\u011b od Liberce a 6 km severoz\u00e1padn\u011b od Turnova. Z\u00e1mek Sychrov nav\u0161t\u00edvil c\u00edsa\u0159 FJI v roce 1866 a jeho syn, korunn\u00ed princ Rudolf, v roce 1871 a [&hellip;]\" \/>\n<meta property=\"og:url\" content=\"https:\/\/www.franz-josef.cz\/en\/exponaty\/sychrov\/\" \/>\n<meta property=\"og:site_name\" content=\"Muzeum c\u00edsa\u0159e Franz Josefa I.\" \/>\n<meta property=\"article:modified_time\" content=\"2024-02-08T15:04:34+00:00\" \/>\n<meta property=\"og:image\" content=\"https:\/\/www.franz-josef.cz\/wp-content\/uploads\/2023\/09\/SYCHROV-2.jpg\" \/>\n\t<meta property=\"og:image:width\" content=\"750\" \/>\n\t<meta property=\"og:image:height\" content=\"500\" \/>\n\t<meta property=\"og:image:type\" content=\"image\/jpeg\" \/>\n<meta name=\"twitter:card\" content=\"summary_large_image\" \/>\n<meta name=\"twitter:label1\" content=\"Estimated reading time\" \/>\n\t<meta name=\"twitter:data1\" content=\"2 minutes\" \/>\n<script type=\"application\/ld+json\" class=\"yoast-schema-graph\">{\"@context\":\"https:\/\/schema.org\",\"@graph\":[{\"@type\":\"WebPage\",\"@id\":\"https:\/\/www.franz-josef.cz\/exponaty\/sychrov\/\",\"url\":\"https:\/\/www.franz-josef.cz\/exponaty\/sychrov\/\",\"name\":\"SYCHROV &#8212; Muzeum c\u00edsa\u0159e Franz Josefa I.\",\"isPartOf\":{\"@id\":\"https:\/\/www.franz-josef.cz\/#website\"},\"primaryImageOfPage\":{\"@id\":\"https:\/\/www.franz-josef.cz\/exponaty\/sychrov\/#primaryimage\"},\"image\":{\"@id\":\"https:\/\/www.franz-josef.cz\/exponaty\/sychrov\/#primaryimage\"},\"thumbnailUrl\":\"https:\/\/www.franz-josef.cz\/wp-content\/uploads\/2023\/09\/SYCHROV-2.jpg\",\"datePublished\":\"2023-09-03T09:42:49+00:00\",\"dateModified\":\"2024-02-08T15:04:34+00:00\",\"breadcrumb\":{\"@id\":\"https:\/\/www.franz-josef.cz\/exponaty\/sychrov\/#breadcrumb\"},\"inLanguage\":\"en-GB\",\"potentialAction\":[{\"@type\":\"ReadAction\",\"target\":[\"https:\/\/www.franz-josef.cz\/exponaty\/sychrov\/\"]}]},{\"@type\":\"ImageObject\",\"inLanguage\":\"en-GB\",\"@id\":\"https:\/\/www.franz-josef.cz\/exponaty\/sychrov\/#primaryimage\",\"url\":\"https:\/\/www.franz-josef.cz\/wp-content\/uploads\/2023\/09\/SYCHROV-2.jpg\",\"contentUrl\":\"https:\/\/www.franz-josef.cz\/wp-content\/uploads\/2023\/09\/SYCHROV-2.jpg\",\"width\":750,\"height\":500},{\"@type\":\"BreadcrumbList\",\"@id\":\"https:\/\/www.franz-josef.cz\/exponaty\/sychrov\/#breadcrumb\",\"itemListElement\":[{\"@type\":\"ListItem\",\"position\":1,\"name\":\"Home\",\"item\":\"https:\/\/www.franz-josef.cz\/\"},{\"@type\":\"ListItem\",\"position\":2,\"name\":\"Expon\u00e1ty\",\"item\":\"https:\/\/www.franz-josef.cz\/exponaty\/\"},{\"@type\":\"ListItem\",\"position\":3,\"name\":\"SYCHROV\"}]},{\"@type\":\"WebSite\",\"@id\":\"https:\/\/www.franz-josef.cz\/#website\",\"url\":\"https:\/\/www.franz-josef.cz\/\",\"name\":\"Muzeum c\u00edsa\u0159e Franz Josefa I.\",\"description\":\"\",\"publisher\":{\"@id\":\"https:\/\/www.franz-josef.cz\/#organization\"},\"alternateName\":\"Franz Joseph\",\"potentialAction\":[{\"@type\":\"SearchAction\",\"target\":{\"@type\":\"EntryPoint\",\"urlTemplate\":\"https:\/\/www.franz-josef.cz\/?s={search_term_string}\"},\"query-input\":{\"@type\":\"PropertyValueSpecification\",\"valueRequired\":true,\"valueName\":\"search_term_string\"}}],\"inLanguage\":\"en-GB\"},{\"@type\":\"Organization\",\"@id\":\"https:\/\/www.franz-josef.cz\/#organization\",\"name\":\"Muzeum Franz Josefa I.\",\"alternateName\":\"Franz Jozef\",\"url\":\"https:\/\/www.franz-josef.cz\/\",\"logo\":{\"@type\":\"ImageObject\",\"inLanguage\":\"en-GB\",\"@id\":\"https:\/\/www.franz-josef.cz\/#\/schema\/logo\/image\/\",\"url\":\"https:\/\/www.franz-josef.cz\/wp-content\/uploads\/2023\/08\/Muzeum-Franz-Jozef-logo-696x696-1.png\",\"contentUrl\":\"https:\/\/www.franz-josef.cz\/wp-content\/uploads\/2023\/08\/Muzeum-Franz-Jozef-logo-696x696-1.png\",\"width\":696,\"height\":696,\"caption\":\"Muzeum Franz Josefa I.\"},\"image\":{\"@id\":\"https:\/\/www.franz-josef.cz\/#\/schema\/logo\/image\/\"}}]}<\/script>\n<!-- \/ Yoast SEO Premium plugin. -->","yoast_head_json":{"title":"SYCHROV &#8212; Muzeum c\u00edsa\u0159e Franz Josefa I.","robots":{"index":"index","follow":"follow","max-snippet":"max-snippet:-1","max-image-preview":"max-image-preview:large","max-video-preview":"max-video-preview:-1"},"canonical":"https:\/\/www.franz-josef.cz\/en\/exponaty\/sychrov\/","og_locale":"en_GB","og_type":"article","og_title":"SYCHROV","og_description":"Pam\u011btn\u00ed desky v z\u00e1meck\u00e9 kapli p\u0159ipom\u00ednaj\u00ed n\u00e1v\u0161t\u011bvu c\u00edsa\u0159e FJI i korunn\u00edho prince Rudolfa. &nbsp; &nbsp; &nbsp; Z\u00e1mek Sychrov se nach\u00e1z\u00ed ve stejnojmenn\u00e9 obci v Libereck\u00e9m kraji, 16 km ji\u017en\u011b od Liberce a 6 km severoz\u00e1padn\u011b od Turnova. Z\u00e1mek Sychrov nav\u0161t\u00edvil c\u00edsa\u0159 FJI v roce 1866 a jeho syn, korunn\u00ed princ Rudolf, v roce 1871 a [&hellip;]","og_url":"https:\/\/www.franz-josef.cz\/en\/exponaty\/sychrov\/","og_site_name":"Muzeum c\u00edsa\u0159e Franz Josefa I.","article_modified_time":"2024-02-08T15:04:34+00:00","og_image":[{"width":750,"height":500,"url":"https:\/\/www.franz-josef.cz\/wp-content\/uploads\/2023\/09\/SYCHROV-2.jpg","type":"image\/jpeg"}],"twitter_card":"summary_large_image","twitter_misc":{"Estimated reading time":"2 minutes"},"schema":{"@context":"https:\/\/schema.org","@graph":[{"@type":"WebPage","@id":"https:\/\/www.franz-josef.cz\/exponaty\/sychrov\/","url":"https:\/\/www.franz-josef.cz\/exponaty\/sychrov\/","name":"SYCHROV &#8212; Muzeum c\u00edsa\u0159e Franz Josefa I.","isPartOf":{"@id":"https:\/\/www.franz-josef.cz\/#website"},"primaryImageOfPage":{"@id":"https:\/\/www.franz-josef.cz\/exponaty\/sychrov\/#primaryimage"},"image":{"@id":"https:\/\/www.franz-josef.cz\/exponaty\/sychrov\/#primaryimage"},"thumbnailUrl":"https:\/\/www.franz-josef.cz\/wp-content\/uploads\/2023\/09\/SYCHROV-2.jpg","datePublished":"2023-09-03T09:42:49+00:00","dateModified":"2024-02-08T15:04:34+00:00","breadcrumb":{"@id":"https:\/\/www.franz-josef.cz\/exponaty\/sychrov\/#breadcrumb"},"inLanguage":"en-GB","potentialAction":[{"@type":"ReadAction","target":["https:\/\/www.franz-josef.cz\/exponaty\/sychrov\/"]}]},{"@type":"ImageObject","inLanguage":"en-GB","@id":"https:\/\/www.franz-josef.cz\/exponaty\/sychrov\/#primaryimage","url":"https:\/\/www.franz-josef.cz\/wp-content\/uploads\/2023\/09\/SYCHROV-2.jpg","contentUrl":"https:\/\/www.franz-josef.cz\/wp-content\/uploads\/2023\/09\/SYCHROV-2.jpg","width":750,"height":500},{"@type":"BreadcrumbList","@id":"https:\/\/www.franz-josef.cz\/exponaty\/sychrov\/#breadcrumb","itemListElement":[{"@type":"ListItem","position":1,"name":"Home","item":"https:\/\/www.franz-josef.cz\/"},{"@type":"ListItem","position":2,"name":"Expon\u00e1ty","item":"https:\/\/www.franz-josef.cz\/exponaty\/"},{"@type":"ListItem","position":3,"name":"SYCHROV"}]},{"@type":"WebSite","@id":"https:\/\/www.franz-josef.cz\/#website","url":"https:\/\/www.franz-josef.cz\/","name":"Muzeum c\u00edsa\u0159e Franz Josefa I.","description":"","publisher":{"@id":"https:\/\/www.franz-josef.cz\/#organization"},"alternateName":"Franz Joseph","potentialAction":[{"@type":"SearchAction","target":{"@type":"EntryPoint","urlTemplate":"https:\/\/www.franz-josef.cz\/?s={search_term_string}"},"query-input":{"@type":"PropertyValueSpecification","valueRequired":true,"valueName":"search_term_string"}}],"inLanguage":"en-GB"},{"@type":"Organization","@id":"https:\/\/www.franz-josef.cz\/#organization","name":"Muzeum Franz Josefa I.","alternateName":"Franz Jozef","url":"https:\/\/www.franz-josef.cz\/","logo":{"@type":"ImageObject","inLanguage":"en-GB","@id":"https:\/\/www.franz-josef.cz\/#\/schema\/logo\/image\/","url":"https:\/\/www.franz-josef.cz\/wp-content\/uploads\/2023\/08\/Muzeum-Franz-Jozef-logo-696x696-1.png","contentUrl":"https:\/\/www.franz-josef.cz\/wp-content\/uploads\/2023\/08\/Muzeum-Franz-Jozef-logo-696x696-1.png","width":696,"height":696,"caption":"Muzeum Franz Josefa I."},"image":{"@id":"https:\/\/www.franz-josef.cz\/#\/schema\/logo\/image\/"}}]}},"_links":{"self":[{"href":"https:\/\/www.franz-josef.cz\/en\/wp-json\/wp\/v2\/exponaty\/52772","targetHints":{"allow":["GET"]}}],"collection":[{"href":"https:\/\/www.franz-josef.cz\/en\/wp-json\/wp\/v2\/exponaty"}],"about":[{"href":"https:\/\/www.franz-josef.cz\/en\/wp-json\/wp\/v2\/types\/exponaty"}],"author":[{"embeddable":true,"href":"https:\/\/www.franz-josef.cz\/en\/wp-json\/wp\/v2\/users\/5"}],"version-history":[{"count":1,"href":"https:\/\/www.franz-josef.cz\/en\/wp-json\/wp\/v2\/exponaty\/52772\/revisions"}],"predecessor-version":[{"id":52777,"href":"https:\/\/www.franz-josef.cz\/en\/wp-json\/wp\/v2\/exponaty\/52772\/revisions\/52777"}],"wp:featuredmedia":[{"embeddable":true,"href":"https:\/\/www.franz-josef.cz\/en\/wp-json\/wp\/v2\/media\/52775"}],"wp:attachment":[{"href":"https:\/\/www.franz-josef.cz\/en\/wp-json\/wp\/v2\/media?parent=52772"}],"wp:term":[{"taxonomy":"zarazeno-v-expozici","embeddable":true,"href":"https:\/\/www.franz-josef.cz\/en\/wp-json\/wp\/v2\/zarazeno-v-expozici?post=52772"}],"curies":[{"name":"wp","href":"https:\/\/api.w.org\/{rel}","templated":true}]}}