{"id":7793,"date":"2023-03-28T16:29:21","date_gmt":"2023-03-28T14:29:21","guid":{"rendered":"https:\/\/www.franz-josef.cz\/?post_type=expozice&#038;p=7793"},"modified":"2024-01-07T18:46:09","modified_gmt":"2024-01-07T17:46:09","slug":"hymna-monarchie","status":"publish","type":"expozice","link":"https:\/\/www.franz-josef.cz\/en\/expozice\/hymna-monarchie\/","title":{"rendered":"Anthem of the Austro-Hungarian Monarchy \/ stolen anthem by Germany"},"content":{"rendered":"<div data-elementor-type=\"wp-post\" data-elementor-id=\"7793\" class=\"elementor elementor-7793\" data-elementor-post-type=\"expozice\">\n\t\t\t\t\t\t<section data-particle_enable=\"false\" data-particle-mobile-disabled=\"false\" class=\"elementor-section elementor-top-section elementor-element elementor-element-0bd5121 elementor-section-boxed elementor-section-height-default elementor-section-height-default\" data-id=\"0bd5121\" data-element_type=\"section\" data-e-type=\"section\">\n\t\t\t\t\t\t<div class=\"elementor-container elementor-column-gap-default\">\n\t\t\t\t\t<div class=\"elementor-column elementor-col-100 elementor-top-column elementor-element elementor-element-6a62420\" data-id=\"6a62420\" data-element_type=\"column\" data-e-type=\"column\">\n\t\t\t<div class=\"elementor-widget-wrap elementor-element-populated\">\n\t\t\t\t\t\t<div class=\"elementor-element elementor-element-5b7a4c3 elementor-widget elementor-widget-text-editor\" data-id=\"5b7a4c3\" data-element_type=\"widget\" data-e-type=\"widget\" data-widget_type=\"text-editor.default\">\n\t\t\t\t<div class=\"elementor-widget-container\">\n\t\t\t\t\t\t\t\t\t<h3 class=\"style-scope ytd-watch-metadata\">Anthem of Austria-Hungary in Czech<\/h3>\t\t\t\t\t\t\t\t<\/div>\n\t\t\t\t<\/div>\n\t\t\t\t<div class=\"elementor-element elementor-element-b30525e elementor-widget elementor-widget-video\" data-id=\"b30525e\" data-element_type=\"widget\" data-e-type=\"widget\" data-settings=\"{&quot;youtube_url&quot;:&quot;https:\\\/\\\/www.youtube.com\\\/watch?v=BNQiFxfR-QA&quot;,&quot;video_type&quot;:&quot;youtube&quot;,&quot;controls&quot;:&quot;yes&quot;}\" data-widget_type=\"video.default\">\n\t\t\t\t<div class=\"elementor-widget-container\">\n\t\t\t\t\t\t\t<div class=\"elementor-wrapper elementor-open-inline\">\n\t\t\t<div class=\"elementor-video\"><\/div>\t\t<\/div>\n\t\t\t\t\t\t<\/div>\n\t\t\t\t<\/div>\n\t\t\t\t\t<\/div>\n\t\t<\/div>\n\t\t\t\t\t<\/div>\n\t\t<\/section>\n\t\t\t\t<section data-particle_enable=\"false\" data-particle-mobile-disabled=\"false\" class=\"elementor-section elementor-top-section elementor-element elementor-element-c3cce4c elementor-section-boxed elementor-section-height-default elementor-section-height-default\" data-id=\"c3cce4c\" data-element_type=\"section\" data-e-type=\"section\">\n\t\t\t\t\t\t<div class=\"elementor-container elementor-column-gap-default\">\n\t\t\t\t\t<div class=\"elementor-column elementor-col-100 elementor-top-column elementor-element elementor-element-1e96a9d\" data-id=\"1e96a9d\" data-element_type=\"column\" data-e-type=\"column\">\n\t\t\t<div class=\"elementor-widget-wrap elementor-element-populated\">\n\t\t\t\t\t\t<div class=\"elementor-element elementor-element-f4febe4 elementor-widget elementor-widget-text-editor\" data-id=\"f4febe4\" data-element_type=\"widget\" data-e-type=\"widget\" data-widget_type=\"text-editor.default\">\n\t\t\t\t<div class=\"elementor-widget-container\">\n\t\t\t\t\t\t\t\t\t<h3>Our Austro-Hungarian anthem<\/h3>\t\t\t\t\t\t\t\t<\/div>\n\t\t\t\t<\/div>\n\t\t\t\t\t<\/div>\n\t\t<\/div>\n\t\t\t\t\t<\/div>\n\t\t<\/section>\n\t\t\t\t<section data-particle_enable=\"false\" data-particle-mobile-disabled=\"false\" class=\"elementor-section elementor-top-section elementor-element elementor-element-9c53702 elementor-section-boxed elementor-section-height-default elementor-section-height-default\" data-id=\"9c53702\" data-element_type=\"section\" data-e-type=\"section\">\n\t\t\t\t\t\t<div class=\"elementor-container elementor-column-gap-default\">\n\t\t\t\t\t<div class=\"elementor-column elementor-col-100 elementor-top-column elementor-element elementor-element-cf149f5\" data-id=\"cf149f5\" data-element_type=\"column\" data-e-type=\"column\">\n\t\t\t<div class=\"elementor-widget-wrap elementor-element-populated\">\n\t\t\t\t\t\t<div class=\"elementor-element elementor-element-9ff7b8d elementor-widget elementor-widget-video\" data-id=\"9ff7b8d\" data-element_type=\"widget\" data-e-type=\"widget\" data-settings=\"{&quot;youtube_url&quot;:&quot;https:\\\/\\\/www.youtube.com\\\/watch?v=AhfMnlFZHgQ&quot;,&quot;video_type&quot;:&quot;youtube&quot;,&quot;controls&quot;:&quot;yes&quot;}\" data-widget_type=\"video.default\">\n\t\t\t\t<div class=\"elementor-widget-container\">\n\t\t\t\t\t\t\t<div class=\"elementor-wrapper elementor-open-inline\">\n\t\t\t<div class=\"elementor-video\"><\/div>\t\t<\/div>\n\t\t\t\t\t\t<\/div>\n\t\t\t\t<\/div>\n\t\t\t\t<div class=\"elementor-element elementor-element-a0d57da elementor-widget elementor-widget-video\" data-id=\"a0d57da\" data-element_type=\"widget\" data-e-type=\"widget\" data-settings=\"{&quot;youtube_url&quot;:&quot;https:\\\/\\\/www.youtube.com\\\/watch?v=Tw9zXepzEzA&quot;,&quot;video_type&quot;:&quot;youtube&quot;,&quot;controls&quot;:&quot;yes&quot;}\" data-widget_type=\"video.default\">\n\t\t\t\t<div class=\"elementor-widget-container\">\n\t\t\t\t\t\t\t<div class=\"elementor-wrapper elementor-open-inline\">\n\t\t\t<div class=\"elementor-video\"><\/div>\t\t<\/div>\n\t\t\t\t\t\t<\/div>\n\t\t\t\t<\/div>\n\t\t\t\t\t<\/div>\n\t\t<\/div>\n\t\t\t\t\t<\/div>\n\t\t<\/section>\n\t\t\t\t<\/div>","protected":false},"author":3,"featured_media":9173,"parent":0,"template":"","podexpozice":[239],"class_list":["post-7793","expozice","type-expozice","status-publish","has-post-thumbnail","hentry","podexpozice-seznam-hl-expozici"],"yoast_head":"<!-- This site is optimized with the Yoast SEO Premium plugin v20.12 (Yoast SEO v27.2) - https:\/\/yoast.com\/product\/yoast-seo-premium-wordpress\/ -->\n<title>Expozice Hymna Rakousko- Uhersk\u00e9 monarchie \/ ukraden\u00e1 hymna N\u011bmeckem &#8212; Muzeum c\u00edsa\u0159e Franz Josefa I.<\/title>\n<meta name=\"description\" content=\"N\u011bkolik proveden\u00ed Rakousko - Uhersk\u00e9 hymny za doby panov\u00e1n\u00ed c\u00edsa\u0159e Franz Josefa I. . Ka\u017ed\u00fd si hymnu upravoval k obrazu sv\u00e9mu.\" \/>\n<meta name=\"robots\" content=\"index, follow, max-snippet:-1, max-image-preview:large, max-video-preview:-1\" \/>\n<link rel=\"canonical\" href=\"https:\/\/www.franz-josef.cz\/en\/expozice\/hymna-monarchie\/\" \/>\n<meta property=\"og:locale\" content=\"en_GB\" \/>\n<meta property=\"og:type\" content=\"article\" \/>\n<meta property=\"og:title\" content=\"Hymna Rakousko- Uhersk\u00e9 monarchie \/ ukraden\u00e1 hymna N\u011bmeckem\" \/>\n<meta property=\"og:description\" content=\"N\u011bkolik proveden\u00ed Rakousko - Uhersk\u00e9 hymny za doby panov\u00e1n\u00ed c\u00edsa\u0159e Franz Josefa I. . Ka\u017ed\u00fd si hymnu upravoval k obrazu sv\u00e9mu.\" \/>\n<meta property=\"og:url\" content=\"https:\/\/www.franz-josef.cz\/en\/expozice\/hymna-monarchie\/\" \/>\n<meta property=\"og:site_name\" content=\"Muzeum c\u00edsa\u0159e Franz Josefa I.\" \/>\n<meta property=\"article:modified_time\" content=\"2024-01-07T17:46:09+00:00\" \/>\n<meta property=\"og:image\" content=\"https:\/\/www.franz-josef.cz\/wp-content\/uploads\/2023\/03\/obrazok_2023-04-06_120303367-e1680775394152.png\" \/>\n\t<meta property=\"og:image:width\" content=\"509\" \/>\n\t<meta property=\"og:image:height\" content=\"340\" \/>\n\t<meta property=\"og:image:type\" content=\"image\/png\" \/>\n<meta name=\"twitter:card\" content=\"summary_large_image\" \/>\n<meta name=\"twitter:label1\" content=\"Estimated reading time\" \/>\n\t<meta name=\"twitter:data1\" content=\"1 minute\" \/>\n<script type=\"application\/ld+json\" class=\"yoast-schema-graph\">{\"@context\":\"https:\/\/schema.org\",\"@graph\":[{\"@type\":\"WebPage\",\"@id\":\"https:\/\/www.franz-josef.cz\/expozice\/hymna-monarchie\/\",\"url\":\"https:\/\/www.franz-josef.cz\/expozice\/hymna-monarchie\/\",\"name\":\"Expozice Hymna Rakousko- Uhersk\u00e9 monarchie \/ ukraden\u00e1 hymna N\u011bmeckem &#8212; Muzeum c\u00edsa\u0159e Franz Josefa I.\",\"isPartOf\":{\"@id\":\"https:\/\/www.franz-josef.cz\/#website\"},\"primaryImageOfPage\":{\"@id\":\"https:\/\/www.franz-josef.cz\/expozice\/hymna-monarchie\/#primaryimage\"},\"image\":{\"@id\":\"https:\/\/www.franz-josef.cz\/expozice\/hymna-monarchie\/#primaryimage\"},\"thumbnailUrl\":\"https:\/\/www.franz-josef.cz\/wp-content\/uploads\/2023\/03\/obrazok_2023-04-06_120303367-e1680775394152.png\",\"datePublished\":\"2023-03-28T14:29:21+00:00\",\"dateModified\":\"2024-01-07T17:46:09+00:00\",\"description\":\"N\u011bkolik proveden\u00ed Rakousko - Uhersk\u00e9 hymny za doby panov\u00e1n\u00ed c\u00edsa\u0159e Franz Josefa I. . Ka\u017ed\u00fd si hymnu upravoval k obrazu sv\u00e9mu.\",\"breadcrumb\":{\"@id\":\"https:\/\/www.franz-josef.cz\/expozice\/hymna-monarchie\/#breadcrumb\"},\"inLanguage\":\"en-GB\",\"potentialAction\":[{\"@type\":\"ReadAction\",\"target\":[\"https:\/\/www.franz-josef.cz\/expozice\/hymna-monarchie\/\"]}]},{\"@type\":\"ImageObject\",\"inLanguage\":\"en-GB\",\"@id\":\"https:\/\/www.franz-josef.cz\/expozice\/hymna-monarchie\/#primaryimage\",\"url\":\"https:\/\/www.franz-josef.cz\/wp-content\/uploads\/2023\/03\/obrazok_2023-04-06_120303367-e1680775394152.png\",\"contentUrl\":\"https:\/\/www.franz-josef.cz\/wp-content\/uploads\/2023\/03\/obrazok_2023-04-06_120303367-e1680775394152.png\",\"width\":509,\"height\":340},{\"@type\":\"BreadcrumbList\",\"@id\":\"https:\/\/www.franz-josef.cz\/expozice\/hymna-monarchie\/#breadcrumb\",\"itemListElement\":[{\"@type\":\"ListItem\",\"position\":1,\"name\":\"Home\",\"item\":\"https:\/\/www.franz-josef.cz\/\"},{\"@type\":\"ListItem\",\"position\":2,\"name\":\"Expozice\",\"item\":\"https:\/\/www.franz-josef.cz\/expozice\/\"},{\"@type\":\"ListItem\",\"position\":3,\"name\":\"Hymna Rakousko- Uhersk\u00e9 monarchie \/ ukraden\u00e1 hymna N\u011bmeckem\"}]},{\"@type\":\"WebSite\",\"@id\":\"https:\/\/www.franz-josef.cz\/#website\",\"url\":\"https:\/\/www.franz-josef.cz\/\",\"name\":\"Muzeum c\u00edsa\u0159e Franz Josefa I.\",\"description\":\"\",\"publisher\":{\"@id\":\"https:\/\/www.franz-josef.cz\/#organization\"},\"alternateName\":\"Franz Joseph\",\"potentialAction\":[{\"@type\":\"SearchAction\",\"target\":{\"@type\":\"EntryPoint\",\"urlTemplate\":\"https:\/\/www.franz-josef.cz\/?s={search_term_string}\"},\"query-input\":{\"@type\":\"PropertyValueSpecification\",\"valueRequired\":true,\"valueName\":\"search_term_string\"}}],\"inLanguage\":\"en-GB\"},{\"@type\":\"Organization\",\"@id\":\"https:\/\/www.franz-josef.cz\/#organization\",\"name\":\"Muzeum Franz Josefa I.\",\"alternateName\":\"Franz Jozef\",\"url\":\"https:\/\/www.franz-josef.cz\/\",\"logo\":{\"@type\":\"ImageObject\",\"inLanguage\":\"en-GB\",\"@id\":\"https:\/\/www.franz-josef.cz\/#\/schema\/logo\/image\/\",\"url\":\"https:\/\/www.franz-josef.cz\/wp-content\/uploads\/2023\/08\/Muzeum-Franz-Jozef-logo-696x696-1.png\",\"contentUrl\":\"https:\/\/www.franz-josef.cz\/wp-content\/uploads\/2023\/08\/Muzeum-Franz-Jozef-logo-696x696-1.png\",\"width\":696,\"height\":696,\"caption\":\"Muzeum Franz Josefa I.\"},\"image\":{\"@id\":\"https:\/\/www.franz-josef.cz\/#\/schema\/logo\/image\/\"}}]}<\/script>\n<!-- \/ Yoast SEO Premium plugin. -->","yoast_head_json":{"title":"Expozice Hymna Rakousko- Uhersk\u00e9 monarchie \/ ukraden\u00e1 hymna N\u011bmeckem &#8212; Muzeum c\u00edsa\u0159e Franz Josefa I.","description":"N\u011bkolik proveden\u00ed Rakousko - Uhersk\u00e9 hymny za doby panov\u00e1n\u00ed c\u00edsa\u0159e Franz Josefa I. . Ka\u017ed\u00fd si hymnu upravoval k obrazu sv\u00e9mu.","robots":{"index":"index","follow":"follow","max-snippet":"max-snippet:-1","max-image-preview":"max-image-preview:large","max-video-preview":"max-video-preview:-1"},"canonical":"https:\/\/www.franz-josef.cz\/en\/expozice\/hymna-monarchie\/","og_locale":"en_GB","og_type":"article","og_title":"Hymna Rakousko- Uhersk\u00e9 monarchie \/ ukraden\u00e1 hymna N\u011bmeckem","og_description":"N\u011bkolik proveden\u00ed Rakousko - Uhersk\u00e9 hymny za doby panov\u00e1n\u00ed c\u00edsa\u0159e Franz Josefa I. . Ka\u017ed\u00fd si hymnu upravoval k obrazu sv\u00e9mu.","og_url":"https:\/\/www.franz-josef.cz\/en\/expozice\/hymna-monarchie\/","og_site_name":"Muzeum c\u00edsa\u0159e Franz Josefa I.","article_modified_time":"2024-01-07T17:46:09+00:00","og_image":[{"width":509,"height":340,"url":"https:\/\/www.franz-josef.cz\/wp-content\/uploads\/2023\/03\/obrazok_2023-04-06_120303367-e1680775394152.png","type":"image\/png"}],"twitter_card":"summary_large_image","twitter_misc":{"Estimated reading time":"1 minute"},"schema":{"@context":"https:\/\/schema.org","@graph":[{"@type":"WebPage","@id":"https:\/\/www.franz-josef.cz\/expozice\/hymna-monarchie\/","url":"https:\/\/www.franz-josef.cz\/expozice\/hymna-monarchie\/","name":"Expozice Hymna Rakousko- Uhersk\u00e9 monarchie \/ ukraden\u00e1 hymna N\u011bmeckem &#8212; Muzeum c\u00edsa\u0159e Franz Josefa I.","isPartOf":{"@id":"https:\/\/www.franz-josef.cz\/#website"},"primaryImageOfPage":{"@id":"https:\/\/www.franz-josef.cz\/expozice\/hymna-monarchie\/#primaryimage"},"image":{"@id":"https:\/\/www.franz-josef.cz\/expozice\/hymna-monarchie\/#primaryimage"},"thumbnailUrl":"https:\/\/www.franz-josef.cz\/wp-content\/uploads\/2023\/03\/obrazok_2023-04-06_120303367-e1680775394152.png","datePublished":"2023-03-28T14:29:21+00:00","dateModified":"2024-01-07T17:46:09+00:00","description":"N\u011bkolik proveden\u00ed Rakousko - Uhersk\u00e9 hymny za doby panov\u00e1n\u00ed c\u00edsa\u0159e Franz Josefa I. . Ka\u017ed\u00fd si hymnu upravoval k obrazu sv\u00e9mu.","breadcrumb":{"@id":"https:\/\/www.franz-josef.cz\/expozice\/hymna-monarchie\/#breadcrumb"},"inLanguage":"en-GB","potentialAction":[{"@type":"ReadAction","target":["https:\/\/www.franz-josef.cz\/expozice\/hymna-monarchie\/"]}]},{"@type":"ImageObject","inLanguage":"en-GB","@id":"https:\/\/www.franz-josef.cz\/expozice\/hymna-monarchie\/#primaryimage","url":"https:\/\/www.franz-josef.cz\/wp-content\/uploads\/2023\/03\/obrazok_2023-04-06_120303367-e1680775394152.png","contentUrl":"https:\/\/www.franz-josef.cz\/wp-content\/uploads\/2023\/03\/obrazok_2023-04-06_120303367-e1680775394152.png","width":509,"height":340},{"@type":"BreadcrumbList","@id":"https:\/\/www.franz-josef.cz\/expozice\/hymna-monarchie\/#breadcrumb","itemListElement":[{"@type":"ListItem","position":1,"name":"Home","item":"https:\/\/www.franz-josef.cz\/"},{"@type":"ListItem","position":2,"name":"Expozice","item":"https:\/\/www.franz-josef.cz\/expozice\/"},{"@type":"ListItem","position":3,"name":"Hymna Rakousko- Uhersk\u00e9 monarchie \/ ukraden\u00e1 hymna N\u011bmeckem"}]},{"@type":"WebSite","@id":"https:\/\/www.franz-josef.cz\/#website","url":"https:\/\/www.franz-josef.cz\/","name":"Muzeum c\u00edsa\u0159e Franz Josefa I.","description":"","publisher":{"@id":"https:\/\/www.franz-josef.cz\/#organization"},"alternateName":"Franz Joseph","potentialAction":[{"@type":"SearchAction","target":{"@type":"EntryPoint","urlTemplate":"https:\/\/www.franz-josef.cz\/?s={search_term_string}"},"query-input":{"@type":"PropertyValueSpecification","valueRequired":true,"valueName":"search_term_string"}}],"inLanguage":"en-GB"},{"@type":"Organization","@id":"https:\/\/www.franz-josef.cz\/#organization","name":"Muzeum Franz Josefa I.","alternateName":"Franz Jozef","url":"https:\/\/www.franz-josef.cz\/","logo":{"@type":"ImageObject","inLanguage":"en-GB","@id":"https:\/\/www.franz-josef.cz\/#\/schema\/logo\/image\/","url":"https:\/\/www.franz-josef.cz\/wp-content\/uploads\/2023\/08\/Muzeum-Franz-Jozef-logo-696x696-1.png","contentUrl":"https:\/\/www.franz-josef.cz\/wp-content\/uploads\/2023\/08\/Muzeum-Franz-Jozef-logo-696x696-1.png","width":696,"height":696,"caption":"Muzeum Franz Josefa I."},"image":{"@id":"https:\/\/www.franz-josef.cz\/#\/schema\/logo\/image\/"}}]}},"_links":{"self":[{"href":"https:\/\/www.franz-josef.cz\/en\/wp-json\/wp\/v2\/expozice\/7793","targetHints":{"allow":["GET"]}}],"collection":[{"href":"https:\/\/www.franz-josef.cz\/en\/wp-json\/wp\/v2\/expozice"}],"about":[{"href":"https:\/\/www.franz-josef.cz\/en\/wp-json\/wp\/v2\/types\/expozice"}],"author":[{"embeddable":true,"href":"https:\/\/www.franz-josef.cz\/en\/wp-json\/wp\/v2\/users\/3"}],"version-history":[{"count":11,"href":"https:\/\/www.franz-josef.cz\/en\/wp-json\/wp\/v2\/expozice\/7793\/revisions"}],"predecessor-version":[{"id":53783,"href":"https:\/\/www.franz-josef.cz\/en\/wp-json\/wp\/v2\/expozice\/7793\/revisions\/53783"}],"wp:featuredmedia":[{"embeddable":true,"href":"https:\/\/www.franz-josef.cz\/en\/wp-json\/wp\/v2\/media\/9173"}],"wp:attachment":[{"href":"https:\/\/www.franz-josef.cz\/en\/wp-json\/wp\/v2\/media?parent=7793"}],"wp:term":[{"taxonomy":"podexpozice","embeddable":true,"href":"https:\/\/www.franz-josef.cz\/en\/wp-json\/wp\/v2\/podexpozice?post=7793"}],"curies":[{"name":"wp","href":"https:\/\/api.w.org\/{rel}","templated":true}]}}