{"id":7795,"date":"2023-03-28T16:29:38","date_gmt":"2023-03-28T14:29:38","guid":{"rendered":"https:\/\/www.franz-josef.cz\/?post_type=expozice&#038;p=7795"},"modified":"2024-01-07T18:55:13","modified_gmt":"2024-01-07T17:55:13","slug":"hlas-franz-josefa-i","status":"publish","type":"expozice","link":"https:\/\/www.franz-josef.cz\/en\/expozice\/hlas-franz-josefa-i\/","title":{"rendered":"Franz Josef I - shellac gramophone record, speech of the emperor December 14, 1915 - perfect condition"},"content":{"rendered":"<div data-elementor-type=\"wp-post\" data-elementor-id=\"7795\" class=\"elementor elementor-7795\" data-elementor-post-type=\"expozice\">\n\t\t\t\t\t\t<section data-particle_enable=\"false\" data-particle-mobile-disabled=\"false\" class=\"elementor-section elementor-top-section elementor-element elementor-element-56b056f elementor-section-boxed elementor-section-height-default elementor-section-height-default\" data-id=\"56b056f\" data-element_type=\"section\" data-e-type=\"section\">\n\t\t\t\t\t\t<div class=\"elementor-container elementor-column-gap-default\">\n\t\t\t\t\t<div class=\"elementor-column elementor-col-100 elementor-top-column elementor-element elementor-element-caca1eb\" data-id=\"caca1eb\" data-element_type=\"column\" data-e-type=\"column\">\n\t\t\t<div class=\"elementor-widget-wrap elementor-element-populated\">\n\t\t\t\t\t\t<div class=\"elementor-element elementor-element-8212ff3 elementor-widget elementor-widget-video\" data-id=\"8212ff3\" data-element_type=\"widget\" data-e-type=\"widget\" data-settings=\"{&quot;youtube_url&quot;:&quot;www.youtube.com\\\/watch?v=Kj_NL4TqsAA&quot;,&quot;lazy_load&quot;:&quot;yes&quot;,&quot;video_type&quot;:&quot;youtube&quot;,&quot;controls&quot;:&quot;yes&quot;}\" data-widget_type=\"video.default\">\n\t\t\t\t<div class=\"elementor-widget-container\">\n\t\t\t\t\t\t\t<div class=\"elementor-wrapper elementor-open-inline\">\n\t\t\t<div class=\"elementor-video\"><\/div>\t\t<\/div>\n\t\t\t\t\t\t<\/div>\n\t\t\t\t<\/div>\n\t\t\t\t\t<\/div>\n\t\t<\/div>\n\t\t\t\t\t<\/div>\n\t\t<\/section>\n\t\t\t\t<\/div>","protected":false},"author":3,"featured_media":7709,"parent":0,"template":"","podexpozice":[239],"class_list":["post-7795","expozice","type-expozice","status-publish","has-post-thumbnail","hentry","podexpozice-seznam-hl-expozici"],"yoast_head":"<!-- This site is optimized with the Yoast SEO Premium plugin v20.12 (Yoast SEO v27.2) - https:\/\/yoast.com\/product\/yoast-seo-premium-wordpress\/ -->\n<title>Expozice Franz Josef I. - \u0161elakov\u00e1 gramofonov\u00e1 deska , projev c\u00edsa\u0159e 14. dezember 1915- perfektn\u00ed stav &#8212; Muzeum c\u00edsa\u0159e Franz Josefa I.<\/title>\n<meta name=\"description\" content=\"Unik\u00e1tn\u00ed gramofonov\u00e1 \u0161elakov\u00e1 deska s projevem c\u00edsa\u0159e Franti\u0161ka Josefa I. v Schonbrunu 14. dezember 1915 pro vojensk\u00fd fond\" \/>\n<meta name=\"robots\" content=\"index, follow, max-snippet:-1, max-image-preview:large, max-video-preview:-1\" \/>\n<link rel=\"canonical\" href=\"https:\/\/www.franz-josef.cz\/en\/expozice\/hlas-franz-josefa-i\/\" \/>\n<meta property=\"og:locale\" content=\"en_GB\" \/>\n<meta property=\"og:type\" content=\"article\" \/>\n<meta property=\"og:title\" content=\"Franz Josef I. - \u0161elakov\u00e1 gramofonov\u00e1 deska , projev c\u00edsa\u0159e 14. dezember 1915- perfektn\u00ed stav\" \/>\n<meta property=\"og:description\" content=\"Unik\u00e1tn\u00ed gramofonov\u00e1 \u0161elakov\u00e1 deska s projevem c\u00edsa\u0159e Franti\u0161ka Josefa I. v Schonbrunu 14. dezember 1915 pro vojensk\u00fd fond\" \/>\n<meta property=\"og:url\" content=\"https:\/\/www.franz-josef.cz\/en\/expozice\/hlas-franz-josefa-i\/\" \/>\n<meta property=\"og:site_name\" content=\"Muzeum c\u00edsa\u0159e Franz Josefa I.\" \/>\n<meta property=\"article:modified_time\" content=\"2024-01-07T17:55:13+00:00\" \/>\n<meta property=\"og:image\" content=\"https:\/\/www.franz-josef.cz\/wp-content\/uploads\/2023\/03\/franz-josef-hlas-e1679939087506.jpg\" \/>\n\t<meta property=\"og:image:width\" content=\"487\" \/>\n\t<meta property=\"og:image:height\" content=\"448\" \/>\n\t<meta property=\"og:image:type\" content=\"image\/jpeg\" \/>\n<meta name=\"twitter:card\" content=\"summary_large_image\" \/>\n<meta name=\"twitter:label1\" content=\"Estimated reading time\" \/>\n\t<meta name=\"twitter:data1\" content=\"1 minute\" \/>\n<script type=\"application\/ld+json\" class=\"yoast-schema-graph\">{\"@context\":\"https:\/\/schema.org\",\"@graph\":[{\"@type\":\"WebPage\",\"@id\":\"https:\/\/www.franz-josef.cz\/expozice\/hlas-franz-josefa-i\/\",\"url\":\"https:\/\/www.franz-josef.cz\/expozice\/hlas-franz-josefa-i\/\",\"name\":\"Expozice Franz Josef I. - \u0161elakov\u00e1 gramofonov\u00e1 deska , projev c\u00edsa\u0159e 14. dezember 1915- perfektn\u00ed stav &#8212; Muzeum c\u00edsa\u0159e Franz Josefa I.\",\"isPartOf\":{\"@id\":\"https:\/\/www.franz-josef.cz\/#website\"},\"primaryImageOfPage\":{\"@id\":\"https:\/\/www.franz-josef.cz\/expozice\/hlas-franz-josefa-i\/#primaryimage\"},\"image\":{\"@id\":\"https:\/\/www.franz-josef.cz\/expozice\/hlas-franz-josefa-i\/#primaryimage\"},\"thumbnailUrl\":\"https:\/\/www.franz-josef.cz\/wp-content\/uploads\/2023\/03\/franz-josef-hlas-e1679939087506.jpg\",\"datePublished\":\"2023-03-28T14:29:38+00:00\",\"dateModified\":\"2024-01-07T17:55:13+00:00\",\"description\":\"Unik\u00e1tn\u00ed gramofonov\u00e1 \u0161elakov\u00e1 deska s projevem c\u00edsa\u0159e Franti\u0161ka Josefa I. v Schonbrunu 14. dezember 1915 pro vojensk\u00fd fond\",\"breadcrumb\":{\"@id\":\"https:\/\/www.franz-josef.cz\/expozice\/hlas-franz-josefa-i\/#breadcrumb\"},\"inLanguage\":\"en-GB\",\"potentialAction\":[{\"@type\":\"ReadAction\",\"target\":[\"https:\/\/www.franz-josef.cz\/expozice\/hlas-franz-josefa-i\/\"]}]},{\"@type\":\"ImageObject\",\"inLanguage\":\"en-GB\",\"@id\":\"https:\/\/www.franz-josef.cz\/expozice\/hlas-franz-josefa-i\/#primaryimage\",\"url\":\"https:\/\/www.franz-josef.cz\/wp-content\/uploads\/2023\/03\/franz-josef-hlas-e1679939087506.jpg\",\"contentUrl\":\"https:\/\/www.franz-josef.cz\/wp-content\/uploads\/2023\/03\/franz-josef-hlas-e1679939087506.jpg\",\"width\":487,\"height\":448},{\"@type\":\"BreadcrumbList\",\"@id\":\"https:\/\/www.franz-josef.cz\/expozice\/hlas-franz-josefa-i\/#breadcrumb\",\"itemListElement\":[{\"@type\":\"ListItem\",\"position\":1,\"name\":\"Home\",\"item\":\"https:\/\/www.franz-josef.cz\/\"},{\"@type\":\"ListItem\",\"position\":2,\"name\":\"Expozice\",\"item\":\"https:\/\/www.franz-josef.cz\/expozice\/\"},{\"@type\":\"ListItem\",\"position\":3,\"name\":\"Franz Josef I. &#8211; \u0161elakov\u00e1 gramofonov\u00e1 deska , projev c\u00edsa\u0159e 14. dezember 1915- perfektn\u00ed stav\"}]},{\"@type\":\"WebSite\",\"@id\":\"https:\/\/www.franz-josef.cz\/#website\",\"url\":\"https:\/\/www.franz-josef.cz\/\",\"name\":\"Muzeum c\u00edsa\u0159e Franz Josefa I.\",\"description\":\"\",\"publisher\":{\"@id\":\"https:\/\/www.franz-josef.cz\/#organization\"},\"alternateName\":\"Franz Joseph\",\"potentialAction\":[{\"@type\":\"SearchAction\",\"target\":{\"@type\":\"EntryPoint\",\"urlTemplate\":\"https:\/\/www.franz-josef.cz\/?s={search_term_string}\"},\"query-input\":{\"@type\":\"PropertyValueSpecification\",\"valueRequired\":true,\"valueName\":\"search_term_string\"}}],\"inLanguage\":\"en-GB\"},{\"@type\":\"Organization\",\"@id\":\"https:\/\/www.franz-josef.cz\/#organization\",\"name\":\"Muzeum Franz Josefa I.\",\"alternateName\":\"Franz Jozef\",\"url\":\"https:\/\/www.franz-josef.cz\/\",\"logo\":{\"@type\":\"ImageObject\",\"inLanguage\":\"en-GB\",\"@id\":\"https:\/\/www.franz-josef.cz\/#\/schema\/logo\/image\/\",\"url\":\"https:\/\/www.franz-josef.cz\/wp-content\/uploads\/2023\/08\/Muzeum-Franz-Jozef-logo-696x696-1.png\",\"contentUrl\":\"https:\/\/www.franz-josef.cz\/wp-content\/uploads\/2023\/08\/Muzeum-Franz-Jozef-logo-696x696-1.png\",\"width\":696,\"height\":696,\"caption\":\"Muzeum Franz Josefa I.\"},\"image\":{\"@id\":\"https:\/\/www.franz-josef.cz\/#\/schema\/logo\/image\/\"}}]}<\/script>\n<!-- \/ Yoast SEO Premium plugin. -->","yoast_head_json":{"title":"Expozice Franz Josef I. - \u0161elakov\u00e1 gramofonov\u00e1 deska , projev c\u00edsa\u0159e 14. dezember 1915- perfektn\u00ed stav &#8212; Muzeum c\u00edsa\u0159e Franz Josefa I.","description":"Unik\u00e1tn\u00ed gramofonov\u00e1 \u0161elakov\u00e1 deska s projevem c\u00edsa\u0159e Franti\u0161ka Josefa I. v Schonbrunu 14. dezember 1915 pro vojensk\u00fd fond","robots":{"index":"index","follow":"follow","max-snippet":"max-snippet:-1","max-image-preview":"max-image-preview:large","max-video-preview":"max-video-preview:-1"},"canonical":"https:\/\/www.franz-josef.cz\/en\/expozice\/hlas-franz-josefa-i\/","og_locale":"en_GB","og_type":"article","og_title":"Franz Josef I. - \u0161elakov\u00e1 gramofonov\u00e1 deska , projev c\u00edsa\u0159e 14. dezember 1915- perfektn\u00ed stav","og_description":"Unik\u00e1tn\u00ed gramofonov\u00e1 \u0161elakov\u00e1 deska s projevem c\u00edsa\u0159e Franti\u0161ka Josefa I. v Schonbrunu 14. dezember 1915 pro vojensk\u00fd fond","og_url":"https:\/\/www.franz-josef.cz\/en\/expozice\/hlas-franz-josefa-i\/","og_site_name":"Muzeum c\u00edsa\u0159e Franz Josefa I.","article_modified_time":"2024-01-07T17:55:13+00:00","og_image":[{"width":487,"height":448,"url":"https:\/\/www.franz-josef.cz\/wp-content\/uploads\/2023\/03\/franz-josef-hlas-e1679939087506.jpg","type":"image\/jpeg"}],"twitter_card":"summary_large_image","twitter_misc":{"Estimated reading time":"1 minute"},"schema":{"@context":"https:\/\/schema.org","@graph":[{"@type":"WebPage","@id":"https:\/\/www.franz-josef.cz\/expozice\/hlas-franz-josefa-i\/","url":"https:\/\/www.franz-josef.cz\/expozice\/hlas-franz-josefa-i\/","name":"Expozice Franz Josef I. - \u0161elakov\u00e1 gramofonov\u00e1 deska , projev c\u00edsa\u0159e 14. dezember 1915- perfektn\u00ed stav &#8212; Muzeum c\u00edsa\u0159e Franz Josefa I.","isPartOf":{"@id":"https:\/\/www.franz-josef.cz\/#website"},"primaryImageOfPage":{"@id":"https:\/\/www.franz-josef.cz\/expozice\/hlas-franz-josefa-i\/#primaryimage"},"image":{"@id":"https:\/\/www.franz-josef.cz\/expozice\/hlas-franz-josefa-i\/#primaryimage"},"thumbnailUrl":"https:\/\/www.franz-josef.cz\/wp-content\/uploads\/2023\/03\/franz-josef-hlas-e1679939087506.jpg","datePublished":"2023-03-28T14:29:38+00:00","dateModified":"2024-01-07T17:55:13+00:00","description":"Unik\u00e1tn\u00ed gramofonov\u00e1 \u0161elakov\u00e1 deska s projevem c\u00edsa\u0159e Franti\u0161ka Josefa I. v Schonbrunu 14. dezember 1915 pro vojensk\u00fd fond","breadcrumb":{"@id":"https:\/\/www.franz-josef.cz\/expozice\/hlas-franz-josefa-i\/#breadcrumb"},"inLanguage":"en-GB","potentialAction":[{"@type":"ReadAction","target":["https:\/\/www.franz-josef.cz\/expozice\/hlas-franz-josefa-i\/"]}]},{"@type":"ImageObject","inLanguage":"en-GB","@id":"https:\/\/www.franz-josef.cz\/expozice\/hlas-franz-josefa-i\/#primaryimage","url":"https:\/\/www.franz-josef.cz\/wp-content\/uploads\/2023\/03\/franz-josef-hlas-e1679939087506.jpg","contentUrl":"https:\/\/www.franz-josef.cz\/wp-content\/uploads\/2023\/03\/franz-josef-hlas-e1679939087506.jpg","width":487,"height":448},{"@type":"BreadcrumbList","@id":"https:\/\/www.franz-josef.cz\/expozice\/hlas-franz-josefa-i\/#breadcrumb","itemListElement":[{"@type":"ListItem","position":1,"name":"Home","item":"https:\/\/www.franz-josef.cz\/"},{"@type":"ListItem","position":2,"name":"Expozice","item":"https:\/\/www.franz-josef.cz\/expozice\/"},{"@type":"ListItem","position":3,"name":"Franz Josef I. &#8211; \u0161elakov\u00e1 gramofonov\u00e1 deska , projev c\u00edsa\u0159e 14. dezember 1915- perfektn\u00ed stav"}]},{"@type":"WebSite","@id":"https:\/\/www.franz-josef.cz\/#website","url":"https:\/\/www.franz-josef.cz\/","name":"Muzeum c\u00edsa\u0159e Franz Josefa I.","description":"","publisher":{"@id":"https:\/\/www.franz-josef.cz\/#organization"},"alternateName":"Franz Joseph","potentialAction":[{"@type":"SearchAction","target":{"@type":"EntryPoint","urlTemplate":"https:\/\/www.franz-josef.cz\/?s={search_term_string}"},"query-input":{"@type":"PropertyValueSpecification","valueRequired":true,"valueName":"search_term_string"}}],"inLanguage":"en-GB"},{"@type":"Organization","@id":"https:\/\/www.franz-josef.cz\/#organization","name":"Muzeum Franz Josefa I.","alternateName":"Franz Jozef","url":"https:\/\/www.franz-josef.cz\/","logo":{"@type":"ImageObject","inLanguage":"en-GB","@id":"https:\/\/www.franz-josef.cz\/#\/schema\/logo\/image\/","url":"https:\/\/www.franz-josef.cz\/wp-content\/uploads\/2023\/08\/Muzeum-Franz-Jozef-logo-696x696-1.png","contentUrl":"https:\/\/www.franz-josef.cz\/wp-content\/uploads\/2023\/08\/Muzeum-Franz-Jozef-logo-696x696-1.png","width":696,"height":696,"caption":"Muzeum Franz Josefa I."},"image":{"@id":"https:\/\/www.franz-josef.cz\/#\/schema\/logo\/image\/"}}]}},"_links":{"self":[{"href":"https:\/\/www.franz-josef.cz\/en\/wp-json\/wp\/v2\/expozice\/7795","targetHints":{"allow":["GET"]}}],"collection":[{"href":"https:\/\/www.franz-josef.cz\/en\/wp-json\/wp\/v2\/expozice"}],"about":[{"href":"https:\/\/www.franz-josef.cz\/en\/wp-json\/wp\/v2\/types\/expozice"}],"author":[{"embeddable":true,"href":"https:\/\/www.franz-josef.cz\/en\/wp-json\/wp\/v2\/users\/3"}],"version-history":[{"count":8,"href":"https:\/\/www.franz-josef.cz\/en\/wp-json\/wp\/v2\/expozice\/7795\/revisions"}],"predecessor-version":[{"id":53786,"href":"https:\/\/www.franz-josef.cz\/en\/wp-json\/wp\/v2\/expozice\/7795\/revisions\/53786"}],"wp:featuredmedia":[{"embeddable":true,"href":"https:\/\/www.franz-josef.cz\/en\/wp-json\/wp\/v2\/media\/7709"}],"wp:attachment":[{"href":"https:\/\/www.franz-josef.cz\/en\/wp-json\/wp\/v2\/media?parent=7795"}],"wp:term":[{"taxonomy":"podexpozice","embeddable":true,"href":"https:\/\/www.franz-josef.cz\/en\/wp-json\/wp\/v2\/podexpozice?post=7795"}],"curies":[{"name":"wp","href":"https:\/\/api.w.org\/{rel}","templated":true}]}}