{"id":8162,"date":"2023-04-01T15:48:34","date_gmt":"2023-04-01T13:48:34","guid":{"rendered":"https:\/\/www.franz-josef.cz\/?post_type=expozice&#038;p=8162"},"modified":"2024-01-07T14:03:40","modified_gmt":"2024-01-07T13:03:40","slug":"vojenska-tematika","status":"publish","type":"expozice","link":"https:\/\/www.franz-josef.cz\/en\/expozice\/osterreich-pohlednice\/vojenska-tematika\/","title":{"rendered":"Military theme - Austria, Emperor Franz Josef I."},"content":{"rendered":"<div data-elementor-type=\"wp-post\" data-elementor-id=\"8162\" class=\"elementor elementor-8162\" data-elementor-post-type=\"expozice\">\n\t\t\t\t\t\t<section data-particle_enable=\"false\" data-particle-mobile-disabled=\"false\" class=\"elementor-section elementor-top-section elementor-element elementor-element-3618a50 elementor-section-boxed elementor-section-height-default elementor-section-height-default\" data-id=\"3618a50\" data-element_type=\"section\" data-e-type=\"section\">\n\t\t\t\t\t\t<div class=\"elementor-container elementor-column-gap-default\">\n\t\t\t\t\t<div class=\"elementor-column elementor-col-100 elementor-top-column elementor-element elementor-element-398b43a\" data-id=\"398b43a\" data-element_type=\"column\" data-e-type=\"column\">\n\t\t\t<div class=\"elementor-widget-wrap elementor-element-populated\">\n\t\t\t\t\t\t<div class=\"elementor-element elementor-element-9cb6152 elementor-grid-eael-col-4 elementor-grid-tablet-eael-col-2 elementor-grid-mobile-eael-col-1 elementor-widget elementor-widget-eael-post-grid\" data-id=\"9cb6152\" data-element_type=\"widget\" data-e-type=\"widget\" data-settings=\"{&quot;eael_post_grid_columns&quot;:&quot;eael-col-4&quot;,&quot;eael_post_grid_columns_tablet&quot;:&quot;eael-col-2&quot;,&quot;eael_post_grid_columns_mobile&quot;:&quot;eael-col-1&quot;}\" data-widget_type=\"eael-post-grid.default\">\n\t\t\t\t<div class=\"elementor-widget-container\">\n\t\t\t\t\t<div id=\"eael-post-grid-9cb6152\" class=\"eael-post-grid-container\">\n            <div class=\"eael-post-grid eael-post-appender eael-post-appender-9cb6152 eael-post-grid-style-one\" data-layout-mode=\"grid\"><article class=\"eael-grid-post  eael-post-grid-column eael-pg-post-21633\" data-id=\"21633\">\n        <div class=\"eael-grid-post-holder\">\n            <div class=\"eael-grid-post-holder-inner\"><div class=\"eael-entry-media\"><div class=\"eael-entry-overlay fade-in\"><i class=\"fas fa-plus\" aria-hidden=\"true\"><\/i><a href=\"https:\/\/www.franz-josef.cz\/en\/exponaty\/vojenska-tematika-frantisek-josef-i\/\"><\/a><\/div><div class=\"eael-entry-thumbnail\">\n                <img fetchpriority=\"high\" decoding=\"async\" width=\"211\" height=\"300\" src=\"https:\/\/www.franz-josef.cz\/wp-content\/uploads\/2023\/06\/76-31-211x300.jpg\" class=\"attachment-medium size-medium wp-image-21710\" alt=\"\" srcset=\"https:\/\/www.franz-josef.cz\/wp-content\/uploads\/2023\/06\/76-31-211x300.jpg 211w, https:\/\/www.franz-josef.cz\/wp-content\/uploads\/2023\/06\/76-31-719x1024.jpg 719w, https:\/\/www.franz-josef.cz\/wp-content\/uploads\/2023\/06\/76-31-768x1094.jpg 768w, https:\/\/www.franz-josef.cz\/wp-content\/uploads\/2023\/06\/76-31-218x310.jpg 218w, https:\/\/www.franz-josef.cz\/wp-content\/uploads\/2023\/06\/76-31-74x105.jpg 74w, https:\/\/www.franz-josef.cz\/wp-content\/uploads\/2023\/06\/76-31.jpg 816w\" sizes=\"(max-width: 211px) 100vw, 211px\" \/>\n            <\/div>\n        <\/div><div class=\"eael-entry-wrapper\"><header class=\"eael-entry-header\"><h2 class=\"eael-entry-title\"><a class=\"eael-grid-post-link\" href=\"https:\/\/www.franz-josef.cz\/en\/exponaty\/vojenska-tematika-frantisek-josef-i\/\" title=\"1. Military themes of Franz Joseph I.\">1. Military themes of Franz Joseph I.<\/a><\/h2><\/header><\/div><\/div>\n        <\/div>\n    <\/article><article class=\"eael-grid-post  eael-post-grid-column eael-pg-post-21888\" data-id=\"21888\">\n        <div class=\"eael-grid-post-holder\">\n            <div class=\"eael-grid-post-holder-inner\"><div class=\"eael-entry-media\"><div class=\"eael-entry-overlay fade-in\"><i class=\"fas fa-plus\" aria-hidden=\"true\"><\/i><a href=\"https:\/\/www.franz-josef.cz\/en\/exponaty\/vojenska-tematika-frantisek-josef-i-b\/\"><\/a><\/div><div class=\"eael-entry-thumbnail\">\n                <img decoding=\"async\" width=\"190\" height=\"300\" data-src=\"https:\/\/www.franz-josef.cz\/wp-content\/uploads\/2023\/06\/144-25-190x300.jpg\" class=\"attachment-medium size-medium wp-image-21932 lazyload\" alt=\"\" data-srcset=\"https:\/\/www.franz-josef.cz\/wp-content\/uploads\/2023\/06\/144-25-190x300.jpg 190w, https:\/\/www.franz-josef.cz\/wp-content\/uploads\/2023\/06\/144-25-647x1024.jpg 647w, https:\/\/www.franz-josef.cz\/wp-content\/uploads\/2023\/06\/144-25-196x310.jpg 196w, https:\/\/www.franz-josef.cz\/wp-content\/uploads\/2023\/06\/144-25-66x105.jpg 66w, https:\/\/www.franz-josef.cz\/wp-content\/uploads\/2023\/06\/144-25.jpg 704w\" data-sizes=\"(max-width: 190px) 100vw, 190px\" src=\"data:image\/gif;base64,R0lGODlhAQABAAAAACH5BAEKAAEALAAAAAABAAEAAAICTAEAOw==\" style=\"--smush-placeholder-width: 190px; --smush-placeholder-aspect-ratio: 190\/300;\" \/><noscript><img decoding=\"async\" width=\"190\" height=\"300\" src=\"https:\/\/www.franz-josef.cz\/wp-content\/uploads\/2023\/06\/144-25-190x300.jpg\" class=\"attachment-medium size-medium wp-image-21932\" alt=\"\" srcset=\"https:\/\/www.franz-josef.cz\/wp-content\/uploads\/2023\/06\/144-25-190x300.jpg 190w, https:\/\/www.franz-josef.cz\/wp-content\/uploads\/2023\/06\/144-25-647x1024.jpg 647w, https:\/\/www.franz-josef.cz\/wp-content\/uploads\/2023\/06\/144-25-196x310.jpg 196w, https:\/\/www.franz-josef.cz\/wp-content\/uploads\/2023\/06\/144-25-66x105.jpg 66w, https:\/\/www.franz-josef.cz\/wp-content\/uploads\/2023\/06\/144-25.jpg 704w\" sizes=\"(max-width: 190px) 100vw, 190px\" \/><\/noscript>\n            <\/div>\n        <\/div><div class=\"eael-entry-wrapper\"><header class=\"eael-entry-header\"><h2 class=\"eael-entry-title\"><a class=\"eael-grid-post-link\" href=\"https:\/\/www.franz-josef.cz\/en\/exponaty\/vojenska-tematika-frantisek-josef-i-b\/\" title=\"2. Military themes of Franz Joseph I.\">2. Military themes of Franz Joseph I.<\/a><\/h2><\/header><\/div><\/div>\n        <\/div>\n    <\/article><article class=\"eael-grid-post  eael-post-grid-column eael-pg-post-21990\" data-id=\"21990\">\n        <div class=\"eael-grid-post-holder\">\n            <div class=\"eael-grid-post-holder-inner\"><div class=\"eael-entry-media\"><div class=\"eael-entry-overlay fade-in\"><i class=\"fas fa-plus\" aria-hidden=\"true\"><\/i><a href=\"https:\/\/www.franz-josef.cz\/en\/exponaty\/vojenska-tematika-frantisek-josef-i-c\/\"><\/a><\/div><div class=\"eael-entry-thumbnail\">\n                <img decoding=\"async\" width=\"300\" height=\"193\" data-src=\"https:\/\/www.franz-josef.cz\/wp-content\/uploads\/2023\/06\/234-15-300x193.jpg\" class=\"attachment-medium size-medium wp-image-22024 lazyload\" alt=\"\" data-srcset=\"https:\/\/www.franz-josef.cz\/wp-content\/uploads\/2023\/06\/234-15-300x193.jpg 300w, https:\/\/www.franz-josef.cz\/wp-content\/uploads\/2023\/06\/234-15-1024x658.jpg 1024w, https:\/\/www.franz-josef.cz\/wp-content\/uploads\/2023\/06\/234-15-768x493.jpg 768w, https:\/\/www.franz-josef.cz\/wp-content\/uploads\/2023\/06\/234-15-467x300.jpg 467w, https:\/\/www.franz-josef.cz\/wp-content\/uploads\/2023\/06\/234-15-310x199.jpg 310w, https:\/\/www.franz-josef.cz\/wp-content\/uploads\/2023\/06\/234-15-150x96.jpg 150w, https:\/\/www.franz-josef.cz\/wp-content\/uploads\/2023\/06\/234-15.jpg 1121w\" data-sizes=\"(max-width: 300px) 100vw, 300px\" src=\"data:image\/gif;base64,R0lGODlhAQABAAAAACH5BAEKAAEALAAAAAABAAEAAAICTAEAOw==\" style=\"--smush-placeholder-width: 300px; --smush-placeholder-aspect-ratio: 300\/193;\" \/><noscript><img decoding=\"async\" width=\"300\" height=\"193\" src=\"https:\/\/www.franz-josef.cz\/wp-content\/uploads\/2023\/06\/234-15-300x193.jpg\" class=\"attachment-medium size-medium wp-image-22024\" alt=\"\" srcset=\"https:\/\/www.franz-josef.cz\/wp-content\/uploads\/2023\/06\/234-15-300x193.jpg 300w, https:\/\/www.franz-josef.cz\/wp-content\/uploads\/2023\/06\/234-15-1024x658.jpg 1024w, https:\/\/www.franz-josef.cz\/wp-content\/uploads\/2023\/06\/234-15-768x493.jpg 768w, https:\/\/www.franz-josef.cz\/wp-content\/uploads\/2023\/06\/234-15-467x300.jpg 467w, https:\/\/www.franz-josef.cz\/wp-content\/uploads\/2023\/06\/234-15-310x199.jpg 310w, https:\/\/www.franz-josef.cz\/wp-content\/uploads\/2023\/06\/234-15-150x96.jpg 150w, https:\/\/www.franz-josef.cz\/wp-content\/uploads\/2023\/06\/234-15.jpg 1121w\" sizes=\"(max-width: 300px) 100vw, 300px\" \/><\/noscript>\n            <\/div>\n        <\/div><div class=\"eael-entry-wrapper\"><header class=\"eael-entry-header\"><h2 class=\"eael-entry-title\"><a class=\"eael-grid-post-link\" href=\"https:\/\/www.franz-josef.cz\/en\/exponaty\/vojenska-tematika-frantisek-josef-i-c\/\" title=\"3. Military themes of Franz Joseph I.\">3. Military themes of Franz Joseph I.<\/a><\/h2><\/header><\/div><\/div>\n        <\/div>\n    <\/article><article class=\"eael-grid-post  eael-post-grid-column eael-pg-post-22091\" data-id=\"22091\">\n        <div class=\"eael-grid-post-holder\">\n            <div class=\"eael-grid-post-holder-inner\"><div class=\"eael-entry-media\"><div class=\"eael-entry-overlay fade-in\"><i class=\"fas fa-plus\" aria-hidden=\"true\"><\/i><a href=\"https:\/\/www.franz-josef.cz\/en\/exponaty\/vojenska-tematika-frantisek-josef-i-d\/\"><\/a><\/div><div class=\"eael-entry-thumbnail\">\n                <img decoding=\"async\" width=\"199\" height=\"300\" data-src=\"https:\/\/www.franz-josef.cz\/wp-content\/uploads\/2023\/06\/370-7-199x300.jpg\" class=\"attachment-medium size-medium wp-image-22160 lazyload\" alt=\"\" data-srcset=\"https:\/\/www.franz-josef.cz\/wp-content\/uploads\/2023\/06\/370-7-199x300.jpg 199w, https:\/\/www.franz-josef.cz\/wp-content\/uploads\/2023\/06\/370-7-678x1024.jpg 678w, https:\/\/www.franz-josef.cz\/wp-content\/uploads\/2023\/06\/370-7-768x1160.jpg 768w, https:\/\/www.franz-josef.cz\/wp-content\/uploads\/2023\/06\/370-7-1017x1536.jpg 1017w, https:\/\/www.franz-josef.cz\/wp-content\/uploads\/2023\/06\/370-7-205x310.jpg 205w, https:\/\/www.franz-josef.cz\/wp-content\/uploads\/2023\/06\/370-7-70x105.jpg 70w, https:\/\/www.franz-josef.cz\/wp-content\/uploads\/2023\/06\/370-7.jpg 1096w\" data-sizes=\"(max-width: 199px) 100vw, 199px\" src=\"data:image\/gif;base64,R0lGODlhAQABAAAAACH5BAEKAAEALAAAAAABAAEAAAICTAEAOw==\" style=\"--smush-placeholder-width: 199px; --smush-placeholder-aspect-ratio: 199\/300;\" \/><noscript><img loading=\"lazy\" decoding=\"async\" width=\"199\" height=\"300\" src=\"https:\/\/www.franz-josef.cz\/wp-content\/uploads\/2023\/06\/370-7-199x300.jpg\" class=\"attachment-medium size-medium wp-image-22160\" alt=\"\" srcset=\"https:\/\/www.franz-josef.cz\/wp-content\/uploads\/2023\/06\/370-7-199x300.jpg 199w, https:\/\/www.franz-josef.cz\/wp-content\/uploads\/2023\/06\/370-7-678x1024.jpg 678w, https:\/\/www.franz-josef.cz\/wp-content\/uploads\/2023\/06\/370-7-768x1160.jpg 768w, https:\/\/www.franz-josef.cz\/wp-content\/uploads\/2023\/06\/370-7-1017x1536.jpg 1017w, https:\/\/www.franz-josef.cz\/wp-content\/uploads\/2023\/06\/370-7-205x310.jpg 205w, https:\/\/www.franz-josef.cz\/wp-content\/uploads\/2023\/06\/370-7-70x105.jpg 70w, https:\/\/www.franz-josef.cz\/wp-content\/uploads\/2023\/06\/370-7.jpg 1096w\" sizes=\"(max-width: 199px) 100vw, 199px\" \/><\/noscript>\n            <\/div>\n        <\/div><div class=\"eael-entry-wrapper\"><header class=\"eael-entry-header\"><h2 class=\"eael-entry-title\"><a class=\"eael-grid-post-link\" href=\"https:\/\/www.franz-josef.cz\/en\/exponaty\/vojenska-tematika-frantisek-josef-i-d\/\" title=\"4. Military themes of Franz Joseph I.\">4. Military themes of Franz Joseph I.<\/a><\/h2><\/header><\/div><\/div>\n        <\/div>\n    <\/article><article class=\"eael-grid-post  eael-post-grid-column eael-pg-post-22192\" data-id=\"22192\">\n        <div class=\"eael-grid-post-holder\">\n            <div class=\"eael-grid-post-holder-inner\"><div class=\"eael-entry-media\"><div class=\"eael-entry-overlay fade-in\"><i class=\"fas fa-plus\" aria-hidden=\"true\"><\/i><a href=\"https:\/\/www.franz-josef.cz\/en\/exponaty\/vojenska-tematika-frantisek-josef-i-e\/\"><\/a><\/div><div class=\"eael-entry-thumbnail\">\n                <img decoding=\"async\" width=\"229\" height=\"300\" data-src=\"https:\/\/www.franz-josef.cz\/wp-content\/uploads\/2023\/06\/427-7-229x300.jpg\" class=\"attachment-medium size-medium wp-image-22219 lazyload\" alt=\"\" data-srcset=\"https:\/\/www.franz-josef.cz\/wp-content\/uploads\/2023\/06\/427-7-229x300.jpg 229w, https:\/\/www.franz-josef.cz\/wp-content\/uploads\/2023\/06\/427-7-782x1024.jpg 782w, https:\/\/www.franz-josef.cz\/wp-content\/uploads\/2023\/06\/427-7-768x1005.jpg 768w, https:\/\/www.franz-josef.cz\/wp-content\/uploads\/2023\/06\/427-7-1174x1536.jpg 1174w, https:\/\/www.franz-josef.cz\/wp-content\/uploads\/2023\/06\/427-7-1565x2048.jpg 1565w, https:\/\/www.franz-josef.cz\/wp-content\/uploads\/2023\/06\/427-7-237x310.jpg 237w, https:\/\/www.franz-josef.cz\/wp-content\/uploads\/2023\/06\/427-7-80x105.jpg 80w, https:\/\/www.franz-josef.cz\/wp-content\/uploads\/2023\/06\/427-7.jpg 1691w\" data-sizes=\"(max-width: 229px) 100vw, 229px\" src=\"data:image\/gif;base64,R0lGODlhAQABAAAAACH5BAEKAAEALAAAAAABAAEAAAICTAEAOw==\" style=\"--smush-placeholder-width: 229px; --smush-placeholder-aspect-ratio: 229\/300;\" \/><noscript><img loading=\"lazy\" decoding=\"async\" width=\"229\" height=\"300\" src=\"https:\/\/www.franz-josef.cz\/wp-content\/uploads\/2023\/06\/427-7-229x300.jpg\" class=\"attachment-medium size-medium wp-image-22219\" alt=\"\" srcset=\"https:\/\/www.franz-josef.cz\/wp-content\/uploads\/2023\/06\/427-7-229x300.jpg 229w, https:\/\/www.franz-josef.cz\/wp-content\/uploads\/2023\/06\/427-7-782x1024.jpg 782w, https:\/\/www.franz-josef.cz\/wp-content\/uploads\/2023\/06\/427-7-768x1005.jpg 768w, https:\/\/www.franz-josef.cz\/wp-content\/uploads\/2023\/06\/427-7-1174x1536.jpg 1174w, https:\/\/www.franz-josef.cz\/wp-content\/uploads\/2023\/06\/427-7-1565x2048.jpg 1565w, https:\/\/www.franz-josef.cz\/wp-content\/uploads\/2023\/06\/427-7-237x310.jpg 237w, https:\/\/www.franz-josef.cz\/wp-content\/uploads\/2023\/06\/427-7-80x105.jpg 80w, https:\/\/www.franz-josef.cz\/wp-content\/uploads\/2023\/06\/427-7.jpg 1691w\" sizes=\"(max-width: 229px) 100vw, 229px\" \/><\/noscript>\n            <\/div>\n        <\/div><div class=\"eael-entry-wrapper\"><header class=\"eael-entry-header\"><h2 class=\"eael-entry-title\"><a class=\"eael-grid-post-link\" href=\"https:\/\/www.franz-josef.cz\/en\/exponaty\/vojenska-tematika-frantisek-josef-i-e\/\" title=\"5. Military themes of Franz Joseph I.\">5. Military themes of Franz Joseph I.<\/a><\/h2><\/header><\/div><\/div>\n        <\/div>\n    <\/article><\/div>\n            <div class=\"clearfix\"><\/div>\n        <\/div>\t\t\t\t<\/div>\n\t\t\t\t<\/div>\n\t\t\t\t\t<\/div>\n\t\t<\/div>\n\t\t\t\t\t<\/div>\n\t\t<\/section>\n\t\t\t\t<\/div>","protected":false},"author":3,"featured_media":8591,"parent":7730,"template":"","podexpozice":[208],"class_list":["post-8162","expozice","type-expozice","status-publish","has-post-thumbnail","hentry","podexpozice-pohlednice"],"yoast_head":"<!-- This site is optimized with the Yoast SEO Premium plugin v20.12 (Yoast SEO v27.2) - https:\/\/yoast.com\/product\/yoast-seo-premium-wordpress\/ -->\n<title>Expozice Vojensk\u00e1 t\u00e9matika- Austria, c\u00edsa\u0159 Franz Josef I. &#8212; Muzeum c\u00edsa\u0159e Franz Josefa I.<\/title>\n<meta name=\"robots\" content=\"index, follow, max-snippet:-1, max-image-preview:large, max-video-preview:-1\" \/>\n<link rel=\"canonical\" href=\"https:\/\/www.franz-josef.cz\/en\/expozice\/osterreich-pohlednice\/vojenska-tematika\/\" \/>\n<meta property=\"og:locale\" content=\"en_GB\" \/>\n<meta property=\"og:type\" content=\"article\" \/>\n<meta property=\"og:title\" content=\"Vojensk\u00e1 t\u00e9matika- Austria, c\u00edsa\u0159 Franz Josef I.\" \/>\n<meta property=\"og:description\" content=\"Vojensk\u00e1 t\u00e9matika Franti\u0161ek Josef I. \/ b Vojensk\u00e1 t\u00e9matika Franti\u0161ek Josef I. \/ c Vojensk\u00e1 t\u00e9matika Franti\u0161ek Josef I. \/ d Vojensk\u00e1 t\u00e9matika Franti\u0161ek Josef I. \/ e Vojensk\u00e1 t\u00e9matika- Franti\u0161ek Josef I. \/ a\" \/>\n<meta property=\"og:url\" content=\"https:\/\/www.franz-josef.cz\/en\/expozice\/osterreich-pohlednice\/vojenska-tematika\/\" \/>\n<meta property=\"og:site_name\" content=\"Muzeum c\u00edsa\u0159e Franz Josefa I.\" \/>\n<meta property=\"article:modified_time\" content=\"2024-01-07T13:03:40+00:00\" \/>\n<meta property=\"og:image\" content=\"https:\/\/www.franz-josef.cz\/wp-content\/uploads\/2023\/04\/obrazok_2023-04-05_165928877-e1680706781962.png\" \/>\n\t<meta property=\"og:image:width\" content=\"509\" \/>\n\t<meta property=\"og:image:height\" content=\"334\" \/>\n\t<meta property=\"og:image:type\" content=\"image\/png\" \/>\n<meta name=\"twitter:card\" content=\"summary_large_image\" \/>\n<meta name=\"twitter:label1\" content=\"Estimated reading time\" \/>\n\t<meta name=\"twitter:data1\" content=\"2 minutes\" \/>\n<script type=\"application\/ld+json\" class=\"yoast-schema-graph\">{\"@context\":\"https:\/\/schema.org\",\"@graph\":[{\"@type\":\"WebPage\",\"@id\":\"https:\/\/www.franz-josef.cz\/expozice\/osterreich-pohlednice\/vojenska-tematika\/\",\"url\":\"https:\/\/www.franz-josef.cz\/expozice\/osterreich-pohlednice\/vojenska-tematika\/\",\"name\":\"Expozice Vojensk\u00e1 t\u00e9matika- Austria, c\u00edsa\u0159 Franz Josef I. &#8212; Muzeum c\u00edsa\u0159e Franz Josefa I.\",\"isPartOf\":{\"@id\":\"https:\/\/www.franz-josef.cz\/#website\"},\"primaryImageOfPage\":{\"@id\":\"https:\/\/www.franz-josef.cz\/expozice\/osterreich-pohlednice\/vojenska-tematika\/#primaryimage\"},\"image\":{\"@id\":\"https:\/\/www.franz-josef.cz\/expozice\/osterreich-pohlednice\/vojenska-tematika\/#primaryimage\"},\"thumbnailUrl\":\"https:\/\/www.franz-josef.cz\/wp-content\/uploads\/2023\/04\/obrazok_2023-04-05_165928877-e1680706781962.png\",\"datePublished\":\"2023-04-01T13:48:34+00:00\",\"dateModified\":\"2024-01-07T13:03:40+00:00\",\"breadcrumb\":{\"@id\":\"https:\/\/www.franz-josef.cz\/expozice\/osterreich-pohlednice\/vojenska-tematika\/#breadcrumb\"},\"inLanguage\":\"en-GB\",\"potentialAction\":[{\"@type\":\"ReadAction\",\"target\":[\"https:\/\/www.franz-josef.cz\/expozice\/osterreich-pohlednice\/vojenska-tematika\/\"]}]},{\"@type\":\"ImageObject\",\"inLanguage\":\"en-GB\",\"@id\":\"https:\/\/www.franz-josef.cz\/expozice\/osterreich-pohlednice\/vojenska-tematika\/#primaryimage\",\"url\":\"https:\/\/www.franz-josef.cz\/wp-content\/uploads\/2023\/04\/obrazok_2023-04-05_165928877-e1680706781962.png\",\"contentUrl\":\"https:\/\/www.franz-josef.cz\/wp-content\/uploads\/2023\/04\/obrazok_2023-04-05_165928877-e1680706781962.png\",\"width\":509,\"height\":334},{\"@type\":\"BreadcrumbList\",\"@id\":\"https:\/\/www.franz-josef.cz\/expozice\/osterreich-pohlednice\/vojenska-tematika\/#breadcrumb\",\"itemListElement\":[{\"@type\":\"ListItem\",\"position\":1,\"name\":\"Home\",\"item\":\"https:\/\/www.franz-josef.cz\/\"},{\"@type\":\"ListItem\",\"position\":2,\"name\":\"Expozice\",\"item\":\"https:\/\/www.franz-josef.cz\/expozice\/\"},{\"@type\":\"ListItem\",\"position\":3,\"name\":\"Pohlednice c\u00edsa\u0159 Franz Josef I. a c\u00edsa\u0159ovna Elisabeth\",\"item\":\"https:\/\/www.franz-josef.cz\/expozice\/osterreich-pohlednice\/\"},{\"@type\":\"ListItem\",\"position\":4,\"name\":\"Vojensk\u00e1 t\u00e9matika- Austria, c\u00edsa\u0159 Franz Josef I.\"}]},{\"@type\":\"WebSite\",\"@id\":\"https:\/\/www.franz-josef.cz\/#website\",\"url\":\"https:\/\/www.franz-josef.cz\/\",\"name\":\"Muzeum c\u00edsa\u0159e Franz Josefa I.\",\"description\":\"\",\"publisher\":{\"@id\":\"https:\/\/www.franz-josef.cz\/#organization\"},\"alternateName\":\"Franz Joseph\",\"potentialAction\":[{\"@type\":\"SearchAction\",\"target\":{\"@type\":\"EntryPoint\",\"urlTemplate\":\"https:\/\/www.franz-josef.cz\/?s={search_term_string}\"},\"query-input\":{\"@type\":\"PropertyValueSpecification\",\"valueRequired\":true,\"valueName\":\"search_term_string\"}}],\"inLanguage\":\"en-GB\"},{\"@type\":\"Organization\",\"@id\":\"https:\/\/www.franz-josef.cz\/#organization\",\"name\":\"Muzeum Franz Josefa I.\",\"alternateName\":\"Franz Jozef\",\"url\":\"https:\/\/www.franz-josef.cz\/\",\"logo\":{\"@type\":\"ImageObject\",\"inLanguage\":\"en-GB\",\"@id\":\"https:\/\/www.franz-josef.cz\/#\/schema\/logo\/image\/\",\"url\":\"https:\/\/www.franz-josef.cz\/wp-content\/uploads\/2023\/08\/Muzeum-Franz-Jozef-logo-696x696-1.png\",\"contentUrl\":\"https:\/\/www.franz-josef.cz\/wp-content\/uploads\/2023\/08\/Muzeum-Franz-Jozef-logo-696x696-1.png\",\"width\":696,\"height\":696,\"caption\":\"Muzeum Franz Josefa I.\"},\"image\":{\"@id\":\"https:\/\/www.franz-josef.cz\/#\/schema\/logo\/image\/\"}}]}<\/script>\n<!-- \/ Yoast SEO Premium plugin. -->","yoast_head_json":{"title":"Expozice Vojensk\u00e1 t\u00e9matika- Austria, c\u00edsa\u0159 Franz Josef I. &#8212; Muzeum c\u00edsa\u0159e Franz Josefa I.","robots":{"index":"index","follow":"follow","max-snippet":"max-snippet:-1","max-image-preview":"max-image-preview:large","max-video-preview":"max-video-preview:-1"},"canonical":"https:\/\/www.franz-josef.cz\/en\/expozice\/osterreich-pohlednice\/vojenska-tematika\/","og_locale":"en_GB","og_type":"article","og_title":"Vojensk\u00e1 t\u00e9matika- Austria, c\u00edsa\u0159 Franz Josef I.","og_description":"Vojensk\u00e1 t\u00e9matika Franti\u0161ek Josef I. \/ b Vojensk\u00e1 t\u00e9matika Franti\u0161ek Josef I. \/ c Vojensk\u00e1 t\u00e9matika Franti\u0161ek Josef I. \/ d Vojensk\u00e1 t\u00e9matika Franti\u0161ek Josef I. \/ e Vojensk\u00e1 t\u00e9matika- Franti\u0161ek Josef I. \/ a","og_url":"https:\/\/www.franz-josef.cz\/en\/expozice\/osterreich-pohlednice\/vojenska-tematika\/","og_site_name":"Muzeum c\u00edsa\u0159e Franz Josefa I.","article_modified_time":"2024-01-07T13:03:40+00:00","og_image":[{"width":509,"height":334,"url":"https:\/\/www.franz-josef.cz\/wp-content\/uploads\/2023\/04\/obrazok_2023-04-05_165928877-e1680706781962.png","type":"image\/png"}],"twitter_card":"summary_large_image","twitter_misc":{"Estimated reading time":"2 minutes"},"schema":{"@context":"https:\/\/schema.org","@graph":[{"@type":"WebPage","@id":"https:\/\/www.franz-josef.cz\/expozice\/osterreich-pohlednice\/vojenska-tematika\/","url":"https:\/\/www.franz-josef.cz\/expozice\/osterreich-pohlednice\/vojenska-tematika\/","name":"Expozice Vojensk\u00e1 t\u00e9matika- Austria, c\u00edsa\u0159 Franz Josef I. &#8212; Muzeum c\u00edsa\u0159e Franz Josefa I.","isPartOf":{"@id":"https:\/\/www.franz-josef.cz\/#website"},"primaryImageOfPage":{"@id":"https:\/\/www.franz-josef.cz\/expozice\/osterreich-pohlednice\/vojenska-tematika\/#primaryimage"},"image":{"@id":"https:\/\/www.franz-josef.cz\/expozice\/osterreich-pohlednice\/vojenska-tematika\/#primaryimage"},"thumbnailUrl":"https:\/\/www.franz-josef.cz\/wp-content\/uploads\/2023\/04\/obrazok_2023-04-05_165928877-e1680706781962.png","datePublished":"2023-04-01T13:48:34+00:00","dateModified":"2024-01-07T13:03:40+00:00","breadcrumb":{"@id":"https:\/\/www.franz-josef.cz\/expozice\/osterreich-pohlednice\/vojenska-tematika\/#breadcrumb"},"inLanguage":"en-GB","potentialAction":[{"@type":"ReadAction","target":["https:\/\/www.franz-josef.cz\/expozice\/osterreich-pohlednice\/vojenska-tematika\/"]}]},{"@type":"ImageObject","inLanguage":"en-GB","@id":"https:\/\/www.franz-josef.cz\/expozice\/osterreich-pohlednice\/vojenska-tematika\/#primaryimage","url":"https:\/\/www.franz-josef.cz\/wp-content\/uploads\/2023\/04\/obrazok_2023-04-05_165928877-e1680706781962.png","contentUrl":"https:\/\/www.franz-josef.cz\/wp-content\/uploads\/2023\/04\/obrazok_2023-04-05_165928877-e1680706781962.png","width":509,"height":334},{"@type":"BreadcrumbList","@id":"https:\/\/www.franz-josef.cz\/expozice\/osterreich-pohlednice\/vojenska-tematika\/#breadcrumb","itemListElement":[{"@type":"ListItem","position":1,"name":"Home","item":"https:\/\/www.franz-josef.cz\/"},{"@type":"ListItem","position":2,"name":"Expozice","item":"https:\/\/www.franz-josef.cz\/expozice\/"},{"@type":"ListItem","position":3,"name":"Pohlednice c\u00edsa\u0159 Franz Josef I. a c\u00edsa\u0159ovna Elisabeth","item":"https:\/\/www.franz-josef.cz\/expozice\/osterreich-pohlednice\/"},{"@type":"ListItem","position":4,"name":"Vojensk\u00e1 t\u00e9matika- Austria, c\u00edsa\u0159 Franz Josef I."}]},{"@type":"WebSite","@id":"https:\/\/www.franz-josef.cz\/#website","url":"https:\/\/www.franz-josef.cz\/","name":"Muzeum c\u00edsa\u0159e Franz Josefa I.","description":"","publisher":{"@id":"https:\/\/www.franz-josef.cz\/#organization"},"alternateName":"Franz Joseph","potentialAction":[{"@type":"SearchAction","target":{"@type":"EntryPoint","urlTemplate":"https:\/\/www.franz-josef.cz\/?s={search_term_string}"},"query-input":{"@type":"PropertyValueSpecification","valueRequired":true,"valueName":"search_term_string"}}],"inLanguage":"en-GB"},{"@type":"Organization","@id":"https:\/\/www.franz-josef.cz\/#organization","name":"Muzeum Franz Josefa I.","alternateName":"Franz Jozef","url":"https:\/\/www.franz-josef.cz\/","logo":{"@type":"ImageObject","inLanguage":"en-GB","@id":"https:\/\/www.franz-josef.cz\/#\/schema\/logo\/image\/","url":"https:\/\/www.franz-josef.cz\/wp-content\/uploads\/2023\/08\/Muzeum-Franz-Jozef-logo-696x696-1.png","contentUrl":"https:\/\/www.franz-josef.cz\/wp-content\/uploads\/2023\/08\/Muzeum-Franz-Jozef-logo-696x696-1.png","width":696,"height":696,"caption":"Muzeum Franz Josefa I."},"image":{"@id":"https:\/\/www.franz-josef.cz\/#\/schema\/logo\/image\/"}}]}},"_links":{"self":[{"href":"https:\/\/www.franz-josef.cz\/en\/wp-json\/wp\/v2\/expozice\/8162","targetHints":{"allow":["GET"]}}],"collection":[{"href":"https:\/\/www.franz-josef.cz\/en\/wp-json\/wp\/v2\/expozice"}],"about":[{"href":"https:\/\/www.franz-josef.cz\/en\/wp-json\/wp\/v2\/types\/expozice"}],"author":[{"embeddable":true,"href":"https:\/\/www.franz-josef.cz\/en\/wp-json\/wp\/v2\/users\/3"}],"version-history":[{"count":10,"href":"https:\/\/www.franz-josef.cz\/en\/wp-json\/wp\/v2\/expozice\/8162\/revisions"}],"predecessor-version":[{"id":53739,"href":"https:\/\/www.franz-josef.cz\/en\/wp-json\/wp\/v2\/expozice\/8162\/revisions\/53739"}],"up":[{"embeddable":true,"href":"https:\/\/www.franz-josef.cz\/en\/wp-json\/wp\/v2\/expozice\/7730"}],"wp:featuredmedia":[{"embeddable":true,"href":"https:\/\/www.franz-josef.cz\/en\/wp-json\/wp\/v2\/media\/8591"}],"wp:attachment":[{"href":"https:\/\/www.franz-josef.cz\/en\/wp-json\/wp\/v2\/media?parent=8162"}],"wp:term":[{"taxonomy":"podexpozice","embeddable":true,"href":"https:\/\/www.franz-josef.cz\/en\/wp-json\/wp\/v2\/podexpozice?post=8162"}],"curies":[{"name":"wp","href":"https:\/\/api.w.org\/{rel}","templated":true}]}}