{"id":8171,"date":"2023-04-01T15:49:13","date_gmt":"2023-04-01T13:49:13","guid":{"rendered":"https:\/\/www.franz-josef.cz\/?post_type=expozice&#038;p=8171"},"modified":"2023-07-29T19:49:45","modified_gmt":"2023-07-29T17:49:45","slug":"mesta-a-mista","status":"publish","type":"expozice","link":"https:\/\/www.franz-josef.cz\/en\/expozice\/osterreich-pohlednice\/mesta-a-mista\/","title":{"rendered":"Cities and places"},"content":{"rendered":"<div data-elementor-type=\"wp-post\" data-elementor-id=\"8171\" class=\"elementor elementor-8171\" data-elementor-post-type=\"expozice\">\n\t\t\t\t\t\t<section data-particle_enable=\"false\" data-particle-mobile-disabled=\"false\" class=\"elementor-section elementor-top-section elementor-element elementor-element-bdf486f elementor-section-boxed elementor-section-height-default elementor-section-height-default\" data-id=\"bdf486f\" data-element_type=\"section\" data-e-type=\"section\">\n\t\t\t\t\t\t<div class=\"elementor-container elementor-column-gap-default\">\n\t\t\t\t\t<div class=\"elementor-column elementor-col-100 elementor-top-column elementor-element elementor-element-49516e8\" data-id=\"49516e8\" data-element_type=\"column\" data-e-type=\"column\">\n\t\t\t<div class=\"elementor-widget-wrap elementor-element-populated\">\n\t\t\t\t\t\t<div class=\"elementor-element elementor-element-a44b82a elementor-grid-eael-col-4 elementor-grid-tablet-eael-col-2 elementor-grid-mobile-eael-col-1 elementor-widget elementor-widget-eael-post-grid\" data-id=\"a44b82a\" data-element_type=\"widget\" data-e-type=\"widget\" data-settings=\"{&quot;eael_post_grid_columns&quot;:&quot;eael-col-4&quot;,&quot;eael_post_grid_columns_tablet&quot;:&quot;eael-col-2&quot;,&quot;eael_post_grid_columns_mobile&quot;:&quot;eael-col-1&quot;}\" data-widget_type=\"eael-post-grid.default\">\n\t\t\t\t<div class=\"elementor-widget-container\">\n\t\t\t\t\t<div id=\"eael-post-grid-a44b82a\" class=\"eael-post-grid-container\">\n            <div class=\"eael-post-grid eael-post-appender eael-post-appender-a44b82a eael-post-grid-style-one\" data-layout-mode=\"grid\"><article class=\"eael-grid-post  eael-post-grid-column eael-pg-post-15983\" data-id=\"15983\">\n        <div class=\"eael-grid-post-holder\">\n            <div class=\"eael-grid-post-holder-inner\"><div class=\"eael-entry-media\"><div class=\"eael-entry-overlay fade-in\"><i class=\"fas fa-plus\" aria-hidden=\"true\"><\/i><a href=\"https:\/\/www.franz-josef.cz\/en\/exponaty\/franz-josef-i-mesta-a\/\"><\/a><\/div><div class=\"eael-entry-thumbnail\">\n                <img fetchpriority=\"high\" decoding=\"async\" width=\"190\" height=\"300\" src=\"https:\/\/www.franz-josef.cz\/wp-content\/uploads\/2023\/06\/153-11-190x300.jpg\" class=\"attachment-medium size-medium wp-image-16138\" alt=\"\" srcset=\"https:\/\/www.franz-josef.cz\/wp-content\/uploads\/2023\/06\/153-11-190x300.jpg 190w, https:\/\/www.franz-josef.cz\/wp-content\/uploads\/2023\/06\/153-11-648x1024.jpg 648w, https:\/\/www.franz-josef.cz\/wp-content\/uploads\/2023\/06\/153-11-196x310.jpg 196w, https:\/\/www.franz-josef.cz\/wp-content\/uploads\/2023\/06\/153-11-66x105.jpg 66w, https:\/\/www.franz-josef.cz\/wp-content\/uploads\/2023\/06\/153-11.jpg 732w\" sizes=\"(max-width: 190px) 100vw, 190px\" \/>\n            <\/div>\n        <\/div><div class=\"eael-entry-wrapper\"><header class=\"eael-entry-header\"><h2 class=\"eael-entry-title\"><a class=\"eael-grid-post-link\" href=\"https:\/\/www.franz-josef.cz\/en\/exponaty\/franz-josef-i-mesta-a\/\" title=\"1. Franz Josef I. &#8211; m\u011bsta\">1. Franz Joseph I \u2013 cities<\/a><\/h2><\/header><\/div><\/div>\n        <\/div>\n    <\/article><article class=\"eael-grid-post  eael-post-grid-column eael-pg-post-16188\" data-id=\"16188\">\n        <div class=\"eael-grid-post-holder\">\n            <div class=\"eael-grid-post-holder-inner\"><div class=\"eael-entry-media\"><div class=\"eael-entry-overlay fade-in\"><i class=\"fas fa-plus\" aria-hidden=\"true\"><\/i><a href=\"https:\/\/www.franz-josef.cz\/en\/exponaty\/franz-josef-i-mesta-b\/\"><\/a><\/div><div class=\"eael-entry-thumbnail\">\n                <img decoding=\"async\" width=\"300\" height=\"208\" data-src=\"https:\/\/www.franz-josef.cz\/wp-content\/uploads\/2023\/06\/362-6-300x208.jpg\" class=\"attachment-medium size-medium wp-image-16338 lazyload\" alt=\"\" data-srcset=\"https:\/\/www.franz-josef.cz\/wp-content\/uploads\/2023\/06\/362-6-300x208.jpg 300w, https:\/\/www.franz-josef.cz\/wp-content\/uploads\/2023\/06\/362-6-1024x709.jpg 1024w, https:\/\/www.franz-josef.cz\/wp-content\/uploads\/2023\/06\/362-6-768x532.jpg 768w, https:\/\/www.franz-josef.cz\/wp-content\/uploads\/2023\/06\/362-6-433x300.jpg 433w, https:\/\/www.franz-josef.cz\/wp-content\/uploads\/2023\/06\/362-6-310x215.jpg 310w, https:\/\/www.franz-josef.cz\/wp-content\/uploads\/2023\/06\/362-6-150x105.jpg 150w, https:\/\/www.franz-josef.cz\/wp-content\/uploads\/2023\/06\/362-6.jpg 1112w\" data-sizes=\"(max-width: 300px) 100vw, 300px\" src=\"data:image\/gif;base64,R0lGODlhAQABAAAAACH5BAEKAAEALAAAAAABAAEAAAICTAEAOw==\" style=\"--smush-placeholder-width: 300px; --smush-placeholder-aspect-ratio: 300\/208;\" \/><noscript><img decoding=\"async\" width=\"300\" height=\"208\" src=\"https:\/\/www.franz-josef.cz\/wp-content\/uploads\/2023\/06\/362-6-300x208.jpg\" class=\"attachment-medium size-medium wp-image-16338\" alt=\"\" srcset=\"https:\/\/www.franz-josef.cz\/wp-content\/uploads\/2023\/06\/362-6-300x208.jpg 300w, https:\/\/www.franz-josef.cz\/wp-content\/uploads\/2023\/06\/362-6-1024x709.jpg 1024w, https:\/\/www.franz-josef.cz\/wp-content\/uploads\/2023\/06\/362-6-768x532.jpg 768w, https:\/\/www.franz-josef.cz\/wp-content\/uploads\/2023\/06\/362-6-433x300.jpg 433w, https:\/\/www.franz-josef.cz\/wp-content\/uploads\/2023\/06\/362-6-310x215.jpg 310w, https:\/\/www.franz-josef.cz\/wp-content\/uploads\/2023\/06\/362-6-150x105.jpg 150w, https:\/\/www.franz-josef.cz\/wp-content\/uploads\/2023\/06\/362-6.jpg 1112w\" sizes=\"(max-width: 300px) 100vw, 300px\" \/><\/noscript>\n            <\/div>\n        <\/div><div class=\"eael-entry-wrapper\"><header class=\"eael-entry-header\"><h2 class=\"eael-entry-title\"><a class=\"eael-grid-post-link\" href=\"https:\/\/www.franz-josef.cz\/en\/exponaty\/franz-josef-i-mesta-b\/\" title=\"2. Franz Josef I. &#8211; m\u011bsta\">2. Franz Joseph I \u2013 cities<\/a><\/h2><\/header><\/div><\/div>\n        <\/div>\n    <\/article><article class=\"eael-grid-post  eael-post-grid-column eael-pg-post-16379\" data-id=\"16379\">\n        <div class=\"eael-grid-post-holder\">\n            <div class=\"eael-grid-post-holder-inner\"><div class=\"eael-entry-media\"><div class=\"eael-entry-overlay fade-in\"><i class=\"fas fa-plus\" aria-hidden=\"true\"><\/i><a href=\"https:\/\/www.franz-josef.cz\/en\/exponaty\/franz-josef-i-mesta-c\/\"><\/a><\/div><div class=\"eael-entry-thumbnail\">\n                <img decoding=\"async\" width=\"300\" height=\"190\" data-src=\"https:\/\/www.franz-josef.cz\/wp-content\/uploads\/2023\/06\/544-4-300x190.jpg\" class=\"attachment-medium size-medium wp-image-16522 lazyload\" alt=\"\" data-srcset=\"https:\/\/www.franz-josef.cz\/wp-content\/uploads\/2023\/06\/544-4-300x190.jpg 300w, https:\/\/www.franz-josef.cz\/wp-content\/uploads\/2023\/06\/544-4-1024x648.jpg 1024w, https:\/\/www.franz-josef.cz\/wp-content\/uploads\/2023\/06\/544-4-768x486.jpg 768w, https:\/\/www.franz-josef.cz\/wp-content\/uploads\/2023\/06\/544-4-474x300.jpg 474w, https:\/\/www.franz-josef.cz\/wp-content\/uploads\/2023\/06\/544-4-310x196.jpg 310w, https:\/\/www.franz-josef.cz\/wp-content\/uploads\/2023\/06\/544-4-150x95.jpg 150w, https:\/\/www.franz-josef.cz\/wp-content\/uploads\/2023\/06\/544-4.jpg 1135w\" data-sizes=\"(max-width: 300px) 100vw, 300px\" src=\"data:image\/gif;base64,R0lGODlhAQABAAAAACH5BAEKAAEALAAAAAABAAEAAAICTAEAOw==\" style=\"--smush-placeholder-width: 300px; --smush-placeholder-aspect-ratio: 300\/190;\" \/><noscript><img decoding=\"async\" width=\"300\" height=\"190\" src=\"https:\/\/www.franz-josef.cz\/wp-content\/uploads\/2023\/06\/544-4-300x190.jpg\" class=\"attachment-medium size-medium wp-image-16522\" alt=\"\" srcset=\"https:\/\/www.franz-josef.cz\/wp-content\/uploads\/2023\/06\/544-4-300x190.jpg 300w, https:\/\/www.franz-josef.cz\/wp-content\/uploads\/2023\/06\/544-4-1024x648.jpg 1024w, https:\/\/www.franz-josef.cz\/wp-content\/uploads\/2023\/06\/544-4-768x486.jpg 768w, https:\/\/www.franz-josef.cz\/wp-content\/uploads\/2023\/06\/544-4-474x300.jpg 474w, https:\/\/www.franz-josef.cz\/wp-content\/uploads\/2023\/06\/544-4-310x196.jpg 310w, https:\/\/www.franz-josef.cz\/wp-content\/uploads\/2023\/06\/544-4-150x95.jpg 150w, https:\/\/www.franz-josef.cz\/wp-content\/uploads\/2023\/06\/544-4.jpg 1135w\" sizes=\"(max-width: 300px) 100vw, 300px\" \/><\/noscript>\n            <\/div>\n        <\/div><div class=\"eael-entry-wrapper\"><header class=\"eael-entry-header\"><h2 class=\"eael-entry-title\"><a class=\"eael-grid-post-link\" href=\"https:\/\/www.franz-josef.cz\/en\/exponaty\/franz-josef-i-mesta-c\/\" title=\"3. Franz Josef I. &#8211; m\u011bsta\">3. Franz Joseph I \u2013 cities<\/a><\/h2><\/header><\/div><\/div>\n        <\/div>\n    <\/article><article class=\"eael-grid-post  eael-post-grid-column eael-pg-post-16582\" data-id=\"16582\">\n        <div class=\"eael-grid-post-holder\">\n            <div class=\"eael-grid-post-holder-inner\"><div class=\"eael-entry-media\"><div class=\"eael-entry-overlay fade-in\"><i class=\"fas fa-plus\" aria-hidden=\"true\"><\/i><a href=\"https:\/\/www.franz-josef.cz\/en\/exponaty\/franz-josef-i-mesta-d\/\"><\/a><\/div><div class=\"eael-entry-thumbnail\">\n                <img decoding=\"async\" width=\"300\" height=\"199\" data-src=\"https:\/\/www.franz-josef.cz\/wp-content\/uploads\/2023\/06\/668-3-300x199.jpg\" class=\"attachment-medium size-medium wp-image-16699 lazyload\" alt=\"\" data-srcset=\"https:\/\/www.franz-josef.cz\/wp-content\/uploads\/2023\/06\/668-3-300x199.jpg 300w, https:\/\/www.franz-josef.cz\/wp-content\/uploads\/2023\/06\/668-3-1024x678.jpg 1024w, https:\/\/www.franz-josef.cz\/wp-content\/uploads\/2023\/06\/668-3-768x508.jpg 768w, https:\/\/www.franz-josef.cz\/wp-content\/uploads\/2023\/06\/668-3-453x300.jpg 453w, https:\/\/www.franz-josef.cz\/wp-content\/uploads\/2023\/06\/668-3-310x205.jpg 310w, https:\/\/www.franz-josef.cz\/wp-content\/uploads\/2023\/06\/668-3-150x99.jpg 150w\" data-sizes=\"(max-width: 300px) 100vw, 300px\" src=\"data:image\/gif;base64,R0lGODlhAQABAAAAACH5BAEKAAEALAAAAAABAAEAAAICTAEAOw==\" style=\"--smush-placeholder-width: 300px; --smush-placeholder-aspect-ratio: 300\/199;\" \/><noscript><img loading=\"lazy\" decoding=\"async\" width=\"300\" height=\"199\" src=\"https:\/\/www.franz-josef.cz\/wp-content\/uploads\/2023\/06\/668-3-300x199.jpg\" class=\"attachment-medium size-medium wp-image-16699\" alt=\"\" srcset=\"https:\/\/www.franz-josef.cz\/wp-content\/uploads\/2023\/06\/668-3-300x199.jpg 300w, https:\/\/www.franz-josef.cz\/wp-content\/uploads\/2023\/06\/668-3-1024x678.jpg 1024w, https:\/\/www.franz-josef.cz\/wp-content\/uploads\/2023\/06\/668-3-768x508.jpg 768w, https:\/\/www.franz-josef.cz\/wp-content\/uploads\/2023\/06\/668-3-453x300.jpg 453w, https:\/\/www.franz-josef.cz\/wp-content\/uploads\/2023\/06\/668-3-310x205.jpg 310w, https:\/\/www.franz-josef.cz\/wp-content\/uploads\/2023\/06\/668-3-150x99.jpg 150w\" sizes=\"(max-width: 300px) 100vw, 300px\" \/><\/noscript>\n            <\/div>\n        <\/div><div class=\"eael-entry-wrapper\"><header class=\"eael-entry-header\"><h2 class=\"eael-entry-title\"><a class=\"eael-grid-post-link\" href=\"https:\/\/www.franz-josef.cz\/en\/exponaty\/franz-josef-i-mesta-d\/\" title=\"4. Franz Josef I. &#8211; m\u011bsta\">4. Franz Joseph I \u2013 cities<\/a><\/h2><\/header><\/div><\/div>\n        <\/div>\n    <\/article><\/div>\n            <div class=\"clearfix\"><\/div>\n        <\/div>\t\t\t\t<\/div>\n\t\t\t\t<\/div>\n\t\t\t\t\t<\/div>\n\t\t<\/div>\n\t\t\t\t\t<\/div>\n\t\t<\/section>\n\t\t\t\t<\/div>","protected":false},"author":3,"featured_media":8584,"parent":7730,"template":"","podexpozice":[208],"class_list":["post-8171","expozice","type-expozice","status-publish","has-post-thumbnail","hentry","podexpozice-pohlednice"],"yoast_head":"<!-- This site is optimized with the Yoast SEO Premium plugin v20.12 (Yoast SEO v27.2) - https:\/\/yoast.com\/product\/yoast-seo-premium-wordpress\/ -->\n<title>Expozice M\u011bsta a m\u00edsta &#8212; Muzeum c\u00edsa\u0159e Franz Josefa I.<\/title>\n<meta name=\"robots\" content=\"index, follow, max-snippet:-1, max-image-preview:large, max-video-preview:-1\" \/>\n<link rel=\"canonical\" href=\"https:\/\/www.franz-josef.cz\/en\/expozice\/osterreich-pohlednice\/mesta-a-mista\/\" \/>\n<meta property=\"og:locale\" content=\"en_GB\" \/>\n<meta property=\"og:type\" content=\"article\" \/>\n<meta property=\"og:title\" content=\"M\u011bsta a m\u00edsta\" \/>\n<meta property=\"og:description\" content=\"Franz Josef I. \u2013 m\u011bsta \/ a Franz Josef I. \u2013 m\u011bsta \/ b Franz Josef I. \u2013 m\u011bsta \/ c Franz Josef I. \u2013 m\u011bsta \/ d\" \/>\n<meta property=\"og:url\" content=\"https:\/\/www.franz-josef.cz\/en\/expozice\/osterreich-pohlednice\/mesta-a-mista\/\" \/>\n<meta property=\"og:site_name\" content=\"Muzeum c\u00edsa\u0159e Franz Josefa I.\" \/>\n<meta property=\"article:modified_time\" content=\"2023-07-29T17:49:45+00:00\" \/>\n<meta property=\"og:image\" content=\"https:\/\/www.franz-josef.cz\/wp-content\/uploads\/2023\/04\/obrazok_2023-04-05_164707783-e1680706049538.png\" \/>\n\t<meta property=\"og:image:width\" content=\"499\" \/>\n\t<meta property=\"og:image:height\" content=\"312\" \/>\n\t<meta property=\"og:image:type\" content=\"image\/png\" \/>\n<meta name=\"twitter:card\" content=\"summary_large_image\" \/>\n<script type=\"application\/ld+json\" class=\"yoast-schema-graph\">{\"@context\":\"https:\/\/schema.org\",\"@graph\":[{\"@type\":\"WebPage\",\"@id\":\"https:\/\/www.franz-josef.cz\/expozice\/osterreich-pohlednice\/mesta-a-mista\/\",\"url\":\"https:\/\/www.franz-josef.cz\/expozice\/osterreich-pohlednice\/mesta-a-mista\/\",\"name\":\"Expozice M\u011bsta a m\u00edsta &#8212; Muzeum c\u00edsa\u0159e Franz Josefa I.\",\"isPartOf\":{\"@id\":\"https:\/\/www.franz-josef.cz\/#website\"},\"primaryImageOfPage\":{\"@id\":\"https:\/\/www.franz-josef.cz\/expozice\/osterreich-pohlednice\/mesta-a-mista\/#primaryimage\"},\"image\":{\"@id\":\"https:\/\/www.franz-josef.cz\/expozice\/osterreich-pohlednice\/mesta-a-mista\/#primaryimage\"},\"thumbnailUrl\":\"https:\/\/www.franz-josef.cz\/wp-content\/uploads\/2023\/04\/obrazok_2023-04-05_164707783-e1680706049538.png\",\"datePublished\":\"2023-04-01T13:49:13+00:00\",\"dateModified\":\"2023-07-29T17:49:45+00:00\",\"breadcrumb\":{\"@id\":\"https:\/\/www.franz-josef.cz\/expozice\/osterreich-pohlednice\/mesta-a-mista\/#breadcrumb\"},\"inLanguage\":\"en-GB\",\"potentialAction\":[{\"@type\":\"ReadAction\",\"target\":[\"https:\/\/www.franz-josef.cz\/expozice\/osterreich-pohlednice\/mesta-a-mista\/\"]}]},{\"@type\":\"ImageObject\",\"inLanguage\":\"en-GB\",\"@id\":\"https:\/\/www.franz-josef.cz\/expozice\/osterreich-pohlednice\/mesta-a-mista\/#primaryimage\",\"url\":\"https:\/\/www.franz-josef.cz\/wp-content\/uploads\/2023\/04\/obrazok_2023-04-05_164707783-e1680706049538.png\",\"contentUrl\":\"https:\/\/www.franz-josef.cz\/wp-content\/uploads\/2023\/04\/obrazok_2023-04-05_164707783-e1680706049538.png\",\"width\":499,\"height\":312},{\"@type\":\"BreadcrumbList\",\"@id\":\"https:\/\/www.franz-josef.cz\/expozice\/osterreich-pohlednice\/mesta-a-mista\/#breadcrumb\",\"itemListElement\":[{\"@type\":\"ListItem\",\"position\":1,\"name\":\"Home\",\"item\":\"https:\/\/www.franz-josef.cz\/\"},{\"@type\":\"ListItem\",\"position\":2,\"name\":\"Expozice\",\"item\":\"https:\/\/www.franz-josef.cz\/expozice\/\"},{\"@type\":\"ListItem\",\"position\":3,\"name\":\"Pohlednice c\u00edsa\u0159 Franz Josef I. a c\u00edsa\u0159ovna Elisabeth\",\"item\":\"https:\/\/www.franz-josef.cz\/expozice\/osterreich-pohlednice\/\"},{\"@type\":\"ListItem\",\"position\":4,\"name\":\"M\u011bsta a m\u00edsta\"}]},{\"@type\":\"WebSite\",\"@id\":\"https:\/\/www.franz-josef.cz\/#website\",\"url\":\"https:\/\/www.franz-josef.cz\/\",\"name\":\"Muzeum c\u00edsa\u0159e Franz Josefa I.\",\"description\":\"\",\"publisher\":{\"@id\":\"https:\/\/www.franz-josef.cz\/#organization\"},\"alternateName\":\"Franz Joseph\",\"potentialAction\":[{\"@type\":\"SearchAction\",\"target\":{\"@type\":\"EntryPoint\",\"urlTemplate\":\"https:\/\/www.franz-josef.cz\/?s={search_term_string}\"},\"query-input\":{\"@type\":\"PropertyValueSpecification\",\"valueRequired\":true,\"valueName\":\"search_term_string\"}}],\"inLanguage\":\"en-GB\"},{\"@type\":\"Organization\",\"@id\":\"https:\/\/www.franz-josef.cz\/#organization\",\"name\":\"Muzeum Franz Josefa I.\",\"alternateName\":\"Franz Jozef\",\"url\":\"https:\/\/www.franz-josef.cz\/\",\"logo\":{\"@type\":\"ImageObject\",\"inLanguage\":\"en-GB\",\"@id\":\"https:\/\/www.franz-josef.cz\/#\/schema\/logo\/image\/\",\"url\":\"https:\/\/www.franz-josef.cz\/wp-content\/uploads\/2023\/08\/Muzeum-Franz-Jozef-logo-696x696-1.png\",\"contentUrl\":\"https:\/\/www.franz-josef.cz\/wp-content\/uploads\/2023\/08\/Muzeum-Franz-Jozef-logo-696x696-1.png\",\"width\":696,\"height\":696,\"caption\":\"Muzeum Franz Josefa I.\"},\"image\":{\"@id\":\"https:\/\/www.franz-josef.cz\/#\/schema\/logo\/image\/\"}}]}<\/script>\n<!-- \/ Yoast SEO Premium plugin. -->","yoast_head_json":{"title":"Expozice M\u011bsta a m\u00edsta &#8212; Muzeum c\u00edsa\u0159e Franz Josefa I.","robots":{"index":"index","follow":"follow","max-snippet":"max-snippet:-1","max-image-preview":"max-image-preview:large","max-video-preview":"max-video-preview:-1"},"canonical":"https:\/\/www.franz-josef.cz\/en\/expozice\/osterreich-pohlednice\/mesta-a-mista\/","og_locale":"en_GB","og_type":"article","og_title":"M\u011bsta a m\u00edsta","og_description":"Franz Josef I. \u2013 m\u011bsta \/ a Franz Josef I. \u2013 m\u011bsta \/ b Franz Josef I. \u2013 m\u011bsta \/ c Franz Josef I. \u2013 m\u011bsta \/ d","og_url":"https:\/\/www.franz-josef.cz\/en\/expozice\/osterreich-pohlednice\/mesta-a-mista\/","og_site_name":"Muzeum c\u00edsa\u0159e Franz Josefa I.","article_modified_time":"2023-07-29T17:49:45+00:00","og_image":[{"width":499,"height":312,"url":"https:\/\/www.franz-josef.cz\/wp-content\/uploads\/2023\/04\/obrazok_2023-04-05_164707783-e1680706049538.png","type":"image\/png"}],"twitter_card":"summary_large_image","schema":{"@context":"https:\/\/schema.org","@graph":[{"@type":"WebPage","@id":"https:\/\/www.franz-josef.cz\/expozice\/osterreich-pohlednice\/mesta-a-mista\/","url":"https:\/\/www.franz-josef.cz\/expozice\/osterreich-pohlednice\/mesta-a-mista\/","name":"Expozice M\u011bsta a m\u00edsta &#8212; Muzeum c\u00edsa\u0159e Franz Josefa I.","isPartOf":{"@id":"https:\/\/www.franz-josef.cz\/#website"},"primaryImageOfPage":{"@id":"https:\/\/www.franz-josef.cz\/expozice\/osterreich-pohlednice\/mesta-a-mista\/#primaryimage"},"image":{"@id":"https:\/\/www.franz-josef.cz\/expozice\/osterreich-pohlednice\/mesta-a-mista\/#primaryimage"},"thumbnailUrl":"https:\/\/www.franz-josef.cz\/wp-content\/uploads\/2023\/04\/obrazok_2023-04-05_164707783-e1680706049538.png","datePublished":"2023-04-01T13:49:13+00:00","dateModified":"2023-07-29T17:49:45+00:00","breadcrumb":{"@id":"https:\/\/www.franz-josef.cz\/expozice\/osterreich-pohlednice\/mesta-a-mista\/#breadcrumb"},"inLanguage":"en-GB","potentialAction":[{"@type":"ReadAction","target":["https:\/\/www.franz-josef.cz\/expozice\/osterreich-pohlednice\/mesta-a-mista\/"]}]},{"@type":"ImageObject","inLanguage":"en-GB","@id":"https:\/\/www.franz-josef.cz\/expozice\/osterreich-pohlednice\/mesta-a-mista\/#primaryimage","url":"https:\/\/www.franz-josef.cz\/wp-content\/uploads\/2023\/04\/obrazok_2023-04-05_164707783-e1680706049538.png","contentUrl":"https:\/\/www.franz-josef.cz\/wp-content\/uploads\/2023\/04\/obrazok_2023-04-05_164707783-e1680706049538.png","width":499,"height":312},{"@type":"BreadcrumbList","@id":"https:\/\/www.franz-josef.cz\/expozice\/osterreich-pohlednice\/mesta-a-mista\/#breadcrumb","itemListElement":[{"@type":"ListItem","position":1,"name":"Home","item":"https:\/\/www.franz-josef.cz\/"},{"@type":"ListItem","position":2,"name":"Expozice","item":"https:\/\/www.franz-josef.cz\/expozice\/"},{"@type":"ListItem","position":3,"name":"Pohlednice c\u00edsa\u0159 Franz Josef I. a c\u00edsa\u0159ovna Elisabeth","item":"https:\/\/www.franz-josef.cz\/expozice\/osterreich-pohlednice\/"},{"@type":"ListItem","position":4,"name":"M\u011bsta a m\u00edsta"}]},{"@type":"WebSite","@id":"https:\/\/www.franz-josef.cz\/#website","url":"https:\/\/www.franz-josef.cz\/","name":"Muzeum c\u00edsa\u0159e Franz Josefa I.","description":"","publisher":{"@id":"https:\/\/www.franz-josef.cz\/#organization"},"alternateName":"Franz Joseph","potentialAction":[{"@type":"SearchAction","target":{"@type":"EntryPoint","urlTemplate":"https:\/\/www.franz-josef.cz\/?s={search_term_string}"},"query-input":{"@type":"PropertyValueSpecification","valueRequired":true,"valueName":"search_term_string"}}],"inLanguage":"en-GB"},{"@type":"Organization","@id":"https:\/\/www.franz-josef.cz\/#organization","name":"Muzeum Franz Josefa I.","alternateName":"Franz Jozef","url":"https:\/\/www.franz-josef.cz\/","logo":{"@type":"ImageObject","inLanguage":"en-GB","@id":"https:\/\/www.franz-josef.cz\/#\/schema\/logo\/image\/","url":"https:\/\/www.franz-josef.cz\/wp-content\/uploads\/2023\/08\/Muzeum-Franz-Jozef-logo-696x696-1.png","contentUrl":"https:\/\/www.franz-josef.cz\/wp-content\/uploads\/2023\/08\/Muzeum-Franz-Jozef-logo-696x696-1.png","width":696,"height":696,"caption":"Muzeum Franz Josefa I."},"image":{"@id":"https:\/\/www.franz-josef.cz\/#\/schema\/logo\/image\/"}}]}},"_links":{"self":[{"href":"https:\/\/www.franz-josef.cz\/en\/wp-json\/wp\/v2\/expozice\/8171","targetHints":{"allow":["GET"]}}],"collection":[{"href":"https:\/\/www.franz-josef.cz\/en\/wp-json\/wp\/v2\/expozice"}],"about":[{"href":"https:\/\/www.franz-josef.cz\/en\/wp-json\/wp\/v2\/types\/expozice"}],"author":[{"embeddable":true,"href":"https:\/\/www.franz-josef.cz\/en\/wp-json\/wp\/v2\/users\/3"}],"version-history":[{"count":9,"href":"https:\/\/www.franz-josef.cz\/en\/wp-json\/wp\/v2\/expozice\/8171\/revisions"}],"predecessor-version":[{"id":51023,"href":"https:\/\/www.franz-josef.cz\/en\/wp-json\/wp\/v2\/expozice\/8171\/revisions\/51023"}],"up":[{"embeddable":true,"href":"https:\/\/www.franz-josef.cz\/en\/wp-json\/wp\/v2\/expozice\/7730"}],"wp:featuredmedia":[{"embeddable":true,"href":"https:\/\/www.franz-josef.cz\/en\/wp-json\/wp\/v2\/media\/8584"}],"wp:attachment":[{"href":"https:\/\/www.franz-josef.cz\/en\/wp-json\/wp\/v2\/media?parent=8171"}],"wp:term":[{"taxonomy":"podexpozice","embeddable":true,"href":"https:\/\/www.franz-josef.cz\/en\/wp-json\/wp\/v2\/podexpozice?post=8171"}],"curies":[{"name":"wp","href":"https:\/\/api.w.org\/{rel}","templated":true}]}}