{"id":8642,"date":"2023-04-05T17:40:29","date_gmt":"2023-04-05T15:40:29","guid":{"rendered":"https:\/\/www.franz-josef.cz\/?post_type=expozice&#038;p=8642"},"modified":"2023-07-30T21:56:22","modified_gmt":"2023-07-30T19:56:22","slug":"hrnicky-kovove","status":"publish","type":"expozice","link":"https:\/\/www.franz-josef.cz\/en\/expozice\/predmety-z-doby-pred-i-svetovou-valkou-vyrobili-nasi-predkove\/hrnicky-kovove\/","title":{"rendered":"Metal cups"},"content":{"rendered":"<div data-elementor-type=\"wp-post\" data-elementor-id=\"8642\" class=\"elementor elementor-8642\" data-elementor-post-type=\"expozice\">\n\t\t\t\t\t\t<section data-particle_enable=\"false\" data-particle-mobile-disabled=\"false\" class=\"elementor-section elementor-top-section elementor-element elementor-element-60a8870 elementor-section-boxed elementor-section-height-default elementor-section-height-default\" data-id=\"60a8870\" data-element_type=\"section\" data-e-type=\"section\">\n\t\t\t\t\t\t<div class=\"elementor-container elementor-column-gap-default\">\n\t\t\t\t\t<div class=\"elementor-column elementor-col-100 elementor-top-column elementor-element elementor-element-2baf220\" data-id=\"2baf220\" data-element_type=\"column\" data-e-type=\"column\">\n\t\t\t<div class=\"elementor-widget-wrap elementor-element-populated\">\n\t\t\t\t\t\t<div class=\"elementor-element elementor-element-082c088 elementor-grid-eael-col-4 elementor-grid-tablet-eael-col-2 elementor-grid-mobile-eael-col-1 elementor-widget elementor-widget-eael-post-grid\" data-id=\"082c088\" data-element_type=\"widget\" data-e-type=\"widget\" data-settings=\"{&quot;eael_post_grid_columns&quot;:&quot;eael-col-4&quot;,&quot;eael_post_grid_columns_tablet&quot;:&quot;eael-col-2&quot;,&quot;eael_post_grid_columns_mobile&quot;:&quot;eael-col-1&quot;}\" data-widget_type=\"eael-post-grid.default\">\n\t\t\t\t<div class=\"elementor-widget-container\">\n\t\t\t\t\t<div id=\"eael-post-grid-082c088\" class=\"eael-post-grid-container\">\n            <div class=\"eael-post-grid eael-post-appender eael-post-appender-082c088 eael-post-grid-style-one\" data-layout-mode=\"grid\"><article class=\"eael-grid-post  eael-post-grid-column eael-pg-post-31480\" data-id=\"31480\">\n        <div class=\"eael-grid-post-holder\">\n            <div class=\"eael-grid-post-holder-inner\"><div class=\"eael-entry-media\"><div class=\"eael-entry-overlay fade-in\"><i class=\"fas fa-plus\" aria-hidden=\"true\"><\/i><a href=\"https:\/\/www.franz-josef.cz\/en\/exponaty\/hrnicky-kovove-frantisek-josef-i\/\"><\/a><\/div><div class=\"eael-entry-thumbnail\">\n                <img fetchpriority=\"high\" decoding=\"async\" width=\"251\" height=\"300\" src=\"https:\/\/www.franz-josef.cz\/wp-content\/uploads\/2023\/06\/71-40-251x300.jpg\" class=\"attachment-medium size-medium wp-image-31550\" alt=\"\" srcset=\"https:\/\/www.franz-josef.cz\/wp-content\/uploads\/2023\/06\/71-40-251x300.jpg 251w, https:\/\/www.franz-josef.cz\/wp-content\/uploads\/2023\/06\/71-40-259x310.jpg 259w, https:\/\/www.franz-josef.cz\/wp-content\/uploads\/2023\/06\/71-40-88x105.jpg 88w, https:\/\/www.franz-josef.cz\/wp-content\/uploads\/2023\/06\/71-40.jpg 734w\" sizes=\"(max-width: 251px) 100vw, 251px\" \/>\n            <\/div>\n        <\/div><div class=\"eael-entry-wrapper\"><header class=\"eael-entry-header\"><h2 class=\"eael-entry-title\"><a class=\"eael-grid-post-link\" href=\"https:\/\/www.franz-josef.cz\/en\/exponaty\/hrnicky-kovove-frantisek-josef-i\/\" title=\"1. Metal cups - Franti\u0161ek Josef I.\">1. Metal cups - Franti\u0161ek Josef I.<\/a><\/h2><\/header><\/div><\/div>\n        <\/div>\n    <\/article><\/div>\n            <div class=\"clearfix\"><\/div>\n        <\/div>\t\t\t\t<\/div>\n\t\t\t\t<\/div>\n\t\t\t\t\t<\/div>\n\t\t<\/div>\n\t\t\t\t\t<\/div>\n\t\t<\/section>\n\t\t\t\t<\/div>","protected":false},"author":3,"featured_media":8644,"parent":7779,"template":"","podexpozice":[209],"class_list":["post-8642","expozice","type-expozice","status-publish","has-post-thumbnail","hentry","podexpozice-predmety"],"yoast_head":"<!-- This site is optimized with the Yoast SEO Premium plugin v20.12 (Yoast SEO v27.2) - https:\/\/yoast.com\/product\/yoast-seo-premium-wordpress\/ -->\n<title>Expozice Hrn\u00ed\u010dky kovov\u00e9 &#8212; Muzeum c\u00edsa\u0159e Franz Josefa I.<\/title>\n<meta name=\"robots\" content=\"index, follow, max-snippet:-1, max-image-preview:large, max-video-preview:-1\" \/>\n<link rel=\"canonical\" href=\"https:\/\/www.franz-josef.cz\/en\/expozice\/predmety-z-doby-pred-i-svetovou-valkou-vyrobili-nasi-predkove\/hrnicky-kovove\/\" \/>\n<meta property=\"og:locale\" content=\"en_GB\" \/>\n<meta property=\"og:type\" content=\"article\" \/>\n<meta property=\"og:title\" content=\"Hrn\u00ed\u010dky kovov\u00e9\" \/>\n<meta property=\"og:description\" content=\"No posts found!\" \/>\n<meta property=\"og:url\" content=\"https:\/\/www.franz-josef.cz\/en\/expozice\/predmety-z-doby-pred-i-svetovou-valkou-vyrobili-nasi-predkove\/hrnicky-kovove\/\" \/>\n<meta property=\"og:site_name\" content=\"Muzeum c\u00edsa\u0159e Franz Josefa I.\" \/>\n<meta property=\"article:modified_time\" content=\"2023-07-30T19:56:22+00:00\" \/>\n<meta property=\"og:image\" content=\"https:\/\/www.franz-josef.cz\/wp-content\/uploads\/2023\/04\/obrazok_2023-04-05_174024738.png\" \/>\n\t<meta property=\"og:image:width\" content=\"510\" \/>\n\t<meta property=\"og:image:height\" content=\"400\" \/>\n\t<meta property=\"og:image:type\" content=\"image\/png\" \/>\n<meta name=\"twitter:card\" content=\"summary_large_image\" \/>\n<script type=\"application\/ld+json\" class=\"yoast-schema-graph\">{\"@context\":\"https:\/\/schema.org\",\"@graph\":[{\"@type\":\"WebPage\",\"@id\":\"https:\/\/www.franz-josef.cz\/expozice\/predmety-z-doby-pred-i-svetovou-valkou-vyrobili-nasi-predkove\/hrnicky-kovove\/\",\"url\":\"https:\/\/www.franz-josef.cz\/expozice\/predmety-z-doby-pred-i-svetovou-valkou-vyrobili-nasi-predkove\/hrnicky-kovove\/\",\"name\":\"Expozice Hrn\u00ed\u010dky kovov\u00e9 &#8212; Muzeum c\u00edsa\u0159e Franz Josefa I.\",\"isPartOf\":{\"@id\":\"https:\/\/www.franz-josef.cz\/#website\"},\"primaryImageOfPage\":{\"@id\":\"https:\/\/www.franz-josef.cz\/expozice\/predmety-z-doby-pred-i-svetovou-valkou-vyrobili-nasi-predkove\/hrnicky-kovove\/#primaryimage\"},\"image\":{\"@id\":\"https:\/\/www.franz-josef.cz\/expozice\/predmety-z-doby-pred-i-svetovou-valkou-vyrobili-nasi-predkove\/hrnicky-kovove\/#primaryimage\"},\"thumbnailUrl\":\"https:\/\/www.franz-josef.cz\/wp-content\/uploads\/2023\/04\/obrazok_2023-04-05_174024738.png\",\"datePublished\":\"2023-04-05T15:40:29+00:00\",\"dateModified\":\"2023-07-30T19:56:22+00:00\",\"breadcrumb\":{\"@id\":\"https:\/\/www.franz-josef.cz\/expozice\/predmety-z-doby-pred-i-svetovou-valkou-vyrobili-nasi-predkove\/hrnicky-kovove\/#breadcrumb\"},\"inLanguage\":\"en-GB\",\"potentialAction\":[{\"@type\":\"ReadAction\",\"target\":[\"https:\/\/www.franz-josef.cz\/expozice\/predmety-z-doby-pred-i-svetovou-valkou-vyrobili-nasi-predkove\/hrnicky-kovove\/\"]}]},{\"@type\":\"ImageObject\",\"inLanguage\":\"en-GB\",\"@id\":\"https:\/\/www.franz-josef.cz\/expozice\/predmety-z-doby-pred-i-svetovou-valkou-vyrobili-nasi-predkove\/hrnicky-kovove\/#primaryimage\",\"url\":\"https:\/\/www.franz-josef.cz\/wp-content\/uploads\/2023\/04\/obrazok_2023-04-05_174024738.png\",\"contentUrl\":\"https:\/\/www.franz-josef.cz\/wp-content\/uploads\/2023\/04\/obrazok_2023-04-05_174024738.png\",\"width\":510,\"height\":400},{\"@type\":\"BreadcrumbList\",\"@id\":\"https:\/\/www.franz-josef.cz\/expozice\/predmety-z-doby-pred-i-svetovou-valkou-vyrobili-nasi-predkove\/hrnicky-kovove\/#breadcrumb\",\"itemListElement\":[{\"@type\":\"ListItem\",\"position\":1,\"name\":\"Home\",\"item\":\"https:\/\/www.franz-josef.cz\/\"},{\"@type\":\"ListItem\",\"position\":2,\"name\":\"Expozice\",\"item\":\"https:\/\/www.franz-josef.cz\/expozice\/\"},{\"@type\":\"ListItem\",\"position\":3,\"name\":\"P\u0159edm\u011bty- Franti\u0161ek Josef I. , Elisabeth , Karel I. , Zita, Franz Ferdinand- Rakousko &#8211; Monarchie \/ Habsburg\",\"item\":\"https:\/\/www.franz-josef.cz\/expozice\/predmety-z-doby-pred-i-svetovou-valkou-vyrobili-nasi-predkove\/\"},{\"@type\":\"ListItem\",\"position\":4,\"name\":\"Hrn\u00ed\u010dky kovov\u00e9\"}]},{\"@type\":\"WebSite\",\"@id\":\"https:\/\/www.franz-josef.cz\/#website\",\"url\":\"https:\/\/www.franz-josef.cz\/\",\"name\":\"Muzeum c\u00edsa\u0159e Franz Josefa I.\",\"description\":\"\",\"publisher\":{\"@id\":\"https:\/\/www.franz-josef.cz\/#organization\"},\"alternateName\":\"Franz Joseph\",\"potentialAction\":[{\"@type\":\"SearchAction\",\"target\":{\"@type\":\"EntryPoint\",\"urlTemplate\":\"https:\/\/www.franz-josef.cz\/?s={search_term_string}\"},\"query-input\":{\"@type\":\"PropertyValueSpecification\",\"valueRequired\":true,\"valueName\":\"search_term_string\"}}],\"inLanguage\":\"en-GB\"},{\"@type\":\"Organization\",\"@id\":\"https:\/\/www.franz-josef.cz\/#organization\",\"name\":\"Muzeum Franz Josefa I.\",\"alternateName\":\"Franz Jozef\",\"url\":\"https:\/\/www.franz-josef.cz\/\",\"logo\":{\"@type\":\"ImageObject\",\"inLanguage\":\"en-GB\",\"@id\":\"https:\/\/www.franz-josef.cz\/#\/schema\/logo\/image\/\",\"url\":\"https:\/\/www.franz-josef.cz\/wp-content\/uploads\/2023\/08\/Muzeum-Franz-Jozef-logo-696x696-1.png\",\"contentUrl\":\"https:\/\/www.franz-josef.cz\/wp-content\/uploads\/2023\/08\/Muzeum-Franz-Jozef-logo-696x696-1.png\",\"width\":696,\"height\":696,\"caption\":\"Muzeum Franz Josefa I.\"},\"image\":{\"@id\":\"https:\/\/www.franz-josef.cz\/#\/schema\/logo\/image\/\"}}]}<\/script>\n<!-- \/ Yoast SEO Premium plugin. -->","yoast_head_json":{"title":"Expozice Hrn\u00ed\u010dky kovov\u00e9 &#8212; Muzeum c\u00edsa\u0159e Franz Josefa I.","robots":{"index":"index","follow":"follow","max-snippet":"max-snippet:-1","max-image-preview":"max-image-preview:large","max-video-preview":"max-video-preview:-1"},"canonical":"https:\/\/www.franz-josef.cz\/en\/expozice\/predmety-z-doby-pred-i-svetovou-valkou-vyrobili-nasi-predkove\/hrnicky-kovove\/","og_locale":"en_GB","og_type":"article","og_title":"Hrn\u00ed\u010dky kovov\u00e9","og_description":"No posts found!","og_url":"https:\/\/www.franz-josef.cz\/en\/expozice\/predmety-z-doby-pred-i-svetovou-valkou-vyrobili-nasi-predkove\/hrnicky-kovove\/","og_site_name":"Muzeum c\u00edsa\u0159e Franz Josefa I.","article_modified_time":"2023-07-30T19:56:22+00:00","og_image":[{"width":510,"height":400,"url":"https:\/\/www.franz-josef.cz\/wp-content\/uploads\/2023\/04\/obrazok_2023-04-05_174024738.png","type":"image\/png"}],"twitter_card":"summary_large_image","schema":{"@context":"https:\/\/schema.org","@graph":[{"@type":"WebPage","@id":"https:\/\/www.franz-josef.cz\/expozice\/predmety-z-doby-pred-i-svetovou-valkou-vyrobili-nasi-predkove\/hrnicky-kovove\/","url":"https:\/\/www.franz-josef.cz\/expozice\/predmety-z-doby-pred-i-svetovou-valkou-vyrobili-nasi-predkove\/hrnicky-kovove\/","name":"Expozice Hrn\u00ed\u010dky kovov\u00e9 &#8212; Muzeum c\u00edsa\u0159e Franz Josefa I.","isPartOf":{"@id":"https:\/\/www.franz-josef.cz\/#website"},"primaryImageOfPage":{"@id":"https:\/\/www.franz-josef.cz\/expozice\/predmety-z-doby-pred-i-svetovou-valkou-vyrobili-nasi-predkove\/hrnicky-kovove\/#primaryimage"},"image":{"@id":"https:\/\/www.franz-josef.cz\/expozice\/predmety-z-doby-pred-i-svetovou-valkou-vyrobili-nasi-predkove\/hrnicky-kovove\/#primaryimage"},"thumbnailUrl":"https:\/\/www.franz-josef.cz\/wp-content\/uploads\/2023\/04\/obrazok_2023-04-05_174024738.png","datePublished":"2023-04-05T15:40:29+00:00","dateModified":"2023-07-30T19:56:22+00:00","breadcrumb":{"@id":"https:\/\/www.franz-josef.cz\/expozice\/predmety-z-doby-pred-i-svetovou-valkou-vyrobili-nasi-predkove\/hrnicky-kovove\/#breadcrumb"},"inLanguage":"en-GB","potentialAction":[{"@type":"ReadAction","target":["https:\/\/www.franz-josef.cz\/expozice\/predmety-z-doby-pred-i-svetovou-valkou-vyrobili-nasi-predkove\/hrnicky-kovove\/"]}]},{"@type":"ImageObject","inLanguage":"en-GB","@id":"https:\/\/www.franz-josef.cz\/expozice\/predmety-z-doby-pred-i-svetovou-valkou-vyrobili-nasi-predkove\/hrnicky-kovove\/#primaryimage","url":"https:\/\/www.franz-josef.cz\/wp-content\/uploads\/2023\/04\/obrazok_2023-04-05_174024738.png","contentUrl":"https:\/\/www.franz-josef.cz\/wp-content\/uploads\/2023\/04\/obrazok_2023-04-05_174024738.png","width":510,"height":400},{"@type":"BreadcrumbList","@id":"https:\/\/www.franz-josef.cz\/expozice\/predmety-z-doby-pred-i-svetovou-valkou-vyrobili-nasi-predkove\/hrnicky-kovove\/#breadcrumb","itemListElement":[{"@type":"ListItem","position":1,"name":"Home","item":"https:\/\/www.franz-josef.cz\/"},{"@type":"ListItem","position":2,"name":"Expozice","item":"https:\/\/www.franz-josef.cz\/expozice\/"},{"@type":"ListItem","position":3,"name":"P\u0159edm\u011bty- Franti\u0161ek Josef I. , Elisabeth , Karel I. , Zita, Franz Ferdinand- Rakousko &#8211; Monarchie \/ Habsburg","item":"https:\/\/www.franz-josef.cz\/expozice\/predmety-z-doby-pred-i-svetovou-valkou-vyrobili-nasi-predkove\/"},{"@type":"ListItem","position":4,"name":"Hrn\u00ed\u010dky kovov\u00e9"}]},{"@type":"WebSite","@id":"https:\/\/www.franz-josef.cz\/#website","url":"https:\/\/www.franz-josef.cz\/","name":"Muzeum c\u00edsa\u0159e Franz Josefa I.","description":"","publisher":{"@id":"https:\/\/www.franz-josef.cz\/#organization"},"alternateName":"Franz Joseph","potentialAction":[{"@type":"SearchAction","target":{"@type":"EntryPoint","urlTemplate":"https:\/\/www.franz-josef.cz\/?s={search_term_string}"},"query-input":{"@type":"PropertyValueSpecification","valueRequired":true,"valueName":"search_term_string"}}],"inLanguage":"en-GB"},{"@type":"Organization","@id":"https:\/\/www.franz-josef.cz\/#organization","name":"Muzeum Franz Josefa I.","alternateName":"Franz Jozef","url":"https:\/\/www.franz-josef.cz\/","logo":{"@type":"ImageObject","inLanguage":"en-GB","@id":"https:\/\/www.franz-josef.cz\/#\/schema\/logo\/image\/","url":"https:\/\/www.franz-josef.cz\/wp-content\/uploads\/2023\/08\/Muzeum-Franz-Jozef-logo-696x696-1.png","contentUrl":"https:\/\/www.franz-josef.cz\/wp-content\/uploads\/2023\/08\/Muzeum-Franz-Jozef-logo-696x696-1.png","width":696,"height":696,"caption":"Muzeum Franz Josefa I."},"image":{"@id":"https:\/\/www.franz-josef.cz\/#\/schema\/logo\/image\/"}}]}},"_links":{"self":[{"href":"https:\/\/www.franz-josef.cz\/en\/wp-json\/wp\/v2\/expozice\/8642","targetHints":{"allow":["GET"]}}],"collection":[{"href":"https:\/\/www.franz-josef.cz\/en\/wp-json\/wp\/v2\/expozice"}],"about":[{"href":"https:\/\/www.franz-josef.cz\/en\/wp-json\/wp\/v2\/types\/expozice"}],"author":[{"embeddable":true,"href":"https:\/\/www.franz-josef.cz\/en\/wp-json\/wp\/v2\/users\/3"}],"version-history":[{"count":8,"href":"https:\/\/www.franz-josef.cz\/en\/wp-json\/wp\/v2\/expozice\/8642\/revisions"}],"predecessor-version":[{"id":50977,"href":"https:\/\/www.franz-josef.cz\/en\/wp-json\/wp\/v2\/expozice\/8642\/revisions\/50977"}],"up":[{"embeddable":true,"href":"https:\/\/www.franz-josef.cz\/en\/wp-json\/wp\/v2\/expozice\/7779"}],"wp:featuredmedia":[{"embeddable":true,"href":"https:\/\/www.franz-josef.cz\/en\/wp-json\/wp\/v2\/media\/8644"}],"wp:attachment":[{"href":"https:\/\/www.franz-josef.cz\/en\/wp-json\/wp\/v2\/media?parent=8642"}],"wp:term":[{"taxonomy":"podexpozice","embeddable":true,"href":"https:\/\/www.franz-josef.cz\/en\/wp-json\/wp\/v2\/podexpozice?post=8642"}],"curies":[{"name":"wp","href":"https:\/\/api.w.org\/{rel}","templated":true}]}}