{"id":2232,"date":"2019-01-30T01:53:55","date_gmt":"2019-01-30T00:53:55","guid":{"rendered":"https:\/\/demo.ovatheme.com\/muzze\/?page_id=2232"},"modified":"2025-12-03T20:57:10","modified_gmt":"2025-12-03T19:57:10","slug":"uvod","status":"publish","type":"page","link":"https:\/\/www.franz-josef.cz\/en","title":{"rendered":"\u00davod"},"content":{"rendered":"<div data-elementor-type=\"wp-post\" data-elementor-id=\"2232\" class=\"elementor elementor-2232\" data-elementor-post-type=\"page\">\n\t\t\t\t\t\t<section data-particle_enable=\"false\" data-particle-mobile-disabled=\"false\" class=\"elementor-section elementor-top-section elementor-element elementor-element-d2f325a elementor-section-full_width elementor-section-height-default elementor-section-height-default\" data-id=\"d2f325a\" data-element_type=\"section\" data-e-type=\"section\">\n\t\t\t\t\t\t<div class=\"elementor-container elementor-column-gap-no\">\n\t\t\t\t\t<div class=\"elementor-column elementor-col-100 elementor-top-column elementor-element elementor-element-88d339e animated-fast elementor-invisible\" data-id=\"88d339e\" data-element_type=\"column\" data-e-type=\"column\" data-settings=\"{&quot;animation&quot;:&quot;fadeIn&quot;}\">\n\t\t\t<div class=\"elementor-widget-wrap elementor-element-populated\">\n\t\t\t\t\t\t<div class=\"elementor-element elementor-element-76635c0 elementor--h-position-left elementor--v-position-middle elementor-arrows-position-inside elementor-pagination-position-inside elementor-widget elementor-widget-slides\" data-id=\"76635c0\" data-element_type=\"widget\" data-e-type=\"widget\" data-settings=\"{&quot;autoplay_speed&quot;:4000,&quot;navigation&quot;:&quot;both&quot;,&quot;autoplay&quot;:&quot;yes&quot;,&quot;infinite&quot;:&quot;yes&quot;,&quot;transition&quot;:&quot;slide&quot;,&quot;transition_speed&quot;:500}\" data-widget_type=\"slides.default\">\n\t\t\t\t<div class=\"elementor-widget-container\">\n\t\t\t\t\t\t\t\t\t<div class=\"elementor-swiper\">\n\t\t\t\t\t<div class=\"elementor-slides-wrapper elementor-main-swiper swiper\" role=\"region\" aria-roledescription=\"carousel\" aria-label=\"Slides\" dir=\"ltr\" data-animation=\"fadeInUp\">\n\t\t\t\t<div class=\"swiper-wrapper elementor-slides\">\n\t\t\t\t\t\t\t\t\t\t<div class=\"elementor-repeater-item-b3a94e2 swiper-slide\" role=\"group\" aria-roledescription=\"slide\"><div class=\"swiper-slide-bg elementor-ken-burns elementor-ken-burns--out\" role=\"img\" aria-label=\"obr\u00e1zok_2023-04-16_143221529\"><\/div><div class=\"elementor-background-overlay\"><\/div><div class=\"swiper-slide-inner\" ><div class=\"swiper-slide-contents\"><div class=\"elementor-slide-heading\">Vstupte do muzea<\/div><div class=\"elementor-slide-description\">Pictures<\/div><a href=\"\/en\/virtualni-muzeum\/\" class=\"elementor-button elementor-slide-button elementor-size-sm\">Prohl\u00e9dnout expozici<\/a><\/div><\/div><\/div><div class=\"elementor-repeater-item-c22328d swiper-slide\" role=\"group\" aria-roledescription=\"slide\"><div class=\"swiper-slide-bg elementor-ken-burns elementor-ken-burns--out\" role=\"img\" aria-label=\"obr\u00e1zok_2023-04-16_142507080\"><\/div><div class=\"elementor-background-overlay\"><\/div><div class=\"swiper-slide-inner\" ><div class=\"swiper-slide-contents\"><div class=\"elementor-slide-heading\">Vstupte do muzea<\/div><div class=\"elementor-slide-description\">Postcard<\/div><a href=\"\/en\/virtualni-muzeum\/\" class=\"elementor-button elementor-slide-button elementor-size-sm\">Prohl\u00e9dnout expozici<\/a><\/div><\/div><\/div><div class=\"elementor-repeater-item-bc7b7ae swiper-slide\" role=\"group\" aria-roledescription=\"slide\"><div class=\"swiper-slide-bg elementor-ken-burns elementor-ken-burns--in\" role=\"img\" aria-label=\"obr\u00e1zok_2023-04-16_142728322\"><\/div><div class=\"elementor-background-overlay\"><\/div><div class=\"swiper-slide-inner\" ><div class=\"swiper-slide-contents\"><div class=\"elementor-slide-heading\">Vstupte do muzea<\/div><div class=\"elementor-slide-description\">Subjects<\/div><a href=\"\/en\/virtualni-muzeum\/\" class=\"elementor-button elementor-slide-button elementor-size-sm\">Prohl\u00e9dnout expozici<\/a><\/div><\/div><\/div><div class=\"elementor-repeater-item-9bfd18b swiper-slide\" role=\"group\" aria-roledescription=\"slide\"><div class=\"swiper-slide-bg elementor-ken-burns elementor-ken-burns--in\" role=\"img\" aria-label=\"obr\u00e1zok_2023-04-16_143005510\"><\/div><div class=\"elementor-background-overlay\"><\/div><div class=\"swiper-slide-inner\" ><div class=\"swiper-slide-contents\"><div class=\"elementor-slide-heading\">Vstupte do muzea<\/div><div class=\"elementor-slide-description\">Cold weapons<\/div><a href=\"\/en\/virtualni-muzeum\/\" class=\"elementor-button elementor-slide-button elementor-size-sm\">Prohl\u00e9dnout expozici<\/a><\/div><\/div><\/div><div class=\"elementor-repeater-item-fa58ed2 swiper-slide\" role=\"group\" aria-roledescription=\"slide\"><div class=\"swiper-slide-bg elementor-ken-burns elementor-ken-burns--out\" role=\"img\" aria-label=\"obr\u00e1zok_2023-04-16_143302634\"><\/div><div class=\"elementor-background-overlay\"><\/div><div class=\"swiper-slide-inner\" ><div class=\"swiper-slide-contents\"><div class=\"elementor-slide-heading\">Vstupte do muzea<\/div><div class=\"elementor-slide-description\">Newspapers and magazines<\/div><a href=\"\/en\/virtualni-muzeum\/\" class=\"elementor-button elementor-slide-button elementor-size-sm\">Prohl\u00e9dnout expozici<\/a><\/div><\/div><\/div><div class=\"elementor-repeater-item-806b40a swiper-slide\" role=\"group\" aria-roledescription=\"slide\"><div class=\"swiper-slide-bg elementor-ken-burns elementor-ken-burns--in\" role=\"img\" aria-label=\"obr\u00e1zok_2023-04-16_143129018\"><\/div><div class=\"elementor-background-overlay\"><\/div><div class=\"swiper-slide-inner\" ><div class=\"swiper-slide-contents\"><div class=\"elementor-slide-heading\">Vstupte do muzea<\/div><div class=\"elementor-slide-description\">Philately, circulars<\/div><a href=\"\/en\/virtualni-muzeum\/\" class=\"elementor-button elementor-slide-button elementor-size-sm\">Prohl\u00e9dnout expozici<\/a><\/div><\/div><\/div><div class=\"elementor-repeater-item-36be0d7 swiper-slide\" role=\"group\" aria-roledescription=\"slide\"><div class=\"swiper-slide-bg elementor-ken-burns elementor-ken-burns--in\" role=\"img\" aria-label=\"obr\u00e1zok_2023-04-16_143046015\"><\/div><div class=\"elementor-background-overlay\"><\/div><div class=\"swiper-slide-inner\" ><div class=\"swiper-slide-contents\"><div class=\"elementor-slide-heading\">Vstupte do muzea<\/div><div class=\"elementor-slide-description\">Books<\/div><a href=\"\/en\/virtualni-muzeum\/\" class=\"elementor-button elementor-slide-button elementor-size-sm\">Prohl\u00e9dnout expozici<\/a><\/div><\/div><\/div>\t\t\t\t<\/div>\n\t\t\t\t\t\t\t\t\t\t\t\t\t\t\t<div class=\"elementor-swiper-button elementor-swiper-button-prev\" role=\"button\" tabindex=\"0\" aria-label=\"Previous slide\" data-no-translation-aria-label=\"\">\n\t\t\t\t\t\t\t<i aria-hidden=\"true\" class=\"eicon-chevron-left\"><\/i>\t\t\t\t\t\t<\/div>\n\t\t\t\t\t\t<div class=\"elementor-swiper-button elementor-swiper-button-next\" role=\"button\" tabindex=\"0\" aria-label=\"Next slide\" data-no-translation-aria-label=\"\">\n\t\t\t\t\t\t\t<i aria-hidden=\"true\" class=\"eicon-chevron-right\"><\/i>\t\t\t\t\t\t<\/div>\n\t\t\t\t\t\t\t\t\t\t\t\t\t\t\t\t<div class=\"swiper-pagination\"><\/div>\n\t\t\t\t\t\t\t\t\t\t\t\t<\/div>\n\t\t\t\t<\/div>\n\t\t\t\t\t\t\t\t<\/div>\n\t\t\t\t<\/div>\n\t\t\t\t\t<\/div>\n\t\t<\/div>\n\t\t\t\t\t<\/div>\n\t\t<\/section>\n\t\t\t\t<section data-particle_enable=\"false\" data-particle-mobile-disabled=\"false\" class=\"elementor-section elementor-top-section elementor-element elementor-element-66a3f6d elementor-section-boxed elementor-section-height-default elementor-section-height-default\" data-id=\"66a3f6d\" data-element_type=\"section\" data-e-type=\"section\">\n\t\t\t\t\t\t<div class=\"elementor-container elementor-column-gap-default\">\n\t\t\t\t\t<div class=\"elementor-column elementor-col-50 elementor-top-column elementor-element elementor-element-e63976e\" data-id=\"e63976e\" data-element_type=\"column\" data-e-type=\"column\">\n\t\t\t<div class=\"elementor-widget-wrap elementor-element-populated\">\n\t\t\t\t\t\t<div class=\"elementor-element elementor-element-1e48fdb elementor-widget elementor-widget-image\" data-id=\"1e48fdb\" data-element_type=\"widget\" data-e-type=\"widget\" data-widget_type=\"image.default\">\n\t\t\t\t<div class=\"elementor-widget-container\">\n\t\t\t\t\t\t\t\t\t\t\t\t\t\t\t<img fetchpriority=\"high\" decoding=\"async\" width=\"560\" height=\"390\" src=\"https:\/\/www.franz-josef.cz\/wp-content\/uploads\/2023\/03\/franz-josef-560x390-1.png\" class=\"attachment-full size-full wp-image-7623\" alt=\"\" srcset=\"https:\/\/www.franz-josef.cz\/wp-content\/uploads\/2023\/03\/franz-josef-560x390-1.png 560w, https:\/\/www.franz-josef.cz\/wp-content\/uploads\/2023\/03\/franz-josef-560x390-1-300x209.png 300w\" sizes=\"(max-width: 560px) 100vw, 560px\" \/>\t\t\t\t\t\t\t\t\t\t\t\t\t\t\t<\/div>\n\t\t\t\t<\/div>\n\t\t\t\t\t<\/div>\n\t\t<\/div>\n\t\t\t\t<div class=\"elementor-column elementor-col-50 elementor-top-column elementor-element elementor-element-e97739a\" data-id=\"e97739a\" data-element_type=\"column\" data-e-type=\"column\">\n\t\t\t<div class=\"elementor-widget-wrap elementor-element-populated\">\n\t\t\t\t\t\t<div class=\"elementor-element elementor-element-0602370 elementor-widget elementor-widget-heading\" data-id=\"0602370\" data-element_type=\"widget\" data-e-type=\"widget\" data-widget_type=\"heading.default\">\n\t\t\t\t<div class=\"elementor-widget-container\">\n\t\t\t\t\t<h2 class=\"elementor-heading-title elementor-size-default\">\u200b\nFranz Joseph I. Museum<\/h2>\t\t\t\t<\/div>\n\t\t\t\t<\/div>\n\t\t\t\t<div class=\"elementor-element elementor-element-af59c1d line-height-30 elementor-widget elementor-widget-text-editor\" data-id=\"af59c1d\" data-element_type=\"widget\" data-e-type=\"widget\" data-widget_type=\"text-editor.default\">\n\t\t\t\t<div class=\"elementor-widget-container\">\n\t\t\t\t\t\t\t\t\tEmbark on a unique journey through time\t\t\t\t\t\t\t\t<\/div>\n\t\t\t\t<\/div>\n\t\t\t\t<div class=\"elementor-element elementor-element-8a1602c elementor-widget elementor-widget-text-editor\" data-id=\"8a1602c\" data-element_type=\"widget\" data-e-type=\"widget\" data-widget_type=\"text-editor.default\">\n\t\t\t\t<div class=\"elementor-widget-container\">\n\t\t\t\t\t\t\t\t\t<p>On these websites, we have prepared approximately 35,000 images (14,000 objects), I estimate approximately 45,000 web pages - so we apologize in advance if something does not work according to professional descriptions. The Museum is open and based on the future possible cooperation of us collectors, historians and like-minded people.\u00a0\u00a0<\/p>\t\t\t\t\t\t\t\t<\/div>\n\t\t\t\t<\/div>\n\t\t\t\t<div class=\"elementor-element elementor-element-3a7e602 elementor-align-left elementor-widget elementor-widget-button\" data-id=\"3a7e602\" data-element_type=\"widget\" data-e-type=\"widget\" data-widget_type=\"button.default\">\n\t\t\t\t<div class=\"elementor-widget-container\">\n\t\t\t\t\t\t\t\t\t<div class=\"elementor-button-wrapper\">\n\t\t\t\t\t<a class=\"elementor-button elementor-button-link elementor-size-sm\" href=\"\/en\/o-muzeu\/\">\n\t\t\t\t\t\t<span class=\"elementor-button-content-wrapper\">\n\t\t\t\t\t\t\t\t\t<span class=\"elementor-button-text\">More about the museum<\/span>\n\t\t\t\t\t<\/span>\n\t\t\t\t\t<\/a>\n\t\t\t\t<\/div>\n\t\t\t\t\t\t\t\t<\/div>\n\t\t\t\t<\/div>\n\t\t\t\t\t<\/div>\n\t\t<\/div>\n\t\t\t\t\t<\/div>\n\t\t<\/section>\n\t\t\t\t<section data-particle_enable=\"false\" data-particle-mobile-disabled=\"false\" class=\"elementor-section elementor-top-section elementor-element elementor-element-dde5722 elementor-section-boxed elementor-section-height-default elementor-section-height-default\" data-id=\"dde5722\" data-element_type=\"section\" data-e-type=\"section\" data-settings=\"{&quot;background_background&quot;:&quot;classic&quot;}\">\n\t\t\t\t\t\t\t<div class=\"elementor-background-overlay\"><\/div>\n\t\t\t\t\t\t\t<div class=\"elementor-container elementor-column-gap-default\">\n\t\t\t\t\t<div class=\"elementor-column elementor-col-100 elementor-top-column elementor-element elementor-element-c6584c2\" data-id=\"c6584c2\" data-element_type=\"column\" data-e-type=\"column\">\n\t\t\t<div class=\"elementor-widget-wrap elementor-element-populated\">\n\t\t\t\t\t\t<section data-particle_enable=\"false\" data-particle-mobile-disabled=\"false\" class=\"elementor-section elementor-inner-section elementor-element elementor-element-53baa4d elementor-section-boxed elementor-section-height-default elementor-section-height-default\" data-id=\"53baa4d\" data-element_type=\"section\" data-e-type=\"section\">\n\t\t\t\t\t\t<div class=\"elementor-container elementor-column-gap-default\">\n\t\t\t\t\t<div class=\"elementor-column elementor-col-50 elementor-inner-column elementor-element elementor-element-a84ff29\" data-id=\"a84ff29\" data-element_type=\"column\" data-e-type=\"column\">\n\t\t\t<div class=\"elementor-widget-wrap elementor-element-populated\">\n\t\t\t\t\t\t<div class=\"elementor-element elementor-element-81711db elementor-widget elementor-widget-heading\" data-id=\"81711db\" data-element_type=\"widget\" data-e-type=\"widget\" data-widget_type=\"heading.default\">\n\t\t\t\t<div class=\"elementor-widget-container\">\n\t\t\t\t\t<h2 class=\"elementor-heading-title elementor-size-default\">Select exposure<\/h2>\t\t\t\t<\/div>\n\t\t\t\t<\/div>\n\t\t\t\t<div class=\"elementor-element elementor-element-a94ceb0 elementor-widget elementor-widget-text-editor\" data-id=\"a94ceb0\" data-element_type=\"widget\" data-e-type=\"widget\" data-widget_type=\"text-editor.default\">\n\t\t\t\t<div class=\"elementor-widget-container\">\n\t\t\t\t\t\t\t\t\t<p><span style=\"color: #000000;\">In the digitized museum, we have approximately 40,000 images - 13,000 exhibits - ready for you.<\/span><\/p>\t\t\t\t\t\t\t\t<\/div>\n\t\t\t\t<\/div>\n\t\t\t\t\t<\/div>\n\t\t<\/div>\n\t\t\t\t<div class=\"elementor-column elementor-col-50 elementor-inner-column elementor-element elementor-element-45c3956\" data-id=\"45c3956\" data-element_type=\"column\" data-e-type=\"column\">\n\t\t\t<div class=\"elementor-widget-wrap elementor-element-populated\">\n\t\t\t\t\t\t<div class=\"elementor-element elementor-element-4a9393a elementor-widget elementor-widget-eael-advanced-search\" data-id=\"4a9393a\" data-element_type=\"widget\" data-e-type=\"widget\" data-widget_type=\"eael-advanced-search.default\">\n\t\t\t\t<div class=\"elementor-widget-container\">\n\t\t\t\t\t        <div class=\"eael-adv-search-wrapper\">\n            <div id=\"eael-advanced-search-widget-4a9393a\" class=\"eael-advanced-search-widget\">\n                <form data-settings=\"{&quot;post_per_page&quot;:99,&quot;search_among_taxonomies&quot;:&quot;no&quot;,&quot;search_among_sku&quot;:&quot;no&quot;,&quot;show_popular_keyword&quot;:0,&quot;show_category&quot;:0,&quot;show_content_image&quot;:1,&quot;show_search_result_all_results&quot;:1,&quot;result_on_new_tab&quot;:&quot;no&quot;,&quot;show_product_price&quot;:&quot;&quot;,&quot;include_current_page&quot;:&quot;no&quot;,&quot;current_post_id&quot;:2232,&quot;post_type&quot;:[&quot;expozice&quot;]}\" method=\"POST\" name=\"eael-advanced-search-form-4a9393a\" class=\"eael-advanced-search-form eael-advanced-search-form-style-1\" action=\"\">\n                    <div class=\"eael-advanced-search-wrap\">\n                        <span class=\"eael-adv-search-loader\"><\/span>\n                        <span class=\"eael-adv-search-close\"><i class=\"fas fa-times\"><\/i><\/span>\n                        <span class=\"icon\"><i class=\"fas fa-search\"><\/i><\/span>\n\n                        <input type=\"text\"\n                               placeholder=\"Find exposure\"\n                               class=\"eael-advanced-search\" autocomplete=\"off\" name=\"eael_advanced_search\">\n                    <\/div>\n\t\t\t\t\t                                            <button class=\"eael-advanced-search-button\">SEARCH<\/button>\n                                    <input type=\"hidden\" name=\"trp-form-language\" value=\"en\"\/><\/form>\n\n\t\t\t\t\n\t\t\t\t        <div class=\"eael-advanced-search-result\">\n            <div class=\"eael-advanced-search-popular-keyword\">\n\t\t\t\t<h4 class=\"eael-advanced-search-popular-keyword-text\">Popul\u00e1rn\u00ed kl\u00ed\u010dov\u00e1 slova<\/h4>                <div class=\"eael-popular-keyword-content\"><\/div>\n            <\/div>\n            <div class=\"eael-advanced-search-category\">\n\t\t\t\t<h4 class=\"eael-advanced-search-category-text\">Kategorie<\/h4>                <div class=\"eael-popular-category-content\"><\/div>\n            <\/div>\n\t\t\t<div class=\"eael-advanced-search-total-results-section\">\n\t\t\t\t\t\t\t\t<p class=\"eael-advanced-search-total-results-wrap\">\n\t\t\t\t\tNalezeno v\u00fdsledk\u016f: <span class=\"eael-advanced-search-total-results-count\"><\/span>\t\t\t\t<\/p>\n\t\t\t\t\t\t\t<\/div>\n            <div class=\"eael-advanced-search-content eael-item-style-1\">\n            <\/div>\n            <div class=\"eael-advanced-search-not-found\">\n                <p>Nic nebylo nalezeno.<\/p><\/div>\n            <div class=\"eael-advanced-search-load-more\">\n\t\t\t\t<a \tclass=\"eael-advanced-search-load-more-button\"\n                \thref=\"#\">Zobrazit v\u0161echny v\u00fdsledky<\/a>\n            <\/div>\n        <\/div>\n\n\t\t            <\/div>\n        <\/div>\n\n\t\t\t\t\t\t<\/div>\n\t\t\t\t<\/div>\n\t\t\t\t\t<\/div>\n\t\t<\/div>\n\t\t\t\t\t<\/div>\n\t\t<\/section>\n\t\t\t\t<div class=\"elementor-element elementor-element-0c9bec2 elementor-grid-eael-col-5 elementor-grid-tablet-eael-col-2 elementor-grid-mobile-eael-col-1 elementor-widget elementor-widget-eael-post-grid\" data-id=\"0c9bec2\" data-element_type=\"widget\" data-e-type=\"widget\" data-settings=\"{&quot;eael_post_grid_columns&quot;:&quot;eael-col-5&quot;,&quot;eael_post_grid_columns_tablet&quot;:&quot;eael-col-2&quot;,&quot;eael_post_grid_columns_mobile&quot;:&quot;eael-col-1&quot;}\" data-widget_type=\"eael-post-grid.default\">\n\t\t\t\t<div class=\"elementor-widget-container\">\n\t\t\t\t\t<div id=\"eael-post-grid-0c9bec2\" class=\"eael-post-grid-container\">\n            <div class=\"eael-post-grid eael-post-appender eael-post-appender-0c9bec2 eael-post-grid-style-one\" data-layout-mode=\"grid\"><article class=\"eael-grid-post  eael-post-grid-column eael-pg-post-7730\" data-id=\"7730\">\n        <div class=\"eael-grid-post-holder\">\n            <div class=\"eael-grid-post-holder-inner\"><div class=\"eael-entry-media\"><div class=\"eael-entry-overlay fade-in\"><i class=\"fas fa-plus\" aria-hidden=\"true\"><\/i><a href=\"https:\/\/www.franz-josef.cz\/en\/expozice\/osterreich-pohlednice\/\"><\/a><\/div><div class=\"eael-entry-thumbnail eael-image-ratio\">\n                <img decoding=\"async\" width=\"300\" height=\"277\" data-src=\"https:\/\/www.franz-josef.cz\/wp-content\/uploads\/2023\/03\/image_2023-03-27_000537068-e1679868659664-300x277.png\" class=\"attachment-medium size-medium wp-image-7666 lazyload\" alt=\"\" data-srcset=\"https:\/\/www.franz-josef.cz\/wp-content\/uploads\/2023\/03\/image_2023-03-27_000537068-e1679868659664-300x277.png 300w, https:\/\/www.franz-josef.cz\/wp-content\/uploads\/2023\/03\/image_2023-03-27_000537068-e1679868659664.png 520w\" data-sizes=\"(max-width: 300px) 100vw, 300px\" src=\"data:image\/gif;base64,R0lGODlhAQABAAAAACH5BAEKAAEALAAAAAABAAEAAAICTAEAOw==\" style=\"--smush-placeholder-width: 300px; --smush-placeholder-aspect-ratio: 300\/277;\" \/><noscript><img decoding=\"async\" width=\"300\" height=\"277\" src=\"https:\/\/www.franz-josef.cz\/wp-content\/uploads\/2023\/03\/image_2023-03-27_000537068-e1679868659664-300x277.png\" class=\"attachment-medium size-medium wp-image-7666\" alt=\"\" srcset=\"https:\/\/www.franz-josef.cz\/wp-content\/uploads\/2023\/03\/image_2023-03-27_000537068-e1679868659664-300x277.png 300w, https:\/\/www.franz-josef.cz\/wp-content\/uploads\/2023\/03\/image_2023-03-27_000537068-e1679868659664.png 520w\" sizes=\"(max-width: 300px) 100vw, 300px\" \/><\/noscript>\n            <\/div>\n        <\/div><div class=\"eael-entry-wrapper\"><header class=\"eael-entry-header\"><h2 class=\"eael-entry-title\"><a class=\"eael-grid-post-link\" href=\"https:\/\/www.franz-josef.cz\/en\/expozice\/osterreich-pohlednice\/\" title=\"Postcard of Emperor Franz Josef I and Empress Elisabeth\">Postcard of Emperor Franz Josef I and Empress Elisabeth<\/a><\/h2><\/header><\/div><\/div>\n        <\/div>\n    <\/article><article class=\"eael-grid-post  eael-post-grid-column eael-pg-post-7779\" data-id=\"7779\">\n        <div class=\"eael-grid-post-holder\">\n            <div class=\"eael-grid-post-holder-inner\"><div class=\"eael-entry-media\"><div class=\"eael-entry-overlay fade-in\"><i class=\"fas fa-plus\" aria-hidden=\"true\"><\/i><a href=\"https:\/\/www.franz-josef.cz\/en\/expozice\/predmety-z-doby-pred-i-svetovou-valkou-vyrobili-nasi-predkove\/\"><\/a><\/div><div class=\"eael-entry-thumbnail eael-image-ratio\">\n                <img decoding=\"async\" width=\"300\" height=\"235\" data-src=\"https:\/\/www.franz-josef.cz\/wp-content\/uploads\/2023\/04\/obrazok_2023-04-05_174503484-300x235.png\" class=\"attachment-medium size-medium wp-image-8653 lazyload\" alt=\"\" data-srcset=\"https:\/\/www.franz-josef.cz\/wp-content\/uploads\/2023\/04\/obrazok_2023-04-05_174503484-300x235.png 300w, https:\/\/www.franz-josef.cz\/wp-content\/uploads\/2023\/04\/obrazok_2023-04-05_174503484.png 510w\" data-sizes=\"(max-width: 300px) 100vw, 300px\" src=\"data:image\/gif;base64,R0lGODlhAQABAAAAACH5BAEKAAEALAAAAAABAAEAAAICTAEAOw==\" style=\"--smush-placeholder-width: 300px; --smush-placeholder-aspect-ratio: 300\/235;\" \/><noscript><img decoding=\"async\" width=\"300\" height=\"235\" src=\"https:\/\/www.franz-josef.cz\/wp-content\/uploads\/2023\/04\/obrazok_2023-04-05_174503484-300x235.png\" class=\"attachment-medium size-medium wp-image-8653\" alt=\"\" srcset=\"https:\/\/www.franz-josef.cz\/wp-content\/uploads\/2023\/04\/obrazok_2023-04-05_174503484-300x235.png 300w, https:\/\/www.franz-josef.cz\/wp-content\/uploads\/2023\/04\/obrazok_2023-04-05_174503484.png 510w\" sizes=\"(max-width: 300px) 100vw, 300px\" \/><\/noscript>\n            <\/div>\n        <\/div><div class=\"eael-entry-wrapper\"><header class=\"eael-entry-header\"><h2 class=\"eael-entry-title\"><a class=\"eael-grid-post-link\" href=\"https:\/\/www.franz-josef.cz\/en\/expozice\/predmety-z-doby-pred-i-svetovou-valkou-vyrobili-nasi-predkove\/\" title=\"P\u0159edm\u011bty- Franti\u0161ek Josef I. , Elisabeth , Karel I. , Zita, Franz Ferdinand- Rakousko &#8211; Monarchie \/ Habsburg\">Subjects - Francis Joseph I, Elisabeth, Charles I, Zita, Franz Ferdinand - Austria - Monarchy \/ Habsburg<\/a><\/h2><\/header><\/div><\/div>\n        <\/div>\n    <\/article><article class=\"eael-grid-post  eael-post-grid-column eael-pg-post-7783\" data-id=\"7783\">\n        <div class=\"eael-grid-post-holder\">\n            <div class=\"eael-grid-post-holder-inner\"><div class=\"eael-entry-media\"><div class=\"eael-entry-overlay fade-in\"><i class=\"fas fa-plus\" aria-hidden=\"true\"><\/i><a href=\"https:\/\/www.franz-josef.cz\/en\/expozice\/knihy-zakony-predpisy\/\"><\/a><\/div><div class=\"eael-entry-thumbnail eael-image-ratio\">\n                <img decoding=\"async\" width=\"300\" height=\"216\" data-src=\"https:\/\/www.franz-josef.cz\/wp-content\/uploads\/2023\/03\/obrazok_2023-04-06_120431494-e1680775485746-300x216.png\" class=\"attachment-medium size-medium wp-image-9175 lazyload\" alt=\"\" data-srcset=\"https:\/\/www.franz-josef.cz\/wp-content\/uploads\/2023\/03\/obrazok_2023-04-06_120431494-e1680775485746-300x216.png 300w, https:\/\/www.franz-josef.cz\/wp-content\/uploads\/2023\/03\/obrazok_2023-04-06_120431494-e1680775485746-416x300.png 416w, https:\/\/www.franz-josef.cz\/wp-content\/uploads\/2023\/03\/obrazok_2023-04-06_120431494-e1680775485746-310x224.png 310w, https:\/\/www.franz-josef.cz\/wp-content\/uploads\/2023\/03\/obrazok_2023-04-06_120431494-e1680775485746-146x105.png 146w, https:\/\/www.franz-josef.cz\/wp-content\/uploads\/2023\/03\/obrazok_2023-04-06_120431494-e1680775485746.png 509w\" data-sizes=\"(max-width: 300px) 100vw, 300px\" src=\"data:image\/gif;base64,R0lGODlhAQABAAAAACH5BAEKAAEALAAAAAABAAEAAAICTAEAOw==\" style=\"--smush-placeholder-width: 300px; --smush-placeholder-aspect-ratio: 300\/216;\" \/><noscript><img loading=\"lazy\" decoding=\"async\" width=\"300\" height=\"216\" src=\"https:\/\/www.franz-josef.cz\/wp-content\/uploads\/2023\/03\/obrazok_2023-04-06_120431494-e1680775485746-300x216.png\" class=\"attachment-medium size-medium wp-image-9175\" alt=\"\" srcset=\"https:\/\/www.franz-josef.cz\/wp-content\/uploads\/2023\/03\/obrazok_2023-04-06_120431494-e1680775485746-300x216.png 300w, https:\/\/www.franz-josef.cz\/wp-content\/uploads\/2023\/03\/obrazok_2023-04-06_120431494-e1680775485746-416x300.png 416w, https:\/\/www.franz-josef.cz\/wp-content\/uploads\/2023\/03\/obrazok_2023-04-06_120431494-e1680775485746-310x224.png 310w, https:\/\/www.franz-josef.cz\/wp-content\/uploads\/2023\/03\/obrazok_2023-04-06_120431494-e1680775485746-146x105.png 146w, https:\/\/www.franz-josef.cz\/wp-content\/uploads\/2023\/03\/obrazok_2023-04-06_120431494-e1680775485746.png 509w\" sizes=\"(max-width: 300px) 100vw, 300px\" \/><\/noscript>\n            <\/div>\n        <\/div><div class=\"eael-entry-wrapper\"><header class=\"eael-entry-header\"><h2 class=\"eael-entry-title\"><a class=\"eael-grid-post-link\" href=\"https:\/\/www.franz-josef.cz\/en\/expozice\/knihy-zakony-predpisy\/\" title=\"Books about the AUSTRIAN MONARCHY during the reign of Emperor Franz Joseph I and Empress Elisabeth of Bavaria\">Books about the AUSTRIAN MONARCHY during the reign of Emperor Franz Joseph I and Empress Elisabeth of Bavaria<\/a><\/h2><\/header><\/div><\/div>\n        <\/div>\n    <\/article><article class=\"eael-grid-post  eael-post-grid-column eael-pg-post-7787\" data-id=\"7787\">\n        <div class=\"eael-grid-post-holder\">\n            <div class=\"eael-grid-post-holder-inner\"><div class=\"eael-entry-media\"><div class=\"eael-entry-overlay fade-in\"><i class=\"fas fa-plus\" aria-hidden=\"true\"><\/i><a href=\"https:\/\/www.franz-josef.cz\/en\/expozice\/obrazy-a-dekrety\/\"><\/a><\/div><div class=\"eael-entry-thumbnail eael-image-ratio\">\n                <img decoding=\"async\" width=\"230\" height=\"300\" data-src=\"https:\/\/www.franz-josef.cz\/wp-content\/uploads\/2023\/03\/629-230x300.jpg\" class=\"attachment-medium size-medium wp-image-51868 lazyload\" alt=\"\" data-srcset=\"https:\/\/www.franz-josef.cz\/wp-content\/uploads\/2023\/03\/629-230x300.jpg 230w, https:\/\/www.franz-josef.cz\/wp-content\/uploads\/2023\/03\/629.jpg 741w\" data-sizes=\"(max-width: 230px) 100vw, 230px\" src=\"data:image\/gif;base64,R0lGODlhAQABAAAAACH5BAEKAAEALAAAAAABAAEAAAICTAEAOw==\" style=\"--smush-placeholder-width: 230px; --smush-placeholder-aspect-ratio: 230\/300;\" \/><noscript><img loading=\"lazy\" decoding=\"async\" width=\"230\" height=\"300\" src=\"https:\/\/www.franz-josef.cz\/wp-content\/uploads\/2023\/03\/629-230x300.jpg\" class=\"attachment-medium size-medium wp-image-51868\" alt=\"\" srcset=\"https:\/\/www.franz-josef.cz\/wp-content\/uploads\/2023\/03\/629-230x300.jpg 230w, https:\/\/www.franz-josef.cz\/wp-content\/uploads\/2023\/03\/629.jpg 741w\" sizes=\"(max-width: 230px) 100vw, 230px\" \/><\/noscript>\n            <\/div>\n        <\/div><div class=\"eael-entry-wrapper\"><header class=\"eael-entry-header\"><h2 class=\"eael-entry-title\"><a class=\"eael-grid-post-link\" href=\"https:\/\/www.franz-josef.cz\/en\/expozice\/obrazy-a-dekrety\/\" title=\"Obrazy  &#8211; c\u00edsa\u0159  Franti\u0161ek Josef I. , c\u00edsa\u0159ovna Elisabeth, dekret- podpis c\u00edsa\u0159e\">Paintings - Emperor Francis Joseph I, Empress Elisabeth, decree - signature of the emperor<\/a><\/h2><\/header><\/div><\/div>\n        <\/div>\n    <\/article><article class=\"eael-grid-post  eael-post-grid-column eael-pg-post-7789\" data-id=\"7789\">\n        <div class=\"eael-grid-post-holder\">\n            <div class=\"eael-grid-post-holder-inner\"><div class=\"eael-entry-media\"><div class=\"eael-entry-overlay fade-in\"><i class=\"fas fa-plus\" aria-hidden=\"true\"><\/i><a href=\"https:\/\/www.franz-josef.cz\/en\/expozice\/noviny-a-casopisy\/\"><\/a><\/div><div class=\"eael-entry-thumbnail eael-image-ratio\">\n                <img decoding=\"async\" width=\"219\" height=\"300\" data-src=\"https:\/\/www.franz-josef.cz\/wp-content\/uploads\/2023\/03\/241-219x300.jpg\" class=\"attachment-medium size-medium wp-image-51869 lazyload\" alt=\"\" data-srcset=\"https:\/\/www.franz-josef.cz\/wp-content\/uploads\/2023\/03\/241-219x300.jpg 219w, https:\/\/www.franz-josef.cz\/wp-content\/uploads\/2023\/03\/241-747x1024.jpg 747w, https:\/\/www.franz-josef.cz\/wp-content\/uploads\/2023\/03\/241-768x1053.jpg 768w, https:\/\/www.franz-josef.cz\/wp-content\/uploads\/2023\/03\/241-1120x1536.jpg 1120w, https:\/\/www.franz-josef.cz\/wp-content\/uploads\/2023\/03\/241.jpg 1457w\" data-sizes=\"(max-width: 219px) 100vw, 219px\" src=\"data:image\/gif;base64,R0lGODlhAQABAAAAACH5BAEKAAEALAAAAAABAAEAAAICTAEAOw==\" style=\"--smush-placeholder-width: 219px; --smush-placeholder-aspect-ratio: 219\/300;\" \/><noscript><img loading=\"lazy\" decoding=\"async\" width=\"219\" height=\"300\" src=\"https:\/\/www.franz-josef.cz\/wp-content\/uploads\/2023\/03\/241-219x300.jpg\" class=\"attachment-medium size-medium wp-image-51869\" alt=\"\" srcset=\"https:\/\/www.franz-josef.cz\/wp-content\/uploads\/2023\/03\/241-219x300.jpg 219w, https:\/\/www.franz-josef.cz\/wp-content\/uploads\/2023\/03\/241-747x1024.jpg 747w, https:\/\/www.franz-josef.cz\/wp-content\/uploads\/2023\/03\/241-768x1053.jpg 768w, https:\/\/www.franz-josef.cz\/wp-content\/uploads\/2023\/03\/241-1120x1536.jpg 1120w, https:\/\/www.franz-josef.cz\/wp-content\/uploads\/2023\/03\/241.jpg 1457w\" sizes=\"(max-width: 219px) 100vw, 219px\" \/><\/noscript>\n            <\/div>\n        <\/div><div class=\"eael-entry-wrapper\"><header class=\"eael-entry-header\"><h2 class=\"eael-entry-title\"><a class=\"eael-grid-post-link\" href=\"https:\/\/www.franz-josef.cz\/en\/expozice\/noviny-a-casopisy\/\" title=\"Austria- original newspapers and magazines of the time of Francis Joseph I, Assassination of the empress and heir to the throne Franz Ferdinand\">Austria- original newspapers and magazines of the time of Francis Joseph I, Assassination of the empress and heir to the throne Franz Ferdinand<\/a><\/h2><\/header><\/div><\/div>\n        <\/div>\n    <\/article><\/div>\n            <div class=\"clearfix\"><\/div>\n        <\/div>\t\t\t\t<\/div>\n\t\t\t\t<\/div>\n\t\t\t\t<div class=\"elementor-element elementor-element-5b6b638 elementor-grid-eael-col-5 elementor-grid-tablet-eael-col-2 elementor-grid-mobile-eael-col-1 elementor-widget elementor-widget-eael-post-grid\" data-id=\"5b6b638\" data-element_type=\"widget\" data-e-type=\"widget\" data-settings=\"{&quot;eael_post_grid_columns&quot;:&quot;eael-col-5&quot;,&quot;eael_post_grid_columns_tablet&quot;:&quot;eael-col-2&quot;,&quot;eael_post_grid_columns_mobile&quot;:&quot;eael-col-1&quot;}\" data-widget_type=\"eael-post-grid.default\">\n\t\t\t\t<div class=\"elementor-widget-container\">\n\t\t\t\t\t<div id=\"eael-post-grid-5b6b638\" class=\"eael-post-grid-container\">\n            <div class=\"eael-post-grid eael-post-appender eael-post-appender-5b6b638 eael-post-grid-style-one\" data-layout-mode=\"grid\"><article class=\"eael-grid-post  eael-post-grid-column eael-pg-post-7785\" data-id=\"7785\">\n        <div class=\"eael-grid-post-holder\">\n            <div class=\"eael-grid-post-holder-inner\"><div class=\"eael-entry-media\"><div class=\"eael-entry-overlay fade-in\"><i class=\"fas fa-plus\" aria-hidden=\"true\"><\/i><a href=\"https:\/\/www.franz-josef.cz\/en\/expozice\/filatelie-cirkular\/\"><\/a><\/div><div class=\"eael-entry-thumbnail eael-image-ratio\">\n                <img decoding=\"async\" width=\"300\" height=\"214\" data-src=\"https:\/\/www.franz-josef.cz\/wp-content\/uploads\/2023\/03\/671-300x214.jpg\" class=\"attachment-medium size-medium wp-image-51870 lazyload\" alt=\"\" data-srcset=\"https:\/\/www.franz-josef.cz\/wp-content\/uploads\/2023\/03\/671-300x214.jpg 300w, https:\/\/www.franz-josef.cz\/wp-content\/uploads\/2023\/03\/671-1024x731.jpg 1024w, https:\/\/www.franz-josef.cz\/wp-content\/uploads\/2023\/03\/671-768x548.jpg 768w, https:\/\/www.franz-josef.cz\/wp-content\/uploads\/2023\/03\/671-1536x1097.jpg 1536w, https:\/\/www.franz-josef.cz\/wp-content\/uploads\/2023\/03\/671-2048x1462.jpg 2048w\" data-sizes=\"(max-width: 300px) 100vw, 300px\" src=\"data:image\/gif;base64,R0lGODlhAQABAAAAACH5BAEKAAEALAAAAAABAAEAAAICTAEAOw==\" style=\"--smush-placeholder-width: 300px; --smush-placeholder-aspect-ratio: 300\/214;\" \/><noscript><img loading=\"lazy\" decoding=\"async\" width=\"300\" height=\"214\" src=\"https:\/\/www.franz-josef.cz\/wp-content\/uploads\/2023\/03\/671-300x214.jpg\" class=\"attachment-medium size-medium wp-image-51870\" alt=\"\" srcset=\"https:\/\/www.franz-josef.cz\/wp-content\/uploads\/2023\/03\/671-300x214.jpg 300w, https:\/\/www.franz-josef.cz\/wp-content\/uploads\/2023\/03\/671-1024x731.jpg 1024w, https:\/\/www.franz-josef.cz\/wp-content\/uploads\/2023\/03\/671-768x548.jpg 768w, https:\/\/www.franz-josef.cz\/wp-content\/uploads\/2023\/03\/671-1536x1097.jpg 1536w, https:\/\/www.franz-josef.cz\/wp-content\/uploads\/2023\/03\/671-2048x1462.jpg 2048w\" sizes=\"(max-width: 300px) 100vw, 300px\" \/><\/noscript>\n            <\/div>\n        <\/div><div class=\"eael-entry-wrapper\"><header class=\"eael-entry-header\"><h2 class=\"eael-entry-title\"><a class=\"eael-grid-post-link\" href=\"https:\/\/www.franz-josef.cz\/en\/expozice\/filatelie-cirkular\/\" title=\"Philately - postal service documents, circular - Austria, Bohemia - for study purposes\">Philately - postal service documents, circular - Austria, Bohemia - for study purposes<\/a><\/h2><\/header><\/div><\/div>\n        <\/div>\n    <\/article><article class=\"eael-grid-post  eael-post-grid-column eael-pg-post-7791\" data-id=\"7791\">\n        <div class=\"eael-grid-post-holder\">\n            <div class=\"eael-grid-post-holder-inner\"><div class=\"eael-entry-media\"><div class=\"eael-entry-overlay fade-in\"><i class=\"fas fa-plus\" aria-hidden=\"true\"><\/i><a href=\"https:\/\/www.franz-josef.cz\/en\/expozice\/sms-posta\/\"><\/a><\/div><div class=\"eael-entry-thumbnail eael-image-ratio\">\n                <img decoding=\"async\" width=\"300\" height=\"200\" data-src=\"https:\/\/www.franz-josef.cz\/wp-content\/uploads\/2023\/03\/obrazok_2023-04-06_121033264-e1680775848773-300x200.png\" class=\"attachment-medium size-medium wp-image-9185 lazyload\" alt=\"\" data-srcset=\"https:\/\/www.franz-josef.cz\/wp-content\/uploads\/2023\/03\/obrazok_2023-04-06_121033264-e1680775848773-300x200.png 300w, https:\/\/www.franz-josef.cz\/wp-content\/uploads\/2023\/03\/obrazok_2023-04-06_121033264-e1680775848773-310x206.png 310w, https:\/\/www.franz-josef.cz\/wp-content\/uploads\/2023\/03\/obrazok_2023-04-06_121033264-e1680775848773-150x100.png 150w, https:\/\/www.franz-josef.cz\/wp-content\/uploads\/2023\/03\/obrazok_2023-04-06_121033264-e1680775848773.png 359w\" data-sizes=\"(max-width: 300px) 100vw, 300px\" src=\"data:image\/gif;base64,R0lGODlhAQABAAAAACH5BAEKAAEALAAAAAABAAEAAAICTAEAOw==\" style=\"--smush-placeholder-width: 300px; --smush-placeholder-aspect-ratio: 300\/200;\" \/><noscript><img loading=\"lazy\" decoding=\"async\" width=\"300\" height=\"200\" src=\"https:\/\/www.franz-josef.cz\/wp-content\/uploads\/2023\/03\/obrazok_2023-04-06_121033264-e1680775848773-300x200.png\" class=\"attachment-medium size-medium wp-image-9185\" alt=\"\" srcset=\"https:\/\/www.franz-josef.cz\/wp-content\/uploads\/2023\/03\/obrazok_2023-04-06_121033264-e1680775848773-300x200.png 300w, https:\/\/www.franz-josef.cz\/wp-content\/uploads\/2023\/03\/obrazok_2023-04-06_121033264-e1680775848773-310x206.png 310w, https:\/\/www.franz-josef.cz\/wp-content\/uploads\/2023\/03\/obrazok_2023-04-06_121033264-e1680775848773-150x100.png 150w, https:\/\/www.franz-josef.cz\/wp-content\/uploads\/2023\/03\/obrazok_2023-04-06_121033264-e1680775848773.png 359w\" sizes=\"(max-width: 300px) 100vw, 300px\" \/><\/noscript>\n            <\/div>\n        <\/div><div class=\"eael-entry-wrapper\"><header class=\"eael-entry-header\"><h2 class=\"eael-entry-title\"><a class=\"eael-grid-post-link\" href=\"https:\/\/www.franz-josef.cz\/en\/expozice\/sms-posta\/\" title=\"SMS mail - battleships, sailors\">SMS mail - battleships, sailors<\/a><\/h2><\/header><\/div><\/div>\n        <\/div>\n    <\/article><article class=\"eael-grid-post  eael-post-grid-column eael-pg-post-7793\" data-id=\"7793\">\n        <div class=\"eael-grid-post-holder\">\n            <div class=\"eael-grid-post-holder-inner\"><div class=\"eael-entry-media\"><div class=\"eael-entry-overlay fade-in\"><i class=\"fas fa-plus\" aria-hidden=\"true\"><\/i><a href=\"https:\/\/www.franz-josef.cz\/en\/expozice\/hymna-monarchie\/\"><\/a><\/div><div class=\"eael-entry-thumbnail eael-image-ratio\">\n                <img decoding=\"async\" width=\"300\" height=\"200\" data-src=\"https:\/\/www.franz-josef.cz\/wp-content\/uploads\/2023\/03\/obrazok_2023-04-06_120303367-e1680775394152-300x200.png\" class=\"attachment-medium size-medium wp-image-9173 lazyload\" alt=\"\" data-srcset=\"https:\/\/www.franz-josef.cz\/wp-content\/uploads\/2023\/03\/obrazok_2023-04-06_120303367-e1680775394152-300x200.png 300w, https:\/\/www.franz-josef.cz\/wp-content\/uploads\/2023\/03\/obrazok_2023-04-06_120303367-e1680775394152-449x300.png 449w, https:\/\/www.franz-josef.cz\/wp-content\/uploads\/2023\/03\/obrazok_2023-04-06_120303367-e1680775394152-310x207.png 310w, https:\/\/www.franz-josef.cz\/wp-content\/uploads\/2023\/03\/obrazok_2023-04-06_120303367-e1680775394152-150x100.png 150w, https:\/\/www.franz-josef.cz\/wp-content\/uploads\/2023\/03\/obrazok_2023-04-06_120303367-e1680775394152.png 509w\" data-sizes=\"(max-width: 300px) 100vw, 300px\" src=\"data:image\/gif;base64,R0lGODlhAQABAAAAACH5BAEKAAEALAAAAAABAAEAAAICTAEAOw==\" style=\"--smush-placeholder-width: 300px; --smush-placeholder-aspect-ratio: 300\/200;\" \/><noscript><img loading=\"lazy\" decoding=\"async\" width=\"300\" height=\"200\" src=\"https:\/\/www.franz-josef.cz\/wp-content\/uploads\/2023\/03\/obrazok_2023-04-06_120303367-e1680775394152-300x200.png\" class=\"attachment-medium size-medium wp-image-9173\" alt=\"\" srcset=\"https:\/\/www.franz-josef.cz\/wp-content\/uploads\/2023\/03\/obrazok_2023-04-06_120303367-e1680775394152-300x200.png 300w, https:\/\/www.franz-josef.cz\/wp-content\/uploads\/2023\/03\/obrazok_2023-04-06_120303367-e1680775394152-449x300.png 449w, https:\/\/www.franz-josef.cz\/wp-content\/uploads\/2023\/03\/obrazok_2023-04-06_120303367-e1680775394152-310x207.png 310w, https:\/\/www.franz-josef.cz\/wp-content\/uploads\/2023\/03\/obrazok_2023-04-06_120303367-e1680775394152-150x100.png 150w, https:\/\/www.franz-josef.cz\/wp-content\/uploads\/2023\/03\/obrazok_2023-04-06_120303367-e1680775394152.png 509w\" sizes=\"(max-width: 300px) 100vw, 300px\" \/><\/noscript>\n            <\/div>\n        <\/div><div class=\"eael-entry-wrapper\"><header class=\"eael-entry-header\"><h2 class=\"eael-entry-title\"><a class=\"eael-grid-post-link\" href=\"https:\/\/www.franz-josef.cz\/en\/expozice\/hymna-monarchie\/\" title=\"Anthem of the Austro-Hungarian Monarchy \/ stolen anthem by Germany\">Anthem of the Austro-Hungarian Monarchy \/ stolen anthem by Germany<\/a><\/h2><\/header><\/div><\/div>\n        <\/div>\n    <\/article><article class=\"eael-grid-post  eael-post-grid-column eael-pg-post-7795\" data-id=\"7795\">\n        <div class=\"eael-grid-post-holder\">\n            <div class=\"eael-grid-post-holder-inner\"><div class=\"eael-entry-media\"><div class=\"eael-entry-overlay fade-in\"><i class=\"fas fa-plus\" aria-hidden=\"true\"><\/i><a href=\"https:\/\/www.franz-josef.cz\/en\/expozice\/hlas-franz-josefa-i\/\"><\/a><\/div><div class=\"eael-entry-thumbnail eael-image-ratio\">\n                <img decoding=\"async\" width=\"300\" height=\"276\" data-src=\"https:\/\/www.franz-josef.cz\/wp-content\/uploads\/2023\/03\/franz-josef-hlas-e1679939087506-300x276.jpg\" class=\"attachment-medium size-medium wp-image-7709 lazyload\" alt=\"\" data-srcset=\"https:\/\/www.franz-josef.cz\/wp-content\/uploads\/2023\/03\/franz-josef-hlas-e1679939087506-300x276.jpg 300w, https:\/\/www.franz-josef.cz\/wp-content\/uploads\/2023\/03\/franz-josef-hlas-e1679939087506.jpg 487w\" data-sizes=\"(max-width: 300px) 100vw, 300px\" src=\"data:image\/gif;base64,R0lGODlhAQABAAAAACH5BAEKAAEALAAAAAABAAEAAAICTAEAOw==\" style=\"--smush-placeholder-width: 300px; --smush-placeholder-aspect-ratio: 300\/276;\" \/><noscript><img loading=\"lazy\" decoding=\"async\" width=\"300\" height=\"276\" src=\"https:\/\/www.franz-josef.cz\/wp-content\/uploads\/2023\/03\/franz-josef-hlas-e1679939087506-300x276.jpg\" class=\"attachment-medium size-medium wp-image-7709\" alt=\"\" srcset=\"https:\/\/www.franz-josef.cz\/wp-content\/uploads\/2023\/03\/franz-josef-hlas-e1679939087506-300x276.jpg 300w, https:\/\/www.franz-josef.cz\/wp-content\/uploads\/2023\/03\/franz-josef-hlas-e1679939087506.jpg 487w\" sizes=\"(max-width: 300px) 100vw, 300px\" \/><\/noscript>\n            <\/div>\n        <\/div><div class=\"eael-entry-wrapper\"><header class=\"eael-entry-header\"><h2 class=\"eael-entry-title\"><a class=\"eael-grid-post-link\" href=\"https:\/\/www.franz-josef.cz\/en\/expozice\/hlas-franz-josefa-i\/\" title=\"Franz Josef I. - Schellack-Schallplatte, Rede des Kaisers 14.12.1915 - einwandfreier Zustand\">Franz Josef I - shellac gramophone record, speech of the emperor December 14, 1915 - perfect condition<\/a><\/h2><\/header><\/div><\/div>\n        <\/div>\n    <\/article><article class=\"eael-grid-post  eael-post-grid-column eael-pg-post-7801\" data-id=\"7801\">\n        <div class=\"eael-grid-post-holder\">\n            <div class=\"eael-grid-post-holder-inner\"><div class=\"eael-entry-media\"><div class=\"eael-entry-overlay fade-in\"><i class=\"fas fa-plus\" aria-hidden=\"true\"><\/i><a href=\"https:\/\/www.franz-josef.cz\/en\/expozice\/film-pohreb-cisare\/\"><\/a><\/div><div class=\"eael-entry-thumbnail eael-image-ratio\">\n                <img decoding=\"async\" width=\"300\" height=\"193\" data-src=\"https:\/\/www.franz-josef.cz\/wp-content\/uploads\/2023\/03\/obrazok_2023-04-06_120045579-e1680775257738-300x193.png\" class=\"attachment-medium size-medium wp-image-9171 lazyload\" alt=\"\" data-srcset=\"https:\/\/www.franz-josef.cz\/wp-content\/uploads\/2023\/03\/obrazok_2023-04-06_120045579-e1680775257738-300x193.png 300w, https:\/\/www.franz-josef.cz\/wp-content\/uploads\/2023\/03\/obrazok_2023-04-06_120045579-e1680775257738-466x300.png 466w, https:\/\/www.franz-josef.cz\/wp-content\/uploads\/2023\/03\/obrazok_2023-04-06_120045579-e1680775257738-310x200.png 310w, https:\/\/www.franz-josef.cz\/wp-content\/uploads\/2023\/03\/obrazok_2023-04-06_120045579-e1680775257738-150x97.png 150w, https:\/\/www.franz-josef.cz\/wp-content\/uploads\/2023\/03\/obrazok_2023-04-06_120045579-e1680775257738.png 509w\" data-sizes=\"(max-width: 300px) 100vw, 300px\" src=\"data:image\/gif;base64,R0lGODlhAQABAAAAACH5BAEKAAEALAAAAAABAAEAAAICTAEAOw==\" style=\"--smush-placeholder-width: 300px; --smush-placeholder-aspect-ratio: 300\/193;\" \/><noscript><img loading=\"lazy\" decoding=\"async\" width=\"300\" height=\"193\" src=\"https:\/\/www.franz-josef.cz\/wp-content\/uploads\/2023\/03\/obrazok_2023-04-06_120045579-e1680775257738-300x193.png\" class=\"attachment-medium size-medium wp-image-9171\" alt=\"\" srcset=\"https:\/\/www.franz-josef.cz\/wp-content\/uploads\/2023\/03\/obrazok_2023-04-06_120045579-e1680775257738-300x193.png 300w, https:\/\/www.franz-josef.cz\/wp-content\/uploads\/2023\/03\/obrazok_2023-04-06_120045579-e1680775257738-466x300.png 466w, https:\/\/www.franz-josef.cz\/wp-content\/uploads\/2023\/03\/obrazok_2023-04-06_120045579-e1680775257738-310x200.png 310w, https:\/\/www.franz-josef.cz\/wp-content\/uploads\/2023\/03\/obrazok_2023-04-06_120045579-e1680775257738-150x97.png 150w, https:\/\/www.franz-josef.cz\/wp-content\/uploads\/2023\/03\/obrazok_2023-04-06_120045579-e1680775257738.png 509w\" sizes=\"(max-width: 300px) 100vw, 300px\" \/><\/noscript>\n            <\/div>\n        <\/div><div class=\"eael-entry-wrapper\"><header class=\"eael-entry-header\"><h2 class=\"eael-entry-title\"><a class=\"eael-grid-post-link\" href=\"https:\/\/www.franz-josef.cz\/en\/expozice\/film-pohreb-cisare\/\" title=\"Film &#8211; poh\u0159eb c\u00edsa\u0159e-  Franz Josef I.\">Film - funeral of the emperor - Franz Josef I.<\/a><\/h2><\/header><\/div><\/div>\n        <\/div>\n    <\/article><article class=\"eael-grid-post  eael-post-grid-column eael-pg-post-7799\" data-id=\"7799\">\n        <div class=\"eael-grid-post-holder\">\n            <div class=\"eael-grid-post-holder-inner\"><div class=\"eael-entry-media\"><div class=\"eael-entry-overlay fade-in\"><i class=\"fas fa-plus\" aria-hidden=\"true\"><\/i><a href=\"https:\/\/www.franz-josef.cz\/en\/expozice\/sochy-fji-v-cechach-a-v-evrope\/\"><\/a><\/div><div class=\"eael-entry-thumbnail eael-image-ratio\">\n                <img decoding=\"async\" width=\"300\" height=\"275\" data-src=\"https:\/\/www.franz-josef.cz\/wp-content\/uploads\/2023\/03\/franz-josef-sochy-fji-v-cechach-e1679939264303-300x275.jpg\" class=\"attachment-medium size-medium wp-image-7712 lazyload\" alt=\"\" data-srcset=\"https:\/\/www.franz-josef.cz\/wp-content\/uploads\/2023\/03\/franz-josef-sochy-fji-v-cechach-e1679939264303-300x275.jpg 300w, https:\/\/www.franz-josef.cz\/wp-content\/uploads\/2023\/03\/franz-josef-sochy-fji-v-cechach-e1679939264303.jpg 367w\" data-sizes=\"(max-width: 300px) 100vw, 300px\" src=\"data:image\/gif;base64,R0lGODlhAQABAAAAACH5BAEKAAEALAAAAAABAAEAAAICTAEAOw==\" style=\"--smush-placeholder-width: 300px; --smush-placeholder-aspect-ratio: 300\/275;\" \/><noscript><img loading=\"lazy\" decoding=\"async\" width=\"300\" height=\"275\" src=\"https:\/\/www.franz-josef.cz\/wp-content\/uploads\/2023\/03\/franz-josef-sochy-fji-v-cechach-e1679939264303-300x275.jpg\" class=\"attachment-medium size-medium wp-image-7712\" alt=\"\" srcset=\"https:\/\/www.franz-josef.cz\/wp-content\/uploads\/2023\/03\/franz-josef-sochy-fji-v-cechach-e1679939264303-300x275.jpg 300w, https:\/\/www.franz-josef.cz\/wp-content\/uploads\/2023\/03\/franz-josef-sochy-fji-v-cechach-e1679939264303.jpg 367w\" sizes=\"(max-width: 300px) 100vw, 300px\" \/><\/noscript>\n            <\/div>\n        <\/div><div class=\"eael-entry-wrapper\"><header class=\"eael-entry-header\"><h2 class=\"eael-entry-title\"><a class=\"eael-grid-post-link\" href=\"https:\/\/www.franz-josef.cz\/en\/expozice\/sochy-fji-v-cechach-a-v-evrope\/\" title=\"Mnoholet\u00e1 badatelsk\u00e1 \u010dinnost &#8211; Sochy FJI v \u010cech\u00e1ch , Rekonstrukce c\u00edsa\u0159sk\u00e9ho vlaku &#8211; ing. Ji\u0159\u00ed Dan\u011bk\">Many years of research activity \u2013 FJI statues in Bohemia, Reconstruction of the imperial train \u2013 engineer Ji\u0159\u00ed Dan\u011bk<\/a><\/h2><\/header><\/div><\/div>\n        <\/div>\n    <\/article><article class=\"eael-grid-post  eael-post-grid-column eael-pg-post-8685\" data-id=\"8685\">\n        <div class=\"eael-grid-post-holder\">\n            <div class=\"eael-grid-post-holder-inner\"><div class=\"eael-entry-media\"><div class=\"eael-entry-overlay fade-in\"><i class=\"fas fa-plus\" aria-hidden=\"true\"><\/i><a href=\"https:\/\/www.franz-josef.cz\/en\/expozice\/filatelie-cirkular\/dopisy-s-kolky-a-sbirka-kolku\/\"><\/a><\/div><div class=\"eael-entry-thumbnail eael-image-ratio\">\n                <img decoding=\"async\" width=\"300\" height=\"235\" data-src=\"https:\/\/www.franz-josef.cz\/wp-content\/uploads\/2023\/04\/obrazok_2023-04-05_180228414-300x235.png\" class=\"attachment-medium size-medium wp-image-8687 lazyload\" alt=\"\" data-srcset=\"https:\/\/www.franz-josef.cz\/wp-content\/uploads\/2023\/04\/obrazok_2023-04-05_180228414-300x235.png 300w, https:\/\/www.franz-josef.cz\/wp-content\/uploads\/2023\/04\/obrazok_2023-04-05_180228414.png 510w\" data-sizes=\"(max-width: 300px) 100vw, 300px\" src=\"data:image\/gif;base64,R0lGODlhAQABAAAAACH5BAEKAAEALAAAAAABAAEAAAICTAEAOw==\" style=\"--smush-placeholder-width: 300px; --smush-placeholder-aspect-ratio: 300\/235;\" \/><noscript><img loading=\"lazy\" decoding=\"async\" width=\"300\" height=\"235\" src=\"https:\/\/www.franz-josef.cz\/wp-content\/uploads\/2023\/04\/obrazok_2023-04-05_180228414-300x235.png\" class=\"attachment-medium size-medium wp-image-8687\" alt=\"\" srcset=\"https:\/\/www.franz-josef.cz\/wp-content\/uploads\/2023\/04\/obrazok_2023-04-05_180228414-300x235.png 300w, https:\/\/www.franz-josef.cz\/wp-content\/uploads\/2023\/04\/obrazok_2023-04-05_180228414.png 510w\" sizes=\"(max-width: 300px) 100vw, 300px\" \/><\/noscript>\n            <\/div>\n        <\/div><div class=\"eael-entry-wrapper\"><header class=\"eael-entry-header\"><h2 class=\"eael-entry-title\"><a class=\"eael-grid-post-link\" href=\"https:\/\/www.franz-josef.cz\/en\/expozice\/filatelie-cirkular\/dopisy-s-kolky-a-sbirka-kolku\/\" title=\"Letters with stamps and collection of stamps\">Letters with stamps and collection of stamps<\/a><\/h2><\/header><\/div><\/div>\n        <\/div>\n    <\/article><article class=\"eael-grid-post  eael-post-grid-column eael-pg-post-45405\" data-id=\"45405\">\n        <div class=\"eael-grid-post-holder\">\n            <div class=\"eael-grid-post-holder-inner\"><div class=\"eael-entry-media\"><div class=\"eael-entry-overlay fade-in\"><i class=\"fas fa-plus\" aria-hidden=\"true\"><\/i><a href=\"https:\/\/www.franz-josef.cz\/en\/expozice\/vaclav-brozik\/\"><\/a><\/div><div class=\"eael-entry-thumbnail eael-image-ratio\">\n                <img decoding=\"async\" width=\"300\" height=\"250\" data-src=\"https:\/\/www.franz-josef.cz\/wp-content\/uploads\/2023\/07\/3-12-300x250.jpg\" class=\"attachment-medium size-medium wp-image-44919 lazyload\" alt=\"\" data-srcset=\"https:\/\/www.franz-josef.cz\/wp-content\/uploads\/2023\/07\/3-12-300x250.jpg 300w, https:\/\/www.franz-josef.cz\/wp-content\/uploads\/2023\/07\/3-12-1024x853.jpg 1024w, https:\/\/www.franz-josef.cz\/wp-content\/uploads\/2023\/07\/3-12-768x640.jpg 768w, https:\/\/www.franz-josef.cz\/wp-content\/uploads\/2023\/07\/3-12-360x300.jpg 360w, https:\/\/www.franz-josef.cz\/wp-content\/uploads\/2023\/07\/3-12-310x258.jpg 310w, https:\/\/www.franz-josef.cz\/wp-content\/uploads\/2023\/07\/3-12-126x105.jpg 126w\" data-sizes=\"(max-width: 300px) 100vw, 300px\" src=\"data:image\/gif;base64,R0lGODlhAQABAAAAACH5BAEKAAEALAAAAAABAAEAAAICTAEAOw==\" style=\"--smush-placeholder-width: 300px; --smush-placeholder-aspect-ratio: 300\/250;\" \/><noscript><img loading=\"lazy\" decoding=\"async\" width=\"300\" height=\"250\" src=\"https:\/\/www.franz-josef.cz\/wp-content\/uploads\/2023\/07\/3-12-300x250.jpg\" class=\"attachment-medium size-medium wp-image-44919\" alt=\"\" srcset=\"https:\/\/www.franz-josef.cz\/wp-content\/uploads\/2023\/07\/3-12-300x250.jpg 300w, https:\/\/www.franz-josef.cz\/wp-content\/uploads\/2023\/07\/3-12-1024x853.jpg 1024w, https:\/\/www.franz-josef.cz\/wp-content\/uploads\/2023\/07\/3-12-768x640.jpg 768w, https:\/\/www.franz-josef.cz\/wp-content\/uploads\/2023\/07\/3-12-360x300.jpg 360w, https:\/\/www.franz-josef.cz\/wp-content\/uploads\/2023\/07\/3-12-310x258.jpg 310w, https:\/\/www.franz-josef.cz\/wp-content\/uploads\/2023\/07\/3-12-126x105.jpg 126w\" sizes=\"(max-width: 300px) 100vw, 300px\" \/><\/noscript>\n            <\/div>\n        <\/div><div class=\"eael-entry-wrapper\"><header class=\"eael-entry-header\"><h2 class=\"eael-entry-title\"><a class=\"eael-grid-post-link\" href=\"https:\/\/www.franz-josef.cz\/en\/expozice\/vaclav-brozik\/\" title=\"Mimo\u0159\u00e1dn\u00fd soubor celistvost\u00ed a doklad\u016f t\u00fdkaj\u00edc\u00ed se V\u00e1clava Bro\u017e\u00edka &#8211; zat\u010den\u00e9ho gestapem a z\u00e1hy popraven\">An extraordinary set of documents and documents concerning V\u00e1clav Bro\u017e\u00edk - arrested by the Gestapo and soon executed<\/a><\/h2><\/header><\/div><\/div>\n        <\/div>\n    <\/article><article class=\"eael-grid-post  eael-post-grid-column eael-pg-post-49534\" data-id=\"49534\">\n        <div class=\"eael-grid-post-holder\">\n            <div class=\"eael-grid-post-holder-inner\"><div class=\"eael-entry-media\"><div class=\"eael-entry-overlay fade-in\"><i class=\"fas fa-plus\" aria-hidden=\"true\"><\/i><a href=\"https:\/\/www.franz-josef.cz\/en\/expozice\/tatra-603-generalni-oprava\/\"><\/a><\/div><div class=\"eael-entry-thumbnail eael-image-ratio\">\n                <img decoding=\"async\" width=\"300\" height=\"225\" data-src=\"https:\/\/www.franz-josef.cz\/wp-content\/uploads\/2023\/07\/482-5-300x225.jpg\" class=\"attachment-medium size-medium wp-image-50712 lazyload\" alt=\"\" data-srcset=\"https:\/\/www.franz-josef.cz\/wp-content\/uploads\/2023\/07\/482-5-300x225.jpg 300w, https:\/\/www.franz-josef.cz\/wp-content\/uploads\/2023\/07\/482-5-1024x768.jpg 1024w, https:\/\/www.franz-josef.cz\/wp-content\/uploads\/2023\/07\/482-5-768x576.jpg 768w, https:\/\/www.franz-josef.cz\/wp-content\/uploads\/2023\/07\/482-5-1536x1152.jpg 1536w, https:\/\/www.franz-josef.cz\/wp-content\/uploads\/2023\/07\/482-5-2048x1536.jpg 2048w\" data-sizes=\"(max-width: 300px) 100vw, 300px\" src=\"data:image\/gif;base64,R0lGODlhAQABAAAAACH5BAEKAAEALAAAAAABAAEAAAICTAEAOw==\" style=\"--smush-placeholder-width: 300px; --smush-placeholder-aspect-ratio: 300\/225;\" \/><noscript><img loading=\"lazy\" decoding=\"async\" width=\"300\" height=\"225\" src=\"https:\/\/www.franz-josef.cz\/wp-content\/uploads\/2023\/07\/482-5-300x225.jpg\" class=\"attachment-medium size-medium wp-image-50712\" alt=\"\" srcset=\"https:\/\/www.franz-josef.cz\/wp-content\/uploads\/2023\/07\/482-5-300x225.jpg 300w, https:\/\/www.franz-josef.cz\/wp-content\/uploads\/2023\/07\/482-5-1024x768.jpg 1024w, https:\/\/www.franz-josef.cz\/wp-content\/uploads\/2023\/07\/482-5-768x576.jpg 768w, https:\/\/www.franz-josef.cz\/wp-content\/uploads\/2023\/07\/482-5-1536x1152.jpg 1536w, https:\/\/www.franz-josef.cz\/wp-content\/uploads\/2023\/07\/482-5-2048x1536.jpg 2048w\" sizes=\"(max-width: 300px) 100vw, 300px\" \/><\/noscript>\n            <\/div>\n        <\/div><div class=\"eael-entry-wrapper\"><header class=\"eael-entry-header\"><h2 class=\"eael-entry-title\"><a class=\"eael-grid-post-link\" href=\"https:\/\/www.franz-josef.cz\/en\/expozice\/tatra-603-generalni-oprava\/\" title=\"Tatra 603 &#8211; gener\u00e1ln\u00ed oprava, postup prac\u00ed\">Tatra 603 \u2013 overhaul, work progress<\/a><\/h2><\/header><\/div><\/div>\n        <\/div>\n    <\/article><article class=\"eael-grid-post  eael-post-grid-column eael-pg-post-51121\" data-id=\"51121\">\n        <div class=\"eael-grid-post-holder\">\n            <div class=\"eael-grid-post-holder-inner\"><div class=\"eael-entry-media\"><div class=\"eael-entry-overlay fade-in\"><i class=\"fas fa-plus\" aria-hidden=\"true\"><\/i><a href=\"https:\/\/www.franz-josef.cz\/en\/expozice\/ceskoslovenska-polni-posta-1919-1920-a-1938-dopis\/\"><\/a><\/div><div class=\"eael-entry-thumbnail eael-image-ratio\">\n                <img decoding=\"async\" width=\"254\" height=\"300\" data-src=\"https:\/\/www.franz-josef.cz\/wp-content\/uploads\/2023\/08\/106-254x300.jpg\" class=\"attachment-medium size-medium wp-image-51228 lazyload\" alt=\"\" data-srcset=\"https:\/\/www.franz-josef.cz\/wp-content\/uploads\/2023\/08\/106-254x300.jpg 254w, https:\/\/www.franz-josef.cz\/wp-content\/uploads\/2023\/08\/106-868x1024.jpg 868w, https:\/\/www.franz-josef.cz\/wp-content\/uploads\/2023\/08\/106-768x906.jpg 768w, https:\/\/www.franz-josef.cz\/wp-content\/uploads\/2023\/08\/106-1302x1536.jpg 1302w, https:\/\/www.franz-josef.cz\/wp-content\/uploads\/2023\/08\/106-1736x2048.jpg 1736w\" data-sizes=\"(max-width: 254px) 100vw, 254px\" src=\"data:image\/gif;base64,R0lGODlhAQABAAAAACH5BAEKAAEALAAAAAABAAEAAAICTAEAOw==\" style=\"--smush-placeholder-width: 254px; --smush-placeholder-aspect-ratio: 254\/300;\" \/><noscript><img loading=\"lazy\" decoding=\"async\" width=\"254\" height=\"300\" src=\"https:\/\/www.franz-josef.cz\/wp-content\/uploads\/2023\/08\/106-254x300.jpg\" class=\"attachment-medium size-medium wp-image-51228\" alt=\"\" srcset=\"https:\/\/www.franz-josef.cz\/wp-content\/uploads\/2023\/08\/106-254x300.jpg 254w, https:\/\/www.franz-josef.cz\/wp-content\/uploads\/2023\/08\/106-868x1024.jpg 868w, https:\/\/www.franz-josef.cz\/wp-content\/uploads\/2023\/08\/106-768x906.jpg 768w, https:\/\/www.franz-josef.cz\/wp-content\/uploads\/2023\/08\/106-1302x1536.jpg 1302w, https:\/\/www.franz-josef.cz\/wp-content\/uploads\/2023\/08\/106-1736x2048.jpg 1736w\" sizes=\"(max-width: 254px) 100vw, 254px\" \/><\/noscript>\n            <\/div>\n        <\/div><div class=\"eael-entry-wrapper\"><header class=\"eael-entry-header\"><h2 class=\"eael-entry-title\"><a class=\"eael-grid-post-link\" href=\"https:\/\/www.franz-josef.cz\/en\/expozice\/ceskoslovenska-polni-posta-1919-1920-a-1938-dopis\/\" title=\"Extraordinary collection of the Czechoslovak Military Field Post from 1919-1920 and 1938. At the 1960 World Stamp Exhibition.\">Extraordinary collection of the Czechoslovak Military Field Post from 1919-1920 and 1938. At the 1960 World Stamp Exhibition.<\/a><\/h2><\/header><\/div><\/div>\n        <\/div>\n    <\/article><article class=\"eael-grid-post  eael-post-grid-column eael-pg-post-52934\" data-id=\"52934\">\n        <div class=\"eael-grid-post-holder\">\n            <div class=\"eael-grid-post-holder-inner\"><div class=\"eael-entry-media\"><div class=\"eael-entry-overlay fade-in\"><i class=\"fas fa-plus\" aria-hidden=\"true\"><\/i><a href=\"https:\/\/www.franz-josef.cz\/en\/expozice\/kolky-listiny-seky-sbirka\/\"><\/a><\/div><div class=\"eael-entry-thumbnail eael-image-ratio\">\n                <img decoding=\"async\" width=\"300\" height=\"149\" data-src=\"https:\/\/www.franz-josef.cz\/wp-content\/uploads\/2023\/09\/8-1-300x149.jpg\" class=\"attachment-medium size-medium wp-image-52943 lazyload\" alt=\"\" data-srcset=\"https:\/\/www.franz-josef.cz\/wp-content\/uploads\/2023\/09\/8-1-300x149.jpg 300w, https:\/\/www.franz-josef.cz\/wp-content\/uploads\/2023\/09\/8-1-1024x510.jpg 1024w, https:\/\/www.franz-josef.cz\/wp-content\/uploads\/2023\/09\/8-1-768x382.jpg 768w, https:\/\/www.franz-josef.cz\/wp-content\/uploads\/2023\/09\/8-1-1536x765.jpg 1536w, https:\/\/www.franz-josef.cz\/wp-content\/uploads\/2023\/09\/8-1-18x9.jpg 18w, https:\/\/www.franz-josef.cz\/wp-content\/uploads\/2023\/09\/8-1.jpg 1741w\" data-sizes=\"(max-width: 300px) 100vw, 300px\" src=\"data:image\/gif;base64,R0lGODlhAQABAAAAACH5BAEKAAEALAAAAAABAAEAAAICTAEAOw==\" style=\"--smush-placeholder-width: 300px; --smush-placeholder-aspect-ratio: 300\/149;\" \/><noscript><img loading=\"lazy\" decoding=\"async\" width=\"300\" height=\"149\" src=\"https:\/\/www.franz-josef.cz\/wp-content\/uploads\/2023\/09\/8-1-300x149.jpg\" class=\"attachment-medium size-medium wp-image-52943\" alt=\"\" srcset=\"https:\/\/www.franz-josef.cz\/wp-content\/uploads\/2023\/09\/8-1-300x149.jpg 300w, https:\/\/www.franz-josef.cz\/wp-content\/uploads\/2023\/09\/8-1-1024x510.jpg 1024w, https:\/\/www.franz-josef.cz\/wp-content\/uploads\/2023\/09\/8-1-768x382.jpg 768w, https:\/\/www.franz-josef.cz\/wp-content\/uploads\/2023\/09\/8-1-1536x765.jpg 1536w, https:\/\/www.franz-josef.cz\/wp-content\/uploads\/2023\/09\/8-1-18x9.jpg 18w, https:\/\/www.franz-josef.cz\/wp-content\/uploads\/2023\/09\/8-1.jpg 1741w\" sizes=\"(max-width: 300px) 100vw, 300px\" \/><\/noscript>\n            <\/div>\n        <\/div><div class=\"eael-entry-wrapper\"><header class=\"eael-entry-header\"><h2 class=\"eael-entry-title\"><a class=\"eael-grid-post-link\" href=\"https:\/\/www.franz-josef.cz\/en\/expozice\/kolky-listiny-seky-sbirka\/\" title=\"Stamps, documents - for study purpose collection Austria 1854-1914\">Stamps, documents - for study purpose collection Austria 1854-1914<\/a><\/h2><\/header><\/div><\/div>\n        <\/div>\n    <\/article><article class=\"eael-grid-post  eael-post-grid-column eael-pg-post-52960\" data-id=\"52960\">\n        <div class=\"eael-grid-post-holder\">\n            <div class=\"eael-grid-post-holder-inner\"><div class=\"eael-entry-media\"><div class=\"eael-entry-overlay fade-in\"><i class=\"fas fa-plus\" aria-hidden=\"true\"><\/i><a href=\"https:\/\/www.franz-josef.cz\/en\/expozice\/seky-sbirka\/\"><\/a><\/div><div class=\"eael-entry-thumbnail eael-image-ratio\">\n                <img decoding=\"async\" width=\"300\" height=\"207\" data-src=\"https:\/\/www.franz-josef.cz\/wp-content\/uploads\/2023\/09\/78a-300x207.jpg\" class=\"attachment-medium size-medium wp-image-52900 lazyload\" alt=\"\" data-srcset=\"https:\/\/www.franz-josef.cz\/wp-content\/uploads\/2023\/09\/78a-300x207.jpg 300w, https:\/\/www.franz-josef.cz\/wp-content\/uploads\/2023\/09\/78a-1024x706.jpg 1024w, https:\/\/www.franz-josef.cz\/wp-content\/uploads\/2023\/09\/78a-768x529.jpg 768w, https:\/\/www.franz-josef.cz\/wp-content\/uploads\/2023\/09\/78a-1536x1059.jpg 1536w, https:\/\/www.franz-josef.cz\/wp-content\/uploads\/2023\/09\/78a-2048x1411.jpg 2048w, https:\/\/www.franz-josef.cz\/wp-content\/uploads\/2023\/09\/78a-18x12.jpg 18w\" data-sizes=\"(max-width: 300px) 100vw, 300px\" src=\"data:image\/gif;base64,R0lGODlhAQABAAAAACH5BAEKAAEALAAAAAABAAEAAAICTAEAOw==\" style=\"--smush-placeholder-width: 300px; --smush-placeholder-aspect-ratio: 300\/207;\" \/><noscript><img loading=\"lazy\" decoding=\"async\" width=\"300\" height=\"207\" src=\"https:\/\/www.franz-josef.cz\/wp-content\/uploads\/2023\/09\/78a-300x207.jpg\" class=\"attachment-medium size-medium wp-image-52900\" alt=\"\" srcset=\"https:\/\/www.franz-josef.cz\/wp-content\/uploads\/2023\/09\/78a-300x207.jpg 300w, https:\/\/www.franz-josef.cz\/wp-content\/uploads\/2023\/09\/78a-1024x706.jpg 1024w, https:\/\/www.franz-josef.cz\/wp-content\/uploads\/2023\/09\/78a-768x529.jpg 768w, https:\/\/www.franz-josef.cz\/wp-content\/uploads\/2023\/09\/78a-1536x1059.jpg 1536w, https:\/\/www.franz-josef.cz\/wp-content\/uploads\/2023\/09\/78a-2048x1411.jpg 2048w, https:\/\/www.franz-josef.cz\/wp-content\/uploads\/2023\/09\/78a-18x12.jpg 18w\" sizes=\"(max-width: 300px) 100vw, 300px\" \/><\/noscript>\n            <\/div>\n        <\/div><div class=\"eael-entry-wrapper\"><header class=\"eael-entry-header\"><h2 class=\"eael-entry-title\"><a class=\"eael-grid-post-link\" href=\"https:\/\/www.franz-josef.cz\/en\/expozice\/seky-sbirka\/\" title=\"Checks - a collection of stamped checks from the MONARCHY period, many rare pieces\">Checks - a collection of stamped checks from the MONARCHY period, many rare pieces<\/a><\/h2><\/header><\/div><\/div>\n        <\/div>\n    <\/article><article class=\"eael-grid-post  eael-post-grid-column eael-pg-post-55885\" data-id=\"55885\">\n        <div class=\"eael-grid-post-holder\">\n            <div class=\"eael-grid-post-holder-inner\"><div class=\"eael-entry-media\"><div class=\"eael-entry-overlay fade-in\"><i class=\"fas fa-plus\" aria-hidden=\"true\"><\/i><a href=\"https:\/\/www.franz-josef.cz\/en\/expozice\/kolky-zahranicni-anglie-svycarsko-rusko-turecko\/\"><\/a><\/div><div class=\"eael-entry-thumbnail eael-image-ratio\">\n                <img decoding=\"async\" width=\"300\" height=\"195\" data-src=\"https:\/\/www.franz-josef.cz\/wp-content\/uploads\/2024\/09\/186-4-300x195.jpg\" class=\"attachment-medium size-medium wp-image-55889 lazyload\" alt=\"\" data-srcset=\"https:\/\/www.franz-josef.cz\/wp-content\/uploads\/2024\/09\/186-4-300x195.jpg 300w, https:\/\/www.franz-josef.cz\/wp-content\/uploads\/2024\/09\/186-4-1024x667.jpg 1024w, https:\/\/www.franz-josef.cz\/wp-content\/uploads\/2024\/09\/186-4-768x500.jpg 768w, https:\/\/www.franz-josef.cz\/wp-content\/uploads\/2024\/09\/186-4-1536x1000.jpg 1536w, https:\/\/www.franz-josef.cz\/wp-content\/uploads\/2024\/09\/186-4-2048x1334.jpg 2048w, https:\/\/www.franz-josef.cz\/wp-content\/uploads\/2024\/09\/186-4-18x12.jpg 18w\" data-sizes=\"(max-width: 300px) 100vw, 300px\" src=\"data:image\/gif;base64,R0lGODlhAQABAAAAACH5BAEKAAEALAAAAAABAAEAAAICTAEAOw==\" style=\"--smush-placeholder-width: 300px; --smush-placeholder-aspect-ratio: 300\/195;\" \/><noscript><img loading=\"lazy\" decoding=\"async\" width=\"300\" height=\"195\" src=\"https:\/\/www.franz-josef.cz\/wp-content\/uploads\/2024\/09\/186-4-300x195.jpg\" class=\"attachment-medium size-medium wp-image-55889\" alt=\"\" srcset=\"https:\/\/www.franz-josef.cz\/wp-content\/uploads\/2024\/09\/186-4-300x195.jpg 300w, https:\/\/www.franz-josef.cz\/wp-content\/uploads\/2024\/09\/186-4-1024x667.jpg 1024w, https:\/\/www.franz-josef.cz\/wp-content\/uploads\/2024\/09\/186-4-768x500.jpg 768w, https:\/\/www.franz-josef.cz\/wp-content\/uploads\/2024\/09\/186-4-1536x1000.jpg 1536w, https:\/\/www.franz-josef.cz\/wp-content\/uploads\/2024\/09\/186-4-2048x1334.jpg 2048w, https:\/\/www.franz-josef.cz\/wp-content\/uploads\/2024\/09\/186-4-18x12.jpg 18w\" sizes=\"(max-width: 300px) 100vw, 300px\" \/><\/noscript>\n            <\/div>\n        <\/div><div class=\"eael-entry-wrapper\"><header class=\"eael-entry-header\"><h2 class=\"eael-entry-title\"><a class=\"eael-grid-post-link\" href=\"https:\/\/www.franz-josef.cz\/en\/expozice\/kolky-zahranicni-anglie-svycarsko-rusko-turecko\/\" title=\"Kolky- zahrani\u010dn\u00ed\/ Anglie, \u0160v\u00fdcarsko, Rusko, Turecko, &#8230;\">Stamps - foreign\/ England, Switzerland, Russia, Turkey, ..<\/a><\/h2><\/header><\/div><\/div>\n        <\/div>\n    <\/article><article class=\"eael-grid-post  eael-post-grid-column eael-pg-post-53172\" data-id=\"53172\">\n        <div class=\"eael-grid-post-holder\">\n            <div class=\"eael-grid-post-holder-inner\"><div class=\"eael-entry-media\"><div class=\"eael-entry-overlay fade-in\"><i class=\"fas fa-plus\" aria-hidden=\"true\"><\/i><a href=\"https:\/\/www.franz-josef.cz\/en\/expozice\/pohled-do-dilny-soch\/\"><\/a><\/div><div class=\"eael-entry-thumbnail eael-image-ratio\">\n                <img decoding=\"async\" width=\"300\" height=\"225\" data-src=\"https:\/\/www.franz-josef.cz\/wp-content\/uploads\/2023\/10\/P1290033-1-300x225.jpg\" class=\"attachment-medium size-medium wp-image-53174 lazyload\" alt=\"\" data-srcset=\"https:\/\/www.franz-josef.cz\/wp-content\/uploads\/2023\/10\/P1290033-1-300x225.jpg 300w, https:\/\/www.franz-josef.cz\/wp-content\/uploads\/2023\/10\/P1290033-1-768x576.jpg 768w, https:\/\/www.franz-josef.cz\/wp-content\/uploads\/2023\/10\/P1290033-1-16x12.jpg 16w, https:\/\/www.franz-josef.cz\/wp-content\/uploads\/2023\/10\/P1290033-1.jpg 1000w\" data-sizes=\"(max-width: 300px) 100vw, 300px\" src=\"data:image\/gif;base64,R0lGODlhAQABAAAAACH5BAEKAAEALAAAAAABAAEAAAICTAEAOw==\" style=\"--smush-placeholder-width: 300px; --smush-placeholder-aspect-ratio: 300\/225;\" \/><noscript><img loading=\"lazy\" decoding=\"async\" width=\"300\" height=\"225\" src=\"https:\/\/www.franz-josef.cz\/wp-content\/uploads\/2023\/10\/P1290033-1-300x225.jpg\" class=\"attachment-medium size-medium wp-image-53174\" alt=\"\" srcset=\"https:\/\/www.franz-josef.cz\/wp-content\/uploads\/2023\/10\/P1290033-1-300x225.jpg 300w, https:\/\/www.franz-josef.cz\/wp-content\/uploads\/2023\/10\/P1290033-1-768x576.jpg 768w, https:\/\/www.franz-josef.cz\/wp-content\/uploads\/2023\/10\/P1290033-1-16x12.jpg 16w, https:\/\/www.franz-josef.cz\/wp-content\/uploads\/2023\/10\/P1290033-1.jpg 1000w\" sizes=\"(max-width: 300px) 100vw, 300px\" \/><\/noscript>\n            <\/div>\n        <\/div><div class=\"eael-entry-wrapper\"><header class=\"eael-entry-header\"><h2 class=\"eael-entry-title\"><a class=\"eael-grid-post-link\" href=\"https:\/\/www.franz-josef.cz\/en\/expozice\/pohled-do-dilny-soch\/\" title=\"The statues and busts were made for the now-defunct Franti\u0161ek Josef I. Terez\u00edn Museum\">The statues and busts were made for the now-defunct Franti\u0161ek Josef I. Terez\u00edn Museum<\/a><\/h2><\/header><\/div><\/div>\n        <\/div>\n    <\/article><article class=\"eael-grid-post  eael-post-grid-column eael-pg-post-54053\" data-id=\"54053\">\n        <div class=\"eael-grid-post-holder\">\n            <div class=\"eael-grid-post-holder-inner\"><div class=\"eael-entry-media\"><div class=\"eael-entry-overlay fade-in\"><i class=\"fas fa-plus\" aria-hidden=\"true\"><\/i><a href=\"https:\/\/www.franz-josef.cz\/en\/expozice\/doutnikova-darkova-sada-austria-cuba-specielni-objednavka-rakouska-na-kube-drevena-kazeta-s-unikatnim-specialnim-zamkem-vse-mimoradne-zachovale-diky-predchozim-opatrovnikum-budu-pokracovat\/\"><\/a><\/div><div class=\"eael-entry-thumbnail eael-image-ratio\">\n                <img decoding=\"async\" width=\"300\" height=\"300\" data-src=\"https:\/\/www.franz-josef.cz\/wp-content\/uploads\/2024\/03\/1867-300x300.jpg\" class=\"attachment-medium size-medium wp-image-54055 lazyload\" alt=\"\" data-srcset=\"https:\/\/www.franz-josef.cz\/wp-content\/uploads\/2024\/03\/1867-300x300.jpg 300w, https:\/\/www.franz-josef.cz\/wp-content\/uploads\/2024\/03\/1867-1024x1024.jpg 1024w, https:\/\/www.franz-josef.cz\/wp-content\/uploads\/2024\/03\/1867-150x150.jpg 150w, https:\/\/www.franz-josef.cz\/wp-content\/uploads\/2024\/03\/1867-768x768.jpg 768w, https:\/\/www.franz-josef.cz\/wp-content\/uploads\/2024\/03\/1867-12x12.jpg 12w, https:\/\/www.franz-josef.cz\/wp-content\/uploads\/2024\/03\/1867.jpg 1200w\" data-sizes=\"(max-width: 300px) 100vw, 300px\" src=\"data:image\/gif;base64,R0lGODlhAQABAAAAACH5BAEKAAEALAAAAAABAAEAAAICTAEAOw==\" style=\"--smush-placeholder-width: 300px; --smush-placeholder-aspect-ratio: 300\/300;\" \/><noscript><img loading=\"lazy\" decoding=\"async\" width=\"300\" height=\"300\" src=\"https:\/\/www.franz-josef.cz\/wp-content\/uploads\/2024\/03\/1867-300x300.jpg\" class=\"attachment-medium size-medium wp-image-54055\" alt=\"\" srcset=\"https:\/\/www.franz-josef.cz\/wp-content\/uploads\/2024\/03\/1867-300x300.jpg 300w, https:\/\/www.franz-josef.cz\/wp-content\/uploads\/2024\/03\/1867-1024x1024.jpg 1024w, https:\/\/www.franz-josef.cz\/wp-content\/uploads\/2024\/03\/1867-150x150.jpg 150w, https:\/\/www.franz-josef.cz\/wp-content\/uploads\/2024\/03\/1867-768x768.jpg 768w, https:\/\/www.franz-josef.cz\/wp-content\/uploads\/2024\/03\/1867-12x12.jpg 12w, https:\/\/www.franz-josef.cz\/wp-content\/uploads\/2024\/03\/1867.jpg 1200w\" sizes=\"(max-width: 300px) 100vw, 300px\" \/><\/noscript>\n            <\/div>\n        <\/div><div class=\"eael-entry-wrapper\"><header class=\"eael-entry-header\"><h2 class=\"eael-entry-title\"><a class=\"eael-grid-post-link\" href=\"https:\/\/www.franz-josef.cz\/en\/expozice\/doutnikova-darkova-sada-austria-cuba-specielni-objednavka-rakouska-na-kube-drevena-kazeta-s-unikatnim-specialnim-zamkem-vse-mimoradne-zachovale-diky-predchozim-opatrovnikum-budu-pokracovat\/\" title=\"Cigar gift set Austria-Cuba, 69 cigars\">Cigar gift set Austria-Cuba, 69 cigars<\/a><\/h2><\/header><\/div><\/div>\n        <\/div>\n    <\/article><article class=\"eael-grid-post  eael-post-grid-column eael-pg-post-55866\" data-id=\"55866\">\n        <div class=\"eael-grid-post-holder\">\n            <div class=\"eael-grid-post-holder-inner\"><div class=\"eael-entry-media\"><div class=\"eael-entry-overlay fade-in\"><i class=\"fas fa-plus\" aria-hidden=\"true\"><\/i><a href=\"https:\/\/www.franz-josef.cz\/en\/expozice\/rarita-mezi-knihami-prolisovany-mosazny-vyjev-s-cisarem-frantiskem-josefem-i\/\"><\/a><\/div><div class=\"eael-entry-thumbnail eael-image-ratio\">\n                <img decoding=\"async\" width=\"240\" height=\"300\" data-src=\"https:\/\/www.franz-josef.cz\/wp-content\/uploads\/2024\/09\/4695-1-240x300.jpg\" class=\"attachment-medium size-medium wp-image-55867 lazyload\" alt=\"\" data-srcset=\"https:\/\/www.franz-josef.cz\/wp-content\/uploads\/2024\/09\/4695-1-240x300.jpg 240w, https:\/\/www.franz-josef.cz\/wp-content\/uploads\/2024\/09\/4695-1-819x1024.jpg 819w, https:\/\/www.franz-josef.cz\/wp-content\/uploads\/2024\/09\/4695-1-768x960.jpg 768w, https:\/\/www.franz-josef.cz\/wp-content\/uploads\/2024\/09\/4695-1-1229x1536.jpg 1229w, https:\/\/www.franz-josef.cz\/wp-content\/uploads\/2024\/09\/4695-1-1639x2048.jpg 1639w, https:\/\/www.franz-josef.cz\/wp-content\/uploads\/2024\/09\/4695-1-10x12.jpg 10w, https:\/\/www.franz-josef.cz\/wp-content\/uploads\/2024\/09\/4695-1.jpg 1794w\" data-sizes=\"(max-width: 240px) 100vw, 240px\" src=\"data:image\/gif;base64,R0lGODlhAQABAAAAACH5BAEKAAEALAAAAAABAAEAAAICTAEAOw==\" style=\"--smush-placeholder-width: 240px; --smush-placeholder-aspect-ratio: 240\/300;\" \/><noscript><img loading=\"lazy\" decoding=\"async\" width=\"240\" height=\"300\" src=\"https:\/\/www.franz-josef.cz\/wp-content\/uploads\/2024\/09\/4695-1-240x300.jpg\" class=\"attachment-medium size-medium wp-image-55867\" alt=\"\" srcset=\"https:\/\/www.franz-josef.cz\/wp-content\/uploads\/2024\/09\/4695-1-240x300.jpg 240w, https:\/\/www.franz-josef.cz\/wp-content\/uploads\/2024\/09\/4695-1-819x1024.jpg 819w, https:\/\/www.franz-josef.cz\/wp-content\/uploads\/2024\/09\/4695-1-768x960.jpg 768w, https:\/\/www.franz-josef.cz\/wp-content\/uploads\/2024\/09\/4695-1-1229x1536.jpg 1229w, https:\/\/www.franz-josef.cz\/wp-content\/uploads\/2024\/09\/4695-1-1639x2048.jpg 1639w, https:\/\/www.franz-josef.cz\/wp-content\/uploads\/2024\/09\/4695-1-10x12.jpg 10w, https:\/\/www.franz-josef.cz\/wp-content\/uploads\/2024\/09\/4695-1.jpg 1794w\" sizes=\"(max-width: 240px) 100vw, 240px\" \/><\/noscript>\n            <\/div>\n        <\/div><div class=\"eael-entry-wrapper\"><header class=\"eael-entry-header\"><h2 class=\"eael-entry-title\"><a class=\"eael-grid-post-link\" href=\"https:\/\/www.franz-josef.cz\/en\/expozice\/rarita-mezi-knihami-prolisovany-mosazny-vyjev-s-cisarem-frantiskem-josefem-i\/\" title=\"A rarity among the books - a pressed brass scene with Emperor Francis Joseph I.\">A rarity among the books - a pressed brass scene with Emperor Francis Joseph I.<\/a><\/h2><\/header><\/div><\/div>\n        <\/div>\n    <\/article><\/div>\n            <div class=\"clearfix\"><\/div>\n        <\/div>\t\t\t\t<\/div>\n\t\t\t\t<\/div>\n\t\t\t\t\t<\/div>\n\t\t<\/div>\n\t\t\t\t\t<\/div>\n\t\t<\/section>\n\t\t\t\t<section data-particle_enable=\"false\" data-particle-mobile-disabled=\"false\" class=\"elementor-section elementor-top-section elementor-element elementor-element-2d815e4 elementor-section-boxed elementor-section-height-default elementor-section-height-default\" data-id=\"2d815e4\" data-element_type=\"section\" data-e-type=\"section\" data-settings=\"{&quot;background_background&quot;:&quot;classic&quot;}\">\n\t\t\t\t\t\t\t<div class=\"elementor-background-overlay\"><\/div>\n\t\t\t\t\t\t\t<div class=\"elementor-container elementor-column-gap-default\">\n\t\t\t\t\t<div class=\"elementor-column elementor-col-100 elementor-top-column elementor-element elementor-element-7aa5f81\" data-id=\"7aa5f81\" data-element_type=\"column\" data-e-type=\"column\">\n\t\t\t<div class=\"elementor-widget-wrap elementor-element-populated\">\n\t\t\t\t\t\t<section data-particle_enable=\"false\" data-particle-mobile-disabled=\"false\" class=\"elementor-section elementor-inner-section elementor-element elementor-element-10d9948 elementor-section-boxed elementor-section-height-default elementor-section-height-default\" data-id=\"10d9948\" data-element_type=\"section\" data-e-type=\"section\">\n\t\t\t\t\t\t<div class=\"elementor-container elementor-column-gap-default\">\n\t\t\t\t\t<div class=\"elementor-column elementor-col-50 elementor-inner-column elementor-element elementor-element-33c7f2b\" data-id=\"33c7f2b\" data-element_type=\"column\" data-e-type=\"column\">\n\t\t\t<div class=\"elementor-widget-wrap elementor-element-populated\">\n\t\t\t\t\t\t<div class=\"elementor-element elementor-element-1d94947 elementor-widget elementor-widget-heading\" data-id=\"1d94947\" data-element_type=\"widget\" data-e-type=\"widget\" data-widget_type=\"heading.default\">\n\t\t\t\t<div class=\"elementor-widget-container\">\n\t\t\t\t\t<h2 class=\"elementor-heading-title elementor-size-default\">Lyrics - Franz Josef I.<\/h2>\t\t\t\t<\/div>\n\t\t\t\t<\/div>\n\t\t\t\t\t<\/div>\n\t\t<\/div>\n\t\t\t\t<div class=\"elementor-column elementor-col-50 elementor-inner-column elementor-element elementor-element-e221139\" data-id=\"e221139\" data-element_type=\"column\" data-e-type=\"column\">\n\t\t\t<div class=\"elementor-widget-wrap\">\n\t\t\t\t\t\t\t<\/div>\n\t\t<\/div>\n\t\t\t\t\t<\/div>\n\t\t<\/section>\n\t\t\t\t<div class=\"elementor-element elementor-element-e8551a2 elementor-grid-eael-col-5 elementor-grid-tablet-eael-col-2 elementor-grid-mobile-eael-col-1 elementor-widget elementor-widget-eael-post-grid\" data-id=\"e8551a2\" data-element_type=\"widget\" data-e-type=\"widget\" data-settings=\"{&quot;eael_post_grid_columns&quot;:&quot;eael-col-5&quot;,&quot;eael_post_grid_columns_tablet&quot;:&quot;eael-col-2&quot;,&quot;eael_post_grid_columns_mobile&quot;:&quot;eael-col-1&quot;}\" data-widget_type=\"eael-post-grid.default\">\n\t\t\t\t<div class=\"elementor-widget-container\">\n\t\t\t\t\t<div id=\"eael-post-grid-e8551a2\" class=\"eael-post-grid-container\">\n            <div class=\"eael-post-grid eael-post-appender eael-post-appender-e8551a2 eael-post-grid-style-one\" data-layout-mode=\"grid\"><article class=\"eael-grid-post  eael-post-grid-column eael-pg-post-8805\" data-id=\"8805\">\n        <div class=\"eael-grid-post-holder\">\n            <div class=\"eael-grid-post-holder-inner\"><div class=\"eael-entry-media\"><div class=\"eael-entry-overlay fade-in\"><i class=\"fas fa-plus\" aria-hidden=\"true\"><\/i><a href=\"https:\/\/www.franz-josef.cz\/en\/expozice\/1-svetova-valka\/\"><\/a><\/div><div class=\"eael-entry-thumbnail eael-image-ratio\">\n                <img decoding=\"async\" width=\"300\" height=\"147\" data-src=\"https:\/\/www.franz-josef.cz\/wp-content\/uploads\/2023\/04\/obrazok_2023-04-05_190542426-e1680714357502-300x147.png\" class=\"attachment-medium size-medium wp-image-8814 lazyload\" alt=\"\" data-srcset=\"https:\/\/www.franz-josef.cz\/wp-content\/uploads\/2023\/04\/obrazok_2023-04-05_190542426-e1680714357502-300x147.png 300w, https:\/\/www.franz-josef.cz\/wp-content\/uploads\/2023\/04\/obrazok_2023-04-05_190542426-e1680714357502.png 487w\" data-sizes=\"(max-width: 300px) 100vw, 300px\" src=\"data:image\/gif;base64,R0lGODlhAQABAAAAACH5BAEKAAEALAAAAAABAAEAAAICTAEAOw==\" style=\"--smush-placeholder-width: 300px; --smush-placeholder-aspect-ratio: 300\/147;\" \/><noscript><img loading=\"lazy\" decoding=\"async\" width=\"300\" height=\"147\" src=\"https:\/\/www.franz-josef.cz\/wp-content\/uploads\/2023\/04\/obrazok_2023-04-05_190542426-e1680714357502-300x147.png\" class=\"attachment-medium size-medium wp-image-8814\" alt=\"\" srcset=\"https:\/\/www.franz-josef.cz\/wp-content\/uploads\/2023\/04\/obrazok_2023-04-05_190542426-e1680714357502-300x147.png 300w, https:\/\/www.franz-josef.cz\/wp-content\/uploads\/2023\/04\/obrazok_2023-04-05_190542426-e1680714357502.png 487w\" sizes=\"(max-width: 300px) 100vw, 300px\" \/><\/noscript>\n            <\/div>\n        <\/div><div class=\"eael-entry-wrapper\"><header class=\"eael-entry-header\"><h2 class=\"eael-entry-title\"><a class=\"eael-grid-post-link\" href=\"https:\/\/www.franz-josef.cz\/en\/expozice\/1-svetova-valka\/\" title=\"World War 1, the causes and the beginning of the world crisis\">World War 1, the causes and the beginning of the world crisis<\/a><\/h2><\/header><\/div><\/div>\n        <\/div>\n    <\/article><article class=\"eael-grid-post  eael-post-grid-column eael-pg-post-8834\" data-id=\"8834\">\n        <div class=\"eael-grid-post-holder\">\n            <div class=\"eael-grid-post-holder-inner\"><div class=\"eael-entry-media\"><div class=\"eael-entry-overlay fade-in\"><i class=\"fas fa-plus\" aria-hidden=\"true\"><\/i><a href=\"https:\/\/www.franz-josef.cz\/en\/expozice\/kratce-o-cisarove-povaze\/\"><\/a><\/div><div class=\"eael-entry-thumbnail eael-image-ratio\">\n                <img decoding=\"async\" width=\"300\" height=\"192\" data-src=\"https:\/\/www.franz-josef.cz\/wp-content\/uploads\/2023\/04\/obrazok_2023-04-05_191556501-e1680714982273-300x192.png\" class=\"attachment-medium size-medium wp-image-8836 lazyload\" alt=\"\" data-srcset=\"https:\/\/www.franz-josef.cz\/wp-content\/uploads\/2023\/04\/obrazok_2023-04-05_191556501-e1680714982273-300x192.png 300w, https:\/\/www.franz-josef.cz\/wp-content\/uploads\/2023\/04\/obrazok_2023-04-05_191556501-e1680714982273.png 479w\" data-sizes=\"(max-width: 300px) 100vw, 300px\" src=\"data:image\/gif;base64,R0lGODlhAQABAAAAACH5BAEKAAEALAAAAAABAAEAAAICTAEAOw==\" style=\"--smush-placeholder-width: 300px; --smush-placeholder-aspect-ratio: 300\/192;\" \/><noscript><img loading=\"lazy\" decoding=\"async\" width=\"300\" height=\"192\" src=\"https:\/\/www.franz-josef.cz\/wp-content\/uploads\/2023\/04\/obrazok_2023-04-05_191556501-e1680714982273-300x192.png\" class=\"attachment-medium size-medium wp-image-8836\" alt=\"\" srcset=\"https:\/\/www.franz-josef.cz\/wp-content\/uploads\/2023\/04\/obrazok_2023-04-05_191556501-e1680714982273-300x192.png 300w, https:\/\/www.franz-josef.cz\/wp-content\/uploads\/2023\/04\/obrazok_2023-04-05_191556501-e1680714982273.png 479w\" sizes=\"(max-width: 300px) 100vw, 300px\" \/><\/noscript>\n            <\/div>\n        <\/div><div class=\"eael-entry-wrapper\"><header class=\"eael-entry-header\"><h2 class=\"eael-entry-title\"><a class=\"eael-grid-post-link\" href=\"https:\/\/www.franz-josef.cz\/en\/expozice\/kratce-o-cisarove-povaze\/\" title=\"Briefly about the emperor&#039;s character\">Briefly about the emperor's character<\/a><\/h2><\/header><\/div><\/div>\n        <\/div>\n    <\/article><article class=\"eael-grid-post  eael-post-grid-column eael-pg-post-8824\" data-id=\"8824\">\n        <div class=\"eael-grid-post-holder\">\n            <div class=\"eael-grid-post-holder-inner\"><div class=\"eael-entry-media\"><div class=\"eael-entry-overlay fade-in\"><i class=\"fas fa-plus\" aria-hidden=\"true\"><\/i><a href=\"https:\/\/www.franz-josef.cz\/en\/expozice\/mladi-a-studium\/\"><\/a><\/div><div class=\"eael-entry-thumbnail eael-image-ratio\">\n                <img decoding=\"async\" width=\"300\" height=\"155\" data-src=\"https:\/\/www.franz-josef.cz\/wp-content\/uploads\/2023\/04\/obrazok_2023-04-05_191238976-e1680714780926-300x155.png\" class=\"attachment-medium size-medium wp-image-8826 lazyload\" alt=\"\" data-srcset=\"https:\/\/www.franz-josef.cz\/wp-content\/uploads\/2023\/04\/obrazok_2023-04-05_191238976-e1680714780926-300x155.png 300w, https:\/\/www.franz-josef.cz\/wp-content\/uploads\/2023\/04\/obrazok_2023-04-05_191238976-e1680714780926.png 462w\" data-sizes=\"(max-width: 300px) 100vw, 300px\" src=\"data:image\/gif;base64,R0lGODlhAQABAAAAACH5BAEKAAEALAAAAAABAAEAAAICTAEAOw==\" style=\"--smush-placeholder-width: 300px; --smush-placeholder-aspect-ratio: 300\/155;\" \/><noscript><img loading=\"lazy\" decoding=\"async\" width=\"300\" height=\"155\" src=\"https:\/\/www.franz-josef.cz\/wp-content\/uploads\/2023\/04\/obrazok_2023-04-05_191238976-e1680714780926-300x155.png\" class=\"attachment-medium size-medium wp-image-8826\" alt=\"\" srcset=\"https:\/\/www.franz-josef.cz\/wp-content\/uploads\/2023\/04\/obrazok_2023-04-05_191238976-e1680714780926-300x155.png 300w, https:\/\/www.franz-josef.cz\/wp-content\/uploads\/2023\/04\/obrazok_2023-04-05_191238976-e1680714780926.png 462w\" sizes=\"(max-width: 300px) 100vw, 300px\" \/><\/noscript>\n            <\/div>\n        <\/div><div class=\"eael-entry-wrapper\"><header class=\"eael-entry-header\"><h2 class=\"eael-entry-title\"><a class=\"eael-grid-post-link\" href=\"https:\/\/www.franz-josef.cz\/en\/expozice\/mladi-a-studium\/\" title=\"Youth and studies\">Youth and studies<\/a><\/h2><\/header><\/div><\/div>\n        <\/div>\n    <\/article><article class=\"eael-grid-post  eael-post-grid-column eael-pg-post-8808\" data-id=\"8808\">\n        <div class=\"eael-grid-post-holder\">\n            <div class=\"eael-grid-post-holder-inner\"><div class=\"eael-entry-media\"><div class=\"eael-entry-overlay fade-in\"><i class=\"fas fa-plus\" aria-hidden=\"true\"><\/i><a href=\"https:\/\/www.franz-josef.cz\/en\/expozice\/rod-habsburku\/\"><\/a><\/div><div class=\"eael-entry-thumbnail eael-image-ratio\">\n                <img decoding=\"async\" width=\"300\" height=\"156\" data-src=\"https:\/\/www.franz-josef.cz\/wp-content\/uploads\/2023\/04\/obrazok_2023-04-05_191023176-e1680714639405-300x156.png\" class=\"attachment-medium size-medium wp-image-8819 lazyload\" alt=\"\" data-srcset=\"https:\/\/www.franz-josef.cz\/wp-content\/uploads\/2023\/04\/obrazok_2023-04-05_191023176-e1680714639405-300x156.png 300w, https:\/\/www.franz-josef.cz\/wp-content\/uploads\/2023\/04\/obrazok_2023-04-05_191023176-e1680714639405.png 460w\" data-sizes=\"(max-width: 300px) 100vw, 300px\" src=\"data:image\/gif;base64,R0lGODlhAQABAAAAACH5BAEKAAEALAAAAAABAAEAAAICTAEAOw==\" style=\"--smush-placeholder-width: 300px; --smush-placeholder-aspect-ratio: 300\/156;\" \/><noscript><img loading=\"lazy\" decoding=\"async\" width=\"300\" height=\"156\" src=\"https:\/\/www.franz-josef.cz\/wp-content\/uploads\/2023\/04\/obrazok_2023-04-05_191023176-e1680714639405-300x156.png\" class=\"attachment-medium size-medium wp-image-8819\" alt=\"\" srcset=\"https:\/\/www.franz-josef.cz\/wp-content\/uploads\/2023\/04\/obrazok_2023-04-05_191023176-e1680714639405-300x156.png 300w, https:\/\/www.franz-josef.cz\/wp-content\/uploads\/2023\/04\/obrazok_2023-04-05_191023176-e1680714639405.png 460w\" sizes=\"(max-width: 300px) 100vw, 300px\" \/><\/noscript>\n            <\/div>\n        <\/div><div class=\"eael-entry-wrapper\"><header class=\"eael-entry-header\"><h2 class=\"eael-entry-title\"><a class=\"eael-grid-post-link\" href=\"https:\/\/www.franz-josef.cz\/en\/expozice\/rod-habsburku\/\" title=\"House of Habsburg\">House of Habsburg<\/a><\/h2><\/header><\/div><\/div>\n        <\/div>\n    <\/article><article class=\"eael-grid-post  eael-post-grid-column eael-pg-post-8851\" data-id=\"8851\">\n        <div class=\"eael-grid-post-holder\">\n            <div class=\"eael-grid-post-holder-inner\"><div class=\"eael-entry-media\"><div class=\"eael-entry-overlay fade-in\"><i class=\"fas fa-plus\" aria-hidden=\"true\"><\/i><a href=\"https:\/\/www.franz-josef.cz\/en\/expozice\/rodina-franz-josefa-i\/\"><\/a><\/div><div class=\"eael-entry-thumbnail eael-image-ratio\">\n                <img decoding=\"async\" width=\"300\" height=\"150\" data-src=\"https:\/\/www.franz-josef.cz\/wp-content\/uploads\/2023\/04\/obrazok_2023-04-05_192654008-e1680715629244-300x150.png\" class=\"attachment-medium size-medium wp-image-8853 lazyload\" alt=\"\" data-srcset=\"https:\/\/www.franz-josef.cz\/wp-content\/uploads\/2023\/04\/obrazok_2023-04-05_192654008-e1680715629244-300x150.png 300w, https:\/\/www.franz-josef.cz\/wp-content\/uploads\/2023\/04\/obrazok_2023-04-05_192654008-e1680715629244.png 478w\" data-sizes=\"(max-width: 300px) 100vw, 300px\" src=\"data:image\/gif;base64,R0lGODlhAQABAAAAACH5BAEKAAEALAAAAAABAAEAAAICTAEAOw==\" style=\"--smush-placeholder-width: 300px; --smush-placeholder-aspect-ratio: 300\/150;\" \/><noscript><img loading=\"lazy\" decoding=\"async\" width=\"300\" height=\"150\" src=\"https:\/\/www.franz-josef.cz\/wp-content\/uploads\/2023\/04\/obrazok_2023-04-05_192654008-e1680715629244-300x150.png\" class=\"attachment-medium size-medium wp-image-8853\" alt=\"\" srcset=\"https:\/\/www.franz-josef.cz\/wp-content\/uploads\/2023\/04\/obrazok_2023-04-05_192654008-e1680715629244-300x150.png 300w, https:\/\/www.franz-josef.cz\/wp-content\/uploads\/2023\/04\/obrazok_2023-04-05_192654008-e1680715629244.png 478w\" sizes=\"(max-width: 300px) 100vw, 300px\" \/><\/noscript>\n            <\/div>\n        <\/div><div class=\"eael-entry-wrapper\"><header class=\"eael-entry-header\"><h2 class=\"eael-entry-title\"><a class=\"eael-grid-post-link\" href=\"https:\/\/www.franz-josef.cz\/en\/expozice\/rodina-franz-josefa-i\/\" title=\"Family of Franz Joseph I.\">Family of Franz Joseph I.<\/a><\/h2><\/header><\/div><\/div>\n        <\/div>\n    <\/article><article class=\"eael-grid-post  eael-post-grid-column eael-pg-post-8841\" data-id=\"8841\">\n        <div class=\"eael-grid-post-holder\">\n            <div class=\"eael-grid-post-holder-inner\"><div class=\"eael-entry-media\"><div class=\"eael-entry-overlay fade-in\"><i class=\"fas fa-plus\" aria-hidden=\"true\"><\/i><a href=\"https:\/\/www.franz-josef.cz\/en\/expozice\/vlada-franz-josefa-i\/\"><\/a><\/div><div class=\"eael-entry-thumbnail eael-image-ratio\">\n                <img decoding=\"async\" width=\"300\" height=\"155\" data-src=\"https:\/\/www.franz-josef.cz\/wp-content\/uploads\/2023\/04\/obrazok_2023-04-05_191939952-e1680715193456-300x155.png\" class=\"attachment-medium size-medium wp-image-8843 lazyload\" alt=\"\" data-srcset=\"https:\/\/www.franz-josef.cz\/wp-content\/uploads\/2023\/04\/obrazok_2023-04-05_191939952-e1680715193456-300x155.png 300w, https:\/\/www.franz-josef.cz\/wp-content\/uploads\/2023\/04\/obrazok_2023-04-05_191939952-e1680715193456.png 464w\" data-sizes=\"(max-width: 300px) 100vw, 300px\" src=\"data:image\/gif;base64,R0lGODlhAQABAAAAACH5BAEKAAEALAAAAAABAAEAAAICTAEAOw==\" style=\"--smush-placeholder-width: 300px; --smush-placeholder-aspect-ratio: 300\/155;\" \/><noscript><img loading=\"lazy\" decoding=\"async\" width=\"300\" height=\"155\" src=\"https:\/\/www.franz-josef.cz\/wp-content\/uploads\/2023\/04\/obrazok_2023-04-05_191939952-e1680715193456-300x155.png\" class=\"attachment-medium size-medium wp-image-8843\" alt=\"\" srcset=\"https:\/\/www.franz-josef.cz\/wp-content\/uploads\/2023\/04\/obrazok_2023-04-05_191939952-e1680715193456-300x155.png 300w, https:\/\/www.franz-josef.cz\/wp-content\/uploads\/2023\/04\/obrazok_2023-04-05_191939952-e1680715193456.png 464w\" sizes=\"(max-width: 300px) 100vw, 300px\" \/><\/noscript>\n            <\/div>\n        <\/div><div class=\"eael-entry-wrapper\"><header class=\"eael-entry-header\"><h2 class=\"eael-entry-title\"><a class=\"eael-grid-post-link\" href=\"https:\/\/www.franz-josef.cz\/en\/expozice\/vlada-franz-josefa-i\/\" title=\"The reign of Franz Josef I.\">The reign of Franz Josef I.<\/a><\/h2><\/header><\/div><\/div>\n        <\/div>\n    <\/article><\/div>\n            <div class=\"clearfix\"><\/div>\n        <\/div>\t\t\t\t<\/div>\n\t\t\t\t<\/div>\n\t\t\t\t\t<\/div>\n\t\t<\/div>\n\t\t\t\t\t<\/div>\n\t\t<\/section>\n\t\t\t\t<section data-particle_enable=\"false\" data-particle-mobile-disabled=\"false\" class=\"elementor-section elementor-top-section elementor-element elementor-element-fe2bf33 elementor-section-boxed elementor-section-height-default elementor-section-height-default\" data-id=\"fe2bf33\" data-element_type=\"section\" data-e-type=\"section\" data-settings=\"{&quot;background_background&quot;:&quot;classic&quot;}\">\n\t\t\t\t\t\t<div class=\"elementor-container elementor-column-gap-default\">\n\t\t\t\t\t<div class=\"elementor-column elementor-col-50 elementor-top-column elementor-element elementor-element-79bb8e5\" data-id=\"79bb8e5\" data-element_type=\"column\" data-e-type=\"column\">\n\t\t\t<div class=\"elementor-widget-wrap elementor-element-populated\">\n\t\t\t\t\t\t<div class=\"elementor-element elementor-element-acab641 elementor-widget elementor-widget-heading\" data-id=\"acab641\" data-element_type=\"widget\" data-e-type=\"widget\" data-widget_type=\"heading.default\">\n\t\t\t\t<div class=\"elementor-widget-container\">\n\t\t\t\t\t<h2 class=\"elementor-heading-title elementor-size-default\">How was it in Terez\u00edn<\/h2>\t\t\t\t<\/div>\n\t\t\t\t<\/div>\n\t\t\t\t<div class=\"elementor-element elementor-element-da93401 line-height-30 elementor-widget elementor-widget-text-editor\" data-id=\"da93401\" data-element_type=\"widget\" data-e-type=\"widget\" data-widget_type=\"text-editor.default\">\n\t\t\t\t<div class=\"elementor-widget-container\">\n\t\t\t\t\t\t\t\t\t<p><span style=\"color: #ededed;\">Museum exhibition in Terez\u00edn in 2016, 2017<\/span><\/p>\t\t\t\t\t\t\t\t<\/div>\n\t\t\t\t<\/div>\n\t\t\t\t\t<\/div>\n\t\t<\/div>\n\t\t\t\t<div class=\"elementor-column elementor-col-50 elementor-top-column elementor-element elementor-element-89b48a1\" data-id=\"89b48a1\" data-element_type=\"column\" data-e-type=\"column\">\n\t\t\t<div class=\"elementor-widget-wrap elementor-element-populated\">\n\t\t\t\t\t\t<div class=\"elementor-element elementor-element-c0bb0e6 elementor-widget elementor-widget-video\" data-id=\"c0bb0e6\" data-element_type=\"widget\" data-e-type=\"widget\" data-settings=\"{&quot;youtube_url&quot;:&quot;www.youtube.com\\\/watch?v=VSt_RPpo3R0&quot;,&quot;video_type&quot;:&quot;youtube&quot;,&quot;controls&quot;:&quot;yes&quot;}\" data-widget_type=\"video.default\">\n\t\t\t\t<div class=\"elementor-widget-container\">\n\t\t\t\t\t\t\t<div class=\"elementor-wrapper elementor-open-inline\">\n\t\t\t<div class=\"elementor-video\"><\/div>\t\t<\/div>\n\t\t\t\t\t\t<\/div>\n\t\t\t\t<\/div>\n\t\t\t\t\t<\/div>\n\t\t<\/div>\n\t\t\t\t\t<\/div>\n\t\t<\/section>\n\t\t\t\t<section data-particle_enable=\"false\" data-particle-mobile-disabled=\"false\" class=\"elementor-section elementor-top-section elementor-element elementor-element-4673fa0 elementor-section-boxed elementor-section-height-default elementor-section-height-default\" data-id=\"4673fa0\" data-element_type=\"section\" data-e-type=\"section\" data-settings=\"{&quot;background_background&quot;:&quot;classic&quot;}\">\n\t\t\t\t\t\t<div class=\"elementor-container elementor-column-gap-default\">\n\t\t\t\t\t<div class=\"elementor-column elementor-col-100 elementor-top-column elementor-element elementor-element-c6a3d1b\" data-id=\"c6a3d1b\" data-element_type=\"column\" data-e-type=\"column\">\n\t\t\t<div class=\"elementor-widget-wrap elementor-element-populated\">\n\t\t\t\t\t\t<div class=\"elementor-element elementor-element-976a246 elementor-widget elementor-widget-text-editor\" data-id=\"976a246\" data-element_type=\"widget\" data-e-type=\"widget\" data-widget_type=\"text-editor.default\">\n\t\t\t\t<div class=\"elementor-widget-container\">\n\t\t\t\t\t\t\t\t\t<p><span style=\"color: #ffffff;\">Currently, <strong><span style=\"text-decoration: underline;\">the museum is looking for free spaces<\/span> <\/strong>for the location of this collection<\/span><\/p>\t\t\t\t\t\t\t\t<\/div>\n\t\t\t\t<\/div>\n\t\t\t\t\t<\/div>\n\t\t<\/div>\n\t\t\t\t\t<\/div>\n\t\t<\/section>\n\t\t\t\t<section data-particle_enable=\"false\" data-particle-mobile-disabled=\"false\" class=\"elementor-section elementor-top-section elementor-element elementor-element-36cc097 elementor-section-boxed elementor-section-height-default elementor-section-height-default\" data-id=\"36cc097\" data-element_type=\"section\" data-e-type=\"section\" data-settings=\"{&quot;background_background&quot;:&quot;classic&quot;}\">\n\t\t\t\t\t\t\t<div class=\"elementor-background-overlay\"><\/div>\n\t\t\t\t\t\t\t<div class=\"elementor-container elementor-column-gap-default\">\n\t\t\t\t\t<div class=\"elementor-column elementor-col-100 elementor-top-column elementor-element elementor-element-e6ba3ff\" data-id=\"e6ba3ff\" data-element_type=\"column\" data-e-type=\"column\">\n\t\t\t<div class=\"elementor-widget-wrap elementor-element-populated\">\n\t\t\t\t\t\t<section data-particle_enable=\"false\" data-particle-mobile-disabled=\"false\" class=\"elementor-section elementor-inner-section elementor-element elementor-element-02552ba elementor-section-boxed elementor-section-height-default elementor-section-height-default\" data-id=\"02552ba\" data-element_type=\"section\" data-e-type=\"section\">\n\t\t\t\t\t\t<div class=\"elementor-container elementor-column-gap-default\">\n\t\t\t\t\t<div class=\"elementor-column elementor-col-50 elementor-inner-column elementor-element elementor-element-3754dba\" data-id=\"3754dba\" data-element_type=\"column\" data-e-type=\"column\">\n\t\t\t<div class=\"elementor-widget-wrap elementor-element-populated\">\n\t\t\t\t\t\t<div class=\"elementor-element elementor-element-58c69ad elementor-widget elementor-widget-heading\" data-id=\"58c69ad\" data-element_type=\"widget\" data-e-type=\"widget\" data-widget_type=\"heading.default\">\n\t\t\t\t<div class=\"elementor-widget-container\">\n\t\t\t\t\t<h2 class=\"elementor-heading-title elementor-size-default\">Sale of museum surplus<\/h2>\t\t\t\t<\/div>\n\t\t\t\t<\/div>\n\t\t\t\t\t<\/div>\n\t\t<\/div>\n\t\t\t\t<div class=\"elementor-column elementor-col-50 elementor-inner-column elementor-element elementor-element-001b00d\" data-id=\"001b00d\" data-element_type=\"column\" data-e-type=\"column\">\n\t\t\t<div class=\"elementor-widget-wrap\">\n\t\t\t\t\t\t\t<\/div>\n\t\t<\/div>\n\t\t\t\t\t<\/div>\n\t\t<\/section>\n\t\t\t\t<section data-particle_enable=\"false\" data-particle-mobile-disabled=\"false\" class=\"elementor-section elementor-inner-section elementor-element elementor-element-b541479 elementor-section-boxed elementor-section-height-default elementor-section-height-default\" data-id=\"b541479\" data-element_type=\"section\" data-e-type=\"section\">\n\t\t\t\t\t\t<div class=\"elementor-container elementor-column-gap-default\">\n\t\t\t\t\t<div class=\"elementor-column elementor-col-50 elementor-inner-column elementor-element elementor-element-9eef463\" data-id=\"9eef463\" data-element_type=\"column\" data-e-type=\"column\">\n\t\t\t<div class=\"elementor-widget-wrap elementor-element-populated\">\n\t\t\t\t\t\t<div class=\"elementor-element elementor-element-0ce7831 eael_liquid_glass-effect1 eael_liquid_glass_shadow-effect1 elementor-widget elementor-widget-jet-listing-grid\" data-id=\"0ce7831\" data-element_type=\"widget\" data-e-type=\"widget\" data-settings=\"{&quot;columns&quot;:&quot;4&quot;}\" data-widget_type=\"jet-listing-grid.default\">\n\t\t\t\t<div class=\"elementor-widget-container\">\n\t\t\t\t\t<div class=\"jet-listing-grid jet-listing\"><div class=\"jet-listing-grid__items grid-col-desk-4 grid-col-tablet-4 grid-col-mobile-4 jet-listing-grid--49052\" data-queried-id=\"8841|WP_Post\" data-nav=\"{&quot;enabled&quot;:false,&quot;type&quot;:null,&quot;more_el&quot;:null,&quot;query&quot;:[],&quot;widget_settings&quot;:{&quot;lisitng_id&quot;:49052,&quot;posts_num&quot;:4,&quot;columns&quot;:4,&quot;columns_tablet&quot;:4,&quot;columns_mobile&quot;:4,&quot;column_min_width&quot;:240,&quot;column_min_width_tablet&quot;:240,&quot;column_min_width_mobile&quot;:240,&quot;inline_columns_css&quot;:false,&quot;is_archive_template&quot;:&quot;&quot;,&quot;post_status&quot;:[&quot;publish&quot;],&quot;use_random_posts_num&quot;:&quot;&quot;,&quot;max_posts_num&quot;:9,&quot;not_found_message&quot;:&quot;No data was found&quot;,&quot;is_masonry&quot;:false,&quot;equal_columns_height&quot;:&quot;&quot;,&quot;use_load_more&quot;:&quot;&quot;,&quot;load_more_id&quot;:&quot;&quot;,&quot;load_more_type&quot;:&quot;click&quot;,&quot;load_more_offset&quot;:{&quot;unit&quot;:&quot;px&quot;,&quot;size&quot;:0,&quot;sizes&quot;:[]},&quot;use_custom_post_types&quot;:&quot;&quot;,&quot;custom_post_types&quot;:[],&quot;hide_widget_if&quot;:&quot;&quot;,&quot;carousel_enabled&quot;:&quot;&quot;,&quot;slides_to_scroll&quot;:&quot;1&quot;,&quot;arrows&quot;:&quot;true&quot;,&quot;arrow_icon&quot;:&quot;fa fa-angle-left&quot;,&quot;dots&quot;:&quot;&quot;,&quot;autoplay&quot;:&quot;true&quot;,&quot;pause_on_hover&quot;:&quot;true&quot;,&quot;autoplay_speed&quot;:5000,&quot;infinite&quot;:&quot;true&quot;,&quot;center_mode&quot;:&quot;&quot;,&quot;effect&quot;:&quot;slide&quot;,&quot;speed&quot;:500,&quot;inject_alternative_items&quot;:&quot;&quot;,&quot;injection_items&quot;:[],&quot;scroll_slider_enabled&quot;:&quot;&quot;,&quot;scroll_slider_on&quot;:[&quot;desktop&quot;,&quot;tablet&quot;,&quot;mobile&quot;],&quot;custom_query&quot;:false,&quot;custom_query_id&quot;:&quot;&quot;,&quot;_element_id&quot;:&quot;&quot;,&quot;collapse_first_last_gap&quot;:false,&quot;list_tag_selection&quot;:&quot;&quot;,&quot;list_items_wrapper_tag&quot;:&quot;div&quot;,&quot;list_item_tag&quot;:&quot;div&quot;,&quot;empty_items_wrapper_tag&quot;:&quot;div&quot;}}\" data-page=\"1\" data-pages=\"13\" data-listing-source=\"posts\" data-listing-id=\"49052\" data-query-id=\"\"><div class=\"jet-listing-grid__item jet-listing-dynamic-post-57288\" data-post-id=\"57288\"  ><div class=\"jet-engine-listing-overlay-wrap\" data-url=\"https:\/\/www.franz-josef.cz\/en\/v-prodeji\/busta-cisare-frantisek-josef-kuk-franz-josef-80-cm-vyska-kopie-vyrobena-z-meho-originalu-pred-30ti-lety\/\">\t\t<div data-elementor-type=\"jet-listing-items\" data-elementor-id=\"49052\" class=\"elementor elementor-49052\" data-elementor-post-type=\"jet-engine\">\n\t\t\t\t\t\t<section data-particle_enable=\"false\" data-particle-mobile-disabled=\"false\" class=\"elementor-section elementor-top-section elementor-element elementor-element-111b31c elementor-section-boxed elementor-section-height-default elementor-section-height-default\" data-id=\"111b31c\" data-element_type=\"section\" data-e-type=\"section\">\n\t\t\t\t\t\t<div class=\"elementor-container elementor-column-gap-default\">\n\t\t\t\t\t<div class=\"elementor-column elementor-col-100 elementor-top-column elementor-element elementor-element-27fca7d\" data-id=\"27fca7d\" data-element_type=\"column\" data-e-type=\"column\" data-settings=\"{&quot;background_background&quot;:&quot;classic&quot;}\">\n\t\t\t<div class=\"elementor-widget-wrap elementor-element-populated\">\n\t\t\t\t\t\t<div class=\"elementor-element elementor-element-1b5ef96 eael_liquid_glass-effect1 eael_liquid_glass_shadow-effect1 elementor-widget elementor-widget-jet-listing-dynamic-image\" data-id=\"1b5ef96\" data-element_type=\"widget\" data-e-type=\"widget\" data-widget_type=\"jet-listing-dynamic-image.default\">\n\t\t\t\t<div class=\"elementor-widget-container\">\n\t\t\t\t\t<div class=\"jet-listing jet-listing-dynamic-image\" ><img decoding=\"async\" width=\"1506\" height=\"2560\" data-src=\"https:\/\/www.franz-josef.cz\/wp-content\/uploads\/2025\/11\/1140-3-scaled.jpg\" class=\"jet-listing-dynamic-image__img attachment-full size-full wp-post-image lazyload\" alt=\"1140 (3)\" data-srcset=\"https:\/\/www.franz-josef.cz\/wp-content\/uploads\/2025\/11\/1140-3-scaled.jpg 1506w, https:\/\/www.franz-josef.cz\/wp-content\/uploads\/2025\/11\/1140-3-176x300.jpg 176w, https:\/\/www.franz-josef.cz\/wp-content\/uploads\/2025\/11\/1140-3-602x1024.jpg 602w, https:\/\/www.franz-josef.cz\/wp-content\/uploads\/2025\/11\/1140-3-768x1306.jpg 768w, https:\/\/www.franz-josef.cz\/wp-content\/uploads\/2025\/11\/1140-3-903x1536.jpg 903w, https:\/\/www.franz-josef.cz\/wp-content\/uploads\/2025\/11\/1140-3-1205x2048.jpg 1205w, https:\/\/www.franz-josef.cz\/wp-content\/uploads\/2025\/11\/1140-3-7x12.jpg 7w\" data-sizes=\"(max-width: 1506px) 100vw, 1506px\" src=\"data:image\/gif;base64,R0lGODlhAQABAAAAACH5BAEKAAEALAAAAAABAAEAAAICTAEAOw==\" style=\"--smush-placeholder-width: 1506px; --smush-placeholder-aspect-ratio: 1506\/2560;\" \/><noscript><img decoding=\"async\" width=\"1506\" height=\"2560\" src=\"https:\/\/www.franz-josef.cz\/wp-content\/uploads\/2025\/11\/1140-3-scaled.jpg\" class=\"jet-listing-dynamic-image__img attachment-full size-full wp-post-image\" alt=\"1140 (3)\" srcset=\"https:\/\/www.franz-josef.cz\/wp-content\/uploads\/2025\/11\/1140-3-scaled.jpg 1506w, https:\/\/www.franz-josef.cz\/wp-content\/uploads\/2025\/11\/1140-3-176x300.jpg 176w, https:\/\/www.franz-josef.cz\/wp-content\/uploads\/2025\/11\/1140-3-602x1024.jpg 602w, https:\/\/www.franz-josef.cz\/wp-content\/uploads\/2025\/11\/1140-3-768x1306.jpg 768w, https:\/\/www.franz-josef.cz\/wp-content\/uploads\/2025\/11\/1140-3-903x1536.jpg 903w, https:\/\/www.franz-josef.cz\/wp-content\/uploads\/2025\/11\/1140-3-1205x2048.jpg 1205w, https:\/\/www.franz-josef.cz\/wp-content\/uploads\/2025\/11\/1140-3-7x12.jpg 7w\" sizes=\"(max-width: 1506px) 100vw, 1506px\" loading=\"eager\" \/><\/noscript><\/div>\t\t\t\t<\/div>\n\t\t\t\t<\/div>\n\t\t\t\t<div class=\"elementor-element elementor-element-766945e eael_liquid_glass-effect1 eael_liquid_glass_shadow-effect1 elementor-widget elementor-widget-jet-listing-dynamic-field\" data-id=\"766945e\" data-element_type=\"widget\" data-e-type=\"widget\" data-widget_type=\"jet-listing-dynamic-field.default\">\n\t\t\t\t<div class=\"elementor-widget-container\">\n\t\t\t\t\t<div class=\"jet-listing jet-listing-dynamic-field display-inline\"><div class=\"jet-listing-dynamic-field__inline-wrap\"><div class=\"jet-listing-dynamic-field__content\" >Bust of Emperor Franz Joseph, KuK, Franz Josef \/80 cm height<\/div><\/div><\/div>\t\t\t\t<\/div>\n\t\t\t\t<\/div>\n\t\t\t\t<div class=\"elementor-element elementor-element-1bbd0f9 elementor-widget-divider--view-line elementor-widget elementor-widget-divider\" data-id=\"1bbd0f9\" data-element_type=\"widget\" data-e-type=\"widget\" data-widget_type=\"divider.default\">\n\t\t\t\t<div class=\"elementor-widget-container\">\n\t\t\t\t\t\t\t<div class=\"elementor-divider\">\n\t\t\t<span class=\"elementor-divider-separator\">\n\t\t\t\t\t\t<\/span>\n\t\t<\/div>\n\t\t\t\t\t\t<\/div>\n\t\t\t\t<\/div>\n\t\t\t\t<div class=\"elementor-element elementor-element-58668e5 eael_liquid_glass-effect1 eael_liquid_glass_shadow-effect1 elementor-widget elementor-widget-jet-listing-dynamic-field\" data-id=\"58668e5\" data-element_type=\"widget\" data-e-type=\"widget\" data-widget_type=\"jet-listing-dynamic-field.default\">\n\t\t\t\t<div class=\"elementor-widget-container\">\n\t\t\t\t\t<div class=\"jet-listing jet-listing-dynamic-field display-inline\"><div class=\"jet-listing-dynamic-field__inline-wrap\"><div class=\"jet-listing-dynamic-field__content\" >16000,- K\u010d<\/div><\/div><\/div>\t\t\t\t<\/div>\n\t\t\t\t<\/div>\n\t\t\t\t\t<\/div>\n\t\t<\/div>\n\t\t\t\t\t<\/div>\n\t\t<\/section>\n\t\t\t\t<\/div>\n\t\t<a href=\"https:\/\/www.franz-josef.cz\/en\/v-prodeji\/busta-cisare-frantisek-josef-kuk-franz-josef-80-cm-vyska-kopie-vyrobena-z-meho-originalu-pred-30ti-lety\/\" class=\"jet-engine-listing-overlay-link\"><\/a><\/div><\/div><div class=\"jet-listing-grid__item jet-listing-dynamic-post-50604\" data-post-id=\"50604\"  ><div class=\"jet-engine-listing-overlay-wrap\" data-url=\"https:\/\/www.franz-josef.cz\/en\/v-prodeji\/franz-josef-i-obraz-reprodukce\/\">\t\t<div data-elementor-type=\"jet-listing-items\" data-elementor-id=\"49052\" class=\"elementor elementor-49052\" data-elementor-post-type=\"jet-engine\">\n\t\t\t\t\t\t<section data-particle_enable=\"false\" data-particle-mobile-disabled=\"false\" class=\"elementor-section elementor-top-section elementor-element elementor-element-111b31c elementor-section-boxed elementor-section-height-default elementor-section-height-default\" data-id=\"111b31c\" data-element_type=\"section\" data-e-type=\"section\">\n\t\t\t\t\t\t<div class=\"elementor-container elementor-column-gap-default\">\n\t\t\t\t\t<div class=\"elementor-column elementor-col-100 elementor-top-column elementor-element elementor-element-27fca7d\" data-id=\"27fca7d\" data-element_type=\"column\" data-e-type=\"column\" data-settings=\"{&quot;background_background&quot;:&quot;classic&quot;}\">\n\t\t\t<div class=\"elementor-widget-wrap elementor-element-populated\">\n\t\t\t\t\t\t<div class=\"elementor-element elementor-element-1b5ef96 eael_liquid_glass-effect1 eael_liquid_glass_shadow-effect1 elementor-widget elementor-widget-jet-listing-dynamic-image\" data-id=\"1b5ef96\" data-element_type=\"widget\" data-e-type=\"widget\" data-widget_type=\"jet-listing-dynamic-image.default\">\n\t\t\t\t<div class=\"elementor-widget-container\">\n\t\t\t\t\t<div class=\"jet-listing jet-listing-dynamic-image\" ><img decoding=\"async\" width=\"1985\" height=\"2560\" data-src=\"https:\/\/www.franz-josef.cz\/wp-content\/uploads\/2023\/07\/324-6-scaled.jpg\" class=\"jet-listing-dynamic-image__img attachment-full size-full wp-post-image lazyload\" alt=\"324\" data-srcset=\"https:\/\/www.franz-josef.cz\/wp-content\/uploads\/2023\/07\/324-6-scaled.jpg 1985w, https:\/\/www.franz-josef.cz\/wp-content\/uploads\/2023\/07\/324-6-233x300.jpg 233w, https:\/\/www.franz-josef.cz\/wp-content\/uploads\/2023\/07\/324-6-794x1024.jpg 794w, https:\/\/www.franz-josef.cz\/wp-content\/uploads\/2023\/07\/324-6-768x991.jpg 768w, https:\/\/www.franz-josef.cz\/wp-content\/uploads\/2023\/07\/324-6-1191x1536.jpg 1191w, https:\/\/www.franz-josef.cz\/wp-content\/uploads\/2023\/07\/324-6-1588x2048.jpg 1588w\" data-sizes=\"(max-width: 1985px) 100vw, 1985px\" src=\"data:image\/gif;base64,R0lGODlhAQABAAAAACH5BAEKAAEALAAAAAABAAEAAAICTAEAOw==\" style=\"--smush-placeholder-width: 1985px; --smush-placeholder-aspect-ratio: 1985\/2560;\" \/><noscript><img decoding=\"async\" width=\"1985\" height=\"2560\" src=\"https:\/\/www.franz-josef.cz\/wp-content\/uploads\/2023\/07\/324-6-scaled.jpg\" class=\"jet-listing-dynamic-image__img attachment-full size-full wp-post-image\" alt=\"324\" srcset=\"https:\/\/www.franz-josef.cz\/wp-content\/uploads\/2023\/07\/324-6-scaled.jpg 1985w, https:\/\/www.franz-josef.cz\/wp-content\/uploads\/2023\/07\/324-6-233x300.jpg 233w, https:\/\/www.franz-josef.cz\/wp-content\/uploads\/2023\/07\/324-6-794x1024.jpg 794w, https:\/\/www.franz-josef.cz\/wp-content\/uploads\/2023\/07\/324-6-768x991.jpg 768w, https:\/\/www.franz-josef.cz\/wp-content\/uploads\/2023\/07\/324-6-1191x1536.jpg 1191w, https:\/\/www.franz-josef.cz\/wp-content\/uploads\/2023\/07\/324-6-1588x2048.jpg 1588w\" sizes=\"(max-width: 1985px) 100vw, 1985px\" loading=\"eager\" \/><\/noscript><\/div>\t\t\t\t<\/div>\n\t\t\t\t<\/div>\n\t\t\t\t<div class=\"elementor-element elementor-element-766945e eael_liquid_glass-effect1 eael_liquid_glass_shadow-effect1 elementor-widget elementor-widget-jet-listing-dynamic-field\" data-id=\"766945e\" data-element_type=\"widget\" data-e-type=\"widget\" data-widget_type=\"jet-listing-dynamic-field.default\">\n\t\t\t\t<div class=\"elementor-widget-container\">\n\t\t\t\t\t<div class=\"jet-listing jet-listing-dynamic-field display-inline\"><div class=\"jet-listing-dynamic-field__inline-wrap\"><div class=\"jet-listing-dynamic-field__content\" >Franz Josef I. - painting, reproduction<\/div><\/div><\/div>\t\t\t\t<\/div>\n\t\t\t\t<\/div>\n\t\t\t\t<div class=\"elementor-element elementor-element-1bbd0f9 elementor-widget-divider--view-line elementor-widget elementor-widget-divider\" data-id=\"1bbd0f9\" data-element_type=\"widget\" data-e-type=\"widget\" data-widget_type=\"divider.default\">\n\t\t\t\t<div class=\"elementor-widget-container\">\n\t\t\t\t\t\t\t<div class=\"elementor-divider\">\n\t\t\t<span class=\"elementor-divider-separator\">\n\t\t\t\t\t\t<\/span>\n\t\t<\/div>\n\t\t\t\t\t\t<\/div>\n\t\t\t\t<\/div>\n\t\t\t\t<div class=\"elementor-element elementor-element-58668e5 eael_liquid_glass-effect1 eael_liquid_glass_shadow-effect1 elementor-widget elementor-widget-jet-listing-dynamic-field\" data-id=\"58668e5\" data-element_type=\"widget\" data-e-type=\"widget\" data-widget_type=\"jet-listing-dynamic-field.default\">\n\t\t\t\t<div class=\"elementor-widget-container\">\n\t\t\t\t\t<div class=\"jet-listing jet-listing-dynamic-field display-inline\"><div class=\"jet-listing-dynamic-field__inline-wrap\"><div class=\"jet-listing-dynamic-field__content\" >700,- K\u010d<\/div><\/div><\/div>\t\t\t\t<\/div>\n\t\t\t\t<\/div>\n\t\t\t\t\t<\/div>\n\t\t<\/div>\n\t\t\t\t\t<\/div>\n\t\t<\/section>\n\t\t\t\t<\/div>\n\t\t<a href=\"https:\/\/www.franz-josef.cz\/en\/v-prodeji\/franz-josef-i-obraz-reprodukce\/\" class=\"jet-engine-listing-overlay-link\"><\/a><\/div><\/div><div class=\"jet-listing-grid__item jet-listing-dynamic-post-50635\" data-post-id=\"50635\"  ><div class=\"jet-engine-listing-overlay-wrap\" data-url=\"https:\/\/www.franz-josef.cz\/en\/v-prodeji\/cestne-uznani-nevyplneny-dekret-reprodukce\/\">\t\t<div data-elementor-type=\"jet-listing-items\" data-elementor-id=\"49052\" class=\"elementor elementor-49052\" data-elementor-post-type=\"jet-engine\">\n\t\t\t\t\t\t<section data-particle_enable=\"false\" data-particle-mobile-disabled=\"false\" class=\"elementor-section elementor-top-section elementor-element elementor-element-111b31c elementor-section-boxed elementor-section-height-default elementor-section-height-default\" data-id=\"111b31c\" data-element_type=\"section\" data-e-type=\"section\">\n\t\t\t\t\t\t<div class=\"elementor-container elementor-column-gap-default\">\n\t\t\t\t\t<div class=\"elementor-column elementor-col-100 elementor-top-column elementor-element elementor-element-27fca7d\" data-id=\"27fca7d\" data-element_type=\"column\" data-e-type=\"column\" data-settings=\"{&quot;background_background&quot;:&quot;classic&quot;}\">\n\t\t\t<div class=\"elementor-widget-wrap elementor-element-populated\">\n\t\t\t\t\t\t<div class=\"elementor-element elementor-element-1b5ef96 eael_liquid_glass-effect1 eael_liquid_glass_shadow-effect1 elementor-widget elementor-widget-jet-listing-dynamic-image\" data-id=\"1b5ef96\" data-element_type=\"widget\" data-e-type=\"widget\" data-widget_type=\"jet-listing-dynamic-image.default\">\n\t\t\t\t<div class=\"elementor-widget-container\">\n\t\t\t\t\t<div class=\"jet-listing jet-listing-dynamic-image\" ><img decoding=\"async\" width=\"1904\" height=\"2560\" data-src=\"https:\/\/www.franz-josef.cz\/wp-content\/uploads\/2023\/07\/327-6-scaled.jpg\" class=\"jet-listing-dynamic-image__img attachment-full size-full wp-post-image lazyload\" alt=\"327\" data-srcset=\"https:\/\/www.franz-josef.cz\/wp-content\/uploads\/2023\/07\/327-6-scaled.jpg 1904w, https:\/\/www.franz-josef.cz\/wp-content\/uploads\/2023\/07\/327-6-223x300.jpg 223w, https:\/\/www.franz-josef.cz\/wp-content\/uploads\/2023\/07\/327-6-762x1024.jpg 762w, https:\/\/www.franz-josef.cz\/wp-content\/uploads\/2023\/07\/327-6-768x1032.jpg 768w, https:\/\/www.franz-josef.cz\/wp-content\/uploads\/2023\/07\/327-6-1143x1536.jpg 1143w, https:\/\/www.franz-josef.cz\/wp-content\/uploads\/2023\/07\/327-6-1523x2048.jpg 1523w\" data-sizes=\"(max-width: 1904px) 100vw, 1904px\" src=\"data:image\/gif;base64,R0lGODlhAQABAAAAACH5BAEKAAEALAAAAAABAAEAAAICTAEAOw==\" style=\"--smush-placeholder-width: 1904px; --smush-placeholder-aspect-ratio: 1904\/2560;\" \/><noscript><img decoding=\"async\" width=\"1904\" height=\"2560\" src=\"https:\/\/www.franz-josef.cz\/wp-content\/uploads\/2023\/07\/327-6-scaled.jpg\" class=\"jet-listing-dynamic-image__img attachment-full size-full wp-post-image\" alt=\"327\" srcset=\"https:\/\/www.franz-josef.cz\/wp-content\/uploads\/2023\/07\/327-6-scaled.jpg 1904w, https:\/\/www.franz-josef.cz\/wp-content\/uploads\/2023\/07\/327-6-223x300.jpg 223w, https:\/\/www.franz-josef.cz\/wp-content\/uploads\/2023\/07\/327-6-762x1024.jpg 762w, https:\/\/www.franz-josef.cz\/wp-content\/uploads\/2023\/07\/327-6-768x1032.jpg 768w, https:\/\/www.franz-josef.cz\/wp-content\/uploads\/2023\/07\/327-6-1143x1536.jpg 1143w, https:\/\/www.franz-josef.cz\/wp-content\/uploads\/2023\/07\/327-6-1523x2048.jpg 1523w\" sizes=\"(max-width: 1904px) 100vw, 1904px\" loading=\"eager\" \/><\/noscript><\/div>\t\t\t\t<\/div>\n\t\t\t\t<\/div>\n\t\t\t\t<div class=\"elementor-element elementor-element-766945e eael_liquid_glass-effect1 eael_liquid_glass_shadow-effect1 elementor-widget elementor-widget-jet-listing-dynamic-field\" data-id=\"766945e\" data-element_type=\"widget\" data-e-type=\"widget\" data-widget_type=\"jet-listing-dynamic-field.default\">\n\t\t\t\t<div class=\"elementor-widget-container\">\n\t\t\t\t\t<div class=\"jet-listing jet-listing-dynamic-field display-inline\"><div class=\"jet-listing-dynamic-field__inline-wrap\"><div class=\"jet-listing-dynamic-field__content\" >Honorable Mention - blank decree\/ reproduction<\/div><\/div><\/div>\t\t\t\t<\/div>\n\t\t\t\t<\/div>\n\t\t\t\t<div class=\"elementor-element elementor-element-1bbd0f9 elementor-widget-divider--view-line elementor-widget elementor-widget-divider\" data-id=\"1bbd0f9\" data-element_type=\"widget\" data-e-type=\"widget\" data-widget_type=\"divider.default\">\n\t\t\t\t<div class=\"elementor-widget-container\">\n\t\t\t\t\t\t\t<div class=\"elementor-divider\">\n\t\t\t<span class=\"elementor-divider-separator\">\n\t\t\t\t\t\t<\/span>\n\t\t<\/div>\n\t\t\t\t\t\t<\/div>\n\t\t\t\t<\/div>\n\t\t\t\t<div class=\"elementor-element elementor-element-58668e5 eael_liquid_glass-effect1 eael_liquid_glass_shadow-effect1 elementor-widget elementor-widget-jet-listing-dynamic-field\" data-id=\"58668e5\" data-element_type=\"widget\" data-e-type=\"widget\" data-widget_type=\"jet-listing-dynamic-field.default\">\n\t\t\t\t<div class=\"elementor-widget-container\">\n\t\t\t\t\t<div class=\"jet-listing jet-listing-dynamic-field display-inline\"><div class=\"jet-listing-dynamic-field__inline-wrap\"><div class=\"jet-listing-dynamic-field__content\" >450,- k\u010d<\/div><\/div><\/div>\t\t\t\t<\/div>\n\t\t\t\t<\/div>\n\t\t\t\t\t<\/div>\n\t\t<\/div>\n\t\t\t\t\t<\/div>\n\t\t<\/section>\n\t\t\t\t<\/div>\n\t\t<a href=\"https:\/\/www.franz-josef.cz\/en\/v-prodeji\/cestne-uznani-nevyplneny-dekret-reprodukce\/\" class=\"jet-engine-listing-overlay-link\"><\/a><\/div><\/div><div class=\"jet-listing-grid__item jet-listing-dynamic-post-50603\" data-post-id=\"50603\"  ><div class=\"jet-engine-listing-overlay-wrap\" data-url=\"https:\/\/www.franz-josef.cz\/en\/v-prodeji\/franz-josef-reprodukce-2\/\">\t\t<div data-elementor-type=\"jet-listing-items\" data-elementor-id=\"49052\" class=\"elementor elementor-49052\" data-elementor-post-type=\"jet-engine\">\n\t\t\t\t\t\t<section data-particle_enable=\"false\" data-particle-mobile-disabled=\"false\" class=\"elementor-section elementor-top-section elementor-element elementor-element-111b31c elementor-section-boxed elementor-section-height-default elementor-section-height-default\" data-id=\"111b31c\" data-element_type=\"section\" data-e-type=\"section\">\n\t\t\t\t\t\t<div class=\"elementor-container elementor-column-gap-default\">\n\t\t\t\t\t<div class=\"elementor-column elementor-col-100 elementor-top-column elementor-element elementor-element-27fca7d\" data-id=\"27fca7d\" data-element_type=\"column\" data-e-type=\"column\" data-settings=\"{&quot;background_background&quot;:&quot;classic&quot;}\">\n\t\t\t<div class=\"elementor-widget-wrap elementor-element-populated\">\n\t\t\t\t\t\t<div class=\"elementor-element elementor-element-1b5ef96 eael_liquid_glass-effect1 eael_liquid_glass_shadow-effect1 elementor-widget elementor-widget-jet-listing-dynamic-image\" data-id=\"1b5ef96\" data-element_type=\"widget\" data-e-type=\"widget\" data-widget_type=\"jet-listing-dynamic-image.default\">\n\t\t\t\t<div class=\"elementor-widget-container\">\n\t\t\t\t\t<div class=\"jet-listing jet-listing-dynamic-image\" ><img decoding=\"async\" width=\"1969\" height=\"2560\" data-src=\"https:\/\/www.franz-josef.cz\/wp-content\/uploads\/2023\/07\/332-5-scaled.jpg\" class=\"jet-listing-dynamic-image__img attachment-full size-full wp-post-image lazyload\" alt=\"332\" data-srcset=\"https:\/\/www.franz-josef.cz\/wp-content\/uploads\/2023\/07\/332-5-scaled.jpg 1969w, https:\/\/www.franz-josef.cz\/wp-content\/uploads\/2023\/07\/332-5-231x300.jpg 231w, https:\/\/www.franz-josef.cz\/wp-content\/uploads\/2023\/07\/332-5-788x1024.jpg 788w, https:\/\/www.franz-josef.cz\/wp-content\/uploads\/2023\/07\/332-5-768x999.jpg 768w, https:\/\/www.franz-josef.cz\/wp-content\/uploads\/2023\/07\/332-5-1181x1536.jpg 1181w, https:\/\/www.franz-josef.cz\/wp-content\/uploads\/2023\/07\/332-5-1575x2048.jpg 1575w\" data-sizes=\"(max-width: 1969px) 100vw, 1969px\" src=\"data:image\/gif;base64,R0lGODlhAQABAAAAACH5BAEKAAEALAAAAAABAAEAAAICTAEAOw==\" style=\"--smush-placeholder-width: 1969px; --smush-placeholder-aspect-ratio: 1969\/2560;\" \/><noscript><img decoding=\"async\" width=\"1969\" height=\"2560\" src=\"https:\/\/www.franz-josef.cz\/wp-content\/uploads\/2023\/07\/332-5-scaled.jpg\" class=\"jet-listing-dynamic-image__img attachment-full size-full wp-post-image\" alt=\"332\" srcset=\"https:\/\/www.franz-josef.cz\/wp-content\/uploads\/2023\/07\/332-5-scaled.jpg 1969w, https:\/\/www.franz-josef.cz\/wp-content\/uploads\/2023\/07\/332-5-231x300.jpg 231w, https:\/\/www.franz-josef.cz\/wp-content\/uploads\/2023\/07\/332-5-788x1024.jpg 788w, https:\/\/www.franz-josef.cz\/wp-content\/uploads\/2023\/07\/332-5-768x999.jpg 768w, https:\/\/www.franz-josef.cz\/wp-content\/uploads\/2023\/07\/332-5-1181x1536.jpg 1181w, https:\/\/www.franz-josef.cz\/wp-content\/uploads\/2023\/07\/332-5-1575x2048.jpg 1575w\" sizes=\"(max-width: 1969px) 100vw, 1969px\" loading=\"eager\" \/><\/noscript><\/div>\t\t\t\t<\/div>\n\t\t\t\t<\/div>\n\t\t\t\t<div class=\"elementor-element elementor-element-766945e eael_liquid_glass-effect1 eael_liquid_glass_shadow-effect1 elementor-widget elementor-widget-jet-listing-dynamic-field\" data-id=\"766945e\" data-element_type=\"widget\" data-e-type=\"widget\" data-widget_type=\"jet-listing-dynamic-field.default\">\n\t\t\t\t<div class=\"elementor-widget-container\">\n\t\t\t\t\t<div class=\"jet-listing jet-listing-dynamic-field display-inline\"><div class=\"jet-listing-dynamic-field__inline-wrap\"><div class=\"jet-listing-dynamic-field__content\" >Franz Josef - reproduction<\/div><\/div><\/div>\t\t\t\t<\/div>\n\t\t\t\t<\/div>\n\t\t\t\t<div class=\"elementor-element elementor-element-1bbd0f9 elementor-widget-divider--view-line elementor-widget elementor-widget-divider\" data-id=\"1bbd0f9\" data-element_type=\"widget\" data-e-type=\"widget\" data-widget_type=\"divider.default\">\n\t\t\t\t<div class=\"elementor-widget-container\">\n\t\t\t\t\t\t\t<div class=\"elementor-divider\">\n\t\t\t<span class=\"elementor-divider-separator\">\n\t\t\t\t\t\t<\/span>\n\t\t<\/div>\n\t\t\t\t\t\t<\/div>\n\t\t\t\t<\/div>\n\t\t\t\t<div class=\"elementor-element elementor-element-58668e5 eael_liquid_glass-effect1 eael_liquid_glass_shadow-effect1 elementor-widget elementor-widget-jet-listing-dynamic-field\" data-id=\"58668e5\" data-element_type=\"widget\" data-e-type=\"widget\" data-widget_type=\"jet-listing-dynamic-field.default\">\n\t\t\t\t<div class=\"elementor-widget-container\">\n\t\t\t\t\t<div class=\"jet-listing jet-listing-dynamic-field display-inline\"><div class=\"jet-listing-dynamic-field__inline-wrap\"><div class=\"jet-listing-dynamic-field__content\" >800,- K\u010d<\/div><\/div><\/div>\t\t\t\t<\/div>\n\t\t\t\t<\/div>\n\t\t\t\t\t<\/div>\n\t\t<\/div>\n\t\t\t\t\t<\/div>\n\t\t<\/section>\n\t\t\t\t<\/div>\n\t\t<a href=\"https:\/\/www.franz-josef.cz\/en\/v-prodeji\/franz-josef-reprodukce-2\/\" class=\"jet-engine-listing-overlay-link\"><\/a><\/div><\/div><\/div><\/div>\t\t\t\t<\/div>\n\t\t\t\t<\/div>\n\t\t\t\t\t<\/div>\n\t\t<\/div>\n\t\t\t\t<div class=\"elementor-column elementor-col-50 elementor-inner-column elementor-element elementor-element-cb12dd1\" data-id=\"cb12dd1\" data-element_type=\"column\" data-e-type=\"column\">\n\t\t\t<div class=\"elementor-widget-wrap elementor-element-populated\">\n\t\t\t\t\t\t<div class=\"elementor-element elementor-element-31e5ee3 elementor-widget elementor-widget-ova_info_image\" data-id=\"31e5ee3\" data-element_type=\"widget\" data-e-type=\"widget\" data-widget_type=\"ova_info_image.default\">\n\t\t\t\t<div class=\"elementor-widget-container\">\n\t\t\t\t\t\t\t<div class=\"ova_info_position info_position\">\n\t\t\t\t\t\t<div class=\"content\">\n\t\t\t\t\t\t\t\t\t\t\t\t\t<div class=\"desc\">\n\t\t\t\t\t\t<p>Are you interested in the period of Franz Joseph I? Are you a collector?<\/p>\n\t\t\t\t\t<\/div>\n\t\t\t\t\n\t\t\t\t\n\t\t\t\t\t\t\t\t\t<div class=\"text-button\">\n\t\t\t\t\t\t<a href=\"\/en\/prodej-prebytku-muzea\/\">\n\t\t\t\t\t\t\tVisit the sales page\t\t\t\t\t\t<\/a>\n\t\t\t\t\t<\/div>\n\t\t\t\t\t\t\t<\/div>\n\t\t\t\n\n\t\t<\/div>\n\t\t\t\t\t<\/div>\n\t\t\t\t<\/div>\n\t\t\t\t\t<\/div>\n\t\t<\/div>\n\t\t\t\t\t<\/div>\n\t\t<\/section>\n\t\t\t\t<section data-particle_enable=\"false\" data-particle-mobile-disabled=\"false\" class=\"elementor-section elementor-inner-section elementor-element elementor-element-6a0eb1c elementor-section-boxed elementor-section-height-default elementor-section-height-default\" data-id=\"6a0eb1c\" data-element_type=\"section\" data-e-type=\"section\">\n\t\t\t\t\t\t<div class=\"elementor-container elementor-column-gap-default\">\n\t\t\t\t\t<div class=\"elementor-column elementor-col-33 elementor-inner-column elementor-element elementor-element-5beb40f\" data-id=\"5beb40f\" data-element_type=\"column\" data-e-type=\"column\">\n\t\t\t<div class=\"elementor-widget-wrap\">\n\t\t\t\t\t\t\t<\/div>\n\t\t<\/div>\n\t\t\t\t<div class=\"elementor-column elementor-col-33 elementor-inner-column elementor-element elementor-element-0167b5a\" data-id=\"0167b5a\" data-element_type=\"column\" data-e-type=\"column\" data-settings=\"{&quot;background_background&quot;:&quot;gradient&quot;}\">\n\t\t\t<div class=\"elementor-widget-wrap elementor-element-populated\">\n\t\t\t\t\t\t<div class=\"elementor-element elementor-element-571dcff elementor-widget elementor-widget-spacer\" data-id=\"571dcff\" data-element_type=\"widget\" data-e-type=\"widget\" data-widget_type=\"spacer.default\">\n\t\t\t\t<div class=\"elementor-widget-container\">\n\t\t\t\t\t\t\t<div class=\"elementor-spacer\">\n\t\t\t<div class=\"elementor-spacer-inner\"><\/div>\n\t\t<\/div>\n\t\t\t\t\t\t<\/div>\n\t\t\t\t<\/div>\n\t\t\t\t\t<\/div>\n\t\t<\/div>\n\t\t\t\t<div class=\"elementor-column elementor-col-33 elementor-inner-column elementor-element elementor-element-3c801ad\" data-id=\"3c801ad\" data-element_type=\"column\" data-e-type=\"column\">\n\t\t\t<div class=\"elementor-widget-wrap\">\n\t\t\t\t\t\t\t<\/div>\n\t\t<\/div>\n\t\t\t\t\t<\/div>\n\t\t<\/section>\n\t\t\t\t\t<\/div>\n\t\t<\/div>\n\t\t\t\t\t<\/div>\n\t\t<\/section>\n\t\t\t\t<section data-particle_enable=\"false\" data-particle-mobile-disabled=\"false\" class=\"elementor-section elementor-top-section elementor-element elementor-element-506a589 elementor-section-boxed elementor-section-height-default elementor-section-height-default\" data-id=\"506a589\" data-element_type=\"section\" data-e-type=\"section\" data-settings=\"{&quot;background_background&quot;:&quot;classic&quot;}\">\n\t\t\t\t\t\t\t<div class=\"elementor-background-overlay\"><\/div>\n\t\t\t\t\t\t\t<div class=\"elementor-container elementor-column-gap-default\">\n\t\t\t\t\t<div class=\"elementor-column elementor-col-100 elementor-top-column elementor-element elementor-element-de351b4\" data-id=\"de351b4\" data-element_type=\"column\" data-e-type=\"column\">\n\t\t\t<div class=\"elementor-widget-wrap elementor-element-populated\">\n\t\t\t\t\t\t<section data-particle_enable=\"false\" data-particle-mobile-disabled=\"false\" class=\"elementor-section elementor-inner-section elementor-element elementor-element-837eda1 elementor-section-boxed elementor-section-height-default elementor-section-height-default\" data-id=\"837eda1\" data-element_type=\"section\" data-e-type=\"section\">\n\t\t\t\t\t\t<div class=\"elementor-container elementor-column-gap-default\">\n\t\t\t\t\t<div class=\"elementor-column elementor-col-50 elementor-inner-column elementor-element elementor-element-4add0e1\" data-id=\"4add0e1\" data-element_type=\"column\" data-e-type=\"column\">\n\t\t\t<div class=\"elementor-widget-wrap elementor-element-populated\">\n\t\t\t\t\t\t<div class=\"elementor-element elementor-element-6284655 elementor-widget elementor-widget-heading\" data-id=\"6284655\" data-element_type=\"widget\" data-e-type=\"widget\" data-widget_type=\"heading.default\">\n\t\t\t\t<div class=\"elementor-widget-container\">\n\t\t\t\t\t<h2 class=\"elementor-heading-title elementor-size-default\">Blog<\/h2>\t\t\t\t<\/div>\n\t\t\t\t<\/div>\n\t\t\t\t\t<\/div>\n\t\t<\/div>\n\t\t\t\t<div class=\"elementor-column elementor-col-50 elementor-inner-column elementor-element elementor-element-13ed5b8\" data-id=\"13ed5b8\" data-element_type=\"column\" data-e-type=\"column\">\n\t\t\t<div class=\"elementor-widget-wrap\">\n\t\t\t\t\t\t\t<\/div>\n\t\t<\/div>\n\t\t\t\t\t<\/div>\n\t\t<\/section>\n\t\t\t\t<div class=\"elementor-element elementor-element-353499a elementor-grid-eael-col-5 elementor-grid-tablet-eael-col-2 elementor-grid-mobile-eael-col-1 elementor-widget elementor-widget-eael-post-grid\" data-id=\"353499a\" data-element_type=\"widget\" data-e-type=\"widget\" data-settings=\"{&quot;eael_post_grid_columns&quot;:&quot;eael-col-5&quot;,&quot;eael_post_grid_columns_tablet&quot;:&quot;eael-col-2&quot;,&quot;eael_post_grid_columns_mobile&quot;:&quot;eael-col-1&quot;}\" data-widget_type=\"eael-post-grid.default\">\n\t\t\t\t<div class=\"elementor-widget-container\">\n\t\t\t\t\t<div id=\"eael-post-grid-353499a\" class=\"eael-post-grid-container\">\n            <div class=\"eael-post-grid eael-post-appender eael-post-appender-353499a eael-post-grid-style-one\" data-layout-mode=\"grid\"><article class=\"eael-grid-post  eael-post-grid-column eael-pg-post-58170 category-uncategorized-sk\" data-id=\"58170\">\n        <div class=\"eael-grid-post-holder\">\n            <div class=\"eael-grid-post-holder-inner\"><div class=\"eael-entry-media\"><div class=\"eael-entry-overlay fade-in\"><i class=\"fas fa-plus\" aria-hidden=\"true\"><\/i><a href=\"https:\/\/www.franz-josef.cz\/en\/2026\/02\/unikatni-nalez-navrh-kolku-merkur-zkusmy-tisk-1891-ve-dvojpasce-ciste-s-perfektnim-lepem-rrr\/\"><\/a><\/div><div class=\"eael-entry-thumbnail eael-image-ratio\">\n                <img decoding=\"async\" width=\"213\" height=\"300\" data-src=\"https:\/\/www.franz-josef.cz\/wp-content\/uploads\/2026\/02\/bb-213x300.jpg\" class=\"attachment-medium size-medium wp-image-58234 lazyload\" alt=\"\" data-srcset=\"https:\/\/www.franz-josef.cz\/wp-content\/uploads\/2026\/02\/bb-213x300.jpg 213w, https:\/\/www.franz-josef.cz\/wp-content\/uploads\/2026\/02\/bb-727x1024.jpg 727w, https:\/\/www.franz-josef.cz\/wp-content\/uploads\/2026\/02\/bb-768x1081.jpg 768w, https:\/\/www.franz-josef.cz\/wp-content\/uploads\/2026\/02\/bb-1091x1536.jpg 1091w, https:\/\/www.franz-josef.cz\/wp-content\/uploads\/2026\/02\/bb-1455x2048.jpg 1455w, https:\/\/www.franz-josef.cz\/wp-content\/uploads\/2026\/02\/bb-9x12.jpg 9w, https:\/\/www.franz-josef.cz\/wp-content\/uploads\/2026\/02\/bb-scaled.jpg 1819w\" data-sizes=\"(max-width: 213px) 100vw, 213px\" src=\"data:image\/gif;base64,R0lGODlhAQABAAAAACH5BAEKAAEALAAAAAABAAEAAAICTAEAOw==\" style=\"--smush-placeholder-width: 213px; --smush-placeholder-aspect-ratio: 213\/300;\" \/><noscript><img loading=\"lazy\" decoding=\"async\" width=\"213\" height=\"300\" src=\"https:\/\/www.franz-josef.cz\/wp-content\/uploads\/2026\/02\/bb-213x300.jpg\" class=\"attachment-medium size-medium wp-image-58234\" alt=\"\" srcset=\"https:\/\/www.franz-josef.cz\/wp-content\/uploads\/2026\/02\/bb-213x300.jpg 213w, https:\/\/www.franz-josef.cz\/wp-content\/uploads\/2026\/02\/bb-727x1024.jpg 727w, https:\/\/www.franz-josef.cz\/wp-content\/uploads\/2026\/02\/bb-768x1081.jpg 768w, https:\/\/www.franz-josef.cz\/wp-content\/uploads\/2026\/02\/bb-1091x1536.jpg 1091w, https:\/\/www.franz-josef.cz\/wp-content\/uploads\/2026\/02\/bb-1455x2048.jpg 1455w, https:\/\/www.franz-josef.cz\/wp-content\/uploads\/2026\/02\/bb-9x12.jpg 9w, https:\/\/www.franz-josef.cz\/wp-content\/uploads\/2026\/02\/bb-scaled.jpg 1819w\" sizes=\"(max-width: 213px) 100vw, 213px\" \/><\/noscript>\n            <\/div>\n        <\/div><div class=\"eael-entry-wrapper\"><header class=\"eael-entry-header\"><h3 class=\"eael-entry-title\"><a class=\"eael-grid-post-link\" href=\"https:\/\/www.franz-josef.cz\/en\/2026\/02\/unikatni-nalez-navrh-kolku-merkur-zkusmy-tisk-1891-ve-dvojpasce-ciste-s-perfektnim-lepem-rrr\/\" title=\"Unik\u00e1tn\u00ed n\u00e1lez &#8211; n\u00e1vrh kolk\u016f Merkur &#8211; ZKUSM\u00dd TISK &#8211; 1891 16- ti blok  \/ \u010dist\u00e9 s perfektn\u00edm lepem  RRRR!!!\">Unique find \u2013 Merkur stamp design \u2013 TRIAL PRINT \u2013 1891 16-piece block \/ clean with perfect gum RRRR!!!<\/a><\/h3><\/header><div class=\"eael-entry-footer\"><div class=\"eael-entry-meta\"><span class=\"eael-posted-by\"><a href=\"https:\/\/www.franz-josef.cz\/en\/author\/frantav\/\" title=\"Posts by Franti\u0161ek V\u00e1clav\" rel=\"author\">Franti\u0161ek V\u00e1clav<\/a><\/span><span class=\"eael-posted-on\"><time datetime=\"4. February 2026\">4. February 2026<\/time><\/span><\/div><\/div><\/div><\/div>\n        <\/div>\n    <\/article><article class=\"eael-grid-post  eael-post-grid-column eael-pg-post-58061 category-uncategorized-sk\" data-id=\"58061\">\n        <div class=\"eael-grid-post-holder\">\n            <div class=\"eael-grid-post-holder-inner\"><div class=\"eael-entry-media\"><div class=\"eael-entry-overlay fade-in\"><i class=\"fas fa-plus\" aria-hidden=\"true\"><\/i><a href=\"https:\/\/www.franz-josef.cz\/en\/2025\/12\/dalsi-z-mimoradnych-objevu-kolky-bosna-hercegovina-r-provizozia-1945\/\"><\/a><\/div><div class=\"eael-entry-thumbnail eael-image-ratio\">\n                <img decoding=\"async\" width=\"300\" height=\"196\" data-src=\"https:\/\/www.franz-josef.cz\/wp-content\/uploads\/2025\/12\/272-1-300x196.jpg\" class=\"attachment-medium size-medium wp-image-58078 lazyload\" alt=\"\" data-srcset=\"https:\/\/www.franz-josef.cz\/wp-content\/uploads\/2025\/12\/272-1-300x196.jpg 300w, https:\/\/www.franz-josef.cz\/wp-content\/uploads\/2025\/12\/272-1-1024x669.jpg 1024w, https:\/\/www.franz-josef.cz\/wp-content\/uploads\/2025\/12\/272-1-768x501.jpg 768w, https:\/\/www.franz-josef.cz\/wp-content\/uploads\/2025\/12\/272-1-1536x1003.jpg 1536w, https:\/\/www.franz-josef.cz\/wp-content\/uploads\/2025\/12\/272-1-2048x1337.jpg 2048w, https:\/\/www.franz-josef.cz\/wp-content\/uploads\/2025\/12\/272-1-18x12.jpg 18w\" data-sizes=\"(max-width: 300px) 100vw, 300px\" src=\"data:image\/gif;base64,R0lGODlhAQABAAAAACH5BAEKAAEALAAAAAABAAEAAAICTAEAOw==\" style=\"--smush-placeholder-width: 300px; --smush-placeholder-aspect-ratio: 300\/196;\" \/><noscript><img loading=\"lazy\" decoding=\"async\" width=\"300\" height=\"196\" src=\"https:\/\/www.franz-josef.cz\/wp-content\/uploads\/2025\/12\/272-1-300x196.jpg\" class=\"attachment-medium size-medium wp-image-58078\" alt=\"\" srcset=\"https:\/\/www.franz-josef.cz\/wp-content\/uploads\/2025\/12\/272-1-300x196.jpg 300w, https:\/\/www.franz-josef.cz\/wp-content\/uploads\/2025\/12\/272-1-1024x669.jpg 1024w, https:\/\/www.franz-josef.cz\/wp-content\/uploads\/2025\/12\/272-1-768x501.jpg 768w, https:\/\/www.franz-josef.cz\/wp-content\/uploads\/2025\/12\/272-1-1536x1003.jpg 1536w, https:\/\/www.franz-josef.cz\/wp-content\/uploads\/2025\/12\/272-1-2048x1337.jpg 2048w, https:\/\/www.franz-josef.cz\/wp-content\/uploads\/2025\/12\/272-1-18x12.jpg 18w\" sizes=\"(max-width: 300px) 100vw, 300px\" \/><\/noscript>\n            <\/div>\n        <\/div><div class=\"eael-entry-wrapper\"><header class=\"eael-entry-header\"><h3 class=\"eael-entry-title\"><a class=\"eael-grid-post-link\" href=\"https:\/\/www.franz-josef.cz\/en\/2025\/12\/dalsi-z-mimoradnych-objevu-kolky-bosna-hercegovina-r-provizozia-1945\/\" title=\"Another extraordinary discovery of the Bosnia-Herzegovina stamp R!!! + provisozia 1945\">Another extraordinary discovery of the Bosnia-Herzegovina stamp R!!! + provisozia 1945<\/a><\/h3><\/header><div class=\"eael-entry-footer\"><div class=\"eael-entry-meta\"><span class=\"eael-posted-by\"><a href=\"https:\/\/www.franz-josef.cz\/en\/author\/frantav\/\" title=\"Posts by Franti\u0161ek V\u00e1clav\" rel=\"author\">Franti\u0161ek V\u00e1clav<\/a><\/span><span class=\"eael-posted-on\"><time datetime=\"24. December 2025\">24. December 2025<\/time><\/span><\/div><\/div><\/div><\/div>\n        <\/div>\n    <\/article><article class=\"eael-grid-post  eael-post-grid-column eael-pg-post-57132 category-uncategorized-sk\" data-id=\"57132\">\n        <div class=\"eael-grid-post-holder\">\n            <div class=\"eael-grid-post-holder-inner\"><div class=\"eael-entry-media\"><div class=\"eael-entry-overlay fade-in\"><i class=\"fas fa-plus\" aria-hidden=\"true\"><\/i><a href=\"https:\/\/www.franz-josef.cz\/en\/2025\/08\/beroun-hodinarsky-ucen-domovsky-list-vyucni-list-borivoj-jaros\/\"><\/a><\/div><div class=\"eael-entry-thumbnail eael-image-ratio\">\n                <img decoding=\"async\" width=\"300\" height=\"143\" data-src=\"https:\/\/www.franz-josef.cz\/wp-content\/uploads\/2025\/08\/357-3-300x143.jpg\" class=\"attachment-medium size-medium wp-image-57135 lazyload\" alt=\"\" data-srcset=\"https:\/\/www.franz-josef.cz\/wp-content\/uploads\/2025\/08\/357-3-300x143.jpg 300w, https:\/\/www.franz-josef.cz\/wp-content\/uploads\/2025\/08\/357-3-1024x489.jpg 1024w, https:\/\/www.franz-josef.cz\/wp-content\/uploads\/2025\/08\/357-3-768x367.jpg 768w, https:\/\/www.franz-josef.cz\/wp-content\/uploads\/2025\/08\/357-3-1536x733.jpg 1536w, https:\/\/www.franz-josef.cz\/wp-content\/uploads\/2025\/08\/357-3-2048x978.jpg 2048w, https:\/\/www.franz-josef.cz\/wp-content\/uploads\/2025\/08\/357-3-18x9.jpg 18w\" data-sizes=\"(max-width: 300px) 100vw, 300px\" src=\"data:image\/gif;base64,R0lGODlhAQABAAAAACH5BAEKAAEALAAAAAABAAEAAAICTAEAOw==\" style=\"--smush-placeholder-width: 300px; --smush-placeholder-aspect-ratio: 300\/143;\" \/><noscript><img loading=\"lazy\" decoding=\"async\" width=\"300\" height=\"143\" src=\"https:\/\/www.franz-josef.cz\/wp-content\/uploads\/2025\/08\/357-3-300x143.jpg\" class=\"attachment-medium size-medium wp-image-57135\" alt=\"\" srcset=\"https:\/\/www.franz-josef.cz\/wp-content\/uploads\/2025\/08\/357-3-300x143.jpg 300w, https:\/\/www.franz-josef.cz\/wp-content\/uploads\/2025\/08\/357-3-1024x489.jpg 1024w, https:\/\/www.franz-josef.cz\/wp-content\/uploads\/2025\/08\/357-3-768x367.jpg 768w, https:\/\/www.franz-josef.cz\/wp-content\/uploads\/2025\/08\/357-3-1536x733.jpg 1536w, https:\/\/www.franz-josef.cz\/wp-content\/uploads\/2025\/08\/357-3-2048x978.jpg 2048w, https:\/\/www.franz-josef.cz\/wp-content\/uploads\/2025\/08\/357-3-18x9.jpg 18w\" sizes=\"(max-width: 300px) 100vw, 300px\" \/><\/noscript>\n            <\/div>\n        <\/div><div class=\"eael-entry-wrapper\"><header class=\"eael-entry-header\"><h3 class=\"eael-entry-title\"><a class=\"eael-grid-post-link\" href=\"https:\/\/www.franz-josef.cz\/en\/2025\/08\/beroun-hodinarsky-ucen-domovsky-list-vyucni-list-borivoj-jaros\/\" title=\"Beroun- hodin\u00e1\u0159sk\u00fd u\u010de\u0148, domovsk\u00fd list + v\u00fdu\u010dn\u00ed list &#8211; Bo\u0159ivoj Jaro\u0161\">Beroun - watchmaker's apprentice, home certificate + apprenticeship certificate - Bo\u0159ivoj Jaro\u0161<\/a><\/h3><\/header><div class=\"eael-entry-footer\"><div class=\"eael-entry-meta\"><span class=\"eael-posted-by\"><a href=\"https:\/\/www.franz-josef.cz\/en\/author\/frantav\/\" title=\"Posts by Franti\u0161ek V\u00e1clav\" rel=\"author\">Franti\u0161ek V\u00e1clav<\/a><\/span><span class=\"eael-posted-on\"><time datetime=\"24. August 2025\">24. August 2025<\/time><\/span><\/div><\/div><\/div><\/div>\n        <\/div>\n    <\/article><article class=\"eael-grid-post  eael-post-grid-column eael-pg-post-56839 category-uncategorized-sk\" data-id=\"56839\">\n        <div class=\"eael-grid-post-holder\">\n            <div class=\"eael-grid-post-holder-inner\"><div class=\"eael-entry-media\"><div class=\"eael-entry-overlay fade-in\"><i class=\"fas fa-plus\" aria-hidden=\"true\"><\/i><a href=\"https:\/\/www.franz-josef.cz\/en\/2025\/06\/kolky-rarity\/\"><\/a><\/div><div class=\"eael-entry-thumbnail eael-image-ratio\">\n                <img decoding=\"async\" width=\"300\" height=\"179\" data-src=\"https:\/\/www.franz-josef.cz\/wp-content\/uploads\/2025\/06\/232-2-300x179.jpg\" class=\"attachment-medium size-medium wp-image-56844 lazyload\" alt=\"\" data-srcset=\"https:\/\/www.franz-josef.cz\/wp-content\/uploads\/2025\/06\/232-2-300x179.jpg 300w, https:\/\/www.franz-josef.cz\/wp-content\/uploads\/2025\/06\/232-2-1024x610.jpg 1024w, https:\/\/www.franz-josef.cz\/wp-content\/uploads\/2025\/06\/232-2-768x458.jpg 768w, https:\/\/www.franz-josef.cz\/wp-content\/uploads\/2025\/06\/232-2-18x12.jpg 18w, https:\/\/www.franz-josef.cz\/wp-content\/uploads\/2025\/06\/232-2.jpg 1032w\" data-sizes=\"(max-width: 300px) 100vw, 300px\" src=\"data:image\/gif;base64,R0lGODlhAQABAAAAACH5BAEKAAEALAAAAAABAAEAAAICTAEAOw==\" style=\"--smush-placeholder-width: 300px; --smush-placeholder-aspect-ratio: 300\/179;\" \/><noscript><img loading=\"lazy\" decoding=\"async\" width=\"300\" height=\"179\" src=\"https:\/\/www.franz-josef.cz\/wp-content\/uploads\/2025\/06\/232-2-300x179.jpg\" class=\"attachment-medium size-medium wp-image-56844\" alt=\"\" srcset=\"https:\/\/www.franz-josef.cz\/wp-content\/uploads\/2025\/06\/232-2-300x179.jpg 300w, https:\/\/www.franz-josef.cz\/wp-content\/uploads\/2025\/06\/232-2-1024x610.jpg 1024w, https:\/\/www.franz-josef.cz\/wp-content\/uploads\/2025\/06\/232-2-768x458.jpg 768w, https:\/\/www.franz-josef.cz\/wp-content\/uploads\/2025\/06\/232-2-18x12.jpg 18w, https:\/\/www.franz-josef.cz\/wp-content\/uploads\/2025\/06\/232-2.jpg 1032w\" sizes=\"(max-width: 300px) 100vw, 300px\" \/><\/noscript>\n            <\/div>\n        <\/div><div class=\"eael-entry-wrapper\"><header class=\"eael-entry-header\"><h3 class=\"eael-entry-title\"><a class=\"eael-grid-post-link\" href=\"https:\/\/www.franz-josef.cz\/en\/2025\/06\/kolky-rarity\/\" title=\"Kolky &#8211; rarity, cestovn\u00ed pas, ARCIBISKUP LEV Skrbensk\u00fd- dekrety\">Stamps \u2013 rarities, passport, ARCHBISHOP LEV Skrbensk\u00fd \u2013 decrees<\/a><\/h3><\/header><div class=\"eael-entry-footer\"><div class=\"eael-entry-meta\"><span class=\"eael-posted-by\"><a href=\"https:\/\/www.franz-josef.cz\/en\/author\/frantav\/\" title=\"Posts by Franti\u0161ek V\u00e1clav\" rel=\"author\">Franti\u0161ek V\u00e1clav<\/a><\/span><span class=\"eael-posted-on\"><time datetime=\"13. June 2025\">13. June 2025<\/time><\/span><\/div><\/div><\/div><\/div>\n        <\/div>\n    <\/article><article class=\"eael-grid-post  eael-post-grid-column eael-pg-post-56204 category-uncategorized-sk\" data-id=\"56204\">\n        <div class=\"eael-grid-post-holder\">\n            <div class=\"eael-grid-post-holder-inner\"><div class=\"eael-entry-media\"><div class=\"eael-entry-overlay fade-in\"><i class=\"fas fa-plus\" aria-hidden=\"true\"><\/i><a href=\"https:\/\/www.franz-josef.cz\/en\/2024\/12\/maxmilian-evzen-rakousky-2-x-hrnek-z-roku-1918-meteor-\u00a7-elbogen-wien-rr\/\"><\/a><\/div><div class=\"eael-entry-thumbnail eael-image-ratio\">\n                <img decoding=\"async\" width=\"300\" height=\"219\" data-src=\"https:\/\/www.franz-josef.cz\/wp-content\/uploads\/2024\/12\/1131-1-300x219.jpg\" class=\"attachment-medium size-medium wp-image-56205 lazyload\" alt=\"\" data-srcset=\"https:\/\/www.franz-josef.cz\/wp-content\/uploads\/2024\/12\/1131-1-300x219.jpg 300w, https:\/\/www.franz-josef.cz\/wp-content\/uploads\/2024\/12\/1131-1-1024x747.jpg 1024w, https:\/\/www.franz-josef.cz\/wp-content\/uploads\/2024\/12\/1131-1-768x560.jpg 768w, https:\/\/www.franz-josef.cz\/wp-content\/uploads\/2024\/12\/1131-1-1536x1120.jpg 1536w, https:\/\/www.franz-josef.cz\/wp-content\/uploads\/2024\/12\/1131-1-16x12.jpg 16w, https:\/\/www.franz-josef.cz\/wp-content\/uploads\/2024\/12\/1131-1.jpg 1998w\" data-sizes=\"(max-width: 300px) 100vw, 300px\" src=\"data:image\/gif;base64,R0lGODlhAQABAAAAACH5BAEKAAEALAAAAAABAAEAAAICTAEAOw==\" style=\"--smush-placeholder-width: 300px; --smush-placeholder-aspect-ratio: 300\/219;\" \/><noscript><img loading=\"lazy\" decoding=\"async\" width=\"300\" height=\"219\" src=\"https:\/\/www.franz-josef.cz\/wp-content\/uploads\/2024\/12\/1131-1-300x219.jpg\" class=\"attachment-medium size-medium wp-image-56205\" alt=\"\" srcset=\"https:\/\/www.franz-josef.cz\/wp-content\/uploads\/2024\/12\/1131-1-300x219.jpg 300w, https:\/\/www.franz-josef.cz\/wp-content\/uploads\/2024\/12\/1131-1-1024x747.jpg 1024w, https:\/\/www.franz-josef.cz\/wp-content\/uploads\/2024\/12\/1131-1-768x560.jpg 768w, https:\/\/www.franz-josef.cz\/wp-content\/uploads\/2024\/12\/1131-1-1536x1120.jpg 1536w, https:\/\/www.franz-josef.cz\/wp-content\/uploads\/2024\/12\/1131-1-16x12.jpg 16w, https:\/\/www.franz-josef.cz\/wp-content\/uploads\/2024\/12\/1131-1.jpg 1998w\" sizes=\"(max-width: 300px) 100vw, 300px\" \/><\/noscript>\n            <\/div>\n        <\/div><div class=\"eael-entry-wrapper\"><header class=\"eael-entry-header\"><h3 class=\"eael-entry-title\"><a class=\"eael-grid-post-link\" href=\"https:\/\/www.franz-josef.cz\/en\/2024\/12\/maxmilian-evzen-rakousky-2-x-hrnek-z-roku-1918-meteor-\u00a7-elbogen-wien-rr\/\" title=\"Maximilian Eugene of Austria \u2013 2 x mug from 1918 \/ Meteor \u00a7 Elbogen \u2013 VIENNA \u2013 RR!!\">Maximilian Eugene of Austria \u2013 2 x mug from 1918 \/ Meteor \u00a7 Elbogen \u2013 VIENNA \u2013 RR!!<\/a><\/h3><\/header><div class=\"eael-entry-footer\"><div class=\"eael-entry-meta\"><span class=\"eael-posted-by\"><a href=\"https:\/\/www.franz-josef.cz\/en\/author\/frantav\/\" title=\"Posts by Franti\u0161ek V\u00e1clav\" rel=\"author\">Franti\u0161ek V\u00e1clav<\/a><\/span><span class=\"eael-posted-on\"><time datetime=\"17. December 2024\">17. December 2024<\/time><\/span><\/div><\/div><\/div><\/div>\n        <\/div>\n    <\/article><article class=\"eael-grid-post  eael-post-grid-column eael-pg-post-56127 category-uncategorized-sk\" data-id=\"56127\">\n        <div class=\"eael-grid-post-holder\">\n            <div class=\"eael-grid-post-holder-inner\"><div class=\"eael-entry-media\"><div class=\"eael-entry-overlay fade-in\"><i class=\"fas fa-plus\" aria-hidden=\"true\"><\/i><a href=\"https:\/\/www.franz-josef.cz\/en\/2024\/11\/novy-prirustek-do-musea-fji-feldbinda-pro-generala-rakouske-armady-mimoradny-stav-rrr\/\"><\/a><\/div><div class=\"eael-entry-thumbnail eael-image-ratio\">\n                <img decoding=\"async\" width=\"225\" height=\"300\" data-src=\"https:\/\/www.franz-josef.cz\/wp-content\/uploads\/2024\/11\/1882-5-225x300.jpg\" class=\"attachment-medium size-medium wp-image-56132 lazyload\" alt=\"\" data-srcset=\"https:\/\/www.franz-josef.cz\/wp-content\/uploads\/2024\/11\/1882-5-225x300.jpg 225w, https:\/\/www.franz-josef.cz\/wp-content\/uploads\/2024\/11\/1882-5-768x1024.jpg 768w, https:\/\/www.franz-josef.cz\/wp-content\/uploads\/2024\/11\/1882-5-1152x1536.jpg 1152w, https:\/\/www.franz-josef.cz\/wp-content\/uploads\/2024\/11\/1882-5-1536x2048.jpg 1536w, https:\/\/www.franz-josef.cz\/wp-content\/uploads\/2024\/11\/1882-5-9x12.jpg 9w, https:\/\/www.franz-josef.cz\/wp-content\/uploads\/2024\/11\/1882-5-scaled.jpg 1920w\" data-sizes=\"(max-width: 225px) 100vw, 225px\" src=\"data:image\/gif;base64,R0lGODlhAQABAAAAACH5BAEKAAEALAAAAAABAAEAAAICTAEAOw==\" style=\"--smush-placeholder-width: 225px; --smush-placeholder-aspect-ratio: 225\/300;\" \/><noscript><img loading=\"lazy\" decoding=\"async\" width=\"225\" height=\"300\" src=\"https:\/\/www.franz-josef.cz\/wp-content\/uploads\/2024\/11\/1882-5-225x300.jpg\" class=\"attachment-medium size-medium wp-image-56132\" alt=\"\" srcset=\"https:\/\/www.franz-josef.cz\/wp-content\/uploads\/2024\/11\/1882-5-225x300.jpg 225w, https:\/\/www.franz-josef.cz\/wp-content\/uploads\/2024\/11\/1882-5-768x1024.jpg 768w, https:\/\/www.franz-josef.cz\/wp-content\/uploads\/2024\/11\/1882-5-1152x1536.jpg 1152w, https:\/\/www.franz-josef.cz\/wp-content\/uploads\/2024\/11\/1882-5-1536x2048.jpg 1536w, https:\/\/www.franz-josef.cz\/wp-content\/uploads\/2024\/11\/1882-5-9x12.jpg 9w, https:\/\/www.franz-josef.cz\/wp-content\/uploads\/2024\/11\/1882-5-scaled.jpg 1920w\" sizes=\"(max-width: 225px) 100vw, 225px\" \/><\/noscript>\n            <\/div>\n        <\/div><div class=\"eael-entry-wrapper\"><header class=\"eael-entry-header\"><h3 class=\"eael-entry-title\"><a class=\"eael-grid-post-link\" href=\"https:\/\/www.franz-josef.cz\/en\/2024\/11\/novy-prirustek-do-musea-fji-feldbinda-pro-generala-rakouske-armady-mimoradny-stav-rrr\/\" title=\"Nov\u00fd p\u0159\u00edr\u016fstek do Musea FJI. &#8211; FELDBINDA- pro gener\u00e1la rakousk\u00e9 arm\u00e1dy, mimo\u0159\u00e1dn\u00fd stav RRR!!\">New addition to the FJI Museum. \u2013 FELDBINDA- for a general of the Austrian army, extraordinary state of RRR!!<\/a><\/h3><\/header><div class=\"eael-entry-footer\"><div class=\"eael-entry-meta\"><span class=\"eael-posted-by\"><a href=\"https:\/\/www.franz-josef.cz\/en\/author\/frantav\/\" title=\"Posts by Franti\u0161ek V\u00e1clav\" rel=\"author\">Franti\u0161ek V\u00e1clav<\/a><\/span><span class=\"eael-posted-on\"><time datetime=\"14. November 2024\">14. November 2024<\/time><\/span><\/div><\/div><\/div><\/div>\n        <\/div>\n    <\/article><article class=\"eael-grid-post  eael-post-grid-column eael-pg-post-56037 category-uncategorized-sk\" data-id=\"56037\">\n        <div class=\"eael-grid-post-holder\">\n            <div class=\"eael-grid-post-holder-inner\"><div class=\"eael-entry-media\"><div class=\"eael-entry-overlay fade-in\"><i class=\"fas fa-plus\" aria-hidden=\"true\"><\/i><a href=\"https:\/\/www.franz-josef.cz\/en\/2024\/11\/korunovace-na-uherskeho-krale-a-kralovnu-unikatni-knihu-ziskalo-do-sve-expozice-museum-frantiska-josefa-i-zatim-neni-znama-druha-podobna-rrr\/\"><\/a><\/div><div class=\"eael-entry-thumbnail eael-image-ratio\">\n                <img decoding=\"async\" width=\"222\" height=\"300\" data-src=\"https:\/\/www.franz-josef.cz\/wp-content\/uploads\/2024\/11\/4696-1-222x300.jpg\" class=\"attachment-medium size-medium wp-image-56008 lazyload\" alt=\"\" data-srcset=\"https:\/\/www.franz-josef.cz\/wp-content\/uploads\/2024\/11\/4696-1-222x300.jpg 222w, https:\/\/www.franz-josef.cz\/wp-content\/uploads\/2024\/11\/4696-1-756x1024.jpg 756w, https:\/\/www.franz-josef.cz\/wp-content\/uploads\/2024\/11\/4696-1-768x1040.jpg 768w, https:\/\/www.franz-josef.cz\/wp-content\/uploads\/2024\/11\/4696-1-1135x1536.jpg 1135w, https:\/\/www.franz-josef.cz\/wp-content\/uploads\/2024\/11\/4696-1-1513x2048.jpg 1513w, https:\/\/www.franz-josef.cz\/wp-content\/uploads\/2024\/11\/4696-1-9x12.jpg 9w, https:\/\/www.franz-josef.cz\/wp-content\/uploads\/2024\/11\/4696-1-scaled.jpg 1891w\" data-sizes=\"(max-width: 222px) 100vw, 222px\" src=\"data:image\/gif;base64,R0lGODlhAQABAAAAACH5BAEKAAEALAAAAAABAAEAAAICTAEAOw==\" style=\"--smush-placeholder-width: 222px; --smush-placeholder-aspect-ratio: 222\/300;\" \/><noscript><img loading=\"lazy\" decoding=\"async\" width=\"222\" height=\"300\" src=\"https:\/\/www.franz-josef.cz\/wp-content\/uploads\/2024\/11\/4696-1-222x300.jpg\" class=\"attachment-medium size-medium wp-image-56008\" alt=\"\" srcset=\"https:\/\/www.franz-josef.cz\/wp-content\/uploads\/2024\/11\/4696-1-222x300.jpg 222w, https:\/\/www.franz-josef.cz\/wp-content\/uploads\/2024\/11\/4696-1-756x1024.jpg 756w, https:\/\/www.franz-josef.cz\/wp-content\/uploads\/2024\/11\/4696-1-768x1040.jpg 768w, https:\/\/www.franz-josef.cz\/wp-content\/uploads\/2024\/11\/4696-1-1135x1536.jpg 1135w, https:\/\/www.franz-josef.cz\/wp-content\/uploads\/2024\/11\/4696-1-1513x2048.jpg 1513w, https:\/\/www.franz-josef.cz\/wp-content\/uploads\/2024\/11\/4696-1-9x12.jpg 9w, https:\/\/www.franz-josef.cz\/wp-content\/uploads\/2024\/11\/4696-1-scaled.jpg 1891w\" sizes=\"(max-width: 222px) 100vw, 222px\" \/><\/noscript>\n            <\/div>\n        <\/div><div class=\"eael-entry-wrapper\"><header class=\"eael-entry-header\"><h3 class=\"eael-entry-title\"><a class=\"eael-grid-post-link\" href=\"https:\/\/www.franz-josef.cz\/en\/2024\/11\/korunovace-na-uherskeho-krale-a-kralovnu-unikatni-knihu-ziskalo-do-sve-expozice-museum-frantiska-josefa-i-zatim-neni-znama-druha-podobna-rrr\/\" title=\"Korunovace  na Uhersk\u00e9ho kr\u00e1le a kr\u00e1lovnu- unik\u00e1tn\u00ed knihu z\u00edskalo do sv\u00e9 expozice Museum  Franti\u0161ka Josefa I. . Rozm\u011br  55 cm x 40  cm &#8211; RR!!\">Coronation of the King and Queen of Hungary - a unique book was acquired by the Franz Joseph I Museum for its exhibition. Dimensions 55 cm x 40 cm - RR!!<\/a><\/h3><\/header><div class=\"eael-entry-footer\"><div class=\"eael-entry-meta\"><span class=\"eael-posted-by\"><a href=\"https:\/\/www.franz-josef.cz\/en\/author\/frantav\/\" title=\"Posts by Franti\u0161ek V\u00e1clav\" rel=\"author\">Franti\u0161ek V\u00e1clav<\/a><\/span><span class=\"eael-posted-on\"><time datetime=\"12. November 2024\">12. November 2024<\/time><\/span><\/div><\/div><\/div><\/div>\n        <\/div>\n    <\/article><article class=\"eael-grid-post  eael-post-grid-column eael-pg-post-55986 category-uncategorized-sk\" data-id=\"55986\">\n        <div class=\"eael-grid-post-holder\">\n            <div class=\"eael-grid-post-holder-inner\"><div class=\"eael-entry-media\"><div class=\"eael-entry-overlay fade-in\"><i class=\"fas fa-plus\" aria-hidden=\"true\"><\/i><a href=\"https:\/\/www.franz-josef.cz\/en\/2024\/10\/cisarovna-alzbeta-bad-ischl\/\"><\/a><\/div><div class=\"eael-entry-thumbnail eael-image-ratio\">\n                <img decoding=\"async\" width=\"217\" height=\"300\" data-src=\"https:\/\/www.franz-josef.cz\/wp-content\/uploads\/2024\/10\/SISI-SOCHA-FB-217x300.jpg\" class=\"attachment-medium size-medium wp-image-55991 lazyload\" alt=\"\" data-srcset=\"https:\/\/www.franz-josef.cz\/wp-content\/uploads\/2024\/10\/SISI-SOCHA-FB-217x300.jpg 217w, https:\/\/www.franz-josef.cz\/wp-content\/uploads\/2024\/10\/SISI-SOCHA-FB-9x12.jpg 9w, https:\/\/www.franz-josef.cz\/wp-content\/uploads\/2024\/10\/SISI-SOCHA-FB.jpg 485w\" data-sizes=\"(max-width: 217px) 100vw, 217px\" src=\"data:image\/gif;base64,R0lGODlhAQABAAAAACH5BAEKAAEALAAAAAABAAEAAAICTAEAOw==\" style=\"--smush-placeholder-width: 217px; --smush-placeholder-aspect-ratio: 217\/300;\" \/><noscript><img loading=\"lazy\" decoding=\"async\" width=\"217\" height=\"300\" src=\"https:\/\/www.franz-josef.cz\/wp-content\/uploads\/2024\/10\/SISI-SOCHA-FB-217x300.jpg\" class=\"attachment-medium size-medium wp-image-55991\" alt=\"\" srcset=\"https:\/\/www.franz-josef.cz\/wp-content\/uploads\/2024\/10\/SISI-SOCHA-FB-217x300.jpg 217w, https:\/\/www.franz-josef.cz\/wp-content\/uploads\/2024\/10\/SISI-SOCHA-FB-9x12.jpg 9w, https:\/\/www.franz-josef.cz\/wp-content\/uploads\/2024\/10\/SISI-SOCHA-FB.jpg 485w\" sizes=\"(max-width: 217px) 100vw, 217px\" \/><\/noscript>\n            <\/div>\n        <\/div><div class=\"eael-entry-wrapper\"><header class=\"eael-entry-header\"><h3 class=\"eael-entry-title\"><a class=\"eael-grid-post-link\" href=\"https:\/\/www.franz-josef.cz\/en\/2024\/10\/cisarovna-alzbeta-bad-ischl\/\" title=\"EMPRESS ELIZABETH BAD ISCHL\">EMPRESS ELIZABETH BAD ISCHL<\/a><\/h3><\/header><div class=\"eael-entry-footer\"><div class=\"eael-entry-meta\"><span class=\"eael-posted-by\"><a href=\"https:\/\/www.franz-josef.cz\/en\/author\/jiridanek\/\" title=\"Posts by Ji\u0159\u00ed Dan\u011bk\" rel=\"author\">Ji\u0159\u00ed Dan\u011bk<\/a><\/span><span class=\"eael-posted-on\"><time datetime=\"13. October 2024\">13. October 2024<\/time><\/span><\/div><\/div><\/div><\/div>\n        <\/div>\n    <\/article><article class=\"eael-grid-post  eael-post-grid-column eael-pg-post-55862 category-uncategorized-sk\" data-id=\"55862\">\n        <div class=\"eael-grid-post-holder\">\n            <div class=\"eael-grid-post-holder-inner\"><div class=\"eael-entry-media\"><div class=\"eael-entry-overlay fade-in\"><i class=\"fas fa-plus\" aria-hidden=\"true\"><\/i><a href=\"https:\/\/www.franz-josef.cz\/en\/2024\/09\/mimoradne-foto-cisar-na-umrtnim-lozi-prvni-snimek-rrr-20-cm-x-26-cm\/\"><\/a><\/div><div class=\"eael-entry-thumbnail eael-image-ratio\">\n                <img decoding=\"async\" width=\"293\" height=\"300\" data-src=\"https:\/\/www.franz-josef.cz\/wp-content\/uploads\/2024\/09\/102-1-293x300.jpg\" class=\"attachment-medium size-medium wp-image-55863 lazyload\" alt=\"\" data-srcset=\"https:\/\/www.franz-josef.cz\/wp-content\/uploads\/2024\/09\/102-1-293x300.jpg 293w, https:\/\/www.franz-josef.cz\/wp-content\/uploads\/2024\/09\/102-1-1001x1024.jpg 1001w, https:\/\/www.franz-josef.cz\/wp-content\/uploads\/2024\/09\/102-1-768x786.jpg 768w, https:\/\/www.franz-josef.cz\/wp-content\/uploads\/2024\/09\/102-1-1501x1536.jpg 1501w, https:\/\/www.franz-josef.cz\/wp-content\/uploads\/2024\/09\/102-1-12x12.jpg 12w\" data-sizes=\"(max-width: 293px) 100vw, 293px\" src=\"data:image\/gif;base64,R0lGODlhAQABAAAAACH5BAEKAAEALAAAAAABAAEAAAICTAEAOw==\" style=\"--smush-placeholder-width: 293px; --smush-placeholder-aspect-ratio: 293\/300;\" \/><noscript><img loading=\"lazy\" decoding=\"async\" width=\"293\" height=\"300\" src=\"https:\/\/www.franz-josef.cz\/wp-content\/uploads\/2024\/09\/102-1-293x300.jpg\" class=\"attachment-medium size-medium wp-image-55863\" alt=\"\" srcset=\"https:\/\/www.franz-josef.cz\/wp-content\/uploads\/2024\/09\/102-1-293x300.jpg 293w, https:\/\/www.franz-josef.cz\/wp-content\/uploads\/2024\/09\/102-1-1001x1024.jpg 1001w, https:\/\/www.franz-josef.cz\/wp-content\/uploads\/2024\/09\/102-1-768x786.jpg 768w, https:\/\/www.franz-josef.cz\/wp-content\/uploads\/2024\/09\/102-1-1501x1536.jpg 1501w, https:\/\/www.franz-josef.cz\/wp-content\/uploads\/2024\/09\/102-1-12x12.jpg 12w\" sizes=\"(max-width: 293px) 100vw, 293px\" \/><\/noscript>\n            <\/div>\n        <\/div><div class=\"eael-entry-wrapper\"><header class=\"eael-entry-header\"><h3 class=\"eael-entry-title\"><a class=\"eael-grid-post-link\" href=\"https:\/\/www.franz-josef.cz\/en\/2024\/09\/mimoradne-foto-cisar-na-umrtnim-lozi-prvni-snimek-rrr-20-cm-x-26-cm\/\" title=\"Extraordinary photo - the emperor in a coffin \/ the first picture of RRR!! 20 cm x 26 cm\">Extraordinary photo - the emperor in a coffin \/ the first picture of RRR!! 20 cm x 26 cm<\/a><\/h3><\/header><div class=\"eael-entry-footer\"><div class=\"eael-entry-meta\"><span class=\"eael-posted-by\"><a href=\"https:\/\/www.franz-josef.cz\/en\/author\/frantav\/\" title=\"Posts by Franti\u0161ek V\u00e1clav\" rel=\"author\">Franti\u0161ek V\u00e1clav<\/a><\/span><span class=\"eael-posted-on\"><time datetime=\"9. September 2024\">9. September 2024<\/time><\/span><\/div><\/div><\/div><\/div>\n        <\/div>\n    <\/article><article class=\"eael-grid-post  eael-post-grid-column eael-pg-post-55849 category-uncategorized-sk\" data-id=\"55849\">\n        <div class=\"eael-grid-post-holder\">\n            <div class=\"eael-grid-post-holder-inner\"><div class=\"eael-entry-media\"><div class=\"eael-entry-overlay fade-in\"><i class=\"fas fa-plus\" aria-hidden=\"true\"><\/i><a href=\"https:\/\/www.franz-josef.cz\/en\/2024\/08\/chvile-klidu-dragouni-a-frantisek-josef-i-rok-cca-1852\/\"><\/a><\/div><div class=\"eael-entry-thumbnail eael-image-ratio\">\n                <img decoding=\"async\" width=\"300\" height=\"217\" data-src=\"https:\/\/www.franz-josef.cz\/wp-content\/uploads\/2024\/08\/899-21-300x217.jpg\" class=\"attachment-medium size-medium wp-image-55860 lazyload\" alt=\"\" data-srcset=\"https:\/\/www.franz-josef.cz\/wp-content\/uploads\/2024\/08\/899-21-300x217.jpg 300w, https:\/\/www.franz-josef.cz\/wp-content\/uploads\/2024\/08\/899-21-1024x742.jpg 1024w, https:\/\/www.franz-josef.cz\/wp-content\/uploads\/2024\/08\/899-21-768x557.jpg 768w, https:\/\/www.franz-josef.cz\/wp-content\/uploads\/2024\/08\/899-21-1536x1113.jpg 1536w, https:\/\/www.franz-josef.cz\/wp-content\/uploads\/2024\/08\/899-21-18x12.jpg 18w, https:\/\/www.franz-josef.cz\/wp-content\/uploads\/2024\/08\/899-21.jpg 1741w\" data-sizes=\"(max-width: 300px) 100vw, 300px\" src=\"data:image\/gif;base64,R0lGODlhAQABAAAAACH5BAEKAAEALAAAAAABAAEAAAICTAEAOw==\" style=\"--smush-placeholder-width: 300px; --smush-placeholder-aspect-ratio: 300\/217;\" \/><noscript><img loading=\"lazy\" decoding=\"async\" width=\"300\" height=\"217\" src=\"https:\/\/www.franz-josef.cz\/wp-content\/uploads\/2024\/08\/899-21-300x217.jpg\" class=\"attachment-medium size-medium wp-image-55860\" alt=\"\" srcset=\"https:\/\/www.franz-josef.cz\/wp-content\/uploads\/2024\/08\/899-21-300x217.jpg 300w, https:\/\/www.franz-josef.cz\/wp-content\/uploads\/2024\/08\/899-21-1024x742.jpg 1024w, https:\/\/www.franz-josef.cz\/wp-content\/uploads\/2024\/08\/899-21-768x557.jpg 768w, https:\/\/www.franz-josef.cz\/wp-content\/uploads\/2024\/08\/899-21-1536x1113.jpg 1536w, https:\/\/www.franz-josef.cz\/wp-content\/uploads\/2024\/08\/899-21-18x12.jpg 18w, https:\/\/www.franz-josef.cz\/wp-content\/uploads\/2024\/08\/899-21.jpg 1741w\" sizes=\"(max-width: 300px) 100vw, 300px\" \/><\/noscript>\n            <\/div>\n        <\/div><div class=\"eael-entry-wrapper\"><header class=\"eael-entry-header\"><h3 class=\"eael-entry-title\"><a class=\"eael-grid-post-link\" href=\"https:\/\/www.franz-josef.cz\/en\/2024\/08\/chvile-klidu-dragouni-a-frantisek-josef-i-rok-cca-1852\/\" title=\"Carl Goebel &#8211; Chv\u00edle klidu- odpo\u010d\u00edvaj\u00edc\u00ed dragouni a Franti\u0161ek Josef I. ? &#8211; rok cca 1859 ?\">Carl Goebel - A moment of calm - resting dragoons and Francis Joseph I. ? - year approx. 1859?<\/a><\/h3><\/header><div class=\"eael-entry-footer\"><div class=\"eael-entry-meta\"><span class=\"eael-posted-by\"><a href=\"https:\/\/www.franz-josef.cz\/en\/author\/frantav\/\" title=\"Posts by Franti\u0161ek V\u00e1clav\" rel=\"author\">Franti\u0161ek V\u00e1clav<\/a><\/span><span class=\"eael-posted-on\"><time datetime=\"20. August 2024\">20. August 2024<\/time><\/span><\/div><\/div><\/div><\/div>\n        <\/div>\n    <\/article><article class=\"eael-grid-post  eael-post-grid-column eael-pg-post-55806 category-uncategorized-sk\" data-id=\"55806\">\n        <div class=\"eael-grid-post-holder\">\n            <div class=\"eael-grid-post-holder-inner\"><div class=\"eael-entry-media\"><div class=\"eael-entry-overlay fade-in\"><i class=\"fas fa-plus\" aria-hidden=\"true\"><\/i><a href=\"https:\/\/www.franz-josef.cz\/en\/2024\/08\/tri-mimoradne-nove-prirustky-do-musea-busta-fji-elisabeth-a-rubinovy-pohar-brousene-postavy-cisare-a-cisarovny-rrr\/\"><\/a><\/div><div class=\"eael-entry-thumbnail eael-image-ratio\">\n                <img decoding=\"async\" width=\"181\" height=\"300\" data-src=\"https:\/\/www.franz-josef.cz\/wp-content\/uploads\/2024\/08\/632-181x300.jpg\" class=\"attachment-medium size-medium wp-image-55816 lazyload\" alt=\"\" data-srcset=\"https:\/\/www.franz-josef.cz\/wp-content\/uploads\/2024\/08\/632-181x300.jpg 181w, https:\/\/www.franz-josef.cz\/wp-content\/uploads\/2024\/08\/632-616x1024.jpg 616w, https:\/\/www.franz-josef.cz\/wp-content\/uploads\/2024\/08\/632-768x1276.jpg 768w, https:\/\/www.franz-josef.cz\/wp-content\/uploads\/2024\/08\/632-924x1536.jpg 924w, https:\/\/www.franz-josef.cz\/wp-content\/uploads\/2024\/08\/632-1232x2048.jpg 1232w, https:\/\/www.franz-josef.cz\/wp-content\/uploads\/2024\/08\/632-7x12.jpg 7w, https:\/\/www.franz-josef.cz\/wp-content\/uploads\/2024\/08\/632-scaled.jpg 1541w\" data-sizes=\"(max-width: 181px) 100vw, 181px\" src=\"data:image\/gif;base64,R0lGODlhAQABAAAAACH5BAEKAAEALAAAAAABAAEAAAICTAEAOw==\" style=\"--smush-placeholder-width: 181px; --smush-placeholder-aspect-ratio: 181\/300;\" \/><noscript><img loading=\"lazy\" decoding=\"async\" width=\"181\" height=\"300\" src=\"https:\/\/www.franz-josef.cz\/wp-content\/uploads\/2024\/08\/632-181x300.jpg\" class=\"attachment-medium size-medium wp-image-55816\" alt=\"\" srcset=\"https:\/\/www.franz-josef.cz\/wp-content\/uploads\/2024\/08\/632-181x300.jpg 181w, https:\/\/www.franz-josef.cz\/wp-content\/uploads\/2024\/08\/632-616x1024.jpg 616w, https:\/\/www.franz-josef.cz\/wp-content\/uploads\/2024\/08\/632-768x1276.jpg 768w, https:\/\/www.franz-josef.cz\/wp-content\/uploads\/2024\/08\/632-924x1536.jpg 924w, https:\/\/www.franz-josef.cz\/wp-content\/uploads\/2024\/08\/632-1232x2048.jpg 1232w, https:\/\/www.franz-josef.cz\/wp-content\/uploads\/2024\/08\/632-7x12.jpg 7w, https:\/\/www.franz-josef.cz\/wp-content\/uploads\/2024\/08\/632-scaled.jpg 1541w\" sizes=\"(max-width: 181px) 100vw, 181px\" \/><\/noscript>\n            <\/div>\n        <\/div><div class=\"eael-entry-wrapper\"><header class=\"eael-entry-header\"><h3 class=\"eael-entry-title\"><a class=\"eael-grid-post-link\" href=\"https:\/\/www.franz-josef.cz\/en\/2024\/08\/tri-mimoradne-nove-prirustky-do-musea-busta-fji-elisabeth-a-rubinovy-pohar-brousene-postavy-cisare-a-cisarovny-rrr\/\" title=\"T\u0159i  mimo\u0159\u00e1dn\u00e9 nov\u00e9 p\u0159\u00edr\u016fstky do musea- busta FJI , Elisabeth a rub\u00ednov\u00fd poh\u00e1r  &#8211; brou\u0161en\u00e9 postavy c\u00edsa\u0159e a c\u00edsa\u0159ovny &#8211; RRR!!!\">Three extraordinary new additions to the museum - the bust of FJI, Elisabeth and the ruby \u200b\u200bcup - cut figures of the emperor and empress - RRR!!!<\/a><\/h3><\/header><div class=\"eael-entry-footer\"><div class=\"eael-entry-meta\"><span class=\"eael-posted-by\"><a href=\"https:\/\/www.franz-josef.cz\/en\/author\/frantav\/\" title=\"Posts by Franti\u0161ek V\u00e1clav\" rel=\"author\">Franti\u0161ek V\u00e1clav<\/a><\/span><span class=\"eael-posted-on\"><time datetime=\"15. August 2024\">15. August 2024<\/time><\/span><\/div><\/div><\/div><\/div>\n        <\/div>\n    <\/article><article class=\"eael-grid-post  eael-post-grid-column eael-pg-post-55797 category-uncategorized-sk\" data-id=\"55797\">\n        <div class=\"eael-grid-post-holder\">\n            <div class=\"eael-grid-post-holder-inner\"><div class=\"eael-entry-media\"><div class=\"eael-entry-overlay fade-in\"><i class=\"fas fa-plus\" aria-hidden=\"true\"><\/i><a href=\"https:\/\/www.franz-josef.cz\/en\/2024\/08\/umrti-korunniho-prince-rudolfa-novy-prirustek-do-musea\/\"><\/a><\/div><div class=\"eael-entry-thumbnail eael-image-ratio\">\n                <img decoding=\"async\" width=\"277\" height=\"300\" data-src=\"https:\/\/www.franz-josef.cz\/wp-content\/uploads\/2024\/08\/898-277x300.jpg\" class=\"attachment-medium size-medium wp-image-55798 lazyload\" alt=\"\" data-srcset=\"https:\/\/www.franz-josef.cz\/wp-content\/uploads\/2024\/08\/898-277x300.jpg 277w, https:\/\/www.franz-josef.cz\/wp-content\/uploads\/2024\/08\/898-945x1024.jpg 945w, https:\/\/www.franz-josef.cz\/wp-content\/uploads\/2024\/08\/898-768x832.jpg 768w, https:\/\/www.franz-josef.cz\/wp-content\/uploads\/2024\/08\/898-1418x1536.jpg 1418w, https:\/\/www.franz-josef.cz\/wp-content\/uploads\/2024\/08\/898-1891x2048.jpg 1891w, https:\/\/www.franz-josef.cz\/wp-content\/uploads\/2024\/08\/898-11x12.jpg 11w\" data-sizes=\"(max-width: 277px) 100vw, 277px\" src=\"data:image\/gif;base64,R0lGODlhAQABAAAAACH5BAEKAAEALAAAAAABAAEAAAICTAEAOw==\" style=\"--smush-placeholder-width: 277px; --smush-placeholder-aspect-ratio: 277\/300;\" \/><noscript><img loading=\"lazy\" decoding=\"async\" width=\"277\" height=\"300\" src=\"https:\/\/www.franz-josef.cz\/wp-content\/uploads\/2024\/08\/898-277x300.jpg\" class=\"attachment-medium size-medium wp-image-55798\" alt=\"\" srcset=\"https:\/\/www.franz-josef.cz\/wp-content\/uploads\/2024\/08\/898-277x300.jpg 277w, https:\/\/www.franz-josef.cz\/wp-content\/uploads\/2024\/08\/898-945x1024.jpg 945w, https:\/\/www.franz-josef.cz\/wp-content\/uploads\/2024\/08\/898-768x832.jpg 768w, https:\/\/www.franz-josef.cz\/wp-content\/uploads\/2024\/08\/898-1418x1536.jpg 1418w, https:\/\/www.franz-josef.cz\/wp-content\/uploads\/2024\/08\/898-1891x2048.jpg 1891w, https:\/\/www.franz-josef.cz\/wp-content\/uploads\/2024\/08\/898-11x12.jpg 11w\" sizes=\"(max-width: 277px) 100vw, 277px\" \/><\/noscript>\n            <\/div>\n        <\/div><div class=\"eael-entry-wrapper\"><header class=\"eael-entry-header\"><h3 class=\"eael-entry-title\"><a class=\"eael-grid-post-link\" href=\"https:\/\/www.franz-josef.cz\/en\/2024\/08\/umrti-korunniho-prince-rudolfa-novy-prirustek-do-musea\/\" title=\"Death of Crown Prince Rudolf - 30 January 1889, Mayerling, Austria \/ new addition to the museum\">Death of Crown Prince Rudolf - 30 January 1889, Mayerling, Austria \/ new addition to the museum<\/a><\/h3><\/header><div class=\"eael-entry-footer\"><div class=\"eael-entry-meta\"><span class=\"eael-posted-by\"><a href=\"https:\/\/www.franz-josef.cz\/en\/author\/frantav\/\" title=\"Posts by Franti\u0161ek V\u00e1clav\" rel=\"author\">Franti\u0161ek V\u00e1clav<\/a><\/span><span class=\"eael-posted-on\"><time datetime=\"15. August 2024\">15. August 2024<\/time><\/span><\/div><\/div><\/div><\/div>\n        <\/div>\n    <\/article><article class=\"eael-grid-post  eael-post-grid-column eael-pg-post-54223 category-uncategorized-sk\" data-id=\"54223\">\n        <div class=\"eael-grid-post-holder\">\n            <div class=\"eael-grid-post-holder-inner\"><div class=\"eael-entry-media\"><div class=\"eael-entry-overlay fade-in\"><i class=\"fas fa-plus\" aria-hidden=\"true\"><\/i><a href=\"https:\/\/www.franz-josef.cz\/en\/2024\/04\/otevreno-nove-muzeum-frantiska-josefa-i-v-nepomuku\/\"><\/a><\/div><div class=\"eael-entry-thumbnail eael-image-ratio\">\n                <img decoding=\"async\" width=\"246\" height=\"300\" data-src=\"https:\/\/www.franz-josef.cz\/wp-content\/uploads\/2024\/04\/186-246x300.jpg\" class=\"attachment-medium size-medium wp-image-54225 lazyload\" alt=\"\" data-srcset=\"https:\/\/www.franz-josef.cz\/wp-content\/uploads\/2024\/04\/186-246x300.jpg 246w, https:\/\/www.franz-josef.cz\/wp-content\/uploads\/2024\/04\/186-840x1024.jpg 840w, https:\/\/www.franz-josef.cz\/wp-content\/uploads\/2024\/04\/186-768x937.jpg 768w, https:\/\/www.franz-josef.cz\/wp-content\/uploads\/2024\/04\/186-1259x1536.jpg 1259w, https:\/\/www.franz-josef.cz\/wp-content\/uploads\/2024\/04\/186-1679x2048.jpg 1679w, https:\/\/www.franz-josef.cz\/wp-content\/uploads\/2024\/04\/186-10x12.jpg 10w, https:\/\/www.franz-josef.cz\/wp-content\/uploads\/2024\/04\/186.jpg 1917w\" data-sizes=\"(max-width: 246px) 100vw, 246px\" src=\"data:image\/gif;base64,R0lGODlhAQABAAAAACH5BAEKAAEALAAAAAABAAEAAAICTAEAOw==\" style=\"--smush-placeholder-width: 246px; --smush-placeholder-aspect-ratio: 246\/300;\" \/><noscript><img loading=\"lazy\" decoding=\"async\" width=\"246\" height=\"300\" src=\"https:\/\/www.franz-josef.cz\/wp-content\/uploads\/2024\/04\/186-246x300.jpg\" class=\"attachment-medium size-medium wp-image-54225\" alt=\"\" srcset=\"https:\/\/www.franz-josef.cz\/wp-content\/uploads\/2024\/04\/186-246x300.jpg 246w, https:\/\/www.franz-josef.cz\/wp-content\/uploads\/2024\/04\/186-840x1024.jpg 840w, https:\/\/www.franz-josef.cz\/wp-content\/uploads\/2024\/04\/186-768x937.jpg 768w, https:\/\/www.franz-josef.cz\/wp-content\/uploads\/2024\/04\/186-1259x1536.jpg 1259w, https:\/\/www.franz-josef.cz\/wp-content\/uploads\/2024\/04\/186-1679x2048.jpg 1679w, https:\/\/www.franz-josef.cz\/wp-content\/uploads\/2024\/04\/186-10x12.jpg 10w, https:\/\/www.franz-josef.cz\/wp-content\/uploads\/2024\/04\/186.jpg 1917w\" sizes=\"(max-width: 246px) 100vw, 246px\" \/><\/noscript>\n            <\/div>\n        <\/div><div class=\"eael-entry-wrapper\"><header class=\"eael-entry-header\"><h3 class=\"eael-entry-title\"><a class=\"eael-grid-post-link\" href=\"https:\/\/www.franz-josef.cz\/en\/2024\/04\/otevreno-nove-muzeum-frantiska-josefa-i-v-nepomuku\/\" title=\"Otev\u0159eno nov\u00e9 muzeum Franti\u0161ka Josefa I. v NEPOMUKU- Video:  www.youtube.com\/watch?v=KeWI8aSnP1w&amp;list=PL0-9E8zuki9JQilj0RrSC0GDLrEUwBhOd&amp;index=3&amp;t=10s\">New Franz Joseph I Museum opened in NEPOMUK - Video: www.youtube.com\/watch?v=KeWI8aSnP1w&amp;list=PL0-9E8zuki9JQilj0RrSC0GDLrEUwBhOd&amp;index=3&amp;t=10s<\/a><\/h3><\/header><div class=\"eael-entry-footer\"><div class=\"eael-entry-meta\"><span class=\"eael-posted-by\"><a href=\"https:\/\/www.franz-josef.cz\/en\/author\/frantav\/\" title=\"Posts by Franti\u0161ek V\u00e1clav\" rel=\"author\">Franti\u0161ek V\u00e1clav<\/a><\/span><span class=\"eael-posted-on\"><time datetime=\"10. April 2024\">10. April 2024<\/time><\/span><\/div><\/div><\/div><\/div>\n        <\/div>\n    <\/article><article class=\"eael-grid-post  eael-post-grid-column eael-pg-post-53825 category-uncategorized-sk\" data-id=\"53825\">\n        <div class=\"eael-grid-post-holder\">\n            <div class=\"eael-grid-post-holder-inner\"><div class=\"eael-entry-media\"><div class=\"eael-entry-overlay fade-in\"><i class=\"fas fa-plus\" aria-hidden=\"true\"><\/i><a href=\"https:\/\/www.franz-josef.cz\/en\/2024\/01\/80-let-od-popravy-vaclava-brozika-nacisty-v-katovne-v-drazdanech-14-2-1944\/\"><\/a><\/div><div class=\"eael-entry-thumbnail eael-image-ratio\">\n                <img decoding=\"async\" width=\"236\" height=\"300\" data-src=\"https:\/\/www.franz-josef.cz\/wp-content\/uploads\/2024\/01\/245-236x300.jpg\" class=\"attachment-medium size-medium wp-image-53826 lazyload\" alt=\"\" data-srcset=\"https:\/\/www.franz-josef.cz\/wp-content\/uploads\/2024\/01\/245-236x300.jpg 236w, https:\/\/www.franz-josef.cz\/wp-content\/uploads\/2024\/01\/245-805x1024.jpg 805w, https:\/\/www.franz-josef.cz\/wp-content\/uploads\/2024\/01\/245-768x977.jpg 768w, https:\/\/www.franz-josef.cz\/wp-content\/uploads\/2024\/01\/245-1207x1536.jpg 1207w, https:\/\/www.franz-josef.cz\/wp-content\/uploads\/2024\/01\/245-9x12.jpg 9w\" data-sizes=\"(max-width: 236px) 100vw, 236px\" src=\"data:image\/gif;base64,R0lGODlhAQABAAAAACH5BAEKAAEALAAAAAABAAEAAAICTAEAOw==\" style=\"--smush-placeholder-width: 236px; --smush-placeholder-aspect-ratio: 236\/300;\" \/><noscript><img loading=\"lazy\" decoding=\"async\" width=\"236\" height=\"300\" src=\"https:\/\/www.franz-josef.cz\/wp-content\/uploads\/2024\/01\/245-236x300.jpg\" class=\"attachment-medium size-medium wp-image-53826\" alt=\"\" srcset=\"https:\/\/www.franz-josef.cz\/wp-content\/uploads\/2024\/01\/245-236x300.jpg 236w, https:\/\/www.franz-josef.cz\/wp-content\/uploads\/2024\/01\/245-805x1024.jpg 805w, https:\/\/www.franz-josef.cz\/wp-content\/uploads\/2024\/01\/245-768x977.jpg 768w, https:\/\/www.franz-josef.cz\/wp-content\/uploads\/2024\/01\/245-1207x1536.jpg 1207w, https:\/\/www.franz-josef.cz\/wp-content\/uploads\/2024\/01\/245-9x12.jpg 9w\" sizes=\"(max-width: 236px) 100vw, 236px\" \/><\/noscript>\n            <\/div>\n        <\/div><div class=\"eael-entry-wrapper\"><header class=\"eael-entry-header\"><h3 class=\"eael-entry-title\"><a class=\"eael-grid-post-link\" href=\"https:\/\/www.franz-josef.cz\/en\/2024\/01\/80-let-od-popravy-vaclava-brozika-nacisty-v-katovne-v-drazdanech-14-2-1944\/\" title=\"80 let od popravy V\u00e1clava Bro\u017e\u00edka nacisty v katovn\u011b v Dr\u00e1\u017e\u010fanech &#8211; 14.2. 1944\">80 years since the execution of V\u00e1clav Bro\u017e\u00edk by the Nazis in the Dresden execution chamber \u2013 February 14, 1944<\/a><\/h3><\/header><div class=\"eael-entry-footer\"><div class=\"eael-entry-meta\"><span class=\"eael-posted-by\"><a href=\"https:\/\/www.franz-josef.cz\/en\/author\/frantav\/\" title=\"Posts by Franti\u0161ek V\u00e1clav\" rel=\"author\">Franti\u0161ek V\u00e1clav<\/a><\/span><span class=\"eael-posted-on\"><time datetime=\"24. January 2024\">24. January 2024<\/time><\/span><\/div><\/div><\/div><\/div>\n        <\/div>\n    <\/article><article class=\"eael-grid-post  eael-post-grid-column eael-pg-post-53519 category-uncategorized-sk\" data-id=\"53519\">\n        <div class=\"eael-grid-post-holder\">\n            <div class=\"eael-grid-post-holder-inner\"><div class=\"eael-entry-media\"><div class=\"eael-entry-overlay fade-in\"><i class=\"fas fa-plus\" aria-hidden=\"true\"><\/i><a href=\"https:\/\/www.franz-josef.cz\/en\/2023\/12\/hostka-u-steti-busta-cisare-fji\/\"><\/a><\/div><div class=\"eael-entry-thumbnail eael-image-ratio\">\n                <img decoding=\"async\" width=\"254\" height=\"300\" data-src=\"https:\/\/www.franz-josef.cz\/wp-content\/uploads\/2023\/12\/danekhostka_5597ret-254x300.jpg\" class=\"attachment-medium size-medium wp-image-53521 lazyload\" alt=\"\" data-srcset=\"https:\/\/www.franz-josef.cz\/wp-content\/uploads\/2023\/12\/danekhostka_5597ret-254x300.jpg 254w, https:\/\/www.franz-josef.cz\/wp-content\/uploads\/2023\/12\/danekhostka_5597ret-866x1024.jpg 866w, https:\/\/www.franz-josef.cz\/wp-content\/uploads\/2023\/12\/danekhostka_5597ret-768x908.jpg 768w, https:\/\/www.franz-josef.cz\/wp-content\/uploads\/2023\/12\/danekhostka_5597ret-1299x1536.jpg 1299w, https:\/\/www.franz-josef.cz\/wp-content\/uploads\/2023\/12\/danekhostka_5597ret-1732x2048.jpg 1732w, https:\/\/www.franz-josef.cz\/wp-content\/uploads\/2023\/12\/danekhostka_5597ret-10x12.jpg 10w\" data-sizes=\"(max-width: 254px) 100vw, 254px\" src=\"data:image\/gif;base64,R0lGODlhAQABAAAAACH5BAEKAAEALAAAAAABAAEAAAICTAEAOw==\" style=\"--smush-placeholder-width: 254px; --smush-placeholder-aspect-ratio: 254\/300;\" \/><noscript><img loading=\"lazy\" decoding=\"async\" width=\"254\" height=\"300\" src=\"https:\/\/www.franz-josef.cz\/wp-content\/uploads\/2023\/12\/danekhostka_5597ret-254x300.jpg\" class=\"attachment-medium size-medium wp-image-53521\" alt=\"\" srcset=\"https:\/\/www.franz-josef.cz\/wp-content\/uploads\/2023\/12\/danekhostka_5597ret-254x300.jpg 254w, https:\/\/www.franz-josef.cz\/wp-content\/uploads\/2023\/12\/danekhostka_5597ret-866x1024.jpg 866w, https:\/\/www.franz-josef.cz\/wp-content\/uploads\/2023\/12\/danekhostka_5597ret-768x908.jpg 768w, https:\/\/www.franz-josef.cz\/wp-content\/uploads\/2023\/12\/danekhostka_5597ret-1299x1536.jpg 1299w, https:\/\/www.franz-josef.cz\/wp-content\/uploads\/2023\/12\/danekhostka_5597ret-1732x2048.jpg 1732w, https:\/\/www.franz-josef.cz\/wp-content\/uploads\/2023\/12\/danekhostka_5597ret-10x12.jpg 10w\" sizes=\"(max-width: 254px) 100vw, 254px\" \/><\/noscript>\n            <\/div>\n        <\/div><div class=\"eael-entry-wrapper\"><header class=\"eael-entry-header\"><h3 class=\"eael-entry-title\"><a class=\"eael-grid-post-link\" href=\"https:\/\/www.franz-josef.cz\/en\/2023\/12\/hostka-u-steti-busta-cisare-fji\/\" title=\"HO\u0160TKA NEAR \u0160T\u011aT\u00cd, BUST OF EMPEROR FJI\">HO\u0160TKA NEAR \u0160T\u011aT\u00cd, BUST OF EMPEROR FJI<\/a><\/h3><\/header><div class=\"eael-entry-footer\"><div class=\"eael-entry-meta\"><span class=\"eael-posted-by\"><a href=\"https:\/\/www.franz-josef.cz\/en\/author\/jiridanek\/\" title=\"Posts by Ji\u0159\u00ed Dan\u011bk\" rel=\"author\">Ji\u0159\u00ed Dan\u011bk<\/a><\/span><span class=\"eael-posted-on\"><time datetime=\"21. December 2023\">21. December 2023<\/time><\/span><\/div><\/div><\/div><\/div>\n        <\/div>\n    <\/article><article class=\"eael-grid-post  eael-post-grid-column eael-pg-post-53488 category-uncategorized-sk\" data-id=\"53488\">\n        <div class=\"eael-grid-post-holder\">\n            <div class=\"eael-grid-post-holder-inner\"><div class=\"eael-entry-media\"><div class=\"eael-entry-overlay fade-in\"><i class=\"fas fa-plus\" aria-hidden=\"true\"><\/i><a href=\"https:\/\/www.franz-josef.cz\/en\/2023\/12\/des-fours-walderode-dekret-podpis-cisar-karel\/\"><\/a><\/div><div class=\"eael-entry-thumbnail eael-image-ratio\">\n                <img decoding=\"async\" width=\"300\" height=\"225\" data-src=\"https:\/\/www.franz-josef.cz\/wp-content\/uploads\/2023\/12\/923-300x225.jpg\" class=\"attachment-medium size-medium wp-image-53510 lazyload\" alt=\"\" data-srcset=\"https:\/\/www.franz-josef.cz\/wp-content\/uploads\/2023\/12\/923-300x225.jpg 300w, https:\/\/www.franz-josef.cz\/wp-content\/uploads\/2023\/12\/923-1024x769.jpg 1024w, https:\/\/www.franz-josef.cz\/wp-content\/uploads\/2023\/12\/923-768x577.jpg 768w, https:\/\/www.franz-josef.cz\/wp-content\/uploads\/2023\/12\/923-1536x1153.jpg 1536w, https:\/\/www.franz-josef.cz\/wp-content\/uploads\/2023\/12\/923-2048x1538.jpg 2048w, https:\/\/www.franz-josef.cz\/wp-content\/uploads\/2023\/12\/923-16x12.jpg 16w\" data-sizes=\"(max-width: 300px) 100vw, 300px\" src=\"data:image\/gif;base64,R0lGODlhAQABAAAAACH5BAEKAAEALAAAAAABAAEAAAICTAEAOw==\" style=\"--smush-placeholder-width: 300px; --smush-placeholder-aspect-ratio: 300\/225;\" \/><noscript><img loading=\"lazy\" decoding=\"async\" width=\"300\" height=\"225\" src=\"https:\/\/www.franz-josef.cz\/wp-content\/uploads\/2023\/12\/923-300x225.jpg\" class=\"attachment-medium size-medium wp-image-53510\" alt=\"\" srcset=\"https:\/\/www.franz-josef.cz\/wp-content\/uploads\/2023\/12\/923-300x225.jpg 300w, https:\/\/www.franz-josef.cz\/wp-content\/uploads\/2023\/12\/923-1024x769.jpg 1024w, https:\/\/www.franz-josef.cz\/wp-content\/uploads\/2023\/12\/923-768x577.jpg 768w, https:\/\/www.franz-josef.cz\/wp-content\/uploads\/2023\/12\/923-1536x1153.jpg 1536w, https:\/\/www.franz-josef.cz\/wp-content\/uploads\/2023\/12\/923-2048x1538.jpg 2048w, https:\/\/www.franz-josef.cz\/wp-content\/uploads\/2023\/12\/923-16x12.jpg 16w\" sizes=\"(max-width: 300px) 100vw, 300px\" \/><\/noscript>\n            <\/div>\n        <\/div><div class=\"eael-entry-wrapper\"><header class=\"eael-entry-header\"><h3 class=\"eael-entry-title\"><a class=\"eael-grid-post-link\" href=\"https:\/\/www.franz-josef.cz\/en\/2023\/12\/des-fours-walderode-dekret-podpis-cisar-karel\/\" title=\"Des Fours- Walderode\/ decree, signature- Emperor Charles\">Des Fours- Walderode\/ decree, signature- Emperor Charles<\/a><\/h3><\/header><div class=\"eael-entry-footer\"><div class=\"eael-entry-meta\"><span class=\"eael-posted-by\"><a href=\"https:\/\/www.franz-josef.cz\/en\/author\/frantav\/\" title=\"Posts by Franti\u0161ek V\u00e1clav\" rel=\"author\">Franti\u0161ek V\u00e1clav<\/a><\/span><span class=\"eael-posted-on\"><time datetime=\"19. December 2023\">19. December 2023<\/time><\/span><\/div><\/div><\/div><\/div>\n        <\/div>\n    <\/article><article class=\"eael-grid-post  eael-post-grid-column eael-pg-post-53482 category-uncategorized-sk\" data-id=\"53482\">\n        <div class=\"eael-grid-post-holder\">\n            <div class=\"eael-grid-post-holder-inner\"><div class=\"eael-entry-media\"><div class=\"eael-entry-overlay fade-in\"><i class=\"fas fa-plus\" aria-hidden=\"true\"><\/i><a href=\"https:\/\/www.franz-josef.cz\/en\/2023\/12\/franz-ferdinand-frantisek-ferdinand-deste-skleneny-negativ-1-hodina-pred-atentatem\/\"><\/a><\/div><div class=\"eael-entry-thumbnail eael-image-ratio\">\n                <img decoding=\"async\" width=\"300\" height=\"287\" data-src=\"https:\/\/www.franz-josef.cz\/wp-content\/uploads\/2023\/12\/428-300x287.jpg\" class=\"attachment-medium size-medium wp-image-53483 lazyload\" alt=\"\" data-srcset=\"https:\/\/www.franz-josef.cz\/wp-content\/uploads\/2023\/12\/428-300x287.jpg 300w, https:\/\/www.franz-josef.cz\/wp-content\/uploads\/2023\/12\/428-1024x978.jpg 1024w, https:\/\/www.franz-josef.cz\/wp-content\/uploads\/2023\/12\/428-768x734.jpg 768w, https:\/\/www.franz-josef.cz\/wp-content\/uploads\/2023\/12\/428-1536x1468.jpg 1536w, https:\/\/www.franz-josef.cz\/wp-content\/uploads\/2023\/12\/428-2048x1957.jpg 2048w, https:\/\/www.franz-josef.cz\/wp-content\/uploads\/2023\/12\/428-13x12.jpg 13w\" data-sizes=\"(max-width: 300px) 100vw, 300px\" src=\"data:image\/gif;base64,R0lGODlhAQABAAAAACH5BAEKAAEALAAAAAABAAEAAAICTAEAOw==\" style=\"--smush-placeholder-width: 300px; --smush-placeholder-aspect-ratio: 300\/287;\" \/><noscript><img loading=\"lazy\" decoding=\"async\" width=\"300\" height=\"287\" src=\"https:\/\/www.franz-josef.cz\/wp-content\/uploads\/2023\/12\/428-300x287.jpg\" class=\"attachment-medium size-medium wp-image-53483\" alt=\"\" srcset=\"https:\/\/www.franz-josef.cz\/wp-content\/uploads\/2023\/12\/428-300x287.jpg 300w, https:\/\/www.franz-josef.cz\/wp-content\/uploads\/2023\/12\/428-1024x978.jpg 1024w, https:\/\/www.franz-josef.cz\/wp-content\/uploads\/2023\/12\/428-768x734.jpg 768w, https:\/\/www.franz-josef.cz\/wp-content\/uploads\/2023\/12\/428-1536x1468.jpg 1536w, https:\/\/www.franz-josef.cz\/wp-content\/uploads\/2023\/12\/428-2048x1957.jpg 2048w, https:\/\/www.franz-josef.cz\/wp-content\/uploads\/2023\/12\/428-13x12.jpg 13w\" sizes=\"(max-width: 300px) 100vw, 300px\" \/><\/noscript>\n            <\/div>\n        <\/div><div class=\"eael-entry-wrapper\"><header class=\"eael-entry-header\"><h3 class=\"eael-entry-title\"><a class=\"eael-grid-post-link\" href=\"https:\/\/www.franz-josef.cz\/en\/2023\/12\/franz-ferdinand-frantisek-ferdinand-deste-skleneny-negativ-1-hodina-pred-atentatem\/\" title=\"Franz Ferdinand (Franti\u0161ek Ferdinand d&#039;Este) glass negative - 1 hour before the assassination in SARAJEVO\">Franz Ferdinand (Franti\u0161ek Ferdinand d'Este) glass negative - 1 hour before the assassination in SARAJEVO<\/a><\/h3><\/header><div class=\"eael-entry-footer\"><div class=\"eael-entry-meta\"><span class=\"eael-posted-by\"><a href=\"https:\/\/www.franz-josef.cz\/en\/author\/frantav\/\" title=\"Posts by Franti\u0161ek V\u00e1clav\" rel=\"author\">Franti\u0161ek V\u00e1clav<\/a><\/span><span class=\"eael-posted-on\"><time datetime=\"18. December 2023\">18. December 2023<\/time><\/span><\/div><\/div><\/div><\/div>\n        <\/div>\n    <\/article><article class=\"eael-grid-post  eael-post-grid-column eael-pg-post-53476 category-uncategorized-sk\" data-id=\"53476\">\n        <div class=\"eael-grid-post-holder\">\n            <div class=\"eael-grid-post-holder-inner\"><div class=\"eael-entry-media\"><div class=\"eael-entry-overlay fade-in\"><i class=\"fas fa-plus\" aria-hidden=\"true\"><\/i><a href=\"https:\/\/www.franz-josef.cz\/en\/2023\/12\/cisar-karel-i-umrtni-sklenene-foto\/\"><\/a><\/div><div class=\"eael-entry-thumbnail eael-image-ratio\">\n                <img decoding=\"async\" width=\"300\" height=\"292\" data-src=\"https:\/\/www.franz-josef.cz\/wp-content\/uploads\/2023\/12\/67-300x292.jpg\" class=\"attachment-medium size-medium wp-image-53475 lazyload\" alt=\"\" data-srcset=\"https:\/\/www.franz-josef.cz\/wp-content\/uploads\/2023\/12\/67-300x292.jpg 300w, https:\/\/www.franz-josef.cz\/wp-content\/uploads\/2023\/12\/67-1024x996.jpg 1024w, https:\/\/www.franz-josef.cz\/wp-content\/uploads\/2023\/12\/67-768x747.jpg 768w, https:\/\/www.franz-josef.cz\/wp-content\/uploads\/2023\/12\/67-1536x1495.jpg 1536w, https:\/\/www.franz-josef.cz\/wp-content\/uploads\/2023\/12\/67-12x12.jpg 12w, https:\/\/www.franz-josef.cz\/wp-content\/uploads\/2023\/12\/67.jpg 1706w\" data-sizes=\"(max-width: 300px) 100vw, 300px\" src=\"data:image\/gif;base64,R0lGODlhAQABAAAAACH5BAEKAAEALAAAAAABAAEAAAICTAEAOw==\" style=\"--smush-placeholder-width: 300px; --smush-placeholder-aspect-ratio: 300\/292;\" \/><noscript><img loading=\"lazy\" decoding=\"async\" width=\"300\" height=\"292\" src=\"https:\/\/www.franz-josef.cz\/wp-content\/uploads\/2023\/12\/67-300x292.jpg\" class=\"attachment-medium size-medium wp-image-53475\" alt=\"\" srcset=\"https:\/\/www.franz-josef.cz\/wp-content\/uploads\/2023\/12\/67-300x292.jpg 300w, https:\/\/www.franz-josef.cz\/wp-content\/uploads\/2023\/12\/67-1024x996.jpg 1024w, https:\/\/www.franz-josef.cz\/wp-content\/uploads\/2023\/12\/67-768x747.jpg 768w, https:\/\/www.franz-josef.cz\/wp-content\/uploads\/2023\/12\/67-1536x1495.jpg 1536w, https:\/\/www.franz-josef.cz\/wp-content\/uploads\/2023\/12\/67-12x12.jpg 12w, https:\/\/www.franz-josef.cz\/wp-content\/uploads\/2023\/12\/67.jpg 1706w\" sizes=\"(max-width: 300px) 100vw, 300px\" \/><\/noscript>\n            <\/div>\n        <\/div><div class=\"eael-entry-wrapper\"><header class=\"eael-entry-header\"><h3 class=\"eael-entry-title\"><a class=\"eael-grid-post-link\" href=\"https:\/\/www.franz-josef.cz\/en\/2023\/12\/cisar-karel-i-umrtni-sklenene-foto\/\" title=\"Emperor Charles I - death glass photo\">Emperor Charles I - death glass photo<\/a><\/h3><\/header><div class=\"eael-entry-footer\"><div class=\"eael-entry-meta\"><span class=\"eael-posted-by\"><a href=\"https:\/\/www.franz-josef.cz\/en\/author\/frantav\/\" title=\"Posts by Franti\u0161ek V\u00e1clav\" rel=\"author\">Franti\u0161ek V\u00e1clav<\/a><\/span><span class=\"eael-posted-on\"><time datetime=\"13. December 2023\">13. December 2023<\/time><\/span><\/div><\/div><\/div><\/div>\n        <\/div>\n    <\/article><article class=\"eael-grid-post  eael-post-grid-column eael-pg-post-53450 category-uncategorized-sk\" data-id=\"53450\">\n        <div class=\"eael-grid-post-holder\">\n            <div class=\"eael-grid-post-holder-inner\"><div class=\"eael-entry-media\"><div class=\"eael-entry-overlay fade-in\"><i class=\"fas fa-plus\" aria-hidden=\"true\"><\/i><a href=\"https:\/\/www.franz-josef.cz\/en\/2023\/12\/ruska-carevna-pri-odhaleni-pomniku-elisabeth\/\"><\/a><\/div><div class=\"eael-entry-thumbnail eael-image-ratio\">\n                <img decoding=\"async\" width=\"300\" height=\"289\" data-src=\"https:\/\/www.franz-josef.cz\/wp-content\/uploads\/2023\/12\/579-300x289.jpg\" class=\"attachment-medium size-medium wp-image-53451 lazyload\" alt=\"\" data-srcset=\"https:\/\/www.franz-josef.cz\/wp-content\/uploads\/2023\/12\/579-300x289.jpg 300w, https:\/\/www.franz-josef.cz\/wp-content\/uploads\/2023\/12\/579-12x12.jpg 12w, https:\/\/www.franz-josef.cz\/wp-content\/uploads\/2023\/12\/579.jpg 701w\" data-sizes=\"(max-width: 300px) 100vw, 300px\" src=\"data:image\/gif;base64,R0lGODlhAQABAAAAACH5BAEKAAEALAAAAAABAAEAAAICTAEAOw==\" style=\"--smush-placeholder-width: 300px; --smush-placeholder-aspect-ratio: 300\/289;\" \/><noscript><img loading=\"lazy\" decoding=\"async\" width=\"300\" height=\"289\" src=\"https:\/\/www.franz-josef.cz\/wp-content\/uploads\/2023\/12\/579-300x289.jpg\" class=\"attachment-medium size-medium wp-image-53451\" alt=\"\" srcset=\"https:\/\/www.franz-josef.cz\/wp-content\/uploads\/2023\/12\/579-300x289.jpg 300w, https:\/\/www.franz-josef.cz\/wp-content\/uploads\/2023\/12\/579-12x12.jpg 12w, https:\/\/www.franz-josef.cz\/wp-content\/uploads\/2023\/12\/579.jpg 701w\" sizes=\"(max-width: 300px) 100vw, 300px\" \/><\/noscript>\n            <\/div>\n        <\/div><div class=\"eael-entry-wrapper\"><header class=\"eael-entry-header\"><h3 class=\"eael-entry-title\"><a class=\"eael-grid-post-link\" href=\"https:\/\/www.franz-josef.cz\/en\/2023\/12\/ruska-carevna-pri-odhaleni-pomniku-elisabeth\/\" title=\"The Empress of Russia at the unveiling of the monument to Elisabeth\">The Empress of Russia at the unveiling of the monument to Elisabeth<\/a><\/h3><\/header><div class=\"eael-entry-footer\"><div class=\"eael-entry-meta\"><span class=\"eael-posted-by\"><a href=\"https:\/\/www.franz-josef.cz\/en\/author\/frantav\/\" title=\"Posts by Franti\u0161ek V\u00e1clav\" rel=\"author\">Franti\u0161ek V\u00e1clav<\/a><\/span><span class=\"eael-posted-on\"><time datetime=\"5. December 2023\">5. December 2023<\/time><\/span><\/div><\/div><\/div><\/div>\n        <\/div>\n    <\/article><article class=\"eael-grid-post  eael-post-grid-column eael-pg-post-53339 category-uncategorized-sk\" data-id=\"53339\">\n        <div class=\"eael-grid-post-holder\">\n            <div class=\"eael-grid-post-holder-inner\"><div class=\"eael-entry-media\"><div class=\"eael-entry-overlay fade-in\"><i class=\"fas fa-plus\" aria-hidden=\"true\"><\/i><a href=\"https:\/\/www.franz-josef.cz\/en\/2023\/11\/graf-zeppelin-deskova-fota-mimoradnosti-rr\/\"><\/a><\/div><div class=\"eael-entry-thumbnail eael-image-ratio\">\n                <img decoding=\"async\" width=\"300\" height=\"225\" data-src=\"https:\/\/www.franz-josef.cz\/wp-content\/uploads\/2023\/11\/s-l1600-6-300x225.jpg\" class=\"attachment-medium size-medium wp-image-53345 lazyload\" alt=\"\" data-srcset=\"https:\/\/www.franz-josef.cz\/wp-content\/uploads\/2023\/11\/s-l1600-6-300x225.jpg 300w, https:\/\/www.franz-josef.cz\/wp-content\/uploads\/2023\/11\/s-l1600-6-1024x768.jpg 1024w, https:\/\/www.franz-josef.cz\/wp-content\/uploads\/2023\/11\/s-l1600-6-768x576.jpg 768w, https:\/\/www.franz-josef.cz\/wp-content\/uploads\/2023\/11\/s-l1600-6-1536x1152.jpg 1536w, https:\/\/www.franz-josef.cz\/wp-content\/uploads\/2023\/11\/s-l1600-6-16x12.jpg 16w, https:\/\/www.franz-josef.cz\/wp-content\/uploads\/2023\/11\/s-l1600-6.jpg 1600w\" data-sizes=\"(max-width: 300px) 100vw, 300px\" src=\"data:image\/gif;base64,R0lGODlhAQABAAAAACH5BAEKAAEALAAAAAABAAEAAAICTAEAOw==\" style=\"--smush-placeholder-width: 300px; --smush-placeholder-aspect-ratio: 300\/225;\" \/><noscript><img loading=\"lazy\" decoding=\"async\" width=\"300\" height=\"225\" src=\"https:\/\/www.franz-josef.cz\/wp-content\/uploads\/2023\/11\/s-l1600-6-300x225.jpg\" class=\"attachment-medium size-medium wp-image-53345\" alt=\"\" srcset=\"https:\/\/www.franz-josef.cz\/wp-content\/uploads\/2023\/11\/s-l1600-6-300x225.jpg 300w, https:\/\/www.franz-josef.cz\/wp-content\/uploads\/2023\/11\/s-l1600-6-1024x768.jpg 1024w, https:\/\/www.franz-josef.cz\/wp-content\/uploads\/2023\/11\/s-l1600-6-768x576.jpg 768w, https:\/\/www.franz-josef.cz\/wp-content\/uploads\/2023\/11\/s-l1600-6-1536x1152.jpg 1536w, https:\/\/www.franz-josef.cz\/wp-content\/uploads\/2023\/11\/s-l1600-6-16x12.jpg 16w, https:\/\/www.franz-josef.cz\/wp-content\/uploads\/2023\/11\/s-l1600-6.jpg 1600w\" sizes=\"(max-width: 300px) 100vw, 300px\" \/><\/noscript>\n            <\/div>\n        <\/div><div class=\"eael-entry-wrapper\"><header class=\"eael-entry-header\"><h3 class=\"eael-entry-title\"><a class=\"eael-grid-post-link\" href=\"https:\/\/www.franz-josef.cz\/en\/2023\/11\/graf-zeppelin-deskova-fota-mimoradnosti-rr\/\" title=\"Graf Zeppelin - plate photo, RR specials!!\">Graf Zeppelin - plate photo, RR specials!!<\/a><\/h3><\/header><div class=\"eael-entry-footer\"><div class=\"eael-entry-meta\"><span class=\"eael-posted-by\"><a href=\"https:\/\/www.franz-josef.cz\/en\/author\/frantav\/\" title=\"Posts by Franti\u0161ek V\u00e1clav\" rel=\"author\">Franti\u0161ek V\u00e1clav<\/a><\/span><span class=\"eael-posted-on\"><time datetime=\"25. November 2023\">25. November 2023<\/time><\/span><\/div><\/div><\/div><\/div>\n        <\/div>\n    <\/article><article class=\"eael-grid-post  eael-post-grid-column eael-pg-post-53335 category-uncategorized-sk\" data-id=\"53335\">\n        <div class=\"eael-grid-post-holder\">\n            <div class=\"eael-grid-post-holder-inner\"><div class=\"eael-entry-media\"><div class=\"eael-entry-overlay fade-in\"><i class=\"fas fa-plus\" aria-hidden=\"true\"><\/i><a href=\"https:\/\/www.franz-josef.cz\/en\/2023\/11\/museum-ziskalo-dalsi-raritu-sklenenou-desku-ze-ktere-se-vyrabely-zname-fotografie\/\"><\/a><\/div><div class=\"eael-entry-thumbnail eael-image-ratio\">\n                <img decoding=\"async\" width=\"290\" height=\"300\" data-src=\"https:\/\/www.franz-josef.cz\/wp-content\/uploads\/2023\/11\/s-l1600-290x300.jpg\" class=\"attachment-medium size-medium wp-image-53336 lazyload\" alt=\"\" data-srcset=\"https:\/\/www.franz-josef.cz\/wp-content\/uploads\/2023\/11\/s-l1600-290x300.jpg 290w, https:\/\/www.franz-josef.cz\/wp-content\/uploads\/2023\/11\/s-l1600-989x1024.jpg 989w, https:\/\/www.franz-josef.cz\/wp-content\/uploads\/2023\/11\/s-l1600-768x795.jpg 768w, https:\/\/www.franz-josef.cz\/wp-content\/uploads\/2023\/11\/s-l1600-12x12.jpg 12w, https:\/\/www.franz-josef.cz\/wp-content\/uploads\/2023\/11\/s-l1600.jpg 1483w\" data-sizes=\"(max-width: 290px) 100vw, 290px\" src=\"data:image\/gif;base64,R0lGODlhAQABAAAAACH5BAEKAAEALAAAAAABAAEAAAICTAEAOw==\" style=\"--smush-placeholder-width: 290px; --smush-placeholder-aspect-ratio: 290\/300;\" \/><noscript><img loading=\"lazy\" decoding=\"async\" width=\"290\" height=\"300\" src=\"https:\/\/www.franz-josef.cz\/wp-content\/uploads\/2023\/11\/s-l1600-290x300.jpg\" class=\"attachment-medium size-medium wp-image-53336\" alt=\"\" srcset=\"https:\/\/www.franz-josef.cz\/wp-content\/uploads\/2023\/11\/s-l1600-290x300.jpg 290w, https:\/\/www.franz-josef.cz\/wp-content\/uploads\/2023\/11\/s-l1600-989x1024.jpg 989w, https:\/\/www.franz-josef.cz\/wp-content\/uploads\/2023\/11\/s-l1600-768x795.jpg 768w, https:\/\/www.franz-josef.cz\/wp-content\/uploads\/2023\/11\/s-l1600-12x12.jpg 12w, https:\/\/www.franz-josef.cz\/wp-content\/uploads\/2023\/11\/s-l1600.jpg 1483w\" sizes=\"(max-width: 290px) 100vw, 290px\" \/><\/noscript>\n            <\/div>\n        <\/div><div class=\"eael-entry-wrapper\"><header class=\"eael-entry-header\"><h3 class=\"eael-entry-title\"><a class=\"eael-grid-post-link\" href=\"https:\/\/www.franz-josef.cz\/en\/2023\/11\/museum-ziskalo-dalsi-raritu-sklenenou-desku-ze-ktere-se-vyrabely-zname-fotografie\/\" title=\"The Museum acquired another rarity - a glass plate from which famous photographs were made\">The Museum acquired another rarity - a glass plate from which famous photographs were made<\/a><\/h3><\/header><div class=\"eael-entry-footer\"><div class=\"eael-entry-meta\"><span class=\"eael-posted-by\"><a href=\"https:\/\/www.franz-josef.cz\/en\/author\/frantav\/\" title=\"Posts by Franti\u0161ek V\u00e1clav\" rel=\"author\">Franti\u0161ek V\u00e1clav<\/a><\/span><span class=\"eael-posted-on\"><time datetime=\"25. November 2023\">25. November 2023<\/time><\/span><\/div><\/div><\/div><\/div>\n        <\/div>\n    <\/article><article class=\"eael-grid-post  eael-post-grid-column eael-pg-post-53308 category-uncategorized-sk\" data-id=\"53308\">\n        <div class=\"eael-grid-post-holder\">\n            <div class=\"eael-grid-post-holder-inner\"><div class=\"eael-entry-media\"><div class=\"eael-entry-overlay fade-in\"><i class=\"fas fa-plus\" aria-hidden=\"true\"><\/i><a href=\"https:\/\/www.franz-josef.cz\/en\/2023\/11\/cisarske-manevry-v-okoli-nitry-1887\/\"><\/a><\/div><div class=\"eael-entry-thumbnail eael-image-ratio\">\n                <img decoding=\"async\" width=\"300\" height=\"132\" data-src=\"https:\/\/www.franz-josef.cz\/wp-content\/uploads\/2023\/11\/MAPA-MANEVRU-U-NITRY-300x132.jpg\" class=\"attachment-medium size-medium wp-image-53313 lazyload\" alt=\"\" data-srcset=\"https:\/\/www.franz-josef.cz\/wp-content\/uploads\/2023\/11\/MAPA-MANEVRU-U-NITRY-300x132.jpg 300w, https:\/\/www.franz-josef.cz\/wp-content\/uploads\/2023\/11\/MAPA-MANEVRU-U-NITRY-1024x451.jpg 1024w, https:\/\/www.franz-josef.cz\/wp-content\/uploads\/2023\/11\/MAPA-MANEVRU-U-NITRY-768x338.jpg 768w, https:\/\/www.franz-josef.cz\/wp-content\/uploads\/2023\/11\/MAPA-MANEVRU-U-NITRY-1536x676.jpg 1536w, https:\/\/www.franz-josef.cz\/wp-content\/uploads\/2023\/11\/MAPA-MANEVRU-U-NITRY-18x8.jpg 18w, https:\/\/www.franz-josef.cz\/wp-content\/uploads\/2023\/11\/MAPA-MANEVRU-U-NITRY.jpg 1600w\" data-sizes=\"(max-width: 300px) 100vw, 300px\" src=\"data:image\/gif;base64,R0lGODlhAQABAAAAACH5BAEKAAEALAAAAAABAAEAAAICTAEAOw==\" style=\"--smush-placeholder-width: 300px; --smush-placeholder-aspect-ratio: 300\/132;\" \/><noscript><img loading=\"lazy\" decoding=\"async\" width=\"300\" height=\"132\" src=\"https:\/\/www.franz-josef.cz\/wp-content\/uploads\/2023\/11\/MAPA-MANEVRU-U-NITRY-300x132.jpg\" class=\"attachment-medium size-medium wp-image-53313\" alt=\"\" srcset=\"https:\/\/www.franz-josef.cz\/wp-content\/uploads\/2023\/11\/MAPA-MANEVRU-U-NITRY-300x132.jpg 300w, https:\/\/www.franz-josef.cz\/wp-content\/uploads\/2023\/11\/MAPA-MANEVRU-U-NITRY-1024x451.jpg 1024w, https:\/\/www.franz-josef.cz\/wp-content\/uploads\/2023\/11\/MAPA-MANEVRU-U-NITRY-768x338.jpg 768w, https:\/\/www.franz-josef.cz\/wp-content\/uploads\/2023\/11\/MAPA-MANEVRU-U-NITRY-1536x676.jpg 1536w, https:\/\/www.franz-josef.cz\/wp-content\/uploads\/2023\/11\/MAPA-MANEVRU-U-NITRY-18x8.jpg 18w, https:\/\/www.franz-josef.cz\/wp-content\/uploads\/2023\/11\/MAPA-MANEVRU-U-NITRY.jpg 1600w\" sizes=\"(max-width: 300px) 100vw, 300px\" \/><\/noscript>\n            <\/div>\n        <\/div><div class=\"eael-entry-wrapper\"><header class=\"eael-entry-header\"><h3 class=\"eael-entry-title\"><a class=\"eael-grid-post-link\" href=\"https:\/\/www.franz-josef.cz\/en\/2023\/11\/cisarske-manevry-v-okoli-nitry-1887\/\" title=\"IMPERIAL MANEUVERS AROUND NITRA 1887\">IMPERIAL MANEUVERS AROUND NITRA 1887<\/a><\/h3><\/header><div class=\"eael-entry-footer\"><div class=\"eael-entry-meta\"><span class=\"eael-posted-by\"><a href=\"https:\/\/www.franz-josef.cz\/en\/author\/jiridanek\/\" title=\"Posts by Ji\u0159\u00ed Dan\u011bk\" rel=\"author\">Ji\u0159\u00ed Dan\u011bk<\/a><\/span><span class=\"eael-posted-on\"><time datetime=\"18. November 2023\">18. November 2023<\/time><\/span><\/div><\/div><\/div><\/div>\n        <\/div>\n    <\/article><article class=\"eael-grid-post  eael-post-grid-column eael-pg-post-53294 category-uncategorized-sk\" data-id=\"53294\">\n        <div class=\"eael-grid-post-holder\">\n            <div class=\"eael-grid-post-holder-inner\"><div class=\"eael-entry-media\"><div class=\"eael-entry-overlay fade-in\"><i class=\"fas fa-plus\" aria-hidden=\"true\"><\/i><a href=\"https:\/\/www.franz-josef.cz\/en\/2023\/11\/dotaz-k-siroke-verejnosti\/\"><\/a><\/div><div class=\"eael-entry-thumbnail eael-image-ratio\">\n                <img decoding=\"async\" width=\"264\" height=\"300\" data-src=\"https:\/\/www.franz-josef.cz\/wp-content\/uploads\/2023\/11\/1154-264x300.jpg\" class=\"attachment-medium size-medium wp-image-53298 lazyload\" alt=\"\" data-srcset=\"https:\/\/www.franz-josef.cz\/wp-content\/uploads\/2023\/11\/1154-264x300.jpg 264w, https:\/\/www.franz-josef.cz\/wp-content\/uploads\/2023\/11\/1154-902x1024.jpg 902w, https:\/\/www.franz-josef.cz\/wp-content\/uploads\/2023\/11\/1154-768x872.jpg 768w, https:\/\/www.franz-josef.cz\/wp-content\/uploads\/2023\/11\/1154-11x12.jpg 11w, https:\/\/www.franz-josef.cz\/wp-content\/uploads\/2023\/11\/1154.jpg 955w\" data-sizes=\"(max-width: 264px) 100vw, 264px\" src=\"data:image\/gif;base64,R0lGODlhAQABAAAAACH5BAEKAAEALAAAAAABAAEAAAICTAEAOw==\" style=\"--smush-placeholder-width: 264px; --smush-placeholder-aspect-ratio: 264\/300;\" \/><noscript><img loading=\"lazy\" decoding=\"async\" width=\"264\" height=\"300\" src=\"https:\/\/www.franz-josef.cz\/wp-content\/uploads\/2023\/11\/1154-264x300.jpg\" class=\"attachment-medium size-medium wp-image-53298\" alt=\"\" srcset=\"https:\/\/www.franz-josef.cz\/wp-content\/uploads\/2023\/11\/1154-264x300.jpg 264w, https:\/\/www.franz-josef.cz\/wp-content\/uploads\/2023\/11\/1154-902x1024.jpg 902w, https:\/\/www.franz-josef.cz\/wp-content\/uploads\/2023\/11\/1154-768x872.jpg 768w, https:\/\/www.franz-josef.cz\/wp-content\/uploads\/2023\/11\/1154-11x12.jpg 11w, https:\/\/www.franz-josef.cz\/wp-content\/uploads\/2023\/11\/1154.jpg 955w\" sizes=\"(max-width: 264px) 100vw, 264px\" \/><\/noscript>\n            <\/div>\n        <\/div><div class=\"eael-entry-wrapper\"><header class=\"eael-entry-header\"><h3 class=\"eael-entry-title\"><a class=\"eael-grid-post-link\" href=\"https:\/\/www.franz-josef.cz\/en\/2023\/11\/dotaz-k-siroke-verejnosti\/\" title=\"Question to the general public\">Question to the general public<\/a><\/h3><\/header><div class=\"eael-entry-footer\"><div class=\"eael-entry-meta\"><span class=\"eael-posted-by\"><a href=\"https:\/\/www.franz-josef.cz\/en\/author\/frantav\/\" title=\"Posts by Franti\u0161ek V\u00e1clav\" rel=\"author\">Franti\u0161ek V\u00e1clav<\/a><\/span><span class=\"eael-posted-on\"><time datetime=\"18. November 2023\">18. November 2023<\/time><\/span><\/div><\/div><\/div><\/div>\n        <\/div>\n    <\/article><article class=\"eael-grid-post  eael-post-grid-column eael-pg-post-53273 category-uncategorized-sk\" data-id=\"53273\">\n        <div class=\"eael-grid-post-holder\">\n            <div class=\"eael-grid-post-holder-inner\"><div class=\"eael-entry-media\"><div class=\"eael-entry-overlay fade-in\"><i class=\"fas fa-plus\" aria-hidden=\"true\"><\/i><a href=\"https:\/\/www.franz-josef.cz\/en\/2023\/11\/nic-lepsiho-snad-neexistuje-rrr\/\"><\/a><\/div><div class=\"eael-entry-thumbnail eael-image-ratio\">\n                <img decoding=\"async\" width=\"283\" height=\"300\" data-src=\"https:\/\/www.franz-josef.cz\/wp-content\/uploads\/2023\/11\/206-283x300.jpg\" class=\"attachment-medium size-medium wp-image-53274 lazyload\" alt=\"\" data-srcset=\"https:\/\/www.franz-josef.cz\/wp-content\/uploads\/2023\/11\/206-283x300.jpg 283w, https:\/\/www.franz-josef.cz\/wp-content\/uploads\/2023\/11\/206-965x1024.jpg 965w, https:\/\/www.franz-josef.cz\/wp-content\/uploads\/2023\/11\/206-768x815.jpg 768w, https:\/\/www.franz-josef.cz\/wp-content\/uploads\/2023\/11\/206-1448x1536.jpg 1448w, https:\/\/www.franz-josef.cz\/wp-content\/uploads\/2023\/11\/206-1930x2048.jpg 1930w, https:\/\/www.franz-josef.cz\/wp-content\/uploads\/2023\/11\/206-11x12.jpg 11w\" data-sizes=\"(max-width: 283px) 100vw, 283px\" src=\"data:image\/gif;base64,R0lGODlhAQABAAAAACH5BAEKAAEALAAAAAABAAEAAAICTAEAOw==\" style=\"--smush-placeholder-width: 283px; --smush-placeholder-aspect-ratio: 283\/300;\" \/><noscript><img loading=\"lazy\" decoding=\"async\" width=\"283\" height=\"300\" src=\"https:\/\/www.franz-josef.cz\/wp-content\/uploads\/2023\/11\/206-283x300.jpg\" class=\"attachment-medium size-medium wp-image-53274\" alt=\"\" srcset=\"https:\/\/www.franz-josef.cz\/wp-content\/uploads\/2023\/11\/206-283x300.jpg 283w, https:\/\/www.franz-josef.cz\/wp-content\/uploads\/2023\/11\/206-965x1024.jpg 965w, https:\/\/www.franz-josef.cz\/wp-content\/uploads\/2023\/11\/206-768x815.jpg 768w, https:\/\/www.franz-josef.cz\/wp-content\/uploads\/2023\/11\/206-1448x1536.jpg 1448w, https:\/\/www.franz-josef.cz\/wp-content\/uploads\/2023\/11\/206-1930x2048.jpg 1930w, https:\/\/www.franz-josef.cz\/wp-content\/uploads\/2023\/11\/206-11x12.jpg 11w\" sizes=\"(max-width: 283px) 100vw, 283px\" \/><\/noscript>\n            <\/div>\n        <\/div><div class=\"eael-entry-wrapper\"><header class=\"eael-entry-header\"><h3 class=\"eael-entry-title\"><a class=\"eael-grid-post-link\" href=\"https:\/\/www.franz-josef.cz\/en\/2023\/11\/nic-lepsiho-snad-neexistuje-rrr\/\" title=\"There is probably nothing better RRR!!\">There is probably nothing better RRR!!<\/a><\/h3><\/header><div class=\"eael-entry-footer\"><div class=\"eael-entry-meta\"><span class=\"eael-posted-by\"><a href=\"https:\/\/www.franz-josef.cz\/en\/author\/frantav\/\" title=\"Posts by Franti\u0161ek V\u00e1clav\" rel=\"author\">Franti\u0161ek V\u00e1clav<\/a><\/span><span class=\"eael-posted-on\"><time datetime=\"17. November 2023\">17. November 2023<\/time><\/span><\/div><\/div><\/div><\/div>\n        <\/div>\n    <\/article><article class=\"eael-grid-post  eael-post-grid-column eael-pg-post-53254 category-uncategorized-sk\" data-id=\"53254\">\n        <div class=\"eael-grid-post-holder\">\n            <div class=\"eael-grid-post-holder-inner\"><div class=\"eael-entry-media\"><div class=\"eael-entry-overlay fade-in\"><i class=\"fas fa-plus\" aria-hidden=\"true\"><\/i><a href=\"https:\/\/www.franz-josef.cz\/en\/2023\/11\/unikatni-pohlednice-cisare-frantiska-josefa-i\/\"><\/a><\/div><div class=\"eael-entry-thumbnail eael-image-ratio\">\n                <img decoding=\"async\" width=\"209\" height=\"300\" data-src=\"https:\/\/www.franz-josef.cz\/wp-content\/uploads\/2023\/11\/1174-209x300.jpg\" class=\"attachment-medium size-medium wp-image-53255 lazyload\" alt=\"\" data-srcset=\"https:\/\/www.franz-josef.cz\/wp-content\/uploads\/2023\/11\/1174-209x300.jpg 209w, https:\/\/www.franz-josef.cz\/wp-content\/uploads\/2023\/11\/1174-712x1024.jpg 712w, https:\/\/www.franz-josef.cz\/wp-content\/uploads\/2023\/11\/1174-768x1104.jpg 768w, https:\/\/www.franz-josef.cz\/wp-content\/uploads\/2023\/11\/1174-1069x1536.jpg 1069w, https:\/\/www.franz-josef.cz\/wp-content\/uploads\/2023\/11\/1174-1425x2048.jpg 1425w, https:\/\/www.franz-josef.cz\/wp-content\/uploads\/2023\/11\/1174-8x12.jpg 8w, https:\/\/www.franz-josef.cz\/wp-content\/uploads\/2023\/11\/1174-scaled.jpg 1781w\" data-sizes=\"(max-width: 209px) 100vw, 209px\" src=\"data:image\/gif;base64,R0lGODlhAQABAAAAACH5BAEKAAEALAAAAAABAAEAAAICTAEAOw==\" style=\"--smush-placeholder-width: 209px; --smush-placeholder-aspect-ratio: 209\/300;\" \/><noscript><img loading=\"lazy\" decoding=\"async\" width=\"209\" height=\"300\" src=\"https:\/\/www.franz-josef.cz\/wp-content\/uploads\/2023\/11\/1174-209x300.jpg\" class=\"attachment-medium size-medium wp-image-53255\" alt=\"\" srcset=\"https:\/\/www.franz-josef.cz\/wp-content\/uploads\/2023\/11\/1174-209x300.jpg 209w, https:\/\/www.franz-josef.cz\/wp-content\/uploads\/2023\/11\/1174-712x1024.jpg 712w, https:\/\/www.franz-josef.cz\/wp-content\/uploads\/2023\/11\/1174-768x1104.jpg 768w, https:\/\/www.franz-josef.cz\/wp-content\/uploads\/2023\/11\/1174-1069x1536.jpg 1069w, https:\/\/www.franz-josef.cz\/wp-content\/uploads\/2023\/11\/1174-1425x2048.jpg 1425w, https:\/\/www.franz-josef.cz\/wp-content\/uploads\/2023\/11\/1174-8x12.jpg 8w, https:\/\/www.franz-josef.cz\/wp-content\/uploads\/2023\/11\/1174-scaled.jpg 1781w\" sizes=\"(max-width: 209px) 100vw, 209px\" \/><\/noscript>\n            <\/div>\n        <\/div><div class=\"eael-entry-wrapper\"><header class=\"eael-entry-header\"><h3 class=\"eael-entry-title\"><a class=\"eael-grid-post-link\" href=\"https:\/\/www.franz-josef.cz\/en\/2023\/11\/unikatni-pohlednice-cisare-frantiska-josefa-i\/\" title=\"Unique postcard of Emperor Francis Joseph I.\">Unique postcard of Emperor Francis Joseph I.<\/a><\/h3><\/header><div class=\"eael-entry-footer\"><div class=\"eael-entry-meta\"><span class=\"eael-posted-by\"><a href=\"https:\/\/www.franz-josef.cz\/en\/author\/frantav\/\" title=\"Posts by Franti\u0161ek V\u00e1clav\" rel=\"author\">Franti\u0161ek V\u00e1clav<\/a><\/span><span class=\"eael-posted-on\"><time datetime=\"16. November 2023\">16. November 2023<\/time><\/span><\/div><\/div><\/div><\/div>\n        <\/div>\n    <\/article><article class=\"eael-grid-post  eael-post-grid-column eael-pg-post-53249 category-uncategorized-sk\" data-id=\"53249\">\n        <div class=\"eael-grid-post-holder\">\n            <div class=\"eael-grid-post-holder-inner\"><div class=\"eael-entry-media\"><div class=\"eael-entry-overlay fade-in\"><i class=\"fas fa-plus\" aria-hidden=\"true\"><\/i><a href=\"https:\/\/www.franz-josef.cz\/en\/2023\/11\/opet-se-objevil-mimoradny-exponat-skleneny-negativ-franz-josef-i\/\"><\/a><\/div><div class=\"eael-entry-thumbnail eael-image-ratio\">\n                <img decoding=\"async\" width=\"300\" height=\"289\" data-src=\"https:\/\/www.franz-josef.cz\/wp-content\/uploads\/2023\/11\/415-300x289.jpg\" class=\"attachment-medium size-medium wp-image-53250 lazyload\" alt=\"\" data-srcset=\"https:\/\/www.franz-josef.cz\/wp-content\/uploads\/2023\/11\/415-300x289.jpg 300w, https:\/\/www.franz-josef.cz\/wp-content\/uploads\/2023\/11\/415-1024x986.jpg 1024w, https:\/\/www.franz-josef.cz\/wp-content\/uploads\/2023\/11\/415-768x739.jpg 768w, https:\/\/www.franz-josef.cz\/wp-content\/uploads\/2023\/11\/415-1536x1479.jpg 1536w, https:\/\/www.franz-josef.cz\/wp-content\/uploads\/2023\/11\/415-2048x1971.jpg 2048w, https:\/\/www.franz-josef.cz\/wp-content\/uploads\/2023\/11\/415-12x12.jpg 12w\" data-sizes=\"(max-width: 300px) 100vw, 300px\" src=\"data:image\/gif;base64,R0lGODlhAQABAAAAACH5BAEKAAEALAAAAAABAAEAAAICTAEAOw==\" style=\"--smush-placeholder-width: 300px; --smush-placeholder-aspect-ratio: 300\/289;\" \/><noscript><img loading=\"lazy\" decoding=\"async\" width=\"300\" height=\"289\" src=\"https:\/\/www.franz-josef.cz\/wp-content\/uploads\/2023\/11\/415-300x289.jpg\" class=\"attachment-medium size-medium wp-image-53250\" alt=\"\" srcset=\"https:\/\/www.franz-josef.cz\/wp-content\/uploads\/2023\/11\/415-300x289.jpg 300w, https:\/\/www.franz-josef.cz\/wp-content\/uploads\/2023\/11\/415-1024x986.jpg 1024w, https:\/\/www.franz-josef.cz\/wp-content\/uploads\/2023\/11\/415-768x739.jpg 768w, https:\/\/www.franz-josef.cz\/wp-content\/uploads\/2023\/11\/415-1536x1479.jpg 1536w, https:\/\/www.franz-josef.cz\/wp-content\/uploads\/2023\/11\/415-2048x1971.jpg 2048w, https:\/\/www.franz-josef.cz\/wp-content\/uploads\/2023\/11\/415-12x12.jpg 12w\" sizes=\"(max-width: 300px) 100vw, 300px\" \/><\/noscript>\n            <\/div>\n        <\/div><div class=\"eael-entry-wrapper\"><header class=\"eael-entry-header\"><h3 class=\"eael-entry-title\"><a class=\"eael-grid-post-link\" href=\"https:\/\/www.franz-josef.cz\/en\/2023\/11\/opet-se-objevil-mimoradny-exponat-skleneny-negativ-franz-josef-i\/\" title=\"An extraordinary exhibit appeared again - a glass negative of Franz Josef I.\">An extraordinary exhibit appeared again - a glass negative of Franz Josef I.<\/a><\/h3><\/header><div class=\"eael-entry-footer\"><div class=\"eael-entry-meta\"><span class=\"eael-posted-by\"><a href=\"https:\/\/www.franz-josef.cz\/en\/author\/frantav\/\" title=\"Posts by Franti\u0161ek V\u00e1clav\" rel=\"author\">Franti\u0161ek V\u00e1clav<\/a><\/span><span class=\"eael-posted-on\"><time datetime=\"16. November 2023\">16. November 2023<\/time><\/span><\/div><\/div><\/div><\/div>\n        <\/div>\n    <\/article><article class=\"eael-grid-post  eael-post-grid-column eael-pg-post-53227 category-uncategorized-sk\" data-id=\"53227\">\n        <div class=\"eael-grid-post-holder\">\n            <div class=\"eael-grid-post-holder-inner\"><div class=\"eael-entry-media\"><div class=\"eael-entry-overlay fade-in\"><i class=\"fas fa-plus\" aria-hidden=\"true\"><\/i><a href=\"https:\/\/www.franz-josef.cz\/en\/2023\/11\/kaffee-mayer-v-bratislave\/\"><\/a><\/div><div class=\"eael-entry-thumbnail eael-image-ratio\">\n                <img decoding=\"async\" width=\"300\" height=\"200\" data-src=\"https:\/\/www.franz-josef.cz\/wp-content\/uploads\/2023\/11\/f-300x200.jpg\" class=\"attachment-medium size-medium wp-image-53269 lazyload\" alt=\"\" data-srcset=\"https:\/\/www.franz-josef.cz\/wp-content\/uploads\/2023\/11\/f-300x200.jpg 300w, https:\/\/www.franz-josef.cz\/wp-content\/uploads\/2023\/11\/f-768x513.jpg 768w, https:\/\/www.franz-josef.cz\/wp-content\/uploads\/2023\/11\/f-18x12.jpg 18w, https:\/\/www.franz-josef.cz\/wp-content\/uploads\/2023\/11\/f.jpg 800w\" data-sizes=\"(max-width: 300px) 100vw, 300px\" src=\"data:image\/gif;base64,R0lGODlhAQABAAAAACH5BAEKAAEALAAAAAABAAEAAAICTAEAOw==\" style=\"--smush-placeholder-width: 300px; --smush-placeholder-aspect-ratio: 300\/200;\" \/><noscript><img loading=\"lazy\" decoding=\"async\" width=\"300\" height=\"200\" src=\"https:\/\/www.franz-josef.cz\/wp-content\/uploads\/2023\/11\/f-300x200.jpg\" class=\"attachment-medium size-medium wp-image-53269\" alt=\"\" srcset=\"https:\/\/www.franz-josef.cz\/wp-content\/uploads\/2023\/11\/f-300x200.jpg 300w, https:\/\/www.franz-josef.cz\/wp-content\/uploads\/2023\/11\/f-768x513.jpg 768w, https:\/\/www.franz-josef.cz\/wp-content\/uploads\/2023\/11\/f-18x12.jpg 18w, https:\/\/www.franz-josef.cz\/wp-content\/uploads\/2023\/11\/f.jpg 800w\" sizes=\"(max-width: 300px) 100vw, 300px\" \/><\/noscript>\n            <\/div>\n        <\/div><div class=\"eael-entry-wrapper\"><header class=\"eael-entry-header\"><h3 class=\"eael-entry-title\"><a class=\"eael-grid-post-link\" href=\"https:\/\/www.franz-josef.cz\/en\/2023\/11\/kaffee-mayer-v-bratislave\/\" title=\"KAFFEE MAYER IN BRATISLAVA\">KAFFEE MAYER IN BRATISLAVA<\/a><\/h3><\/header><div class=\"eael-entry-footer\"><div class=\"eael-entry-meta\"><span class=\"eael-posted-by\"><a href=\"https:\/\/www.franz-josef.cz\/en\/author\/jiridanek\/\" title=\"Posts by Ji\u0159\u00ed Dan\u011bk\" rel=\"author\">Ji\u0159\u00ed Dan\u011bk<\/a><\/span><span class=\"eael-posted-on\"><time datetime=\"5. November 2023\">5. November 2023<\/time><\/span><\/div><\/div><\/div><\/div>\n        <\/div>\n    <\/article><article class=\"eael-grid-post  eael-post-grid-column eael-pg-post-53219 category-uncategorized-sk\" data-id=\"53219\">\n        <div class=\"eael-grid-post-holder\">\n            <div class=\"eael-grid-post-holder-inner\"><div class=\"eael-entry-media\"><div class=\"eael-entry-overlay fade-in\"><i class=\"fas fa-plus\" aria-hidden=\"true\"><\/i><a href=\"https:\/\/www.franz-josef.cz\/en\/2023\/11\/stary-most-v-bratislave-projektova-priprava\/\"><\/a><\/div><div class=\"eael-entry-thumbnail eael-image-ratio\">\n                <img decoding=\"async\" width=\"264\" height=\"300\" data-src=\"https:\/\/www.franz-josef.cz\/wp-content\/uploads\/2023\/11\/t-264x300.jpg\" class=\"attachment-medium size-medium wp-image-53263 lazyload\" alt=\"\" data-srcset=\"https:\/\/www.franz-josef.cz\/wp-content\/uploads\/2023\/11\/t-264x300.jpg 264w, https:\/\/www.franz-josef.cz\/wp-content\/uploads\/2023\/11\/t-11x12.jpg 11w, https:\/\/www.franz-josef.cz\/wp-content\/uploads\/2023\/11\/t.jpg 399w\" data-sizes=\"(max-width: 264px) 100vw, 264px\" src=\"data:image\/gif;base64,R0lGODlhAQABAAAAACH5BAEKAAEALAAAAAABAAEAAAICTAEAOw==\" style=\"--smush-placeholder-width: 264px; --smush-placeholder-aspect-ratio: 264\/300;\" \/><noscript><img loading=\"lazy\" decoding=\"async\" width=\"264\" height=\"300\" src=\"https:\/\/www.franz-josef.cz\/wp-content\/uploads\/2023\/11\/t-264x300.jpg\" class=\"attachment-medium size-medium wp-image-53263\" alt=\"\" srcset=\"https:\/\/www.franz-josef.cz\/wp-content\/uploads\/2023\/11\/t-264x300.jpg 264w, https:\/\/www.franz-josef.cz\/wp-content\/uploads\/2023\/11\/t-11x12.jpg 11w, https:\/\/www.franz-josef.cz\/wp-content\/uploads\/2023\/11\/t.jpg 399w\" sizes=\"(max-width: 264px) 100vw, 264px\" \/><\/noscript>\n            <\/div>\n        <\/div><div class=\"eael-entry-wrapper\"><header class=\"eael-entry-header\"><h3 class=\"eael-entry-title\"><a class=\"eael-grid-post-link\" href=\"https:\/\/www.franz-josef.cz\/en\/2023\/11\/stary-most-v-bratislave-projektova-priprava\/\" title=\"2. OLD BRIDGE IN BRATISLAVA \u2013 PROJECT PREPARATION\">2. OLD BRIDGE IN BRATISLAVA \u2013 PROJECT PREPARATION<\/a><\/h3><\/header><div class=\"eael-entry-footer\"><div class=\"eael-entry-meta\"><span class=\"eael-posted-by\"><a href=\"https:\/\/www.franz-josef.cz\/en\/author\/jiridanek\/\" title=\"Posts by Ji\u0159\u00ed Dan\u011bk\" rel=\"author\">Ji\u0159\u00ed Dan\u011bk<\/a><\/span><span class=\"eael-posted-on\"><time datetime=\"5. November 2023\">5. November 2023<\/time><\/span><\/div><\/div><\/div><\/div>\n        <\/div>\n    <\/article><article class=\"eael-grid-post  eael-post-grid-column eael-pg-post-53215 category-uncategorized-sk\" data-id=\"53215\">\n        <div class=\"eael-grid-post-holder\">\n            <div class=\"eael-grid-post-holder-inner\"><div class=\"eael-entry-media\"><div class=\"eael-entry-overlay fade-in\"><i class=\"fas fa-plus\" aria-hidden=\"true\"><\/i><a href=\"https:\/\/www.franz-josef.cz\/en\/2023\/11\/stary-most-v-bratislave-obnova-po-2-svetove-valce\/\"><\/a><\/div><div class=\"eael-entry-thumbnail eael-image-ratio\">\n                <img decoding=\"async\" width=\"279\" height=\"300\" data-src=\"https:\/\/www.franz-josef.cz\/wp-content\/uploads\/2023\/11\/g-279x300.jpg\" class=\"attachment-medium size-medium wp-image-53267 lazyload\" alt=\"\" data-srcset=\"https:\/\/www.franz-josef.cz\/wp-content\/uploads\/2023\/11\/g-279x300.jpg 279w, https:\/\/www.franz-josef.cz\/wp-content\/uploads\/2023\/11\/g-768x826.jpg 768w, https:\/\/www.franz-josef.cz\/wp-content\/uploads\/2023\/11\/g-11x12.jpg 11w, https:\/\/www.franz-josef.cz\/wp-content\/uploads\/2023\/11\/g.jpg 813w\" data-sizes=\"(max-width: 279px) 100vw, 279px\" src=\"data:image\/gif;base64,R0lGODlhAQABAAAAACH5BAEKAAEALAAAAAABAAEAAAICTAEAOw==\" style=\"--smush-placeholder-width: 279px; --smush-placeholder-aspect-ratio: 279\/300;\" \/><noscript><img loading=\"lazy\" decoding=\"async\" width=\"279\" height=\"300\" src=\"https:\/\/www.franz-josef.cz\/wp-content\/uploads\/2023\/11\/g-279x300.jpg\" class=\"attachment-medium size-medium wp-image-53267\" alt=\"\" srcset=\"https:\/\/www.franz-josef.cz\/wp-content\/uploads\/2023\/11\/g-279x300.jpg 279w, https:\/\/www.franz-josef.cz\/wp-content\/uploads\/2023\/11\/g-768x826.jpg 768w, https:\/\/www.franz-josef.cz\/wp-content\/uploads\/2023\/11\/g-11x12.jpg 11w, https:\/\/www.franz-josef.cz\/wp-content\/uploads\/2023\/11\/g.jpg 813w\" sizes=\"(max-width: 279px) 100vw, 279px\" \/><\/noscript>\n            <\/div>\n        <\/div><div class=\"eael-entry-wrapper\"><header class=\"eael-entry-header\"><h3 class=\"eael-entry-title\"><a class=\"eael-grid-post-link\" href=\"https:\/\/www.franz-josef.cz\/en\/2023\/11\/stary-most-v-bratislave-obnova-po-2-svetove-valce\/\" title=\"3. STAR\u00dd MOST V BRATISLAV\u011a &#8211; OBNOVA PO 2. SV\u011aTOV\u00c9 V\u00c1LCE\">3. OLD BRIDGE IN BRATISLAVA \u2013 RESTORATION AFTER WORLD WAR II<\/a><\/h3><\/header><div class=\"eael-entry-footer\"><div class=\"eael-entry-meta\"><span class=\"eael-posted-by\"><a href=\"https:\/\/www.franz-josef.cz\/en\/author\/jiridanek\/\" title=\"Posts by Ji\u0159\u00ed Dan\u011bk\" rel=\"author\">Ji\u0159\u00ed Dan\u011bk<\/a><\/span><span class=\"eael-posted-on\"><time datetime=\"5. November 2023\">5. November 2023<\/time><\/span><\/div><\/div><\/div><\/div>\n        <\/div>\n    <\/article><article class=\"eael-grid-post  eael-post-grid-column eael-pg-post-53208 category-uncategorized-sk\" data-id=\"53208\">\n        <div class=\"eael-grid-post-holder\">\n            <div class=\"eael-grid-post-holder-inner\"><div class=\"eael-entry-media\"><div class=\"eael-entry-overlay fade-in\"><i class=\"fas fa-plus\" aria-hidden=\"true\"><\/i><a href=\"https:\/\/www.franz-josef.cz\/en\/2023\/11\/stary-most-most-cisara-franze-jozefa-i-v-pressburgu-bratislave\/\"><\/a><\/div><div class=\"eael-entry-thumbnail eael-image-ratio\">\n                <img decoding=\"async\" width=\"300\" height=\"198\" data-src=\"https:\/\/www.franz-josef.cz\/wp-content\/uploads\/2023\/11\/MOST-2016-2-300x198.jpg\" class=\"attachment-medium size-medium wp-image-53212 lazyload\" alt=\"\" data-srcset=\"https:\/\/www.franz-josef.cz\/wp-content\/uploads\/2023\/11\/MOST-2016-2-300x198.jpg 300w, https:\/\/www.franz-josef.cz\/wp-content\/uploads\/2023\/11\/MOST-2016-2-1024x677.jpg 1024w, https:\/\/www.franz-josef.cz\/wp-content\/uploads\/2023\/11\/MOST-2016-2-768x508.jpg 768w, https:\/\/www.franz-josef.cz\/wp-content\/uploads\/2023\/11\/MOST-2016-2-18x12.jpg 18w, https:\/\/www.franz-josef.cz\/wp-content\/uploads\/2023\/11\/MOST-2016-2.jpg 1052w\" data-sizes=\"(max-width: 300px) 100vw, 300px\" src=\"data:image\/gif;base64,R0lGODlhAQABAAAAACH5BAEKAAEALAAAAAABAAEAAAICTAEAOw==\" style=\"--smush-placeholder-width: 300px; --smush-placeholder-aspect-ratio: 300\/198;\" \/><noscript><img loading=\"lazy\" decoding=\"async\" width=\"300\" height=\"198\" src=\"https:\/\/www.franz-josef.cz\/wp-content\/uploads\/2023\/11\/MOST-2016-2-300x198.jpg\" class=\"attachment-medium size-medium wp-image-53212\" alt=\"\" srcset=\"https:\/\/www.franz-josef.cz\/wp-content\/uploads\/2023\/11\/MOST-2016-2-300x198.jpg 300w, https:\/\/www.franz-josef.cz\/wp-content\/uploads\/2023\/11\/MOST-2016-2-1024x677.jpg 1024w, https:\/\/www.franz-josef.cz\/wp-content\/uploads\/2023\/11\/MOST-2016-2-768x508.jpg 768w, https:\/\/www.franz-josef.cz\/wp-content\/uploads\/2023\/11\/MOST-2016-2-18x12.jpg 18w, https:\/\/www.franz-josef.cz\/wp-content\/uploads\/2023\/11\/MOST-2016-2.jpg 1052w\" sizes=\"(max-width: 300px) 100vw, 300px\" \/><\/noscript>\n            <\/div>\n        <\/div><div class=\"eael-entry-wrapper\"><header class=\"eael-entry-header\"><h3 class=\"eael-entry-title\"><a class=\"eael-grid-post-link\" href=\"https:\/\/www.franz-josef.cz\/en\/2023\/11\/stary-most-most-cisara-franze-jozefa-i-v-pressburgu-bratislave\/\" title=\"1. STAR\u00dd MOST V BRATISLAV\u011a &#8211; MOST CIS\u00c1RA FRANZE JOZEFA I. V PRESSBURGU &#8211; BRATISLAVE\">1. OLD BRIDGE IN BRATISLAVA \u2013 EMPEROR FRANZ JOSEPH I BRIDGE IN PRESSBURG \u2013 BRATISLAVA<\/a><\/h3><\/header><div class=\"eael-entry-footer\"><div class=\"eael-entry-meta\"><span class=\"eael-posted-by\"><a href=\"https:\/\/www.franz-josef.cz\/en\/author\/jiridanek\/\" title=\"Posts by Ji\u0159\u00ed Dan\u011bk\" rel=\"author\">Ji\u0159\u00ed Dan\u011bk<\/a><\/span><span class=\"eael-posted-on\"><time datetime=\"4. November 2023\">4. November 2023<\/time><\/span><\/div><\/div><\/div><\/div>\n        <\/div>\n    <\/article><article class=\"eael-grid-post  eael-post-grid-column eael-pg-post-52579 category-uncategorized-sk\" data-id=\"52579\">\n        <div class=\"eael-grid-post-holder\">\n            <div class=\"eael-grid-post-holder-inner\"><div class=\"eael-entry-media\"><div class=\"eael-entry-overlay fade-in\"><i class=\"fas fa-plus\" aria-hidden=\"true\"><\/i><a href=\"https:\/\/www.franz-josef.cz\/en\/2023\/09\/osloveni-klubu-vojenske-historie-doby-monarchie\/\"><\/a><\/div><div class=\"eael-entry-thumbnail eael-image-ratio\">\n                <img decoding=\"async\" width=\"199\" height=\"300\" data-src=\"https:\/\/www.franz-josef.cz\/wp-content\/uploads\/2023\/09\/757-199x300.jpg\" class=\"attachment-medium size-medium wp-image-52580 lazyload\" alt=\"\" data-srcset=\"https:\/\/www.franz-josef.cz\/wp-content\/uploads\/2023\/09\/757-199x300.jpg 199w, https:\/\/www.franz-josef.cz\/wp-content\/uploads\/2023\/09\/757-680x1024.jpg 680w, https:\/\/www.franz-josef.cz\/wp-content\/uploads\/2023\/09\/757-768x1157.jpg 768w, https:\/\/www.franz-josef.cz\/wp-content\/uploads\/2023\/09\/757-1020x1536.jpg 1020w, https:\/\/www.franz-josef.cz\/wp-content\/uploads\/2023\/09\/757.jpg 1120w\" data-sizes=\"(max-width: 199px) 100vw, 199px\" src=\"data:image\/gif;base64,R0lGODlhAQABAAAAACH5BAEKAAEALAAAAAABAAEAAAICTAEAOw==\" style=\"--smush-placeholder-width: 199px; --smush-placeholder-aspect-ratio: 199\/300;\" \/><noscript><img loading=\"lazy\" decoding=\"async\" width=\"199\" height=\"300\" src=\"https:\/\/www.franz-josef.cz\/wp-content\/uploads\/2023\/09\/757-199x300.jpg\" class=\"attachment-medium size-medium wp-image-52580\" alt=\"\" srcset=\"https:\/\/www.franz-josef.cz\/wp-content\/uploads\/2023\/09\/757-199x300.jpg 199w, https:\/\/www.franz-josef.cz\/wp-content\/uploads\/2023\/09\/757-680x1024.jpg 680w, https:\/\/www.franz-josef.cz\/wp-content\/uploads\/2023\/09\/757-768x1157.jpg 768w, https:\/\/www.franz-josef.cz\/wp-content\/uploads\/2023\/09\/757-1020x1536.jpg 1020w, https:\/\/www.franz-josef.cz\/wp-content\/uploads\/2023\/09\/757.jpg 1120w\" sizes=\"(max-width: 199px) 100vw, 199px\" \/><\/noscript>\n            <\/div>\n        <\/div><div class=\"eael-entry-wrapper\"><header class=\"eael-entry-header\"><h3 class=\"eael-entry-title\"><a class=\"eael-grid-post-link\" href=\"https:\/\/www.franz-josef.cz\/en\/2023\/09\/osloveni-klubu-vojenske-historie-doby-monarchie\/\" title=\"Addressing the military history clubs of the time of the monarchy\">Addressing the military history clubs of the time of the monarchy<\/a><\/h3><\/header><div class=\"eael-entry-footer\"><div class=\"eael-entry-meta\"><span class=\"eael-posted-by\"><a href=\"https:\/\/www.franz-josef.cz\/en\/author\/frantav\/\" title=\"Posts by Franti\u0161ek V\u00e1clav\" rel=\"author\">Franti\u0161ek V\u00e1clav<\/a><\/span><span class=\"eael-posted-on\"><time datetime=\"1. September 2023\">1. September 2023<\/time><\/span><\/div><\/div><\/div><\/div>\n        <\/div>\n    <\/article><\/div>\n            <div class=\"clearfix\"><\/div>\n        <\/div>\t\t\t\t<\/div>\n\t\t\t\t<\/div>\n\t\t\t\t\t<\/div>\n\t\t<\/div>\n\t\t\t\t\t<\/div>\n\t\t<\/section>\n\t\t\t\t<\/div>","protected":false},"excerpt":{"rendered":"<p>Vstupte do muzeaObrazyProhl\u00e9dnout expoziciVstupte do muzeaPohledniceProhl\u00e9dnout expoziciVstupte do muzeaP\u0159edm\u011btyProhl\u00e9dnout expoziciVstupte do muzeaChladn\u00e9 zbran\u011bProhl\u00e9dnout expoziciVstupte do muzeaNoviny a \u010dasopisyProhl\u00e9dnout expoziciVstupte do muzeaFilatelie, cirkul\u00e1\u0159eProhl\u00e9dnout expoziciVstupte do muzeaKnihyProhl\u00e9dnout expozici O muzeu Franz Josefa I. Vydejte se na jedine\u010dnou cestu \u010dasem Na t\u011bchto internetov\u00fdch str\u00e1nk\u00e1ch m\u00e1me p\u0159ipraveno cca 35 000\u00a0obr\u00e1zk\u016f (14 000 p\u0159edm\u011bt\u016f),Odhadem cca 45.000 webov\u00fdch str\u00e1nek &#8211; tak [&hellip;]<\/p>","protected":false},"author":1,"featured_media":51084,"parent":0,"menu_order":0,"comment_status":"closed","ping_status":"closed","template":"elementor_header_footer","meta":{"inline_featured_image":false,"footnotes":""},"class_list":["post-2232","page","type-page","status-publish","has-post-thumbnail","hentry"],"yoast_head":"<!-- This site is optimized with the Yoast SEO Premium plugin v20.12 (Yoast SEO v27.2) - https:\/\/yoast.com\/product\/yoast-seo-premium-wordpress\/ -->\n<title>Muzeum c\u00edsa\u0159e Franz Josefa I.<\/title>\n<meta name=\"description\" content=\"Vydejte se prost\u0159ednictv\u00edm 14 000 expon\u00e1t\u016f v zdigitalizovan\u00e9m archivu muzea na jedine\u010dnou cestu \u010dasem do dob c\u00edsa\u0159e Franti\u0161ka Josefa I.\" \/>\n<meta name=\"robots\" content=\"index, follow, max-snippet:-1, max-image-preview:large, max-video-preview:-1\" \/>\n<link rel=\"canonical\" href=\"https:\/\/www.franz-josef.cz\/en\" \/>\n<meta property=\"og:locale\" content=\"en_GB\" \/>\n<meta property=\"og:type\" content=\"article\" \/>\n<meta property=\"og:title\" content=\"Muzeum c\u00edsa\u0159e Franz Josefa I.\" \/>\n<meta property=\"og:description\" content=\"Vydejte se prost\u0159ednictv\u00edm 14 000 expon\u00e1t\u016f v zdigitalizovan\u00e9m archivu muzea na jedine\u010dnou cestu \u010dasem do dob c\u00edsa\u0159e Franti\u0161ka Josefa I.\" \/>\n<meta property=\"og:url\" content=\"https:\/\/www.franz-josef.cz\/en\" \/>\n<meta property=\"og:site_name\" content=\"Muzeum c\u00edsa\u0159e Franz Josefa I.\" \/>\n<meta property=\"article:modified_time\" content=\"2025-12-03T19:57:10+00:00\" \/>\n<meta property=\"og:image\" content=\"https:\/\/www.franz-josef.cz\/wp-content\/uploads\/2023\/08\/Muzeum-Franz-Jozef-kolaz-1200x675-1.png\" \/>\n\t<meta property=\"og:image:width\" content=\"1200\" \/>\n\t<meta property=\"og:image:height\" content=\"675\" \/>\n\t<meta property=\"og:image:type\" content=\"image\/png\" \/>\n<meta name=\"twitter:card\" content=\"summary_large_image\" \/>\n<meta name=\"twitter:title\" content=\"Muzeum c\u00edsa\u0159e Franz Josefa I.\" \/>\n<meta name=\"twitter:label1\" content=\"Estimated reading time\" \/>\n\t<meta name=\"twitter:data1\" content=\"19 minutes\" \/>\n<script type=\"application\/ld+json\" class=\"yoast-schema-graph\">{\"@context\":\"https:\/\/schema.org\",\"@graph\":[{\"@type\":\"WebPage\",\"@id\":\"https:\/\/www.franz-josef.cz\/\",\"url\":\"https:\/\/www.franz-josef.cz\/\",\"name\":\"Muzeum c\u00edsa\u0159e Franz Josefa I.\",\"isPartOf\":{\"@id\":\"https:\/\/www.franz-josef.cz\/#website\"},\"primaryImageOfPage\":{\"@id\":\"https:\/\/www.franz-josef.cz\/#primaryimage\"},\"image\":{\"@id\":\"https:\/\/www.franz-josef.cz\/#primaryimage\"},\"thumbnailUrl\":\"https:\/\/www.franz-josef.cz\/wp-content\/uploads\/2023\/08\/Muzeum-Franz-Jozef-kolaz-1200x675-1.png\",\"datePublished\":\"2019-01-30T00:53:55+00:00\",\"dateModified\":\"2025-12-03T19:57:10+00:00\",\"description\":\"Vydejte se prost\u0159ednictv\u00edm 14 000 expon\u00e1t\u016f v zdigitalizovan\u00e9m archivu muzea na jedine\u010dnou cestu \u010dasem do dob c\u00edsa\u0159e Franti\u0161ka Josefa I.\",\"breadcrumb\":{\"@id\":\"https:\/\/www.franz-josef.cz\/#breadcrumb\"},\"inLanguage\":\"en-GB\",\"potentialAction\":[{\"@type\":\"ReadAction\",\"target\":[\"https:\/\/www.franz-josef.cz\/\"]}]},{\"@type\":\"ImageObject\",\"inLanguage\":\"en-GB\",\"@id\":\"https:\/\/www.franz-josef.cz\/#primaryimage\",\"url\":\"https:\/\/www.franz-josef.cz\/wp-content\/uploads\/2023\/08\/Muzeum-Franz-Jozef-kolaz-1200x675-1.png\",\"contentUrl\":\"https:\/\/www.franz-josef.cz\/wp-content\/uploads\/2023\/08\/Muzeum-Franz-Jozef-kolaz-1200x675-1.png\",\"width\":1200,\"height\":675},{\"@type\":\"BreadcrumbList\",\"@id\":\"https:\/\/www.franz-josef.cz\/#breadcrumb\",\"itemListElement\":[{\"@type\":\"ListItem\",\"position\":1,\"name\":\"Home\",\"item\":\"https:\/\/www.franz-josef.cz\/\"},{\"@type\":\"ListItem\",\"position\":2,\"name\":\"\u00davodn\u00ed str\u00e1nka\"}]},{\"@type\":\"WebSite\",\"@id\":\"https:\/\/www.franz-josef.cz\/#website\",\"url\":\"https:\/\/www.franz-josef.cz\/\",\"name\":\"Muzeum c\u00edsa\u0159e Franz Josefa I.\",\"description\":\"\",\"publisher\":{\"@id\":\"https:\/\/www.franz-josef.cz\/#organization\"},\"alternateName\":\"Franz Joseph\",\"potentialAction\":[{\"@type\":\"SearchAction\",\"target\":{\"@type\":\"EntryPoint\",\"urlTemplate\":\"https:\/\/www.franz-josef.cz\/?s={search_term_string}\"},\"query-input\":{\"@type\":\"PropertyValueSpecification\",\"valueRequired\":true,\"valueName\":\"search_term_string\"}}],\"inLanguage\":\"en-GB\"},{\"@type\":\"Organization\",\"@id\":\"https:\/\/www.franz-josef.cz\/#organization\",\"name\":\"Muzeum Franz Josefa I.\",\"alternateName\":\"Franz Jozef\",\"url\":\"https:\/\/www.franz-josef.cz\/\",\"logo\":{\"@type\":\"ImageObject\",\"inLanguage\":\"en-GB\",\"@id\":\"https:\/\/www.franz-josef.cz\/#\/schema\/logo\/image\/\",\"url\":\"https:\/\/www.franz-josef.cz\/wp-content\/uploads\/2023\/08\/Muzeum-Franz-Jozef-logo-696x696-1.png\",\"contentUrl\":\"https:\/\/www.franz-josef.cz\/wp-content\/uploads\/2023\/08\/Muzeum-Franz-Jozef-logo-696x696-1.png\",\"width\":696,\"height\":696,\"caption\":\"Muzeum Franz Josefa I.\"},\"image\":{\"@id\":\"https:\/\/www.franz-josef.cz\/#\/schema\/logo\/image\/\"}}]}<\/script>\n<!-- \/ Yoast SEO Premium plugin. -->","yoast_head_json":{"title":"Muzeum c\u00edsa\u0159e Franz Josefa I.","description":"Vydejte se prost\u0159ednictv\u00edm 14 000 expon\u00e1t\u016f v zdigitalizovan\u00e9m archivu muzea na jedine\u010dnou cestu \u010dasem do dob c\u00edsa\u0159e Franti\u0161ka Josefa I.","robots":{"index":"index","follow":"follow","max-snippet":"max-snippet:-1","max-image-preview":"max-image-preview:large","max-video-preview":"max-video-preview:-1"},"canonical":"https:\/\/www.franz-josef.cz\/en","og_locale":"en_GB","og_type":"article","og_title":"Muzeum c\u00edsa\u0159e Franz Josefa I.","og_description":"Vydejte se prost\u0159ednictv\u00edm 14 000 expon\u00e1t\u016f v zdigitalizovan\u00e9m archivu muzea na jedine\u010dnou cestu \u010dasem do dob c\u00edsa\u0159e Franti\u0161ka Josefa I.","og_url":"https:\/\/www.franz-josef.cz\/en","og_site_name":"Muzeum c\u00edsa\u0159e Franz Josefa I.","article_modified_time":"2025-12-03T19:57:10+00:00","og_image":[{"width":1200,"height":675,"url":"https:\/\/www.franz-josef.cz\/wp-content\/uploads\/2023\/08\/Muzeum-Franz-Jozef-kolaz-1200x675-1.png","type":"image\/png"}],"twitter_card":"summary_large_image","twitter_title":"Muzeum c\u00edsa\u0159e Franz Josefa I.","twitter_misc":{"Estimated reading time":"19 minutes"},"schema":{"@context":"https:\/\/schema.org","@graph":[{"@type":"WebPage","@id":"https:\/\/www.franz-josef.cz\/","url":"https:\/\/www.franz-josef.cz\/","name":"Muzeum c\u00edsa\u0159e Franz Josefa I.","isPartOf":{"@id":"https:\/\/www.franz-josef.cz\/#website"},"primaryImageOfPage":{"@id":"https:\/\/www.franz-josef.cz\/#primaryimage"},"image":{"@id":"https:\/\/www.franz-josef.cz\/#primaryimage"},"thumbnailUrl":"https:\/\/www.franz-josef.cz\/wp-content\/uploads\/2023\/08\/Muzeum-Franz-Jozef-kolaz-1200x675-1.png","datePublished":"2019-01-30T00:53:55+00:00","dateModified":"2025-12-03T19:57:10+00:00","description":"Vydejte se prost\u0159ednictv\u00edm 14 000 expon\u00e1t\u016f v zdigitalizovan\u00e9m archivu muzea na jedine\u010dnou cestu \u010dasem do dob c\u00edsa\u0159e Franti\u0161ka Josefa I.","breadcrumb":{"@id":"https:\/\/www.franz-josef.cz\/#breadcrumb"},"inLanguage":"en-GB","potentialAction":[{"@type":"ReadAction","target":["https:\/\/www.franz-josef.cz\/"]}]},{"@type":"ImageObject","inLanguage":"en-GB","@id":"https:\/\/www.franz-josef.cz\/#primaryimage","url":"https:\/\/www.franz-josef.cz\/wp-content\/uploads\/2023\/08\/Muzeum-Franz-Jozef-kolaz-1200x675-1.png","contentUrl":"https:\/\/www.franz-josef.cz\/wp-content\/uploads\/2023\/08\/Muzeum-Franz-Jozef-kolaz-1200x675-1.png","width":1200,"height":675},{"@type":"BreadcrumbList","@id":"https:\/\/www.franz-josef.cz\/#breadcrumb","itemListElement":[{"@type":"ListItem","position":1,"name":"Home","item":"https:\/\/www.franz-josef.cz\/"},{"@type":"ListItem","position":2,"name":"\u00davodn\u00ed str\u00e1nka"}]},{"@type":"WebSite","@id":"https:\/\/www.franz-josef.cz\/#website","url":"https:\/\/www.franz-josef.cz\/","name":"Muzeum c\u00edsa\u0159e Franz Josefa I.","description":"","publisher":{"@id":"https:\/\/www.franz-josef.cz\/#organization"},"alternateName":"Franz Joseph","potentialAction":[{"@type":"SearchAction","target":{"@type":"EntryPoint","urlTemplate":"https:\/\/www.franz-josef.cz\/?s={search_term_string}"},"query-input":{"@type":"PropertyValueSpecification","valueRequired":true,"valueName":"search_term_string"}}],"inLanguage":"en-GB"},{"@type":"Organization","@id":"https:\/\/www.franz-josef.cz\/#organization","name":"Muzeum Franz Josefa I.","alternateName":"Franz Jozef","url":"https:\/\/www.franz-josef.cz\/","logo":{"@type":"ImageObject","inLanguage":"en-GB","@id":"https:\/\/www.franz-josef.cz\/#\/schema\/logo\/image\/","url":"https:\/\/www.franz-josef.cz\/wp-content\/uploads\/2023\/08\/Muzeum-Franz-Jozef-logo-696x696-1.png","contentUrl":"https:\/\/www.franz-josef.cz\/wp-content\/uploads\/2023\/08\/Muzeum-Franz-Jozef-logo-696x696-1.png","width":696,"height":696,"caption":"Muzeum Franz Josefa I."},"image":{"@id":"https:\/\/www.franz-josef.cz\/#\/schema\/logo\/image\/"}}]}},"_links":{"self":[{"href":"https:\/\/www.franz-josef.cz\/en\/wp-json\/wp\/v2\/pages\/2232","targetHints":{"allow":["GET"]}}],"collection":[{"href":"https:\/\/www.franz-josef.cz\/en\/wp-json\/wp\/v2\/pages"}],"about":[{"href":"https:\/\/www.franz-josef.cz\/en\/wp-json\/wp\/v2\/types\/page"}],"author":[{"embeddable":true,"href":"https:\/\/www.franz-josef.cz\/en\/wp-json\/wp\/v2\/users\/1"}],"replies":[{"embeddable":true,"href":"https:\/\/www.franz-josef.cz\/en\/wp-json\/wp\/v2\/comments?post=2232"}],"version-history":[{"count":188,"href":"https:\/\/www.franz-josef.cz\/en\/wp-json\/wp\/v2\/pages\/2232\/revisions"}],"predecessor-version":[{"id":57691,"href":"https:\/\/www.franz-josef.cz\/en\/wp-json\/wp\/v2\/pages\/2232\/revisions\/57691"}],"wp:featuredmedia":[{"embeddable":true,"href":"https:\/\/www.franz-josef.cz\/en\/wp-json\/wp\/v2\/media\/51084"}],"wp:attachment":[{"href":"https:\/\/www.franz-josef.cz\/en\/wp-json\/wp\/v2\/media?parent=2232"}],"curies":[{"name":"wp","href":"https:\/\/api.w.org\/{rel}","templated":true}]}}