{"id":49393,"date":"2023-07-18T19:25:41","date_gmt":"2023-07-18T17:25:41","guid":{"rendered":"https:\/\/www.franz-josef.cz\/?post_type=polozky-v-prodeji&#038;p=49393"},"modified":"2025-02-15T11:45:53","modified_gmt":"2025-02-15T10:45:53","slug":"medaile-k-otevreni-musea-frantiska-josefa-i","status":"publish","type":"polozky-v-prodeji","link":"https:\/\/www.franz-josef.cz\/en\/v-prodeji\/medaile-k-otevreni-musea-frantiska-josefa-i\/","title":{"rendered":"Medaile k  otev\u0159en\u00ed musea Franti\u0161ka JOSEFA I. , varianta Franz Josef I. &#8211; Terez\u00edn erb"},"content":{"rendered":"<p><img fetchpriority=\"high\" decoding=\"async\" class=\"alignnone size-large wp-image-49363\" src=\"https:\/\/www.franz-josef.cz\/wp-content\/uploads\/2023\/07\/17-1-901x1024.jpg\" alt=\"\" width=\"901\" height=\"1024\" \/> <img decoding=\"async\" class=\"alignnone size-large wp-image-49364 lazyload\" data-src=\"https:\/\/www.franz-josef.cz\/wp-content\/uploads\/2023\/07\/17a-816x1024.jpg\" alt=\"\" width=\"816\" height=\"1024\" src=\"data:image\/gif;base64,R0lGODlhAQABAAAAACH5BAEKAAEALAAAAAABAAEAAAICTAEAOw==\" style=\"--smush-placeholder-width: 816px; --smush-placeholder-aspect-ratio: 816\/1024;\" \/><noscript><img decoding=\"async\" class=\"alignnone size-large wp-image-49364\" src=\"https:\/\/www.franz-josef.cz\/wp-content\/uploads\/2023\/07\/17a-816x1024.jpg\" alt=\"\" width=\"816\" height=\"1024\" \/><\/noscript> <img decoding=\"async\" class=\"alignnone size-large wp-image-49366 lazyload\" data-src=\"https:\/\/www.franz-josef.cz\/wp-content\/uploads\/2023\/07\/17c-1024x1001.jpg\" alt=\"\" width=\"1024\" height=\"1001\" src=\"data:image\/gif;base64,R0lGODlhAQABAAAAACH5BAEKAAEALAAAAAABAAEAAAICTAEAOw==\" style=\"--smush-placeholder-width: 1024px; --smush-placeholder-aspect-ratio: 1024\/1001;\" \/><noscript><img decoding=\"async\" class=\"alignnone size-large wp-image-49366\" src=\"https:\/\/www.franz-josef.cz\/wp-content\/uploads\/2023\/07\/17c-1024x1001.jpg\" alt=\"\" width=\"1024\" height=\"1001\" \/><\/noscript> <img decoding=\"async\" class=\"alignnone size-large wp-image-49367 lazyload\" data-src=\"https:\/\/www.franz-josef.cz\/wp-content\/uploads\/2023\/07\/17d-1024x937.jpg\" alt=\"\" width=\"1024\" height=\"937\" src=\"data:image\/gif;base64,R0lGODlhAQABAAAAACH5BAEKAAEALAAAAAABAAEAAAICTAEAOw==\" style=\"--smush-placeholder-width: 1024px; --smush-placeholder-aspect-ratio: 1024\/937;\" \/><noscript><img loading=\"lazy\" decoding=\"async\" class=\"alignnone size-large wp-image-49367\" src=\"https:\/\/www.franz-josef.cz\/wp-content\/uploads\/2023\/07\/17d-1024x937.jpg\" alt=\"\" width=\"1024\" height=\"937\" \/><\/noscript> <img decoding=\"async\" class=\"alignnone size-large wp-image-49365 lazyload\" data-src=\"https:\/\/www.franz-josef.cz\/wp-content\/uploads\/2023\/07\/17b-1024x887.jpg\" alt=\"\" width=\"1024\" height=\"887\" src=\"data:image\/gif;base64,R0lGODlhAQABAAAAACH5BAEKAAEALAAAAAABAAEAAAICTAEAOw==\" style=\"--smush-placeholder-width: 1024px; --smush-placeholder-aspect-ratio: 1024\/887;\" \/><noscript><img loading=\"lazy\" decoding=\"async\" class=\"alignnone size-large wp-image-49365\" src=\"https:\/\/www.franz-josef.cz\/wp-content\/uploads\/2023\/07\/17b-1024x887.jpg\" alt=\"\" width=\"1024\" height=\"887\" \/><\/noscript><\/p>","protected":false},"author":3,"featured_media":49421,"template":"","zaradit-polozku-na-prodej":[255],"class_list":["post-49393","polozky-v-prodeji","type-polozky-v-prodeji","status-publish","has-post-thumbnail","hentry","zaradit-polozku-na-prodej-medaile"],"yoast_head":"<!-- This site is optimized with the Yoast SEO Premium plugin v20.12 (Yoast SEO v27.2) - https:\/\/yoast.com\/product\/yoast-seo-premium-wordpress\/ -->\n<title>Medaile k otev\u0159en\u00ed musea Franti\u0161ka JOSEFA I. , varianta Franz Josef I. - Terez\u00edn erb &#8212; Prodej p\u0159ebytk\u016f &#8212; Muzeum c\u00edsa\u0159e Franz Josefa I.<\/title>\n<meta name=\"robots\" content=\"index, follow, max-snippet:-1, max-image-preview:large, max-video-preview:-1\" \/>\n<link rel=\"canonical\" href=\"https:\/\/www.franz-josef.cz\/en\/v-prodeji\/medaile-k-otevreni-musea-frantiska-josefa-i\/\" \/>\n<meta property=\"og:locale\" content=\"en_GB\" \/>\n<meta property=\"og:type\" content=\"article\" \/>\n<meta property=\"og:title\" content=\"Medaile k otev\u0159en\u00ed musea Franti\u0161ka JOSEFA I. , varianta Franz Josef I. - Terez\u00edn erb\" \/>\n<meta property=\"og:url\" content=\"https:\/\/www.franz-josef.cz\/en\/v-prodeji\/medaile-k-otevreni-musea-frantiska-josefa-i\/\" \/>\n<meta property=\"og:site_name\" content=\"Muzeum c\u00edsa\u0159e Franz Josefa I.\" \/>\n<meta property=\"article:modified_time\" content=\"2025-02-15T10:45:53+00:00\" \/>\n<meta property=\"og:image\" content=\"https:\/\/www.franz-josef.cz\/wp-content\/uploads\/2023\/07\/18d.jpg\" \/>\n\t<meta property=\"og:image:width\" content=\"1277\" \/>\n\t<meta property=\"og:image:height\" content=\"1248\" \/>\n\t<meta property=\"og:image:type\" content=\"image\/jpeg\" \/>\n<meta name=\"twitter:card\" content=\"summary_large_image\" \/>\n<meta name=\"twitter:label1\" content=\"Estimated reading time\" \/>\n\t<meta name=\"twitter:data1\" content=\"2 minutes\" \/>\n<script type=\"application\/ld+json\" class=\"yoast-schema-graph\">{\"@context\":\"https:\/\/schema.org\",\"@graph\":[{\"@type\":\"WebPage\",\"@id\":\"https:\/\/www.franz-josef.cz\/v-prodeji\/medaile-k-otevreni-musea-frantiska-josefa-i\/\",\"url\":\"https:\/\/www.franz-josef.cz\/v-prodeji\/medaile-k-otevreni-musea-frantiska-josefa-i\/\",\"name\":\"Medaile k otev\u0159en\u00ed musea Franti\u0161ka JOSEFA I. , varianta Franz Josef I. - Terez\u00edn erb &#8212; Prodej p\u0159ebytk\u016f &#8212; Muzeum c\u00edsa\u0159e Franz Josefa I.\",\"isPartOf\":{\"@id\":\"https:\/\/www.franz-josef.cz\/#website\"},\"primaryImageOfPage\":{\"@id\":\"https:\/\/www.franz-josef.cz\/v-prodeji\/medaile-k-otevreni-musea-frantiska-josefa-i\/#primaryimage\"},\"image\":{\"@id\":\"https:\/\/www.franz-josef.cz\/v-prodeji\/medaile-k-otevreni-musea-frantiska-josefa-i\/#primaryimage\"},\"thumbnailUrl\":\"https:\/\/www.franz-josef.cz\/wp-content\/uploads\/2023\/07\/18d.jpg\",\"datePublished\":\"2023-07-18T17:25:41+00:00\",\"dateModified\":\"2025-02-15T10:45:53+00:00\",\"breadcrumb\":{\"@id\":\"https:\/\/www.franz-josef.cz\/v-prodeji\/medaile-k-otevreni-musea-frantiska-josefa-i\/#breadcrumb\"},\"inLanguage\":\"en-GB\",\"potentialAction\":[{\"@type\":\"ReadAction\",\"target\":[\"https:\/\/www.franz-josef.cz\/v-prodeji\/medaile-k-otevreni-musea-frantiska-josefa-i\/\"]}]},{\"@type\":\"ImageObject\",\"inLanguage\":\"en-GB\",\"@id\":\"https:\/\/www.franz-josef.cz\/v-prodeji\/medaile-k-otevreni-musea-frantiska-josefa-i\/#primaryimage\",\"url\":\"https:\/\/www.franz-josef.cz\/wp-content\/uploads\/2023\/07\/18d.jpg\",\"contentUrl\":\"https:\/\/www.franz-josef.cz\/wp-content\/uploads\/2023\/07\/18d.jpg\",\"width\":1277,\"height\":1248},{\"@type\":\"BreadcrumbList\",\"@id\":\"https:\/\/www.franz-josef.cz\/v-prodeji\/medaile-k-otevreni-musea-frantiska-josefa-i\/#breadcrumb\",\"itemListElement\":[{\"@type\":\"ListItem\",\"position\":1,\"name\":\"Home\",\"item\":\"https:\/\/www.franz-josef.cz\/\"},{\"@type\":\"ListItem\",\"position\":2,\"name\":\"Polo\u017eky v prodeji\",\"item\":\"https:\/\/www.franz-josef.cz\/v-prodeji\/\"},{\"@type\":\"ListItem\",\"position\":3,\"name\":\"Medaile k otev\u0159en\u00ed musea Franti\u0161ka JOSEFA I. , varianta Franz Josef I. &#8211; Terez\u00edn erb\"}]},{\"@type\":\"WebSite\",\"@id\":\"https:\/\/www.franz-josef.cz\/#website\",\"url\":\"https:\/\/www.franz-josef.cz\/\",\"name\":\"Muzeum c\u00edsa\u0159e Franz Josefa I.\",\"description\":\"\",\"publisher\":{\"@id\":\"https:\/\/www.franz-josef.cz\/#organization\"},\"alternateName\":\"Franz Joseph\",\"potentialAction\":[{\"@type\":\"SearchAction\",\"target\":{\"@type\":\"EntryPoint\",\"urlTemplate\":\"https:\/\/www.franz-josef.cz\/?s={search_term_string}\"},\"query-input\":{\"@type\":\"PropertyValueSpecification\",\"valueRequired\":true,\"valueName\":\"search_term_string\"}}],\"inLanguage\":\"en-GB\"},{\"@type\":\"Organization\",\"@id\":\"https:\/\/www.franz-josef.cz\/#organization\",\"name\":\"Muzeum Franz Josefa I.\",\"alternateName\":\"Franz Jozef\",\"url\":\"https:\/\/www.franz-josef.cz\/\",\"logo\":{\"@type\":\"ImageObject\",\"inLanguage\":\"en-GB\",\"@id\":\"https:\/\/www.franz-josef.cz\/#\/schema\/logo\/image\/\",\"url\":\"https:\/\/www.franz-josef.cz\/wp-content\/uploads\/2023\/08\/Muzeum-Franz-Jozef-logo-696x696-1.png\",\"contentUrl\":\"https:\/\/www.franz-josef.cz\/wp-content\/uploads\/2023\/08\/Muzeum-Franz-Jozef-logo-696x696-1.png\",\"width\":696,\"height\":696,\"caption\":\"Muzeum Franz Josefa I.\"},\"image\":{\"@id\":\"https:\/\/www.franz-josef.cz\/#\/schema\/logo\/image\/\"}}]}<\/script>\n<!-- \/ Yoast SEO Premium plugin. -->","yoast_head_json":{"title":"Medaile k otev\u0159en\u00ed musea Franti\u0161ka JOSEFA I. , varianta Franz Josef I. - Terez\u00edn erb &#8212; Prodej p\u0159ebytk\u016f &#8212; Muzeum c\u00edsa\u0159e Franz Josefa I.","robots":{"index":"index","follow":"follow","max-snippet":"max-snippet:-1","max-image-preview":"max-image-preview:large","max-video-preview":"max-video-preview:-1"},"canonical":"https:\/\/www.franz-josef.cz\/en\/v-prodeji\/medaile-k-otevreni-musea-frantiska-josefa-i\/","og_locale":"en_GB","og_type":"article","og_title":"Medaile k otev\u0159en\u00ed musea Franti\u0161ka JOSEFA I. , varianta Franz Josef I. - Terez\u00edn erb","og_url":"https:\/\/www.franz-josef.cz\/en\/v-prodeji\/medaile-k-otevreni-musea-frantiska-josefa-i\/","og_site_name":"Muzeum c\u00edsa\u0159e Franz Josefa I.","article_modified_time":"2025-02-15T10:45:53+00:00","og_image":[{"width":1277,"height":1248,"url":"https:\/\/www.franz-josef.cz\/wp-content\/uploads\/2023\/07\/18d.jpg","type":"image\/jpeg"}],"twitter_card":"summary_large_image","twitter_misc":{"Estimated reading time":"2 minutes"},"schema":{"@context":"https:\/\/schema.org","@graph":[{"@type":"WebPage","@id":"https:\/\/www.franz-josef.cz\/v-prodeji\/medaile-k-otevreni-musea-frantiska-josefa-i\/","url":"https:\/\/www.franz-josef.cz\/v-prodeji\/medaile-k-otevreni-musea-frantiska-josefa-i\/","name":"Medaile k otev\u0159en\u00ed musea Franti\u0161ka JOSEFA I. , varianta Franz Josef I. - Terez\u00edn erb &#8212; Prodej p\u0159ebytk\u016f &#8212; Muzeum c\u00edsa\u0159e Franz Josefa I.","isPartOf":{"@id":"https:\/\/www.franz-josef.cz\/#website"},"primaryImageOfPage":{"@id":"https:\/\/www.franz-josef.cz\/v-prodeji\/medaile-k-otevreni-musea-frantiska-josefa-i\/#primaryimage"},"image":{"@id":"https:\/\/www.franz-josef.cz\/v-prodeji\/medaile-k-otevreni-musea-frantiska-josefa-i\/#primaryimage"},"thumbnailUrl":"https:\/\/www.franz-josef.cz\/wp-content\/uploads\/2023\/07\/18d.jpg","datePublished":"2023-07-18T17:25:41+00:00","dateModified":"2025-02-15T10:45:53+00:00","breadcrumb":{"@id":"https:\/\/www.franz-josef.cz\/v-prodeji\/medaile-k-otevreni-musea-frantiska-josefa-i\/#breadcrumb"},"inLanguage":"en-GB","potentialAction":[{"@type":"ReadAction","target":["https:\/\/www.franz-josef.cz\/v-prodeji\/medaile-k-otevreni-musea-frantiska-josefa-i\/"]}]},{"@type":"ImageObject","inLanguage":"en-GB","@id":"https:\/\/www.franz-josef.cz\/v-prodeji\/medaile-k-otevreni-musea-frantiska-josefa-i\/#primaryimage","url":"https:\/\/www.franz-josef.cz\/wp-content\/uploads\/2023\/07\/18d.jpg","contentUrl":"https:\/\/www.franz-josef.cz\/wp-content\/uploads\/2023\/07\/18d.jpg","width":1277,"height":1248},{"@type":"BreadcrumbList","@id":"https:\/\/www.franz-josef.cz\/v-prodeji\/medaile-k-otevreni-musea-frantiska-josefa-i\/#breadcrumb","itemListElement":[{"@type":"ListItem","position":1,"name":"Home","item":"https:\/\/www.franz-josef.cz\/"},{"@type":"ListItem","position":2,"name":"Polo\u017eky v prodeji","item":"https:\/\/www.franz-josef.cz\/v-prodeji\/"},{"@type":"ListItem","position":3,"name":"Medaile k otev\u0159en\u00ed musea Franti\u0161ka JOSEFA I. , varianta Franz Josef I. &#8211; Terez\u00edn erb"}]},{"@type":"WebSite","@id":"https:\/\/www.franz-josef.cz\/#website","url":"https:\/\/www.franz-josef.cz\/","name":"Muzeum c\u00edsa\u0159e Franz Josefa I.","description":"","publisher":{"@id":"https:\/\/www.franz-josef.cz\/#organization"},"alternateName":"Franz Joseph","potentialAction":[{"@type":"SearchAction","target":{"@type":"EntryPoint","urlTemplate":"https:\/\/www.franz-josef.cz\/?s={search_term_string}"},"query-input":{"@type":"PropertyValueSpecification","valueRequired":true,"valueName":"search_term_string"}}],"inLanguage":"en-GB"},{"@type":"Organization","@id":"https:\/\/www.franz-josef.cz\/#organization","name":"Muzeum Franz Josefa I.","alternateName":"Franz Jozef","url":"https:\/\/www.franz-josef.cz\/","logo":{"@type":"ImageObject","inLanguage":"en-GB","@id":"https:\/\/www.franz-josef.cz\/#\/schema\/logo\/image\/","url":"https:\/\/www.franz-josef.cz\/wp-content\/uploads\/2023\/08\/Muzeum-Franz-Jozef-logo-696x696-1.png","contentUrl":"https:\/\/www.franz-josef.cz\/wp-content\/uploads\/2023\/08\/Muzeum-Franz-Jozef-logo-696x696-1.png","width":696,"height":696,"caption":"Muzeum Franz Josefa I."},"image":{"@id":"https:\/\/www.franz-josef.cz\/#\/schema\/logo\/image\/"}}]}},"_links":{"self":[{"href":"https:\/\/www.franz-josef.cz\/en\/wp-json\/wp\/v2\/polozky-v-prodeji\/49393","targetHints":{"allow":["GET"]}}],"collection":[{"href":"https:\/\/www.franz-josef.cz\/en\/wp-json\/wp\/v2\/polozky-v-prodeji"}],"about":[{"href":"https:\/\/www.franz-josef.cz\/en\/wp-json\/wp\/v2\/types\/polozky-v-prodeji"}],"author":[{"embeddable":true,"href":"https:\/\/www.franz-josef.cz\/en\/wp-json\/wp\/v2\/users\/3"}],"wp:featuredmedia":[{"embeddable":true,"href":"https:\/\/www.franz-josef.cz\/en\/wp-json\/wp\/v2\/media\/49421"}],"wp:attachment":[{"href":"https:\/\/www.franz-josef.cz\/en\/wp-json\/wp\/v2\/media?parent=49393"}],"wp:term":[{"taxonomy":"zaradit-polozku-na-prodej","embeddable":true,"href":"https:\/\/www.franz-josef.cz\/en\/wp-json\/wp\/v2\/zaradit-polozku-na-prodej?post=49393"}],"curies":[{"name":"wp","href":"https:\/\/api.w.org\/{rel}","templated":true}]}}