{"id":49399,"date":"2023-07-18T19:49:08","date_gmt":"2023-07-18T17:49:08","guid":{"rendered":"https:\/\/www.franz-josef.cz\/?post_type=polozky-v-prodeji&#038;p=49399"},"modified":"2025-02-14T20:49:18","modified_gmt":"2025-02-14T19:49:18","slug":"franz-josef-elisabeta-terezin-medaile","status":"publish","type":"polozky-v-prodeji","link":"https:\/\/www.franz-josef.cz\/en\/v-prodeji\/franz-josef-elisabeta-terezin-medaile\/","title":{"rendered":"Franz Josef + Elisabeta + Terez\u00edn &#8211; medaile"},"content":{"rendered":"<p><img fetchpriority=\"high\" decoding=\"async\" class=\"alignnone size-large wp-image-50619\" src=\"https:\/\/www.franz-josef.cz\/wp-content\/uploads\/2023\/07\/18c-1-1024x986.jpg\" alt=\"\" width=\"1024\" height=\"986\" srcset=\"https:\/\/www.franz-josef.cz\/wp-content\/uploads\/2023\/07\/18c-1-1024x986.jpg 1024w, https:\/\/www.franz-josef.cz\/wp-content\/uploads\/2023\/07\/18c-1-300x289.jpg 300w, https:\/\/www.franz-josef.cz\/wp-content\/uploads\/2023\/07\/18c-1-768x739.jpg 768w, https:\/\/www.franz-josef.cz\/wp-content\/uploads\/2023\/07\/18c-1.jpg 1152w\" sizes=\"(max-width: 1024px) 100vw, 1024px\" \/><img decoding=\"async\" class=\"alignnone size-large wp-image-49423 lazyload\" data-src=\"https:\/\/www.franz-josef.cz\/wp-content\/uploads\/2023\/07\/20-1-1024x799.jpg\" alt=\"\" width=\"1024\" height=\"799\" data-srcset=\"https:\/\/www.franz-josef.cz\/wp-content\/uploads\/2023\/07\/20-1-1024x799.jpg 1024w, https:\/\/www.franz-josef.cz\/wp-content\/uploads\/2023\/07\/20-1-300x234.jpg 300w, https:\/\/www.franz-josef.cz\/wp-content\/uploads\/2023\/07\/20-1-768x599.jpg 768w, https:\/\/www.franz-josef.cz\/wp-content\/uploads\/2023\/07\/20-1-1536x1199.jpg 1536w, https:\/\/www.franz-josef.cz\/wp-content\/uploads\/2023\/07\/20-1-2048x1598.jpg 2048w\" data-sizes=\"(max-width: 1024px) 100vw, 1024px\" src=\"data:image\/gif;base64,R0lGODlhAQABAAAAACH5BAEKAAEALAAAAAABAAEAAAICTAEAOw==\" style=\"--smush-placeholder-width: 1024px; --smush-placeholder-aspect-ratio: 1024\/799;\" \/><noscript><img decoding=\"async\" class=\"alignnone size-large wp-image-49423\" src=\"https:\/\/www.franz-josef.cz\/wp-content\/uploads\/2023\/07\/20-1-1024x799.jpg\" alt=\"\" width=\"1024\" height=\"799\" srcset=\"https:\/\/www.franz-josef.cz\/wp-content\/uploads\/2023\/07\/20-1-1024x799.jpg 1024w, https:\/\/www.franz-josef.cz\/wp-content\/uploads\/2023\/07\/20-1-300x234.jpg 300w, https:\/\/www.franz-josef.cz\/wp-content\/uploads\/2023\/07\/20-1-768x599.jpg 768w, https:\/\/www.franz-josef.cz\/wp-content\/uploads\/2023\/07\/20-1-1536x1199.jpg 1536w, https:\/\/www.franz-josef.cz\/wp-content\/uploads\/2023\/07\/20-1-2048x1598.jpg 2048w\" sizes=\"(max-width: 1024px) 100vw, 1024px\" \/><\/noscript><img decoding=\"async\" class=\"alignnone size-large wp-image-49378 lazyload\" data-src=\"https:\/\/www.franz-josef.cz\/wp-content\/uploads\/2023\/07\/20-1-1024x799.jpg\" alt=\"\" width=\"1024\" height=\"799\" src=\"data:image\/gif;base64,R0lGODlhAQABAAAAACH5BAEKAAEALAAAAAABAAEAAAICTAEAOw==\" style=\"--smush-placeholder-width: 1024px; --smush-placeholder-aspect-ratio: 1024\/799;\" \/><noscript><img decoding=\"async\" class=\"alignnone size-large wp-image-49378\" src=\"https:\/\/www.franz-josef.cz\/wp-content\/uploads\/2023\/07\/20-1-1024x799.jpg\" alt=\"\" width=\"1024\" height=\"799\" \/><\/noscript><\/p>\n<p>&nbsp;<\/p>\n<h1 class=\"tw-text-tertiary-900 md:tw-mr-20\">Franz Josef + Elisabeta + Terez\u00edn<\/h1>\n<p><strong>T\u0159i medaile &#8211; Rub\/l\u00edc Franti\u0161ek Josef + Elisabeta , Franti\u0161ek Josef+ erb Terez\u00edna , Elisabeta + erb Terez\u00edna .\u00a0Ra\u017eba pro Museum Franti\u0161ka Josefa Terez\u00edn . Pouze \u00a030 sad ra\u017eeno. RA\u017dBA\u00a0&#8211; \u00a0bronz\u00a0 \u00a050mm pr\u016fm\u011br\/ 5\u00a0mm tlou\u0161\u0165ka medaile . V\u00a0profi sametov\u00e9 krabi\u010dce &#8211;\u00a0MIMO\u0158\u00c1DN\u00c9\u00a0 !!!!!<\/strong><\/p>\n<p>&nbsp;<\/p>\n<p><img decoding=\"async\" class=\"alignnone size-large wp-image-49380 lazyload\" data-src=\"https:\/\/www.franz-josef.cz\/wp-content\/uploads\/2023\/07\/20b-1024x671.jpg\" alt=\"\" width=\"1024\" height=\"671\" src=\"data:image\/gif;base64,R0lGODlhAQABAAAAACH5BAEKAAEALAAAAAABAAEAAAICTAEAOw==\" style=\"--smush-placeholder-width: 1024px; --smush-placeholder-aspect-ratio: 1024\/671;\" \/><noscript><img loading=\"lazy\" decoding=\"async\" class=\"alignnone size-large wp-image-49380\" src=\"https:\/\/www.franz-josef.cz\/wp-content\/uploads\/2023\/07\/20b-1024x671.jpg\" alt=\"\" width=\"1024\" height=\"671\" \/><\/noscript> <img decoding=\"async\" class=\"alignnone size-large wp-image-49381 lazyload\" data-src=\"https:\/\/www.franz-josef.cz\/wp-content\/uploads\/2023\/07\/20c-1024x648.jpg\" alt=\"\" width=\"1024\" height=\"648\" src=\"data:image\/gif;base64,R0lGODlhAQABAAAAACH5BAEKAAEALAAAAAABAAEAAAICTAEAOw==\" style=\"--smush-placeholder-width: 1024px; --smush-placeholder-aspect-ratio: 1024\/648;\" \/><noscript><img loading=\"lazy\" decoding=\"async\" class=\"alignnone size-large wp-image-49381\" src=\"https:\/\/www.franz-josef.cz\/wp-content\/uploads\/2023\/07\/20c-1024x648.jpg\" alt=\"\" width=\"1024\" height=\"648\" \/><\/noscript> <img decoding=\"async\" class=\"alignnone size-large wp-image-49384 lazyload\" data-src=\"https:\/\/www.franz-josef.cz\/wp-content\/uploads\/2023\/07\/20f-1024x675.jpg\" alt=\"\" width=\"1024\" height=\"675\" src=\"data:image\/gif;base64,R0lGODlhAQABAAAAACH5BAEKAAEALAAAAAABAAEAAAICTAEAOw==\" style=\"--smush-placeholder-width: 1024px; --smush-placeholder-aspect-ratio: 1024\/675;\" \/><noscript><img loading=\"lazy\" decoding=\"async\" class=\"alignnone size-large wp-image-49384\" src=\"https:\/\/www.franz-josef.cz\/wp-content\/uploads\/2023\/07\/20f-1024x675.jpg\" alt=\"\" width=\"1024\" height=\"675\" \/><\/noscript> <img decoding=\"async\" class=\"alignnone size-large wp-image-49377 lazyload\" data-src=\"https:\/\/www.franz-josef.cz\/wp-content\/uploads\/2023\/07\/19d-1024x937.jpg\" alt=\"\" width=\"1024\" height=\"937\" src=\"data:image\/gif;base64,R0lGODlhAQABAAAAACH5BAEKAAEALAAAAAABAAEAAAICTAEAOw==\" style=\"--smush-placeholder-width: 1024px; --smush-placeholder-aspect-ratio: 1024\/937;\" \/><noscript><img loading=\"lazy\" decoding=\"async\" class=\"alignnone size-large wp-image-49377\" src=\"https:\/\/www.franz-josef.cz\/wp-content\/uploads\/2023\/07\/19d-1024x937.jpg\" alt=\"\" width=\"1024\" height=\"937\" \/><\/noscript> <img decoding=\"async\" class=\"alignnone size-large wp-image-49376 lazyload\" data-src=\"https:\/\/www.franz-josef.cz\/wp-content\/uploads\/2023\/07\/19c-1024x986.jpg\" alt=\"\" width=\"1024\" height=\"986\" src=\"data:image\/gif;base64,R0lGODlhAQABAAAAACH5BAEKAAEALAAAAAABAAEAAAICTAEAOw==\" style=\"--smush-placeholder-width: 1024px; --smush-placeholder-aspect-ratio: 1024\/986;\" \/><noscript><img loading=\"lazy\" decoding=\"async\" class=\"alignnone size-large wp-image-49376\" src=\"https:\/\/www.franz-josef.cz\/wp-content\/uploads\/2023\/07\/19c-1024x986.jpg\" alt=\"\" width=\"1024\" height=\"986\" \/><\/noscript> <img decoding=\"async\" class=\"alignnone size-large wp-image-49372 lazyload\" data-src=\"https:\/\/www.franz-josef.cz\/wp-content\/uploads\/2023\/07\/18d-1024x1001.jpg\" alt=\"\" width=\"1024\" height=\"1001\" src=\"data:image\/gif;base64,R0lGODlhAQABAAAAACH5BAEKAAEALAAAAAABAAEAAAICTAEAOw==\" style=\"--smush-placeholder-width: 1024px; --smush-placeholder-aspect-ratio: 1024\/1001;\" \/><noscript><img loading=\"lazy\" decoding=\"async\" class=\"alignnone size-large wp-image-49372\" src=\"https:\/\/www.franz-josef.cz\/wp-content\/uploads\/2023\/07\/18d-1024x1001.jpg\" alt=\"\" width=\"1024\" height=\"1001\" \/><\/noscript><\/p>","protected":false},"author":3,"featured_media":49423,"template":"","zaradit-polozku-na-prodej":[255],"class_list":["post-49399","polozky-v-prodeji","type-polozky-v-prodeji","status-publish","has-post-thumbnail","hentry","zaradit-polozku-na-prodej-medaile"],"yoast_head":"<!-- This site is optimized with the Yoast SEO Premium plugin v20.12 (Yoast SEO v27.2) - https:\/\/yoast.com\/product\/yoast-seo-premium-wordpress\/ -->\n<title>Franz Josef + Elisabeta + Terez\u00edn - medaile &#8212; Prodej p\u0159ebytk\u016f &#8212; Muzeum c\u00edsa\u0159e Franz Josefa I.<\/title>\n<meta name=\"robots\" content=\"index, follow, max-snippet:-1, max-image-preview:large, max-video-preview:-1\" \/>\n<link rel=\"canonical\" href=\"https:\/\/www.franz-josef.cz\/en\/v-prodeji\/franz-josef-elisabeta-terezin-medaile\/\" \/>\n<meta property=\"og:locale\" content=\"en_GB\" \/>\n<meta property=\"og:type\" content=\"article\" \/>\n<meta property=\"og:title\" content=\"Franz Josef + Elisabeta + Terez\u00edn - medaile\" \/>\n<meta property=\"og:description\" content=\"&nbsp; Franz Josef + Elisabeta + Terez\u00edn T\u0159i medaile &#8211; Rub\/l\u00edc Franti\u0161ek Josef + Elisabeta , Franti\u0161ek Josef+ erb Terez\u00edna , Elisabeta + erb Terez\u00edna .\u00a0Ra\u017eba pro Museum Franti\u0161ka Josefa Terez\u00edn . Pouze \u00a030 sad ra\u017eeno. RA\u017dBA\u00a0&#8211; \u00a0bronz\u00a0 \u00a050mm pr\u016fm\u011br\/ 5\u00a0mm tlou\u0161\u0165ka medaile . V\u00a0profi sametov\u00e9 krabi\u010dce &#8211;\u00a0MIMO\u0158\u00c1DN\u00c9\u00a0 !!!!! &nbsp;\" \/>\n<meta property=\"og:url\" content=\"https:\/\/www.franz-josef.cz\/en\/v-prodeji\/franz-josef-elisabeta-terezin-medaile\/\" \/>\n<meta property=\"og:site_name\" content=\"Muzeum c\u00edsa\u0159e Franz Josefa I.\" \/>\n<meta property=\"article:modified_time\" content=\"2025-02-14T19:49:18+00:00\" \/>\n<meta property=\"og:image\" content=\"https:\/\/www.franz-josef.cz\/wp-content\/uploads\/2023\/07\/20-1-scaled.jpg\" \/>\n\t<meta property=\"og:image:width\" content=\"2560\" \/>\n\t<meta property=\"og:image:height\" content=\"1998\" \/>\n\t<meta property=\"og:image:type\" content=\"image\/jpeg\" \/>\n<meta name=\"twitter:card\" content=\"summary_large_image\" \/>\n<meta name=\"twitter:label1\" content=\"Estimated reading time\" \/>\n\t<meta name=\"twitter:data1\" content=\"3 minutes\" \/>\n<script type=\"application\/ld+json\" class=\"yoast-schema-graph\">{\"@context\":\"https:\/\/schema.org\",\"@graph\":[{\"@type\":\"WebPage\",\"@id\":\"https:\/\/www.franz-josef.cz\/v-prodeji\/franz-josef-elisabeta-terezin-medaile\/\",\"url\":\"https:\/\/www.franz-josef.cz\/v-prodeji\/franz-josef-elisabeta-terezin-medaile\/\",\"name\":\"Franz Josef + Elisabeta + Terez\u00edn - medaile &#8212; Prodej p\u0159ebytk\u016f &#8212; Muzeum c\u00edsa\u0159e Franz Josefa I.\",\"isPartOf\":{\"@id\":\"https:\/\/www.franz-josef.cz\/#website\"},\"primaryImageOfPage\":{\"@id\":\"https:\/\/www.franz-josef.cz\/v-prodeji\/franz-josef-elisabeta-terezin-medaile\/#primaryimage\"},\"image\":{\"@id\":\"https:\/\/www.franz-josef.cz\/v-prodeji\/franz-josef-elisabeta-terezin-medaile\/#primaryimage\"},\"thumbnailUrl\":\"https:\/\/www.franz-josef.cz\/wp-content\/uploads\/2023\/07\/20-1-scaled.jpg\",\"datePublished\":\"2023-07-18T17:49:08+00:00\",\"dateModified\":\"2025-02-14T19:49:18+00:00\",\"breadcrumb\":{\"@id\":\"https:\/\/www.franz-josef.cz\/v-prodeji\/franz-josef-elisabeta-terezin-medaile\/#breadcrumb\"},\"inLanguage\":\"en-GB\",\"potentialAction\":[{\"@type\":\"ReadAction\",\"target\":[\"https:\/\/www.franz-josef.cz\/v-prodeji\/franz-josef-elisabeta-terezin-medaile\/\"]}]},{\"@type\":\"ImageObject\",\"inLanguage\":\"en-GB\",\"@id\":\"https:\/\/www.franz-josef.cz\/v-prodeji\/franz-josef-elisabeta-terezin-medaile\/#primaryimage\",\"url\":\"https:\/\/www.franz-josef.cz\/wp-content\/uploads\/2023\/07\/20-1-scaled.jpg\",\"contentUrl\":\"https:\/\/www.franz-josef.cz\/wp-content\/uploads\/2023\/07\/20-1-scaled.jpg\",\"width\":2560,\"height\":1998},{\"@type\":\"BreadcrumbList\",\"@id\":\"https:\/\/www.franz-josef.cz\/v-prodeji\/franz-josef-elisabeta-terezin-medaile\/#breadcrumb\",\"itemListElement\":[{\"@type\":\"ListItem\",\"position\":1,\"name\":\"Home\",\"item\":\"https:\/\/www.franz-josef.cz\/\"},{\"@type\":\"ListItem\",\"position\":2,\"name\":\"Polo\u017eky v prodeji\",\"item\":\"https:\/\/www.franz-josef.cz\/v-prodeji\/\"},{\"@type\":\"ListItem\",\"position\":3,\"name\":\"Franz Josef + Elisabeta + Terez\u00edn &#8211; medaile\"}]},{\"@type\":\"WebSite\",\"@id\":\"https:\/\/www.franz-josef.cz\/#website\",\"url\":\"https:\/\/www.franz-josef.cz\/\",\"name\":\"Muzeum c\u00edsa\u0159e Franz Josefa I.\",\"description\":\"\",\"publisher\":{\"@id\":\"https:\/\/www.franz-josef.cz\/#organization\"},\"alternateName\":\"Franz Joseph\",\"potentialAction\":[{\"@type\":\"SearchAction\",\"target\":{\"@type\":\"EntryPoint\",\"urlTemplate\":\"https:\/\/www.franz-josef.cz\/?s={search_term_string}\"},\"query-input\":{\"@type\":\"PropertyValueSpecification\",\"valueRequired\":true,\"valueName\":\"search_term_string\"}}],\"inLanguage\":\"en-GB\"},{\"@type\":\"Organization\",\"@id\":\"https:\/\/www.franz-josef.cz\/#organization\",\"name\":\"Muzeum Franz Josefa I.\",\"alternateName\":\"Franz Jozef\",\"url\":\"https:\/\/www.franz-josef.cz\/\",\"logo\":{\"@type\":\"ImageObject\",\"inLanguage\":\"en-GB\",\"@id\":\"https:\/\/www.franz-josef.cz\/#\/schema\/logo\/image\/\",\"url\":\"https:\/\/www.franz-josef.cz\/wp-content\/uploads\/2023\/08\/Muzeum-Franz-Jozef-logo-696x696-1.png\",\"contentUrl\":\"https:\/\/www.franz-josef.cz\/wp-content\/uploads\/2023\/08\/Muzeum-Franz-Jozef-logo-696x696-1.png\",\"width\":696,\"height\":696,\"caption\":\"Muzeum Franz Josefa I.\"},\"image\":{\"@id\":\"https:\/\/www.franz-josef.cz\/#\/schema\/logo\/image\/\"}}]}<\/script>\n<!-- \/ Yoast SEO Premium plugin. -->","yoast_head_json":{"title":"Franz Josef + Elisabeta + Terez\u00edn - medaile &#8212; Prodej p\u0159ebytk\u016f &#8212; Muzeum c\u00edsa\u0159e Franz Josefa I.","robots":{"index":"index","follow":"follow","max-snippet":"max-snippet:-1","max-image-preview":"max-image-preview:large","max-video-preview":"max-video-preview:-1"},"canonical":"https:\/\/www.franz-josef.cz\/en\/v-prodeji\/franz-josef-elisabeta-terezin-medaile\/","og_locale":"en_GB","og_type":"article","og_title":"Franz Josef + Elisabeta + Terez\u00edn - medaile","og_description":"&nbsp; Franz Josef + Elisabeta + Terez\u00edn T\u0159i medaile &#8211; Rub\/l\u00edc Franti\u0161ek Josef + Elisabeta , Franti\u0161ek Josef+ erb Terez\u00edna , Elisabeta + erb Terez\u00edna .\u00a0Ra\u017eba pro Museum Franti\u0161ka Josefa Terez\u00edn . Pouze \u00a030 sad ra\u017eeno. RA\u017dBA\u00a0&#8211; \u00a0bronz\u00a0 \u00a050mm pr\u016fm\u011br\/ 5\u00a0mm tlou\u0161\u0165ka medaile . V\u00a0profi sametov\u00e9 krabi\u010dce &#8211;\u00a0MIMO\u0158\u00c1DN\u00c9\u00a0 !!!!! &nbsp;","og_url":"https:\/\/www.franz-josef.cz\/en\/v-prodeji\/franz-josef-elisabeta-terezin-medaile\/","og_site_name":"Muzeum c\u00edsa\u0159e Franz Josefa I.","article_modified_time":"2025-02-14T19:49:18+00:00","og_image":[{"width":2560,"height":1998,"url":"https:\/\/www.franz-josef.cz\/wp-content\/uploads\/2023\/07\/20-1-scaled.jpg","type":"image\/jpeg"}],"twitter_card":"summary_large_image","twitter_misc":{"Estimated reading time":"3 minutes"},"schema":{"@context":"https:\/\/schema.org","@graph":[{"@type":"WebPage","@id":"https:\/\/www.franz-josef.cz\/v-prodeji\/franz-josef-elisabeta-terezin-medaile\/","url":"https:\/\/www.franz-josef.cz\/v-prodeji\/franz-josef-elisabeta-terezin-medaile\/","name":"Franz Josef + Elisabeta + Terez\u00edn - medaile &#8212; Prodej p\u0159ebytk\u016f &#8212; Muzeum c\u00edsa\u0159e Franz Josefa I.","isPartOf":{"@id":"https:\/\/www.franz-josef.cz\/#website"},"primaryImageOfPage":{"@id":"https:\/\/www.franz-josef.cz\/v-prodeji\/franz-josef-elisabeta-terezin-medaile\/#primaryimage"},"image":{"@id":"https:\/\/www.franz-josef.cz\/v-prodeji\/franz-josef-elisabeta-terezin-medaile\/#primaryimage"},"thumbnailUrl":"https:\/\/www.franz-josef.cz\/wp-content\/uploads\/2023\/07\/20-1-scaled.jpg","datePublished":"2023-07-18T17:49:08+00:00","dateModified":"2025-02-14T19:49:18+00:00","breadcrumb":{"@id":"https:\/\/www.franz-josef.cz\/v-prodeji\/franz-josef-elisabeta-terezin-medaile\/#breadcrumb"},"inLanguage":"en-GB","potentialAction":[{"@type":"ReadAction","target":["https:\/\/www.franz-josef.cz\/v-prodeji\/franz-josef-elisabeta-terezin-medaile\/"]}]},{"@type":"ImageObject","inLanguage":"en-GB","@id":"https:\/\/www.franz-josef.cz\/v-prodeji\/franz-josef-elisabeta-terezin-medaile\/#primaryimage","url":"https:\/\/www.franz-josef.cz\/wp-content\/uploads\/2023\/07\/20-1-scaled.jpg","contentUrl":"https:\/\/www.franz-josef.cz\/wp-content\/uploads\/2023\/07\/20-1-scaled.jpg","width":2560,"height":1998},{"@type":"BreadcrumbList","@id":"https:\/\/www.franz-josef.cz\/v-prodeji\/franz-josef-elisabeta-terezin-medaile\/#breadcrumb","itemListElement":[{"@type":"ListItem","position":1,"name":"Home","item":"https:\/\/www.franz-josef.cz\/"},{"@type":"ListItem","position":2,"name":"Polo\u017eky v prodeji","item":"https:\/\/www.franz-josef.cz\/v-prodeji\/"},{"@type":"ListItem","position":3,"name":"Franz Josef + Elisabeta + Terez\u00edn &#8211; medaile"}]},{"@type":"WebSite","@id":"https:\/\/www.franz-josef.cz\/#website","url":"https:\/\/www.franz-josef.cz\/","name":"Muzeum c\u00edsa\u0159e Franz Josefa I.","description":"","publisher":{"@id":"https:\/\/www.franz-josef.cz\/#organization"},"alternateName":"Franz Joseph","potentialAction":[{"@type":"SearchAction","target":{"@type":"EntryPoint","urlTemplate":"https:\/\/www.franz-josef.cz\/?s={search_term_string}"},"query-input":{"@type":"PropertyValueSpecification","valueRequired":true,"valueName":"search_term_string"}}],"inLanguage":"en-GB"},{"@type":"Organization","@id":"https:\/\/www.franz-josef.cz\/#organization","name":"Muzeum Franz Josefa I.","alternateName":"Franz Jozef","url":"https:\/\/www.franz-josef.cz\/","logo":{"@type":"ImageObject","inLanguage":"en-GB","@id":"https:\/\/www.franz-josef.cz\/#\/schema\/logo\/image\/","url":"https:\/\/www.franz-josef.cz\/wp-content\/uploads\/2023\/08\/Muzeum-Franz-Jozef-logo-696x696-1.png","contentUrl":"https:\/\/www.franz-josef.cz\/wp-content\/uploads\/2023\/08\/Muzeum-Franz-Jozef-logo-696x696-1.png","width":696,"height":696,"caption":"Muzeum Franz Josefa I."},"image":{"@id":"https:\/\/www.franz-josef.cz\/#\/schema\/logo\/image\/"}}]}},"_links":{"self":[{"href":"https:\/\/www.franz-josef.cz\/en\/wp-json\/wp\/v2\/polozky-v-prodeji\/49399","targetHints":{"allow":["GET"]}}],"collection":[{"href":"https:\/\/www.franz-josef.cz\/en\/wp-json\/wp\/v2\/polozky-v-prodeji"}],"about":[{"href":"https:\/\/www.franz-josef.cz\/en\/wp-json\/wp\/v2\/types\/polozky-v-prodeji"}],"author":[{"embeddable":true,"href":"https:\/\/www.franz-josef.cz\/en\/wp-json\/wp\/v2\/users\/3"}],"wp:featuredmedia":[{"embeddable":true,"href":"https:\/\/www.franz-josef.cz\/en\/wp-json\/wp\/v2\/media\/49423"}],"wp:attachment":[{"href":"https:\/\/www.franz-josef.cz\/en\/wp-json\/wp\/v2\/media?parent=49399"}],"wp:term":[{"taxonomy":"zaradit-polozku-na-prodej","embeddable":true,"href":"https:\/\/www.franz-josef.cz\/en\/wp-json\/wp\/v2\/zaradit-polozku-na-prodej?post=49399"}],"curies":[{"name":"wp","href":"https:\/\/api.w.org\/{rel}","templated":true}]}}